{"id":826,"date":"2017-01-28T22:38:47","date_gmt":"2017-01-28T21:38:47","guid":{"rendered":"http:\/\/permakultur-landwirtschaft.org\/?page_id=826"},"modified":"2026-03-31T09:29:41","modified_gmt":"2026-03-31T07:29:41","slug":"news","status":"publish","type":"page","link":"https:\/\/permakultur-landwirtschaft.org\/fr\/news\/","title":{"rendered":"Actualit\u00e9s"},"content":{"rendered":"\t\t<div data-elementor-type=\"wp-page\" data-elementor-id=\"826\" class=\"elementor elementor-826\" data-elementor-post-type=\"page\">\n\t\t\t\t<div class=\"elementor-element elementor-element-ee540a0 e-flex e-con-boxed e-con e-parent\" data-id=\"ee540a0\" data-element_type=\"container\" data-e-type=\"container\">\n\t\t\t\t\t<div class=\"e-con-inner\">\n\t\t<div class=\"elementor-element elementor-element-1288088 e-con-full e-flex e-con e-child\" data-id=\"1288088\" data-element_type=\"container\" data-e-type=\"container\">\n\t\t\t\t<div class=\"elementor-element elementor-element-1b11315 elementor-widget elementor-widget-heading\" data-id=\"1b11315\" data-element_type=\"widget\" data-e-type=\"widget\" data-widget_type=\"heading.default\">\n\t\t\t\t<div class=\"elementor-widget-container\">\n\t\t\t\t\t<h1 class=\"elementor-heading-title elementor-size-default\">Neuigkeiten zu Permakultur-Landwirtschaft<\/h1>\t\t\t\t<\/div>\n\t\t\t\t<\/div>\n\t\t\t\t<div class=\"elementor-element elementor-element-4af6802 elementor-widget elementor-widget-text-editor\" data-id=\"4af6802\" data-element_type=\"widget\" data-e-type=\"widget\" data-widget_type=\"text-editor.default\">\n\t\t\t\t<div class=\"elementor-widget-container\">\n\t\t\t\t\t\t\t\t\t<p>Gerne halten wir dich auf dem Laufenden, was \u00fcber Permakultur-Landwirtschaft und verwandte Themen berichtet wird.<\/p>\t\t\t\t\t\t\t\t<\/div>\n\t\t\t\t<\/div>\n\t\t\t\t<div class=\"elementor-element elementor-element-3a19d70 elementor-grid-4 elementor-grid-tablet-2 elementor-grid-mobile-1 elementor-widget elementor-widget-loop-grid\" data-id=\"3a19d70\" data-element_type=\"widget\" data-e-type=\"widget\" data-settings=\"{&quot;template_id&quot;:&quot;37613&quot;,&quot;columns&quot;:4,&quot;row_gap&quot;:{&quot;unit&quot;:&quot;px&quot;,&quot;size&quot;:0,&quot;sizes&quot;:[]},&quot;pagination_type&quot;:&quot;load_more_on_click&quot;,&quot;_skin&quot;:&quot;post&quot;,&quot;columns_tablet&quot;:&quot;2&quot;,&quot;columns_mobile&quot;:&quot;1&quot;,&quot;edit_handle_selector&quot;:&quot;[data-elementor-type=\\&quot;loop-item\\&quot;]&quot;,&quot;load_more_spinner&quot;:{&quot;value&quot;:&quot;fas fa-spinner&quot;,&quot;library&quot;:&quot;fa-solid&quot;},&quot;row_gap_tablet&quot;:{&quot;unit&quot;:&quot;px&quot;,&quot;size&quot;:&quot;&quot;,&quot;sizes&quot;:[]},&quot;row_gap_mobile&quot;:{&quot;unit&quot;:&quot;px&quot;,&quot;size&quot;:&quot;&quot;,&quot;sizes&quot;:[]}}\" data-widget_type=\"loop-grid.post\">\n\t\t\t\t<div class=\"elementor-widget-container\">\n\t\t\t\t\t\t\t<div class=\"elementor-loop-container elementor-grid\" role=\"list\">\n\t\t<style id=\"loop-37613\">.elementor-37613 .elementor-element.elementor-element-c79cfe5{--display:flex;--flex-direction:column;--container-widget-width:calc( ( 1 - var( --container-widget-flex-grow ) ) * 100% );--container-widget-height:initial;--container-widget-flex-grow:0;--container-widget-align-self:initial;--flex-wrap-mobile:wrap;--align-items:stretch;--gap:0px 0px;--row-gap:0px;--column-gap:0px;border-style:solid;--border-style:solid;border-width:0px 0px 0px 0px;--border-top-width:0px;--border-right-width:0px;--border-bottom-width:0px;--border-left-width:0px;--border-radius:7px 7px 7px 7px;box-shadow:2px 2px 10px 0px rgba(0, 0, 0, 0.2);--margin-top:0px;--margin-bottom:0px;--margin-left:0px;--margin-right:0px;--padding-top:0px;--padding-bottom:005px;--padding-left:0px;--padding-right:0px;}.elementor-37613 .elementor-element.elementor-element-64a3d73{--display:flex;--gap:5px 5px;--row-gap:5px;--column-gap:5px;--margin-top:0px;--margin-bottom:0px;--margin-left:0px;--margin-right:0px;--padding-top:0px;--padding-bottom:0px;--padding-left:0px;--padding-right:0px;}.elementor-37613 .elementor-element.elementor-element-2e3812c img{height:179px;object-fit:cover;object-position:top center;border-radius:7px 7px 0px 0px;}.elementor-37613 .elementor-element.elementor-element-2e3812c > .elementor-widget-container{margin:0px 0px 0px 0px;padding:0px 0px 0px 0px;}.elementor-37613 .elementor-element.elementor-element-2e3812c{width:100%;max-width:100%;}.elementor-37613 .elementor-element.elementor-element-a075502{--display:flex;--min-height:39px;}.elementor-37613 .elementor-element.elementor-element-65dfa9f .elementor-heading-title{font-family:var( --e-global-typography-secondary-font-family ), Sans-serif;font-weight:var( --e-global-typography-secondary-font-weight );}.elementor-37613 .elementor-element.elementor-element-65dfa9f > .elementor-widget-container{margin:9px 9px 9px 9px;padding:0px 0px 0px 0px;}.elementor-37613 .elementor-element.elementor-element-0ad4e09{text-align:center;font-size:var( --e-global-typography-ec8e8b0-font-size );font-weight:var( --e-global-typography-ec8e8b0-font-weight );text-transform:var( --e-global-typography-ec8e8b0-text-transform );line-height:var( --e-global-typography-ec8e8b0-line-height );letter-spacing:var( --e-global-typography-ec8e8b0-letter-spacing );word-spacing:var( --e-global-typography-ec8e8b0-word-spacing );color:var( --e-global-color-astglobalcolor5 );top:13px;z-index:0;}.elementor-37613 .elementor-element.elementor-element-0ad4e09 a{color:var( --e-global-color-astglobalcolor5 );}.elementor-37613 .elementor-element.elementor-element-0ad4e09 a:hover, .elementor-37613 .elementor-element.elementor-element-0ad4e09 a:focus{color:var( --e-global-color-astglobalcolor5 );}.elementor-37613 .elementor-element.elementor-element-0ad4e09 > .elementor-widget-container{margin:0px 0px 0px 0px;padding:0px 13px 0px 13px;background-color:var( --e-global-color-primary );border-radius:13px 13px 13px 13px;}body:not(.rtl) .elementor-37613 .elementor-element.elementor-element-0ad4e09{right:13px;}body.rtl .elementor-37613 .elementor-element.elementor-element-0ad4e09{left:13px;}@media(max-width:1024px){.elementor-37613 .elementor-element.elementor-element-0ad4e09{font-size:var( --e-global-typography-ec8e8b0-font-size );line-height:var( --e-global-typography-ec8e8b0-line-height );letter-spacing:var( --e-global-typography-ec8e8b0-letter-spacing );word-spacing:var( --e-global-typography-ec8e8b0-word-spacing );}}@media(min-width:768px){.elementor-37613 .elementor-element.elementor-element-c79cfe5{--content-width:100%;}.elementor-37613 .elementor-element.elementor-element-64a3d73{--width:100%;}}@media(max-width:767px){.elementor-37613 .elementor-element.elementor-element-c79cfe5{--content-width:100%;--align-items:stretch;--container-widget-width:calc( ( 1 - var( --container-widget-flex-grow ) ) * 100% );}.elementor-37613 .elementor-element.elementor-element-2e3812c img{object-fit:fill;}.elementor-37613 .elementor-element.elementor-element-0ad4e09{font-size:var( --e-global-typography-ec8e8b0-font-size );line-height:var( --e-global-typography-ec8e8b0-line-height );letter-spacing:var( --e-global-typography-ec8e8b0-letter-spacing );word-spacing:var( --e-global-typography-ec8e8b0-word-spacing );}}<\/style>\t\t<div data-elementor-type=\"loop-item\" data-elementor-id=\"37613\" class=\"elementor elementor-37613 e-loop-item e-loop-item-39172 post-39172 post type-post status-publish format-standard has-post-thumbnail hentry category-neuigkeit tag-biohof-frigg tag-biohof-zalpenblick tag-europa tag-froehlich-farms tag-lid tag-regenerativ tag-top-50-farmers\" data-elementor-post-type=\"elementor_library\" data-custom-edit-handle=\"1\">\n\t\t\t<div class=\"elementor-element elementor-element-c79cfe5 e-flex e-con-boxed e-con e-parent\" data-id=\"c79cfe5\" data-element_type=\"container\" data-e-type=\"container\">\n\t\t\t\t\t<div class=\"e-con-inner\">\n\t\t<div class=\"elementor-element elementor-element-64a3d73 e-con-full e-flex e-con e-child\" data-id=\"64a3d73\" data-element_type=\"container\" data-e-type=\"container\">\n\t\t\t\t<div class=\"elementor-element elementor-element-2e3812c elementor-widget__width-inherit elementor-widget elementor-widget-image\" data-id=\"2e3812c\" data-element_type=\"widget\" data-e-type=\"widget\" data-widget_type=\"image.default\">\n\t\t\t\t<div class=\"elementor-widget-container\">\n\t\t\t\t\t\t\t\t\t\t\t\t\t\t\t\t<a href=\"https:\/\/permakultur-landwirtschaft.org\/fr\/schweizer-hoefe-im-europaeischen-netzwerk-der-regenerativen-landwirtschaft-beitrag-vom-31-maerz-2026\/\">\n\t\t\t\t\t\t\t<img fetchpriority=\"high\" decoding=\"async\" width=\"700\" height=\"525\" src=\"https:\/\/permakultur-landwirtschaft.org\/wp-content\/uploads\/2026\/04\/2025_regenerative-landwirtschaft_top-50-farmers_biohof-zalpenblick_hirzel-zh_rho.jpeg\" class=\"attachment-full size-full wp-image-39173\" alt=\"Biohof Zalpenblick Hirzel\" srcset=\"https:\/\/permakultur-landwirtschaft.org\/wp-content\/uploads\/2026\/04\/2025_regenerative-landwirtschaft_top-50-farmers_biohof-zalpenblick_hirzel-zh_rho.jpeg 700w, https:\/\/permakultur-landwirtschaft.org\/wp-content\/uploads\/2026\/04\/2025_regenerative-landwirtschaft_top-50-farmers_biohof-zalpenblick_hirzel-zh_rho-300x225.jpeg 300w, https:\/\/permakultur-landwirtschaft.org\/wp-content\/uploads\/2026\/04\/2025_regenerative-landwirtschaft_top-50-farmers_biohof-zalpenblick_hirzel-zh_rho-16x12.jpeg 16w\" sizes=\"(max-width: 700px) 100vw, 700px\" \/>\t\t\t\t\t\t\t\t<\/a>\n\t\t\t\t\t\t\t\t\t\t\t\t\t\t\t<\/div>\n\t\t\t\t<\/div>\n\t\t\t\t<div class=\"elementor-element elementor-element-65dfa9f elementor-widget elementor-widget-theme-post-title elementor-page-title elementor-widget-heading\" data-id=\"65dfa9f\" data-element_type=\"widget\" data-e-type=\"widget\" data-widget_type=\"theme-post-title.default\">\n\t\t\t\t<div class=\"elementor-widget-container\">\n\t\t\t\t\t<h3 class=\"elementor-heading-title elementor-size-default\"><a href=\"https:\/\/permakultur-landwirtschaft.org\/fr\/schweizer-hoefe-im-europaeischen-netzwerk-der-regenerativen-landwirtschaft-beitrag-vom-31-maerz-2026\/\">Schweizer H\u00f6fe im europ\u00e4ischen Netzwerk der regenerativen Landwirtschaft &#8211; Beitrag vom 31. M\u00e4rz 2026<\/a><\/h3>\t\t\t\t<\/div>\n\t\t\t\t<\/div>\n\t\t\t\t<div class=\"elementor-element elementor-element-0ad4e09 elementor-absolute elementor-widget elementor-widget-text-editor\" data-id=\"0ad4e09\" data-element_type=\"widget\" data-e-type=\"widget\" data-settings=\"{&quot;_position&quot;:&quot;absolute&quot;}\" data-widget_type=\"text-editor.default\">\n\t\t\t\t<div class=\"elementor-widget-container\">\n\t\t\t\t\t\t\t\t\tNeuigkeit\t\t\t\t\t\t\t\t<\/div>\n\t\t\t\t<\/div>\n\t\t\t\t<\/div>\n\t\t\t\t\t<\/div>\n\t\t\t\t<\/div>\n\t\t\t\t<\/div>\n\t\t\t\t<div data-elementor-type=\"loop-item\" data-elementor-id=\"37613\" class=\"elementor elementor-37613 e-loop-item e-loop-item-38974 post-38974 post type-post status-publish format-standard has-post-thumbnail hentry category-newsletter tag-kompetenzplattform tag-newsletter tag-permakultur-landwirtschaft\" data-elementor-post-type=\"elementor_library\" data-custom-edit-handle=\"1\">\n\t\t\t<div class=\"elementor-element elementor-element-c79cfe5 e-flex e-con-boxed e-con e-parent\" data-id=\"c79cfe5\" data-element_type=\"container\" data-e-type=\"container\">\n\t\t\t\t\t<div class=\"e-con-inner\">\n\t\t<div class=\"elementor-element elementor-element-64a3d73 e-con-full e-flex e-con e-child\" data-id=\"64a3d73\" data-element_type=\"container\" data-e-type=\"container\">\n\t\t\t\t<div class=\"elementor-element elementor-element-2e3812c elementor-widget__width-inherit elementor-widget elementor-widget-image\" data-id=\"2e3812c\" data-element_type=\"widget\" data-e-type=\"widget\" data-widget_type=\"image.default\">\n\t\t\t\t<div class=\"elementor-widget-container\">\n\t\t\t\t\t\t\t\t\t\t\t\t\t\t\t\t<a href=\"https:\/\/permakultur-landwirtschaft.org\/fr\/neuigkeiten-zur-permakultur-landwirtschaft-newsletter-vom-30-maerz-2026\/\">\n\t\t\t\t\t\t\t<img decoding=\"async\" width=\"700\" height=\"403\" src=\"https:\/\/permakultur-landwirtschaft.org\/wp-content\/uploads\/2026\/03\/leitfaden_30-03-2026_16-39-44.jpg\" class=\"attachment-full size-full wp-image-38975\" alt=\"Newsletter Permakultur-Landwirtschaft vom M\u00e4rz 2026\" srcset=\"https:\/\/permakultur-landwirtschaft.org\/wp-content\/uploads\/2026\/03\/leitfaden_30-03-2026_16-39-44.jpg 700w, https:\/\/permakultur-landwirtschaft.org\/wp-content\/uploads\/2026\/03\/leitfaden_30-03-2026_16-39-44-300x173.jpg 300w, https:\/\/permakultur-landwirtschaft.org\/wp-content\/uploads\/2026\/03\/leitfaden_30-03-2026_16-39-44-18x10.jpg 18w\" sizes=\"(max-width: 700px) 100vw, 700px\" \/>\t\t\t\t\t\t\t\t<\/a>\n\t\t\t\t\t\t\t\t\t\t\t\t\t\t\t<\/div>\n\t\t\t\t<\/div>\n\t\t\t\t<div class=\"elementor-element elementor-element-65dfa9f elementor-widget elementor-widget-theme-post-title elementor-page-title elementor-widget-heading\" data-id=\"65dfa9f\" data-element_type=\"widget\" data-e-type=\"widget\" data-widget_type=\"theme-post-title.default\">\n\t\t\t\t<div class=\"elementor-widget-container\">\n\t\t\t\t\t<h3 class=\"elementor-heading-title elementor-size-default\"><a href=\"https:\/\/permakultur-landwirtschaft.org\/fr\/neuigkeiten-zur-permakultur-landwirtschaft-newsletter-vom-30-maerz-2026\/\">Neuigkeiten zur Permakultur-Landwirtschaft &#8211; Newsletter vom 30. M\u00e4rz 2026<\/a><\/h3>\t\t\t\t<\/div>\n\t\t\t\t<\/div>\n\t\t\t\t<div class=\"elementor-element elementor-element-0ad4e09 elementor-absolute elementor-widget elementor-widget-text-editor\" data-id=\"0ad4e09\" data-element_type=\"widget\" data-e-type=\"widget\" data-settings=\"{&quot;_position&quot;:&quot;absolute&quot;}\" data-widget_type=\"text-editor.default\">\n\t\t\t\t<div class=\"elementor-widget-container\">\n\t\t\t\t\t\t\t\t\tNewsletter\t\t\t\t\t\t\t\t<\/div>\n\t\t\t\t<\/div>\n\t\t\t\t<\/div>\n\t\t\t\t\t<\/div>\n\t\t\t\t<\/div>\n\t\t\t\t<\/div>\n\t\t\t\t<div data-elementor-type=\"loop-item\" data-elementor-id=\"37613\" class=\"elementor elementor-37613 e-loop-item e-loop-item-38782 post-38782 post type-post status-publish format-standard has-post-thumbnail hentry category-neuigkeit tag-blaues-haus tag-hoefe-netz tag-naters\" data-elementor-post-type=\"elementor_library\" data-custom-edit-handle=\"1\">\n\t\t\t<div class=\"elementor-element elementor-element-c79cfe5 e-flex e-con-boxed e-con e-parent\" data-id=\"c79cfe5\" data-element_type=\"container\" data-e-type=\"container\">\n\t\t\t\t\t<div class=\"e-con-inner\">\n\t\t<div class=\"elementor-element elementor-element-64a3d73 e-con-full e-flex e-con e-child\" data-id=\"64a3d73\" data-element_type=\"container\" data-e-type=\"container\">\n\t\t\t\t<div class=\"elementor-element elementor-element-2e3812c elementor-widget__width-inherit elementor-widget elementor-widget-image\" data-id=\"2e3812c\" data-element_type=\"widget\" data-e-type=\"widget\" data-widget_type=\"image.default\">\n\t\t\t\t<div class=\"elementor-widget-container\">\n\t\t\t\t\t\t\t\t\t\t\t\t\t\t\t\t<a href=\"https:\/\/permakultur-landwirtschaft.org\/fr\/blaues-haus-neu-im-hoefe-netz-von-permakultur-landwirtschaft\/\">\n\t\t\t\t\t\t\t<img decoding=\"async\" width=\"2560\" height=\"1441\" src=\"https:\/\/permakultur-landwirtschaft.org\/wp-content\/uploads\/2026\/03\/20251202_093741-scaled.jpg\" class=\"attachment-full size-full wp-image-38695\" alt=\"Blaues Haus\" srcset=\"https:\/\/permakultur-landwirtschaft.org\/wp-content\/uploads\/2026\/03\/20251202_093741-scaled.jpg 2560w, https:\/\/permakultur-landwirtschaft.org\/wp-content\/uploads\/2026\/03\/20251202_093741-300x169.jpg 300w, https:\/\/permakultur-landwirtschaft.org\/wp-content\/uploads\/2026\/03\/20251202_093741-1024x577.jpg 1024w, https:\/\/permakultur-landwirtschaft.org\/wp-content\/uploads\/2026\/03\/20251202_093741-768x432.jpg 768w, https:\/\/permakultur-landwirtschaft.org\/wp-content\/uploads\/2026\/03\/20251202_093741-1536x865.jpg 1536w, https:\/\/permakultur-landwirtschaft.org\/wp-content\/uploads\/2026\/03\/20251202_093741-2048x1153.jpg 2048w, https:\/\/permakultur-landwirtschaft.org\/wp-content\/uploads\/2026\/03\/20251202_093741-18x10.jpg 18w\" sizes=\"(max-width: 2560px) 100vw, 2560px\" \/>\t\t\t\t\t\t\t\t<\/a>\n\t\t\t\t\t\t\t\t\t\t\t\t\t\t\t<\/div>\n\t\t\t\t<\/div>\n\t\t\t\t<div class=\"elementor-element elementor-element-65dfa9f elementor-widget elementor-widget-theme-post-title elementor-page-title elementor-widget-heading\" data-id=\"65dfa9f\" data-element_type=\"widget\" data-e-type=\"widget\" data-widget_type=\"theme-post-title.default\">\n\t\t\t\t<div class=\"elementor-widget-container\">\n\t\t\t\t\t<h3 class=\"elementor-heading-title elementor-size-default\"><a href=\"https:\/\/permakultur-landwirtschaft.org\/fr\/blaues-haus-neu-im-hoefe-netz-von-permakultur-landwirtschaft\/\">Blaues Haus neu im H\u00f6fe-Netz von Permakultur-Landwirtschaft<\/a><\/h3>\t\t\t\t<\/div>\n\t\t\t\t<\/div>\n\t\t\t\t<div class=\"elementor-element elementor-element-0ad4e09 elementor-absolute elementor-widget elementor-widget-text-editor\" data-id=\"0ad4e09\" data-element_type=\"widget\" data-e-type=\"widget\" data-settings=\"{&quot;_position&quot;:&quot;absolute&quot;}\" data-widget_type=\"text-editor.default\">\n\t\t\t\t<div class=\"elementor-widget-container\">\n\t\t\t\t\t\t\t\t\tNeuigkeit\t\t\t\t\t\t\t\t<\/div>\n\t\t\t\t<\/div>\n\t\t\t\t<\/div>\n\t\t\t\t\t<\/div>\n\t\t\t\t<\/div>\n\t\t\t\t<\/div>\n\t\t\t\t<div data-elementor-type=\"loop-item\" data-elementor-id=\"37613\" class=\"elementor elementor-37613 e-loop-item e-loop-item-38850 post-38850 post type-post status-publish format-standard has-post-thumbnail hentry category-filme category-neuigkeit tag-agroforst tag-jean-martin-fortier tag-maria-gimenez tag-market-gardening-2 tag-rbb tag-regenerativ tag-wilmars-gaerten-2\" data-elementor-post-type=\"elementor_library\" data-custom-edit-handle=\"1\">\n\t\t\t<div class=\"elementor-element elementor-element-c79cfe5 e-flex e-con-boxed e-con e-parent\" data-id=\"c79cfe5\" data-element_type=\"container\" data-e-type=\"container\">\n\t\t\t\t\t<div class=\"e-con-inner\">\n\t\t<div class=\"elementor-element elementor-element-64a3d73 e-con-full e-flex e-con e-child\" data-id=\"64a3d73\" data-element_type=\"container\" data-e-type=\"container\">\n\t\t\t\t<div class=\"elementor-element elementor-element-2e3812c elementor-widget__width-inherit elementor-widget elementor-widget-image\" data-id=\"2e3812c\" data-element_type=\"widget\" data-e-type=\"widget\" data-widget_type=\"image.default\">\n\t\t\t\t<div class=\"elementor-widget-container\">\n\t\t\t\t\t\t\t\t\t\t\t\t\t\t\t\t<a href=\"https:\/\/permakultur-landwirtschaft.org\/fr\/marias-garten-warum-alle-ihr-gemuese-wollen-beitrag-vom-26-maerz-2026\/\">\n\t\t\t\t\t\t\t<img loading=\"lazy\" decoding=\"async\" width=\"699\" height=\"370\" src=\"https:\/\/permakultur-landwirtschaft.org\/wp-content\/uploads\/2026\/03\/maria_rbb_wilmars_gaerten_28-03-2026_15-45-34.jpg\" class=\"attachment-full size-full wp-image-38851\" alt=\"Maria Gim\u00e9nez von Wilmars Gaerten\" srcset=\"https:\/\/permakultur-landwirtschaft.org\/wp-content\/uploads\/2026\/03\/maria_rbb_wilmars_gaerten_28-03-2026_15-45-34.jpg 699w, https:\/\/permakultur-landwirtschaft.org\/wp-content\/uploads\/2026\/03\/maria_rbb_wilmars_gaerten_28-03-2026_15-45-34-300x159.jpg 300w, https:\/\/permakultur-landwirtschaft.org\/wp-content\/uploads\/2026\/03\/maria_rbb_wilmars_gaerten_28-03-2026_15-45-34-18x10.jpg 18w\" sizes=\"(max-width: 699px) 100vw, 699px\" \/>\t\t\t\t\t\t\t\t<\/a>\n\t\t\t\t\t\t\t\t\t\t\t\t\t\t\t<\/div>\n\t\t\t\t<\/div>\n\t\t\t\t<div class=\"elementor-element elementor-element-65dfa9f elementor-widget elementor-widget-theme-post-title elementor-page-title elementor-widget-heading\" data-id=\"65dfa9f\" data-element_type=\"widget\" data-e-type=\"widget\" data-widget_type=\"theme-post-title.default\">\n\t\t\t\t<div class=\"elementor-widget-container\">\n\t\t\t\t\t<h3 class=\"elementor-heading-title elementor-size-default\"><a href=\"https:\/\/permakultur-landwirtschaft.org\/fr\/marias-garten-warum-alle-ihr-gemuese-wollen-beitrag-vom-26-maerz-2026\/\">Marias Garten: Warum alle ihr Gem\u00fcse wollen &#8211; Beitrag vom 26. M\u00e4rz 2026<\/a><\/h3>\t\t\t\t<\/div>\n\t\t\t\t<\/div>\n\t\t\t\t<div class=\"elementor-element elementor-element-0ad4e09 elementor-absolute elementor-widget elementor-widget-text-editor\" data-id=\"0ad4e09\" data-element_type=\"widget\" data-e-type=\"widget\" data-settings=\"{&quot;_position&quot;:&quot;absolute&quot;}\" data-widget_type=\"text-editor.default\">\n\t\t\t\t<div class=\"elementor-widget-container\">\n\t\t\t\t\t\t\t\t\tFilm\t\t\t\t\t\t\t\t<\/div>\n\t\t\t\t<\/div>\n\t\t\t\t<\/div>\n\t\t\t\t\t<\/div>\n\t\t\t\t<\/div>\n\t\t\t\t<\/div>\n\t\t\t\t<div data-elementor-type=\"loop-item\" data-elementor-id=\"37613\" class=\"elementor elementor-37613 e-loop-item e-loop-item-38649 post-38649 post type-post status-publish format-standard has-post-thumbnail hentry category-neuigkeit tag-agripedia tag-kompetenzplattform tag-leitfaden tag-permakultur\" data-elementor-post-type=\"elementor_library\" data-custom-edit-handle=\"1\">\n\t\t\t<div class=\"elementor-element elementor-element-c79cfe5 e-flex e-con-boxed e-con e-parent\" data-id=\"c79cfe5\" data-element_type=\"container\" data-e-type=\"container\">\n\t\t\t\t\t<div class=\"e-con-inner\">\n\t\t<div class=\"elementor-element elementor-element-64a3d73 e-con-full e-flex e-con e-child\" data-id=\"64a3d73\" data-element_type=\"container\" data-e-type=\"container\">\n\t\t\t\t<div class=\"elementor-element elementor-element-2e3812c elementor-widget__width-inherit elementor-widget elementor-widget-image\" data-id=\"2e3812c\" data-element_type=\"widget\" data-e-type=\"widget\" data-widget_type=\"image.default\">\n\t\t\t\t<div class=\"elementor-widget-container\">\n\t\t\t\t\t\t\t\t\t\t\t\t\t\t\t\t<a href=\"https:\/\/permakultur-landwirtschaft.org\/fr\/permakultur-in-der-landwirtschaft-neuer-leitfaden-unterstuetzt-betriebe-auf-dem-weg-zu-resilienten-und-zukunftsfaehigen-produktionssystemen\/\">\n\t\t\t\t\t\t\t<img loading=\"lazy\" decoding=\"async\" width=\"700\" height=\"497\" src=\"https:\/\/permakultur-landwirtschaft.org\/wp-content\/uploads\/2026\/03\/LeitfadenPK_23-03-2026_15-25-10.jpg\" class=\"attachment-full size-full wp-image-38650\" alt=\"Titelbild vom Leitfaden f\u00fcr Permakultur in der Landwirtschaft bei Agripedia\" srcset=\"https:\/\/permakultur-landwirtschaft.org\/wp-content\/uploads\/2026\/03\/LeitfadenPK_23-03-2026_15-25-10.jpg 700w, https:\/\/permakultur-landwirtschaft.org\/wp-content\/uploads\/2026\/03\/LeitfadenPK_23-03-2026_15-25-10-300x213.jpg 300w, https:\/\/permakultur-landwirtschaft.org\/wp-content\/uploads\/2026\/03\/LeitfadenPK_23-03-2026_15-25-10-18x12.jpg 18w\" sizes=\"(max-width: 700px) 100vw, 700px\" \/>\t\t\t\t\t\t\t\t<\/a>\n\t\t\t\t\t\t\t\t\t\t\t\t\t\t\t<\/div>\n\t\t\t\t<\/div>\n\t\t\t\t<div class=\"elementor-element elementor-element-65dfa9f elementor-widget elementor-widget-theme-post-title elementor-page-title elementor-widget-heading\" data-id=\"65dfa9f\" data-element_type=\"widget\" data-e-type=\"widget\" data-widget_type=\"theme-post-title.default\">\n\t\t\t\t<div class=\"elementor-widget-container\">\n\t\t\t\t\t<h3 class=\"elementor-heading-title elementor-size-default\"><a href=\"https:\/\/permakultur-landwirtschaft.org\/fr\/permakultur-in-der-landwirtschaft-neuer-leitfaden-unterstuetzt-betriebe-auf-dem-weg-zu-resilienten-und-zukunftsfaehigen-produktionssystemen\/\">Permakultur in der Landwirtschaft: Neuer Leitfaden unterst\u00fctzt Betriebe auf dem Weg zu resilienten und zukunftsf\u00e4higen Produktionssystemen<\/a><\/h3>\t\t\t\t<\/div>\n\t\t\t\t<\/div>\n\t\t\t\t<div class=\"elementor-element elementor-element-0ad4e09 elementor-absolute elementor-widget elementor-widget-text-editor\" data-id=\"0ad4e09\" data-element_type=\"widget\" data-e-type=\"widget\" data-settings=\"{&quot;_position&quot;:&quot;absolute&quot;}\" data-widget_type=\"text-editor.default\">\n\t\t\t\t<div class=\"elementor-widget-container\">\n\t\t\t\t\t\t\t\t\tNeuigkeit\t\t\t\t\t\t\t\t<\/div>\n\t\t\t\t<\/div>\n\t\t\t\t<\/div>\n\t\t\t\t\t<\/div>\n\t\t\t\t<\/div>\n\t\t\t\t<\/div>\n\t\t\t\t<div data-elementor-type=\"loop-item\" data-elementor-id=\"37613\" class=\"elementor elementor-37613 e-loop-item e-loop-item-38947 post-38947 post type-post status-publish format-standard has-post-thumbnail hentry category-filme tag-fibl tag-hoss-hauksson tag-vitiforst tag-weinrebe\" data-elementor-post-type=\"elementor_library\" data-custom-edit-handle=\"1\">\n\t\t\t<div class=\"elementor-element elementor-element-c79cfe5 e-flex e-con-boxed e-con e-parent\" data-id=\"c79cfe5\" data-element_type=\"container\" data-e-type=\"container\">\n\t\t\t\t\t<div class=\"e-con-inner\">\n\t\t<div class=\"elementor-element elementor-element-64a3d73 e-con-full e-flex e-con e-child\" data-id=\"64a3d73\" data-element_type=\"container\" data-e-type=\"container\">\n\t\t\t\t<div class=\"elementor-element elementor-element-2e3812c elementor-widget__width-inherit elementor-widget elementor-widget-image\" data-id=\"2e3812c\" data-element_type=\"widget\" data-e-type=\"widget\" data-widget_type=\"image.default\">\n\t\t\t\t<div class=\"elementor-widget-container\">\n\t\t\t\t\t\t\t\t\t\t\t\t\t\t\t\t<a href=\"https:\/\/permakultur-landwirtschaft.org\/fr\/ein-gutes-umfeld-fuer-die-weinrebe-video-vom-19-maerz-2026\/\">\n\t\t\t\t\t\t\t<img loading=\"lazy\" decoding=\"async\" width=\"300\" height=\"200\" src=\"https:\/\/permakultur-landwirtschaft.org\/wp-content\/uploads\/2026\/03\/csm_Film-Agroforst-Weinrebe-DE_9fa51f895a.webp\" class=\"attachment-full size-full wp-image-38948\" alt=\"Vitiforst im Aargau\" srcset=\"https:\/\/permakultur-landwirtschaft.org\/wp-content\/uploads\/2026\/03\/csm_Film-Agroforst-Weinrebe-DE_9fa51f895a.webp 300w, https:\/\/permakultur-landwirtschaft.org\/wp-content\/uploads\/2026\/03\/csm_Film-Agroforst-Weinrebe-DE_9fa51f895a-18x12.webp 18w\" sizes=\"(max-width: 300px) 100vw, 300px\" \/>\t\t\t\t\t\t\t\t<\/a>\n\t\t\t\t\t\t\t\t\t\t\t\t\t\t\t<\/div>\n\t\t\t\t<\/div>\n\t\t\t\t<div class=\"elementor-element elementor-element-65dfa9f elementor-widget elementor-widget-theme-post-title elementor-page-title elementor-widget-heading\" data-id=\"65dfa9f\" data-element_type=\"widget\" data-e-type=\"widget\" data-widget_type=\"theme-post-title.default\">\n\t\t\t\t<div class=\"elementor-widget-container\">\n\t\t\t\t\t<h3 class=\"elementor-heading-title elementor-size-default\"><a href=\"https:\/\/permakultur-landwirtschaft.org\/fr\/ein-gutes-umfeld-fuer-die-weinrebe-video-vom-19-maerz-2026\/\">Ein gutes Umfeld f\u00fcr die Weinrebe &#8211; Video vom 19. M\u00e4rz 2026<\/a><\/h3>\t\t\t\t<\/div>\n\t\t\t\t<\/div>\n\t\t\t\t<div class=\"elementor-element elementor-element-0ad4e09 elementor-absolute elementor-widget elementor-widget-text-editor\" data-id=\"0ad4e09\" data-element_type=\"widget\" data-e-type=\"widget\" data-settings=\"{&quot;_position&quot;:&quot;absolute&quot;}\" data-widget_type=\"text-editor.default\">\n\t\t\t\t<div class=\"elementor-widget-container\">\n\t\t\t\t\t\t\t\t\tFilm\t\t\t\t\t\t\t\t<\/div>\n\t\t\t\t<\/div>\n\t\t\t\t<\/div>\n\t\t\t\t\t<\/div>\n\t\t\t\t<\/div>\n\t\t\t\t<\/div>\n\t\t\t\t<div data-elementor-type=\"loop-item\" data-elementor-id=\"37613\" class=\"elementor elementor-37613 e-loop-item e-loop-item-38483 post-38483 post type-post status-publish format-standard has-post-thumbnail hentry category-neuigkeit tag-bauernzeitung tag-boden tag-bodenleben tag-bodenorganismen tag-gesund tag-mykorrhiza tag-pflanzen tag-protozoen tag-wurzel\" data-elementor-post-type=\"elementor_library\" data-custom-edit-handle=\"1\">\n\t\t\t<div class=\"elementor-element elementor-element-c79cfe5 e-flex e-con-boxed e-con e-parent\" data-id=\"c79cfe5\" data-element_type=\"container\" data-e-type=\"container\">\n\t\t\t\t\t<div class=\"e-con-inner\">\n\t\t<div class=\"elementor-element elementor-element-64a3d73 e-con-full e-flex e-con e-child\" data-id=\"64a3d73\" data-element_type=\"container\" data-e-type=\"container\">\n\t\t\t\t<div class=\"elementor-element elementor-element-2e3812c elementor-widget__width-inherit elementor-widget elementor-widget-image\" data-id=\"2e3812c\" data-element_type=\"widget\" data-e-type=\"widget\" data-widget_type=\"image.default\">\n\t\t\t\t<div class=\"elementor-widget-container\">\n\t\t\t\t\t\t\t\t\t\t\t\t\t\t\t\t<a href=\"https:\/\/permakultur-landwirtschaft.org\/fr\/nur-fitte-pflanzen-arbeiten-mit-dem-bodenleben-zusammen-so-laesst-sich-das-messen\/\">\n\t\t\t\t\t\t\t<img loading=\"lazy\" decoding=\"async\" width=\"1400\" height=\"874\" src=\"https:\/\/permakultur-landwirtschaft.org\/wp-content\/uploads\/2026\/03\/pflanzenwurzel_csm_Boden_1f_ab85717a12.webp\" class=\"attachment-full size-full wp-image-38484\" alt=\"Hand h\u00e4lt Pflanzenwurzel mit Erde dran\" srcset=\"https:\/\/permakultur-landwirtschaft.org\/wp-content\/uploads\/2026\/03\/pflanzenwurzel_csm_Boden_1f_ab85717a12.webp 1400w, https:\/\/permakultur-landwirtschaft.org\/wp-content\/uploads\/2026\/03\/pflanzenwurzel_csm_Boden_1f_ab85717a12-300x187.webp 300w, https:\/\/permakultur-landwirtschaft.org\/wp-content\/uploads\/2026\/03\/pflanzenwurzel_csm_Boden_1f_ab85717a12-1024x639.webp 1024w, https:\/\/permakultur-landwirtschaft.org\/wp-content\/uploads\/2026\/03\/pflanzenwurzel_csm_Boden_1f_ab85717a12-768x479.webp 768w, https:\/\/permakultur-landwirtschaft.org\/wp-content\/uploads\/2026\/03\/pflanzenwurzel_csm_Boden_1f_ab85717a12-18x12.webp 18w\" sizes=\"(max-width: 1400px) 100vw, 1400px\" \/>\t\t\t\t\t\t\t\t<\/a>\n\t\t\t\t\t\t\t\t\t\t\t\t\t\t\t<\/div>\n\t\t\t\t<\/div>\n\t\t\t\t<div class=\"elementor-element elementor-element-65dfa9f elementor-widget elementor-widget-theme-post-title elementor-page-title elementor-widget-heading\" data-id=\"65dfa9f\" data-element_type=\"widget\" data-e-type=\"widget\" data-widget_type=\"theme-post-title.default\">\n\t\t\t\t<div class=\"elementor-widget-container\">\n\t\t\t\t\t<h3 class=\"elementor-heading-title elementor-size-default\"><a href=\"https:\/\/permakultur-landwirtschaft.org\/fr\/nur-fitte-pflanzen-arbeiten-mit-dem-bodenleben-zusammen-so-laesst-sich-das-messen\/\">Nur fitte Pflanzen arbeiten mit dem Bodenleben zusammen: So l\u00e4sst sich das messen<\/a><\/h3>\t\t\t\t<\/div>\n\t\t\t\t<\/div>\n\t\t\t\t<div class=\"elementor-element elementor-element-0ad4e09 elementor-absolute elementor-widget elementor-widget-text-editor\" data-id=\"0ad4e09\" data-element_type=\"widget\" data-e-type=\"widget\" data-settings=\"{&quot;_position&quot;:&quot;absolute&quot;}\" data-widget_type=\"text-editor.default\">\n\t\t\t\t<div class=\"elementor-widget-container\">\n\t\t\t\t\t\t\t\t\tNeuigkeit\t\t\t\t\t\t\t\t<\/div>\n\t\t\t\t<\/div>\n\t\t\t\t<\/div>\n\t\t\t\t\t<\/div>\n\t\t\t\t<\/div>\n\t\t\t\t<\/div>\n\t\t\t\t<div data-elementor-type=\"loop-item\" data-elementor-id=\"37613\" class=\"elementor elementor-37613 e-loop-item e-loop-item-38363 post-38363 post type-post status-publish format-standard has-post-thumbnail hentry category-ausschreibung category-neuigkeit tag-bachmattlihof tag-gemuesegarten tag-leitung tag-teilzeitstelle tag-wollerau\" data-elementor-post-type=\"elementor_library\" data-custom-edit-handle=\"1\">\n\t\t\t<div class=\"elementor-element elementor-element-c79cfe5 e-flex e-con-boxed e-con e-parent\" data-id=\"c79cfe5\" data-element_type=\"container\" data-e-type=\"container\">\n\t\t\t\t\t<div class=\"e-con-inner\">\n\t\t<div class=\"elementor-element elementor-element-64a3d73 e-con-full e-flex e-con e-child\" data-id=\"64a3d73\" data-element_type=\"container\" data-e-type=\"container\">\n\t\t\t\t<div class=\"elementor-element elementor-element-2e3812c elementor-widget__width-inherit elementor-widget elementor-widget-image\" data-id=\"2e3812c\" data-element_type=\"widget\" data-e-type=\"widget\" data-widget_type=\"image.default\">\n\t\t\t\t<div class=\"elementor-widget-container\">\n\t\t\t\t\t\t\t\t\t\t\t\t\t\t\t\t<a href=\"https:\/\/permakultur-landwirtschaft.org\/fr\/teilzeit-mitarbeiterinnen-gesucht-fuer-die-leitung-des-gemuesegartens-beim-bachmattlihof\/\">\n\t\t\t\t\t\t\t<img loading=\"lazy\" decoding=\"async\" width=\"700\" height=\"525\" src=\"https:\/\/permakultur-landwirtschaft.org\/wp-content\/uploads\/2026\/03\/bachmattlihof_gartenbild.jpeg\" class=\"attachment-full size-full wp-image-38364\" alt=\"Garten vom Bachmattlihof\" srcset=\"https:\/\/permakultur-landwirtschaft.org\/wp-content\/uploads\/2026\/03\/bachmattlihof_gartenbild.jpeg 700w, https:\/\/permakultur-landwirtschaft.org\/wp-content\/uploads\/2026\/03\/bachmattlihof_gartenbild-300x225.jpeg 300w, https:\/\/permakultur-landwirtschaft.org\/wp-content\/uploads\/2026\/03\/bachmattlihof_gartenbild-16x12.jpeg 16w\" sizes=\"(max-width: 700px) 100vw, 700px\" \/>\t\t\t\t\t\t\t\t<\/a>\n\t\t\t\t\t\t\t\t\t\t\t\t\t\t\t<\/div>\n\t\t\t\t<\/div>\n\t\t\t\t<div class=\"elementor-element elementor-element-65dfa9f elementor-widget elementor-widget-theme-post-title elementor-page-title elementor-widget-heading\" data-id=\"65dfa9f\" data-element_type=\"widget\" data-e-type=\"widget\" data-widget_type=\"theme-post-title.default\">\n\t\t\t\t<div class=\"elementor-widget-container\">\n\t\t\t\t\t<h3 class=\"elementor-heading-title elementor-size-default\"><a href=\"https:\/\/permakultur-landwirtschaft.org\/fr\/teilzeit-mitarbeiterinnen-gesucht-fuer-die-leitung-des-gemuesegartens-beim-bachmattlihof\/\">Teilzeit Mitarbeiter:innen gesucht f\u00fcr die Leitung des Gem\u00fcsegartens beim Bachmattlihof<\/a><\/h3>\t\t\t\t<\/div>\n\t\t\t\t<\/div>\n\t\t\t\t<div class=\"elementor-element elementor-element-0ad4e09 elementor-absolute elementor-widget elementor-widget-text-editor\" data-id=\"0ad4e09\" data-element_type=\"widget\" data-e-type=\"widget\" data-settings=\"{&quot;_position&quot;:&quot;absolute&quot;}\" data-widget_type=\"text-editor.default\">\n\t\t\t\t<div class=\"elementor-widget-container\">\n\t\t\t\t\t\t\t\t\tAusschreibung\t\t\t\t\t\t\t\t<\/div>\n\t\t\t\t<\/div>\n\t\t\t\t<\/div>\n\t\t\t\t\t<\/div>\n\t\t\t\t<\/div>\n\t\t\t\t<\/div>\n\t\t\t\t<div data-elementor-type=\"loop-item\" data-elementor-id=\"37613\" class=\"elementor elementor-37613 e-loop-item e-loop-item-38421 post-38421 post type-post status-publish format-standard has-post-thumbnail hentry category-audio category-neuigkeit tag-agroecology-works tag-beat-roelli tag-betriebscoaching tag-dario-heller tag-giulia-satiro tag-podcast\" data-elementor-post-type=\"elementor_library\" data-custom-edit-handle=\"1\">\n\t\t\t<div class=\"elementor-element elementor-element-c79cfe5 e-flex e-con-boxed e-con e-parent\" data-id=\"c79cfe5\" data-element_type=\"container\" data-e-type=\"container\">\n\t\t\t\t\t<div class=\"e-con-inner\">\n\t\t<div class=\"elementor-element elementor-element-64a3d73 e-con-full e-flex e-con e-child\" data-id=\"64a3d73\" data-element_type=\"container\" data-e-type=\"container\">\n\t\t\t\t<div class=\"elementor-element elementor-element-2e3812c elementor-widget__width-inherit elementor-widget elementor-widget-image\" data-id=\"2e3812c\" data-element_type=\"widget\" data-e-type=\"widget\" data-widget_type=\"image.default\">\n\t\t\t\t<div class=\"elementor-widget-container\">\n\t\t\t\t\t\t\t\t\t\t\t\t\t\t\t\t<a href=\"https:\/\/permakultur-landwirtschaft.org\/fr\/ein-betriebscoaching-was-soll-das-bringen-giulia-satiro-podcast-vom-10-maerz-2026\/\">\n\t\t\t\t\t\t\t<img loading=\"lazy\" decoding=\"async\" width=\"700\" height=\"514\" src=\"https:\/\/permakultur-landwirtschaft.org\/wp-content\/uploads\/2025\/04\/2025_agroecology_works_IMG_9138_coachings-700.jpg\" class=\"attachment-full size-full wp-image-36426\" alt=\"Agroecology Works! Betriebscoaching\" srcset=\"https:\/\/permakultur-landwirtschaft.org\/wp-content\/uploads\/2025\/04\/2025_agroecology_works_IMG_9138_coachings-700.jpg 700w, https:\/\/permakultur-landwirtschaft.org\/wp-content\/uploads\/2025\/04\/2025_agroecology_works_IMG_9138_coachings-700-300x220.jpg 300w, https:\/\/permakultur-landwirtschaft.org\/wp-content\/uploads\/2025\/04\/2025_agroecology_works_IMG_9138_coachings-700-16x12.jpg 16w\" sizes=\"(max-width: 700px) 100vw, 700px\" \/>\t\t\t\t\t\t\t\t<\/a>\n\t\t\t\t\t\t\t\t\t\t\t\t\t\t\t<\/div>\n\t\t\t\t<\/div>\n\t\t\t\t<div class=\"elementor-element elementor-element-65dfa9f elementor-widget elementor-widget-theme-post-title elementor-page-title elementor-widget-heading\" data-id=\"65dfa9f\" data-element_type=\"widget\" data-e-type=\"widget\" data-widget_type=\"theme-post-title.default\">\n\t\t\t\t<div class=\"elementor-widget-container\">\n\t\t\t\t\t<h3 class=\"elementor-heading-title elementor-size-default\"><a href=\"https:\/\/permakultur-landwirtschaft.org\/fr\/ein-betriebscoaching-was-soll-das-bringen-giulia-satiro-podcast-vom-10-maerz-2026\/\">Ein Betriebscoaching, was soll das bringen, Giulia Satiro? &#8211; Podcast vom 10. M\u00e4rz 2026<\/a><\/h3>\t\t\t\t<\/div>\n\t\t\t\t<\/div>\n\t\t\t\t<div class=\"elementor-element elementor-element-0ad4e09 elementor-absolute elementor-widget elementor-widget-text-editor\" data-id=\"0ad4e09\" data-element_type=\"widget\" data-e-type=\"widget\" data-settings=\"{&quot;_position&quot;:&quot;absolute&quot;}\" data-widget_type=\"text-editor.default\">\n\t\t\t\t<div class=\"elementor-widget-container\">\n\t\t\t\t\t\t\t\t\tAudio\t\t\t\t\t\t\t\t<\/div>\n\t\t\t\t<\/div>\n\t\t\t\t<\/div>\n\t\t\t\t\t<\/div>\n\t\t\t\t<\/div>\n\t\t\t\t<\/div>\n\t\t\t\t<div data-elementor-type=\"loop-item\" data-elementor-id=\"37613\" class=\"elementor elementor-37613 e-loop-item e-loop-item-38242 post-38242 post type-post status-publish format-standard has-post-thumbnail hentry category-buch category-neuigkeit tag-agroforesterie tag-haupt tag-livre tag-pratique\" data-elementor-post-type=\"elementor_library\" data-custom-edit-handle=\"1\">\n\t\t\t<div class=\"elementor-element elementor-element-c79cfe5 e-flex e-con-boxed e-con e-parent\" data-id=\"c79cfe5\" data-element_type=\"container\" data-e-type=\"container\">\n\t\t\t\t\t<div class=\"e-con-inner\">\n\t\t<div class=\"elementor-element elementor-element-64a3d73 e-con-full e-flex e-con e-child\" data-id=\"64a3d73\" data-element_type=\"container\" data-e-type=\"container\">\n\t\t\t\t<div class=\"elementor-element elementor-element-2e3812c elementor-widget__width-inherit elementor-widget elementor-widget-image\" data-id=\"2e3812c\" data-element_type=\"widget\" data-e-type=\"widget\" data-widget_type=\"image.default\">\n\t\t\t\t<div class=\"elementor-widget-container\">\n\t\t\t\t\t\t\t\t\t\t\t\t\t\t\t\t<a href=\"https:\/\/permakultur-landwirtschaft.org\/fr\/la-pratique-agroforestiere-en-suisse-le-livre-paraitra-en-francais-le-15-juin-2026\/\">\n\t\t\t\t\t\t\t<img loading=\"lazy\" decoding=\"async\" width=\"749\" height=\"1080\" src=\"https:\/\/permakultur-landwirtschaft.org\/wp-content\/uploads\/2026\/03\/20260309_la_pratique_agroforestiere_en_suisse_0.webp\" class=\"attachment-full size-full wp-image-38199\" alt=\"Couverture livre La pratique agroforesti\u00e8re en Suisse\" srcset=\"https:\/\/permakultur-landwirtschaft.org\/wp-content\/uploads\/2026\/03\/20260309_la_pratique_agroforestiere_en_suisse_0.webp 749w, https:\/\/permakultur-landwirtschaft.org\/wp-content\/uploads\/2026\/03\/20260309_la_pratique_agroforestiere_en_suisse_0-208x300.webp 208w, https:\/\/permakultur-landwirtschaft.org\/wp-content\/uploads\/2026\/03\/20260309_la_pratique_agroforestiere_en_suisse_0-710x1024.webp 710w, https:\/\/permakultur-landwirtschaft.org\/wp-content\/uploads\/2026\/03\/20260309_la_pratique_agroforestiere_en_suisse_0-8x12.webp 8w\" sizes=\"(max-width: 749px) 100vw, 749px\" \/>\t\t\t\t\t\t\t\t<\/a>\n\t\t\t\t\t\t\t\t\t\t\t\t\t\t\t<\/div>\n\t\t\t\t<\/div>\n\t\t\t\t<div class=\"elementor-element elementor-element-65dfa9f elementor-widget elementor-widget-theme-post-title elementor-page-title elementor-widget-heading\" data-id=\"65dfa9f\" data-element_type=\"widget\" data-e-type=\"widget\" data-widget_type=\"theme-post-title.default\">\n\t\t\t\t<div class=\"elementor-widget-container\">\n\t\t\t\t\t<h3 class=\"elementor-heading-title elementor-size-default\"><a href=\"https:\/\/permakultur-landwirtschaft.org\/fr\/la-pratique-agroforestiere-en-suisse-le-livre-paraitra-en-francais-le-15-juin-2026\/\">La pratique agroforesti\u00e8re en Suisse &#8211; le livre para\u00eetra en fran\u00e7ais le 15 juin 2026<\/a><\/h3>\t\t\t\t<\/div>\n\t\t\t\t<\/div>\n\t\t\t\t<div class=\"elementor-element elementor-element-0ad4e09 elementor-absolute elementor-widget elementor-widget-text-editor\" data-id=\"0ad4e09\" data-element_type=\"widget\" data-e-type=\"widget\" data-settings=\"{&quot;_position&quot;:&quot;absolute&quot;}\" data-widget_type=\"text-editor.default\">\n\t\t\t\t<div class=\"elementor-widget-container\">\n\t\t\t\t\t\t\t\t\tNeuigkeit\t\t\t\t\t\t\t\t<\/div>\n\t\t\t\t<\/div>\n\t\t\t\t<\/div>\n\t\t\t\t\t<\/div>\n\t\t\t\t<\/div>\n\t\t\t\t<\/div>\n\t\t\t\t<div data-elementor-type=\"loop-item\" data-elementor-id=\"37613\" class=\"elementor elementor-37613 e-loop-item e-loop-item-38059 post-38059 post type-post status-publish format-standard has-post-thumbnail hentry category-neuigkeit tag-agroforst tag-boden tag-forschung tag-klima tag-olef-koch tag-universitaet-hohenheim tag-wind\" data-elementor-post-type=\"elementor_library\" data-custom-edit-handle=\"1\">\n\t\t\t<div class=\"elementor-element elementor-element-c79cfe5 e-flex e-con-boxed e-con e-parent\" data-id=\"c79cfe5\" data-element_type=\"container\" data-e-type=\"container\">\n\t\t\t\t\t<div class=\"e-con-inner\">\n\t\t<div class=\"elementor-element elementor-element-64a3d73 e-con-full e-flex e-con e-child\" data-id=\"64a3d73\" data-element_type=\"container\" data-e-type=\"container\">\n\t\t\t\t<div class=\"elementor-element elementor-element-2e3812c elementor-widget__width-inherit elementor-widget elementor-widget-image\" data-id=\"2e3812c\" data-element_type=\"widget\" data-e-type=\"widget\" data-widget_type=\"image.default\">\n\t\t\t\t<div class=\"elementor-widget-container\">\n\t\t\t\t\t\t\t\t\t\t\t\t\t\t\t\t<a href=\"https:\/\/permakultur-landwirtschaft.org\/fr\/ein-feld-voller-antworten-beitrag-vom-04-maerz-2026\/\">\n\t\t\t\t\t\t\t<img loading=\"lazy\" decoding=\"async\" width=\"700\" height=\"472\" src=\"https:\/\/permakultur-landwirtschaft.org\/wp-content\/uploads\/2026\/03\/agroforst_olef_koch_hohenheim_40b7c911-ee1f-4110-8e71-46d73e4376f0.jpg\" class=\"attachment-full size-full wp-image-38083\" alt=\"Olef Koch der Uni Hohenheim bohrt ein Loch um einen Baum zu pflanzen\" srcset=\"https:\/\/permakultur-landwirtschaft.org\/wp-content\/uploads\/2026\/03\/agroforst_olef_koch_hohenheim_40b7c911-ee1f-4110-8e71-46d73e4376f0.jpg 700w, https:\/\/permakultur-landwirtschaft.org\/wp-content\/uploads\/2026\/03\/agroforst_olef_koch_hohenheim_40b7c911-ee1f-4110-8e71-46d73e4376f0-300x202.jpg 300w, https:\/\/permakultur-landwirtschaft.org\/wp-content\/uploads\/2026\/03\/agroforst_olef_koch_hohenheim_40b7c911-ee1f-4110-8e71-46d73e4376f0-18x12.jpg 18w\" sizes=\"(max-width: 700px) 100vw, 700px\" \/>\t\t\t\t\t\t\t\t<\/a>\n\t\t\t\t\t\t\t\t\t\t\t\t\t\t\t<\/div>\n\t\t\t\t<\/div>\n\t\t\t\t<div class=\"elementor-element elementor-element-65dfa9f elementor-widget elementor-widget-theme-post-title elementor-page-title elementor-widget-heading\" data-id=\"65dfa9f\" data-element_type=\"widget\" data-e-type=\"widget\" data-widget_type=\"theme-post-title.default\">\n\t\t\t\t<div class=\"elementor-widget-container\">\n\t\t\t\t\t<h3 class=\"elementor-heading-title elementor-size-default\"><a href=\"https:\/\/permakultur-landwirtschaft.org\/fr\/ein-feld-voller-antworten-beitrag-vom-04-maerz-2026\/\">Ein Feld voller Antworten &#8211; Beitrag vom 04. M\u00e4rz 2026<\/a><\/h3>\t\t\t\t<\/div>\n\t\t\t\t<\/div>\n\t\t\t\t<div class=\"elementor-element elementor-element-0ad4e09 elementor-absolute elementor-widget elementor-widget-text-editor\" data-id=\"0ad4e09\" data-element_type=\"widget\" data-e-type=\"widget\" data-settings=\"{&quot;_position&quot;:&quot;absolute&quot;}\" data-widget_type=\"text-editor.default\">\n\t\t\t\t<div class=\"elementor-widget-container\">\n\t\t\t\t\t\t\t\t\tNeuigkeit\t\t\t\t\t\t\t\t<\/div>\n\t\t\t\t<\/div>\n\t\t\t\t<\/div>\n\t\t\t\t\t<\/div>\n\t\t\t\t<\/div>\n\t\t\t\t<\/div>\n\t\t\t\t<div data-elementor-type=\"loop-item\" data-elementor-id=\"37613\" class=\"elementor elementor-37613 e-loop-item e-loop-item-38019 post-38019 post type-post status-publish format-standard has-post-thumbnail hentry category-neuigkeit tag-bauernzeitung tag-bodenleben tag-diessenhofen tag-domaene-st-katharinental tag-jil-schuller tag-kuehe-im-boden tag-pflanzenschutz tag-urban-doerig\" data-elementor-post-type=\"elementor_library\" data-custom-edit-handle=\"1\">\n\t\t\t<div class=\"elementor-element elementor-element-c79cfe5 e-flex e-con-boxed e-con e-parent\" data-id=\"c79cfe5\" data-element_type=\"container\" data-e-type=\"container\">\n\t\t\t\t\t<div class=\"e-con-inner\">\n\t\t<div class=\"elementor-element elementor-element-64a3d73 e-con-full e-flex e-con e-child\" data-id=\"64a3d73\" data-element_type=\"container\" data-e-type=\"container\">\n\t\t\t\t<div class=\"elementor-element elementor-element-2e3812c elementor-widget__width-inherit elementor-widget elementor-widget-image\" data-id=\"2e3812c\" data-element_type=\"widget\" data-e-type=\"widget\" data-widget_type=\"image.default\">\n\t\t\t\t<div class=\"elementor-widget-container\">\n\t\t\t\t\t\t\t\t\t\t\t\t\t\t\t\t<a href=\"https:\/\/permakultur-landwirtschaft.org\/fr\/pflanzenschutz-beginnt-im-untergrund-immer-gruen-fuer-die-kuehe-im-boden-beitrag-vom-25-februar-2026\/\">\n\t\t\t\t\t\t\t<img loading=\"lazy\" decoding=\"async\" width=\"700\" height=\"437\" src=\"https:\/\/permakultur-landwirtschaft.org\/wp-content\/uploads\/2026\/02\/20260226_urban_doerig_csm_BZ-HG-Doerig-1_cd68d9b99a.jpg\" class=\"attachment-full size-full wp-image-38020\" alt=\"Urban D\u00f6rig\" srcset=\"https:\/\/permakultur-landwirtschaft.org\/wp-content\/uploads\/2026\/02\/20260226_urban_doerig_csm_BZ-HG-Doerig-1_cd68d9b99a.jpg 700w, https:\/\/permakultur-landwirtschaft.org\/wp-content\/uploads\/2026\/02\/20260226_urban_doerig_csm_BZ-HG-Doerig-1_cd68d9b99a-300x187.jpg 300w, https:\/\/permakultur-landwirtschaft.org\/wp-content\/uploads\/2026\/02\/20260226_urban_doerig_csm_BZ-HG-Doerig-1_cd68d9b99a-18x12.jpg 18w\" sizes=\"(max-width: 700px) 100vw, 700px\" \/>\t\t\t\t\t\t\t\t<\/a>\n\t\t\t\t\t\t\t\t\t\t\t\t\t\t\t<\/div>\n\t\t\t\t<\/div>\n\t\t\t\t<div class=\"elementor-element elementor-element-65dfa9f elementor-widget elementor-widget-theme-post-title elementor-page-title elementor-widget-heading\" data-id=\"65dfa9f\" data-element_type=\"widget\" data-e-type=\"widget\" data-widget_type=\"theme-post-title.default\">\n\t\t\t\t<div class=\"elementor-widget-container\">\n\t\t\t\t\t<h3 class=\"elementor-heading-title elementor-size-default\"><a href=\"https:\/\/permakultur-landwirtschaft.org\/fr\/pflanzenschutz-beginnt-im-untergrund-immer-gruen-fuer-die-kuehe-im-boden-beitrag-vom-25-februar-2026\/\">Pflanzenschutz beginnt im Untergrund: Immer gr\u00fcn f\u00fcr die \u00abK\u00fche im Boden\u00bb &#8211; Beitrag vom 25. Februar 2026<\/a><\/h3>\t\t\t\t<\/div>\n\t\t\t\t<\/div>\n\t\t\t\t<div class=\"elementor-element elementor-element-0ad4e09 elementor-absolute elementor-widget elementor-widget-text-editor\" data-id=\"0ad4e09\" data-element_type=\"widget\" data-e-type=\"widget\" data-settings=\"{&quot;_position&quot;:&quot;absolute&quot;}\" data-widget_type=\"text-editor.default\">\n\t\t\t\t<div class=\"elementor-widget-container\">\n\t\t\t\t\t\t\t\t\tNeuigkeit\t\t\t\t\t\t\t\t<\/div>\n\t\t\t\t<\/div>\n\t\t\t\t<\/div>\n\t\t\t\t\t<\/div>\n\t\t\t\t<\/div>\n\t\t\t\t<\/div>\n\t\t\t\t<div data-elementor-type=\"loop-item\" data-elementor-id=\"37613\" class=\"elementor elementor-37613 e-loop-item e-loop-item-38015 post-38015 post type-post status-publish format-standard has-post-thumbnail hentry category-neuigkeit tag-asthaufen tag-bauernzeitung tag-hermelin tag-mausjaeger tag-mauswiesel tag-steinhaufen tag-wiesel\" data-elementor-post-type=\"elementor_library\" data-custom-edit-handle=\"1\">\n\t\t\t<div class=\"elementor-element elementor-element-c79cfe5 e-flex e-con-boxed e-con e-parent\" data-id=\"c79cfe5\" data-element_type=\"container\" data-e-type=\"container\">\n\t\t\t\t\t<div class=\"e-con-inner\">\n\t\t<div class=\"elementor-element elementor-element-64a3d73 e-con-full e-flex e-con e-child\" data-id=\"64a3d73\" data-element_type=\"container\" data-e-type=\"container\">\n\t\t\t\t<div class=\"elementor-element elementor-element-2e3812c elementor-widget__width-inherit elementor-widget elementor-widget-image\" data-id=\"2e3812c\" data-element_type=\"widget\" data-e-type=\"widget\" data-widget_type=\"image.default\">\n\t\t\t\t<div class=\"elementor-widget-container\">\n\t\t\t\t\t\t\t\t\t\t\t\t\t\t\t\t<a href=\"https:\/\/permakultur-landwirtschaft.org\/fr\/25-mal-mehr-mausjaeger-ast-und-steinhaufen-fuer-hermeline-funktionieren-beitrag-vom-25-februar-2026\/\">\n\t\t\t\t\t\t\t<img loading=\"lazy\" decoding=\"async\" width=\"700\" height=\"437\" src=\"https:\/\/permakultur-landwirtschaft.org\/wp-content\/uploads\/2026\/02\/20260226_duerst_csm_Wiesel1_3782effd88.jpg\" class=\"attachment-full size-full wp-image-38016\" alt=\"Hermelin in Kamerafalle\" srcset=\"https:\/\/permakultur-landwirtschaft.org\/wp-content\/uploads\/2026\/02\/20260226_duerst_csm_Wiesel1_3782effd88.jpg 700w, https:\/\/permakultur-landwirtschaft.org\/wp-content\/uploads\/2026\/02\/20260226_duerst_csm_Wiesel1_3782effd88-300x187.jpg 300w, https:\/\/permakultur-landwirtschaft.org\/wp-content\/uploads\/2026\/02\/20260226_duerst_csm_Wiesel1_3782effd88-18x12.jpg 18w\" sizes=\"(max-width: 700px) 100vw, 700px\" \/>\t\t\t\t\t\t\t\t<\/a>\n\t\t\t\t\t\t\t\t\t\t\t\t\t\t\t<\/div>\n\t\t\t\t<\/div>\n\t\t\t\t<div class=\"elementor-element elementor-element-65dfa9f elementor-widget elementor-widget-theme-post-title elementor-page-title elementor-widget-heading\" data-id=\"65dfa9f\" data-element_type=\"widget\" data-e-type=\"widget\" data-widget_type=\"theme-post-title.default\">\n\t\t\t\t<div class=\"elementor-widget-container\">\n\t\t\t\t\t<h3 class=\"elementor-heading-title elementor-size-default\"><a href=\"https:\/\/permakultur-landwirtschaft.org\/fr\/25-mal-mehr-mausjaeger-ast-und-steinhaufen-fuer-hermeline-funktionieren-beitrag-vom-25-februar-2026\/\">2,5-mal mehr Mausj\u00e4ger: Ast- und Steinhaufen f\u00fcr Hermeline funktionieren &#8211; Beitrag vom 25. Februar 2026<\/a><\/h3>\t\t\t\t<\/div>\n\t\t\t\t<\/div>\n\t\t\t\t<div class=\"elementor-element elementor-element-0ad4e09 elementor-absolute elementor-widget elementor-widget-text-editor\" data-id=\"0ad4e09\" data-element_type=\"widget\" data-e-type=\"widget\" data-settings=\"{&quot;_position&quot;:&quot;absolute&quot;}\" data-widget_type=\"text-editor.default\">\n\t\t\t\t<div class=\"elementor-widget-container\">\n\t\t\t\t\t\t\t\t\tNeuigkeit\t\t\t\t\t\t\t\t<\/div>\n\t\t\t\t<\/div>\n\t\t\t\t<\/div>\n\t\t\t\t\t<\/div>\n\t\t\t\t<\/div>\n\t\t\t\t<\/div>\n\t\t\t\t<div data-elementor-type=\"loop-item\" data-elementor-id=\"37613\" class=\"elementor elementor-37613 e-loop-item e-loop-item-38041 post-38041 post type-post status-publish format-standard has-post-thumbnail hentry category-neuigkeit tag-adlerzart tag-agroforst tag-bioaktuell tag-futterhecken tag-interview tag-pirmin-adler tag-prix-climat\" data-elementor-post-type=\"elementor_library\" data-custom-edit-handle=\"1\">\n\t\t\t<div class=\"elementor-element elementor-element-c79cfe5 e-flex e-con-boxed e-con e-parent\" data-id=\"c79cfe5\" data-element_type=\"container\" data-e-type=\"container\">\n\t\t\t\t\t<div class=\"e-con-inner\">\n\t\t<div class=\"elementor-element elementor-element-64a3d73 e-con-full e-flex e-con e-child\" data-id=\"64a3d73\" data-element_type=\"container\" data-e-type=\"container\">\n\t\t\t\t<div class=\"elementor-element elementor-element-2e3812c elementor-widget__width-inherit elementor-widget elementor-widget-image\" data-id=\"2e3812c\" data-element_type=\"widget\" data-e-type=\"widget\" data-widget_type=\"image.default\">\n\t\t\t\t<div class=\"elementor-widget-container\">\n\t\t\t\t\t\t\t\t\t\t\t\t\t\t\t\t<a href=\"https:\/\/permakultur-landwirtschaft.org\/fr\/es-ist-eine-denkweise-die-ueber-meine-zeit-hinausgeht-interview-mit-pirmin-adler-von-24-februar-2026\/\">\n\t\t\t\t\t\t\t<img loading=\"lazy\" decoding=\"async\" width=\"700\" height=\"466\" src=\"https:\/\/permakultur-landwirtschaft.org\/wp-content\/uploads\/2026\/02\/20260228_bioaktuell_csm_pirmin-adler-1200_5c5bbd77a1.jpg\" class=\"attachment-full size-full wp-image-38042\" alt=\"Pirmin Adler vor H\u00fchnern\" srcset=\"https:\/\/permakultur-landwirtschaft.org\/wp-content\/uploads\/2026\/02\/20260228_bioaktuell_csm_pirmin-adler-1200_5c5bbd77a1.jpg 700w, https:\/\/permakultur-landwirtschaft.org\/wp-content\/uploads\/2026\/02\/20260228_bioaktuell_csm_pirmin-adler-1200_5c5bbd77a1-300x200.jpg 300w, https:\/\/permakultur-landwirtschaft.org\/wp-content\/uploads\/2026\/02\/20260228_bioaktuell_csm_pirmin-adler-1200_5c5bbd77a1-18x12.jpg 18w\" sizes=\"(max-width: 700px) 100vw, 700px\" \/>\t\t\t\t\t\t\t\t<\/a>\n\t\t\t\t\t\t\t\t\t\t\t\t\t\t\t<\/div>\n\t\t\t\t<\/div>\n\t\t\t\t<div class=\"elementor-element elementor-element-65dfa9f elementor-widget elementor-widget-theme-post-title elementor-page-title elementor-widget-heading\" data-id=\"65dfa9f\" data-element_type=\"widget\" data-e-type=\"widget\" data-widget_type=\"theme-post-title.default\">\n\t\t\t\t<div class=\"elementor-widget-container\">\n\t\t\t\t\t<h3 class=\"elementor-heading-title elementor-size-default\"><a href=\"https:\/\/permakultur-landwirtschaft.org\/fr\/es-ist-eine-denkweise-die-ueber-meine-zeit-hinausgeht-interview-mit-pirmin-adler-von-24-februar-2026\/\">Es ist eine Denkweise, die \u00fcber meine Zeit hinausgeht &#8211; Interview mit Pirmin Adler von 24. Februar 2026<\/a><\/h3>\t\t\t\t<\/div>\n\t\t\t\t<\/div>\n\t\t\t\t<div class=\"elementor-element elementor-element-0ad4e09 elementor-absolute elementor-widget elementor-widget-text-editor\" data-id=\"0ad4e09\" data-element_type=\"widget\" data-e-type=\"widget\" data-settings=\"{&quot;_position&quot;:&quot;absolute&quot;}\" data-widget_type=\"text-editor.default\">\n\t\t\t\t<div class=\"elementor-widget-container\">\n\t\t\t\t\t\t\t\t\tNeuigkeit\t\t\t\t\t\t\t\t<\/div>\n\t\t\t\t<\/div>\n\t\t\t\t<\/div>\n\t\t\t\t\t<\/div>\n\t\t\t\t<\/div>\n\t\t\t\t<\/div>\n\t\t\t\t<div data-elementor-type=\"loop-item\" data-elementor-id=\"37613\" class=\"elementor elementor-37613 e-loop-item e-loop-item-38766 post-38766 post type-post status-publish format-standard has-post-thumbnail hentry category-neuigkeit tag-ferme-de-lilan tag-printemps tag-terre-nature\" data-elementor-post-type=\"elementor_library\" data-custom-edit-handle=\"1\">\n\t\t\t<div class=\"elementor-element elementor-element-c79cfe5 e-flex e-con-boxed e-con e-parent\" data-id=\"c79cfe5\" data-element_type=\"container\" data-e-type=\"container\">\n\t\t\t\t\t<div class=\"e-con-inner\">\n\t\t<div class=\"elementor-element elementor-element-64a3d73 e-con-full e-flex e-con e-child\" data-id=\"64a3d73\" data-element_type=\"container\" data-e-type=\"container\">\n\t\t\t\t<div class=\"elementor-element elementor-element-2e3812c elementor-widget__width-inherit elementor-widget elementor-widget-image\" data-id=\"2e3812c\" data-element_type=\"widget\" data-e-type=\"widget\" data-widget_type=\"image.default\">\n\t\t\t\t<div class=\"elementor-widget-container\">\n\t\t\t\t\t\t\t\t\t\t\t\t\t\t\t\t<a href=\"https:\/\/permakultur-landwirtschaft.org\/fr\/a-la-ferme-de-lilan-tout-est-mis-en-oeuvre-pour-anticiper-le-boom-du-printemps\/\">\n\t\t\t\t\t\t\t<img loading=\"lazy\" decoding=\"async\" width=\"700\" height=\"466\" src=\"https:\/\/permakultur-landwirtschaft.org\/wp-content\/uploads\/2026\/03\/34_lilan_4651.jpg\" class=\"attachment-full size-full wp-image-38767\" alt=\"David Dorge et Julien Lerouxel\" srcset=\"https:\/\/permakultur-landwirtschaft.org\/wp-content\/uploads\/2026\/03\/34_lilan_4651.jpg 700w, https:\/\/permakultur-landwirtschaft.org\/wp-content\/uploads\/2026\/03\/34_lilan_4651-300x200.jpg 300w, https:\/\/permakultur-landwirtschaft.org\/wp-content\/uploads\/2026\/03\/34_lilan_4651-18x12.jpg 18w\" sizes=\"(max-width: 700px) 100vw, 700px\" \/>\t\t\t\t\t\t\t\t<\/a>\n\t\t\t\t\t\t\t\t\t\t\t\t\t\t\t<\/div>\n\t\t\t\t<\/div>\n\t\t\t\t<div class=\"elementor-element elementor-element-65dfa9f elementor-widget elementor-widget-theme-post-title elementor-page-title elementor-widget-heading\" data-id=\"65dfa9f\" data-element_type=\"widget\" data-e-type=\"widget\" data-widget_type=\"theme-post-title.default\">\n\t\t\t\t<div class=\"elementor-widget-container\">\n\t\t\t\t\t<h3 class=\"elementor-heading-title elementor-size-default\"><a href=\"https:\/\/permakultur-landwirtschaft.org\/fr\/a-la-ferme-de-lilan-tout-est-mis-en-oeuvre-pour-anticiper-le-boom-du-printemps\/\">\u00c0 la Ferme de Lilan, tout est mis en \u0153uvre pour anticiper le boom du printemps &#8211; article du 23 f\u00e9vrier 2026<\/a><\/h3>\t\t\t\t<\/div>\n\t\t\t\t<\/div>\n\t\t\t\t<div class=\"elementor-element elementor-element-0ad4e09 elementor-absolute elementor-widget elementor-widget-text-editor\" data-id=\"0ad4e09\" data-element_type=\"widget\" data-e-type=\"widget\" data-settings=\"{&quot;_position&quot;:&quot;absolute&quot;}\" data-widget_type=\"text-editor.default\">\n\t\t\t\t<div class=\"elementor-widget-container\">\n\t\t\t\t\t\t\t\t\tNeuigkeit\t\t\t\t\t\t\t\t<\/div>\n\t\t\t\t<\/div>\n\t\t\t\t<\/div>\n\t\t\t\t\t<\/div>\n\t\t\t\t<\/div>\n\t\t\t\t<\/div>\n\t\t\t\t<div data-elementor-type=\"loop-item\" data-elementor-id=\"37613\" class=\"elementor elementor-37613 e-loop-item e-loop-item-38665 post-38665 post type-post status-publish format-standard has-post-thumbnail hentry category-audio category-neuigkeit tag-agrarpolitik tag-bfh-hafl tag-hofuebernahme tag-podcast tag-quereinsteiger tag-sandra-contzen tag-vielfallt\" data-elementor-post-type=\"elementor_library\" data-custom-edit-handle=\"1\">\n\t\t\t<div class=\"elementor-element elementor-element-c79cfe5 e-flex e-con-boxed e-con e-parent\" data-id=\"c79cfe5\" data-element_type=\"container\" data-e-type=\"container\">\n\t\t\t\t\t<div class=\"e-con-inner\">\n\t\t<div class=\"elementor-element elementor-element-64a3d73 e-con-full e-flex e-con e-child\" data-id=\"64a3d73\" data-element_type=\"container\" data-e-type=\"container\">\n\t\t\t\t<div class=\"elementor-element elementor-element-2e3812c elementor-widget__width-inherit elementor-widget elementor-widget-image\" data-id=\"2e3812c\" data-element_type=\"widget\" data-e-type=\"widget\" data-widget_type=\"image.default\">\n\t\t\t\t<div class=\"elementor-widget-container\">\n\t\t\t\t\t\t\t\t\t\t\t\t\t\t\t\t<a href=\"https:\/\/permakultur-landwirtschaft.org\/fr\/vielfalt-beginnt-in-den-koepfen-podcast-mit-sandra-contzen\/\">\n\t\t\t\t\t\t\t<img loading=\"lazy\" decoding=\"async\" width=\"700\" height=\"467\" src=\"https:\/\/permakultur-landwirtschaft.org\/wp-content\/uploads\/2026\/03\/agrarpolitik_forschung_agrarsoziologin-sandra-contzen_hafl-bfh_zvg.jpg\" class=\"attachment-full size-full wp-image-38666\" alt=\"Sandra Contzen, BFH-HAFL\" srcset=\"https:\/\/permakultur-landwirtschaft.org\/wp-content\/uploads\/2026\/03\/agrarpolitik_forschung_agrarsoziologin-sandra-contzen_hafl-bfh_zvg.jpg 700w, https:\/\/permakultur-landwirtschaft.org\/wp-content\/uploads\/2026\/03\/agrarpolitik_forschung_agrarsoziologin-sandra-contzen_hafl-bfh_zvg-300x200.jpg 300w, https:\/\/permakultur-landwirtschaft.org\/wp-content\/uploads\/2026\/03\/agrarpolitik_forschung_agrarsoziologin-sandra-contzen_hafl-bfh_zvg-18x12.jpg 18w\" sizes=\"(max-width: 700px) 100vw, 700px\" \/>\t\t\t\t\t\t\t\t<\/a>\n\t\t\t\t\t\t\t\t\t\t\t\t\t\t\t<\/div>\n\t\t\t\t<\/div>\n\t\t\t\t<div class=\"elementor-element elementor-element-65dfa9f elementor-widget elementor-widget-theme-post-title elementor-page-title elementor-widget-heading\" data-id=\"65dfa9f\" data-element_type=\"widget\" data-e-type=\"widget\" data-widget_type=\"theme-post-title.default\">\n\t\t\t\t<div class=\"elementor-widget-container\">\n\t\t\t\t\t<h3 class=\"elementor-heading-title elementor-size-default\"><a href=\"https:\/\/permakultur-landwirtschaft.org\/fr\/vielfalt-beginnt-in-den-koepfen-podcast-mit-sandra-contzen\/\">Vielfalt beginnt in den K\u00f6pfen &#8211; Podcast mit Sandra Contzen<\/a><\/h3>\t\t\t\t<\/div>\n\t\t\t\t<\/div>\n\t\t\t\t<div class=\"elementor-element elementor-element-0ad4e09 elementor-absolute elementor-widget elementor-widget-text-editor\" data-id=\"0ad4e09\" data-element_type=\"widget\" data-e-type=\"widget\" data-settings=\"{&quot;_position&quot;:&quot;absolute&quot;}\" data-widget_type=\"text-editor.default\">\n\t\t\t\t<div class=\"elementor-widget-container\">\n\t\t\t\t\t\t\t\t\tAudio\t\t\t\t\t\t\t\t<\/div>\n\t\t\t\t<\/div>\n\t\t\t\t<\/div>\n\t\t\t\t\t<\/div>\n\t\t\t\t<\/div>\n\t\t\t\t<\/div>\n\t\t\t\t<div data-elementor-type=\"loop-item\" data-elementor-id=\"37613\" class=\"elementor elementor-37613 e-loop-item e-loop-item-38026 post-38026 post type-post status-publish format-standard has-post-thumbnail hentry category-filme category-neuigkeit tag-agroforesterie tag-volailles-plein-air-et-climat tag-webinaire\" data-elementor-post-type=\"elementor_library\" data-custom-edit-handle=\"1\">\n\t\t\t<div class=\"elementor-element elementor-element-c79cfe5 e-flex e-con-boxed e-con e-parent\" data-id=\"c79cfe5\" data-element_type=\"container\" data-e-type=\"container\">\n\t\t\t\t\t<div class=\"e-con-inner\">\n\t\t<div class=\"elementor-element elementor-element-64a3d73 e-con-full e-flex e-con e-child\" data-id=\"64a3d73\" data-element_type=\"container\" data-e-type=\"container\">\n\t\t\t\t<div class=\"elementor-element elementor-element-2e3812c elementor-widget__width-inherit elementor-widget elementor-widget-image\" data-id=\"2e3812c\" data-element_type=\"widget\" data-e-type=\"widget\" data-widget_type=\"image.default\">\n\t\t\t\t<div class=\"elementor-widget-container\">\n\t\t\t\t\t\t\t\t\t\t\t\t\t\t\t\t<a href=\"https:\/\/permakultur-landwirtschaft.org\/fr\/volailles-plein-air-et-climat-larbre-au-service-de-la-performance-webinaire-du-13-fevrier-2026\/\">\n\t\t\t\t\t\t\t<img loading=\"lazy\" decoding=\"async\" width=\"701\" height=\"354\" src=\"https:\/\/permakultur-landwirtschaft.org\/wp-content\/uploads\/2026\/02\/webinar-agroforestery-26-02-2026_20-49-27.jpg\" class=\"attachment-full size-full wp-image-38027\" alt=\"Webinar agroforestery\" srcset=\"https:\/\/permakultur-landwirtschaft.org\/wp-content\/uploads\/2026\/02\/webinar-agroforestery-26-02-2026_20-49-27.jpg 701w, https:\/\/permakultur-landwirtschaft.org\/wp-content\/uploads\/2026\/02\/webinar-agroforestery-26-02-2026_20-49-27-300x151.jpg 300w, https:\/\/permakultur-landwirtschaft.org\/wp-content\/uploads\/2026\/02\/webinar-agroforestery-26-02-2026_20-49-27-18x9.jpg 18w\" sizes=\"(max-width: 701px) 100vw, 701px\" \/>\t\t\t\t\t\t\t\t<\/a>\n\t\t\t\t\t\t\t\t\t\t\t\t\t\t\t<\/div>\n\t\t\t\t<\/div>\n\t\t\t\t<div class=\"elementor-element elementor-element-65dfa9f elementor-widget elementor-widget-theme-post-title elementor-page-title elementor-widget-heading\" data-id=\"65dfa9f\" data-element_type=\"widget\" data-e-type=\"widget\" data-widget_type=\"theme-post-title.default\">\n\t\t\t\t<div class=\"elementor-widget-container\">\n\t\t\t\t\t<h3 class=\"elementor-heading-title elementor-size-default\"><a href=\"https:\/\/permakultur-landwirtschaft.org\/fr\/volailles-plein-air-et-climat-larbre-au-service-de-la-performance-webinaire-du-13-fevrier-2026\/\">Volailles plein air et climat : l&#8217;arbre au service de la performance &#8211; Webinaire du 13 f\u00e9vrier 2026<\/a><\/h3>\t\t\t\t<\/div>\n\t\t\t\t<\/div>\n\t\t\t\t<div class=\"elementor-element elementor-element-0ad4e09 elementor-absolute elementor-widget elementor-widget-text-editor\" data-id=\"0ad4e09\" data-element_type=\"widget\" data-e-type=\"widget\" data-settings=\"{&quot;_position&quot;:&quot;absolute&quot;}\" data-widget_type=\"text-editor.default\">\n\t\t\t\t<div class=\"elementor-widget-container\">\n\t\t\t\t\t\t\t\t\tFilm\t\t\t\t\t\t\t\t<\/div>\n\t\t\t\t<\/div>\n\t\t\t\t<\/div>\n\t\t\t\t\t<\/div>\n\t\t\t\t<\/div>\n\t\t\t\t<\/div>\n\t\t\t\t<div data-elementor-type=\"loop-item\" data-elementor-id=\"37613\" class=\"elementor elementor-37613 e-loop-item e-loop-item-38005 post-38005 post type-post status-publish format-standard has-post-thumbnail hentry category-filme tag-boden tag-buch tag-gesundheit tag-mikroorganismen tag-regenerate-forum tag-stefan-schwarzer tag-tettnang\" data-elementor-post-type=\"elementor_library\" data-custom-edit-handle=\"1\">\n\t\t\t<div class=\"elementor-element elementor-element-c79cfe5 e-flex e-con-boxed e-con e-parent\" data-id=\"c79cfe5\" data-element_type=\"container\" data-e-type=\"container\">\n\t\t\t\t\t<div class=\"e-con-inner\">\n\t\t<div class=\"elementor-element elementor-element-64a3d73 e-con-full e-flex e-con e-child\" data-id=\"64a3d73\" data-element_type=\"container\" data-e-type=\"container\">\n\t\t\t\t<div class=\"elementor-element elementor-element-2e3812c elementor-widget__width-inherit elementor-widget elementor-widget-image\" data-id=\"2e3812c\" data-element_type=\"widget\" data-e-type=\"widget\" data-widget_type=\"image.default\">\n\t\t\t\t<div class=\"elementor-widget-container\">\n\t\t\t\t\t\t\t\t\t\t\t\t\t\t\t\t<a href=\"https:\/\/permakultur-landwirtschaft.org\/fr\/gesundheit-beginnt-beim-boden-ein-vortrag-von-stefan-schwarzer-vom-12-februar-2026\/\">\n\t\t\t\t\t\t\t<img loading=\"lazy\" decoding=\"async\" width=\"699\" height=\"361\" src=\"https:\/\/permakultur-landwirtschaft.org\/wp-content\/uploads\/2026\/02\/gesundheit_boden_schwarzer_19-02-2026_14-26-44.jpg\" class=\"attachment-full size-full wp-image-38006\" alt=\"Gesundheit beginnt im Boden\" srcset=\"https:\/\/permakultur-landwirtschaft.org\/wp-content\/uploads\/2026\/02\/gesundheit_boden_schwarzer_19-02-2026_14-26-44.jpg 699w, https:\/\/permakultur-landwirtschaft.org\/wp-content\/uploads\/2026\/02\/gesundheit_boden_schwarzer_19-02-2026_14-26-44-300x155.jpg 300w, https:\/\/permakultur-landwirtschaft.org\/wp-content\/uploads\/2026\/02\/gesundheit_boden_schwarzer_19-02-2026_14-26-44-18x9.jpg 18w\" sizes=\"(max-width: 699px) 100vw, 699px\" \/>\t\t\t\t\t\t\t\t<\/a>\n\t\t\t\t\t\t\t\t\t\t\t\t\t\t\t<\/div>\n\t\t\t\t<\/div>\n\t\t\t\t<div class=\"elementor-element elementor-element-65dfa9f elementor-widget elementor-widget-theme-post-title elementor-page-title elementor-widget-heading\" data-id=\"65dfa9f\" data-element_type=\"widget\" data-e-type=\"widget\" data-widget_type=\"theme-post-title.default\">\n\t\t\t\t<div class=\"elementor-widget-container\">\n\t\t\t\t\t<h3 class=\"elementor-heading-title elementor-size-default\"><a href=\"https:\/\/permakultur-landwirtschaft.org\/fr\/gesundheit-beginnt-beim-boden-ein-vortrag-von-stefan-schwarzer-vom-12-februar-2026\/\">Gesundheit beginnt beim Boden &#8211; ein Vortrag von Stefan Schwarzer vom 12. Februar 2026<\/a><\/h3>\t\t\t\t<\/div>\n\t\t\t\t<\/div>\n\t\t\t\t<div class=\"elementor-element elementor-element-0ad4e09 elementor-absolute elementor-widget elementor-widget-text-editor\" data-id=\"0ad4e09\" data-element_type=\"widget\" data-e-type=\"widget\" data-settings=\"{&quot;_position&quot;:&quot;absolute&quot;}\" data-widget_type=\"text-editor.default\">\n\t\t\t\t<div class=\"elementor-widget-container\">\n\t\t\t\t\t\t\t\t\tFilm\t\t\t\t\t\t\t\t<\/div>\n\t\t\t\t<\/div>\n\t\t\t\t<\/div>\n\t\t\t\t\t<\/div>\n\t\t\t\t<\/div>\n\t\t\t\t<\/div>\n\t\t\t\t<div data-elementor-type=\"loop-item\" data-elementor-id=\"37613\" class=\"elementor elementor-37613 e-loop-item e-loop-item-37845 post-37845 post type-post status-publish format-standard has-post-thumbnail hentry category-neuigkeit tag-bodengesundheit tag-food-revolution tag-juerg-vollmer tag-regenerative-landwirtschaft\" data-elementor-post-type=\"elementor_library\" data-custom-edit-handle=\"1\">\n\t\t\t<div class=\"elementor-element elementor-element-c79cfe5 e-flex e-con-boxed e-con e-parent\" data-id=\"c79cfe5\" data-element_type=\"container\" data-e-type=\"container\">\n\t\t\t\t\t<div class=\"e-con-inner\">\n\t\t<div class=\"elementor-element elementor-element-64a3d73 e-con-full e-flex e-con e-child\" data-id=\"64a3d73\" data-element_type=\"container\" data-e-type=\"container\">\n\t\t\t\t<div class=\"elementor-element elementor-element-2e3812c elementor-widget__width-inherit elementor-widget elementor-widget-image\" data-id=\"2e3812c\" data-element_type=\"widget\" data-e-type=\"widget\" data-widget_type=\"image.default\">\n\t\t\t\t<div class=\"elementor-widget-container\">\n\t\t\t\t\t\t\t\t\t\t\t\t\t\t\t\t<a href=\"https:\/\/permakultur-landwirtschaft.org\/fr\/bodengesundheit-verstehen-regenerative-landwirtschaft-in-8-reportagen-beitrag-vom-06-februar-2026\/\">\n\t\t\t\t\t\t\t<img loading=\"lazy\" decoding=\"async\" width=\"700\" height=\"466\" src=\"https:\/\/permakultur-landwirtschaft.org\/wp-content\/uploads\/2026\/02\/regenerativ_vollmer_87ad02a6-2bdf-4e8a-ac3e-9a745025519e_4032x2688.jpg\" class=\"attachment-full size-full wp-image-37846\" alt=\"Hand mit durchwurzelter Erde\" srcset=\"https:\/\/permakultur-landwirtschaft.org\/wp-content\/uploads\/2026\/02\/regenerativ_vollmer_87ad02a6-2bdf-4e8a-ac3e-9a745025519e_4032x2688.jpg 700w, https:\/\/permakultur-landwirtschaft.org\/wp-content\/uploads\/2026\/02\/regenerativ_vollmer_87ad02a6-2bdf-4e8a-ac3e-9a745025519e_4032x2688-300x200.jpg 300w, https:\/\/permakultur-landwirtschaft.org\/wp-content\/uploads\/2026\/02\/regenerativ_vollmer_87ad02a6-2bdf-4e8a-ac3e-9a745025519e_4032x2688-18x12.jpg 18w\" sizes=\"(max-width: 700px) 100vw, 700px\" \/>\t\t\t\t\t\t\t\t<\/a>\n\t\t\t\t\t\t\t\t\t\t\t\t\t\t\t<\/div>\n\t\t\t\t<\/div>\n\t\t\t\t<div class=\"elementor-element elementor-element-65dfa9f elementor-widget elementor-widget-theme-post-title elementor-page-title elementor-widget-heading\" data-id=\"65dfa9f\" data-element_type=\"widget\" data-e-type=\"widget\" data-widget_type=\"theme-post-title.default\">\n\t\t\t\t<div class=\"elementor-widget-container\">\n\t\t\t\t\t<h3 class=\"elementor-heading-title elementor-size-default\"><a href=\"https:\/\/permakultur-landwirtschaft.org\/fr\/bodengesundheit-verstehen-regenerative-landwirtschaft-in-8-reportagen-beitrag-vom-06-februar-2026\/\">Bodengesundheit verstehen: Regenerative Landwirtschaft in 8 Reportagen &#8211; Beitrag vom 06. Februar 2026<\/a><\/h3>\t\t\t\t<\/div>\n\t\t\t\t<\/div>\n\t\t\t\t<div class=\"elementor-element elementor-element-0ad4e09 elementor-absolute elementor-widget elementor-widget-text-editor\" data-id=\"0ad4e09\" data-element_type=\"widget\" data-e-type=\"widget\" data-settings=\"{&quot;_position&quot;:&quot;absolute&quot;}\" data-widget_type=\"text-editor.default\">\n\t\t\t\t<div class=\"elementor-widget-container\">\n\t\t\t\t\t\t\t\t\tNeuigkeit\t\t\t\t\t\t\t\t<\/div>\n\t\t\t\t<\/div>\n\t\t\t\t<\/div>\n\t\t\t\t\t<\/div>\n\t\t\t\t<\/div>\n\t\t\t\t<\/div>\n\t\t\t\t<div data-elementor-type=\"loop-item\" data-elementor-id=\"37613\" class=\"elementor elementor-37613 e-loop-item e-loop-item-37825 post-37825 post type-post status-publish format-standard has-post-thumbnail hentry category-neuigkeit\" data-elementor-post-type=\"elementor_library\" data-custom-edit-handle=\"1\">\n\t\t\t<div class=\"elementor-element elementor-element-c79cfe5 e-flex e-con-boxed e-con e-parent\" data-id=\"c79cfe5\" data-element_type=\"container\" data-e-type=\"container\">\n\t\t\t\t\t<div class=\"e-con-inner\">\n\t\t<div class=\"elementor-element elementor-element-64a3d73 e-con-full e-flex e-con e-child\" data-id=\"64a3d73\" data-element_type=\"container\" data-e-type=\"container\">\n\t\t\t\t<div class=\"elementor-element elementor-element-2e3812c elementor-widget__width-inherit elementor-widget elementor-widget-image\" data-id=\"2e3812c\" data-element_type=\"widget\" data-e-type=\"widget\" data-widget_type=\"image.default\">\n\t\t\t\t<div class=\"elementor-widget-container\">\n\t\t\t\t\t\t\t\t\t\t\t\t\t\t\t\t<a href=\"https:\/\/permakultur-landwirtschaft.org\/fr\/microfermes-unter-der-lupe-beitrag-vom-06-februar-2026\/\">\n\t\t\t\t\t\t\t<img loading=\"lazy\" decoding=\"async\" width=\"800\" height=\"533\" src=\"https:\/\/permakultur-landwirtschaft.org\/wp-content\/uploads\/2026\/02\/20260210_boiaktuell_csm_fibl-Microfermes-1200_9a7e05a9c1.jpg\" class=\"attachment-full size-full wp-image-37826\" alt=\"Kleinr\u00e4umiger Gem\u00fcseanbau und Folientunnels\" srcset=\"https:\/\/permakultur-landwirtschaft.org\/wp-content\/uploads\/2026\/02\/20260210_boiaktuell_csm_fibl-Microfermes-1200_9a7e05a9c1.jpg 800w, https:\/\/permakultur-landwirtschaft.org\/wp-content\/uploads\/2026\/02\/20260210_boiaktuell_csm_fibl-Microfermes-1200_9a7e05a9c1-300x200.jpg 300w, https:\/\/permakultur-landwirtschaft.org\/wp-content\/uploads\/2026\/02\/20260210_boiaktuell_csm_fibl-Microfermes-1200_9a7e05a9c1-768x512.jpg 768w, https:\/\/permakultur-landwirtschaft.org\/wp-content\/uploads\/2026\/02\/20260210_boiaktuell_csm_fibl-Microfermes-1200_9a7e05a9c1-18x12.jpg 18w\" sizes=\"(max-width: 800px) 100vw, 800px\" \/>\t\t\t\t\t\t\t\t<\/a>\n\t\t\t\t\t\t\t\t\t\t\t\t\t\t\t<\/div>\n\t\t\t\t<\/div>\n\t\t\t\t<div class=\"elementor-element elementor-element-65dfa9f elementor-widget elementor-widget-theme-post-title elementor-page-title elementor-widget-heading\" data-id=\"65dfa9f\" data-element_type=\"widget\" data-e-type=\"widget\" data-widget_type=\"theme-post-title.default\">\n\t\t\t\t<div class=\"elementor-widget-container\">\n\t\t\t\t\t<h3 class=\"elementor-heading-title elementor-size-default\"><a href=\"https:\/\/permakultur-landwirtschaft.org\/fr\/microfermes-unter-der-lupe-beitrag-vom-06-februar-2026\/\">Microfermes unter der Lupe &#8211; Beitrag vom 06. Februar 2026<\/a><\/h3>\t\t\t\t<\/div>\n\t\t\t\t<\/div>\n\t\t\t\t<div class=\"elementor-element elementor-element-0ad4e09 elementor-absolute elementor-widget elementor-widget-text-editor\" data-id=\"0ad4e09\" data-element_type=\"widget\" data-e-type=\"widget\" data-settings=\"{&quot;_position&quot;:&quot;absolute&quot;}\" data-widget_type=\"text-editor.default\">\n\t\t\t\t<div class=\"elementor-widget-container\">\n\t\t\t\t\t\t\t\t\tNeuigkeit\t\t\t\t\t\t\t\t<\/div>\n\t\t\t\t<\/div>\n\t\t\t\t<\/div>\n\t\t\t\t\t<\/div>\n\t\t\t\t<\/div>\n\t\t\t\t<\/div>\n\t\t\t\t<div data-elementor-type=\"loop-item\" data-elementor-id=\"37613\" class=\"elementor elementor-37613 e-loop-item e-loop-item-38847 post-38847 post type-post status-publish format-standard has-post-thumbnail hentry category-neuigkeit tag-agroforst tag-biodiversitaet tag-biotopverbund tag-multifunktional tag-werkzeug\" data-elementor-post-type=\"elementor_library\" data-custom-edit-handle=\"1\">\n\t\t\t<div class=\"elementor-element elementor-element-c79cfe5 e-flex e-con-boxed e-con e-parent\" data-id=\"c79cfe5\" data-element_type=\"container\" data-e-type=\"container\">\n\t\t\t\t\t<div class=\"e-con-inner\">\n\t\t<div class=\"elementor-element elementor-element-64a3d73 e-con-full e-flex e-con e-child\" data-id=\"64a3d73\" data-element_type=\"container\" data-e-type=\"container\">\n\t\t\t\t<div class=\"elementor-element elementor-element-2e3812c elementor-widget__width-inherit elementor-widget elementor-widget-image\" data-id=\"2e3812c\" data-element_type=\"widget\" data-e-type=\"widget\" data-widget_type=\"image.default\">\n\t\t\t\t<div class=\"elementor-widget-container\">\n\t\t\t\t\t\t\t\t\t\t\t\t\t\t\t\t<a href=\"https:\/\/permakultur-landwirtschaft.org\/fr\/agroforstwirtschaft-als-werkzeug-fuer-biotopverbund-und-erhalt-der-biodiversitaet-in-der-kulturlandschaft\/\">\n\t\t\t\t\t\t\t<img loading=\"lazy\" decoding=\"async\" width=\"700\" height=\"413\" src=\"https:\/\/permakultur-landwirtschaft.org\/wp-content\/uploads\/2026\/03\/2026-02-01_AFS-Biodiv_Boehmer-et-al-1.jpeg\" class=\"attachment-full size-full wp-image-38848\" alt=\"Gesellschaftliche Leistungen von Agroforstsystemen AFS\" srcset=\"https:\/\/permakultur-landwirtschaft.org\/wp-content\/uploads\/2026\/03\/2026-02-01_AFS-Biodiv_Boehmer-et-al-1.jpeg 700w, https:\/\/permakultur-landwirtschaft.org\/wp-content\/uploads\/2026\/03\/2026-02-01_AFS-Biodiv_Boehmer-et-al-1-300x177.jpeg 300w, https:\/\/permakultur-landwirtschaft.org\/wp-content\/uploads\/2026\/03\/2026-02-01_AFS-Biodiv_Boehmer-et-al-1-18x12.jpeg 18w\" sizes=\"(max-width: 700px) 100vw, 700px\" \/>\t\t\t\t\t\t\t\t<\/a>\n\t\t\t\t\t\t\t\t\t\t\t\t\t\t\t<\/div>\n\t\t\t\t<\/div>\n\t\t\t\t<div class=\"elementor-element elementor-element-65dfa9f elementor-widget elementor-widget-theme-post-title elementor-page-title elementor-widget-heading\" data-id=\"65dfa9f\" data-element_type=\"widget\" data-e-type=\"widget\" data-widget_type=\"theme-post-title.default\">\n\t\t\t\t<div class=\"elementor-widget-container\">\n\t\t\t\t\t<h3 class=\"elementor-heading-title elementor-size-default\"><a href=\"https:\/\/permakultur-landwirtschaft.org\/fr\/agroforstwirtschaft-als-werkzeug-fuer-biotopverbund-und-erhalt-der-biodiversitaet-in-der-kulturlandschaft\/\">Agroforstwirtschaft als Werkzeug f\u00fcr Biotopverbund und Erhalt der Biodiversit\u00e4t in der Kulturlandschaft<\/a><\/h3>\t\t\t\t<\/div>\n\t\t\t\t<\/div>\n\t\t\t\t<div class=\"elementor-element elementor-element-0ad4e09 elementor-absolute elementor-widget elementor-widget-text-editor\" data-id=\"0ad4e09\" data-element_type=\"widget\" data-e-type=\"widget\" data-settings=\"{&quot;_position&quot;:&quot;absolute&quot;}\" data-widget_type=\"text-editor.default\">\n\t\t\t\t<div class=\"elementor-widget-container\">\n\t\t\t\t\t\t\t\t\tNeuigkeit\t\t\t\t\t\t\t\t<\/div>\n\t\t\t\t<\/div>\n\t\t\t\t<\/div>\n\t\t\t\t\t<\/div>\n\t\t\t\t<\/div>\n\t\t\t\t<\/div>\n\t\t\t\t<div data-elementor-type=\"loop-item\" data-elementor-id=\"37613\" class=\"elementor elementor-37613 e-loop-item e-loop-item-38832 post-38832 post type-post status-publish format-standard has-post-thumbnail hentry category-neuigkeit tag-agroforst tag-defaf tag-gewaesserschutz tag-klimaresilienten-landnutzung tag-sebas tag-wasser-und-abfall\" data-elementor-post-type=\"elementor_library\" data-custom-edit-handle=\"1\">\n\t\t\t<div class=\"elementor-element elementor-element-c79cfe5 e-flex e-con-boxed e-con e-parent\" data-id=\"c79cfe5\" data-element_type=\"container\" data-e-type=\"container\">\n\t\t\t\t\t<div class=\"e-con-inner\">\n\t\t<div class=\"elementor-element elementor-element-64a3d73 e-con-full e-flex e-con e-child\" data-id=\"64a3d73\" data-element_type=\"container\" data-e-type=\"container\">\n\t\t\t\t<div class=\"elementor-element elementor-element-2e3812c elementor-widget__width-inherit elementor-widget elementor-widget-image\" data-id=\"2e3812c\" data-element_type=\"widget\" data-e-type=\"widget\" data-widget_type=\"image.default\">\n\t\t\t\t<div class=\"elementor-widget-container\">\n\t\t\t\t\t\t\t\t\t\t\t\t\t\t\t\t<a href=\"https:\/\/permakultur-landwirtschaft.org\/fr\/mit-agroforst-auf-dem-weg-zu-einer-klimaresilienten-landnutzung\/\">\n\t\t\t\t\t\t\t<img loading=\"lazy\" decoding=\"async\" width=\"700\" height=\"398\" src=\"https:\/\/permakultur-landwirtschaft.org\/wp-content\/uploads\/2026\/03\/260201_WasserundAbfall-Fachartikel-Anke-Hahn_Leon-Bessert-2.jpeg\" class=\"attachment-full size-full wp-image-38833\" alt=\"Agroforstsystem in Sachsen-Anhalt\" srcset=\"https:\/\/permakultur-landwirtschaft.org\/wp-content\/uploads\/2026\/03\/260201_WasserundAbfall-Fachartikel-Anke-Hahn_Leon-Bessert-2.jpeg 700w, https:\/\/permakultur-landwirtschaft.org\/wp-content\/uploads\/2026\/03\/260201_WasserundAbfall-Fachartikel-Anke-Hahn_Leon-Bessert-2-300x171.jpeg 300w, https:\/\/permakultur-landwirtschaft.org\/wp-content\/uploads\/2026\/03\/260201_WasserundAbfall-Fachartikel-Anke-Hahn_Leon-Bessert-2-18x10.jpeg 18w\" sizes=\"(max-width: 700px) 100vw, 700px\" \/>\t\t\t\t\t\t\t\t<\/a>\n\t\t\t\t\t\t\t\t\t\t\t\t\t\t\t<\/div>\n\t\t\t\t<\/div>\n\t\t\t\t<div class=\"elementor-element elementor-element-65dfa9f elementor-widget elementor-widget-theme-post-title elementor-page-title elementor-widget-heading\" data-id=\"65dfa9f\" data-element_type=\"widget\" data-e-type=\"widget\" data-widget_type=\"theme-post-title.default\">\n\t\t\t\t<div class=\"elementor-widget-container\">\n\t\t\t\t\t<h3 class=\"elementor-heading-title elementor-size-default\"><a href=\"https:\/\/permakultur-landwirtschaft.org\/fr\/mit-agroforst-auf-dem-weg-zu-einer-klimaresilienten-landnutzung\/\">Mit Agroforst auf dem Weg zu einer klimaresilienten Landnutzung<\/a><\/h3>\t\t\t\t<\/div>\n\t\t\t\t<\/div>\n\t\t\t\t<div class=\"elementor-element elementor-element-0ad4e09 elementor-absolute elementor-widget elementor-widget-text-editor\" data-id=\"0ad4e09\" data-element_type=\"widget\" data-e-type=\"widget\" data-settings=\"{&quot;_position&quot;:&quot;absolute&quot;}\" data-widget_type=\"text-editor.default\">\n\t\t\t\t<div class=\"elementor-widget-container\">\n\t\t\t\t\t\t\t\t\tNeuigkeit\t\t\t\t\t\t\t\t<\/div>\n\t\t\t\t<\/div>\n\t\t\t\t<\/div>\n\t\t\t\t\t<\/div>\n\t\t\t\t<\/div>\n\t\t\t\t<\/div>\n\t\t\t\t<div data-elementor-type=\"loop-item\" data-elementor-id=\"37613\" class=\"elementor elementor-37613 e-loop-item e-loop-item-37726 post-37726 post type-post status-publish format-standard has-post-thumbnail hentry category-neuigkeit tag-1088 tag-rueckblick tag-tage-der-agraroekologie\" data-elementor-post-type=\"elementor_library\" data-custom-edit-handle=\"1\">\n\t\t\t<div class=\"elementor-element elementor-element-c79cfe5 e-flex e-con-boxed e-con e-parent\" data-id=\"c79cfe5\" data-element_type=\"container\" data-e-type=\"container\">\n\t\t\t\t\t<div class=\"e-con-inner\">\n\t\t<div class=\"elementor-element elementor-element-64a3d73 e-con-full e-flex e-con e-child\" data-id=\"64a3d73\" data-element_type=\"container\" data-e-type=\"container\">\n\t\t\t\t<div class=\"elementor-element elementor-element-2e3812c elementor-widget__width-inherit elementor-widget elementor-widget-image\" data-id=\"2e3812c\" data-element_type=\"widget\" data-e-type=\"widget\" data-widget_type=\"image.default\">\n\t\t\t\t<div class=\"elementor-widget-container\">\n\t\t\t\t\t\t\t\t\t\t\t\t\t\t\t\t<a href=\"https:\/\/permakultur-landwirtschaft.org\/fr\/tage-der-agraroekologie-rueckblick-2025\/\">\n\t\t\t\t\t\t\t<img loading=\"lazy\" decoding=\"async\" width=\"699\" height=\"362\" src=\"https:\/\/permakultur-landwirtschaft.org\/wp-content\/uploads\/2026\/01\/agroecology_2025_26-01-2026_13-46-09.jpg\" class=\"attachment-full size-full wp-image-37727\" alt=\"Mischkultur mit B\u00e4umen und Personen\" srcset=\"https:\/\/permakultur-landwirtschaft.org\/wp-content\/uploads\/2026\/01\/agroecology_2025_26-01-2026_13-46-09.jpg 699w, https:\/\/permakultur-landwirtschaft.org\/wp-content\/uploads\/2026\/01\/agroecology_2025_26-01-2026_13-46-09-300x155.jpg 300w, https:\/\/permakultur-landwirtschaft.org\/wp-content\/uploads\/2026\/01\/agroecology_2025_26-01-2026_13-46-09-18x9.jpg 18w\" sizes=\"(max-width: 699px) 100vw, 699px\" \/>\t\t\t\t\t\t\t\t<\/a>\n\t\t\t\t\t\t\t\t\t\t\t\t\t\t\t<\/div>\n\t\t\t\t<\/div>\n\t\t\t\t<div class=\"elementor-element elementor-element-65dfa9f elementor-widget elementor-widget-theme-post-title elementor-page-title elementor-widget-heading\" data-id=\"65dfa9f\" data-element_type=\"widget\" data-e-type=\"widget\" data-widget_type=\"theme-post-title.default\">\n\t\t\t\t<div class=\"elementor-widget-container\">\n\t\t\t\t\t<h3 class=\"elementor-heading-title elementor-size-default\"><a href=\"https:\/\/permakultur-landwirtschaft.org\/fr\/tage-der-agraroekologie-rueckblick-2025\/\">\u00abTage der Agrar\u00f6kologie\u00bb R\u00fcckblick 2025<\/a><\/h3>\t\t\t\t<\/div>\n\t\t\t\t<\/div>\n\t\t\t\t<div class=\"elementor-element elementor-element-0ad4e09 elementor-absolute elementor-widget elementor-widget-text-editor\" data-id=\"0ad4e09\" data-element_type=\"widget\" data-e-type=\"widget\" data-settings=\"{&quot;_position&quot;:&quot;absolute&quot;}\" data-widget_type=\"text-editor.default\">\n\t\t\t\t<div class=\"elementor-widget-container\">\n\t\t\t\t\t\t\t\t\tNeuigkeit\t\t\t\t\t\t\t\t<\/div>\n\t\t\t\t<\/div>\n\t\t\t\t<\/div>\n\t\t\t\t\t<\/div>\n\t\t\t\t<\/div>\n\t\t\t\t<\/div>\n\t\t\t\t<div data-elementor-type=\"loop-item\" data-elementor-id=\"37613\" class=\"elementor elementor-37613 e-loop-item e-loop-item-37881 post-37881 post type-post status-publish format-standard has-post-thumbnail hentry category-neuigkeit tag-cit-u tag-permacultue tag-philippines tag-summit\" data-elementor-post-type=\"elementor_library\" data-custom-edit-handle=\"1\">\n\t\t\t<div class=\"elementor-element elementor-element-c79cfe5 e-flex e-con-boxed e-con e-parent\" data-id=\"c79cfe5\" data-element_type=\"container\" data-e-type=\"container\">\n\t\t\t\t\t<div class=\"e-con-inner\">\n\t\t<div class=\"elementor-element elementor-element-64a3d73 e-con-full e-flex e-con e-child\" data-id=\"64a3d73\" data-element_type=\"container\" data-e-type=\"container\">\n\t\t\t\t<div class=\"elementor-element elementor-element-2e3812c elementor-widget__width-inherit elementor-widget elementor-widget-image\" data-id=\"2e3812c\" data-element_type=\"widget\" data-e-type=\"widget\" data-widget_type=\"image.default\">\n\t\t\t\t<div class=\"elementor-widget-container\">\n\t\t\t\t\t\t\t\t\t\t\t\t\t\t\t\t<a href=\"https:\/\/permakultur-landwirtschaft.org\/fr\/permaculture-summit-highlights-food-security-waste-management-artikel-vom-26-januar-2026\/\">\n\t\t\t\t\t\t\t<img loading=\"lazy\" decoding=\"async\" width=\"700\" height=\"466\" src=\"https:\/\/permakultur-landwirtschaft.org\/wp-content\/uploads\/2026\/02\/202601_Permaculture-Summit-2026-45-1024x683-1.jpg\" class=\"attachment-full size-full wp-image-37882\" alt=\"5 Personen diskutieren auf einem Podium\" srcset=\"https:\/\/permakultur-landwirtschaft.org\/wp-content\/uploads\/2026\/02\/202601_Permaculture-Summit-2026-45-1024x683-1.jpg 700w, https:\/\/permakultur-landwirtschaft.org\/wp-content\/uploads\/2026\/02\/202601_Permaculture-Summit-2026-45-1024x683-1-300x200.jpg 300w, https:\/\/permakultur-landwirtschaft.org\/wp-content\/uploads\/2026\/02\/202601_Permaculture-Summit-2026-45-1024x683-1-18x12.jpg 18w\" sizes=\"(max-width: 700px) 100vw, 700px\" \/>\t\t\t\t\t\t\t\t<\/a>\n\t\t\t\t\t\t\t\t\t\t\t\t\t\t\t<\/div>\n\t\t\t\t<\/div>\n\t\t\t\t<div class=\"elementor-element elementor-element-65dfa9f elementor-widget elementor-widget-theme-post-title elementor-page-title elementor-widget-heading\" data-id=\"65dfa9f\" data-element_type=\"widget\" data-e-type=\"widget\" data-widget_type=\"theme-post-title.default\">\n\t\t\t\t<div class=\"elementor-widget-container\">\n\t\t\t\t\t<h3 class=\"elementor-heading-title elementor-size-default\"><a href=\"https:\/\/permakultur-landwirtschaft.org\/fr\/permaculture-summit-highlights-food-security-waste-management-artikel-vom-26-januar-2026\/\">Permaculture summit highlights food security, waste management &#8211; Artikel vom 26. Januar 2026<\/a><\/h3>\t\t\t\t<\/div>\n\t\t\t\t<\/div>\n\t\t\t\t<div class=\"elementor-element elementor-element-0ad4e09 elementor-absolute elementor-widget elementor-widget-text-editor\" data-id=\"0ad4e09\" data-element_type=\"widget\" data-e-type=\"widget\" data-settings=\"{&quot;_position&quot;:&quot;absolute&quot;}\" data-widget_type=\"text-editor.default\">\n\t\t\t\t<div class=\"elementor-widget-container\">\n\t\t\t\t\t\t\t\t\tNeuigkeit\t\t\t\t\t\t\t\t<\/div>\n\t\t\t\t<\/div>\n\t\t\t\t<\/div>\n\t\t\t\t\t<\/div>\n\t\t\t\t<\/div>\n\t\t\t\t<\/div>\n\t\t\t\t<div data-elementor-type=\"loop-item\" data-elementor-id=\"37613\" class=\"elementor elementor-37613 e-loop-item e-loop-item-37751 post-37751 post type-post status-publish format-standard has-post-thumbnail hentry category-neuigkeit tag-10-jahre tag-meilensteine tag-melanie-alder tag-tierwelt tag-verein-permakultur-landwirtschaft\" data-elementor-post-type=\"elementor_library\" data-custom-edit-handle=\"1\">\n\t\t\t<div class=\"elementor-element elementor-element-c79cfe5 e-flex e-con-boxed e-con e-parent\" data-id=\"c79cfe5\" data-element_type=\"container\" data-e-type=\"container\">\n\t\t\t\t\t<div class=\"e-con-inner\">\n\t\t<div class=\"elementor-element elementor-element-64a3d73 e-con-full e-flex e-con e-child\" data-id=\"64a3d73\" data-element_type=\"container\" data-e-type=\"container\">\n\t\t\t\t<div class=\"elementor-element elementor-element-2e3812c elementor-widget__width-inherit elementor-widget elementor-widget-image\" data-id=\"2e3812c\" data-element_type=\"widget\" data-e-type=\"widget\" data-widget_type=\"image.default\">\n\t\t\t\t<div class=\"elementor-widget-container\">\n\t\t\t\t\t\t\t\t\t\t\t\t\t\t\t\t<a href=\"https:\/\/permakultur-landwirtschaft.org\/fr\/10-jahre-verein-permakultur-landwirtschaft-die-bisherigen-meilensteine-beitrag-vom-25-januar-2026\/\">\n\t\t\t\t\t\t\t<img loading=\"lazy\" decoding=\"async\" width=\"700\" height=\"437\" src=\"https:\/\/permakultur-landwirtschaft.org\/wp-content\/uploads\/2026\/01\/csm_shutterstock_1245506659_6d5b5e32eb.jpg\" class=\"attachment-full size-full wp-image-37752\" alt=\"Kleinr\u00e4umige Mischkultur mit mehrj\u00e4hrigen Pflanzen\" srcset=\"https:\/\/permakultur-landwirtschaft.org\/wp-content\/uploads\/2026\/01\/csm_shutterstock_1245506659_6d5b5e32eb.jpg 700w, https:\/\/permakultur-landwirtschaft.org\/wp-content\/uploads\/2026\/01\/csm_shutterstock_1245506659_6d5b5e32eb-300x187.jpg 300w, https:\/\/permakultur-landwirtschaft.org\/wp-content\/uploads\/2026\/01\/csm_shutterstock_1245506659_6d5b5e32eb-18x12.jpg 18w\" sizes=\"(max-width: 700px) 100vw, 700px\" \/>\t\t\t\t\t\t\t\t<\/a>\n\t\t\t\t\t\t\t\t\t\t\t\t\t\t\t<\/div>\n\t\t\t\t<\/div>\n\t\t\t\t<div class=\"elementor-element elementor-element-65dfa9f elementor-widget elementor-widget-theme-post-title elementor-page-title elementor-widget-heading\" data-id=\"65dfa9f\" data-element_type=\"widget\" data-e-type=\"widget\" data-widget_type=\"theme-post-title.default\">\n\t\t\t\t<div class=\"elementor-widget-container\">\n\t\t\t\t\t<h3 class=\"elementor-heading-title elementor-size-default\"><a href=\"https:\/\/permakultur-landwirtschaft.org\/fr\/10-jahre-verein-permakultur-landwirtschaft-die-bisherigen-meilensteine-beitrag-vom-25-januar-2026\/\">10 Jahre Verein Permakultur-Landwirtschaft: Die bisherigen Meilensteine &#8211; Beitrag vom 25. Januar 2026<\/a><\/h3>\t\t\t\t<\/div>\n\t\t\t\t<\/div>\n\t\t\t\t<div class=\"elementor-element elementor-element-0ad4e09 elementor-absolute elementor-widget elementor-widget-text-editor\" data-id=\"0ad4e09\" data-element_type=\"widget\" data-e-type=\"widget\" data-settings=\"{&quot;_position&quot;:&quot;absolute&quot;}\" data-widget_type=\"text-editor.default\">\n\t\t\t\t<div class=\"elementor-widget-container\">\n\t\t\t\t\t\t\t\t\tNeuigkeit\t\t\t\t\t\t\t\t<\/div>\n\t\t\t\t<\/div>\n\t\t\t\t<\/div>\n\t\t\t\t\t<\/div>\n\t\t\t\t<\/div>\n\t\t\t\t<\/div>\n\t\t\t\t<div data-elementor-type=\"loop-item\" data-elementor-id=\"37613\" class=\"elementor elementor-37613 e-loop-item e-loop-item-37721 post-37721 post type-post status-publish format-standard has-post-thumbnail hentry category-neuigkeit tag-gemuese tag-geschmack tag-lebensmittel tag-naehrstoffdichte tag-phytochemikalien\" data-elementor-post-type=\"elementor_library\" data-custom-edit-handle=\"1\">\n\t\t\t<div class=\"elementor-element elementor-element-c79cfe5 e-flex e-con-boxed e-con e-parent\" data-id=\"c79cfe5\" data-element_type=\"container\" data-e-type=\"container\">\n\t\t\t\t\t<div class=\"e-con-inner\">\n\t\t<div class=\"elementor-element elementor-element-64a3d73 e-con-full e-flex e-con e-child\" data-id=\"64a3d73\" data-element_type=\"container\" data-e-type=\"container\">\n\t\t\t\t<div class=\"elementor-element elementor-element-2e3812c elementor-widget__width-inherit elementor-widget elementor-widget-image\" data-id=\"2e3812c\" data-element_type=\"widget\" data-e-type=\"widget\" data-widget_type=\"image.default\">\n\t\t\t\t<div class=\"elementor-widget-container\">\n\t\t\t\t\t\t\t\t\t\t\t\t\t\t\t\t<a href=\"https:\/\/permakultur-landwirtschaft.org\/fr\/naehrstoffdichte-was-landet-wirklich-auf-unserem-teller-beitrag-vom-22-januar-2026\/\">\n\t\t\t\t\t\t\t<img loading=\"lazy\" decoding=\"async\" width=\"700\" height=\"387\" src=\"https:\/\/permakultur-landwirtschaft.org\/wp-content\/uploads\/2026\/01\/20260125_naehrstoffe_boden_50ea49_a9dfb145681147249e9775c6ec35f78fmv2.jpg\" class=\"attachment-full size-full wp-image-37722\" alt=\"Fr\u00fcchte, Gem\u00fcse und Tabletten\" srcset=\"https:\/\/permakultur-landwirtschaft.org\/wp-content\/uploads\/2026\/01\/20260125_naehrstoffe_boden_50ea49_a9dfb145681147249e9775c6ec35f78fmv2.jpg 700w, https:\/\/permakultur-landwirtschaft.org\/wp-content\/uploads\/2026\/01\/20260125_naehrstoffe_boden_50ea49_a9dfb145681147249e9775c6ec35f78fmv2-300x166.jpg 300w, https:\/\/permakultur-landwirtschaft.org\/wp-content\/uploads\/2026\/01\/20260125_naehrstoffe_boden_50ea49_a9dfb145681147249e9775c6ec35f78fmv2-18x10.jpg 18w\" sizes=\"(max-width: 700px) 100vw, 700px\" \/>\t\t\t\t\t\t\t\t<\/a>\n\t\t\t\t\t\t\t\t\t\t\t\t\t\t\t<\/div>\n\t\t\t\t<\/div>\n\t\t\t\t<div class=\"elementor-element elementor-element-65dfa9f elementor-widget elementor-widget-theme-post-title elementor-page-title elementor-widget-heading\" data-id=\"65dfa9f\" data-element_type=\"widget\" data-e-type=\"widget\" data-widget_type=\"theme-post-title.default\">\n\t\t\t\t<div class=\"elementor-widget-container\">\n\t\t\t\t\t<h3 class=\"elementor-heading-title elementor-size-default\"><a href=\"https:\/\/permakultur-landwirtschaft.org\/fr\/naehrstoffdichte-was-landet-wirklich-auf-unserem-teller-beitrag-vom-22-januar-2026\/\">N\u00e4hrstoffdichte \u2013 was landet wirklich auf unserem Teller? &#8211; Beitrag vom 22. Januar 2026<\/a><\/h3>\t\t\t\t<\/div>\n\t\t\t\t<\/div>\n\t\t\t\t<div class=\"elementor-element elementor-element-0ad4e09 elementor-absolute elementor-widget elementor-widget-text-editor\" data-id=\"0ad4e09\" data-element_type=\"widget\" data-e-type=\"widget\" data-settings=\"{&quot;_position&quot;:&quot;absolute&quot;}\" data-widget_type=\"text-editor.default\">\n\t\t\t\t<div class=\"elementor-widget-container\">\n\t\t\t\t\t\t\t\t\tNeuigkeit\t\t\t\t\t\t\t\t<\/div>\n\t\t\t\t<\/div>\n\t\t\t\t<\/div>\n\t\t\t\t\t<\/div>\n\t\t\t\t<\/div>\n\t\t\t\t<\/div>\n\t\t\t\t<div data-elementor-type=\"loop-item\" data-elementor-id=\"37613\" class=\"elementor elementor-37613 e-loop-item e-loop-item-37693 post-37693 post type-post status-publish format-standard has-post-thumbnail hentry category-neuigkeit tag-ackerboden tag-lumbricus-terrestris tag-regenwurm tag-schluesselorganismus tag-wurmwelten-de\" data-elementor-post-type=\"elementor_library\" data-custom-edit-handle=\"1\">\n\t\t\t<div class=\"elementor-element elementor-element-c79cfe5 e-flex e-con-boxed e-con e-parent\" data-id=\"c79cfe5\" data-element_type=\"container\" data-e-type=\"container\">\n\t\t\t\t\t<div class=\"e-con-inner\">\n\t\t<div class=\"elementor-element elementor-element-64a3d73 e-con-full e-flex e-con e-child\" data-id=\"64a3d73\" data-element_type=\"container\" data-e-type=\"container\">\n\t\t\t\t<div class=\"elementor-element elementor-element-2e3812c elementor-widget__width-inherit elementor-widget elementor-widget-image\" data-id=\"2e3812c\" data-element_type=\"widget\" data-e-type=\"widget\" data-widget_type=\"image.default\">\n\t\t\t\t<div class=\"elementor-widget-container\">\n\t\t\t\t\t\t\t\t\t\t\t\t\t\t\t\t<a href=\"https:\/\/permakultur-landwirtschaft.org\/fr\/die-rolle-des-regenwurms-in-der-landwirtschaft-artikel-vom-13-januar-2026\/\">\n\t\t\t\t\t\t\t<img loading=\"lazy\" decoding=\"async\" width=\"700\" height=\"464\" src=\"https:\/\/permakultur-landwirtschaft.org\/wp-content\/uploads\/2025\/11\/csm_Bodenprobe_Regenwurm_Thomas_Alfoeldi_FiBL_1200_b66631d4be.jpg\" class=\"attachment-full size-full wp-image-37327\" alt=\"Bodenprobe Regenwurm\" srcset=\"https:\/\/permakultur-landwirtschaft.org\/wp-content\/uploads\/2025\/11\/csm_Bodenprobe_Regenwurm_Thomas_Alfoeldi_FiBL_1200_b66631d4be.jpg 700w, https:\/\/permakultur-landwirtschaft.org\/wp-content\/uploads\/2025\/11\/csm_Bodenprobe_Regenwurm_Thomas_Alfoeldi_FiBL_1200_b66631d4be-300x199.jpg 300w, https:\/\/permakultur-landwirtschaft.org\/wp-content\/uploads\/2025\/11\/csm_Bodenprobe_Regenwurm_Thomas_Alfoeldi_FiBL_1200_b66631d4be-18x12.jpg 18w\" sizes=\"(max-width: 700px) 100vw, 700px\" \/>\t\t\t\t\t\t\t\t<\/a>\n\t\t\t\t\t\t\t\t\t\t\t\t\t\t\t<\/div>\n\t\t\t\t<\/div>\n\t\t\t\t<div class=\"elementor-element elementor-element-65dfa9f elementor-widget elementor-widget-theme-post-title elementor-page-title elementor-widget-heading\" data-id=\"65dfa9f\" data-element_type=\"widget\" data-e-type=\"widget\" data-widget_type=\"theme-post-title.default\">\n\t\t\t\t<div class=\"elementor-widget-container\">\n\t\t\t\t\t<h3 class=\"elementor-heading-title elementor-size-default\"><a href=\"https:\/\/permakultur-landwirtschaft.org\/fr\/die-rolle-des-regenwurms-in-der-landwirtschaft-artikel-vom-13-januar-2026\/\">Die Rolle des Regenwurms in der Landwirtschaft &#8211; Artikel vom 13. Januar 2026<\/a><\/h3>\t\t\t\t<\/div>\n\t\t\t\t<\/div>\n\t\t\t\t<div class=\"elementor-element elementor-element-0ad4e09 elementor-absolute elementor-widget elementor-widget-text-editor\" data-id=\"0ad4e09\" data-element_type=\"widget\" data-e-type=\"widget\" data-settings=\"{&quot;_position&quot;:&quot;absolute&quot;}\" data-widget_type=\"text-editor.default\">\n\t\t\t\t<div class=\"elementor-widget-container\">\n\t\t\t\t\t\t\t\t\tNeuigkeit\t\t\t\t\t\t\t\t<\/div>\n\t\t\t\t<\/div>\n\t\t\t\t<\/div>\n\t\t\t\t\t<\/div>\n\t\t\t\t<\/div>\n\t\t\t\t<\/div>\n\t\t\t\t<div data-elementor-type=\"loop-item\" data-elementor-id=\"37613\" class=\"elementor elementor-37613 e-loop-item e-loop-item-37678 post-37678 post type-post status-publish format-standard has-post-thumbnail hentry category-newsletter tag-januar-2026 tag-neuigkeiten tag-newsletter tag-permakultur-landwirtschaft\" data-elementor-post-type=\"elementor_library\" data-custom-edit-handle=\"1\">\n\t\t\t<div class=\"elementor-element elementor-element-c79cfe5 e-flex e-con-boxed e-con e-parent\" data-id=\"c79cfe5\" data-element_type=\"container\" data-e-type=\"container\">\n\t\t\t\t\t<div class=\"e-con-inner\">\n\t\t<div class=\"elementor-element elementor-element-64a3d73 e-con-full e-flex e-con e-child\" data-id=\"64a3d73\" data-element_type=\"container\" data-e-type=\"container\">\n\t\t\t\t<div class=\"elementor-element elementor-element-2e3812c elementor-widget__width-inherit elementor-widget elementor-widget-image\" data-id=\"2e3812c\" data-element_type=\"widget\" data-e-type=\"widget\" data-widget_type=\"image.default\">\n\t\t\t\t<div class=\"elementor-widget-container\">\n\t\t\t\t\t\t\t\t\t\t\t\t\t\t\t\t<a href=\"https:\/\/permakultur-landwirtschaft.org\/fr\/neuigkeiten-zur-permakultur-landwirtschaft-newsletter-vom-12-januar-2026\/\">\n\t\t\t\t\t\t\t<img loading=\"lazy\" decoding=\"async\" width=\"751\" height=\"368\" src=\"https:\/\/permakultur-landwirtschaft.org\/wp-content\/uploads\/2026\/01\/newsletter_20260112.jpg\" class=\"attachment-full size-full wp-image-37679\" alt=\"Newsletter Permakultur-Landwirtschaft vom Januar 2026\" srcset=\"https:\/\/permakultur-landwirtschaft.org\/wp-content\/uploads\/2026\/01\/newsletter_20260112.jpg 751w, https:\/\/permakultur-landwirtschaft.org\/wp-content\/uploads\/2026\/01\/newsletter_20260112-300x147.jpg 300w, https:\/\/permakultur-landwirtschaft.org\/wp-content\/uploads\/2026\/01\/newsletter_20260112-18x9.jpg 18w\" sizes=\"(max-width: 751px) 100vw, 751px\" \/>\t\t\t\t\t\t\t\t<\/a>\n\t\t\t\t\t\t\t\t\t\t\t\t\t\t\t<\/div>\n\t\t\t\t<\/div>\n\t\t\t\t<div class=\"elementor-element elementor-element-65dfa9f elementor-widget elementor-widget-theme-post-title elementor-page-title elementor-widget-heading\" data-id=\"65dfa9f\" data-element_type=\"widget\" data-e-type=\"widget\" data-widget_type=\"theme-post-title.default\">\n\t\t\t\t<div class=\"elementor-widget-container\">\n\t\t\t\t\t<h3 class=\"elementor-heading-title elementor-size-default\"><a href=\"https:\/\/permakultur-landwirtschaft.org\/fr\/neuigkeiten-zur-permakultur-landwirtschaft-newsletter-vom-12-januar-2026\/\">Neuigkeiten zur Permakultur-Landwirtschaft &#8211; Newsletter vom 12. Januar 2026<\/a><\/h3>\t\t\t\t<\/div>\n\t\t\t\t<\/div>\n\t\t\t\t<div class=\"elementor-element elementor-element-0ad4e09 elementor-absolute elementor-widget elementor-widget-text-editor\" data-id=\"0ad4e09\" data-element_type=\"widget\" data-e-type=\"widget\" data-settings=\"{&quot;_position&quot;:&quot;absolute&quot;}\" data-widget_type=\"text-editor.default\">\n\t\t\t\t<div class=\"elementor-widget-container\">\n\t\t\t\t\t\t\t\t\tNewsletter\t\t\t\t\t\t\t\t<\/div>\n\t\t\t\t<\/div>\n\t\t\t\t<\/div>\n\t\t\t\t\t<\/div>\n\t\t\t\t<\/div>\n\t\t\t\t<\/div>\n\t\t\t\t<div data-elementor-type=\"loop-item\" data-elementor-id=\"37613\" class=\"elementor elementor-37613 e-loop-item e-loop-item-38476 post-38476 post type-post status-publish format-standard has-post-thumbnail hentry category-neuigkeit tag-agrarpolitik tag-fibl tag-kostenwahrheit tag-landwirtschaft tag-modellierung\" data-elementor-post-type=\"elementor_library\" data-custom-edit-handle=\"1\">\n\t\t\t<div class=\"elementor-element elementor-element-c79cfe5 e-flex e-con-boxed e-con e-parent\" data-id=\"c79cfe5\" data-element_type=\"container\" data-e-type=\"container\">\n\t\t\t\t\t<div class=\"e-con-inner\">\n\t\t<div class=\"elementor-element elementor-element-64a3d73 e-con-full e-flex e-con e-child\" data-id=\"64a3d73\" data-element_type=\"container\" data-e-type=\"container\">\n\t\t\t\t<div class=\"elementor-element elementor-element-2e3812c elementor-widget__width-inherit elementor-widget elementor-widget-image\" data-id=\"2e3812c\" data-element_type=\"widget\" data-e-type=\"widget\" data-widget_type=\"image.default\">\n\t\t\t\t<div class=\"elementor-widget-container\">\n\t\t\t\t\t\t\t\t\t\t\t\t\t\t\t\t<a href=\"https:\/\/permakultur-landwirtschaft.org\/fr\/die-wahren-kosten-der-landwirtschaft-wenn-fehlende-daten-heikel-sind\/\">\n\t\t\t\t\t\t\t<img loading=\"lazy\" decoding=\"async\" width=\"700\" height=\"393\" src=\"https:\/\/permakultur-landwirtschaft.org\/wp-content\/uploads\/2026\/03\/deLuca-mueller-2025-TCA_SwissCaseStudy_SOFA2024_BackgroundPaper_Final_5_3_2025.jpeg\" class=\"attachment-full size-full wp-image-38474\" alt=\"Luftaufnahme von Landwirtschaftsfl\u00e4che\" srcset=\"https:\/\/permakultur-landwirtschaft.org\/wp-content\/uploads\/2026\/03\/deLuca-mueller-2025-TCA_SwissCaseStudy_SOFA2024_BackgroundPaper_Final_5_3_2025.jpeg 700w, https:\/\/permakultur-landwirtschaft.org\/wp-content\/uploads\/2026\/03\/deLuca-mueller-2025-TCA_SwissCaseStudy_SOFA2024_BackgroundPaper_Final_5_3_2025-300x168.jpeg 300w, https:\/\/permakultur-landwirtschaft.org\/wp-content\/uploads\/2026\/03\/deLuca-mueller-2025-TCA_SwissCaseStudy_SOFA2024_BackgroundPaper_Final_5_3_2025-18x10.jpeg 18w\" sizes=\"(max-width: 700px) 100vw, 700px\" \/>\t\t\t\t\t\t\t\t<\/a>\n\t\t\t\t\t\t\t\t\t\t\t\t\t\t\t<\/div>\n\t\t\t\t<\/div>\n\t\t\t\t<div class=\"elementor-element elementor-element-65dfa9f elementor-widget elementor-widget-theme-post-title elementor-page-title elementor-widget-heading\" data-id=\"65dfa9f\" data-element_type=\"widget\" data-e-type=\"widget\" data-widget_type=\"theme-post-title.default\">\n\t\t\t\t<div class=\"elementor-widget-container\">\n\t\t\t\t\t<h3 class=\"elementor-heading-title elementor-size-default\"><a href=\"https:\/\/permakultur-landwirtschaft.org\/fr\/die-wahren-kosten-der-landwirtschaft-wenn-fehlende-daten-heikel-sind\/\">Die wahren Kosten der Landwirtschaft &#8211; Wenn fehlende Daten heikel sind<\/a><\/h3>\t\t\t\t<\/div>\n\t\t\t\t<\/div>\n\t\t\t\t<div class=\"elementor-element elementor-element-0ad4e09 elementor-absolute elementor-widget elementor-widget-text-editor\" data-id=\"0ad4e09\" data-element_type=\"widget\" data-e-type=\"widget\" data-settings=\"{&quot;_position&quot;:&quot;absolute&quot;}\" data-widget_type=\"text-editor.default\">\n\t\t\t\t<div class=\"elementor-widget-container\">\n\t\t\t\t\t\t\t\t\tNeuigkeit\t\t\t\t\t\t\t\t<\/div>\n\t\t\t\t<\/div>\n\t\t\t\t<\/div>\n\t\t\t\t\t<\/div>\n\t\t\t\t<\/div>\n\t\t\t\t<\/div>\n\t\t\t\t<div data-elementor-type=\"loop-item\" data-elementor-id=\"37613\" class=\"elementor elementor-37613 e-loop-item e-loop-item-37696 post-37696 post type-post status-publish format-standard has-post-thumbnail hentry category-neuigkeit tag-agraroekologie tag-falbringen tag-futur3 tag-zukunft\" data-elementor-post-type=\"elementor_library\" data-custom-edit-handle=\"1\">\n\t\t\t<div class=\"elementor-element elementor-element-c79cfe5 e-flex e-con-boxed e-con e-parent\" data-id=\"c79cfe5\" data-element_type=\"container\" data-e-type=\"container\">\n\t\t\t\t\t<div class=\"e-con-inner\">\n\t\t<div class=\"elementor-element elementor-element-64a3d73 e-con-full e-flex e-con e-child\" data-id=\"64a3d73\" data-element_type=\"container\" data-e-type=\"container\">\n\t\t\t\t<div class=\"elementor-element elementor-element-2e3812c elementor-widget__width-inherit elementor-widget elementor-widget-image\" data-id=\"2e3812c\" data-element_type=\"widget\" data-e-type=\"widget\" data-widget_type=\"image.default\">\n\t\t\t\t<div class=\"elementor-widget-container\">\n\t\t\t\t\t\t\t\t\t\t\t\t\t\t\t\t<a href=\"https:\/\/permakultur-landwirtschaft.org\/fr\/agrooekologie-fuer-eine-widerstandsfaehigere-natur-und-eine-gemeinsame-zukunft-beitrag-vom-05-januar-2026\/\">\n\t\t\t\t\t\t\t<img loading=\"lazy\" decoding=\"async\" width=\"700\" height=\"525\" src=\"https:\/\/permakultur-landwirtschaft.org\/wp-content\/uploads\/2026\/01\/Falbringen_695516bc860ee1acbe203368_IMG_4382_ferme-bienne-futur3.jpg\" class=\"attachment-full size-full wp-image-37698\" alt=\"Bauernhof Falbringen (Biel)\" srcset=\"https:\/\/permakultur-landwirtschaft.org\/wp-content\/uploads\/2026\/01\/Falbringen_695516bc860ee1acbe203368_IMG_4382_ferme-bienne-futur3.jpg 700w, https:\/\/permakultur-landwirtschaft.org\/wp-content\/uploads\/2026\/01\/Falbringen_695516bc860ee1acbe203368_IMG_4382_ferme-bienne-futur3-300x225.jpg 300w, https:\/\/permakultur-landwirtschaft.org\/wp-content\/uploads\/2026\/01\/Falbringen_695516bc860ee1acbe203368_IMG_4382_ferme-bienne-futur3-16x12.jpg 16w\" sizes=\"(max-width: 700px) 100vw, 700px\" \/>\t\t\t\t\t\t\t\t<\/a>\n\t\t\t\t\t\t\t\t\t\t\t\t\t\t\t<\/div>\n\t\t\t\t<\/div>\n\t\t\t\t<div class=\"elementor-element elementor-element-65dfa9f elementor-widget elementor-widget-theme-post-title elementor-page-title elementor-widget-heading\" data-id=\"65dfa9f\" data-element_type=\"widget\" data-e-type=\"widget\" data-widget_type=\"theme-post-title.default\">\n\t\t\t\t<div class=\"elementor-widget-container\">\n\t\t\t\t\t<h3 class=\"elementor-heading-title elementor-size-default\"><a href=\"https:\/\/permakultur-landwirtschaft.org\/fr\/agrooekologie-fuer-eine-widerstandsfaehigere-natur-und-eine-gemeinsame-zukunft-beitrag-vom-05-januar-2026\/\">Agro\u00f6kologie \u2013 f\u00fcr eine widerstandsf\u00e4higere Natur und eine gemeinsame Zukunft &#8211; Beitrag vom 05. Januar 2026<\/a><\/h3>\t\t\t\t<\/div>\n\t\t\t\t<\/div>\n\t\t\t\t<div class=\"elementor-element elementor-element-0ad4e09 elementor-absolute elementor-widget elementor-widget-text-editor\" data-id=\"0ad4e09\" data-element_type=\"widget\" data-e-type=\"widget\" data-settings=\"{&quot;_position&quot;:&quot;absolute&quot;}\" data-widget_type=\"text-editor.default\">\n\t\t\t\t<div class=\"elementor-widget-container\">\n\t\t\t\t\t\t\t\t\tNeuigkeit\t\t\t\t\t\t\t\t<\/div>\n\t\t\t\t<\/div>\n\t\t\t\t<\/div>\n\t\t\t\t\t<\/div>\n\t\t\t\t<\/div>\n\t\t\t\t<\/div>\n\t\t\t\t<div data-elementor-type=\"loop-item\" data-elementor-id=\"37613\" class=\"elementor elementor-37613 e-loop-item e-loop-item-38536 post-38536 post type-post status-publish format-standard has-post-thumbnail hentry category-neuigkeit tag-arbovitis tag-diegruene tag-eth tag-keyline tag-masterarbeit tag-sandrine-waldner\" data-elementor-post-type=\"elementor_library\" data-custom-edit-handle=\"1\">\n\t\t\t<div class=\"elementor-element elementor-element-c79cfe5 e-flex e-con-boxed e-con e-parent\" data-id=\"c79cfe5\" data-element_type=\"container\" data-e-type=\"container\">\n\t\t\t\t\t<div class=\"e-con-inner\">\n\t\t<div class=\"elementor-element elementor-element-64a3d73 e-con-full e-flex e-con e-child\" data-id=\"64a3d73\" data-element_type=\"container\" data-e-type=\"container\">\n\t\t\t\t<div class=\"elementor-element elementor-element-2e3812c elementor-widget__width-inherit elementor-widget elementor-widget-image\" data-id=\"2e3812c\" data-element_type=\"widget\" data-e-type=\"widget\" data-widget_type=\"image.default\">\n\t\t\t\t<div class=\"elementor-widget-container\">\n\t\t\t\t\t\t\t\t\t\t\t\t\t\t\t\t<a href=\"https:\/\/permakultur-landwirtschaft.org\/fr\/keylines-sind-mehr-als-nur-graeben\/\">\n\t\t\t\t\t\t\t<img loading=\"lazy\" decoding=\"async\" width=\"700\" height=\"513\" src=\"https:\/\/permakultur-landwirtschaft.org\/wp-content\/uploads\/2026\/03\/keylines_leander_csm_5aad4965d328d439b0e0ca87cfb23a2211ab238d199742afbc8e401e8fc9e6d6_6dd1c348da.jpg\" class=\"attachment-full size-full wp-image-38537\" alt=\"Keylines und Querschnitt des Systems\" srcset=\"https:\/\/permakultur-landwirtschaft.org\/wp-content\/uploads\/2026\/03\/keylines_leander_csm_5aad4965d328d439b0e0ca87cfb23a2211ab238d199742afbc8e401e8fc9e6d6_6dd1c348da.jpg 700w, https:\/\/permakultur-landwirtschaft.org\/wp-content\/uploads\/2026\/03\/keylines_leander_csm_5aad4965d328d439b0e0ca87cfb23a2211ab238d199742afbc8e401e8fc9e6d6_6dd1c348da-300x220.jpg 300w, https:\/\/permakultur-landwirtschaft.org\/wp-content\/uploads\/2026\/03\/keylines_leander_csm_5aad4965d328d439b0e0ca87cfb23a2211ab238d199742afbc8e401e8fc9e6d6_6dd1c348da-16x12.jpg 16w\" sizes=\"(max-width: 700px) 100vw, 700px\" \/>\t\t\t\t\t\t\t\t<\/a>\n\t\t\t\t\t\t\t\t\t\t\t\t\t\t\t<\/div>\n\t\t\t\t<\/div>\n\t\t\t\t<div class=\"elementor-element elementor-element-65dfa9f elementor-widget elementor-widget-theme-post-title elementor-page-title elementor-widget-heading\" data-id=\"65dfa9f\" data-element_type=\"widget\" data-e-type=\"widget\" data-widget_type=\"theme-post-title.default\">\n\t\t\t\t<div class=\"elementor-widget-container\">\n\t\t\t\t\t<h3 class=\"elementor-heading-title elementor-size-default\"><a href=\"https:\/\/permakultur-landwirtschaft.org\/fr\/keylines-sind-mehr-als-nur-graeben\/\">Keylines sind mehr als nur Gr\u00e4ben<\/a><\/h3>\t\t\t\t<\/div>\n\t\t\t\t<\/div>\n\t\t\t\t<div class=\"elementor-element elementor-element-0ad4e09 elementor-absolute elementor-widget elementor-widget-text-editor\" data-id=\"0ad4e09\" data-element_type=\"widget\" data-e-type=\"widget\" data-settings=\"{&quot;_position&quot;:&quot;absolute&quot;}\" data-widget_type=\"text-editor.default\">\n\t\t\t\t<div class=\"elementor-widget-container\">\n\t\t\t\t\t\t\t\t\tNeuigkeit\t\t\t\t\t\t\t\t<\/div>\n\t\t\t\t<\/div>\n\t\t\t\t<\/div>\n\t\t\t\t\t<\/div>\n\t\t\t\t<\/div>\n\t\t\t\t<\/div>\n\t\t\t\t<div data-elementor-type=\"loop-item\" data-elementor-id=\"37613\" class=\"elementor elementor-37613 e-loop-item e-loop-item-38244 post-38244 post type-post status-publish format-standard has-post-thumbnail hentry category-filme category-neuigkeit tag-agroforst tag-felix-riecken tag-hofuebergabe tag-ndr tag-regenerative-landwirtschaft tag-riecken-landmilch\" data-elementor-post-type=\"elementor_library\" data-custom-edit-handle=\"1\">\n\t\t\t<div class=\"elementor-element elementor-element-c79cfe5 e-flex e-con-boxed e-con e-parent\" data-id=\"c79cfe5\" data-element_type=\"container\" data-e-type=\"container\">\n\t\t\t\t\t<div class=\"e-con-inner\">\n\t\t<div class=\"elementor-element elementor-element-64a3d73 e-con-full e-flex e-con e-child\" data-id=\"64a3d73\" data-element_type=\"container\" data-e-type=\"container\">\n\t\t\t\t<div class=\"elementor-element elementor-element-2e3812c elementor-widget__width-inherit elementor-widget elementor-widget-image\" data-id=\"2e3812c\" data-element_type=\"widget\" data-e-type=\"widget\" data-widget_type=\"image.default\">\n\t\t\t\t<div class=\"elementor-widget-container\">\n\t\t\t\t\t\t\t\t\t\t\t\t\t\t\t\t<a href=\"https:\/\/permakultur-landwirtschaft.org\/fr\/neustart-auf-dem-milchhof-beitrag-vom-29-dezember-2025\/\">\n\t\t\t\t\t\t\t<img loading=\"lazy\" decoding=\"async\" width=\"700\" height=\"390\" src=\"https:\/\/permakultur-landwirtschaft.org\/wp-content\/uploads\/2026\/03\/Felix-Riecken-will-die-Verantwortung-fuer-den-Eichhof-uebernehmen-_-Verwendung-honorarfrei-cNDR-700.jpg\" class=\"attachment-full size-full wp-image-38191\" alt=\"Landwirt und K\u00fche auf der Weide\" srcset=\"https:\/\/permakultur-landwirtschaft.org\/wp-content\/uploads\/2026\/03\/Felix-Riecken-will-die-Verantwortung-fuer-den-Eichhof-uebernehmen-_-Verwendung-honorarfrei-cNDR-700.jpg 700w, https:\/\/permakultur-landwirtschaft.org\/wp-content\/uploads\/2026\/03\/Felix-Riecken-will-die-Verantwortung-fuer-den-Eichhof-uebernehmen-_-Verwendung-honorarfrei-cNDR-700-300x167.jpg 300w, https:\/\/permakultur-landwirtschaft.org\/wp-content\/uploads\/2026\/03\/Felix-Riecken-will-die-Verantwortung-fuer-den-Eichhof-uebernehmen-_-Verwendung-honorarfrei-cNDR-700-18x10.jpg 18w\" sizes=\"(max-width: 700px) 100vw, 700px\" \/>\t\t\t\t\t\t\t\t<\/a>\n\t\t\t\t\t\t\t\t\t\t\t\t\t\t\t<\/div>\n\t\t\t\t<\/div>\n\t\t\t\t<div class=\"elementor-element elementor-element-65dfa9f elementor-widget elementor-widget-theme-post-title elementor-page-title elementor-widget-heading\" data-id=\"65dfa9f\" data-element_type=\"widget\" data-e-type=\"widget\" data-widget_type=\"theme-post-title.default\">\n\t\t\t\t<div class=\"elementor-widget-container\">\n\t\t\t\t\t<h3 class=\"elementor-heading-title elementor-size-default\"><a href=\"https:\/\/permakultur-landwirtschaft.org\/fr\/neustart-auf-dem-milchhof-beitrag-vom-29-dezember-2025\/\">Neustart auf dem Milchhof &#8211; Beitrag vom 29. Dezember 2025<\/a><\/h3>\t\t\t\t<\/div>\n\t\t\t\t<\/div>\n\t\t\t\t<div class=\"elementor-element elementor-element-0ad4e09 elementor-absolute elementor-widget elementor-widget-text-editor\" data-id=\"0ad4e09\" data-element_type=\"widget\" data-e-type=\"widget\" data-settings=\"{&quot;_position&quot;:&quot;absolute&quot;}\" data-widget_type=\"text-editor.default\">\n\t\t\t\t<div class=\"elementor-widget-container\">\n\t\t\t\t\t\t\t\t\tFilm\t\t\t\t\t\t\t\t<\/div>\n\t\t\t\t<\/div>\n\t\t\t\t<\/div>\n\t\t\t\t\t<\/div>\n\t\t\t\t<\/div>\n\t\t\t\t<\/div>\n\t\t\t\t<div data-elementor-type=\"loop-item\" data-elementor-id=\"37613\" class=\"elementor elementor-37613 e-loop-item e-loop-item-38521 post-38521 post type-post status-publish format-standard has-post-thumbnail hentry category-neuigkeit tag-agroforst tag-hof-aebleten tag-katzhof tag-keyline tag-kleinbauern tag-minga-vo-meile tag-starkregen tag-wassermanagement\" data-elementor-post-type=\"elementor_library\" data-custom-edit-handle=\"1\">\n\t\t\t<div class=\"elementor-element elementor-element-c79cfe5 e-flex e-con-boxed e-con e-parent\" data-id=\"c79cfe5\" data-element_type=\"container\" data-e-type=\"container\">\n\t\t\t\t\t<div class=\"e-con-inner\">\n\t\t<div class=\"elementor-element elementor-element-64a3d73 e-con-full e-flex e-con e-child\" data-id=\"64a3d73\" data-element_type=\"container\" data-e-type=\"container\">\n\t\t\t\t<div class=\"elementor-element elementor-element-2e3812c elementor-widget__width-inherit elementor-widget elementor-widget-image\" data-id=\"2e3812c\" data-element_type=\"widget\" data-e-type=\"widget\" data-widget_type=\"image.default\">\n\t\t\t\t<div class=\"elementor-widget-container\">\n\t\t\t\t\t\t\t\t\t\t\t\t\t\t\t\t<a href=\"https:\/\/permakultur-landwirtschaft.org\/fr\/keyline-design-zwei-schweizer-betriebe-sammeln-erfahrungen\/\">\n\t\t\t\t\t\t\t<img loading=\"lazy\" decoding=\"async\" width=\"700\" height=\"462\" src=\"https:\/\/permakultur-landwirtschaft.org\/wp-content\/uploads\/2026\/03\/Katzhof_image00014.jpg\" class=\"attachment-full size-full wp-image-38522\" alt=\"Katzhof\" srcset=\"https:\/\/permakultur-landwirtschaft.org\/wp-content\/uploads\/2026\/03\/Katzhof_image00014.jpg 700w, https:\/\/permakultur-landwirtschaft.org\/wp-content\/uploads\/2026\/03\/Katzhof_image00014-300x198.jpg 300w, https:\/\/permakultur-landwirtschaft.org\/wp-content\/uploads\/2026\/03\/Katzhof_image00014-18x12.jpg 18w\" sizes=\"(max-width: 700px) 100vw, 700px\" \/>\t\t\t\t\t\t\t\t<\/a>\n\t\t\t\t\t\t\t\t\t\t\t\t\t\t\t<\/div>\n\t\t\t\t<\/div>\n\t\t\t\t<div class=\"elementor-element elementor-element-65dfa9f elementor-widget elementor-widget-theme-post-title elementor-page-title elementor-widget-heading\" data-id=\"65dfa9f\" data-element_type=\"widget\" data-e-type=\"widget\" data-widget_type=\"theme-post-title.default\">\n\t\t\t\t<div class=\"elementor-widget-container\">\n\t\t\t\t\t<h3 class=\"elementor-heading-title elementor-size-default\"><a href=\"https:\/\/permakultur-landwirtschaft.org\/fr\/keyline-design-zwei-schweizer-betriebe-sammeln-erfahrungen\/\">Keyline-Design: Zwei Schweizer Betriebe sammeln Erfahrungen<\/a><\/h3>\t\t\t\t<\/div>\n\t\t\t\t<\/div>\n\t\t\t\t<div class=\"elementor-element elementor-element-0ad4e09 elementor-absolute elementor-widget elementor-widget-text-editor\" data-id=\"0ad4e09\" data-element_type=\"widget\" data-e-type=\"widget\" data-settings=\"{&quot;_position&quot;:&quot;absolute&quot;}\" data-widget_type=\"text-editor.default\">\n\t\t\t\t<div class=\"elementor-widget-container\">\n\t\t\t\t\t\t\t\t\tNeuigkeit\t\t\t\t\t\t\t\t<\/div>\n\t\t\t\t<\/div>\n\t\t\t\t<\/div>\n\t\t\t\t\t<\/div>\n\t\t\t\t<\/div>\n\t\t\t\t<\/div>\n\t\t\t\t<div data-elementor-type=\"loop-item\" data-elementor-id=\"37613\" class=\"elementor elementor-37613 e-loop-item e-loop-item-37593 post-37593 post type-post status-publish format-standard has-post-thumbnail hentry category-neuigkeit tag-hoefe-netz tag-melanie-alder tag-tierwelt tag-trend-permakultur\" data-elementor-post-type=\"elementor_library\" data-custom-edit-handle=\"1\">\n\t\t\t<div class=\"elementor-element elementor-element-c79cfe5 e-flex e-con-boxed e-con e-parent\" data-id=\"c79cfe5\" data-element_type=\"container\" data-e-type=\"container\">\n\t\t\t\t\t<div class=\"e-con-inner\">\n\t\t<div class=\"elementor-element elementor-element-64a3d73 e-con-full e-flex e-con e-child\" data-id=\"64a3d73\" data-element_type=\"container\" data-e-type=\"container\">\n\t\t\t\t<div class=\"elementor-element elementor-element-2e3812c elementor-widget__width-inherit elementor-widget elementor-widget-image\" data-id=\"2e3812c\" data-element_type=\"widget\" data-e-type=\"widget\" data-widget_type=\"image.default\">\n\t\t\t\t<div class=\"elementor-widget-container\">\n\t\t\t\t\t\t\t\t\t\t\t\t\t\t\t\t<a href=\"https:\/\/permakultur-landwirtschaft.org\/fr\/permakultur-was-steckt-hinter-dem-trend-artikel-vom-dezember-2025\/\">\n\t\t\t\t\t\t\t<img loading=\"lazy\" decoding=\"async\" width=\"645\" height=\"560\" src=\"https:\/\/permakultur-landwirtschaft.org\/wp-content\/uploads\/2026\/01\/20251224-20260106_AGM_Tierwelt_26-2025-PERMAKULTUR-Was-steckt-hinter-dem-Trend-Interview-Melanie.jpeg\" class=\"attachment-full size-full wp-image-37594\" alt=\"Permakultur Mischkultur\" srcset=\"https:\/\/permakultur-landwirtschaft.org\/wp-content\/uploads\/2026\/01\/20251224-20260106_AGM_Tierwelt_26-2025-PERMAKULTUR-Was-steckt-hinter-dem-Trend-Interview-Melanie.jpeg 645w, https:\/\/permakultur-landwirtschaft.org\/wp-content\/uploads\/2026\/01\/20251224-20260106_AGM_Tierwelt_26-2025-PERMAKULTUR-Was-steckt-hinter-dem-Trend-Interview-Melanie-300x260.jpeg 300w, https:\/\/permakultur-landwirtschaft.org\/wp-content\/uploads\/2026\/01\/20251224-20260106_AGM_Tierwelt_26-2025-PERMAKULTUR-Was-steckt-hinter-dem-Trend-Interview-Melanie-14x12.jpeg 14w\" sizes=\"(max-width: 645px) 100vw, 645px\" \/>\t\t\t\t\t\t\t\t<\/a>\n\t\t\t\t\t\t\t\t\t\t\t\t\t\t\t<\/div>\n\t\t\t\t<\/div>\n\t\t\t\t<div class=\"elementor-element elementor-element-65dfa9f elementor-widget elementor-widget-theme-post-title elementor-page-title elementor-widget-heading\" data-id=\"65dfa9f\" data-element_type=\"widget\" data-e-type=\"widget\" data-widget_type=\"theme-post-title.default\">\n\t\t\t\t<div class=\"elementor-widget-container\">\n\t\t\t\t\t<h3 class=\"elementor-heading-title elementor-size-default\"><a href=\"https:\/\/permakultur-landwirtschaft.org\/fr\/permakultur-was-steckt-hinter-dem-trend-artikel-vom-dezember-2025\/\">Permakultur &#8211; Was steckt hinter dem Trend? &#8211; Artikel vom Dezember 2025<\/a><\/h3>\t\t\t\t<\/div>\n\t\t\t\t<\/div>\n\t\t\t\t<div class=\"elementor-element elementor-element-0ad4e09 elementor-absolute elementor-widget elementor-widget-text-editor\" data-id=\"0ad4e09\" data-element_type=\"widget\" data-e-type=\"widget\" data-settings=\"{&quot;_position&quot;:&quot;absolute&quot;}\" data-widget_type=\"text-editor.default\">\n\t\t\t\t<div class=\"elementor-widget-container\">\n\t\t\t\t\t\t\t\t\tNeuigkeit\t\t\t\t\t\t\t\t<\/div>\n\t\t\t\t<\/div>\n\t\t\t\t<\/div>\n\t\t\t\t\t<\/div>\n\t\t\t\t<\/div>\n\t\t\t\t<\/div>\n\t\t\t\t<div data-elementor-type=\"loop-item\" data-elementor-id=\"37613\" class=\"elementor elementor-37613 e-loop-item e-loop-item-37507 post-37507 post type-post status-publish format-standard has-post-thumbnail hentry category-neuigkeit tag-dayana-andrade tag-ernst-goetsch tag-felipe-pasini tag-fibl tag-komplexitaet tag-syntropische-landwirtschaft\" data-elementor-post-type=\"elementor_library\" data-custom-edit-handle=\"1\">\n\t\t\t<div class=\"elementor-element elementor-element-c79cfe5 e-flex e-con-boxed e-con e-parent\" data-id=\"c79cfe5\" data-element_type=\"container\" data-e-type=\"container\">\n\t\t\t\t\t<div class=\"e-con-inner\">\n\t\t<div class=\"elementor-element elementor-element-64a3d73 e-con-full e-flex e-con e-child\" data-id=\"64a3d73\" data-element_type=\"container\" data-e-type=\"container\">\n\t\t\t\t<div class=\"elementor-element elementor-element-2e3812c elementor-widget__width-inherit elementor-widget elementor-widget-image\" data-id=\"2e3812c\" data-element_type=\"widget\" data-e-type=\"widget\" data-widget_type=\"image.default\">\n\t\t\t\t<div class=\"elementor-widget-container\">\n\t\t\t\t\t\t\t\t\t\t\t\t\t\t\t\t<a href=\"https:\/\/permakultur-landwirtschaft.org\/fr\/wir-kommen-nicht-umhin-mit-komplexitaet-zu-arbeiten-beitrag-vom-19-dezember-2025\/\">\n\t\t\t\t\t\t\t<img loading=\"lazy\" decoding=\"async\" width=\"800\" height=\"533\" src=\"https:\/\/permakultur-landwirtschaft.org\/wp-content\/uploads\/2025\/12\/FiBl-csm_dayana-felipe-1200_185ef1baf8.jpg\" class=\"attachment-full size-full wp-image-37508\" alt=\"Felipe Pasini und Dayana Andrade\" srcset=\"https:\/\/permakultur-landwirtschaft.org\/wp-content\/uploads\/2025\/12\/FiBl-csm_dayana-felipe-1200_185ef1baf8.jpg 800w, https:\/\/permakultur-landwirtschaft.org\/wp-content\/uploads\/2025\/12\/FiBl-csm_dayana-felipe-1200_185ef1baf8-300x200.jpg 300w, https:\/\/permakultur-landwirtschaft.org\/wp-content\/uploads\/2025\/12\/FiBl-csm_dayana-felipe-1200_185ef1baf8-768x512.jpg 768w, https:\/\/permakultur-landwirtschaft.org\/wp-content\/uploads\/2025\/12\/FiBl-csm_dayana-felipe-1200_185ef1baf8-18x12.jpg 18w\" sizes=\"(max-width: 800px) 100vw, 800px\" \/>\t\t\t\t\t\t\t\t<\/a>\n\t\t\t\t\t\t\t\t\t\t\t\t\t\t\t<\/div>\n\t\t\t\t<\/div>\n\t\t\t\t<div class=\"elementor-element elementor-element-65dfa9f elementor-widget elementor-widget-theme-post-title elementor-page-title elementor-widget-heading\" data-id=\"65dfa9f\" data-element_type=\"widget\" data-e-type=\"widget\" data-widget_type=\"theme-post-title.default\">\n\t\t\t\t<div class=\"elementor-widget-container\">\n\t\t\t\t\t<h3 class=\"elementor-heading-title elementor-size-default\"><a href=\"https:\/\/permakultur-landwirtschaft.org\/fr\/wir-kommen-nicht-umhin-mit-komplexitaet-zu-arbeiten-beitrag-vom-19-dezember-2025\/\">Wir kommen nicht umhin, mit Komplexit\u00e4t zu arbeiten &#8211; Beitrag vom 19. Dezember 2025<\/a><\/h3>\t\t\t\t<\/div>\n\t\t\t\t<\/div>\n\t\t\t\t<div class=\"elementor-element elementor-element-0ad4e09 elementor-absolute elementor-widget elementor-widget-text-editor\" data-id=\"0ad4e09\" data-element_type=\"widget\" data-e-type=\"widget\" data-settings=\"{&quot;_position&quot;:&quot;absolute&quot;}\" data-widget_type=\"text-editor.default\">\n\t\t\t\t<div class=\"elementor-widget-container\">\n\t\t\t\t\t\t\t\t\tNeuigkeit\t\t\t\t\t\t\t\t<\/div>\n\t\t\t\t<\/div>\n\t\t\t\t<\/div>\n\t\t\t\t\t<\/div>\n\t\t\t\t<\/div>\n\t\t\t\t<\/div>\n\t\t\t\t<div data-elementor-type=\"loop-item\" data-elementor-id=\"37613\" class=\"elementor elementor-37613 e-loop-item e-loop-item-37510 post-37510 post type-post status-publish format-standard has-post-thumbnail hentry category-filme category-neuigkeit tag-agroforst tag-boezberg tag-hochlandrinder tag-rolf-treier tag-schafe\" data-elementor-post-type=\"elementor_library\" data-custom-edit-handle=\"1\">\n\t\t\t<div class=\"elementor-element elementor-element-c79cfe5 e-flex e-con-boxed e-con e-parent\" data-id=\"c79cfe5\" data-element_type=\"container\" data-e-type=\"container\">\n\t\t\t\t\t<div class=\"e-con-inner\">\n\t\t<div class=\"elementor-element elementor-element-64a3d73 e-con-full e-flex e-con e-child\" data-id=\"64a3d73\" data-element_type=\"container\" data-e-type=\"container\">\n\t\t\t\t<div class=\"elementor-element elementor-element-2e3812c elementor-widget__width-inherit elementor-widget elementor-widget-image\" data-id=\"2e3812c\" data-element_type=\"widget\" data-e-type=\"widget\" data-widget_type=\"image.default\">\n\t\t\t\t<div class=\"elementor-widget-container\">\n\t\t\t\t\t\t\t\t\t\t\t\t\t\t\t\t<a href=\"https:\/\/permakultur-landwirtschaft.org\/fr\/agroforst-verbindet-wald-und-offenland-beitrag-vom-16-dezember-2025\/\">\n\t\t\t\t\t\t\t<img loading=\"lazy\" decoding=\"async\" width=\"700\" height=\"466\" src=\"https:\/\/permakultur-landwirtschaft.org\/wp-content\/uploads\/2025\/12\/FiBL_csm_RolfTreier_FiBL_SimonaMoosmann_066eddacb3.jpg\" class=\"attachment-full size-full wp-image-37511\" alt=\"Rolf Treier\" srcset=\"https:\/\/permakultur-landwirtschaft.org\/wp-content\/uploads\/2025\/12\/FiBL_csm_RolfTreier_FiBL_SimonaMoosmann_066eddacb3.jpg 700w, https:\/\/permakultur-landwirtschaft.org\/wp-content\/uploads\/2025\/12\/FiBL_csm_RolfTreier_FiBL_SimonaMoosmann_066eddacb3-300x200.jpg 300w, https:\/\/permakultur-landwirtschaft.org\/wp-content\/uploads\/2025\/12\/FiBL_csm_RolfTreier_FiBL_SimonaMoosmann_066eddacb3-18x12.jpg 18w\" sizes=\"(max-width: 700px) 100vw, 700px\" \/>\t\t\t\t\t\t\t\t<\/a>\n\t\t\t\t\t\t\t\t\t\t\t\t\t\t\t<\/div>\n\t\t\t\t<\/div>\n\t\t\t\t<div class=\"elementor-element elementor-element-65dfa9f elementor-widget elementor-widget-theme-post-title elementor-page-title elementor-widget-heading\" data-id=\"65dfa9f\" data-element_type=\"widget\" data-e-type=\"widget\" data-widget_type=\"theme-post-title.default\">\n\t\t\t\t<div class=\"elementor-widget-container\">\n\t\t\t\t\t<h3 class=\"elementor-heading-title elementor-size-default\"><a href=\"https:\/\/permakultur-landwirtschaft.org\/fr\/agroforst-verbindet-wald-und-offenland-beitrag-vom-16-dezember-2025\/\">Agroforst verbindet Wald und Offenland &#8211; Beitrag vom 16. Dezember 2025<\/a><\/h3>\t\t\t\t<\/div>\n\t\t\t\t<\/div>\n\t\t\t\t<div class=\"elementor-element elementor-element-0ad4e09 elementor-absolute elementor-widget elementor-widget-text-editor\" data-id=\"0ad4e09\" data-element_type=\"widget\" data-e-type=\"widget\" data-settings=\"{&quot;_position&quot;:&quot;absolute&quot;}\" data-widget_type=\"text-editor.default\">\n\t\t\t\t<div class=\"elementor-widget-container\">\n\t\t\t\t\t\t\t\t\tFilm\t\t\t\t\t\t\t\t<\/div>\n\t\t\t\t<\/div>\n\t\t\t\t<\/div>\n\t\t\t\t\t<\/div>\n\t\t\t\t<\/div>\n\t\t\t\t<\/div>\n\t\t\t\t<div data-elementor-type=\"loop-item\" data-elementor-id=\"37613\" class=\"elementor elementor-37613 e-loop-item e-loop-item-37522 post-37522 post type-post status-publish format-standard has-post-thumbnail hentry category-neuigkeit tag-permaculture tag-public-health-policy-and-the-law tag-science tag-steuerreduktion tag-tax tag-usda\" data-elementor-post-type=\"elementor_library\" data-custom-edit-handle=\"1\">\n\t\t\t<div class=\"elementor-element elementor-element-c79cfe5 e-flex e-con-boxed e-con e-parent\" data-id=\"c79cfe5\" data-element_type=\"container\" data-e-type=\"container\">\n\t\t\t\t\t<div class=\"e-con-inner\">\n\t\t<div class=\"elementor-element elementor-element-64a3d73 e-con-full e-flex e-con e-child\" data-id=\"64a3d73\" data-element_type=\"container\" data-e-type=\"container\">\n\t\t\t\t<div class=\"elementor-element elementor-element-2e3812c elementor-widget__width-inherit elementor-widget elementor-widget-image\" data-id=\"2e3812c\" data-element_type=\"widget\" data-e-type=\"widget\" data-widget_type=\"image.default\">\n\t\t\t\t<div class=\"elementor-widget-container\">\n\t\t\t\t\t\t\t\t\t\t\t\t\t\t\t\t<a href=\"https:\/\/permakultur-landwirtschaft.org\/fr\/steuerverguenstigung-fuer-permakultur-idee-aus-den-usa-beitrag-vom-dezember-2025\/\">\n\t\t\t\t\t\t\t<img loading=\"lazy\" decoding=\"async\" width=\"700\" height=\"466\" src=\"https:\/\/permakultur-landwirtschaft.org\/wp-content\/uploads\/2025\/12\/AdobeStock_523737749.jpeg\" class=\"attachment-full size-full wp-image-37523\" alt=\"Mann am Schreibtisch macht Berechnungen\" srcset=\"https:\/\/permakultur-landwirtschaft.org\/wp-content\/uploads\/2025\/12\/AdobeStock_523737749.jpeg 700w, https:\/\/permakultur-landwirtschaft.org\/wp-content\/uploads\/2025\/12\/AdobeStock_523737749-300x200.jpeg 300w, https:\/\/permakultur-landwirtschaft.org\/wp-content\/uploads\/2025\/12\/AdobeStock_523737749-18x12.jpeg 18w\" sizes=\"(max-width: 700px) 100vw, 700px\" \/>\t\t\t\t\t\t\t\t<\/a>\n\t\t\t\t\t\t\t\t\t\t\t\t\t\t\t<\/div>\n\t\t\t\t<\/div>\n\t\t\t\t<div class=\"elementor-element elementor-element-65dfa9f elementor-widget elementor-widget-theme-post-title elementor-page-title elementor-widget-heading\" data-id=\"65dfa9f\" data-element_type=\"widget\" data-e-type=\"widget\" data-widget_type=\"theme-post-title.default\">\n\t\t\t\t<div class=\"elementor-widget-container\">\n\t\t\t\t\t<h3 class=\"elementor-heading-title elementor-size-default\"><a href=\"https:\/\/permakultur-landwirtschaft.org\/fr\/steuerverguenstigung-fuer-permakultur-idee-aus-den-usa-beitrag-vom-dezember-2025\/\">Steuerverg\u00fcnstigung f\u00fcr Permakultur &#8211; Idee aus den USA &#8211; Beitrag vom Dezember 2025<\/a><\/h3>\t\t\t\t<\/div>\n\t\t\t\t<\/div>\n\t\t\t\t<div class=\"elementor-element elementor-element-0ad4e09 elementor-absolute elementor-widget elementor-widget-text-editor\" data-id=\"0ad4e09\" data-element_type=\"widget\" data-e-type=\"widget\" data-settings=\"{&quot;_position&quot;:&quot;absolute&quot;}\" data-widget_type=\"text-editor.default\">\n\t\t\t\t<div class=\"elementor-widget-container\">\n\t\t\t\t\t\t\t\t\tNeuigkeit\t\t\t\t\t\t\t\t<\/div>\n\t\t\t\t<\/div>\n\t\t\t\t<\/div>\n\t\t\t\t\t<\/div>\n\t\t\t\t<\/div>\n\t\t\t\t<\/div>\n\t\t\t\t<div data-elementor-type=\"loop-item\" data-elementor-id=\"37613\" class=\"elementor elementor-37613 e-loop-item e-loop-item-37515 post-37515 post type-post status-publish format-standard has-post-thumbnail hentry category-neuigkeit tag-agridea tag-fibl tag-kleinstbetriebe tag-microfermes tag-portraits tag-publikation\" data-elementor-post-type=\"elementor_library\" data-custom-edit-handle=\"1\">\n\t\t\t<div class=\"elementor-element elementor-element-c79cfe5 e-flex e-con-boxed e-con e-parent\" data-id=\"c79cfe5\" data-element_type=\"container\" data-e-type=\"container\">\n\t\t\t\t\t<div class=\"e-con-inner\">\n\t\t<div class=\"elementor-element elementor-element-64a3d73 e-con-full e-flex e-con e-child\" data-id=\"64a3d73\" data-element_type=\"container\" data-e-type=\"container\">\n\t\t\t\t<div class=\"elementor-element elementor-element-2e3812c elementor-widget__width-inherit elementor-widget elementor-widget-image\" data-id=\"2e3812c\" data-element_type=\"widget\" data-e-type=\"widget\" data-widget_type=\"image.default\">\n\t\t\t\t<div class=\"elementor-widget-container\">\n\t\t\t\t\t\t\t\t\t\t\t\t\t\t\t\t<a href=\"https:\/\/permakultur-landwirtschaft.org\/fr\/microfermes-in-der-schweiz-noch-wenig-bekannt-beitrag-vom-12-dezember-2025\/\">\n\t\t\t\t\t\t\t<img loading=\"lazy\" decoding=\"async\" width=\"700\" height=\"424\" src=\"https:\/\/permakultur-landwirtschaft.org\/wp-content\/uploads\/2025\/12\/PotagOex-2025-FiBL-Agridea-1801-microfermes-de.jpeg\" class=\"attachment-full size-full wp-image-37517\" alt=\"Potag\u2019Oex\" srcset=\"https:\/\/permakultur-landwirtschaft.org\/wp-content\/uploads\/2025\/12\/PotagOex-2025-FiBL-Agridea-1801-microfermes-de.jpeg 700w, https:\/\/permakultur-landwirtschaft.org\/wp-content\/uploads\/2025\/12\/PotagOex-2025-FiBL-Agridea-1801-microfermes-de-300x182.jpeg 300w, https:\/\/permakultur-landwirtschaft.org\/wp-content\/uploads\/2025\/12\/PotagOex-2025-FiBL-Agridea-1801-microfermes-de-18x12.jpeg 18w\" sizes=\"(max-width: 700px) 100vw, 700px\" \/>\t\t\t\t\t\t\t\t<\/a>\n\t\t\t\t\t\t\t\t\t\t\t\t\t\t\t<\/div>\n\t\t\t\t<\/div>\n\t\t\t\t<div class=\"elementor-element elementor-element-65dfa9f elementor-widget elementor-widget-theme-post-title elementor-page-title elementor-widget-heading\" data-id=\"65dfa9f\" data-element_type=\"widget\" data-e-type=\"widget\" data-widget_type=\"theme-post-title.default\">\n\t\t\t\t<div class=\"elementor-widget-container\">\n\t\t\t\t\t<h3 class=\"elementor-heading-title elementor-size-default\"><a href=\"https:\/\/permakultur-landwirtschaft.org\/fr\/microfermes-in-der-schweiz-noch-wenig-bekannt-beitrag-vom-12-dezember-2025\/\">Microfermes in der Schweiz: noch wenig bekannt &#8211; Beitrag vom 12. Dezember 2025<\/a><\/h3>\t\t\t\t<\/div>\n\t\t\t\t<\/div>\n\t\t\t\t<div class=\"elementor-element elementor-element-0ad4e09 elementor-absolute elementor-widget elementor-widget-text-editor\" data-id=\"0ad4e09\" data-element_type=\"widget\" data-e-type=\"widget\" data-settings=\"{&quot;_position&quot;:&quot;absolute&quot;}\" data-widget_type=\"text-editor.default\">\n\t\t\t\t<div class=\"elementor-widget-container\">\n\t\t\t\t\t\t\t\t\tNeuigkeit\t\t\t\t\t\t\t\t<\/div>\n\t\t\t\t<\/div>\n\t\t\t\t<\/div>\n\t\t\t\t\t<\/div>\n\t\t\t\t<\/div>\n\t\t\t\t<\/div>\n\t\t\t\t<div data-elementor-type=\"loop-item\" data-elementor-id=\"37613\" class=\"elementor elementor-37613 e-loop-item e-loop-item-37519 post-37519 post type-post status-publish format-standard has-post-thumbnail hentry category-neuigkeit tag-eth tag-roboter\" data-elementor-post-type=\"elementor_library\" data-custom-edit-handle=\"1\">\n\t\t\t<div class=\"elementor-element elementor-element-c79cfe5 e-flex e-con-boxed e-con e-parent\" data-id=\"c79cfe5\" data-element_type=\"container\" data-e-type=\"container\">\n\t\t\t\t\t<div class=\"e-con-inner\">\n\t\t<div class=\"elementor-element elementor-element-64a3d73 e-con-full e-flex e-con e-child\" data-id=\"64a3d73\" data-element_type=\"container\" data-e-type=\"container\">\n\t\t\t\t<div class=\"elementor-element elementor-element-2e3812c elementor-widget__width-inherit elementor-widget elementor-widget-image\" data-id=\"2e3812c\" data-element_type=\"widget\" data-e-type=\"widget\" data-widget_type=\"image.default\">\n\t\t\t\t<div class=\"elementor-widget-container\">\n\t\t\t\t\t\t\t\t\t\t\t\t\t\t\t\t<a href=\"https:\/\/permakultur-landwirtschaft.org\/fr\/saeen-ernten-sortieren-roboter-lernen-permakultur-beitrag-vom-11-dezember-2025\/\">\n\t\t\t\t\t\t\t<img loading=\"lazy\" decoding=\"async\" width=\"700\" height=\"350\" src=\"https:\/\/permakultur-landwirtschaft.org\/wp-content\/uploads\/2025\/12\/20251211_eth_imagePanorama.imageformat.carousel.1768552868.jpg\" class=\"attachment-full size-full wp-image-37520\" alt=\"Innovation Project 2025\" srcset=\"https:\/\/permakultur-landwirtschaft.org\/wp-content\/uploads\/2025\/12\/20251211_eth_imagePanorama.imageformat.carousel.1768552868.jpg 700w, https:\/\/permakultur-landwirtschaft.org\/wp-content\/uploads\/2025\/12\/20251211_eth_imagePanorama.imageformat.carousel.1768552868-300x150.jpg 300w, https:\/\/permakultur-landwirtschaft.org\/wp-content\/uploads\/2025\/12\/20251211_eth_imagePanorama.imageformat.carousel.1768552868-18x9.jpg 18w\" sizes=\"(max-width: 700px) 100vw, 700px\" \/>\t\t\t\t\t\t\t\t<\/a>\n\t\t\t\t\t\t\t\t\t\t\t\t\t\t\t<\/div>\n\t\t\t\t<\/div>\n\t\t\t\t<div class=\"elementor-element elementor-element-65dfa9f elementor-widget elementor-widget-theme-post-title elementor-page-title elementor-widget-heading\" data-id=\"65dfa9f\" data-element_type=\"widget\" data-e-type=\"widget\" data-widget_type=\"theme-post-title.default\">\n\t\t\t\t<div class=\"elementor-widget-container\">\n\t\t\t\t\t<h3 class=\"elementor-heading-title elementor-size-default\"><a href=\"https:\/\/permakultur-landwirtschaft.org\/fr\/saeen-ernten-sortieren-roboter-lernen-permakultur-beitrag-vom-11-dezember-2025\/\">S\u00e4en, ernten, sortieren: Roboter lernen Permakultur &#8211; Beitrag vom 11. Dezember 2025<\/a><\/h3>\t\t\t\t<\/div>\n\t\t\t\t<\/div>\n\t\t\t\t<div class=\"elementor-element elementor-element-0ad4e09 elementor-absolute elementor-widget elementor-widget-text-editor\" data-id=\"0ad4e09\" data-element_type=\"widget\" data-e-type=\"widget\" data-settings=\"{&quot;_position&quot;:&quot;absolute&quot;}\" data-widget_type=\"text-editor.default\">\n\t\t\t\t<div class=\"elementor-widget-container\">\n\t\t\t\t\t\t\t\t\tNeuigkeit\t\t\t\t\t\t\t\t<\/div>\n\t\t\t\t<\/div>\n\t\t\t\t<\/div>\n\t\t\t\t\t<\/div>\n\t\t\t\t<\/div>\n\t\t\t\t<\/div>\n\t\t\t\t<div data-elementor-type=\"loop-item\" data-elementor-id=\"37613\" class=\"elementor elementor-37613 e-loop-item e-loop-item-39251 post-39251 post type-post status-publish format-standard has-post-thumbnail hentry category-kinofilm tag-josef-holzer tag-kinofilm tag-krameterhof tag-permakultur tag-sepp-holzer\" data-elementor-post-type=\"elementor_library\" data-custom-edit-handle=\"1\">\n\t\t\t<div class=\"elementor-element elementor-element-c79cfe5 e-flex e-con-boxed e-con e-parent\" data-id=\"c79cfe5\" data-element_type=\"container\" data-e-type=\"container\">\n\t\t\t\t\t<div class=\"e-con-inner\">\n\t\t<div class=\"elementor-element elementor-element-64a3d73 e-con-full e-flex e-con e-child\" data-id=\"64a3d73\" data-element_type=\"container\" data-e-type=\"container\">\n\t\t\t\t<div class=\"elementor-element elementor-element-2e3812c elementor-widget__width-inherit elementor-widget elementor-widget-image\" data-id=\"2e3812c\" data-element_type=\"widget\" data-e-type=\"widget\" data-widget_type=\"image.default\">\n\t\t\t\t<div class=\"elementor-widget-container\">\n\t\t\t\t\t\t\t\t\t\t\t\t\t\t\t\t<a href=\"https:\/\/permakultur-landwirtschaft.org\/fr\/elements-off-balance-kinofilm-vom-05-dezember-2025\/\">\n\t\t\t\t\t\t\t<img loading=\"lazy\" decoding=\"async\" width=\"701\" height=\"365\" src=\"https:\/\/permakultur-landwirtschaft.org\/wp-content\/uploads\/2026\/04\/elements_off_balance_16-04-2026_11-50-57.jpg\" class=\"attachment-full size-full wp-image-39252\" alt=\"Sepp und Josef Holzer\" srcset=\"https:\/\/permakultur-landwirtschaft.org\/wp-content\/uploads\/2026\/04\/elements_off_balance_16-04-2026_11-50-57.jpg 701w, https:\/\/permakultur-landwirtschaft.org\/wp-content\/uploads\/2026\/04\/elements_off_balance_16-04-2026_11-50-57-300x156.jpg 300w, https:\/\/permakultur-landwirtschaft.org\/wp-content\/uploads\/2026\/04\/elements_off_balance_16-04-2026_11-50-57-18x9.jpg 18w\" sizes=\"(max-width: 701px) 100vw, 701px\" \/>\t\t\t\t\t\t\t\t<\/a>\n\t\t\t\t\t\t\t\t\t\t\t\t\t\t\t<\/div>\n\t\t\t\t<\/div>\n\t\t\t\t<div class=\"elementor-element elementor-element-65dfa9f elementor-widget elementor-widget-theme-post-title elementor-page-title elementor-widget-heading\" data-id=\"65dfa9f\" data-element_type=\"widget\" data-e-type=\"widget\" data-widget_type=\"theme-post-title.default\">\n\t\t\t\t<div class=\"elementor-widget-container\">\n\t\t\t\t\t<h3 class=\"elementor-heading-title elementor-size-default\"><a href=\"https:\/\/permakultur-landwirtschaft.org\/fr\/elements-off-balance-kinofilm-vom-05-dezember-2025\/\">Elements of(f) Balance &#8211; Kinofilm vom 05. Dezember 2025<\/a><\/h3>\t\t\t\t<\/div>\n\t\t\t\t<\/div>\n\t\t\t\t<div class=\"elementor-element elementor-element-0ad4e09 elementor-absolute elementor-widget elementor-widget-text-editor\" data-id=\"0ad4e09\" data-element_type=\"widget\" data-e-type=\"widget\" data-settings=\"{&quot;_position&quot;:&quot;absolute&quot;}\" data-widget_type=\"text-editor.default\">\n\t\t\t\t<div class=\"elementor-widget-container\">\n\t\t\t\t\t\t\t\t\tKinofilm\t\t\t\t\t\t\t\t<\/div>\n\t\t\t\t<\/div>\n\t\t\t\t<\/div>\n\t\t\t\t\t<\/div>\n\t\t\t\t<\/div>\n\t\t\t\t<\/div>\n\t\t\t\t<\/div>\n\t\t\t\t\t<span class=\"e-load-more-spinner\">\n\t\t\t\t<svg aria-hidden=\"true\" class=\"e-font-icon-svg e-fas-spinner\" viewBox=\"0 0 512 512\" xmlns=\"http:\/\/www.w3.org\/2000\/svg\"><path d=\"M304 48c0 26.51-21.49 48-48 48s-48-21.49-48-48 21.49-48 48-48 48 21.49 48 48zm-48 368c-26.51 0-48 21.49-48 48s21.49 48 48 48 48-21.49 48-48-21.49-48-48-48zm208-208c-26.51 0-48 21.49-48 48s21.49 48 48 48 48-21.49 48-48-21.49-48-48-48zM96 256c0-26.51-21.49-48-48-48S0 229.49 0 256s21.49 48 48 48 48-21.49 48-48zm12.922 99.078c-26.51 0-48 21.49-48 48s21.49 48 48 48 48-21.49 48-48c0-26.509-21.491-48-48-48zm294.156 0c-26.51 0-48 21.49-48 48s21.49 48 48 48 48-21.49 48-48c0-26.509-21.49-48-48-48zM108.922 60.922c-26.51 0-48 21.49-48 48s21.49 48 48 48 48-21.49 48-48-21.491-48-48-48z\"><\/path><\/svg>\t\t\t<\/span>\n\t\t\n\t\t\t\t<div class=\"e-load-more-anchor\" data-page=\"1\" data-max-page=\"15\" data-next-page=\"https:\/\/permakultur-landwirtschaft.org\/fr\/wp-json\/wp\/v2\/pages\/826\/page\/2\/\"><\/div>\n\t\t\t\t<div class=\"e-loop__load-more elementor-button-wrapper\">\n\t\t\t<a class=\"elementor-button elementor-size-sm\" role=\"button\">\n\t\t\t\t\t\t<span class=\"elementor-button-content-wrapper\">\n\t\t\t\t\t\t\t\t\t<span class=\"elementor-button-text\">weitere...<\/span>\n\t\t\t\t\t<\/span>\n\t\t\t\t\t<\/a>\n\t\t<\/div>\n\t\t\t\t<div class=\"e-load-more-message\"><\/div>\n\t\t\t\t\t\t<\/div>\n\t\t\t\t<\/div>\n\t\t\t\t<div class=\"elementor-element elementor-element-acf4bba elementor-widget elementor-widget-spacer\" data-id=\"acf4bba\" data-element_type=\"widget\" data-e-type=\"widget\" data-widget_type=\"spacer.default\">\n\t\t\t\t<div class=\"elementor-widget-container\">\n\t\t\t\t\t\t\t<div class=\"elementor-spacer\">\n\t\t\t<div class=\"elementor-spacer-inner\"><\/div>\n\t\t<\/div>\n\t\t\t\t\t\t<\/div>\n\t\t\t\t<\/div>\n\t\t\t\t<\/div>\n\t\t\t\t\t<\/div>\n\t\t\t\t<\/div>\n\t\t\t\t<\/div>\n\t\t","protected":false},"excerpt":{"rendered":"<p>Neuigkeiten zu Permakultur-Landwirtschaft Gerne halten wir dich auf dem Laufenden, was \u00fcber Permakultur-Landwirtschaft und verwandte Themen berichtet wird.<\/p>","protected":false},"author":2,"featured_media":34978,"parent":0,"menu_order":0,"comment_status":"closed","ping_status":"closed","template":"","meta":{"_acf_changed":false,"site-sidebar-layout":"default","site-content-layout":"","ast-site-content-layout":"default","site-content-style":"default","site-sidebar-style":"default","ast-global-header-display":"","ast-banner-title-visibility":"","ast-main-header-display":"","ast-hfb-above-header-display":"","ast-hfb-below-header-display":"","ast-hfb-mobile-header-display":"","site-post-title":"","ast-breadcrumbs-content":"","ast-featured-img":"","footer-sml-layout":"","ast-disable-related-posts":"","theme-transparent-header-meta":"","adv-header-id-meta":"","stick-header-meta":"","header-above-stick-meta":"","header-main-stick-meta":"","header-below-stick-meta":"","astra-migrate-meta-layouts":"set","ast-page-background-enabled":"default","ast-page-background-meta":{"desktop":{"background-color":"var(--ast-global-color-4)","background-image":"","background-repeat":"repeat","background-position":"center center","background-size":"auto","background-attachment":"scroll","background-type":"","background-media":"","overlay-type":"","overlay-color":"","overlay-opacity":"","overlay-gradient":""},"tablet":{"background-color":"","background-image":"","background-repeat":"repeat","background-position":"center center","background-size":"auto","background-attachment":"scroll","background-type":"","background-media":"","overlay-type":"","overlay-color":"","overlay-opacity":"","overlay-gradient":""},"mobile":{"background-color":"","background-image":"","background-repeat":"repeat","background-position":"center center","background-size":"auto","background-attachment":"scroll","background-type":"","background-media":"","overlay-type":"","overlay-color":"","overlay-opacity":"","overlay-gradient":""}},"ast-content-background-meta":{"desktop":{"background-color":"var(--ast-global-color-5)","background-image":"","background-repeat":"repeat","background-position":"center center","background-size":"auto","background-attachment":"scroll","background-type":"","background-media":"","overlay-type":"","overlay-color":"","overlay-opacity":"","overlay-gradient":""},"tablet":{"background-color":"var(--ast-global-color-5)","background-image":"","background-repeat":"repeat","background-position":"center center","background-size":"auto","background-attachment":"scroll","background-type":"","background-media":"","overlay-type":"","overlay-color":"","overlay-opacity":"","overlay-gradient":""},"mobile":{"background-color":"var(--ast-global-color-5)","background-image":"","background-repeat":"repeat","background-position":"center center","background-size":"auto","background-attachment":"scroll","background-type":"","background-media":"","overlay-type":"","overlay-color":"","overlay-opacity":"","overlay-gradient":""}},"footnotes":""},"class_list":["post-826","page","type-page","status-publish","has-post-thumbnail","hentry"],"acf":[],"yoast_head":"<!-- This site is optimized with the Yoast SEO plugin v27.5 - https:\/\/yoast.com\/product\/yoast-seo-wordpress\/ -->\n<title>Neuigkeiten - Permakultur-Landwirtschaft<\/title>\n<meta name=\"description\" content=\"Neuigkeiten aus Presse, Podcasts und sonstigen Kan\u00e4len rund um das Thema Permakultur-Landwirtschaft.\" \/>\n<meta name=\"robots\" content=\"index, follow, max-snippet:-1, max-image-preview:large, max-video-preview:-1\" \/>\n<link rel=\"canonical\" href=\"https:\/\/permakultur-landwirtschaft.org\/fr\/news\/\" \/>\n<meta property=\"og:locale\" content=\"fr_FR\" \/>\n<meta property=\"og:type\" content=\"article\" \/>\n<meta property=\"og:title\" content=\"Neuigkeiten - Permakultur-Landwirtschaft\" \/>\n<meta property=\"og:description\" content=\"Neuigkeiten aus Presse, Podcasts und sonstigen Kan\u00e4len rund um das Thema Permakultur-Landwirtschaft.\" \/>\n<meta property=\"og:url\" content=\"https:\/\/permakultur-landwirtschaft.org\/fr\/news\/\" \/>\n<meta property=\"og:site_name\" content=\"Permakultur-Landwirtschaft\" \/>\n<meta property=\"article:publisher\" content=\"https:\/\/www.facebook.com\/PermakulturLandwirtschaft\" \/>\n<meta property=\"article:modified_time\" content=\"2026-03-31T07:29:41+00:00\" \/>\n<meta property=\"og:image\" content=\"https:\/\/permakultur-landwirtschaft.org\/wp-content\/uploads\/2024\/06\/Was_Neues_Zeitung_AdobeStock_291494906_small.jpg\" \/>\n\t<meta property=\"og:image:width\" content=\"700\" \/>\n\t<meta property=\"og:image:height\" content=\"467\" \/>\n\t<meta property=\"og:image:type\" content=\"image\/jpeg\" \/>\n<meta name=\"twitter:card\" content=\"summary_large_image\" \/>\n<meta name=\"twitter:label1\" content=\"Dur\u00e9e de lecture estim\u00e9e\" \/>\n\t<meta name=\"twitter:data1\" content=\"22 minutes\" \/>\n<script type=\"application\/ld+json\" class=\"yoast-schema-graph\">{\"@context\":\"https:\\\/\\\/schema.org\",\"@graph\":[{\"@type\":\"WebPage\",\"@id\":\"https:\\\/\\\/permakultur-landwirtschaft.org\\\/news\\\/\",\"url\":\"https:\\\/\\\/permakultur-landwirtschaft.org\\\/news\\\/\",\"name\":\"Neuigkeiten - Permakultur-Landwirtschaft\",\"isPartOf\":{\"@id\":\"https:\\\/\\\/permakultur-landwirtschaft.org\\\/#website\"},\"primaryImageOfPage\":{\"@id\":\"https:\\\/\\\/permakultur-landwirtschaft.org\\\/news\\\/#primaryimage\"},\"image\":{\"@id\":\"https:\\\/\\\/permakultur-landwirtschaft.org\\\/news\\\/#primaryimage\"},\"thumbnailUrl\":\"https:\\\/\\\/permakultur-landwirtschaft.org\\\/wp-content\\\/uploads\\\/2024\\\/06\\\/Was_Neues_Zeitung_AdobeStock_291494906_small.jpg\",\"datePublished\":\"2017-01-28T21:38:47+00:00\",\"dateModified\":\"2026-03-31T07:29:41+00:00\",\"description\":\"Neuigkeiten aus Presse, Podcasts und sonstigen Kan\u00e4len rund um das Thema Permakultur-Landwirtschaft.\",\"breadcrumb\":{\"@id\":\"https:\\\/\\\/permakultur-landwirtschaft.org\\\/news\\\/#breadcrumb\"},\"inLanguage\":\"fr-FR\",\"potentialAction\":[{\"@type\":\"ReadAction\",\"target\":[\"https:\\\/\\\/permakultur-landwirtschaft.org\\\/news\\\/\"]}]},{\"@type\":\"ImageObject\",\"inLanguage\":\"fr-FR\",\"@id\":\"https:\\\/\\\/permakultur-landwirtschaft.org\\\/news\\\/#primaryimage\",\"url\":\"https:\\\/\\\/permakultur-landwirtschaft.org\\\/wp-content\\\/uploads\\\/2024\\\/06\\\/Was_Neues_Zeitung_AdobeStock_291494906_small.jpg\",\"contentUrl\":\"https:\\\/\\\/permakultur-landwirtschaft.org\\\/wp-content\\\/uploads\\\/2024\\\/06\\\/Was_Neues_Zeitung_AdobeStock_291494906_small.jpg\",\"width\":700,\"height\":467,\"caption\":\"Bild: AdobeStock\"},{\"@type\":\"BreadcrumbList\",\"@id\":\"https:\\\/\\\/permakultur-landwirtschaft.org\\\/news\\\/#breadcrumb\",\"itemListElement\":[{\"@type\":\"ListItem\",\"position\":1,\"name\":\"Startseite\",\"item\":\"https:\\\/\\\/permakultur-landwirtschaft.org\\\/\"},{\"@type\":\"ListItem\",\"position\":2,\"name\":\"Neuigkeiten\"}]},{\"@type\":\"WebSite\",\"@id\":\"https:\\\/\\\/permakultur-landwirtschaft.org\\\/#website\",\"url\":\"https:\\\/\\\/permakultur-landwirtschaft.org\\\/\",\"name\":\"Permakultur-Landwirtschaft\",\"description\":\"F\u00f6rderung der Permakultur in der Landwirtschaft\",\"publisher\":{\"@id\":\"https:\\\/\\\/permakultur-landwirtschaft.org\\\/#organization\"},\"potentialAction\":[{\"@type\":\"SearchAction\",\"target\":{\"@type\":\"EntryPoint\",\"urlTemplate\":\"https:\\\/\\\/permakultur-landwirtschaft.org\\\/?s={search_term_string}\"},\"query-input\":{\"@type\":\"PropertyValueSpecification\",\"valueRequired\":true,\"valueName\":\"search_term_string\"}}],\"inLanguage\":\"fr-FR\"},{\"@type\":\"Organization\",\"@id\":\"https:\\\/\\\/permakultur-landwirtschaft.org\\\/#organization\",\"name\":\"Permakultur-Landwirtschaft\",\"alternateName\":\"Verein Permakultur-Landwirtschaft\",\"url\":\"https:\\\/\\\/permakultur-landwirtschaft.org\\\/\",\"logo\":{\"@type\":\"ImageObject\",\"inLanguage\":\"fr-FR\",\"@id\":\"https:\\\/\\\/permakultur-landwirtschaft.org\\\/#\\\/schema\\\/logo\\\/image\\\/\",\"url\":\"https:\\\/\\\/permakultur-landwirtschaft.org\\\/wp-content\\\/uploads\\\/2021\\\/11\\\/pela_1268x1269.png\",\"contentUrl\":\"https:\\\/\\\/permakultur-landwirtschaft.org\\\/wp-content\\\/uploads\\\/2021\\\/11\\\/pela_1268x1269.png\",\"width\":1298,\"height\":1269,\"caption\":\"Permakultur-Landwirtschaft\"},\"image\":{\"@id\":\"https:\\\/\\\/permakultur-landwirtschaft.org\\\/#\\\/schema\\\/logo\\\/image\\\/\"},\"sameAs\":[\"https:\\\/\\\/www.facebook.com\\\/PermakulturLandwirtschaft\",\"https:\\\/\\\/www.instagram.com\\\/permakultur_landwirtschaft\\\/\",\"https:\\\/\\\/www.flickr.com\\\/photos\\\/permakultur-landwirtschaft\",\"https:\\\/\\\/www.youtube.com\\\/@PermakulturLandwirtschaft\"]}]}<\/script>\n<!-- \/ Yoast SEO plugin. -->","yoast_head_json":{"title":"Neuigkeiten - Permakultur-Landwirtschaft","description":"Neuigkeiten aus Presse, Podcasts und sonstigen Kan\u00e4len rund um das Thema Permakultur-Landwirtschaft.","robots":{"index":"index","follow":"follow","max-snippet":"max-snippet:-1","max-image-preview":"max-image-preview:large","max-video-preview":"max-video-preview:-1"},"canonical":"https:\/\/permakultur-landwirtschaft.org\/fr\/news\/","og_locale":"fr_FR","og_type":"article","og_title":"Neuigkeiten - Permakultur-Landwirtschaft","og_description":"Neuigkeiten aus Presse, Podcasts und sonstigen Kan\u00e4len rund um das Thema Permakultur-Landwirtschaft.","og_url":"https:\/\/permakultur-landwirtschaft.org\/fr\/news\/","og_site_name":"Permakultur-Landwirtschaft","article_publisher":"https:\/\/www.facebook.com\/PermakulturLandwirtschaft","article_modified_time":"2026-03-31T07:29:41+00:00","og_image":[{"width":700,"height":467,"url":"https:\/\/permakultur-landwirtschaft.org\/wp-content\/uploads\/2024\/06\/Was_Neues_Zeitung_AdobeStock_291494906_small.jpg","type":"image\/jpeg"}],"twitter_card":"summary_large_image","twitter_misc":{"Dur\u00e9e de lecture estim\u00e9e":"22 minutes"},"schema":{"@context":"https:\/\/schema.org","@graph":[{"@type":"WebPage","@id":"https:\/\/permakultur-landwirtschaft.org\/news\/","url":"https:\/\/permakultur-landwirtschaft.org\/news\/","name":"Neuigkeiten - Permakultur-Landwirtschaft","isPartOf":{"@id":"https:\/\/permakultur-landwirtschaft.org\/#website"},"primaryImageOfPage":{"@id":"https:\/\/permakultur-landwirtschaft.org\/news\/#primaryimage"},"image":{"@id":"https:\/\/permakultur-landwirtschaft.org\/news\/#primaryimage"},"thumbnailUrl":"https:\/\/permakultur-landwirtschaft.org\/wp-content\/uploads\/2024\/06\/Was_Neues_Zeitung_AdobeStock_291494906_small.jpg","datePublished":"2017-01-28T21:38:47+00:00","dateModified":"2026-03-31T07:29:41+00:00","description":"Neuigkeiten aus Presse, Podcasts und sonstigen Kan\u00e4len rund um das Thema Permakultur-Landwirtschaft.","breadcrumb":{"@id":"https:\/\/permakultur-landwirtschaft.org\/news\/#breadcrumb"},"inLanguage":"fr-FR","potentialAction":[{"@type":"ReadAction","target":["https:\/\/permakultur-landwirtschaft.org\/news\/"]}]},{"@type":"ImageObject","inLanguage":"fr-FR","@id":"https:\/\/permakultur-landwirtschaft.org\/news\/#primaryimage","url":"https:\/\/permakultur-landwirtschaft.org\/wp-content\/uploads\/2024\/06\/Was_Neues_Zeitung_AdobeStock_291494906_small.jpg","contentUrl":"https:\/\/permakultur-landwirtschaft.org\/wp-content\/uploads\/2024\/06\/Was_Neues_Zeitung_AdobeStock_291494906_small.jpg","width":700,"height":467,"caption":"Bild: AdobeStock"},{"@type":"BreadcrumbList","@id":"https:\/\/permakultur-landwirtschaft.org\/news\/#breadcrumb","itemListElement":[{"@type":"ListItem","position":1,"name":"Startseite","item":"https:\/\/permakultur-landwirtschaft.org\/"},{"@type":"ListItem","position":2,"name":"Neuigkeiten"}]},{"@type":"WebSite","@id":"https:\/\/permakultur-landwirtschaft.org\/#website","url":"https:\/\/permakultur-landwirtschaft.org\/","name":"Permakultur-Landwirtschaft","description":"F\u00f6rderung der Permakultur in der Landwirtschaft","publisher":{"@id":"https:\/\/permakultur-landwirtschaft.org\/#organization"},"potentialAction":[{"@type":"SearchAction","target":{"@type":"EntryPoint","urlTemplate":"https:\/\/permakultur-landwirtschaft.org\/?s={search_term_string}"},"query-input":{"@type":"PropertyValueSpecification","valueRequired":true,"valueName":"search_term_string"}}],"inLanguage":"fr-FR"},{"@type":"Organization","@id":"https:\/\/permakultur-landwirtschaft.org\/#organization","name":"Permakultur-Landwirtschaft","alternateName":"Verein Permakultur-Landwirtschaft","url":"https:\/\/permakultur-landwirtschaft.org\/","logo":{"@type":"ImageObject","inLanguage":"fr-FR","@id":"https:\/\/permakultur-landwirtschaft.org\/#\/schema\/logo\/image\/","url":"https:\/\/permakultur-landwirtschaft.org\/wp-content\/uploads\/2021\/11\/pela_1268x1269.png","contentUrl":"https:\/\/permakultur-landwirtschaft.org\/wp-content\/uploads\/2021\/11\/pela_1268x1269.png","width":1298,"height":1269,"caption":"Permakultur-Landwirtschaft"},"image":{"@id":"https:\/\/permakultur-landwirtschaft.org\/#\/schema\/logo\/image\/"},"sameAs":["https:\/\/www.facebook.com\/PermakulturLandwirtschaft","https:\/\/www.instagram.com\/permakultur_landwirtschaft\/","https:\/\/www.flickr.com\/photos\/permakultur-landwirtschaft","https:\/\/www.youtube.com\/@PermakulturLandwirtschaft"]}]}},"_links":{"self":[{"href":"https:\/\/permakultur-landwirtschaft.org\/fr\/wp-json\/wp\/v2\/pages\/826","targetHints":{"allow":["GET"]}}],"collection":[{"href":"https:\/\/permakultur-landwirtschaft.org\/fr\/wp-json\/wp\/v2\/pages"}],"about":[{"href":"https:\/\/permakultur-landwirtschaft.org\/fr\/wp-json\/wp\/v2\/types\/page"}],"author":[{"embeddable":true,"href":"https:\/\/permakultur-landwirtschaft.org\/fr\/wp-json\/wp\/v2\/users\/2"}],"replies":[{"embeddable":true,"href":"https:\/\/permakultur-landwirtschaft.org\/fr\/wp-json\/wp\/v2\/comments?post=826"}],"version-history":[{"count":87,"href":"https:\/\/permakultur-landwirtschaft.org\/fr\/wp-json\/wp\/v2\/pages\/826\/revisions"}],"predecessor-version":[{"id":39012,"href":"https:\/\/permakultur-landwirtschaft.org\/fr\/wp-json\/wp\/v2\/pages\/826\/revisions\/39012"}],"wp:featuredmedia":[{"embeddable":true,"href":"https:\/\/permakultur-landwirtschaft.org\/fr\/wp-json\/wp\/v2\/media\/34978"}],"wp:attachment":[{"href":"https:\/\/permakultur-landwirtschaft.org\/fr\/wp-json\/wp\/v2\/media?parent=826"}],"curies":[{"name":"wp","href":"https:\/\/api.w.org\/{rel}","templated":true}]}}