{"id":476,"date":"2016-04-17T22:43:01","date_gmt":"2016-04-17T20:43:01","guid":{"rendered":"http:\/\/permakultur-landwirtschaft.org\/?page_id=476"},"modified":"2026-03-31T15:48:05","modified_gmt":"2026-03-31T13:48:05","slug":"veranstaltungen","status":"publish","type":"page","link":"https:\/\/permakultur-landwirtschaft.org\/fr\/veranstaltungen\/","title":{"rendered":"\u00c9v\u00e9nements"},"content":{"rendered":"\t\t<div data-elementor-type=\"wp-page\" data-elementor-id=\"476\" class=\"elementor elementor-476\" data-elementor-post-type=\"page\">\n\t\t\t\t<div class=\"elementor-element elementor-element-4c754d1 e-flex e-con-boxed e-con e-parent\" data-id=\"4c754d1\" data-element_type=\"container\" data-e-type=\"container\">\n\t\t\t\t\t<div class=\"e-con-inner\">\n\t\t<div class=\"elementor-element elementor-element-2a557a8 e-con-full e-flex e-con e-child\" data-id=\"2a557a8\" data-element_type=\"container\" data-e-type=\"container\">\n\t\t\t\t<div class=\"elementor-element elementor-element-00da76c elementor-widget elementor-widget-heading\" data-id=\"00da76c\" data-element_type=\"widget\" data-e-type=\"widget\" data-widget_type=\"heading.default\">\n\t\t\t\t<div class=\"elementor-widget-container\">\n\t\t\t\t\t<h1 class=\"elementor-heading-title elementor-size-default\">Veranstaltungen, Kurse und Weiterbildungen<\/h1>\t\t\t\t<\/div>\n\t\t\t\t<\/div>\n\t\t\t\t<div class=\"elementor-element elementor-element-12405ae elementor-widget elementor-widget-text-editor\" data-id=\"12405ae\" data-element_type=\"widget\" data-e-type=\"widget\" data-widget_type=\"text-editor.default\">\n\t\t\t\t<div class=\"elementor-widget-container\">\n\t\t\t\t\t\t\t\t\t<p>Hier finden Sie spannende Veranstaltungen, Kurse und Weiterbildungen rund um das Thema Permakultur-Landwirtschaft.<\/p>\t\t\t\t\t\t\t\t<\/div>\n\t\t\t\t<\/div>\n\t\t\t\t<div class=\"elementor-element elementor-element-55123be elementor-widget elementor-widget-n-accordion\" data-id=\"55123be\" data-element_type=\"widget\" data-e-type=\"widget\" data-settings=\"{&quot;default_state&quot;:&quot;all_collapsed&quot;,&quot;max_items_expended&quot;:&quot;one&quot;,&quot;n_accordion_animation_duration&quot;:{&quot;unit&quot;:&quot;ms&quot;,&quot;size&quot;:400,&quot;sizes&quot;:[]}}\" data-widget_type=\"nested-accordion.default\">\n\t\t\t\t<div class=\"elementor-widget-container\">\n\t\t\t\t\t\t\t<div class=\"e-n-accordion\" aria-label=\"Accordion. Open links with Enter or Space, close with Escape, and navigate with Arrow Keys\">\n\t\t\t\t\t\t<details id=\"e-n-accordion-item-8920\" class=\"e-n-accordion-item\" >\n\t\t\t\t<summary class=\"e-n-accordion-item-title\" data-accordion-index=\"1\" tabindex=\"0\" aria-expanded=\"false\" aria-controls=\"e-n-accordion-item-8920\" >\n\t\t\t\t\t<span class='e-n-accordion-item-title-header'><div class=\"e-n-accordion-item-title-text\"> Andere Seiten auf denen spannende Anl\u00e4sse und Kurse zu finden sind <\/div><\/span>\n\t\t\t\t\t\t\t<span class='e-n-accordion-item-title-icon'>\n\t\t\t<span class='e-opened' ><svg aria-hidden=\"true\" class=\"e-font-icon-svg e-fas-minus\" viewBox=\"0 0 448 512\" xmlns=\"http:\/\/www.w3.org\/2000\/svg\"><path d=\"M416 208H32c-17.67 0-32 14.33-32 32v32c0 17.67 14.33 32 32 32h384c17.67 0 32-14.33 32-32v-32c0-17.67-14.33-32-32-32z\"><\/path><\/svg><\/span>\n\t\t\t<span class='e-closed'><svg aria-hidden=\"true\" class=\"e-font-icon-svg e-fas-plus\" viewBox=\"0 0 448 512\" xmlns=\"http:\/\/www.w3.org\/2000\/svg\"><path d=\"M416 208H272V64c0-17.67-14.33-32-32-32h-32c-17.67 0-32 14.33-32 32v144H32c-17.67 0-32 14.33-32 32v32c0 17.67 14.33 32 32 32h144v144c0 17.67 14.33 32 32 32h32c17.67 0 32-14.33 32-32V304h144c17.67 0 32-14.33 32-32v-32c0-17.67-14.33-32-32-32z\"><\/path><\/svg><\/span>\n\t\t<\/span>\n\n\t\t\t\t\t\t<\/summary>\n\t\t\t\t<div role=\"region\" aria-labelledby=\"e-n-accordion-item-8920\" class=\"elementor-element elementor-element-bfbe584 e-con-full e-flex e-con e-child\" data-id=\"bfbe584\" data-element_type=\"container\" data-e-type=\"container\">\n\t\t\t\t<div class=\"elementor-element elementor-element-7de0fdb elementor-widget elementor-widget-text-editor\" data-id=\"7de0fdb\" data-element_type=\"widget\" data-e-type=\"widget\" data-widget_type=\"text-editor.default\">\n\t\t\t\t<div class=\"elementor-widget-container\">\n\t\t\t\t\t\t\t\t\t<ul><li><a href=\"https:\/\/agridea.abacuscity.ch\/de\/1~3~Shop\/Kurse\" target=\"_blank\" rel=\"noopener\">Agridea<\/a><\/li><li><a href=\"https:\/\/www.alpine-permakultur.ch\/kalender\/\" target=\"_blank\" rel=\"noopener\">Alpine Permakultur Schweibenalp<\/a><\/li><li><a href=\"https:\/\/www.bioaktuell.ch\/aktuell\/agenda.html\" target=\"_blank\" rel=\"noopener\">BioAktuell<\/a><\/li><li><a href=\"https:\/\/humusfarming.de\/wenz-academy\/bodenkurs-im-gruenen\/\" target=\"_blank\" rel=\"noopener\">Bodenkurs im Gr\u00fcnen<\/a><\/li><li><a href=\"https:\/\/agroforst-info.de\/events\/\" target=\"_blank\" rel=\"noopener\">Deutschen Fachverbandes f\u00fcr Agroforstwirtschaft DeFAF<\/a><\/li><li><a href=\"https:\/\/down-to-earth.ch\/kurse-ausbildungen\/\" target=\"_blank\" rel=\"noopener\">Akademie f\u00fcr Permakultur Gestaltung<\/a><\/li><li><a href=\"https:\/\/esswaldland.ch\/aktuelles\/\" target=\"_blank\" rel=\"noopener\">EssWaldLand<\/a><\/li><li><a href=\"https:\/\/www.fattiamanoparadis.ch\/kurse\" target=\"_blank\" rel=\"noopener\">Fatti a Mano<\/a><\/li><li><a href=\"https:\/\/www.agroforst.ch\/termine\/\" target=\"_blank\" rel=\"noopener\">IG Agroforst<\/a><\/li><li><a href=\"https:\/\/www.permakultur-jetzt.ch\/fachanlaesse\" target=\"_blank\" rel=\"noopener\">Permakultur-Jetzt<\/a><\/li><li><a href=\"https:\/\/permakultur-plattform.de\/veranstaltungen\/\" target=\"_blank\" rel=\"noopener\">Permakultur Plattform<\/a><\/li><li><a href=\"https:\/\/www.planofuturo.ch\/kalender\" target=\"_blank\" rel=\"noopener\">Planofuturo<\/a><\/li><li><a href=\"https:\/\/probio.bioaktuell.ch\/agenda.html\" target=\"_blank\" rel=\"noopener\">ProBio<\/a><\/li><li><a href=\"https:\/\/kurs.regenerativ.ch\" target=\"_blank\" rel=\"noopener\">Regenerativ.ch<\/a><\/li><li><a href=\"https:\/\/regenerateforum.org\/veranstaltungen\/\" target=\"_blank\" rel=\"noopener\">Regenerate Forum<\/a><\/li><li><a href=\"https:\/\/www.terra-network.org\/workshops\" target=\"_blank\" rel=\"noopener\">Workshops on Syntropic Farming von Terra Network<\/a><\/li><li><a href=\"https:\/\/relavisio.de\/kurse-seminare-und-workshops\/\" target=\"_blank\" rel=\"noopener\">ReLaVisio<\/a><\/li><\/ul>\t\t\t\t\t\t\t\t<\/div>\n\t\t\t\t<\/div>\n\t\t\t\t<\/div>\n\t\t\t\t\t<\/details>\n\t\t\t\t\t<\/div>\n\t\t\t\t\t\t<\/div>\n\t\t\t\t<\/div>\n\t\t\t\t<div class=\"elementor-element elementor-element-6b3cd76 elementor-widget elementor-widget-heading\" data-id=\"6b3cd76\" data-element_type=\"widget\" data-e-type=\"widget\" data-widget_type=\"heading.default\">\n\t\t\t\t<div class=\"elementor-widget-container\">\n\t\t\t\t\t<h2 class=\"elementor-heading-title elementor-size-default\">Aktuelle Veranstaltungen<\/h2>\t\t\t\t<\/div>\n\t\t\t\t<\/div>\n\t\t\t\t<div class=\"elementor-element elementor-element-ff00abe elementor-grid-4 elementor-grid-tablet-2 elementor-grid-mobile-1 elementor-widget elementor-widget-loop-grid\" data-id=\"ff00abe\" data-element_type=\"widget\" data-e-type=\"widget\" data-settings=\"{&quot;template_id&quot;:&quot;37613&quot;,&quot;columns&quot;:4,&quot;row_gap&quot;:{&quot;unit&quot;:&quot;px&quot;,&quot;size&quot;:0,&quot;sizes&quot;:[]},&quot;pagination_type&quot;:&quot;load_more_on_click&quot;,&quot;_skin&quot;:&quot;post&quot;,&quot;columns_tablet&quot;:&quot;2&quot;,&quot;columns_mobile&quot;:&quot;1&quot;,&quot;edit_handle_selector&quot;:&quot;[data-elementor-type=\\&quot;loop-item\\&quot;]&quot;,&quot;load_more_spinner&quot;:{&quot;value&quot;:&quot;fas fa-spinner&quot;,&quot;library&quot;:&quot;fa-solid&quot;},&quot;row_gap_tablet&quot;:{&quot;unit&quot;:&quot;px&quot;,&quot;size&quot;:&quot;&quot;,&quot;sizes&quot;:[]},&quot;row_gap_mobile&quot;:{&quot;unit&quot;:&quot;px&quot;,&quot;size&quot;:&quot;&quot;,&quot;sizes&quot;:[]}}\" data-widget_type=\"loop-grid.post\">\n\t\t\t\t<div class=\"elementor-widget-container\">\n\t\t\t\t\t\t\t<div class=\"elementor-loop-container elementor-grid\" role=\"list\">\n\t\t<style id=\"loop-37613\">.elementor-37613 .elementor-element.elementor-element-c79cfe5{--display:flex;--flex-direction:column;--container-widget-width:calc( ( 1 - var( --container-widget-flex-grow ) ) * 100% );--container-widget-height:initial;--container-widget-flex-grow:0;--container-widget-align-self:initial;--flex-wrap-mobile:wrap;--align-items:stretch;--gap:0px 0px;--row-gap:0px;--column-gap:0px;border-style:solid;--border-style:solid;border-width:0px 0px 0px 0px;--border-top-width:0px;--border-right-width:0px;--border-bottom-width:0px;--border-left-width:0px;--border-radius:7px 7px 7px 7px;box-shadow:2px 2px 10px 0px rgba(0, 0, 0, 0.2);--margin-top:0px;--margin-bottom:0px;--margin-left:0px;--margin-right:0px;--padding-top:0px;--padding-bottom:005px;--padding-left:0px;--padding-right:0px;}.elementor-37613 .elementor-element.elementor-element-64a3d73{--display:flex;--gap:5px 5px;--row-gap:5px;--column-gap:5px;--margin-top:0px;--margin-bottom:0px;--margin-left:0px;--margin-right:0px;--padding-top:0px;--padding-bottom:0px;--padding-left:0px;--padding-right:0px;}.elementor-37613 .elementor-element.elementor-element-2e3812c img{height:179px;object-fit:cover;object-position:top center;border-radius:7px 7px 0px 0px;}.elementor-37613 .elementor-element.elementor-element-2e3812c > .elementor-widget-container{margin:0px 0px 0px 0px;padding:0px 0px 0px 0px;}.elementor-37613 .elementor-element.elementor-element-2e3812c{width:100%;max-width:100%;}.elementor-37613 .elementor-element.elementor-element-a075502{--display:flex;--min-height:39px;}.elementor-37613 .elementor-element.elementor-element-65dfa9f .elementor-heading-title{font-family:var( --e-global-typography-secondary-font-family ), Sans-serif;font-weight:var( --e-global-typography-secondary-font-weight );}.elementor-37613 .elementor-element.elementor-element-65dfa9f > .elementor-widget-container{margin:9px 9px 9px 9px;padding:0px 0px 0px 0px;}.elementor-37613 .elementor-element.elementor-element-0ad4e09{text-align:center;font-size:var( --e-global-typography-ec8e8b0-font-size );font-weight:var( --e-global-typography-ec8e8b0-font-weight );text-transform:var( --e-global-typography-ec8e8b0-text-transform );line-height:var( --e-global-typography-ec8e8b0-line-height );letter-spacing:var( --e-global-typography-ec8e8b0-letter-spacing );word-spacing:var( --e-global-typography-ec8e8b0-word-spacing );color:var( --e-global-color-astglobalcolor5 );top:13px;z-index:0;}.elementor-37613 .elementor-element.elementor-element-0ad4e09 a{color:var( --e-global-color-astglobalcolor5 );}.elementor-37613 .elementor-element.elementor-element-0ad4e09 a:hover, .elementor-37613 .elementor-element.elementor-element-0ad4e09 a:focus{color:var( --e-global-color-astglobalcolor5 );}.elementor-37613 .elementor-element.elementor-element-0ad4e09 > .elementor-widget-container{margin:0px 0px 0px 0px;padding:0px 13px 0px 13px;background-color:var( --e-global-color-primary );border-radius:13px 13px 13px 13px;}body:not(.rtl) .elementor-37613 .elementor-element.elementor-element-0ad4e09{right:13px;}body.rtl .elementor-37613 .elementor-element.elementor-element-0ad4e09{left:13px;}@media(max-width:1024px){.elementor-37613 .elementor-element.elementor-element-0ad4e09{font-size:var( --e-global-typography-ec8e8b0-font-size );line-height:var( --e-global-typography-ec8e8b0-line-height );letter-spacing:var( --e-global-typography-ec8e8b0-letter-spacing );word-spacing:var( --e-global-typography-ec8e8b0-word-spacing );}}@media(min-width:768px){.elementor-37613 .elementor-element.elementor-element-c79cfe5{--content-width:100%;}.elementor-37613 .elementor-element.elementor-element-64a3d73{--width:100%;}}@media(max-width:767px){.elementor-37613 .elementor-element.elementor-element-c79cfe5{--content-width:100%;--align-items:stretch;--container-widget-width:calc( ( 1 - var( --container-widget-flex-grow ) ) * 100% );}.elementor-37613 .elementor-element.elementor-element-2e3812c img{object-fit:fill;}.elementor-37613 .elementor-element.elementor-element-0ad4e09{font-size:var( --e-global-typography-ec8e8b0-font-size );line-height:var( --e-global-typography-ec8e8b0-line-height );letter-spacing:var( --e-global-typography-ec8e8b0-letter-spacing );word-spacing:var( --e-global-typography-ec8e8b0-word-spacing );}}<\/style>\t\t<div data-elementor-type=\"loop-item\" data-elementor-id=\"37613\" class=\"elementor elementor-37613 e-loop-item e-loop-item-38478 post-38478 post type-post status-publish format-standard has-post-thumbnail hentry category-veranstaltung tag-ausbildung tag-beckihof tag-marcus-pan tag-permakultur-designerin tag-praktikerin\" data-elementor-post-type=\"elementor_library\" data-custom-edit-handle=\"1\">\n\t\t\t<div class=\"elementor-element elementor-element-c79cfe5 e-flex e-con-boxed e-con e-parent\" data-id=\"c79cfe5\" data-element_type=\"container\" data-e-type=\"container\">\n\t\t\t\t\t<div class=\"e-con-inner\">\n\t\t<div class=\"elementor-element elementor-element-64a3d73 e-con-full e-flex e-con e-child\" data-id=\"64a3d73\" data-element_type=\"container\" data-e-type=\"container\">\n\t\t\t\t<div class=\"elementor-element elementor-element-2e3812c elementor-widget__width-inherit elementor-widget elementor-widget-image\" data-id=\"2e3812c\" data-element_type=\"widget\" data-e-type=\"widget\" data-widget_type=\"image.default\">\n\t\t\t\t<div class=\"elementor-widget-container\">\n\t\t\t\t\t\t\t\t\t\t\t\t\t\t\t\t<a href=\"https:\/\/permakultur-landwirtschaft.org\/fr\/angewandte-permakultur-gestaltung-mit-integrierter-praktikerinnen-ausbildung\/\">\n\t\t\t\t\t\t\t<img fetchpriority=\"high\" decoding=\"async\" width=\"700\" height=\"466\" src=\"https:\/\/permakultur-landwirtschaft.org\/wp-content\/uploads\/2026\/03\/160522_R_DamvantPermaSeminar-1530-8f64e640.jpg\" class=\"attachment-full size-full wp-image-38479\" alt=\"Permakultur Studierende\" srcset=\"https:\/\/permakultur-landwirtschaft.org\/wp-content\/uploads\/2026\/03\/160522_R_DamvantPermaSeminar-1530-8f64e640.jpg 700w, https:\/\/permakultur-landwirtschaft.org\/wp-content\/uploads\/2026\/03\/160522_R_DamvantPermaSeminar-1530-8f64e640-300x200.jpg 300w, https:\/\/permakultur-landwirtschaft.org\/wp-content\/uploads\/2026\/03\/160522_R_DamvantPermaSeminar-1530-8f64e640-18x12.jpg 18w\" sizes=\"(max-width: 700px) 100vw, 700px\" \/>\t\t\t\t\t\t\t\t<\/a>\n\t\t\t\t\t\t\t\t\t\t\t\t\t\t\t<\/div>\n\t\t\t\t<\/div>\n\t\t\t\t<div class=\"elementor-element elementor-element-65dfa9f elementor-widget elementor-widget-theme-post-title elementor-page-title elementor-widget-heading\" data-id=\"65dfa9f\" data-element_type=\"widget\" data-e-type=\"widget\" data-widget_type=\"theme-post-title.default\">\n\t\t\t\t<div class=\"elementor-widget-container\">\n\t\t\t\t\t<h3 class=\"elementor-heading-title elementor-size-default\"><a href=\"https:\/\/permakultur-landwirtschaft.org\/fr\/angewandte-permakultur-gestaltung-mit-integrierter-praktikerinnen-ausbildung\/\">Angewandte Permakultur Gestaltung mit integrierter Praktiker:innen Ausbildung<\/a><\/h3>\t\t\t\t<\/div>\n\t\t\t\t<\/div>\n\t\t\t\t<div class=\"elementor-element elementor-element-0ad4e09 elementor-absolute elementor-widget elementor-widget-text-editor\" data-id=\"0ad4e09\" data-element_type=\"widget\" data-e-type=\"widget\" data-settings=\"{&quot;_position&quot;:&quot;absolute&quot;}\" data-widget_type=\"text-editor.default\">\n\t\t\t\t<div class=\"elementor-widget-container\">\n\t\t\t\t\t\t\t\t\tVeranstaltung\t\t\t\t\t\t\t\t<\/div>\n\t\t\t\t<\/div>\n\t\t\t\t<\/div>\n\t\t\t\t\t<\/div>\n\t\t\t\t<\/div>\n\t\t\t\t<\/div>\n\t\t\t\t<div data-elementor-type=\"loop-item\" data-elementor-id=\"37613\" class=\"elementor elementor-37613 e-loop-item e-loop-item-37734 post-37734 post type-post status-publish format-standard has-post-thumbnail hentry category-veranstaltung tag-agroforst tag-futterhecke tag-heckenbewirtschaftung tag-klimabauern tag-kurs\" data-elementor-post-type=\"elementor_library\" data-custom-edit-handle=\"1\">\n\t\t\t<div class=\"elementor-element elementor-element-c79cfe5 e-flex e-con-boxed e-con e-parent\" data-id=\"c79cfe5\" data-element_type=\"container\" data-e-type=\"container\">\n\t\t\t\t\t<div class=\"e-con-inner\">\n\t\t<div class=\"elementor-element elementor-element-64a3d73 e-con-full e-flex e-con e-child\" data-id=\"64a3d73\" data-element_type=\"container\" data-e-type=\"container\">\n\t\t\t\t<div class=\"elementor-element elementor-element-2e3812c elementor-widget__width-inherit elementor-widget elementor-widget-image\" data-id=\"2e3812c\" data-element_type=\"widget\" data-e-type=\"widget\" data-widget_type=\"image.default\">\n\t\t\t\t<div class=\"elementor-widget-container\">\n\t\t\t\t\t\t\t\t\t\t\t\t\t\t\t\t<a href=\"https:\/\/permakultur-landwirtschaft.org\/fr\/agroforst-heckenbewirtschaftung-theorie-und-praxis-kurs-vom-29-bis-30-april-2026\/\">\n\t\t\t\t\t\t\t<img decoding=\"async\" width=\"700\" height=\"525\" src=\"https:\/\/permakultur-landwirtschaft.org\/wp-content\/uploads\/2025\/03\/adlerzart_nutzhecke_Kuehe-und-Hecken.jpeg\" class=\"attachment-full size-full wp-image-35924\" alt=\"Adlerzart Nutzhecke K\u00fche\" srcset=\"https:\/\/permakultur-landwirtschaft.org\/wp-content\/uploads\/2025\/03\/adlerzart_nutzhecke_Kuehe-und-Hecken.jpeg 700w, https:\/\/permakultur-landwirtschaft.org\/wp-content\/uploads\/2025\/03\/adlerzart_nutzhecke_Kuehe-und-Hecken-300x225.jpeg 300w\" sizes=\"(max-width: 700px) 100vw, 700px\" \/>\t\t\t\t\t\t\t\t<\/a>\n\t\t\t\t\t\t\t\t\t\t\t\t\t\t\t<\/div>\n\t\t\t\t<\/div>\n\t\t\t\t<div class=\"elementor-element elementor-element-65dfa9f elementor-widget elementor-widget-theme-post-title elementor-page-title elementor-widget-heading\" data-id=\"65dfa9f\" data-element_type=\"widget\" data-e-type=\"widget\" data-widget_type=\"theme-post-title.default\">\n\t\t\t\t<div class=\"elementor-widget-container\">\n\t\t\t\t\t<h3 class=\"elementor-heading-title elementor-size-default\"><a href=\"https:\/\/permakultur-landwirtschaft.org\/fr\/agroforst-heckenbewirtschaftung-theorie-und-praxis-kurs-vom-29-bis-30-april-2026\/\">Agroforst \u2013 Heckenbewirtschaftung Theorie und Praxis &#8211; Kurs vom 29. bis 30. April 2026<\/a><\/h3>\t\t\t\t<\/div>\n\t\t\t\t<\/div>\n\t\t\t\t<div class=\"elementor-element elementor-element-0ad4e09 elementor-absolute elementor-widget elementor-widget-text-editor\" data-id=\"0ad4e09\" data-element_type=\"widget\" data-e-type=\"widget\" data-settings=\"{&quot;_position&quot;:&quot;absolute&quot;}\" data-widget_type=\"text-editor.default\">\n\t\t\t\t<div class=\"elementor-widget-container\">\n\t\t\t\t\t\t\t\t\tVeranstaltung\t\t\t\t\t\t\t\t<\/div>\n\t\t\t\t<\/div>\n\t\t\t\t<\/div>\n\t\t\t\t\t<\/div>\n\t\t\t\t<\/div>\n\t\t\t\t<\/div>\n\t\t\t\t<div data-elementor-type=\"loop-item\" data-elementor-id=\"37613\" class=\"elementor elementor-37613 e-loop-item e-loop-item-37318 post-37318 post type-post status-publish format-standard has-post-thumbnail hentry category-veranstaltung tag-inforama tag-syntropischer-agroforst tag-ursula-arztmann tag-wallberg-hof\" data-elementor-post-type=\"elementor_library\" data-custom-edit-handle=\"1\">\n\t\t\t<div class=\"elementor-element elementor-element-c79cfe5 e-flex e-con-boxed e-con e-parent\" data-id=\"c79cfe5\" data-element_type=\"container\" data-e-type=\"container\">\n\t\t\t\t\t<div class=\"e-con-inner\">\n\t\t<div class=\"elementor-element elementor-element-64a3d73 e-con-full e-flex e-con e-child\" data-id=\"64a3d73\" data-element_type=\"container\" data-e-type=\"container\">\n\t\t\t\t<div class=\"elementor-element elementor-element-2e3812c elementor-widget__width-inherit elementor-widget elementor-widget-image\" data-id=\"2e3812c\" data-element_type=\"widget\" data-e-type=\"widget\" data-widget_type=\"image.default\">\n\t\t\t\t<div class=\"elementor-widget-container\">\n\t\t\t\t\t\t\t\t\t\t\t\t\t\t\t\t<a href=\"https:\/\/permakultur-landwirtschaft.org\/fr\/syntropischer-agroforst-kurs-am-08-mai-2026\/\">\n\t\t\t\t\t\t\t<img decoding=\"async\" width=\"700\" height=\"466\" src=\"https:\/\/permakultur-landwirtschaft.org\/wp-content\/uploads\/2025\/09\/csm_SyntropischeLW_Agraroekosystem_PublikationJacobi2025_240a66dd73.jpg\" class=\"attachment-full size-full wp-image-37030\" alt=\"Syntropische Landwirtschaft\" srcset=\"https:\/\/permakultur-landwirtschaft.org\/wp-content\/uploads\/2025\/09\/csm_SyntropischeLW_Agraroekosystem_PublikationJacobi2025_240a66dd73.jpg 700w, https:\/\/permakultur-landwirtschaft.org\/wp-content\/uploads\/2025\/09\/csm_SyntropischeLW_Agraroekosystem_PublikationJacobi2025_240a66dd73-300x200.jpg 300w, https:\/\/permakultur-landwirtschaft.org\/wp-content\/uploads\/2025\/09\/csm_SyntropischeLW_Agraroekosystem_PublikationJacobi2025_240a66dd73-18x12.jpg 18w\" sizes=\"(max-width: 700px) 100vw, 700px\" \/>\t\t\t\t\t\t\t\t<\/a>\n\t\t\t\t\t\t\t\t\t\t\t\t\t\t\t<\/div>\n\t\t\t\t<\/div>\n\t\t\t\t<div class=\"elementor-element elementor-element-65dfa9f elementor-widget elementor-widget-theme-post-title elementor-page-title elementor-widget-heading\" data-id=\"65dfa9f\" data-element_type=\"widget\" data-e-type=\"widget\" data-widget_type=\"theme-post-title.default\">\n\t\t\t\t<div class=\"elementor-widget-container\">\n\t\t\t\t\t<h3 class=\"elementor-heading-title elementor-size-default\"><a href=\"https:\/\/permakultur-landwirtschaft.org\/fr\/syntropischer-agroforst-kurs-am-08-mai-2026\/\">Syntropischer Agroforst &#8211; Kurs am 08. Mai 2026<\/a><\/h3>\t\t\t\t<\/div>\n\t\t\t\t<\/div>\n\t\t\t\t<div class=\"elementor-element elementor-element-0ad4e09 elementor-absolute elementor-widget elementor-widget-text-editor\" data-id=\"0ad4e09\" data-element_type=\"widget\" data-e-type=\"widget\" data-settings=\"{&quot;_position&quot;:&quot;absolute&quot;}\" data-widget_type=\"text-editor.default\">\n\t\t\t\t<div class=\"elementor-widget-container\">\n\t\t\t\t\t\t\t\t\tVeranstaltung\t\t\t\t\t\t\t\t<\/div>\n\t\t\t\t<\/div>\n\t\t\t\t<\/div>\n\t\t\t\t\t<\/div>\n\t\t\t\t<\/div>\n\t\t\t\t<\/div>\n\t\t\t\t<div data-elementor-type=\"loop-item\" data-elementor-id=\"37613\" class=\"elementor elementor-37613 e-loop-item e-loop-item-37913 post-37913 post type-post status-publish format-standard has-post-thumbnail hentry category-veranstaltung tag-bioagri tag-demeter tag-marche-bio tag-moudon\" data-elementor-post-type=\"elementor_library\" data-custom-edit-handle=\"1\">\n\t\t\t<div class=\"elementor-element elementor-element-c79cfe5 e-flex e-con-boxed e-con e-parent\" data-id=\"c79cfe5\" data-element_type=\"container\" data-e-type=\"container\">\n\t\t\t\t\t<div class=\"e-con-inner\">\n\t\t<div class=\"elementor-element elementor-element-64a3d73 e-con-full e-flex e-con e-child\" data-id=\"64a3d73\" data-element_type=\"container\" data-e-type=\"container\">\n\t\t\t\t<div class=\"elementor-element elementor-element-2e3812c elementor-widget__width-inherit elementor-widget elementor-widget-image\" data-id=\"2e3812c\" data-element_type=\"widget\" data-e-type=\"widget\" data-widget_type=\"image.default\">\n\t\t\t\t<div class=\"elementor-widget-container\">\n\t\t\t\t\t\t\t\t\t\t\t\t\t\t\t\t<a href=\"https:\/\/permakultur-landwirtschaft.org\/fr\/bioagri-rendez-vous-les-9-et-10-mai-2026-a-moudon\/\">\n\t\t\t\t\t\t\t<img loading=\"lazy\" decoding=\"async\" width=\"700\" height=\"207\" src=\"https:\/\/permakultur-landwirtschaft.org\/wp-content\/uploads\/2026\/02\/BioAgri_2026_95f576_619206fedd7844649823733833669642mv2.jpg\" class=\"attachment-full size-full wp-image-37915\" alt=\"Logo de BioAgri 2026\" srcset=\"https:\/\/permakultur-landwirtschaft.org\/wp-content\/uploads\/2026\/02\/BioAgri_2026_95f576_619206fedd7844649823733833669642mv2.jpg 700w, https:\/\/permakultur-landwirtschaft.org\/wp-content\/uploads\/2026\/02\/BioAgri_2026_95f576_619206fedd7844649823733833669642mv2-300x89.jpg 300w, https:\/\/permakultur-landwirtschaft.org\/wp-content\/uploads\/2026\/02\/BioAgri_2026_95f576_619206fedd7844649823733833669642mv2-18x5.jpg 18w\" sizes=\"(max-width: 700px) 100vw, 700px\" \/>\t\t\t\t\t\t\t\t<\/a>\n\t\t\t\t\t\t\t\t\t\t\t\t\t\t\t<\/div>\n\t\t\t\t<\/div>\n\t\t\t\t<div class=\"elementor-element elementor-element-65dfa9f elementor-widget elementor-widget-theme-post-title elementor-page-title elementor-widget-heading\" data-id=\"65dfa9f\" data-element_type=\"widget\" data-e-type=\"widget\" data-widget_type=\"theme-post-title.default\">\n\t\t\t\t<div class=\"elementor-widget-container\">\n\t\t\t\t\t<h3 class=\"elementor-heading-title elementor-size-default\"><a href=\"https:\/\/permakultur-landwirtschaft.org\/fr\/bioagri-rendez-vous-les-9-et-10-mai-2026-a-moudon\/\">BioAgri &#8211; Rendez-vous les 9 et 10 mai 2026 \u00e0 Moudon<\/a><\/h3>\t\t\t\t<\/div>\n\t\t\t\t<\/div>\n\t\t\t\t<div class=\"elementor-element elementor-element-0ad4e09 elementor-absolute elementor-widget elementor-widget-text-editor\" data-id=\"0ad4e09\" data-element_type=\"widget\" data-e-type=\"widget\" data-settings=\"{&quot;_position&quot;:&quot;absolute&quot;}\" data-widget_type=\"text-editor.default\">\n\t\t\t\t<div class=\"elementor-widget-container\">\n\t\t\t\t\t\t\t\t\tVeranstaltung\t\t\t\t\t\t\t\t<\/div>\n\t\t\t\t<\/div>\n\t\t\t\t<\/div>\n\t\t\t\t\t<\/div>\n\t\t\t\t<\/div>\n\t\t\t\t<\/div>\n\t\t\t\t<div data-elementor-type=\"loop-item\" data-elementor-id=\"37613\" class=\"elementor elementor-37613 e-loop-item e-loop-item-39239 post-39239 post type-post status-publish format-standard has-post-thumbnail hentry category-veranstaltung tag-haenni-noflen tag-mikroskopieren tag-regenerativ tag-simon-joehr tag-spatenprobe\" data-elementor-post-type=\"elementor_library\" data-custom-edit-handle=\"1\">\n\t\t\t<div class=\"elementor-element elementor-element-c79cfe5 e-flex e-con-boxed e-con e-parent\" data-id=\"c79cfe5\" data-element_type=\"container\" data-e-type=\"container\">\n\t\t\t\t\t<div class=\"e-con-inner\">\n\t\t<div class=\"elementor-element elementor-element-64a3d73 e-con-full e-flex e-con e-child\" data-id=\"64a3d73\" data-element_type=\"container\" data-e-type=\"container\">\n\t\t\t\t<div class=\"elementor-element elementor-element-2e3812c elementor-widget__width-inherit elementor-widget elementor-widget-image\" data-id=\"2e3812c\" data-element_type=\"widget\" data-e-type=\"widget\" data-widget_type=\"image.default\">\n\t\t\t\t<div class=\"elementor-widget-container\">\n\t\t\t\t\t\t\t\t\t\t\t\t\t\t\t\t<a href=\"https:\/\/permakultur-landwirtschaft.org\/fr\/mikroskopier-workshop-boden-und-kompost-kurs-am-21-mai-2026\/\">\n\t\t\t\t\t\t\t<img loading=\"lazy\" decoding=\"async\" width=\"700\" height=\"394\" src=\"https:\/\/permakultur-landwirtschaft.org\/wp-content\/uploads\/2026\/04\/20260521_mikroskopieren_regenerativ.jpg\" class=\"attachment-full size-full wp-image-39240\" alt=\"Mikroskopieren an einem Kurs\" srcset=\"https:\/\/permakultur-landwirtschaft.org\/wp-content\/uploads\/2026\/04\/20260521_mikroskopieren_regenerativ.jpg 700w, https:\/\/permakultur-landwirtschaft.org\/wp-content\/uploads\/2026\/04\/20260521_mikroskopieren_regenerativ-300x169.jpg 300w, https:\/\/permakultur-landwirtschaft.org\/wp-content\/uploads\/2026\/04\/20260521_mikroskopieren_regenerativ-18x10.jpg 18w\" sizes=\"(max-width: 700px) 100vw, 700px\" \/>\t\t\t\t\t\t\t\t<\/a>\n\t\t\t\t\t\t\t\t\t\t\t\t\t\t\t<\/div>\n\t\t\t\t<\/div>\n\t\t\t\t<div class=\"elementor-element elementor-element-65dfa9f elementor-widget elementor-widget-theme-post-title elementor-page-title elementor-widget-heading\" data-id=\"65dfa9f\" data-element_type=\"widget\" data-e-type=\"widget\" data-widget_type=\"theme-post-title.default\">\n\t\t\t\t<div class=\"elementor-widget-container\">\n\t\t\t\t\t<h3 class=\"elementor-heading-title elementor-size-default\"><a href=\"https:\/\/permakultur-landwirtschaft.org\/fr\/mikroskopier-workshop-boden-und-kompost-kurs-am-21-mai-2026\/\">Mikroskopier-Workshop Boden und Kompost &#8211; Kurs am 21. Mai 2026<\/a><\/h3>\t\t\t\t<\/div>\n\t\t\t\t<\/div>\n\t\t\t\t<div class=\"elementor-element elementor-element-0ad4e09 elementor-absolute elementor-widget elementor-widget-text-editor\" data-id=\"0ad4e09\" data-element_type=\"widget\" data-e-type=\"widget\" data-settings=\"{&quot;_position&quot;:&quot;absolute&quot;}\" data-widget_type=\"text-editor.default\">\n\t\t\t\t<div class=\"elementor-widget-container\">\n\t\t\t\t\t\t\t\t\tVeranstaltung\t\t\t\t\t\t\t\t<\/div>\n\t\t\t\t<\/div>\n\t\t\t\t<\/div>\n\t\t\t\t\t<\/div>\n\t\t\t\t<\/div>\n\t\t\t\t<\/div>\n\t\t\t\t<div data-elementor-type=\"loop-item\" data-elementor-id=\"37613\" class=\"elementor elementor-37613 e-loop-item e-loop-item-39245 post-39245 post type-post status-publish format-standard has-post-thumbnail hentry category-veranstaltung tag-bern tag-bodenfruchtbarkeit tag-fachveranstaltung tag-gurten tag-humusaufbau\" data-elementor-post-type=\"elementor_library\" data-custom-edit-handle=\"1\">\n\t\t\t<div class=\"elementor-element elementor-element-c79cfe5 e-flex e-con-boxed e-con e-parent\" data-id=\"c79cfe5\" data-element_type=\"container\" data-e-type=\"container\">\n\t\t\t\t\t<div class=\"e-con-inner\">\n\t\t<div class=\"elementor-element elementor-element-64a3d73 e-con-full e-flex e-con e-child\" data-id=\"64a3d73\" data-element_type=\"container\" data-e-type=\"container\">\n\t\t\t\t<div class=\"elementor-element elementor-element-2e3812c elementor-widget__width-inherit elementor-widget elementor-widget-image\" data-id=\"2e3812c\" data-element_type=\"widget\" data-e-type=\"widget\" data-widget_type=\"image.default\">\n\t\t\t\t<div class=\"elementor-widget-container\">\n\t\t\t\t\t\t\t\t\t\t\t\t\t\t\t\t<a href=\"https:\/\/permakultur-landwirtschaft.org\/fr\/soil-evolution-die-fachveranstaltung-fuer-bodenfruchtbarkeit-und-bodenaufbau-vom-02-bis-05-juni-2026\/\">\n\t\t\t\t\t\t\t<img loading=\"lazy\" decoding=\"async\" width=\"700\" height=\"700\" src=\"https:\/\/permakultur-landwirtschaft.org\/wp-content\/uploads\/2026\/04\/Soil-Evolution-Praktiker-2022.jpg\" class=\"attachment-full size-full wp-image-39246\" alt=\"Soil Evolution Veranstaltung\" srcset=\"https:\/\/permakultur-landwirtschaft.org\/wp-content\/uploads\/2026\/04\/Soil-Evolution-Praktiker-2022.jpg 700w, https:\/\/permakultur-landwirtschaft.org\/wp-content\/uploads\/2026\/04\/Soil-Evolution-Praktiker-2022-300x300.jpg 300w, https:\/\/permakultur-landwirtschaft.org\/wp-content\/uploads\/2026\/04\/Soil-Evolution-Praktiker-2022-150x150.jpg 150w, https:\/\/permakultur-landwirtschaft.org\/wp-content\/uploads\/2026\/04\/Soil-Evolution-Praktiker-2022-12x12.jpg 12w\" sizes=\"(max-width: 700px) 100vw, 700px\" \/>\t\t\t\t\t\t\t\t<\/a>\n\t\t\t\t\t\t\t\t\t\t\t\t\t\t\t<\/div>\n\t\t\t\t<\/div>\n\t\t\t\t<div class=\"elementor-element elementor-element-65dfa9f elementor-widget elementor-widget-theme-post-title elementor-page-title elementor-widget-heading\" data-id=\"65dfa9f\" data-element_type=\"widget\" data-e-type=\"widget\" data-widget_type=\"theme-post-title.default\">\n\t\t\t\t<div class=\"elementor-widget-container\">\n\t\t\t\t\t<h3 class=\"elementor-heading-title elementor-size-default\"><a href=\"https:\/\/permakultur-landwirtschaft.org\/fr\/soil-evolution-die-fachveranstaltung-fuer-bodenfruchtbarkeit-und-bodenaufbau-vom-02-bis-05-juni-2026\/\">Soil Evolution &#8211; Die Fachveranstaltung f\u00fcr Bodenfruchtbarkeit und Bodenaufbau vom 02. bis 05. Juni 2026<\/a><\/h3>\t\t\t\t<\/div>\n\t\t\t\t<\/div>\n\t\t\t\t<div class=\"elementor-element elementor-element-0ad4e09 elementor-absolute elementor-widget elementor-widget-text-editor\" data-id=\"0ad4e09\" data-element_type=\"widget\" data-e-type=\"widget\" data-settings=\"{&quot;_position&quot;:&quot;absolute&quot;}\" data-widget_type=\"text-editor.default\">\n\t\t\t\t<div class=\"elementor-widget-container\">\n\t\t\t\t\t\t\t\t\tVeranstaltung\t\t\t\t\t\t\t\t<\/div>\n\t\t\t\t<\/div>\n\t\t\t\t<\/div>\n\t\t\t\t\t<\/div>\n\t\t\t\t<\/div>\n\t\t\t\t<\/div>\n\t\t\t\t<div data-elementor-type=\"loop-item\" data-elementor-id=\"37613\" class=\"elementor elementor-37613 e-loop-item e-loop-item-37310 post-37310 post type-post status-publish format-standard has-post-thumbnail hentry category-veranstaltung tag-bfh-hafl tag-feldbegehung tag-fuehrung tag-inforama tag-permakultur tag-waldgarten\" data-elementor-post-type=\"elementor_library\" data-custom-edit-handle=\"1\">\n\t\t\t<div class=\"elementor-element elementor-element-c79cfe5 e-flex e-con-boxed e-con e-parent\" data-id=\"c79cfe5\" data-element_type=\"container\" data-e-type=\"container\">\n\t\t\t\t\t<div class=\"e-con-inner\">\n\t\t<div class=\"elementor-element elementor-element-64a3d73 e-con-full e-flex e-con e-child\" data-id=\"64a3d73\" data-element_type=\"container\" data-e-type=\"container\">\n\t\t\t\t<div class=\"elementor-element elementor-element-2e3812c elementor-widget__width-inherit elementor-widget elementor-widget-image\" data-id=\"2e3812c\" data-element_type=\"widget\" data-e-type=\"widget\" data-widget_type=\"image.default\">\n\t\t\t\t<div class=\"elementor-widget-container\">\n\t\t\t\t\t\t\t\t\t\t\t\t\t\t\t\t<a href=\"https:\/\/permakultur-landwirtschaft.org\/fr\/bfh-hafl-permakultur-feld-waldgarten-kurs-am-04-juni-2026\/\">\n\t\t\t\t\t\t\t<img loading=\"lazy\" decoding=\"async\" width=\"500\" height=\"334\" src=\"https:\/\/permakultur-landwirtschaft.org\/wp-content\/uploads\/2024\/09\/HAFL-feldgarten_tobias.png\" class=\"attachment-full size-full wp-image-35250\" alt=\"HAFL Feldgarten Tobias Messmer\" srcset=\"https:\/\/permakultur-landwirtschaft.org\/wp-content\/uploads\/2024\/09\/HAFL-feldgarten_tobias.png 500w, https:\/\/permakultur-landwirtschaft.org\/wp-content\/uploads\/2024\/09\/HAFL-feldgarten_tobias-300x200.png 300w\" sizes=\"(max-width: 500px) 100vw, 500px\" \/>\t\t\t\t\t\t\t\t<\/a>\n\t\t\t\t\t\t\t\t\t\t\t\t\t\t\t<\/div>\n\t\t\t\t<\/div>\n\t\t\t\t<div class=\"elementor-element elementor-element-65dfa9f elementor-widget elementor-widget-theme-post-title elementor-page-title elementor-widget-heading\" data-id=\"65dfa9f\" data-element_type=\"widget\" data-e-type=\"widget\" data-widget_type=\"theme-post-title.default\">\n\t\t\t\t<div class=\"elementor-widget-container\">\n\t\t\t\t\t<h3 class=\"elementor-heading-title elementor-size-default\"><a href=\"https:\/\/permakultur-landwirtschaft.org\/fr\/bfh-hafl-permakultur-feld-waldgarten-kurs-am-04-juni-2026\/\">BFH-HAFL Permakultur Feld- &amp; Waldgarten &#8211; F\u00fchrung am 04. Juni 2026<\/a><\/h3>\t\t\t\t<\/div>\n\t\t\t\t<\/div>\n\t\t\t\t<div class=\"elementor-element elementor-element-0ad4e09 elementor-absolute elementor-widget elementor-widget-text-editor\" data-id=\"0ad4e09\" data-element_type=\"widget\" data-e-type=\"widget\" data-settings=\"{&quot;_position&quot;:&quot;absolute&quot;}\" data-widget_type=\"text-editor.default\">\n\t\t\t\t<div class=\"elementor-widget-container\">\n\t\t\t\t\t\t\t\t\tVeranstaltung\t\t\t\t\t\t\t\t<\/div>\n\t\t\t\t<\/div>\n\t\t\t\t<\/div>\n\t\t\t\t\t<\/div>\n\t\t\t\t<\/div>\n\t\t\t\t<\/div>\n\t\t\t\t<div data-elementor-type=\"loop-item\" data-elementor-id=\"37613\" class=\"elementor elementor-37613 e-loop-item e-loop-item-36941 post-36941 post type-post status-publish format-standard has-post-thumbnail hentry category-veranstaltung tag-855 tag-bodenaufbauend tag-dani-knobel tag-regenerativer-gemuesebau tag-seminar\" data-elementor-post-type=\"elementor_library\" data-custom-edit-handle=\"1\">\n\t\t\t<div class=\"elementor-element elementor-element-c79cfe5 e-flex e-con-boxed e-con e-parent\" data-id=\"c79cfe5\" data-element_type=\"container\" data-e-type=\"container\">\n\t\t\t\t\t<div class=\"e-con-inner\">\n\t\t<div class=\"elementor-element elementor-element-64a3d73 e-con-full e-flex e-con e-child\" data-id=\"64a3d73\" data-element_type=\"container\" data-e-type=\"container\">\n\t\t\t\t<div class=\"elementor-element elementor-element-2e3812c elementor-widget__width-inherit elementor-widget elementor-widget-image\" data-id=\"2e3812c\" data-element_type=\"widget\" data-e-type=\"widget\" data-widget_type=\"image.default\">\n\t\t\t\t<div class=\"elementor-widget-container\">\n\t\t\t\t\t\t\t\t\t\t\t\t\t\t\t\t<a href=\"https:\/\/permakultur-landwirtschaft.org\/fr\/regenerativer-gemuesebau-2026-intensiv-seminar-vom-13-januar-bis-10-juli-2026\/\">\n\t\t\t\t\t\t\t<img loading=\"lazy\" decoding=\"async\" width=\"700\" height=\"700\" src=\"https:\/\/permakultur-landwirtschaft.org\/wp-content\/uploads\/2025\/08\/20260113_regenerativer_gemuesebau_Intensiv_Seminar_26_1.jpg\" class=\"attachment-full size-full wp-image-36942\" alt=\"Flyer Intensiv-Seminar regenerativer Gem\u00fcsebau 2026\" srcset=\"https:\/\/permakultur-landwirtschaft.org\/wp-content\/uploads\/2025\/08\/20260113_regenerativer_gemuesebau_Intensiv_Seminar_26_1.jpg 700w, https:\/\/permakultur-landwirtschaft.org\/wp-content\/uploads\/2025\/08\/20260113_regenerativer_gemuesebau_Intensiv_Seminar_26_1-300x300.jpg 300w, https:\/\/permakultur-landwirtschaft.org\/wp-content\/uploads\/2025\/08\/20260113_regenerativer_gemuesebau_Intensiv_Seminar_26_1-150x150.jpg 150w, https:\/\/permakultur-landwirtschaft.org\/wp-content\/uploads\/2025\/08\/20260113_regenerativer_gemuesebau_Intensiv_Seminar_26_1-12x12.jpg 12w\" sizes=\"(max-width: 700px) 100vw, 700px\" \/>\t\t\t\t\t\t\t\t<\/a>\n\t\t\t\t\t\t\t\t\t\t\t\t\t\t\t<\/div>\n\t\t\t\t<\/div>\n\t\t\t\t<div class=\"elementor-element elementor-element-65dfa9f elementor-widget elementor-widget-theme-post-title elementor-page-title elementor-widget-heading\" data-id=\"65dfa9f\" data-element_type=\"widget\" data-e-type=\"widget\" data-widget_type=\"theme-post-title.default\">\n\t\t\t\t<div class=\"elementor-widget-container\">\n\t\t\t\t\t<h3 class=\"elementor-heading-title elementor-size-default\"><a href=\"https:\/\/permakultur-landwirtschaft.org\/fr\/regenerativer-gemuesebau-2026-intensiv-seminar-vom-13-januar-bis-10-juli-2026\/\">Regenerativer Gem\u00fcsebau 2026 &#8211; Intensiv-Seminar vom 13. Januar bis 10. Juli 2026<\/a><\/h3>\t\t\t\t<\/div>\n\t\t\t\t<\/div>\n\t\t\t\t<div class=\"elementor-element elementor-element-0ad4e09 elementor-absolute elementor-widget elementor-widget-text-editor\" data-id=\"0ad4e09\" data-element_type=\"widget\" data-e-type=\"widget\" data-settings=\"{&quot;_position&quot;:&quot;absolute&quot;}\" data-widget_type=\"text-editor.default\">\n\t\t\t\t<div class=\"elementor-widget-container\">\n\t\t\t\t\t\t\t\t\tVeranstaltung\t\t\t\t\t\t\t\t<\/div>\n\t\t\t\t<\/div>\n\t\t\t\t<\/div>\n\t\t\t\t\t<\/div>\n\t\t\t\t<\/div>\n\t\t\t\t<\/div>\n\t\t\t\t<div data-elementor-type=\"loop-item\" data-elementor-id=\"37613\" class=\"elementor elementor-37613 e-loop-item e-loop-item-37312 post-37312 post type-post status-publish format-standard has-post-thumbnail hentry category-veranstaltung tag-inforama tag-kurs tag-maehen tag-martin-strub tag-sensen\" data-elementor-post-type=\"elementor_library\" data-custom-edit-handle=\"1\">\n\t\t\t<div class=\"elementor-element elementor-element-c79cfe5 e-flex e-con-boxed e-con e-parent\" data-id=\"c79cfe5\" data-element_type=\"container\" data-e-type=\"container\">\n\t\t\t\t\t<div class=\"e-con-inner\">\n\t\t<div class=\"elementor-element elementor-element-64a3d73 e-con-full e-flex e-con e-child\" data-id=\"64a3d73\" data-element_type=\"container\" data-e-type=\"container\">\n\t\t\t\t<div class=\"elementor-element elementor-element-2e3812c elementor-widget__width-inherit elementor-widget elementor-widget-image\" data-id=\"2e3812c\" data-element_type=\"widget\" data-e-type=\"widget\" data-widget_type=\"image.default\">\n\t\t\t\t<div class=\"elementor-widget-container\">\n\t\t\t\t\t\t\t\t\t\t\t\t\t\t\t\t<a href=\"https:\/\/permakultur-landwirtschaft.org\/fr\/maehen-mit-der-sense-kurs-am-16-juni-2026\/\">\n\t\t\t\t\t\t\t<img loading=\"lazy\" decoding=\"async\" width=\"700\" height=\"536\" src=\"https:\/\/permakultur-landwirtschaft.org\/wp-content\/uploads\/2025\/10\/sensen_30-10-2025_15-44-13.jpg\" class=\"attachment-full size-full wp-image-37313\" alt=\"Mit Sensen m\u00e4hen\" srcset=\"https:\/\/permakultur-landwirtschaft.org\/wp-content\/uploads\/2025\/10\/sensen_30-10-2025_15-44-13.jpg 700w, https:\/\/permakultur-landwirtschaft.org\/wp-content\/uploads\/2025\/10\/sensen_30-10-2025_15-44-13-300x230.jpg 300w, https:\/\/permakultur-landwirtschaft.org\/wp-content\/uploads\/2025\/10\/sensen_30-10-2025_15-44-13-16x12.jpg 16w\" sizes=\"(max-width: 700px) 100vw, 700px\" \/>\t\t\t\t\t\t\t\t<\/a>\n\t\t\t\t\t\t\t\t\t\t\t\t\t\t\t<\/div>\n\t\t\t\t<\/div>\n\t\t\t\t<div class=\"elementor-element elementor-element-65dfa9f elementor-widget elementor-widget-theme-post-title elementor-page-title elementor-widget-heading\" data-id=\"65dfa9f\" data-element_type=\"widget\" data-e-type=\"widget\" data-widget_type=\"theme-post-title.default\">\n\t\t\t\t<div class=\"elementor-widget-container\">\n\t\t\t\t\t<h3 class=\"elementor-heading-title elementor-size-default\"><a href=\"https:\/\/permakultur-landwirtschaft.org\/fr\/maehen-mit-der-sense-kurs-am-16-juni-2026\/\">M\u00e4hen mit der Sense &#8211; Kurs am 16. Juni 2026<\/a><\/h3>\t\t\t\t<\/div>\n\t\t\t\t<\/div>\n\t\t\t\t<div class=\"elementor-element elementor-element-0ad4e09 elementor-absolute elementor-widget elementor-widget-text-editor\" data-id=\"0ad4e09\" data-element_type=\"widget\" data-e-type=\"widget\" data-settings=\"{&quot;_position&quot;:&quot;absolute&quot;}\" data-widget_type=\"text-editor.default\">\n\t\t\t\t<div class=\"elementor-widget-container\">\n\t\t\t\t\t\t\t\t\tVeranstaltung\t\t\t\t\t\t\t\t<\/div>\n\t\t\t\t<\/div>\n\t\t\t\t<\/div>\n\t\t\t\t\t<\/div>\n\t\t\t\t<\/div>\n\t\t\t\t<\/div>\n\t\t\t\t<div data-elementor-type=\"loop-item\" data-elementor-id=\"37613\" class=\"elementor elementor-37613 e-loop-item e-loop-item-36975 post-36975 post type-post status-publish format-standard has-post-thumbnail hentry category-veranstaltung tag-855 tag-agroforst tag-european-agroforestry-conference tag-european-agroforestry-federation\" data-elementor-post-type=\"elementor_library\" data-custom-edit-handle=\"1\">\n\t\t\t<div class=\"elementor-element elementor-element-c79cfe5 e-flex e-con-boxed e-con e-parent\" data-id=\"c79cfe5\" data-element_type=\"container\" data-e-type=\"container\">\n\t\t\t\t\t<div class=\"e-con-inner\">\n\t\t<div class=\"elementor-element elementor-element-64a3d73 e-con-full e-flex e-con e-child\" data-id=\"64a3d73\" data-element_type=\"container\" data-e-type=\"container\">\n\t\t\t\t<div class=\"elementor-element elementor-element-2e3812c elementor-widget__width-inherit elementor-widget elementor-widget-image\" data-id=\"2e3812c\" data-element_type=\"widget\" data-e-type=\"widget\" data-widget_type=\"image.default\">\n\t\t\t\t<div class=\"elementor-widget-container\">\n\t\t\t\t\t\t\t\t\t\t\t\t\t\t\t\t<a href=\"https:\/\/permakultur-landwirtschaft.org\/fr\/8th-european-agroforestry-conference-euraf-in-neuchatel-switzerland-am-22-bis-26-juni-2026\/\">\n\t\t\t\t\t\t\t<img loading=\"lazy\" decoding=\"async\" width=\"700\" height=\"260\" src=\"https:\/\/permakultur-landwirtschaft.org\/wp-content\/uploads\/2025\/08\/euraf2026_2025-08-28_13-56-22.jpg\" class=\"attachment-full size-full wp-image-36976\" alt=\"EURAF Conference 2026\" srcset=\"https:\/\/permakultur-landwirtschaft.org\/wp-content\/uploads\/2025\/08\/euraf2026_2025-08-28_13-56-22.jpg 700w, https:\/\/permakultur-landwirtschaft.org\/wp-content\/uploads\/2025\/08\/euraf2026_2025-08-28_13-56-22-300x111.jpg 300w, https:\/\/permakultur-landwirtschaft.org\/wp-content\/uploads\/2025\/08\/euraf2026_2025-08-28_13-56-22-18x7.jpg 18w\" sizes=\"(max-width: 700px) 100vw, 700px\" \/>\t\t\t\t\t\t\t\t<\/a>\n\t\t\t\t\t\t\t\t\t\t\t\t\t\t\t<\/div>\n\t\t\t\t<\/div>\n\t\t\t\t<div class=\"elementor-element elementor-element-65dfa9f elementor-widget elementor-widget-theme-post-title elementor-page-title elementor-widget-heading\" data-id=\"65dfa9f\" data-element_type=\"widget\" data-e-type=\"widget\" data-widget_type=\"theme-post-title.default\">\n\t\t\t\t<div class=\"elementor-widget-container\">\n\t\t\t\t\t<h3 class=\"elementor-heading-title elementor-size-default\"><a href=\"https:\/\/permakultur-landwirtschaft.org\/fr\/8th-european-agroforestry-conference-euraf-in-neuchatel-switzerland-am-22-bis-26-juni-2026\/\">8th European Agroforestry Conference EURAF in Neuch\u00e2tel, Switzerland am 22. bis 26. Juni 2026<\/a><\/h3>\t\t\t\t<\/div>\n\t\t\t\t<\/div>\n\t\t\t\t<div class=\"elementor-element elementor-element-0ad4e09 elementor-absolute elementor-widget elementor-widget-text-editor\" data-id=\"0ad4e09\" data-element_type=\"widget\" data-e-type=\"widget\" data-settings=\"{&quot;_position&quot;:&quot;absolute&quot;}\" data-widget_type=\"text-editor.default\">\n\t\t\t\t<div class=\"elementor-widget-container\">\n\t\t\t\t\t\t\t\t\tVeranstaltung\t\t\t\t\t\t\t\t<\/div>\n\t\t\t\t<\/div>\n\t\t\t\t<\/div>\n\t\t\t\t\t<\/div>\n\t\t\t\t<\/div>\n\t\t\t\t<\/div>\n\t\t\t\t<div data-elementor-type=\"loop-item\" data-elementor-id=\"37613\" class=\"elementor elementor-37613 e-loop-item e-loop-item-37320 post-37320 post type-post status-publish format-standard has-post-thumbnail hentry category-veranstaltung tag-barbara-schmid tag-essblatt-mikrofarm tag-gemuesebau tag-inforama tag-kleinstrukturiert tag-kurs tag-mikrofarming tag-oekologisch\" data-elementor-post-type=\"elementor_library\" data-custom-edit-handle=\"1\">\n\t\t\t<div class=\"elementor-element elementor-element-c79cfe5 e-flex e-con-boxed e-con e-parent\" data-id=\"c79cfe5\" data-element_type=\"container\" data-e-type=\"container\">\n\t\t\t\t\t<div class=\"e-con-inner\">\n\t\t<div class=\"elementor-element elementor-element-64a3d73 e-con-full e-flex e-con e-child\" data-id=\"64a3d73\" data-element_type=\"container\" data-e-type=\"container\">\n\t\t\t\t<div class=\"elementor-element elementor-element-2e3812c elementor-widget__width-inherit elementor-widget elementor-widget-image\" data-id=\"2e3812c\" data-element_type=\"widget\" data-e-type=\"widget\" data-widget_type=\"image.default\">\n\t\t\t\t<div class=\"elementor-widget-container\">\n\t\t\t\t\t\t\t\t\t\t\t\t\t\t\t\t<a href=\"https:\/\/permakultur-landwirtschaft.org\/fr\/oekologischer-und-kleinstrukturierter-gemuesebau-kurs-am-25-juni-2026\/\">\n\t\t\t\t\t\t\t<img loading=\"lazy\" decoding=\"async\" width=\"700\" height=\"514\" src=\"https:\/\/permakultur-landwirtschaft.org\/wp-content\/uploads\/2024\/10\/20241205_Ausschreibung_AnlassPKBewirtschafterinnen_essblatt.jpg\" class=\"attachment-full size-full wp-image-35324\" alt=\"Essblatt Gem\u00fcsebau\" srcset=\"https:\/\/permakultur-landwirtschaft.org\/wp-content\/uploads\/2024\/10\/20241205_Ausschreibung_AnlassPKBewirtschafterinnen_essblatt.jpg 700w, https:\/\/permakultur-landwirtschaft.org\/wp-content\/uploads\/2024\/10\/20241205_Ausschreibung_AnlassPKBewirtschafterinnen_essblatt-300x220.jpg 300w\" sizes=\"(max-width: 700px) 100vw, 700px\" \/>\t\t\t\t\t\t\t\t<\/a>\n\t\t\t\t\t\t\t\t\t\t\t\t\t\t\t<\/div>\n\t\t\t\t<\/div>\n\t\t\t\t<div class=\"elementor-element elementor-element-65dfa9f elementor-widget elementor-widget-theme-post-title elementor-page-title elementor-widget-heading\" data-id=\"65dfa9f\" data-element_type=\"widget\" data-e-type=\"widget\" data-widget_type=\"theme-post-title.default\">\n\t\t\t\t<div class=\"elementor-widget-container\">\n\t\t\t\t\t<h3 class=\"elementor-heading-title elementor-size-default\"><a href=\"https:\/\/permakultur-landwirtschaft.org\/fr\/oekologischer-und-kleinstrukturierter-gemuesebau-kurs-am-25-juni-2026\/\">\u00d6kologischer und kleinstrukturierter Gem\u00fcsebau  &#8211; Kurs am 25. Juni 2026<\/a><\/h3>\t\t\t\t<\/div>\n\t\t\t\t<\/div>\n\t\t\t\t<div class=\"elementor-element elementor-element-0ad4e09 elementor-absolute elementor-widget elementor-widget-text-editor\" data-id=\"0ad4e09\" data-element_type=\"widget\" data-e-type=\"widget\" data-settings=\"{&quot;_position&quot;:&quot;absolute&quot;}\" data-widget_type=\"text-editor.default\">\n\t\t\t\t<div class=\"elementor-widget-container\">\n\t\t\t\t\t\t\t\t\tVeranstaltung\t\t\t\t\t\t\t\t<\/div>\n\t\t\t\t<\/div>\n\t\t\t\t<\/div>\n\t\t\t\t\t<\/div>\n\t\t\t\t<\/div>\n\t\t\t\t<\/div>\n\t\t\t\t<div data-elementor-type=\"loop-item\" data-elementor-id=\"37613\" class=\"elementor elementor-37613 e-loop-item e-loop-item-37853 post-37853 post type-post status-publish format-standard has-post-thumbnail hentry category-veranstaltung tag-alpine-permakultur tag-pdc tag-permaculture-design-course tag-sarah-daum tag-schweibenalp\" data-elementor-post-type=\"elementor_library\" data-custom-edit-handle=\"1\">\n\t\t\t<div class=\"elementor-element elementor-element-c79cfe5 e-flex e-con-boxed e-con e-parent\" data-id=\"c79cfe5\" data-element_type=\"container\" data-e-type=\"container\">\n\t\t\t\t\t<div class=\"e-con-inner\">\n\t\t<div class=\"elementor-element elementor-element-64a3d73 e-con-full e-flex e-con e-child\" data-id=\"64a3d73\" data-element_type=\"container\" data-e-type=\"container\">\n\t\t\t\t<div class=\"elementor-element elementor-element-2e3812c elementor-widget__width-inherit elementor-widget elementor-widget-image\" data-id=\"2e3812c\" data-element_type=\"widget\" data-e-type=\"widget\" data-widget_type=\"image.default\">\n\t\t\t\t<div class=\"elementor-widget-container\">\n\t\t\t\t\t\t\t\t\t\t\t\t\t\t\t\t<a href=\"https:\/\/permakultur-landwirtschaft.org\/fr\/permaculture-design-course-mit-leadership-training-vom-02-bis-05-juli-2026\/\">\n\t\t\t\t\t\t\t<img loading=\"lazy\" decoding=\"async\" width=\"700\" height=\"393\" src=\"https:\/\/permakultur-landwirtschaft.org\/wp-content\/uploads\/2026\/02\/20260210_alpine_pk_pdc_leadership_26-217.jpg\" class=\"attachment-full size-full wp-image-37854\" alt=\"Menschen am sitzen und Sensen im Vordergrund\" srcset=\"https:\/\/permakultur-landwirtschaft.org\/wp-content\/uploads\/2026\/02\/20260210_alpine_pk_pdc_leadership_26-217.jpg 700w, https:\/\/permakultur-landwirtschaft.org\/wp-content\/uploads\/2026\/02\/20260210_alpine_pk_pdc_leadership_26-217-300x168.jpg 300w, https:\/\/permakultur-landwirtschaft.org\/wp-content\/uploads\/2026\/02\/20260210_alpine_pk_pdc_leadership_26-217-18x10.jpg 18w\" sizes=\"(max-width: 700px) 100vw, 700px\" \/>\t\t\t\t\t\t\t\t<\/a>\n\t\t\t\t\t\t\t\t\t\t\t\t\t\t\t<\/div>\n\t\t\t\t<\/div>\n\t\t\t\t<div class=\"elementor-element elementor-element-65dfa9f elementor-widget elementor-widget-theme-post-title elementor-page-title elementor-widget-heading\" data-id=\"65dfa9f\" data-element_type=\"widget\" data-e-type=\"widget\" data-widget_type=\"theme-post-title.default\">\n\t\t\t\t<div class=\"elementor-widget-container\">\n\t\t\t\t\t<h3 class=\"elementor-heading-title elementor-size-default\"><a href=\"https:\/\/permakultur-landwirtschaft.org\/fr\/permaculture-design-course-mit-leadership-training-vom-02-bis-05-juli-2026\/\">Permaculture Design Course mit Leadership-Training  vom 02. bis 05. Juli 2026<\/a><\/h3>\t\t\t\t<\/div>\n\t\t\t\t<\/div>\n\t\t\t\t<div class=\"elementor-element elementor-element-0ad4e09 elementor-absolute elementor-widget elementor-widget-text-editor\" data-id=\"0ad4e09\" data-element_type=\"widget\" data-e-type=\"widget\" data-settings=\"{&quot;_position&quot;:&quot;absolute&quot;}\" data-widget_type=\"text-editor.default\">\n\t\t\t\t<div class=\"elementor-widget-container\">\n\t\t\t\t\t\t\t\t\tVeranstaltung\t\t\t\t\t\t\t\t<\/div>\n\t\t\t\t<\/div>\n\t\t\t\t<\/div>\n\t\t\t\t\t<\/div>\n\t\t\t\t<\/div>\n\t\t\t\t<\/div>\n\t\t\t\t<div data-elementor-type=\"loop-item\" data-elementor-id=\"37613\" class=\"elementor elementor-37613 e-loop-item e-loop-item-37840 post-37840 post type-post status-publish format-standard has-post-thumbnail hentry category-veranstaltung tag-alpine-permakultur tag-dengeln tag-hermes-thoeni tag-kurs tag-schweibenalp tag-sensen\" data-elementor-post-type=\"elementor_library\" data-custom-edit-handle=\"1\">\n\t\t\t<div class=\"elementor-element elementor-element-c79cfe5 e-flex e-con-boxed e-con e-parent\" data-id=\"c79cfe5\" data-element_type=\"container\" data-e-type=\"container\">\n\t\t\t\t\t<div class=\"e-con-inner\">\n\t\t<div class=\"elementor-element elementor-element-64a3d73 e-con-full e-flex e-con e-child\" data-id=\"64a3d73\" data-element_type=\"container\" data-e-type=\"container\">\n\t\t\t\t<div class=\"elementor-element elementor-element-2e3812c elementor-widget__width-inherit elementor-widget elementor-widget-image\" data-id=\"2e3812c\" data-element_type=\"widget\" data-e-type=\"widget\" data-widget_type=\"image.default\">\n\t\t\t\t<div class=\"elementor-widget-container\">\n\t\t\t\t\t\t\t\t\t\t\t\t\t\t\t\t<a href=\"https:\/\/permakultur-landwirtschaft.org\/fr\/sensen-und-dengeln-workshop-mit-hermes-thoeni-am-05-juli-2026\/\">\n\t\t\t\t\t\t\t<img loading=\"lazy\" decoding=\"async\" width=\"700\" height=\"393\" src=\"https:\/\/permakultur-landwirtschaft.org\/wp-content\/uploads\/2026\/02\/20260210_schweibenalp_sense_26-221.jpg\" class=\"attachment-full size-full wp-image-37841\" alt=\"Personen mit Sensen auf der Schweibenalp\" srcset=\"https:\/\/permakultur-landwirtschaft.org\/wp-content\/uploads\/2026\/02\/20260210_schweibenalp_sense_26-221.jpg 700w, https:\/\/permakultur-landwirtschaft.org\/wp-content\/uploads\/2026\/02\/20260210_schweibenalp_sense_26-221-300x168.jpg 300w, https:\/\/permakultur-landwirtschaft.org\/wp-content\/uploads\/2026\/02\/20260210_schweibenalp_sense_26-221-18x10.jpg 18w\" sizes=\"(max-width: 700px) 100vw, 700px\" \/>\t\t\t\t\t\t\t\t<\/a>\n\t\t\t\t\t\t\t\t\t\t\t\t\t\t\t<\/div>\n\t\t\t\t<\/div>\n\t\t\t\t<div class=\"elementor-element elementor-element-65dfa9f elementor-widget elementor-widget-theme-post-title elementor-page-title elementor-widget-heading\" data-id=\"65dfa9f\" data-element_type=\"widget\" data-e-type=\"widget\" data-widget_type=\"theme-post-title.default\">\n\t\t\t\t<div class=\"elementor-widget-container\">\n\t\t\t\t\t<h3 class=\"elementor-heading-title elementor-size-default\"><a href=\"https:\/\/permakultur-landwirtschaft.org\/fr\/sensen-und-dengeln-workshop-mit-hermes-thoeni-am-05-juli-2026\/\">Sensen und Dengeln &#8211; Workshop mit Hermes Th\u00f6ni am 05. Juli 2026<\/a><\/h3>\t\t\t\t<\/div>\n\t\t\t\t<\/div>\n\t\t\t\t<div class=\"elementor-element elementor-element-0ad4e09 elementor-absolute elementor-widget elementor-widget-text-editor\" data-id=\"0ad4e09\" data-element_type=\"widget\" data-e-type=\"widget\" data-settings=\"{&quot;_position&quot;:&quot;absolute&quot;}\" data-widget_type=\"text-editor.default\">\n\t\t\t\t<div class=\"elementor-widget-container\">\n\t\t\t\t\t\t\t\t\tVeranstaltung\t\t\t\t\t\t\t\t<\/div>\n\t\t\t\t<\/div>\n\t\t\t\t<\/div>\n\t\t\t\t\t<\/div>\n\t\t\t\t<\/div>\n\t\t\t\t<\/div>\n\t\t\t\t<div data-elementor-type=\"loop-item\" data-elementor-id=\"37613\" class=\"elementor elementor-37613 e-loop-item e-loop-item-37860 post-37860 post type-post status-publish format-standard has-post-thumbnail hentry category-veranstaltung tag-alpine-permakultur tag-kurs tag-permakultur tag-praxiswoche tag-schweibenalp\" data-elementor-post-type=\"elementor_library\" data-custom-edit-handle=\"1\">\n\t\t\t<div class=\"elementor-element elementor-element-c79cfe5 e-flex e-con-boxed e-con e-parent\" data-id=\"c79cfe5\" data-element_type=\"container\" data-e-type=\"container\">\n\t\t\t\t\t<div class=\"e-con-inner\">\n\t\t<div class=\"elementor-element elementor-element-64a3d73 e-con-full e-flex e-con e-child\" data-id=\"64a3d73\" data-element_type=\"container\" data-e-type=\"container\">\n\t\t\t\t<div class=\"elementor-element elementor-element-2e3812c elementor-widget__width-inherit elementor-widget elementor-widget-image\" data-id=\"2e3812c\" data-element_type=\"widget\" data-e-type=\"widget\" data-widget_type=\"image.default\">\n\t\t\t\t<div class=\"elementor-widget-container\">\n\t\t\t\t\t\t\t\t\t\t\t\t\t\t\t\t<a href=\"https:\/\/permakultur-landwirtschaft.org\/fr\/permakultur-praxiswoche-lernen-durch-tun-kurs-vom-12-bis-16-juli-2026\/\">\n\t\t\t\t\t\t\t<img loading=\"lazy\" decoding=\"async\" width=\"700\" height=\"393\" src=\"https:\/\/permakultur-landwirtschaft.org\/wp-content\/uploads\/2026\/02\/20260210_alpine_pk_praxis_26-216.jpg\" class=\"attachment-full size-full wp-image-37861\" alt=\"Menschen mit landwirtschaftlichen Werkzeugen\" srcset=\"https:\/\/permakultur-landwirtschaft.org\/wp-content\/uploads\/2026\/02\/20260210_alpine_pk_praxis_26-216.jpg 700w, https:\/\/permakultur-landwirtschaft.org\/wp-content\/uploads\/2026\/02\/20260210_alpine_pk_praxis_26-216-300x168.jpg 300w, https:\/\/permakultur-landwirtschaft.org\/wp-content\/uploads\/2026\/02\/20260210_alpine_pk_praxis_26-216-18x10.jpg 18w\" sizes=\"(max-width: 700px) 100vw, 700px\" \/>\t\t\t\t\t\t\t\t<\/a>\n\t\t\t\t\t\t\t\t\t\t\t\t\t\t\t<\/div>\n\t\t\t\t<\/div>\n\t\t\t\t<div class=\"elementor-element elementor-element-65dfa9f elementor-widget elementor-widget-theme-post-title elementor-page-title elementor-widget-heading\" data-id=\"65dfa9f\" data-element_type=\"widget\" data-e-type=\"widget\" data-widget_type=\"theme-post-title.default\">\n\t\t\t\t<div class=\"elementor-widget-container\">\n\t\t\t\t\t<h3 class=\"elementor-heading-title elementor-size-default\"><a href=\"https:\/\/permakultur-landwirtschaft.org\/fr\/permakultur-praxiswoche-lernen-durch-tun-kurs-vom-12-bis-16-juli-2026\/\">Permakultur Praxiswoche \u2013 Lernen durch Tun &#8211; Kurs vom 12. bis 16. Juli 2026<\/a><\/h3>\t\t\t\t<\/div>\n\t\t\t\t<\/div>\n\t\t\t\t<div class=\"elementor-element elementor-element-0ad4e09 elementor-absolute elementor-widget elementor-widget-text-editor\" data-id=\"0ad4e09\" data-element_type=\"widget\" data-e-type=\"widget\" data-settings=\"{&quot;_position&quot;:&quot;absolute&quot;}\" data-widget_type=\"text-editor.default\">\n\t\t\t\t<div class=\"elementor-widget-container\">\n\t\t\t\t\t\t\t\t\tVeranstaltung\t\t\t\t\t\t\t\t<\/div>\n\t\t\t\t<\/div>\n\t\t\t\t<\/div>\n\t\t\t\t\t<\/div>\n\t\t\t\t<\/div>\n\t\t\t\t<\/div>\n\t\t\t\t<div data-elementor-type=\"loop-item\" data-elementor-id=\"37613\" class=\"elementor elementor-37613 e-loop-item e-loop-item-37843 post-37843 post type-post status-publish format-standard has-post-thumbnail hentry category-veranstaltung tag-alpine-permakultur tag-dengeln tag-hermes-thoeni tag-kurs tag-schweibenalp tag-sensen\" data-elementor-post-type=\"elementor_library\" data-custom-edit-handle=\"1\">\n\t\t\t<div class=\"elementor-element elementor-element-c79cfe5 e-flex e-con-boxed e-con e-parent\" data-id=\"c79cfe5\" data-element_type=\"container\" data-e-type=\"container\">\n\t\t\t\t\t<div class=\"e-con-inner\">\n\t\t<div class=\"elementor-element elementor-element-64a3d73 e-con-full e-flex e-con e-child\" data-id=\"64a3d73\" data-element_type=\"container\" data-e-type=\"container\">\n\t\t\t\t<div class=\"elementor-element elementor-element-2e3812c elementor-widget__width-inherit elementor-widget elementor-widget-image\" data-id=\"2e3812c\" data-element_type=\"widget\" data-e-type=\"widget\" data-widget_type=\"image.default\">\n\t\t\t\t<div class=\"elementor-widget-container\">\n\t\t\t\t\t\t\t\t\t\t\t\t\t\t\t\t<a href=\"https:\/\/permakultur-landwirtschaft.org\/fr\/sensen-und-dengeln-workshop-mit-hermes-thoeni-am-25-juli-2026\/\">\n\t\t\t\t\t\t\t<img loading=\"lazy\" decoding=\"async\" width=\"700\" height=\"393\" src=\"https:\/\/permakultur-landwirtschaft.org\/wp-content\/uploads\/2026\/02\/20260210_schweibenalp_sense_26-221.jpg\" class=\"attachment-full size-full wp-image-37841\" alt=\"Personen mit Sensen auf der Schweibenalp\" srcset=\"https:\/\/permakultur-landwirtschaft.org\/wp-content\/uploads\/2026\/02\/20260210_schweibenalp_sense_26-221.jpg 700w, https:\/\/permakultur-landwirtschaft.org\/wp-content\/uploads\/2026\/02\/20260210_schweibenalp_sense_26-221-300x168.jpg 300w, https:\/\/permakultur-landwirtschaft.org\/wp-content\/uploads\/2026\/02\/20260210_schweibenalp_sense_26-221-18x10.jpg 18w\" sizes=\"(max-width: 700px) 100vw, 700px\" \/>\t\t\t\t\t\t\t\t<\/a>\n\t\t\t\t\t\t\t\t\t\t\t\t\t\t\t<\/div>\n\t\t\t\t<\/div>\n\t\t\t\t<div class=\"elementor-element elementor-element-65dfa9f elementor-widget elementor-widget-theme-post-title elementor-page-title elementor-widget-heading\" data-id=\"65dfa9f\" data-element_type=\"widget\" data-e-type=\"widget\" data-widget_type=\"theme-post-title.default\">\n\t\t\t\t<div class=\"elementor-widget-container\">\n\t\t\t\t\t<h3 class=\"elementor-heading-title elementor-size-default\"><a href=\"https:\/\/permakultur-landwirtschaft.org\/fr\/sensen-und-dengeln-workshop-mit-hermes-thoeni-am-25-juli-2026\/\">Sensen und Dengeln &#8211; Workshop mit Hermes Th\u00f6ni am 25. Juli 2026<\/a><\/h3>\t\t\t\t<\/div>\n\t\t\t\t<\/div>\n\t\t\t\t<div class=\"elementor-element elementor-element-0ad4e09 elementor-absolute elementor-widget elementor-widget-text-editor\" data-id=\"0ad4e09\" data-element_type=\"widget\" data-e-type=\"widget\" data-settings=\"{&quot;_position&quot;:&quot;absolute&quot;}\" data-widget_type=\"text-editor.default\">\n\t\t\t\t<div class=\"elementor-widget-container\">\n\t\t\t\t\t\t\t\t\tVeranstaltung\t\t\t\t\t\t\t\t<\/div>\n\t\t\t\t<\/div>\n\t\t\t\t<\/div>\n\t\t\t\t\t<\/div>\n\t\t\t\t<\/div>\n\t\t\t\t<\/div>\n\t\t\t\t<div data-elementor-type=\"loop-item\" data-elementor-id=\"37613\" class=\"elementor elementor-37613 e-loop-item e-loop-item-37834 post-37834 post type-post status-publish format-standard has-post-thumbnail hentry category-veranstaltung tag-inforama tag-jahreskurs tag-landwirtschaft-begreifen\" data-elementor-post-type=\"elementor_library\" data-custom-edit-handle=\"1\">\n\t\t\t<div class=\"elementor-element elementor-element-c79cfe5 e-flex e-con-boxed e-con e-parent\" data-id=\"c79cfe5\" data-element_type=\"container\" data-e-type=\"container\">\n\t\t\t\t\t<div class=\"e-con-inner\">\n\t\t<div class=\"elementor-element elementor-element-64a3d73 e-con-full e-flex e-con e-child\" data-id=\"64a3d73\" data-element_type=\"container\" data-e-type=\"container\">\n\t\t\t\t<div class=\"elementor-element elementor-element-2e3812c elementor-widget__width-inherit elementor-widget elementor-widget-image\" data-id=\"2e3812c\" data-element_type=\"widget\" data-e-type=\"widget\" data-widget_type=\"image.default\">\n\t\t\t\t<div class=\"elementor-widget-container\">\n\t\t\t\t\t\t\t\t\t\t\t\t\t\t\t\t<a href=\"https:\/\/permakultur-landwirtschaft.org\/fr\/landwirtschaft-begreifen-jahreskurs-vom-28-august-2026-bis-19-juni-2027\/\">\n\t\t\t\t\t\t\t<img loading=\"lazy\" decoding=\"async\" width=\"701\" height=\"367\" src=\"https:\/\/permakultur-landwirtschaft.org\/wp-content\/uploads\/2026\/02\/inforama_lw_begreifen_10-02-2026_11-55-41.jpg\" class=\"attachment-full size-full wp-image-37835\" alt=\"Frau in Folientunnel\" srcset=\"https:\/\/permakultur-landwirtschaft.org\/wp-content\/uploads\/2026\/02\/inforama_lw_begreifen_10-02-2026_11-55-41.jpg 701w, https:\/\/permakultur-landwirtschaft.org\/wp-content\/uploads\/2026\/02\/inforama_lw_begreifen_10-02-2026_11-55-41-300x157.jpg 300w, https:\/\/permakultur-landwirtschaft.org\/wp-content\/uploads\/2026\/02\/inforama_lw_begreifen_10-02-2026_11-55-41-18x9.jpg 18w\" sizes=\"(max-width: 701px) 100vw, 701px\" \/>\t\t\t\t\t\t\t\t<\/a>\n\t\t\t\t\t\t\t\t\t\t\t\t\t\t\t<\/div>\n\t\t\t\t<\/div>\n\t\t\t\t<div class=\"elementor-element elementor-element-65dfa9f elementor-widget elementor-widget-theme-post-title elementor-page-title elementor-widget-heading\" data-id=\"65dfa9f\" data-element_type=\"widget\" data-e-type=\"widget\" data-widget_type=\"theme-post-title.default\">\n\t\t\t\t<div class=\"elementor-widget-container\">\n\t\t\t\t\t<h3 class=\"elementor-heading-title elementor-size-default\"><a href=\"https:\/\/permakultur-landwirtschaft.org\/fr\/landwirtschaft-begreifen-jahreskurs-vom-28-august-2026-bis-19-juni-2027\/\">Landwirtschaft begreifen &#8211; Jahreskurs vom 28. August 2026 bis 19. Juni 2027<\/a><\/h3>\t\t\t\t<\/div>\n\t\t\t\t<\/div>\n\t\t\t\t<div class=\"elementor-element elementor-element-0ad4e09 elementor-absolute elementor-widget elementor-widget-text-editor\" data-id=\"0ad4e09\" data-element_type=\"widget\" data-e-type=\"widget\" data-settings=\"{&quot;_position&quot;:&quot;absolute&quot;}\" data-widget_type=\"text-editor.default\">\n\t\t\t\t<div class=\"elementor-widget-container\">\n\t\t\t\t\t\t\t\t\tVeranstaltung\t\t\t\t\t\t\t\t<\/div>\n\t\t\t\t<\/div>\n\t\t\t\t<\/div>\n\t\t\t\t\t<\/div>\n\t\t\t\t<\/div>\n\t\t\t\t<\/div>\n\t\t\t\t<div data-elementor-type=\"loop-item\" data-elementor-id=\"37613\" class=\"elementor elementor-37613 e-loop-item e-loop-item-37851 post-37851 post type-post status-publish format-standard has-post-thumbnail hentry category-veranstaltung tag-alpine-permakultur tag-harald-wedig tag-schweibenalp tag-seminar tag-waldgarten\" data-elementor-post-type=\"elementor_library\" data-custom-edit-handle=\"1\">\n\t\t\t<div class=\"elementor-element elementor-element-c79cfe5 e-flex e-con-boxed e-con e-parent\" data-id=\"c79cfe5\" data-element_type=\"container\" data-e-type=\"container\">\n\t\t\t\t\t<div class=\"e-con-inner\">\n\t\t<div class=\"elementor-element elementor-element-64a3d73 e-con-full e-flex e-con e-child\" data-id=\"64a3d73\" data-element_type=\"container\" data-e-type=\"container\">\n\t\t\t\t<div class=\"elementor-element elementor-element-2e3812c elementor-widget__width-inherit elementor-widget elementor-widget-image\" data-id=\"2e3812c\" data-element_type=\"widget\" data-e-type=\"widget\" data-widget_type=\"image.default\">\n\t\t\t\t<div class=\"elementor-widget-container\">\n\t\t\t\t\t\t\t\t\t\t\t\t\t\t\t\t<a href=\"https:\/\/permakultur-landwirtschaft.org\/fr\/waldgarten-erleben-und-verstehen-seminar-vom-21-bis-23-august-2026\/\">\n\t\t\t\t\t\t\t<img loading=\"lazy\" decoding=\"async\" width=\"700\" height=\"393\" src=\"https:\/\/permakultur-landwirtschaft.org\/wp-content\/uploads\/2025\/05\/20250519_harald_wedig_25-234.jpg\" class=\"attachment-full size-full wp-image-36547\" alt=\"Harald Wedig\" srcset=\"https:\/\/permakultur-landwirtschaft.org\/wp-content\/uploads\/2025\/05\/20250519_harald_wedig_25-234.jpg 700w, https:\/\/permakultur-landwirtschaft.org\/wp-content\/uploads\/2025\/05\/20250519_harald_wedig_25-234-300x168.jpg 300w, https:\/\/permakultur-landwirtschaft.org\/wp-content\/uploads\/2025\/05\/20250519_harald_wedig_25-234-18x10.jpg 18w\" sizes=\"(max-width: 700px) 100vw, 700px\" \/>\t\t\t\t\t\t\t\t<\/a>\n\t\t\t\t\t\t\t\t\t\t\t\t\t\t\t<\/div>\n\t\t\t\t<\/div>\n\t\t\t\t<div class=\"elementor-element elementor-element-65dfa9f elementor-widget elementor-widget-theme-post-title elementor-page-title elementor-widget-heading\" data-id=\"65dfa9f\" data-element_type=\"widget\" data-e-type=\"widget\" data-widget_type=\"theme-post-title.default\">\n\t\t\t\t<div class=\"elementor-widget-container\">\n\t\t\t\t\t<h3 class=\"elementor-heading-title elementor-size-default\"><a href=\"https:\/\/permakultur-landwirtschaft.org\/fr\/waldgarten-erleben-und-verstehen-seminar-vom-21-bis-23-august-2026\/\">Waldgarten erleben und verstehen &#8211; Seminar vom 21. bis 23. August 2026<\/a><\/h3>\t\t\t\t<\/div>\n\t\t\t\t<\/div>\n\t\t\t\t<div class=\"elementor-element elementor-element-0ad4e09 elementor-absolute elementor-widget elementor-widget-text-editor\" data-id=\"0ad4e09\" data-element_type=\"widget\" data-e-type=\"widget\" data-settings=\"{&quot;_position&quot;:&quot;absolute&quot;}\" data-widget_type=\"text-editor.default\">\n\t\t\t\t<div class=\"elementor-widget-container\">\n\t\t\t\t\t\t\t\t\tVeranstaltung\t\t\t\t\t\t\t\t<\/div>\n\t\t\t\t<\/div>\n\t\t\t\t<\/div>\n\t\t\t\t\t<\/div>\n\t\t\t\t<\/div>\n\t\t\t\t<\/div>\n\t\t\t\t<div data-elementor-type=\"loop-item\" data-elementor-id=\"37613\" class=\"elementor elementor-37613 e-loop-item e-loop-item-37322 post-37322 post type-post status-publish format-standard has-post-thumbnail hentry category-veranstaltung tag-gumme tag-inforama tag-solardoerrofen tag-thomas-wieland\" data-elementor-post-type=\"elementor_library\" data-custom-edit-handle=\"1\">\n\t\t\t<div class=\"elementor-element elementor-element-c79cfe5 e-flex e-con-boxed e-con e-parent\" data-id=\"c79cfe5\" data-element_type=\"container\" data-e-type=\"container\">\n\t\t\t\t\t<div class=\"e-con-inner\">\n\t\t<div class=\"elementor-element elementor-element-64a3d73 e-con-full e-flex e-con e-child\" data-id=\"64a3d73\" data-element_type=\"container\" data-e-type=\"container\">\n\t\t\t\t<div class=\"elementor-element elementor-element-2e3812c elementor-widget__width-inherit elementor-widget elementor-widget-image\" data-id=\"2e3812c\" data-element_type=\"widget\" data-e-type=\"widget\" data-widget_type=\"image.default\">\n\t\t\t\t<div class=\"elementor-widget-container\">\n\t\t\t\t\t\t\t\t\t\t\t\t\t\t\t\t<a href=\"https:\/\/permakultur-landwirtschaft.org\/fr\/abendkurs-solardoerrofen-am-26-august-2026\/\">\n\t\t\t\t\t\t\t<img loading=\"lazy\" decoding=\"async\" width=\"700\" height=\"525\" src=\"https:\/\/permakultur-landwirtschaft.org\/wp-content\/uploads\/2023\/11\/solardoerrofen_gumme_700.jpg\" class=\"attachment-full size-full wp-image-33038\" alt=\"Solard\u00f6rrofen Gumme\" srcset=\"https:\/\/permakultur-landwirtschaft.org\/wp-content\/uploads\/2023\/11\/solardoerrofen_gumme_700.jpg 700w, https:\/\/permakultur-landwirtschaft.org\/wp-content\/uploads\/2023\/11\/solardoerrofen_gumme_700-300x225.jpg 300w\" sizes=\"(max-width: 700px) 100vw, 700px\" \/>\t\t\t\t\t\t\t\t<\/a>\n\t\t\t\t\t\t\t\t\t\t\t\t\t\t\t<\/div>\n\t\t\t\t<\/div>\n\t\t\t\t<div class=\"elementor-element elementor-element-65dfa9f elementor-widget elementor-widget-theme-post-title elementor-page-title elementor-widget-heading\" data-id=\"65dfa9f\" data-element_type=\"widget\" data-e-type=\"widget\" data-widget_type=\"theme-post-title.default\">\n\t\t\t\t<div class=\"elementor-widget-container\">\n\t\t\t\t\t<h3 class=\"elementor-heading-title elementor-size-default\"><a href=\"https:\/\/permakultur-landwirtschaft.org\/fr\/abendkurs-solardoerrofen-am-26-august-2026\/\">Abendkurs Solard\u00f6rrofen am 26. August 2026<\/a><\/h3>\t\t\t\t<\/div>\n\t\t\t\t<\/div>\n\t\t\t\t<div class=\"elementor-element elementor-element-0ad4e09 elementor-absolute elementor-widget elementor-widget-text-editor\" data-id=\"0ad4e09\" data-element_type=\"widget\" data-e-type=\"widget\" data-settings=\"{&quot;_position&quot;:&quot;absolute&quot;}\" data-widget_type=\"text-editor.default\">\n\t\t\t\t<div class=\"elementor-widget-container\">\n\t\t\t\t\t\t\t\t\tVeranstaltung\t\t\t\t\t\t\t\t<\/div>\n\t\t\t\t<\/div>\n\t\t\t\t<\/div>\n\t\t\t\t\t<\/div>\n\t\t\t\t<\/div>\n\t\t\t\t<\/div>\n\t\t\t\t<div data-elementor-type=\"loop-item\" data-elementor-id=\"37613\" class=\"elementor elementor-37613 e-loop-item e-loop-item-37324 post-37324 post type-post status-publish format-standard has-post-thumbnail hentry category-veranstaltung tag-dario-principi tag-inforama tag-kurs tag-muelacker tag-permakultur tag-solawi\" data-elementor-post-type=\"elementor_library\" data-custom-edit-handle=\"1\">\n\t\t\t<div class=\"elementor-element elementor-element-c79cfe5 e-flex e-con-boxed e-con e-parent\" data-id=\"c79cfe5\" data-element_type=\"container\" data-e-type=\"container\">\n\t\t\t\t\t<div class=\"e-con-inner\">\n\t\t<div class=\"elementor-element elementor-element-64a3d73 e-con-full e-flex e-con e-child\" data-id=\"64a3d73\" data-element_type=\"container\" data-e-type=\"container\">\n\t\t\t\t<div class=\"elementor-element elementor-element-2e3812c elementor-widget__width-inherit elementor-widget elementor-widget-image\" data-id=\"2e3812c\" data-element_type=\"widget\" data-e-type=\"widget\" data-widget_type=\"image.default\">\n\t\t\t\t<div class=\"elementor-widget-container\">\n\t\t\t\t\t\t\t\t\t\t\t\t\t\t\t\t<a href=\"https:\/\/permakultur-landwirtschaft.org\/fr\/permakultur-gestaltung-und-solawi-kurs-am-13-oktober-2026\/\">\n\t\t\t\t\t\t\t<img loading=\"lazy\" decoding=\"async\" width=\"700\" height=\"525\" src=\"https:\/\/permakultur-landwirtschaft.org\/wp-content\/uploads\/2023\/11\/PK_Solawi_Muehlacker_bearb_700.jpeg\" class=\"attachment-full size-full wp-image-33044\" alt=\"Solawi M\u00fchlacker\" srcset=\"https:\/\/permakultur-landwirtschaft.org\/wp-content\/uploads\/2023\/11\/PK_Solawi_Muehlacker_bearb_700.jpeg 700w, https:\/\/permakultur-landwirtschaft.org\/wp-content\/uploads\/2023\/11\/PK_Solawi_Muehlacker_bearb_700-300x225.jpeg 300w\" sizes=\"(max-width: 700px) 100vw, 700px\" \/>\t\t\t\t\t\t\t\t<\/a>\n\t\t\t\t\t\t\t\t\t\t\t\t\t\t\t<\/div>\n\t\t\t\t<\/div>\n\t\t\t\t<div class=\"elementor-element elementor-element-65dfa9f elementor-widget elementor-widget-theme-post-title elementor-page-title elementor-widget-heading\" data-id=\"65dfa9f\" data-element_type=\"widget\" data-e-type=\"widget\" data-widget_type=\"theme-post-title.default\">\n\t\t\t\t<div class=\"elementor-widget-container\">\n\t\t\t\t\t<h3 class=\"elementor-heading-title elementor-size-default\"><a href=\"https:\/\/permakultur-landwirtschaft.org\/fr\/permakultur-gestaltung-und-solawi-kurs-am-13-oktober-2026\/\">Permakultur Gestaltung und Solawi &#8211; Kurs am 13. Oktober 2026<\/a><\/h3>\t\t\t\t<\/div>\n\t\t\t\t<\/div>\n\t\t\t\t<div class=\"elementor-element elementor-element-0ad4e09 elementor-absolute elementor-widget elementor-widget-text-editor\" data-id=\"0ad4e09\" data-element_type=\"widget\" data-e-type=\"widget\" data-settings=\"{&quot;_position&quot;:&quot;absolute&quot;}\" data-widget_type=\"text-editor.default\">\n\t\t\t\t<div class=\"elementor-widget-container\">\n\t\t\t\t\t\t\t\t\tVeranstaltung\t\t\t\t\t\t\t\t<\/div>\n\t\t\t\t<\/div>\n\t\t\t\t<\/div>\n\t\t\t\t\t<\/div>\n\t\t\t\t<\/div>\n\t\t\t\t<\/div>\n\t\t\t\t<div data-elementor-type=\"loop-item\" data-elementor-id=\"37613\" class=\"elementor elementor-37613 e-loop-item e-loop-item-38326 post-38326 post type-post status-publish format-standard has-post-thumbnail hentry category-veranstaltung tag-inforama tag-seminar tag-wildkraeuter\" data-elementor-post-type=\"elementor_library\" data-custom-edit-handle=\"1\">\n\t\t\t<div class=\"elementor-element elementor-element-c79cfe5 e-flex e-con-boxed e-con e-parent\" data-id=\"c79cfe5\" data-element_type=\"container\" data-e-type=\"container\">\n\t\t\t\t\t<div class=\"e-con-inner\">\n\t\t<div class=\"elementor-element elementor-element-64a3d73 e-con-full e-flex e-con e-child\" data-id=\"64a3d73\" data-element_type=\"container\" data-e-type=\"container\">\n\t\t\t\t<div class=\"elementor-element elementor-element-2e3812c elementor-widget__width-inherit elementor-widget elementor-widget-image\" data-id=\"2e3812c\" data-element_type=\"widget\" data-e-type=\"widget\" data-widget_type=\"image.default\">\n\t\t\t\t<div class=\"elementor-widget-container\">\n\t\t\t\t\t\t\t\t\t\t\t\t\t\t\t\t<a href=\"https:\/\/permakultur-landwirtschaft.org\/fr\/kraeuter-seminar-23-taegiger-kurs\/\">\n\t\t\t\t\t\t\t<img loading=\"lazy\" decoding=\"async\" width=\"700\" height=\"505\" src=\"https:\/\/permakultur-landwirtschaft.org\/wp-content\/uploads\/2026\/03\/Salbei-im-Detail-Langenthal-sti1-27.3.25.jpg\" class=\"attachment-full size-full wp-image-38327\" alt=\"Salbei im Detail\" srcset=\"https:\/\/permakultur-landwirtschaft.org\/wp-content\/uploads\/2026\/03\/Salbei-im-Detail-Langenthal-sti1-27.3.25.jpg 700w, https:\/\/permakultur-landwirtschaft.org\/wp-content\/uploads\/2026\/03\/Salbei-im-Detail-Langenthal-sti1-27.3.25-300x216.jpg 300w, https:\/\/permakultur-landwirtschaft.org\/wp-content\/uploads\/2026\/03\/Salbei-im-Detail-Langenthal-sti1-27.3.25-18x12.jpg 18w\" sizes=\"(max-width: 700px) 100vw, 700px\" \/>\t\t\t\t\t\t\t\t<\/a>\n\t\t\t\t\t\t\t\t\t\t\t\t\t\t\t<\/div>\n\t\t\t\t<\/div>\n\t\t\t\t<div class=\"elementor-element elementor-element-65dfa9f elementor-widget elementor-widget-theme-post-title elementor-page-title elementor-widget-heading\" data-id=\"65dfa9f\" data-element_type=\"widget\" data-e-type=\"widget\" data-widget_type=\"theme-post-title.default\">\n\t\t\t\t<div class=\"elementor-widget-container\">\n\t\t\t\t\t<h3 class=\"elementor-heading-title elementor-size-default\"><a href=\"https:\/\/permakultur-landwirtschaft.org\/fr\/kraeuter-seminar-23-taegiger-kurs\/\">Kr\u00e4uter-Seminar &#8211; 23-t\u00e4giger Kurs<\/a><\/h3>\t\t\t\t<\/div>\n\t\t\t\t<\/div>\n\t\t\t\t<div class=\"elementor-element elementor-element-0ad4e09 elementor-absolute elementor-widget elementor-widget-text-editor\" data-id=\"0ad4e09\" data-element_type=\"widget\" data-e-type=\"widget\" data-settings=\"{&quot;_position&quot;:&quot;absolute&quot;}\" data-widget_type=\"text-editor.default\">\n\t\t\t\t<div class=\"elementor-widget-container\">\n\t\t\t\t\t\t\t\t\tVeranstaltung\t\t\t\t\t\t\t\t<\/div>\n\t\t\t\t<\/div>\n\t\t\t\t<\/div>\n\t\t\t\t\t<\/div>\n\t\t\t\t<\/div>\n\t\t\t\t<\/div>\n\t\t\t\t<\/div>\n\t\t\t\t\t<span class=\"e-load-more-spinner\">\n\t\t\t\t<svg aria-hidden=\"true\" class=\"e-font-icon-svg e-fas-spinner\" viewBox=\"0 0 512 512\" xmlns=\"http:\/\/www.w3.org\/2000\/svg\"><path d=\"M304 48c0 26.51-21.49 48-48 48s-48-21.49-48-48 21.49-48 48-48 48 21.49 48 48zm-48 368c-26.51 0-48 21.49-48 48s21.49 48 48 48 48-21.49 48-48-21.49-48-48-48zm208-208c-26.51 0-48 21.49-48 48s21.49 48 48 48 48-21.49 48-48-21.49-48-48-48zM96 256c0-26.51-21.49-48-48-48S0 229.49 0 256s21.49 48 48 48 48-21.49 48-48zm12.922 99.078c-26.51 0-48 21.49-48 48s21.49 48 48 48 48-21.49 48-48c0-26.509-21.491-48-48-48zm294.156 0c-26.51 0-48 21.49-48 48s21.49 48 48 48 48-21.49 48-48c0-26.509-21.49-48-48-48zM108.922 60.922c-26.51 0-48 21.49-48 48s21.49 48 48 48 48-21.49 48-48-21.491-48-48-48z\"><\/path><\/svg>\t\t\t<\/span>\n\t\t\n\t\t\t\t\t\t<\/div>\n\t\t\t\t<\/div>\n\t\t\t\t<div class=\"elementor-element elementor-element-36c3add elementor-widget elementor-widget-heading\" data-id=\"36c3add\" data-element_type=\"widget\" data-e-type=\"widget\" data-widget_type=\"heading.default\">\n\t\t\t\t<div class=\"elementor-widget-container\">\n\t\t\t\t\t<h2 class=\"elementor-heading-title elementor-size-default\">Veranstaltungsarchiv<\/h2>\t\t\t\t<\/div>\n\t\t\t\t<\/div>\n\t\t\t\t<div class=\"elementor-element elementor-element-1d2bc22 elementor-position-inline-start elementor-view-default elementor-mobile-position-block-start elementor-widget elementor-widget-icon-box\" data-id=\"1d2bc22\" data-element_type=\"widget\" data-e-type=\"widget\" data-widget_type=\"icon-box.default\">\n\t\t\t\t<div class=\"elementor-widget-container\">\n\t\t\t\t\t\t\t<div class=\"elementor-icon-box-wrapper\">\n\n\t\t\t\t\t\t<div class=\"elementor-icon-box-icon\">\n\t\t\t\t<a href=\"https:\/\/permakultur-landwirtschaft.org\/veranstaltungsarchiv\" class=\"elementor-icon elementor-animation-pulse\" tabindex=\"-1\" aria-label=\"Hier gehts zum Veranstaltungensarchiv\">\n\t\t\t\t<svg aria-hidden=\"true\" class=\"e-font-icon-svg e-fas-arrow-right\" viewBox=\"0 0 448 512\" xmlns=\"http:\/\/www.w3.org\/2000\/svg\"><path d=\"M190.5 66.9l22.2-22.2c9.4-9.4 24.6-9.4 33.9 0L441 239c9.4 9.4 9.4 24.6 0 33.9L246.6 467.3c-9.4 9.4-24.6 9.4-33.9 0l-22.2-22.2c-9.5-9.5-9.3-25 .4-34.3L311.4 296H24c-13.3 0-24-10.7-24-24v-32c0-13.3 10.7-24 24-24h287.4L190.9 101.2c-9.8-9.3-10-24.8-.4-34.3z\"><\/path><\/svg>\t\t\t\t<\/a>\n\t\t\t<\/div>\n\t\t\t\n\t\t\t\t\t\t<div class=\"elementor-icon-box-content\">\n\n\t\t\t\t\t\t\t\t\t<h3 class=\"elementor-icon-box-title\">\n\t\t\t\t\t\t<a href=\"https:\/\/permakultur-landwirtschaft.org\/veranstaltungsarchiv\" >\n\t\t\t\t\t\t\tHier gehts zum Veranstaltungensarchiv\t\t\t\t\t\t<\/a>\n\t\t\t\t\t<\/h3>\n\t\t\t\t\n\t\t\t\t\n\t\t\t<\/div>\n\t\t\t\n\t\t<\/div>\n\t\t\t\t\t\t<\/div>\n\t\t\t\t<\/div>\n\t\t\t\t<div class=\"elementor-element elementor-element-ebad964 elementor-widget elementor-widget-spacer\" data-id=\"ebad964\" data-element_type=\"widget\" data-e-type=\"widget\" data-widget_type=\"spacer.default\">\n\t\t\t\t<div class=\"elementor-widget-container\">\n\t\t\t\t\t\t\t<div class=\"elementor-spacer\">\n\t\t\t<div class=\"elementor-spacer-inner\"><\/div>\n\t\t<\/div>\n\t\t\t\t\t\t<\/div>\n\t\t\t\t<\/div>\n\t\t\t\t<\/div>\n\t\t\t\t\t<\/div>\n\t\t\t\t<\/div>\n\t\t\t\t<\/div>\n\t\t","protected":false},"excerpt":{"rendered":"<p>Veranstaltungen, Kurse und Weiterbildungen Hier finden Sie spannende Veranstaltungen, Kurse und Weiterbildungen rund um das Thema Permakultur-Landwirtschaft. Andere Seiten auf denen spannende Anl\u00e4sse und Kurse zu finden sind Agridea Alpine Permakultur Schweibenalp BioAktuell Bodenkurs im Gr\u00fcnen Deutschen Fachverbandes f\u00fcr Agroforstwirtschaft DeFAF Akademie f\u00fcr Permakultur Gestaltung EssWaldLand Fatti a Mano IG Agroforst Permakultur-Jetzt Permakultur Plattform Planofuturo [&hellip;]<\/p>\n","protected":false},"author":2,"featured_media":33027,"parent":0,"menu_order":0,"comment_status":"closed","ping_status":"closed","template":"","meta":{"_acf_changed":false,"site-sidebar-layout":"default","site-content-layout":"","ast-site-content-layout":"default","site-content-style":"default","site-sidebar-style":"default","ast-global-header-display":"","ast-banner-title-visibility":"","ast-main-header-display":"","ast-hfb-above-header-display":"","ast-hfb-below-header-display":"","ast-hfb-mobile-header-display":"","site-post-title":"","ast-breadcrumbs-content":"","ast-featured-img":"","footer-sml-layout":"","ast-disable-related-posts":"","theme-transparent-header-meta":"","adv-header-id-meta":"","stick-header-meta":"","header-above-stick-meta":"","header-main-stick-meta":"","header-below-stick-meta":"","astra-migrate-meta-layouts":"set","ast-page-background-enabled":"default","ast-page-background-meta":{"desktop":{"background-color":"var(--ast-global-color-4)","background-image":"","background-repeat":"repeat","background-position":"center center","background-size":"auto","background-attachment":"scroll","background-type":"","background-media":"","overlay-type":"","overlay-color":"","overlay-opacity":"","overlay-gradient":""},"tablet":{"background-color":"","background-image":"","background-repeat":"repeat","background-position":"center center","background-size":"auto","background-attachment":"scroll","background-type":"","background-media":"","overlay-type":"","overlay-color":"","overlay-opacity":"","overlay-gradient":""},"mobile":{"background-color":"","background-image":"","background-repeat":"repeat","background-position":"center center","background-size":"auto","background-attachment":"scroll","background-type":"","background-media":"","overlay-type":"","overlay-color":"","overlay-opacity":"","overlay-gradient":""}},"ast-content-background-meta":{"desktop":{"background-color":"var(--ast-global-color-5)","background-image":"","background-repeat":"repeat","background-position":"center center","background-size":"auto","background-attachment":"scroll","background-type":"","background-media":"","overlay-type":"","overlay-color":"","overlay-opacity":"","overlay-gradient":""},"tablet":{"background-color":"var(--ast-global-color-5)","background-image":"","background-repeat":"repeat","background-position":"center center","background-size":"auto","background-attachment":"scroll","background-type":"","background-media":"","overlay-type":"","overlay-color":"","overlay-opacity":"","overlay-gradient":""},"mobile":{"background-color":"var(--ast-global-color-5)","background-image":"","background-repeat":"repeat","background-position":"center center","background-size":"auto","background-attachment":"scroll","background-type":"","background-media":"","overlay-type":"","overlay-color":"","overlay-opacity":"","overlay-gradient":""}},"footnotes":""},"class_list":["post-476","page","type-page","status-publish","has-post-thumbnail","hentry"],"acf":[],"yoast_head":"<!-- This site is optimized with the Yoast SEO plugin v27.5 - https:\/\/yoast.com\/product\/yoast-seo-wordpress\/ -->\n<title>Veranstaltungen - Permakultur-Landwirtschaft<\/title>\n<meta name=\"description\" content=\"Hier finden Sie Veranstaltungen, Kurse und Anl\u00e4sse rund um Permakultur-Landwirtschaft und verwandte Themen\" \/>\n<meta name=\"robots\" content=\"index, follow, max-snippet:-1, max-image-preview:large, max-video-preview:-1\" \/>\n<link rel=\"canonical\" href=\"https:\/\/permakultur-landwirtschaft.org\/fr\/veranstaltungen\/\" \/>\n<meta property=\"og:locale\" content=\"fr_FR\" \/>\n<meta property=\"og:type\" content=\"article\" \/>\n<meta property=\"og:title\" content=\"Veranstaltungen - Permakultur-Landwirtschaft\" \/>\n<meta property=\"og:description\" content=\"Hier finden Sie Veranstaltungen, Kurse und Anl\u00e4sse rund um Permakultur-Landwirtschaft und verwandte Themen\" \/>\n<meta property=\"og:url\" content=\"https:\/\/permakultur-landwirtschaft.org\/fr\/veranstaltungen\/\" \/>\n<meta property=\"og:site_name\" content=\"Permakultur-Landwirtschaft\" \/>\n<meta property=\"article:publisher\" content=\"https:\/\/www.facebook.com\/PermakulturLandwirtschaft\" \/>\n<meta property=\"article:modified_time\" content=\"2026-03-31T13:48:05+00:00\" \/>\n<meta property=\"og:image\" content=\"https:\/\/permakultur-landwirtschaft.org\/wp-content\/uploads\/2023\/11\/MarketGarden_Legummes_700.jpeg\" \/>\n\t<meta property=\"og:image:width\" content=\"700\" \/>\n\t<meta property=\"og:image:height\" content=\"525\" \/>\n\t<meta property=\"og:image:type\" content=\"image\/jpeg\" \/>\n<meta name=\"twitter:card\" content=\"summary_large_image\" \/>\n<meta name=\"twitter:label1\" content=\"Dur\u00e9e de lecture estim\u00e9e\" \/>\n\t<meta name=\"twitter:data1\" content=\"12 minutes\" \/>\n<script type=\"application\/ld+json\" class=\"yoast-schema-graph\">{\"@context\":\"https:\\\/\\\/schema.org\",\"@graph\":[{\"@type\":\"WebPage\",\"@id\":\"https:\\\/\\\/permakultur-landwirtschaft.org\\\/veranstaltungen\\\/\",\"url\":\"https:\\\/\\\/permakultur-landwirtschaft.org\\\/veranstaltungen\\\/\",\"name\":\"Veranstaltungen - Permakultur-Landwirtschaft\",\"isPartOf\":{\"@id\":\"https:\\\/\\\/permakultur-landwirtschaft.org\\\/#website\"},\"primaryImageOfPage\":{\"@id\":\"https:\\\/\\\/permakultur-landwirtschaft.org\\\/veranstaltungen\\\/#primaryimage\"},\"image\":{\"@id\":\"https:\\\/\\\/permakultur-landwirtschaft.org\\\/veranstaltungen\\\/#primaryimage\"},\"thumbnailUrl\":\"https:\\\/\\\/permakultur-landwirtschaft.org\\\/wp-content\\\/uploads\\\/2023\\\/11\\\/MarketGarden_Legummes_700.jpeg\",\"datePublished\":\"2016-04-17T20:43:01+00:00\",\"dateModified\":\"2026-03-31T13:48:05+00:00\",\"description\":\"Hier finden Sie Veranstaltungen, Kurse und Anl\u00e4sse rund um Permakultur-Landwirtschaft und verwandte Themen\",\"breadcrumb\":{\"@id\":\"https:\\\/\\\/permakultur-landwirtschaft.org\\\/veranstaltungen\\\/#breadcrumb\"},\"inLanguage\":\"fr-FR\",\"potentialAction\":[{\"@type\":\"ReadAction\",\"target\":[\"https:\\\/\\\/permakultur-landwirtschaft.org\\\/veranstaltungen\\\/\"]}]},{\"@type\":\"ImageObject\",\"inLanguage\":\"fr-FR\",\"@id\":\"https:\\\/\\\/permakultur-landwirtschaft.org\\\/veranstaltungen\\\/#primaryimage\",\"url\":\"https:\\\/\\\/permakultur-landwirtschaft.org\\\/wp-content\\\/uploads\\\/2023\\\/11\\\/MarketGarden_Legummes_700.jpeg\",\"contentUrl\":\"https:\\\/\\\/permakultur-landwirtschaft.org\\\/wp-content\\\/uploads\\\/2023\\\/11\\\/MarketGarden_Legummes_700.jpeg\",\"width\":700,\"height\":525,\"caption\":\"Bild: Mila Laager\"},{\"@type\":\"BreadcrumbList\",\"@id\":\"https:\\\/\\\/permakultur-landwirtschaft.org\\\/veranstaltungen\\\/#breadcrumb\",\"itemListElement\":[{\"@type\":\"ListItem\",\"position\":1,\"name\":\"Startseite\",\"item\":\"https:\\\/\\\/permakultur-landwirtschaft.org\\\/\"},{\"@type\":\"ListItem\",\"position\":2,\"name\":\"Veranstaltungen\"}]},{\"@type\":\"WebSite\",\"@id\":\"https:\\\/\\\/permakultur-landwirtschaft.org\\\/#website\",\"url\":\"https:\\\/\\\/permakultur-landwirtschaft.org\\\/\",\"name\":\"Permakultur-Landwirtschaft\",\"description\":\"F\u00f6rderung der Permakultur in der Landwirtschaft\",\"publisher\":{\"@id\":\"https:\\\/\\\/permakultur-landwirtschaft.org\\\/#organization\"},\"potentialAction\":[{\"@type\":\"SearchAction\",\"target\":{\"@type\":\"EntryPoint\",\"urlTemplate\":\"https:\\\/\\\/permakultur-landwirtschaft.org\\\/?s={search_term_string}\"},\"query-input\":{\"@type\":\"PropertyValueSpecification\",\"valueRequired\":true,\"valueName\":\"search_term_string\"}}],\"inLanguage\":\"fr-FR\"},{\"@type\":\"Organization\",\"@id\":\"https:\\\/\\\/permakultur-landwirtschaft.org\\\/#organization\",\"name\":\"Permakultur-Landwirtschaft\",\"alternateName\":\"Verein Permakultur-Landwirtschaft\",\"url\":\"https:\\\/\\\/permakultur-landwirtschaft.org\\\/\",\"logo\":{\"@type\":\"ImageObject\",\"inLanguage\":\"fr-FR\",\"@id\":\"https:\\\/\\\/permakultur-landwirtschaft.org\\\/#\\\/schema\\\/logo\\\/image\\\/\",\"url\":\"https:\\\/\\\/permakultur-landwirtschaft.org\\\/wp-content\\\/uploads\\\/2021\\\/11\\\/pela_1268x1269.png\",\"contentUrl\":\"https:\\\/\\\/permakultur-landwirtschaft.org\\\/wp-content\\\/uploads\\\/2021\\\/11\\\/pela_1268x1269.png\",\"width\":1298,\"height\":1269,\"caption\":\"Permakultur-Landwirtschaft\"},\"image\":{\"@id\":\"https:\\\/\\\/permakultur-landwirtschaft.org\\\/#\\\/schema\\\/logo\\\/image\\\/\"},\"sameAs\":[\"https:\\\/\\\/www.facebook.com\\\/PermakulturLandwirtschaft\",\"https:\\\/\\\/www.instagram.com\\\/permakultur_landwirtschaft\\\/\",\"https:\\\/\\\/www.flickr.com\\\/photos\\\/permakultur-landwirtschaft\",\"https:\\\/\\\/www.youtube.com\\\/@PermakulturLandwirtschaft\"]}]}<\/script>\n<!-- \/ Yoast SEO plugin. -->","yoast_head_json":{"title":"Veranstaltungen - Permakultur-Landwirtschaft","description":"Hier finden Sie Veranstaltungen, Kurse und Anl\u00e4sse rund um Permakultur-Landwirtschaft und verwandte Themen","robots":{"index":"index","follow":"follow","max-snippet":"max-snippet:-1","max-image-preview":"max-image-preview:large","max-video-preview":"max-video-preview:-1"},"canonical":"https:\/\/permakultur-landwirtschaft.org\/fr\/veranstaltungen\/","og_locale":"fr_FR","og_type":"article","og_title":"Veranstaltungen - Permakultur-Landwirtschaft","og_description":"Hier finden Sie Veranstaltungen, Kurse und Anl\u00e4sse rund um Permakultur-Landwirtschaft und verwandte Themen","og_url":"https:\/\/permakultur-landwirtschaft.org\/fr\/veranstaltungen\/","og_site_name":"Permakultur-Landwirtschaft","article_publisher":"https:\/\/www.facebook.com\/PermakulturLandwirtschaft","article_modified_time":"2026-03-31T13:48:05+00:00","og_image":[{"width":700,"height":525,"url":"https:\/\/permakultur-landwirtschaft.org\/wp-content\/uploads\/2023\/11\/MarketGarden_Legummes_700.jpeg","type":"image\/jpeg"}],"twitter_card":"summary_large_image","twitter_misc":{"Dur\u00e9e de lecture estim\u00e9e":"12 minutes"},"schema":{"@context":"https:\/\/schema.org","@graph":[{"@type":"WebPage","@id":"https:\/\/permakultur-landwirtschaft.org\/veranstaltungen\/","url":"https:\/\/permakultur-landwirtschaft.org\/veranstaltungen\/","name":"Veranstaltungen - Permakultur-Landwirtschaft","isPartOf":{"@id":"https:\/\/permakultur-landwirtschaft.org\/#website"},"primaryImageOfPage":{"@id":"https:\/\/permakultur-landwirtschaft.org\/veranstaltungen\/#primaryimage"},"image":{"@id":"https:\/\/permakultur-landwirtschaft.org\/veranstaltungen\/#primaryimage"},"thumbnailUrl":"https:\/\/permakultur-landwirtschaft.org\/wp-content\/uploads\/2023\/11\/MarketGarden_Legummes_700.jpeg","datePublished":"2016-04-17T20:43:01+00:00","dateModified":"2026-03-31T13:48:05+00:00","description":"Hier finden Sie Veranstaltungen, Kurse und Anl\u00e4sse rund um Permakultur-Landwirtschaft und verwandte Themen","breadcrumb":{"@id":"https:\/\/permakultur-landwirtschaft.org\/veranstaltungen\/#breadcrumb"},"inLanguage":"fr-FR","potentialAction":[{"@type":"ReadAction","target":["https:\/\/permakultur-landwirtschaft.org\/veranstaltungen\/"]}]},{"@type":"ImageObject","inLanguage":"fr-FR","@id":"https:\/\/permakultur-landwirtschaft.org\/veranstaltungen\/#primaryimage","url":"https:\/\/permakultur-landwirtschaft.org\/wp-content\/uploads\/2023\/11\/MarketGarden_Legummes_700.jpeg","contentUrl":"https:\/\/permakultur-landwirtschaft.org\/wp-content\/uploads\/2023\/11\/MarketGarden_Legummes_700.jpeg","width":700,"height":525,"caption":"Bild: Mila Laager"},{"@type":"BreadcrumbList","@id":"https:\/\/permakultur-landwirtschaft.org\/veranstaltungen\/#breadcrumb","itemListElement":[{"@type":"ListItem","position":1,"name":"Startseite","item":"https:\/\/permakultur-landwirtschaft.org\/"},{"@type":"ListItem","position":2,"name":"Veranstaltungen"}]},{"@type":"WebSite","@id":"https:\/\/permakultur-landwirtschaft.org\/#website","url":"https:\/\/permakultur-landwirtschaft.org\/","name":"Permakultur-Landwirtschaft","description":"F\u00f6rderung der Permakultur in der Landwirtschaft","publisher":{"@id":"https:\/\/permakultur-landwirtschaft.org\/#organization"},"potentialAction":[{"@type":"SearchAction","target":{"@type":"EntryPoint","urlTemplate":"https:\/\/permakultur-landwirtschaft.org\/?s={search_term_string}"},"query-input":{"@type":"PropertyValueSpecification","valueRequired":true,"valueName":"search_term_string"}}],"inLanguage":"fr-FR"},{"@type":"Organization","@id":"https:\/\/permakultur-landwirtschaft.org\/#organization","name":"Permakultur-Landwirtschaft","alternateName":"Verein Permakultur-Landwirtschaft","url":"https:\/\/permakultur-landwirtschaft.org\/","logo":{"@type":"ImageObject","inLanguage":"fr-FR","@id":"https:\/\/permakultur-landwirtschaft.org\/#\/schema\/logo\/image\/","url":"https:\/\/permakultur-landwirtschaft.org\/wp-content\/uploads\/2021\/11\/pela_1268x1269.png","contentUrl":"https:\/\/permakultur-landwirtschaft.org\/wp-content\/uploads\/2021\/11\/pela_1268x1269.png","width":1298,"height":1269,"caption":"Permakultur-Landwirtschaft"},"image":{"@id":"https:\/\/permakultur-landwirtschaft.org\/#\/schema\/logo\/image\/"},"sameAs":["https:\/\/www.facebook.com\/PermakulturLandwirtschaft","https:\/\/www.instagram.com\/permakultur_landwirtschaft\/","https:\/\/www.flickr.com\/photos\/permakultur-landwirtschaft","https:\/\/www.youtube.com\/@PermakulturLandwirtschaft"]}]}},"_links":{"self":[{"href":"https:\/\/permakultur-landwirtschaft.org\/fr\/wp-json\/wp\/v2\/pages\/476","targetHints":{"allow":["GET"]}}],"collection":[{"href":"https:\/\/permakultur-landwirtschaft.org\/fr\/wp-json\/wp\/v2\/pages"}],"about":[{"href":"https:\/\/permakultur-landwirtschaft.org\/fr\/wp-json\/wp\/v2\/types\/page"}],"author":[{"embeddable":true,"href":"https:\/\/permakultur-landwirtschaft.org\/fr\/wp-json\/wp\/v2\/users\/2"}],"replies":[{"embeddable":true,"href":"https:\/\/permakultur-landwirtschaft.org\/fr\/wp-json\/wp\/v2\/comments?post=476"}],"version-history":[{"count":275,"href":"https:\/\/permakultur-landwirtschaft.org\/fr\/wp-json\/wp\/v2\/pages\/476\/revisions"}],"predecessor-version":[{"id":39031,"href":"https:\/\/permakultur-landwirtschaft.org\/fr\/wp-json\/wp\/v2\/pages\/476\/revisions\/39031"}],"wp:featuredmedia":[{"embeddable":true,"href":"https:\/\/permakultur-landwirtschaft.org\/fr\/wp-json\/wp\/v2\/media\/33027"}],"wp:attachment":[{"href":"https:\/\/permakultur-landwirtschaft.org\/fr\/wp-json\/wp\/v2\/media?parent=476"}],"curies":[{"name":"wp","href":"https:\/\/api.w.org\/{rel}","templated":true}]}}