{"id":37939,"date":"2026-02-19T14:59:34","date_gmt":"2026-02-19T13:59:34","guid":{"rendered":"https:\/\/permakultur-landwirtschaft.org\/?page_id=37939"},"modified":"2026-03-31T09:39:58","modified_gmt":"2026-03-31T07:39:58","slug":"veranstaltungsarchiv","status":"publish","type":"page","link":"https:\/\/permakultur-landwirtschaft.org\/fr\/veranstaltungsarchiv\/","title":{"rendered":"Archives des \u00e9v\u00e9nements"},"content":{"rendered":"\t\t<div data-elementor-type=\"wp-page\" data-elementor-id=\"37939\" class=\"elementor elementor-37939\" data-elementor-post-type=\"page\">\n\t\t\t\t<div class=\"elementor-element elementor-element-77b09c0 e-flex e-con-boxed e-con e-parent\" data-id=\"77b09c0\" data-element_type=\"container\" data-e-type=\"container\">\n\t\t\t\t\t<div class=\"e-con-inner\">\n\t\t\t\t<div class=\"elementor-element elementor-element-b80ede7 elementor-widget elementor-widget-heading\" data-id=\"b80ede7\" data-element_type=\"widget\" data-e-type=\"widget\" data-widget_type=\"heading.default\">\n\t\t\t\t<div class=\"elementor-widget-container\">\n\t\t\t\t\t<h1 class=\"elementor-heading-title elementor-size-default\">Veranstaltungensarchiv<\/h1>\t\t\t\t<\/div>\n\t\t\t\t<\/div>\n\t\t\t\t<div class=\"elementor-element elementor-element-16efb9f elementor-position-inline-start elementor-view-default elementor-mobile-position-block-start elementor-widget elementor-widget-icon-box\" data-id=\"16efb9f\" data-element_type=\"widget\" data-e-type=\"widget\" data-widget_type=\"icon-box.default\">\n\t\t\t\t<div class=\"elementor-widget-container\">\n\t\t\t\t\t\t\t<div class=\"elementor-icon-box-wrapper\">\n\n\t\t\t\t\t\t<div class=\"elementor-icon-box-icon\">\n\t\t\t\t<a href=\"https:\/\/permakultur-landwirtschaft.org\/veranstaltungen\/\" class=\"elementor-icon elementor-animation-pulse\" tabindex=\"-1\" aria-label=\"Hier gehts zu den aktuellen Veranstaltungen\">\n\t\t\t\t<svg aria-hidden=\"true\" class=\"e-font-icon-svg e-fas-arrow-right\" viewBox=\"0 0 448 512\" xmlns=\"http:\/\/www.w3.org\/2000\/svg\"><path d=\"M190.5 66.9l22.2-22.2c9.4-9.4 24.6-9.4 33.9 0L441 239c9.4 9.4 9.4 24.6 0 33.9L246.6 467.3c-9.4 9.4-24.6 9.4-33.9 0l-22.2-22.2c-9.5-9.5-9.3-25 .4-34.3L311.4 296H24c-13.3 0-24-10.7-24-24v-32c0-13.3 10.7-24 24-24h287.4L190.9 101.2c-9.8-9.3-10-24.8-.4-34.3z\"><\/path><\/svg>\t\t\t\t<\/a>\n\t\t\t<\/div>\n\t\t\t\n\t\t\t\t\t\t<div class=\"elementor-icon-box-content\">\n\n\t\t\t\t\t\t\t\t\t<h3 class=\"elementor-icon-box-title\">\n\t\t\t\t\t\t<a href=\"https:\/\/permakultur-landwirtschaft.org\/veranstaltungen\/\" >\n\t\t\t\t\t\t\tHier gehts zu den aktuellen Veranstaltungen\t\t\t\t\t\t<\/a>\n\t\t\t\t\t<\/h3>\n\t\t\t\t\n\t\t\t\t\n\t\t\t<\/div>\n\t\t\t\n\t\t<\/div>\n\t\t\t\t\t\t<\/div>\n\t\t\t\t<\/div>\n\t\t\t\t<div class=\"elementor-element elementor-element-1475e32 elementor-grid-4 elementor-grid-tablet-2 elementor-grid-mobile-1 elementor-widget elementor-widget-loop-grid\" data-id=\"1475e32\" data-element_type=\"widget\" data-e-type=\"widget\" data-settings=\"{&quot;template_id&quot;:&quot;37613&quot;,&quot;columns&quot;:4,&quot;row_gap&quot;:{&quot;unit&quot;:&quot;px&quot;,&quot;size&quot;:28,&quot;sizes&quot;:[]},&quot;pagination_type&quot;:&quot;load_more_on_click&quot;,&quot;_skin&quot;:&quot;post&quot;,&quot;columns_tablet&quot;:&quot;2&quot;,&quot;columns_mobile&quot;:&quot;1&quot;,&quot;edit_handle_selector&quot;:&quot;[data-elementor-type=\\&quot;loop-item\\&quot;]&quot;,&quot;load_more_spinner&quot;:{&quot;value&quot;:&quot;fas fa-spinner&quot;,&quot;library&quot;:&quot;fa-solid&quot;},&quot;row_gap_tablet&quot;:{&quot;unit&quot;:&quot;px&quot;,&quot;size&quot;:&quot;&quot;,&quot;sizes&quot;:[]},&quot;row_gap_mobile&quot;:{&quot;unit&quot;:&quot;px&quot;,&quot;size&quot;:&quot;&quot;,&quot;sizes&quot;:[]}}\" data-widget_type=\"loop-grid.post\">\n\t\t\t\t<div class=\"elementor-widget-container\">\n\t\t\t\t\t\t\t<div class=\"elementor-loop-container elementor-grid\" role=\"list\">\n\t\t<style id=\"loop-37613\">.elementor-37613 .elementor-element.elementor-element-c79cfe5{--display:flex;--flex-direction:column;--container-widget-width:calc( ( 1 - var( --container-widget-flex-grow ) ) * 100% );--container-widget-height:initial;--container-widget-flex-grow:0;--container-widget-align-self:initial;--flex-wrap-mobile:wrap;--align-items:stretch;--gap:0px 0px;--row-gap:0px;--column-gap:0px;border-style:solid;--border-style:solid;border-width:0px 0px 0px 0px;--border-top-width:0px;--border-right-width:0px;--border-bottom-width:0px;--border-left-width:0px;--border-radius:7px 7px 7px 7px;box-shadow:2px 2px 10px 0px rgba(0, 0, 0, 0.2);--margin-top:0px;--margin-bottom:0px;--margin-left:0px;--margin-right:0px;--padding-top:0px;--padding-bottom:005px;--padding-left:0px;--padding-right:0px;}.elementor-37613 .elementor-element.elementor-element-64a3d73{--display:flex;--gap:5px 5px;--row-gap:5px;--column-gap:5px;--margin-top:0px;--margin-bottom:0px;--margin-left:0px;--margin-right:0px;--padding-top:0px;--padding-bottom:0px;--padding-left:0px;--padding-right:0px;}.elementor-37613 .elementor-element.elementor-element-2e3812c img{height:179px;object-fit:cover;object-position:top center;border-radius:7px 7px 0px 0px;}.elementor-37613 .elementor-element.elementor-element-2e3812c > .elementor-widget-container{margin:0px 0px 0px 0px;padding:0px 0px 0px 0px;}.elementor-37613 .elementor-element.elementor-element-2e3812c{width:100%;max-width:100%;}.elementor-37613 .elementor-element.elementor-element-a075502{--display:flex;--min-height:39px;}.elementor-37613 .elementor-element.elementor-element-65dfa9f .elementor-heading-title{font-family:var( --e-global-typography-secondary-font-family ), Sans-serif;font-weight:var( --e-global-typography-secondary-font-weight );}.elementor-37613 .elementor-element.elementor-element-65dfa9f > .elementor-widget-container{margin:9px 9px 9px 9px;padding:0px 0px 0px 0px;}.elementor-37613 .elementor-element.elementor-element-0ad4e09{text-align:center;font-size:var( --e-global-typography-ec8e8b0-font-size );font-weight:var( --e-global-typography-ec8e8b0-font-weight );text-transform:var( --e-global-typography-ec8e8b0-text-transform );line-height:var( --e-global-typography-ec8e8b0-line-height );letter-spacing:var( --e-global-typography-ec8e8b0-letter-spacing );word-spacing:var( --e-global-typography-ec8e8b0-word-spacing );color:var( --e-global-color-astglobalcolor5 );top:13px;z-index:0;}.elementor-37613 .elementor-element.elementor-element-0ad4e09 a{color:var( --e-global-color-astglobalcolor5 );}.elementor-37613 .elementor-element.elementor-element-0ad4e09 a:hover, .elementor-37613 .elementor-element.elementor-element-0ad4e09 a:focus{color:var( --e-global-color-astglobalcolor5 );}.elementor-37613 .elementor-element.elementor-element-0ad4e09 > .elementor-widget-container{margin:0px 0px 0px 0px;padding:0px 13px 0px 13px;background-color:var( --e-global-color-primary );border-radius:13px 13px 13px 13px;}body:not(.rtl) .elementor-37613 .elementor-element.elementor-element-0ad4e09{right:13px;}body.rtl .elementor-37613 .elementor-element.elementor-element-0ad4e09{left:13px;}@media(max-width:1024px){.elementor-37613 .elementor-element.elementor-element-0ad4e09{font-size:var( --e-global-typography-ec8e8b0-font-size );line-height:var( --e-global-typography-ec8e8b0-line-height );letter-spacing:var( --e-global-typography-ec8e8b0-letter-spacing );word-spacing:var( --e-global-typography-ec8e8b0-word-spacing );}}@media(min-width:768px){.elementor-37613 .elementor-element.elementor-element-c79cfe5{--content-width:100%;}.elementor-37613 .elementor-element.elementor-element-64a3d73{--width:100%;}}@media(max-width:767px){.elementor-37613 .elementor-element.elementor-element-c79cfe5{--content-width:100%;--align-items:stretch;--container-widget-width:calc( ( 1 - var( --container-widget-flex-grow ) ) * 100% );}.elementor-37613 .elementor-element.elementor-element-2e3812c img{object-fit:fill;}.elementor-37613 .elementor-element.elementor-element-0ad4e09{font-size:var( --e-global-typography-ec8e8b0-font-size );line-height:var( --e-global-typography-ec8e8b0-line-height );letter-spacing:var( --e-global-typography-ec8e8b0-letter-spacing );word-spacing:var( --e-global-typography-ec8e8b0-word-spacing );}}<\/style>\t\t<div data-elementor-type=\"loop-item\" data-elementor-id=\"37613\" class=\"elementor elementor-37613 e-loop-item e-loop-item-38758 post-38758 post type-post status-publish format-standard has-post-thumbnail hentry category-veranstaltung tag-cours tag-ferme-de-lilan tag-formation tag-naturel tag-verger\" data-elementor-post-type=\"elementor_library\" data-custom-edit-handle=\"1\">\n\t\t\t<div class=\"elementor-element elementor-element-c79cfe5 e-flex e-con-boxed e-con e-parent\" data-id=\"c79cfe5\" data-element_type=\"container\" data-e-type=\"container\">\n\t\t\t\t\t<div class=\"e-con-inner\">\n\t\t<div class=\"elementor-element elementor-element-64a3d73 e-con-full e-flex e-con e-child\" data-id=\"64a3d73\" data-element_type=\"container\" data-e-type=\"container\">\n\t\t\t\t<div class=\"elementor-element elementor-element-2e3812c elementor-widget__width-inherit elementor-widget elementor-widget-image\" data-id=\"2e3812c\" data-element_type=\"widget\" data-e-type=\"widget\" data-widget_type=\"image.default\">\n\t\t\t\t<div class=\"elementor-widget-container\">\n\t\t\t\t\t\t\t\t\t\t\t\t\t\t\t\t<a href=\"https:\/\/permakultur-landwirtschaft.org\/fr\/creer-et-entretenir-un-verger-naturel-formation-du-25-avril-2026\/\">\n\t\t\t\t\t\t\t<img fetchpriority=\"high\" decoding=\"async\" width=\"700\" height=\"525\" src=\"https:\/\/permakultur-landwirtschaft.org\/wp-content\/uploads\/2026\/03\/verger-naturel-3-fermedelilan-ferme-permacole-bavois-vaud-suisse-formations-1536x1152-1.jpg\" class=\"attachment-full size-full wp-image-38759\" alt=\"Verger naturel au Ferme de Lilan\" srcset=\"https:\/\/permakultur-landwirtschaft.org\/wp-content\/uploads\/2026\/03\/verger-naturel-3-fermedelilan-ferme-permacole-bavois-vaud-suisse-formations-1536x1152-1.jpg 700w, https:\/\/permakultur-landwirtschaft.org\/wp-content\/uploads\/2026\/03\/verger-naturel-3-fermedelilan-ferme-permacole-bavois-vaud-suisse-formations-1536x1152-1-300x225.jpg 300w, https:\/\/permakultur-landwirtschaft.org\/wp-content\/uploads\/2026\/03\/verger-naturel-3-fermedelilan-ferme-permacole-bavois-vaud-suisse-formations-1536x1152-1-16x12.jpg 16w\" sizes=\"(max-width: 700px) 100vw, 700px\" \/>\t\t\t\t\t\t\t\t<\/a>\n\t\t\t\t\t\t\t\t\t\t\t\t\t\t\t<\/div>\n\t\t\t\t<\/div>\n\t\t\t\t<div class=\"elementor-element elementor-element-65dfa9f elementor-widget elementor-widget-theme-post-title elementor-page-title elementor-widget-heading\" data-id=\"65dfa9f\" data-element_type=\"widget\" data-e-type=\"widget\" data-widget_type=\"theme-post-title.default\">\n\t\t\t\t<div class=\"elementor-widget-container\">\n\t\t\t\t\t<h3 class=\"elementor-heading-title elementor-size-default\"><a href=\"https:\/\/permakultur-landwirtschaft.org\/fr\/creer-et-entretenir-un-verger-naturel-formation-du-25-avril-2026\/\">Cr\u00e9er et entretenir un verger naturel &#8211; Formation du 25 avril 2026<\/a><\/h3>\t\t\t\t<\/div>\n\t\t\t\t<\/div>\n\t\t\t\t<div class=\"elementor-element elementor-element-0ad4e09 elementor-absolute elementor-widget elementor-widget-text-editor\" data-id=\"0ad4e09\" data-element_type=\"widget\" data-e-type=\"widget\" data-settings=\"{&quot;_position&quot;:&quot;absolute&quot;}\" data-widget_type=\"text-editor.default\">\n\t\t\t\t<div class=\"elementor-widget-container\">\n\t\t\t\t\t\t\t\t\tVeranstaltung\t\t\t\t\t\t\t\t<\/div>\n\t\t\t\t<\/div>\n\t\t\t\t<\/div>\n\t\t\t\t\t<\/div>\n\t\t\t\t<\/div>\n\t\t\t\t<\/div>\n\t\t\t\t<div data-elementor-type=\"loop-item\" data-elementor-id=\"37613\" class=\"elementor elementor-37613 e-loop-item e-loop-item-37365 post-37365 post type-post status-publish format-standard has-post-thumbnail hentry category-veranstaltung tag-basiskurs tag-regenerativ-ch tag-regenerativer-ackerbau tag-simon-joehr\" data-elementor-post-type=\"elementor_library\" data-custom-edit-handle=\"1\">\n\t\t\t<div class=\"elementor-element elementor-element-c79cfe5 e-flex e-con-boxed e-con e-parent\" data-id=\"c79cfe5\" data-element_type=\"container\" data-e-type=\"container\">\n\t\t\t\t\t<div class=\"e-con-inner\">\n\t\t<div class=\"elementor-element elementor-element-64a3d73 e-con-full e-flex e-con e-child\" data-id=\"64a3d73\" data-element_type=\"container\" data-e-type=\"container\">\n\t\t\t\t<div class=\"elementor-element elementor-element-2e3812c elementor-widget__width-inherit elementor-widget elementor-widget-image\" data-id=\"2e3812c\" data-element_type=\"widget\" data-e-type=\"widget\" data-widget_type=\"image.default\">\n\t\t\t\t<div class=\"elementor-widget-container\">\n\t\t\t\t\t\t\t\t\t\t\t\t\t\t\t\t<a href=\"https:\/\/permakultur-landwirtschaft.org\/fr\/basiskurs-regenerativer-ackerbau-2026\/\">\n\t\t\t\t\t\t\t<img decoding=\"async\" width=\"960\" height=\"601\" src=\"https:\/\/permakultur-landwirtschaft.org\/wp-content\/uploads\/2024\/11\/202411_joehr_regenerativ_.jpg\" class=\"attachment-full size-full wp-image-35406\" alt=\"Simon J\u00f6hr Regenerativ\" srcset=\"https:\/\/permakultur-landwirtschaft.org\/wp-content\/uploads\/2024\/11\/202411_joehr_regenerativ_.jpg 960w, https:\/\/permakultur-landwirtschaft.org\/wp-content\/uploads\/2024\/11\/202411_joehr_regenerativ_-300x188.jpg 300w, https:\/\/permakultur-landwirtschaft.org\/wp-content\/uploads\/2024\/11\/202411_joehr_regenerativ_-768x481.jpg 768w\" sizes=\"(max-width: 960px) 100vw, 960px\" \/>\t\t\t\t\t\t\t\t<\/a>\n\t\t\t\t\t\t\t\t\t\t\t\t\t\t\t<\/div>\n\t\t\t\t<\/div>\n\t\t\t\t<div class=\"elementor-element elementor-element-65dfa9f elementor-widget elementor-widget-theme-post-title elementor-page-title elementor-widget-heading\" data-id=\"65dfa9f\" data-element_type=\"widget\" data-e-type=\"widget\" data-widget_type=\"theme-post-title.default\">\n\t\t\t\t<div class=\"elementor-widget-container\">\n\t\t\t\t\t<h3 class=\"elementor-heading-title elementor-size-default\"><a href=\"https:\/\/permakultur-landwirtschaft.org\/fr\/basiskurs-regenerativer-ackerbau-2026\/\">Basiskurs regenerativer Ackerbau 2026<\/a><\/h3>\t\t\t\t<\/div>\n\t\t\t\t<\/div>\n\t\t\t\t<div class=\"elementor-element elementor-element-0ad4e09 elementor-absolute elementor-widget elementor-widget-text-editor\" data-id=\"0ad4e09\" data-element_type=\"widget\" data-e-type=\"widget\" data-settings=\"{&quot;_position&quot;:&quot;absolute&quot;}\" data-widget_type=\"text-editor.default\">\n\t\t\t\t<div class=\"elementor-widget-container\">\n\t\t\t\t\t\t\t\t\tVeranstaltung\t\t\t\t\t\t\t\t<\/div>\n\t\t\t\t<\/div>\n\t\t\t\t<\/div>\n\t\t\t\t\t<\/div>\n\t\t\t\t<\/div>\n\t\t\t\t<\/div>\n\t\t\t\t<div data-elementor-type=\"loop-item\" data-elementor-id=\"37613\" class=\"elementor elementor-37613 e-loop-item e-loop-item-37368 post-37368 post type-post status-publish format-standard has-post-thumbnail hentry category-veranstaltung tag-basiskurs tag-regenerativ-ch tag-regenerativer-gemuesebau\" data-elementor-post-type=\"elementor_library\" data-custom-edit-handle=\"1\">\n\t\t\t<div class=\"elementor-element elementor-element-c79cfe5 e-flex e-con-boxed e-con e-parent\" data-id=\"c79cfe5\" data-element_type=\"container\" data-e-type=\"container\">\n\t\t\t\t\t<div class=\"e-con-inner\">\n\t\t<div class=\"elementor-element elementor-element-64a3d73 e-con-full e-flex e-con e-child\" data-id=\"64a3d73\" data-element_type=\"container\" data-e-type=\"container\">\n\t\t\t\t<div class=\"elementor-element elementor-element-2e3812c elementor-widget__width-inherit elementor-widget elementor-widget-image\" data-id=\"2e3812c\" data-element_type=\"widget\" data-e-type=\"widget\" data-widget_type=\"image.default\">\n\t\t\t\t<div class=\"elementor-widget-container\">\n\t\t\t\t\t\t\t\t\t\t\t\t\t\t\t\t<a href=\"https:\/\/permakultur-landwirtschaft.org\/fr\/regenerativer-gemuesebau-basiskurs-2026\/\">\n\t\t\t\t\t\t\t<img decoding=\"async\" width=\"600\" height=\"399\" src=\"https:\/\/permakultur-landwirtschaft.org\/wp-content\/uploads\/2025\/11\/regenerativer_gemuesebau_249001_custom_site_themes_id_YYvmr4zwSdmNogVHYlBg_tunnelanbau-gemuese.jpeg\" class=\"attachment-full size-full wp-image-37366\" alt=\"Regenerativer Gemuesebau im Tunnel\" srcset=\"https:\/\/permakultur-landwirtschaft.org\/wp-content\/uploads\/2025\/11\/regenerativer_gemuesebau_249001_custom_site_themes_id_YYvmr4zwSdmNogVHYlBg_tunnelanbau-gemuese.jpeg 600w, https:\/\/permakultur-landwirtschaft.org\/wp-content\/uploads\/2025\/11\/regenerativer_gemuesebau_249001_custom_site_themes_id_YYvmr4zwSdmNogVHYlBg_tunnelanbau-gemuese-300x200.jpeg 300w, https:\/\/permakultur-landwirtschaft.org\/wp-content\/uploads\/2025\/11\/regenerativer_gemuesebau_249001_custom_site_themes_id_YYvmr4zwSdmNogVHYlBg_tunnelanbau-gemuese-18x12.jpeg 18w\" sizes=\"(max-width: 600px) 100vw, 600px\" \/>\t\t\t\t\t\t\t\t<\/a>\n\t\t\t\t\t\t\t\t\t\t\t\t\t\t\t<\/div>\n\t\t\t\t<\/div>\n\t\t\t\t<div class=\"elementor-element elementor-element-65dfa9f elementor-widget elementor-widget-theme-post-title elementor-page-title elementor-widget-heading\" data-id=\"65dfa9f\" data-element_type=\"widget\" data-e-type=\"widget\" data-widget_type=\"theme-post-title.default\">\n\t\t\t\t<div class=\"elementor-widget-container\">\n\t\t\t\t\t<h3 class=\"elementor-heading-title elementor-size-default\"><a href=\"https:\/\/permakultur-landwirtschaft.org\/fr\/regenerativer-gemuesebau-basiskurs-2026\/\">Regenerativer Gem\u00fcsebau Basiskurs 2026<\/a><\/h3>\t\t\t\t<\/div>\n\t\t\t\t<\/div>\n\t\t\t\t<div class=\"elementor-element elementor-element-0ad4e09 elementor-absolute elementor-widget elementor-widget-text-editor\" data-id=\"0ad4e09\" data-element_type=\"widget\" data-e-type=\"widget\" data-settings=\"{&quot;_position&quot;:&quot;absolute&quot;}\" data-widget_type=\"text-editor.default\">\n\t\t\t\t<div class=\"elementor-widget-container\">\n\t\t\t\t\t\t\t\t\tVeranstaltung\t\t\t\t\t\t\t\t<\/div>\n\t\t\t\t<\/div>\n\t\t\t\t<\/div>\n\t\t\t\t\t<\/div>\n\t\t\t\t<\/div>\n\t\t\t\t<\/div>\n\t\t\t\t<div data-elementor-type=\"loop-item\" data-elementor-id=\"37613\" class=\"elementor elementor-37613 e-loop-item e-loop-item-37740 post-37740 post type-post status-publish format-standard has-post-thumbnail hentry category-veranstaltung tag-agroforst tag-kurs tag-lzsg tag-salez tag-schaan\" data-elementor-post-type=\"elementor_library\" data-custom-edit-handle=\"1\">\n\t\t\t<div class=\"elementor-element elementor-element-c79cfe5 e-flex e-con-boxed e-con e-parent\" data-id=\"c79cfe5\" data-element_type=\"container\" data-e-type=\"container\">\n\t\t\t\t\t<div class=\"e-con-inner\">\n\t\t<div class=\"elementor-element elementor-element-64a3d73 e-con-full e-flex e-con e-child\" data-id=\"64a3d73\" data-element_type=\"container\" data-e-type=\"container\">\n\t\t\t\t<div class=\"elementor-element elementor-element-2e3812c elementor-widget__width-inherit elementor-widget elementor-widget-image\" data-id=\"2e3812c\" data-element_type=\"widget\" data-e-type=\"widget\" data-widget_type=\"image.default\">\n\t\t\t\t<div class=\"elementor-widget-container\">\n\t\t\t\t\t\t\t\t\t\t\t\t\t\t\t\t<a href=\"https:\/\/permakultur-landwirtschaft.org\/fr\/agroforst-kurs-am-lzsg-am-01-april-2026\/\">\n\t\t\t\t\t\t\t<img loading=\"lazy\" decoding=\"async\" width=\"700\" height=\"407\" src=\"https:\/\/permakultur-landwirtschaft.org\/wp-content\/uploads\/2026\/01\/20260401_agroforst_schaan_26-01-2026_14-32-19.jpg\" class=\"attachment-full size-full wp-image-37741\" alt=\"Agroforst Kursflyer\" srcset=\"https:\/\/permakultur-landwirtschaft.org\/wp-content\/uploads\/2026\/01\/20260401_agroforst_schaan_26-01-2026_14-32-19.jpg 700w, https:\/\/permakultur-landwirtschaft.org\/wp-content\/uploads\/2026\/01\/20260401_agroforst_schaan_26-01-2026_14-32-19-300x174.jpg 300w, https:\/\/permakultur-landwirtschaft.org\/wp-content\/uploads\/2026\/01\/20260401_agroforst_schaan_26-01-2026_14-32-19-18x10.jpg 18w\" sizes=\"(max-width: 700px) 100vw, 700px\" \/>\t\t\t\t\t\t\t\t<\/a>\n\t\t\t\t\t\t\t\t\t\t\t\t\t\t\t<\/div>\n\t\t\t\t<\/div>\n\t\t\t\t<div class=\"elementor-element elementor-element-65dfa9f elementor-widget elementor-widget-theme-post-title elementor-page-title elementor-widget-heading\" data-id=\"65dfa9f\" data-element_type=\"widget\" data-e-type=\"widget\" data-widget_type=\"theme-post-title.default\">\n\t\t\t\t<div class=\"elementor-widget-container\">\n\t\t\t\t\t<h3 class=\"elementor-heading-title elementor-size-default\"><a href=\"https:\/\/permakultur-landwirtschaft.org\/fr\/agroforst-kurs-am-lzsg-am-01-april-2026\/\">Agroforst &#8211; Kurs am LZSG am 01. April 2026<\/a><\/h3>\t\t\t\t<\/div>\n\t\t\t\t<\/div>\n\t\t\t\t<div class=\"elementor-element elementor-element-0ad4e09 elementor-absolute elementor-widget elementor-widget-text-editor\" data-id=\"0ad4e09\" data-element_type=\"widget\" data-e-type=\"widget\" data-settings=\"{&quot;_position&quot;:&quot;absolute&quot;}\" data-widget_type=\"text-editor.default\">\n\t\t\t\t<div class=\"elementor-widget-container\">\n\t\t\t\t\t\t\t\t\tVeranstaltung\t\t\t\t\t\t\t\t<\/div>\n\t\t\t\t<\/div>\n\t\t\t\t<\/div>\n\t\t\t\t\t<\/div>\n\t\t\t\t<\/div>\n\t\t\t\t<\/div>\n\t\t\t\t<div data-elementor-type=\"loop-item\" data-elementor-id=\"37613\" class=\"elementor elementor-37613 e-loop-item e-loop-item-37857 post-37857 post type-post status-publish format-standard has-post-thumbnail hentry category-veranstaltung tag-alpine-permakultur tag-einfuehrung tag-kurs tag-permakultur tag-sarah-daum tag-schweibenalp\" data-elementor-post-type=\"elementor_library\" data-custom-edit-handle=\"1\">\n\t\t\t<div class=\"elementor-element elementor-element-c79cfe5 e-flex e-con-boxed e-con e-parent\" data-id=\"c79cfe5\" data-element_type=\"container\" data-e-type=\"container\">\n\t\t\t\t\t<div class=\"e-con-inner\">\n\t\t<div class=\"elementor-element elementor-element-64a3d73 e-con-full e-flex e-con e-child\" data-id=\"64a3d73\" data-element_type=\"container\" data-e-type=\"container\">\n\t\t\t\t<div class=\"elementor-element elementor-element-2e3812c elementor-widget__width-inherit elementor-widget elementor-widget-image\" data-id=\"2e3812c\" data-element_type=\"widget\" data-e-type=\"widget\" data-widget_type=\"image.default\">\n\t\t\t\t<div class=\"elementor-widget-container\">\n\t\t\t\t\t\t\t\t\t\t\t\t\t\t\t\t<a href=\"https:\/\/permakultur-landwirtschaft.org\/fr\/einfuehrung-in-die-permakultur-mit-sarah-daum-kurs-vom-27-bis-29-maerz-2026\/\">\n\t\t\t\t\t\t\t<img loading=\"lazy\" decoding=\"async\" width=\"700\" height=\"393\" src=\"https:\/\/permakultur-landwirtschaft.org\/wp-content\/uploads\/2025\/05\/20250519_pdc_schweibenalp_25-205.jpg\" class=\"attachment-full size-full wp-image-36550\" alt=\"Permaculture Design Course Schweibenalp\" srcset=\"https:\/\/permakultur-landwirtschaft.org\/wp-content\/uploads\/2025\/05\/20250519_pdc_schweibenalp_25-205.jpg 700w, https:\/\/permakultur-landwirtschaft.org\/wp-content\/uploads\/2025\/05\/20250519_pdc_schweibenalp_25-205-300x168.jpg 300w, https:\/\/permakultur-landwirtschaft.org\/wp-content\/uploads\/2025\/05\/20250519_pdc_schweibenalp_25-205-18x10.jpg 18w\" sizes=\"(max-width: 700px) 100vw, 700px\" \/>\t\t\t\t\t\t\t\t<\/a>\n\t\t\t\t\t\t\t\t\t\t\t\t\t\t\t<\/div>\n\t\t\t\t<\/div>\n\t\t\t\t<div class=\"elementor-element elementor-element-65dfa9f elementor-widget elementor-widget-theme-post-title elementor-page-title elementor-widget-heading\" data-id=\"65dfa9f\" data-element_type=\"widget\" data-e-type=\"widget\" data-widget_type=\"theme-post-title.default\">\n\t\t\t\t<div class=\"elementor-widget-container\">\n\t\t\t\t\t<h3 class=\"elementor-heading-title elementor-size-default\"><a href=\"https:\/\/permakultur-landwirtschaft.org\/fr\/einfuehrung-in-die-permakultur-mit-sarah-daum-kurs-vom-27-bis-29-maerz-2026\/\">Einf\u00fchrung in die Permakultur mit Sarah Daum &#8211; Kurs vom 27. bis 29. M\u00e4rz 2026<\/a><\/h3>\t\t\t\t<\/div>\n\t\t\t\t<\/div>\n\t\t\t\t<div class=\"elementor-element elementor-element-0ad4e09 elementor-absolute elementor-widget elementor-widget-text-editor\" data-id=\"0ad4e09\" data-element_type=\"widget\" data-e-type=\"widget\" data-settings=\"{&quot;_position&quot;:&quot;absolute&quot;}\" data-widget_type=\"text-editor.default\">\n\t\t\t\t<div class=\"elementor-widget-container\">\n\t\t\t\t\t\t\t\t\tVeranstaltung\t\t\t\t\t\t\t\t<\/div>\n\t\t\t\t<\/div>\n\t\t\t\t<\/div>\n\t\t\t\t\t<\/div>\n\t\t\t\t<\/div>\n\t\t\t\t<\/div>\n\t\t\t\t<div data-elementor-type=\"loop-item\" data-elementor-id=\"37613\" class=\"elementor elementor-37613 e-loop-item e-loop-item-38011 post-38011 post type-post status-publish format-standard has-post-thumbnail hentry category-veranstaltung tag-agridea tag-agroforst tag-futterbaeume tag-futterhecke tag-kurs\" data-elementor-post-type=\"elementor_library\" data-custom-edit-handle=\"1\">\n\t\t\t<div class=\"elementor-element elementor-element-c79cfe5 e-flex e-con-boxed e-con e-parent\" data-id=\"c79cfe5\" data-element_type=\"container\" data-e-type=\"container\">\n\t\t\t\t\t<div class=\"e-con-inner\">\n\t\t<div class=\"elementor-element elementor-element-64a3d73 e-con-full e-flex e-con e-child\" data-id=\"64a3d73\" data-element_type=\"container\" data-e-type=\"container\">\n\t\t\t\t<div class=\"elementor-element elementor-element-2e3812c elementor-widget__width-inherit elementor-widget elementor-widget-image\" data-id=\"2e3812c\" data-element_type=\"widget\" data-e-type=\"widget\" data-widget_type=\"image.default\">\n\t\t\t\t<div class=\"elementor-widget-container\">\n\t\t\t\t\t\t\t\t\t\t\t\t\t\t\t\t<a href=\"https:\/\/permakultur-landwirtschaft.org\/fr\/futterbaeume-und-hecken-kurs-am-25-maerz-2026\/\">\n\t\t\t\t\t\t\t<img loading=\"lazy\" decoding=\"async\" width=\"400\" height=\"400\" src=\"https:\/\/permakultur-landwirtschaft.org\/wp-content\/uploads\/2026\/02\/agridea_futterhecke_5064_kl.jpg\" class=\"attachment-full size-full wp-image-38012\" alt=\"K\u00fche und Futterhecke\" srcset=\"https:\/\/permakultur-landwirtschaft.org\/wp-content\/uploads\/2026\/02\/agridea_futterhecke_5064_kl.jpg 400w, https:\/\/permakultur-landwirtschaft.org\/wp-content\/uploads\/2026\/02\/agridea_futterhecke_5064_kl-300x300.jpg 300w, https:\/\/permakultur-landwirtschaft.org\/wp-content\/uploads\/2026\/02\/agridea_futterhecke_5064_kl-150x150.jpg 150w, https:\/\/permakultur-landwirtschaft.org\/wp-content\/uploads\/2026\/02\/agridea_futterhecke_5064_kl-12x12.jpg 12w\" sizes=\"(max-width: 400px) 100vw, 400px\" \/>\t\t\t\t\t\t\t\t<\/a>\n\t\t\t\t\t\t\t\t\t\t\t\t\t\t\t<\/div>\n\t\t\t\t<\/div>\n\t\t\t\t<div class=\"elementor-element elementor-element-65dfa9f elementor-widget elementor-widget-theme-post-title elementor-page-title elementor-widget-heading\" data-id=\"65dfa9f\" data-element_type=\"widget\" data-e-type=\"widget\" data-widget_type=\"theme-post-title.default\">\n\t\t\t\t<div class=\"elementor-widget-container\">\n\t\t\t\t\t<h3 class=\"elementor-heading-title elementor-size-default\"><a href=\"https:\/\/permakultur-landwirtschaft.org\/fr\/futterbaeume-und-hecken-kurs-am-25-maerz-2026\/\">Futterb\u00e4ume und -hecken &#8211; Kurs am 25. M\u00e4rz 2026<\/a><\/h3>\t\t\t\t<\/div>\n\t\t\t\t<\/div>\n\t\t\t\t<div class=\"elementor-element elementor-element-0ad4e09 elementor-absolute elementor-widget elementor-widget-text-editor\" data-id=\"0ad4e09\" data-element_type=\"widget\" data-e-type=\"widget\" data-settings=\"{&quot;_position&quot;:&quot;absolute&quot;}\" data-widget_type=\"text-editor.default\">\n\t\t\t\t<div class=\"elementor-widget-container\">\n\t\t\t\t\t\t\t\t\tVeranstaltung\t\t\t\t\t\t\t\t<\/div>\n\t\t\t\t<\/div>\n\t\t\t\t<\/div>\n\t\t\t\t\t<\/div>\n\t\t\t\t<\/div>\n\t\t\t\t<\/div>\n\t\t\t\t<div data-elementor-type=\"loop-item\" data-elementor-id=\"37613\" class=\"elementor elementor-37613 e-loop-item e-loop-item-37717 post-37717 post type-post status-publish format-standard has-post-thumbnail hentry category-veranstaltung tag-agriculture-regenerative tag-agriculture-syntropique tag-agridea tag-biovallee tag-drome tag-france tag-voyage-detude\" data-elementor-post-type=\"elementor_library\" data-custom-edit-handle=\"1\">\n\t\t\t<div class=\"elementor-element elementor-element-c79cfe5 e-flex e-con-boxed e-con e-parent\" data-id=\"c79cfe5\" data-element_type=\"container\" data-e-type=\"container\">\n\t\t\t\t\t<div class=\"e-con-inner\">\n\t\t<div class=\"elementor-element elementor-element-64a3d73 e-con-full e-flex e-con e-child\" data-id=\"64a3d73\" data-element_type=\"container\" data-e-type=\"container\">\n\t\t\t\t<div class=\"elementor-element elementor-element-2e3812c elementor-widget__width-inherit elementor-widget elementor-widget-image\" data-id=\"2e3812c\" data-element_type=\"widget\" data-e-type=\"widget\" data-widget_type=\"image.default\">\n\t\t\t\t<div class=\"elementor-widget-container\">\n\t\t\t\t\t\t\t\t\t\t\t\t\t\t\t\t<a href=\"https:\/\/permakultur-landwirtschaft.org\/fr\/agriculture-regenerative-et-syntropique-dans-la-biovallee-drome-voyage-detude-du-24-au-27-mars-2026\/\">\n\t\t\t\t\t\t\t<img loading=\"lazy\" decoding=\"async\" width=\"612\" height=\"381\" src=\"https:\/\/permakultur-landwirtschaft.org\/wp-content\/uploads\/2026\/01\/20260324_voyage_agridea_Picture1.jpg\" class=\"attachment-full size-full wp-image-37718\" alt=\"Champ de lavande \u00e0 Biovall\u00e9e\" srcset=\"https:\/\/permakultur-landwirtschaft.org\/wp-content\/uploads\/2026\/01\/20260324_voyage_agridea_Picture1.jpg 612w, https:\/\/permakultur-landwirtschaft.org\/wp-content\/uploads\/2026\/01\/20260324_voyage_agridea_Picture1-300x187.jpg 300w, https:\/\/permakultur-landwirtschaft.org\/wp-content\/uploads\/2026\/01\/20260324_voyage_agridea_Picture1-18x12.jpg 18w\" sizes=\"(max-width: 612px) 100vw, 612px\" \/>\t\t\t\t\t\t\t\t<\/a>\n\t\t\t\t\t\t\t\t\t\t\t\t\t\t\t<\/div>\n\t\t\t\t<\/div>\n\t\t\t\t<div class=\"elementor-element elementor-element-65dfa9f elementor-widget elementor-widget-theme-post-title elementor-page-title elementor-widget-heading\" data-id=\"65dfa9f\" data-element_type=\"widget\" data-e-type=\"widget\" data-widget_type=\"theme-post-title.default\">\n\t\t\t\t<div class=\"elementor-widget-container\">\n\t\t\t\t\t<h3 class=\"elementor-heading-title elementor-size-default\"><a href=\"https:\/\/permakultur-landwirtschaft.org\/fr\/agriculture-regenerative-et-syntropique-dans-la-biovallee-drome-voyage-detude-du-24-au-27-mars-2026\/\">Agriculture r\u00e9g\u00e9n\u00e9rative et syntropique dans la Biovall\u00e9e, Dr\u00f4me \u2013 Voyage d&#8217;\u00e9tude du 24 au 27 mars 2026<\/a><\/h3>\t\t\t\t<\/div>\n\t\t\t\t<\/div>\n\t\t\t\t<div class=\"elementor-element elementor-element-0ad4e09 elementor-absolute elementor-widget elementor-widget-text-editor\" data-id=\"0ad4e09\" data-element_type=\"widget\" data-e-type=\"widget\" data-settings=\"{&quot;_position&quot;:&quot;absolute&quot;}\" data-widget_type=\"text-editor.default\">\n\t\t\t\t<div class=\"elementor-widget-container\">\n\t\t\t\t\t\t\t\t\tVeranstaltung\t\t\t\t\t\t\t\t<\/div>\n\t\t\t\t<\/div>\n\t\t\t\t<\/div>\n\t\t\t\t\t<\/div>\n\t\t\t\t<\/div>\n\t\t\t\t<\/div>\n\t\t\t\t<div data-elementor-type=\"loop-item\" data-elementor-id=\"37613\" class=\"elementor elementor-37613 e-loop-item e-loop-item-37754 post-37754 post type-post status-publish format-standard has-post-thumbnail hentry category-veranstaltung tag-betriebsbesichtigung tag-eulenhof-moehlin tag-gv tag-mitgliederversammlung tag-verein-permakultur-landwirtschaft\" data-elementor-post-type=\"elementor_library\" data-custom-edit-handle=\"1\">\n\t\t\t<div class=\"elementor-element elementor-element-c79cfe5 e-flex e-con-boxed e-con e-parent\" data-id=\"c79cfe5\" data-element_type=\"container\" data-e-type=\"container\">\n\t\t\t\t\t<div class=\"e-con-inner\">\n\t\t<div class=\"elementor-element elementor-element-64a3d73 e-con-full e-flex e-con e-child\" data-id=\"64a3d73\" data-element_type=\"container\" data-e-type=\"container\">\n\t\t\t\t<div class=\"elementor-element elementor-element-2e3812c elementor-widget__width-inherit elementor-widget elementor-widget-image\" data-id=\"2e3812c\" data-element_type=\"widget\" data-e-type=\"widget\" data-widget_type=\"image.default\">\n\t\t\t\t<div class=\"elementor-widget-container\">\n\t\t\t\t\t\t\t\t\t\t\t\t\t\t\t\t<a href=\"https:\/\/permakultur-landwirtschaft.org\/fr\/gv2026\/\">\n\t\t\t\t\t\t\t<img loading=\"lazy\" decoding=\"async\" width=\"700\" height=\"394\" src=\"https:\/\/permakultur-landwirtschaft.org\/wp-content\/uploads\/2026\/01\/pela-logo-eulenhof.jpg\" class=\"attachment-full size-full wp-image-37757\" alt=\"Luftaufnahme vom Eulenhof mit Logo vom Verein Permakultur-Landwirtschaft\" srcset=\"https:\/\/permakultur-landwirtschaft.org\/wp-content\/uploads\/2026\/01\/pela-logo-eulenhof.jpg 700w, https:\/\/permakultur-landwirtschaft.org\/wp-content\/uploads\/2026\/01\/pela-logo-eulenhof-300x169.jpg 300w, https:\/\/permakultur-landwirtschaft.org\/wp-content\/uploads\/2026\/01\/pela-logo-eulenhof-18x10.jpg 18w\" sizes=\"(max-width: 700px) 100vw, 700px\" \/>\t\t\t\t\t\t\t\t<\/a>\n\t\t\t\t\t\t\t\t\t\t\t\t\t\t\t<\/div>\n\t\t\t\t<\/div>\n\t\t\t\t<div class=\"elementor-element elementor-element-65dfa9f elementor-widget elementor-widget-theme-post-title elementor-page-title elementor-widget-heading\" data-id=\"65dfa9f\" data-element_type=\"widget\" data-e-type=\"widget\" data-widget_type=\"theme-post-title.default\">\n\t\t\t\t<div class=\"elementor-widget-container\">\n\t\t\t\t\t<h3 class=\"elementor-heading-title elementor-size-default\"><a href=\"https:\/\/permakultur-landwirtschaft.org\/fr\/gv2026\/\">Mitgliederversammlung des Vereins Permakultur-Landwirtschaft am 21. M\u00e4rz 2026<\/a><\/h3>\t\t\t\t<\/div>\n\t\t\t\t<\/div>\n\t\t\t\t<div class=\"elementor-element elementor-element-0ad4e09 elementor-absolute elementor-widget elementor-widget-text-editor\" data-id=\"0ad4e09\" data-element_type=\"widget\" data-e-type=\"widget\" data-settings=\"{&quot;_position&quot;:&quot;absolute&quot;}\" data-widget_type=\"text-editor.default\">\n\t\t\t\t<div class=\"elementor-widget-container\">\n\t\t\t\t\t\t\t\t\tVeranstaltung\t\t\t\t\t\t\t\t<\/div>\n\t\t\t\t<\/div>\n\t\t\t\t<\/div>\n\t\t\t\t\t<\/div>\n\t\t\t\t<\/div>\n\t\t\t\t<\/div>\n\t\t\t\t<div data-elementor-type=\"loop-item\" data-elementor-id=\"37613\" class=\"elementor elementor-37613 e-loop-item e-loop-item-36683 post-36683 post type-post status-publish format-standard has-post-thumbnail hentry category-veranstaltung tag-betriebsfuehrung tag-biodynamisch tag-demeter tag-weiterbildung\" data-elementor-post-type=\"elementor_library\" data-custom-edit-handle=\"1\">\n\t\t\t<div class=\"elementor-element elementor-element-c79cfe5 e-flex e-con-boxed e-con e-parent\" data-id=\"c79cfe5\" data-element_type=\"container\" data-e-type=\"container\">\n\t\t\t\t\t<div class=\"e-con-inner\">\n\t\t<div class=\"elementor-element elementor-element-64a3d73 e-con-full e-flex e-con e-child\" data-id=\"64a3d73\" data-element_type=\"container\" data-e-type=\"container\">\n\t\t\t\t<div class=\"elementor-element elementor-element-2e3812c elementor-widget__width-inherit elementor-widget elementor-widget-image\" data-id=\"2e3812c\" data-element_type=\"widget\" data-e-type=\"widget\" data-widget_type=\"image.default\">\n\t\t\t\t<div class=\"elementor-widget-container\">\n\t\t\t\t\t\t\t\t\t\t\t\t\t\t\t\t<a href=\"https:\/\/permakultur-landwirtschaft.org\/fr\/landwirtschaftliche-betriebsfuehrung-weiterbildung-vom-15-september-2025-bis-20-maerz-2026\/\">\n\t\t\t\t\t\t\t<img loading=\"lazy\" decoding=\"async\" width=\"700\" height=\"466\" src=\"https:\/\/permakultur-landwirtschaft.org\/wp-content\/uploads\/2025\/06\/20250605_biodyn_Weiterbildung_Landwirtschaftlich_Betriebsfuehrung_BIC8414.jpg\" class=\"attachment-full size-full wp-image-36684\" alt=\"3 Personen diskutieren\" srcset=\"https:\/\/permakultur-landwirtschaft.org\/wp-content\/uploads\/2025\/06\/20250605_biodyn_Weiterbildung_Landwirtschaftlich_Betriebsfuehrung_BIC8414.jpg 700w, https:\/\/permakultur-landwirtschaft.org\/wp-content\/uploads\/2025\/06\/20250605_biodyn_Weiterbildung_Landwirtschaftlich_Betriebsfuehrung_BIC8414-300x200.jpg 300w, https:\/\/permakultur-landwirtschaft.org\/wp-content\/uploads\/2025\/06\/20250605_biodyn_Weiterbildung_Landwirtschaftlich_Betriebsfuehrung_BIC8414-18x12.jpg 18w\" sizes=\"(max-width: 700px) 100vw, 700px\" \/>\t\t\t\t\t\t\t\t<\/a>\n\t\t\t\t\t\t\t\t\t\t\t\t\t\t\t<\/div>\n\t\t\t\t<\/div>\n\t\t\t\t<div class=\"elementor-element elementor-element-65dfa9f elementor-widget elementor-widget-theme-post-title elementor-page-title elementor-widget-heading\" data-id=\"65dfa9f\" data-element_type=\"widget\" data-e-type=\"widget\" data-widget_type=\"theme-post-title.default\">\n\t\t\t\t<div class=\"elementor-widget-container\">\n\t\t\t\t\t<h3 class=\"elementor-heading-title elementor-size-default\"><a href=\"https:\/\/permakultur-landwirtschaft.org\/fr\/landwirtschaftliche-betriebsfuehrung-weiterbildung-vom-15-september-2025-bis-20-maerz-2026\/\">Landwirtschaftliche Betriebsf\u00fchrung &#8211; Weiterbildung vom 15. September 2025 bis 20. M\u00e4rz 2026<\/a><\/h3>\t\t\t\t<\/div>\n\t\t\t\t<\/div>\n\t\t\t\t<div class=\"elementor-element elementor-element-0ad4e09 elementor-absolute elementor-widget elementor-widget-text-editor\" data-id=\"0ad4e09\" data-element_type=\"widget\" data-e-type=\"widget\" data-settings=\"{&quot;_position&quot;:&quot;absolute&quot;}\" data-widget_type=\"text-editor.default\">\n\t\t\t\t<div class=\"elementor-widget-container\">\n\t\t\t\t\t\t\t\t\tVeranstaltung\t\t\t\t\t\t\t\t<\/div>\n\t\t\t\t<\/div>\n\t\t\t\t<\/div>\n\t\t\t\t\t<\/div>\n\t\t\t\t<\/div>\n\t\t\t\t<\/div>\n\t\t\t\t<div data-elementor-type=\"loop-item\" data-elementor-id=\"37613\" class=\"elementor elementor-37613 e-loop-item e-loop-item-38044 post-38044 post type-post status-publish format-standard has-post-thumbnail hentry category-veranstaltung tag-agridea tag-agroforst tag-fibl tag-forschung tag-johanna-schoop tag-uni-giessen tag-webinar\" data-elementor-post-type=\"elementor_library\" data-custom-edit-handle=\"1\">\n\t\t\t<div class=\"elementor-element elementor-element-c79cfe5 e-flex e-con-boxed e-con e-parent\" data-id=\"c79cfe5\" data-element_type=\"container\" data-e-type=\"container\">\n\t\t\t\t\t<div class=\"e-con-inner\">\n\t\t<div class=\"elementor-element elementor-element-64a3d73 e-con-full e-flex e-con e-child\" data-id=\"64a3d73\" data-element_type=\"container\" data-e-type=\"container\">\n\t\t\t\t<div class=\"elementor-element elementor-element-2e3812c elementor-widget__width-inherit elementor-widget elementor-widget-image\" data-id=\"2e3812c\" data-element_type=\"widget\" data-e-type=\"widget\" data-widget_type=\"image.default\">\n\t\t\t\t<div class=\"elementor-widget-container\">\n\t\t\t\t\t\t\t\t\t\t\t\t\t\t\t\t<a href=\"https:\/\/permakultur-landwirtschaft.org\/fr\/agroforst-forschung-webinar-am-05-maerz-2026\/\">\n\t\t\t\t\t\t\t<img loading=\"lazy\" decoding=\"async\" width=\"500\" height=\"334\" src=\"https:\/\/permakultur-landwirtschaft.org\/wp-content\/uploads\/2024\/10\/csm_FrancoisLannuzel_SimonaMoosmann_FiBL_1200_3809dd22f1.jpg\" class=\"attachment-full size-full wp-image-35271\" alt=\"Agroforst mit Walnussb\u00e4umen\" srcset=\"https:\/\/permakultur-landwirtschaft.org\/wp-content\/uploads\/2024\/10\/csm_FrancoisLannuzel_SimonaMoosmann_FiBL_1200_3809dd22f1.jpg 500w, https:\/\/permakultur-landwirtschaft.org\/wp-content\/uploads\/2024\/10\/csm_FrancoisLannuzel_SimonaMoosmann_FiBL_1200_3809dd22f1-300x200.jpg 300w\" sizes=\"(max-width: 500px) 100vw, 500px\" \/>\t\t\t\t\t\t\t\t<\/a>\n\t\t\t\t\t\t\t\t\t\t\t\t\t\t\t<\/div>\n\t\t\t\t<\/div>\n\t\t\t\t<div class=\"elementor-element elementor-element-65dfa9f elementor-widget elementor-widget-theme-post-title elementor-page-title elementor-widget-heading\" data-id=\"65dfa9f\" data-element_type=\"widget\" data-e-type=\"widget\" data-widget_type=\"theme-post-title.default\">\n\t\t\t\t<div class=\"elementor-widget-container\">\n\t\t\t\t\t<h3 class=\"elementor-heading-title elementor-size-default\"><a href=\"https:\/\/permakultur-landwirtschaft.org\/fr\/agroforst-forschung-webinar-am-05-maerz-2026\/\">Agroforst Forschung &#8211; Webinar am 05. M\u00e4rz 2026<\/a><\/h3>\t\t\t\t<\/div>\n\t\t\t\t<\/div>\n\t\t\t\t<div class=\"elementor-element elementor-element-0ad4e09 elementor-absolute elementor-widget elementor-widget-text-editor\" data-id=\"0ad4e09\" data-element_type=\"widget\" data-e-type=\"widget\" data-settings=\"{&quot;_position&quot;:&quot;absolute&quot;}\" data-widget_type=\"text-editor.default\">\n\t\t\t\t<div class=\"elementor-widget-container\">\n\t\t\t\t\t\t\t\t\tVeranstaltung\t\t\t\t\t\t\t\t<\/div>\n\t\t\t\t<\/div>\n\t\t\t\t<\/div>\n\t\t\t\t\t<\/div>\n\t\t\t\t<\/div>\n\t\t\t\t<\/div>\n\t\t\t\t<div data-elementor-type=\"loop-item\" data-elementor-id=\"37613\" class=\"elementor elementor-37613 e-loop-item e-loop-item-37745 post-37745 post type-post status-publish format-standard has-post-thumbnail hentry category-veranstaltung tag-conservation-agriculture tag-regenerative-agriculture tag-trails4soil tag-webinar\" data-elementor-post-type=\"elementor_library\" data-custom-edit-handle=\"1\">\n\t\t\t<div class=\"elementor-element elementor-element-c79cfe5 e-flex e-con-boxed e-con e-parent\" data-id=\"c79cfe5\" data-element_type=\"container\" data-e-type=\"container\">\n\t\t\t\t\t<div class=\"e-con-inner\">\n\t\t<div class=\"elementor-element elementor-element-64a3d73 e-con-full e-flex e-con e-child\" data-id=\"64a3d73\" data-element_type=\"container\" data-e-type=\"container\">\n\t\t\t\t<div class=\"elementor-element elementor-element-2e3812c elementor-widget__width-inherit elementor-widget elementor-widget-image\" data-id=\"2e3812c\" data-element_type=\"widget\" data-e-type=\"widget\" data-widget_type=\"image.default\">\n\t\t\t\t<div class=\"elementor-widget-container\">\n\t\t\t\t\t\t\t\t\t\t\t\t\t\t\t\t<a href=\"https:\/\/permakultur-landwirtschaft.org\/fr\/how-regenerative-conservation-agriculture-can-chart-a-trail-for-healthy-soils-and-farms-webinar-vom-12-februar-2026\/\">\n\t\t\t\t\t\t\t<img loading=\"lazy\" decoding=\"async\" width=\"700\" height=\"525\" src=\"https:\/\/permakultur-landwirtschaft.org\/wp-content\/uploads\/2026\/01\/trails4soil_permanent_IMG_8787-scaled-1.jpg\" class=\"attachment-full size-full wp-image-37746\" alt=\"Permanent crops\" srcset=\"https:\/\/permakultur-landwirtschaft.org\/wp-content\/uploads\/2026\/01\/trails4soil_permanent_IMG_8787-scaled-1.jpg 700w, https:\/\/permakultur-landwirtschaft.org\/wp-content\/uploads\/2026\/01\/trails4soil_permanent_IMG_8787-scaled-1-300x225.jpg 300w, https:\/\/permakultur-landwirtschaft.org\/wp-content\/uploads\/2026\/01\/trails4soil_permanent_IMG_8787-scaled-1-16x12.jpg 16w\" sizes=\"(max-width: 700px) 100vw, 700px\" \/>\t\t\t\t\t\t\t\t<\/a>\n\t\t\t\t\t\t\t\t\t\t\t\t\t\t\t<\/div>\n\t\t\t\t<\/div>\n\t\t\t\t<div class=\"elementor-element elementor-element-65dfa9f elementor-widget elementor-widget-theme-post-title elementor-page-title elementor-widget-heading\" data-id=\"65dfa9f\" data-element_type=\"widget\" data-e-type=\"widget\" data-widget_type=\"theme-post-title.default\">\n\t\t\t\t<div class=\"elementor-widget-container\">\n\t\t\t\t\t<h3 class=\"elementor-heading-title elementor-size-default\"><a href=\"https:\/\/permakultur-landwirtschaft.org\/fr\/how-regenerative-conservation-agriculture-can-chart-a-trail-for-healthy-soils-and-farms-webinar-vom-12-februar-2026\/\">How Regenerative &amp; Conservation Agriculture can chart a trail for healthy soils and farms &#8211; Webinar vom 12. Februar 2026<\/a><\/h3>\t\t\t\t<\/div>\n\t\t\t\t<\/div>\n\t\t\t\t<div class=\"elementor-element elementor-element-0ad4e09 elementor-absolute elementor-widget elementor-widget-text-editor\" data-id=\"0ad4e09\" data-element_type=\"widget\" data-e-type=\"widget\" data-settings=\"{&quot;_position&quot;:&quot;absolute&quot;}\" data-widget_type=\"text-editor.default\">\n\t\t\t\t<div class=\"elementor-widget-container\">\n\t\t\t\t\t\t\t\t\tVeranstaltung\t\t\t\t\t\t\t\t<\/div>\n\t\t\t\t<\/div>\n\t\t\t\t<\/div>\n\t\t\t\t\t<\/div>\n\t\t\t\t<\/div>\n\t\t\t\t<\/div>\n\t\t\t\t<div data-elementor-type=\"loop-item\" data-elementor-id=\"37613\" class=\"elementor elementor-37613 e-loop-item e-loop-item-37821 post-37821 post type-post status-publish format-standard has-post-thumbnail hentry category-veranstaltung tag-agrarwendeconcret tag-agroforst tag-biodiversitaet tag-kostenfrei tag-landnutzung tag-permagold tag-webinar tag-zukunftsmodell\" data-elementor-post-type=\"elementor_library\" data-custom-edit-handle=\"1\">\n\t\t\t<div class=\"elementor-element elementor-element-c79cfe5 e-flex e-con-boxed e-con e-parent\" data-id=\"c79cfe5\" data-element_type=\"container\" data-e-type=\"container\">\n\t\t\t\t\t<div class=\"e-con-inner\">\n\t\t<div class=\"elementor-element elementor-element-64a3d73 e-con-full e-flex e-con e-child\" data-id=\"64a3d73\" data-element_type=\"container\" data-e-type=\"container\">\n\t\t\t\t<div class=\"elementor-element elementor-element-2e3812c elementor-widget__width-inherit elementor-widget elementor-widget-image\" data-id=\"2e3812c\" data-element_type=\"widget\" data-e-type=\"widget\" data-widget_type=\"image.default\">\n\t\t\t\t<div class=\"elementor-widget-container\">\n\t\t\t\t\t\t\t\t\t\t\t\t\t\t\t\t<a href=\"https:\/\/permakultur-landwirtschaft.org\/fr\/agroforst-zukunftsmodell-fuer-landnutzung-und-biodiversitaet-webinar-am-11-februar-2026\/\">\n\t\t\t\t\t\t\t<img loading=\"lazy\" decoding=\"async\" width=\"700\" height=\"338\" src=\"https:\/\/permakultur-landwirtschaft.org\/wp-content\/uploads\/2026\/02\/20260210_permagold_10-02-2026_10-15-29.jpg\" class=\"attachment-full size-full wp-image-37822\" alt=\"Bild Permagold Webseite\" srcset=\"https:\/\/permakultur-landwirtschaft.org\/wp-content\/uploads\/2026\/02\/20260210_permagold_10-02-2026_10-15-29.jpg 700w, https:\/\/permakultur-landwirtschaft.org\/wp-content\/uploads\/2026\/02\/20260210_permagold_10-02-2026_10-15-29-300x145.jpg 300w, https:\/\/permakultur-landwirtschaft.org\/wp-content\/uploads\/2026\/02\/20260210_permagold_10-02-2026_10-15-29-18x9.jpg 18w\" sizes=\"(max-width: 700px) 100vw, 700px\" \/>\t\t\t\t\t\t\t\t<\/a>\n\t\t\t\t\t\t\t\t\t\t\t\t\t\t\t<\/div>\n\t\t\t\t<\/div>\n\t\t\t\t<div class=\"elementor-element elementor-element-65dfa9f elementor-widget elementor-widget-theme-post-title elementor-page-title elementor-widget-heading\" data-id=\"65dfa9f\" data-element_type=\"widget\" data-e-type=\"widget\" data-widget_type=\"theme-post-title.default\">\n\t\t\t\t<div class=\"elementor-widget-container\">\n\t\t\t\t\t<h3 class=\"elementor-heading-title elementor-size-default\"><a href=\"https:\/\/permakultur-landwirtschaft.org\/fr\/agroforst-zukunftsmodell-fuer-landnutzung-und-biodiversitaet-webinar-am-11-februar-2026\/\">Agroforst: Zukunftsmodell f\u00fcr Landnutzung und Biodiversit\u00e4t? &#8211; Webinar am 11. Februar 2026<\/a><\/h3>\t\t\t\t<\/div>\n\t\t\t\t<\/div>\n\t\t\t\t<div class=\"elementor-element elementor-element-0ad4e09 elementor-absolute elementor-widget elementor-widget-text-editor\" data-id=\"0ad4e09\" data-element_type=\"widget\" data-e-type=\"widget\" data-settings=\"{&quot;_position&quot;:&quot;absolute&quot;}\" data-widget_type=\"text-editor.default\">\n\t\t\t\t<div class=\"elementor-widget-container\">\n\t\t\t\t\t\t\t\t\tVeranstaltung\t\t\t\t\t\t\t\t<\/div>\n\t\t\t\t<\/div>\n\t\t\t\t<\/div>\n\t\t\t\t\t<\/div>\n\t\t\t\t<\/div>\n\t\t\t\t<\/div>\n\t\t\t\t<div data-elementor-type=\"loop-item\" data-elementor-id=\"37613\" class=\"elementor elementor-37613 e-loop-item e-loop-item-37731 post-37731 post type-post status-publish format-standard has-post-thumbnail hentry category-veranstaltung tag-agroforesterie-en-viticulture tag-arnex-sur-orbe tag-domaine-ym-yann-morel\" data-elementor-post-type=\"elementor_library\" data-custom-edit-handle=\"1\">\n\t\t\t<div class=\"elementor-element elementor-element-c79cfe5 e-flex e-con-boxed e-con e-parent\" data-id=\"c79cfe5\" data-element_type=\"container\" data-e-type=\"container\">\n\t\t\t\t\t<div class=\"e-con-inner\">\n\t\t<div class=\"elementor-element elementor-element-64a3d73 e-con-full e-flex e-con e-child\" data-id=\"64a3d73\" data-element_type=\"container\" data-e-type=\"container\">\n\t\t\t\t<div class=\"elementor-element elementor-element-2e3812c elementor-widget__width-inherit elementor-widget elementor-widget-image\" data-id=\"2e3812c\" data-element_type=\"widget\" data-e-type=\"widget\" data-widget_type=\"image.default\">\n\t\t\t\t<div class=\"elementor-widget-container\">\n\t\t\t\t\t\t\t\t\t\t\t\t\t\t\t\t<a href=\"https:\/\/permakultur-landwirtschaft.org\/fr\/agroforesterie-en-viticulture-comprendre-les-interactions-mycorhiziennes-et-aborder-les-defis-de-la-vitiforesterie-cours-au-6-fevrier-2026\/\">\n\t\t\t\t\t\t\t<img loading=\"lazy\" decoding=\"async\" width=\"700\" height=\"467\" src=\"https:\/\/permakultur-landwirtschaft.org\/wp-content\/uploads\/2026\/01\/domaineym_weinbau_26-01-2026_14-05-02.jpg\" class=\"attachment-full size-full wp-image-37732\" alt=\"Viticulture\" srcset=\"https:\/\/permakultur-landwirtschaft.org\/wp-content\/uploads\/2026\/01\/domaineym_weinbau_26-01-2026_14-05-02.jpg 700w, https:\/\/permakultur-landwirtschaft.org\/wp-content\/uploads\/2026\/01\/domaineym_weinbau_26-01-2026_14-05-02-300x200.jpg 300w, https:\/\/permakultur-landwirtschaft.org\/wp-content\/uploads\/2026\/01\/domaineym_weinbau_26-01-2026_14-05-02-18x12.jpg 18w\" sizes=\"(max-width: 700px) 100vw, 700px\" \/>\t\t\t\t\t\t\t\t<\/a>\n\t\t\t\t\t\t\t\t\t\t\t\t\t\t\t<\/div>\n\t\t\t\t<\/div>\n\t\t\t\t<div class=\"elementor-element elementor-element-65dfa9f elementor-widget elementor-widget-theme-post-title elementor-page-title elementor-widget-heading\" data-id=\"65dfa9f\" data-element_type=\"widget\" data-e-type=\"widget\" data-widget_type=\"theme-post-title.default\">\n\t\t\t\t<div class=\"elementor-widget-container\">\n\t\t\t\t\t<h3 class=\"elementor-heading-title elementor-size-default\"><a href=\"https:\/\/permakultur-landwirtschaft.org\/fr\/agroforesterie-en-viticulture-comprendre-les-interactions-mycorhiziennes-et-aborder-les-defis-de-la-vitiforesterie-cours-au-6-fevrier-2026\/\">Agroforesterie en viticulture : comprendre les interactions mycorhiziennes et aborder les d\u00e9fis de la vitiforesterie &#8211; Cours au 6 f\u00e9vrier 2026<\/a><\/h3>\t\t\t\t<\/div>\n\t\t\t\t<\/div>\n\t\t\t\t<div class=\"elementor-element elementor-element-0ad4e09 elementor-absolute elementor-widget elementor-widget-text-editor\" data-id=\"0ad4e09\" data-element_type=\"widget\" data-e-type=\"widget\" data-settings=\"{&quot;_position&quot;:&quot;absolute&quot;}\" data-widget_type=\"text-editor.default\">\n\t\t\t\t<div class=\"elementor-widget-container\">\n\t\t\t\t\t\t\t\t\tVeranstaltung\t\t\t\t\t\t\t\t<\/div>\n\t\t\t\t<\/div>\n\t\t\t\t<\/div>\n\t\t\t\t\t<\/div>\n\t\t\t\t<\/div>\n\t\t\t\t<\/div>\n\t\t\t\t<div data-elementor-type=\"loop-item\" data-elementor-id=\"37613\" class=\"elementor elementor-37613 e-loop-item e-loop-item-37737 post-37737 post type-post status-publish format-standard has-post-thumbnail hentry category-veranstaltung tag-lenz tag-strauss tag-vitiforst tag-weinbau\" data-elementor-post-type=\"elementor_library\" data-custom-edit-handle=\"1\">\n\t\t\t<div class=\"elementor-element elementor-element-c79cfe5 e-flex e-con-boxed e-con e-parent\" data-id=\"c79cfe5\" data-element_type=\"container\" data-e-type=\"container\">\n\t\t\t\t\t<div class=\"e-con-inner\">\n\t\t<div class=\"elementor-element elementor-element-64a3d73 e-con-full e-flex e-con e-child\" data-id=\"64a3d73\" data-element_type=\"container\" data-e-type=\"container\">\n\t\t\t\t<div class=\"elementor-element elementor-element-2e3812c elementor-widget__width-inherit elementor-widget elementor-widget-image\" data-id=\"2e3812c\" data-element_type=\"widget\" data-e-type=\"widget\" data-widget_type=\"image.default\">\n\t\t\t\t<div class=\"elementor-widget-container\">\n\t\t\t\t\t\t\t\t\t\t\t\t\t\t\t\t<a href=\"https:\/\/permakultur-landwirtschaft.org\/fr\/vitiforst-im-weinbau-fokusgruppe-vitiforst-austausch-und-besichtigung-am-05-februar-2026\/\">\n\t\t\t\t\t\t\t<img loading=\"lazy\" decoding=\"async\" width=\"700\" height=\"467\" src=\"https:\/\/permakultur-landwirtschaft.org\/wp-content\/uploads\/2022\/09\/lid_csm_Vitiforst-Begnins_01_rho_d870dee48d.jpg\" class=\"attachment-full size-full wp-image-25298\" alt=\"Vitiforst\" srcset=\"https:\/\/permakultur-landwirtschaft.org\/wp-content\/uploads\/2022\/09\/lid_csm_Vitiforst-Begnins_01_rho_d870dee48d.jpg 700w, https:\/\/permakultur-landwirtschaft.org\/wp-content\/uploads\/2022\/09\/lid_csm_Vitiforst-Begnins_01_rho_d870dee48d-300x200.jpg 300w, https:\/\/permakultur-landwirtschaft.org\/wp-content\/uploads\/2022\/09\/lid_csm_Vitiforst-Begnins_01_rho_d870dee48d-272x182.jpg 272w\" sizes=\"(max-width: 700px) 100vw, 700px\" \/>\t\t\t\t\t\t\t\t<\/a>\n\t\t\t\t\t\t\t\t\t\t\t\t\t\t\t<\/div>\n\t\t\t\t<\/div>\n\t\t\t\t<div class=\"elementor-element elementor-element-65dfa9f elementor-widget elementor-widget-theme-post-title elementor-page-title elementor-widget-heading\" data-id=\"65dfa9f\" data-element_type=\"widget\" data-e-type=\"widget\" data-widget_type=\"theme-post-title.default\">\n\t\t\t\t<div class=\"elementor-widget-container\">\n\t\t\t\t\t<h3 class=\"elementor-heading-title elementor-size-default\"><a href=\"https:\/\/permakultur-landwirtschaft.org\/fr\/vitiforst-im-weinbau-fokusgruppe-vitiforst-austausch-und-besichtigung-am-05-februar-2026\/\">Vitiforst im Weinbau (Fokusgruppe Vitiforst) &#8211; Austausch und Besichtigung am 05. Februar 2026<\/a><\/h3>\t\t\t\t<\/div>\n\t\t\t\t<\/div>\n\t\t\t\t<div class=\"elementor-element elementor-element-0ad4e09 elementor-absolute elementor-widget elementor-widget-text-editor\" data-id=\"0ad4e09\" data-element_type=\"widget\" data-e-type=\"widget\" data-settings=\"{&quot;_position&quot;:&quot;absolute&quot;}\" data-widget_type=\"text-editor.default\">\n\t\t\t\t<div class=\"elementor-widget-container\">\n\t\t\t\t\t\t\t\t\tVeranstaltung\t\t\t\t\t\t\t\t<\/div>\n\t\t\t\t<\/div>\n\t\t\t\t<\/div>\n\t\t\t\t\t<\/div>\n\t\t\t\t<\/div>\n\t\t\t\t<\/div>\n\t\t\t\t<div data-elementor-type=\"loop-item\" data-elementor-id=\"37613\" class=\"elementor elementor-37613 e-loop-item e-loop-item-37315 post-37315 post type-post status-publish format-standard has-post-thumbnail hentry category-veranstaltung tag-inforama tag-permakultur-landwirtschaft tag-theoretische-einfuehrung\" data-elementor-post-type=\"elementor_library\" data-custom-edit-handle=\"1\">\n\t\t\t<div class=\"elementor-element elementor-element-c79cfe5 e-flex e-con-boxed e-con e-parent\" data-id=\"c79cfe5\" data-element_type=\"container\" data-e-type=\"container\">\n\t\t\t\t\t<div class=\"e-con-inner\">\n\t\t<div class=\"elementor-element elementor-element-64a3d73 e-con-full e-flex e-con e-child\" data-id=\"64a3d73\" data-element_type=\"container\" data-e-type=\"container\">\n\t\t\t\t<div class=\"elementor-element elementor-element-2e3812c elementor-widget__width-inherit elementor-widget elementor-widget-image\" data-id=\"2e3812c\" data-element_type=\"widget\" data-e-type=\"widget\" data-widget_type=\"image.default\">\n\t\t\t\t<div class=\"elementor-widget-container\">\n\t\t\t\t\t\t\t\t\t\t\t\t\t\t\t\t<a href=\"https:\/\/permakultur-landwirtschaft.org\/fr\/permakultur-in-der-landwirtschaft-theoretische-einfuehrung-am-28-januar-2026\/\">\n\t\t\t\t\t\t\t<img loading=\"lazy\" decoding=\"async\" width=\"700\" height=\"491\" src=\"https:\/\/permakultur-landwirtschaft.org\/wp-content\/uploads\/2023\/10\/PK_Theorie_700.jpg\" class=\"attachment-full size-full wp-image-32312\" alt=\"Permakultur Theorie Inforama\" srcset=\"https:\/\/permakultur-landwirtschaft.org\/wp-content\/uploads\/2023\/10\/PK_Theorie_700.jpg 700w, https:\/\/permakultur-landwirtschaft.org\/wp-content\/uploads\/2023\/10\/PK_Theorie_700-300x210.jpg 300w\" sizes=\"(max-width: 700px) 100vw, 700px\" \/>\t\t\t\t\t\t\t\t<\/a>\n\t\t\t\t\t\t\t\t\t\t\t\t\t\t\t<\/div>\n\t\t\t\t<\/div>\n\t\t\t\t<div class=\"elementor-element elementor-element-65dfa9f elementor-widget elementor-widget-theme-post-title elementor-page-title elementor-widget-heading\" data-id=\"65dfa9f\" data-element_type=\"widget\" data-e-type=\"widget\" data-widget_type=\"theme-post-title.default\">\n\t\t\t\t<div class=\"elementor-widget-container\">\n\t\t\t\t\t<h3 class=\"elementor-heading-title elementor-size-default\"><a href=\"https:\/\/permakultur-landwirtschaft.org\/fr\/permakultur-in-der-landwirtschaft-theoretische-einfuehrung-am-28-januar-2026\/\">Permakultur in der Landwirtschaft \u2013 Theoretische Einf\u00fchrung am 28. Januar 2026<\/a><\/h3>\t\t\t\t<\/div>\n\t\t\t\t<\/div>\n\t\t\t\t<div class=\"elementor-element elementor-element-0ad4e09 elementor-absolute elementor-widget elementor-widget-text-editor\" data-id=\"0ad4e09\" data-element_type=\"widget\" data-e-type=\"widget\" data-settings=\"{&quot;_position&quot;:&quot;absolute&quot;}\" data-widget_type=\"text-editor.default\">\n\t\t\t\t<div class=\"elementor-widget-container\">\n\t\t\t\t\t\t\t\t\tVeranstaltung\t\t\t\t\t\t\t\t<\/div>\n\t\t\t\t<\/div>\n\t\t\t\t<\/div>\n\t\t\t\t\t<\/div>\n\t\t\t\t<\/div>\n\t\t\t\t<\/div>\n\t\t\t\t<div data-elementor-type=\"loop-item\" data-elementor-id=\"37613\" class=\"elementor elementor-37613 e-loop-item e-loop-item-37431 post-37431 post type-post status-publish format-standard has-post-thumbnail hentry category-veranstaltung tag-agroforst-guetesiegel tag-agroforstprodukte tag-alexander-saenn tag-bioagrikultur-strauss tag-fibl tag-ig-agroforst tag-juerg-strauss tag-universitaet-bayreuth tag-vermarktung tag-webinar\" data-elementor-post-type=\"elementor_library\" data-custom-edit-handle=\"1\">\n\t\t\t<div class=\"elementor-element elementor-element-c79cfe5 e-flex e-con-boxed e-con e-parent\" data-id=\"c79cfe5\" data-element_type=\"container\" data-e-type=\"container\">\n\t\t\t\t\t<div class=\"e-con-inner\">\n\t\t<div class=\"elementor-element elementor-element-64a3d73 e-con-full e-flex e-con e-child\" data-id=\"64a3d73\" data-element_type=\"container\" data-e-type=\"container\">\n\t\t\t\t<div class=\"elementor-element elementor-element-2e3812c elementor-widget__width-inherit elementor-widget elementor-widget-image\" data-id=\"2e3812c\" data-element_type=\"widget\" data-e-type=\"widget\" data-widget_type=\"image.default\">\n\t\t\t\t<div class=\"elementor-widget-container\">\n\t\t\t\t\t\t\t\t\t\t\t\t\t\t\t\t<a href=\"https:\/\/permakultur-landwirtschaft.org\/fr\/vermarktung-von-agroforstprodukten-webinar-am-27-januar-2026\/\">\n\t\t\t\t\t\t\t<img loading=\"lazy\" decoding=\"async\" width=\"700\" height=\"489\" src=\"https:\/\/permakultur-landwirtschaft.org\/wp-content\/uploads\/2025\/12\/strauss_hofladen_DSC02260.jpeg\" class=\"attachment-full size-full wp-image-37432\" alt=\"Bioagrikultur Strauss Hofladen\" srcset=\"https:\/\/permakultur-landwirtschaft.org\/wp-content\/uploads\/2025\/12\/strauss_hofladen_DSC02260.jpeg 700w, https:\/\/permakultur-landwirtschaft.org\/wp-content\/uploads\/2025\/12\/strauss_hofladen_DSC02260-300x210.jpeg 300w, https:\/\/permakultur-landwirtschaft.org\/wp-content\/uploads\/2025\/12\/strauss_hofladen_DSC02260-18x12.jpeg 18w\" sizes=\"(max-width: 700px) 100vw, 700px\" \/>\t\t\t\t\t\t\t\t<\/a>\n\t\t\t\t\t\t\t\t\t\t\t\t\t\t\t<\/div>\n\t\t\t\t<\/div>\n\t\t\t\t<div class=\"elementor-element elementor-element-65dfa9f elementor-widget elementor-widget-theme-post-title elementor-page-title elementor-widget-heading\" data-id=\"65dfa9f\" data-element_type=\"widget\" data-e-type=\"widget\" data-widget_type=\"theme-post-title.default\">\n\t\t\t\t<div class=\"elementor-widget-container\">\n\t\t\t\t\t<h3 class=\"elementor-heading-title elementor-size-default\"><a href=\"https:\/\/permakultur-landwirtschaft.org\/fr\/vermarktung-von-agroforstprodukten-webinar-am-27-januar-2026\/\">Vermarktung von Agroforstprodukten &#8211; Webinar am 27. Januar 2026<\/a><\/h3>\t\t\t\t<\/div>\n\t\t\t\t<\/div>\n\t\t\t\t<div class=\"elementor-element elementor-element-0ad4e09 elementor-absolute elementor-widget elementor-widget-text-editor\" data-id=\"0ad4e09\" data-element_type=\"widget\" data-e-type=\"widget\" data-settings=\"{&quot;_position&quot;:&quot;absolute&quot;}\" data-widget_type=\"text-editor.default\">\n\t\t\t\t<div class=\"elementor-widget-container\">\n\t\t\t\t\t\t\t\t\tVeranstaltung\t\t\t\t\t\t\t\t<\/div>\n\t\t\t\t<\/div>\n\t\t\t\t<\/div>\n\t\t\t\t\t<\/div>\n\t\t\t\t<\/div>\n\t\t\t\t<\/div>\n\t\t\t\t<div data-elementor-type=\"loop-item\" data-elementor-id=\"37613\" class=\"elementor elementor-37613 e-loop-item e-loop-item-37035 post-37035 post type-post status-publish format-standard has-post-thumbnail hentry category-veranstaltung tag-keyline tag-openspace tag-praktikerinnen tag-schloss-tempelhof tag-symposium tag-symposium-aufbauende-landwirtschaft\" data-elementor-post-type=\"elementor_library\" data-custom-edit-handle=\"1\">\n\t\t\t<div class=\"elementor-element elementor-element-c79cfe5 e-flex e-con-boxed e-con e-parent\" data-id=\"c79cfe5\" data-element_type=\"container\" data-e-type=\"container\">\n\t\t\t\t\t<div class=\"e-con-inner\">\n\t\t<div class=\"elementor-element elementor-element-64a3d73 e-con-full e-flex e-con e-child\" data-id=\"64a3d73\" data-element_type=\"container\" data-e-type=\"container\">\n\t\t\t\t<div class=\"elementor-element elementor-element-2e3812c elementor-widget__width-inherit elementor-widget elementor-widget-image\" data-id=\"2e3812c\" data-element_type=\"widget\" data-e-type=\"widget\" data-widget_type=\"image.default\">\n\t\t\t\t<div class=\"elementor-widget-container\">\n\t\t\t\t\t\t\t\t\t\t\t\t\t\t\t\t<a href=\"https:\/\/permakultur-landwirtschaft.org\/fr\/symposium-aufbauende-landwirtschaft-vom-23-bis-25-januar-2026\/\">\n\t\t\t\t\t\t\t<img loading=\"lazy\" decoding=\"async\" width=\"700\" height=\"237\" src=\"https:\/\/permakultur-landwirtschaft.org\/wp-content\/uploads\/2025\/09\/symposium_aufbauendeLW_2025-09-11_09-55-31.jpg\" class=\"attachment-full size-full wp-image-37036\" alt=\"Symposium Aufbauende-Landwirtschaft 2026\" srcset=\"https:\/\/permakultur-landwirtschaft.org\/wp-content\/uploads\/2025\/09\/symposium_aufbauendeLW_2025-09-11_09-55-31.jpg 700w, https:\/\/permakultur-landwirtschaft.org\/wp-content\/uploads\/2025\/09\/symposium_aufbauendeLW_2025-09-11_09-55-31-300x102.jpg 300w, https:\/\/permakultur-landwirtschaft.org\/wp-content\/uploads\/2025\/09\/symposium_aufbauendeLW_2025-09-11_09-55-31-18x6.jpg 18w\" sizes=\"(max-width: 700px) 100vw, 700px\" \/>\t\t\t\t\t\t\t\t<\/a>\n\t\t\t\t\t\t\t\t\t\t\t\t\t\t\t<\/div>\n\t\t\t\t<\/div>\n\t\t\t\t<div class=\"elementor-element elementor-element-65dfa9f elementor-widget elementor-widget-theme-post-title elementor-page-title elementor-widget-heading\" data-id=\"65dfa9f\" data-element_type=\"widget\" data-e-type=\"widget\" data-widget_type=\"theme-post-title.default\">\n\t\t\t\t<div class=\"elementor-widget-container\">\n\t\t\t\t\t<h3 class=\"elementor-heading-title elementor-size-default\"><a href=\"https:\/\/permakultur-landwirtschaft.org\/fr\/symposium-aufbauende-landwirtschaft-vom-23-bis-25-januar-2026\/\">Symposium \u00bbAufbauende Landwirtschaft\u00ab vom 23. bis 25. Januar 2026<\/a><\/h3>\t\t\t\t<\/div>\n\t\t\t\t<\/div>\n\t\t\t\t<div class=\"elementor-element elementor-element-0ad4e09 elementor-absolute elementor-widget elementor-widget-text-editor\" data-id=\"0ad4e09\" data-element_type=\"widget\" data-e-type=\"widget\" data-settings=\"{&quot;_position&quot;:&quot;absolute&quot;}\" data-widget_type=\"text-editor.default\">\n\t\t\t\t<div class=\"elementor-widget-container\">\n\t\t\t\t\t\t\t\t\tVeranstaltung\t\t\t\t\t\t\t\t<\/div>\n\t\t\t\t<\/div>\n\t\t\t\t<\/div>\n\t\t\t\t\t<\/div>\n\t\t\t\t<\/div>\n\t\t\t\t<\/div>\n\t\t\t\t<div data-elementor-type=\"loop-item\" data-elementor-id=\"37613\" class=\"elementor elementor-37613 e-loop-item e-loop-item-37307 post-37307 post type-post status-publish format-standard has-post-thumbnail hentry category-veranstaltung tag-anlass tag-inforama tag-katja-degonda tag-keyline tag-online tag-wassermanagement\" data-elementor-post-type=\"elementor_library\" data-custom-edit-handle=\"1\">\n\t\t\t<div class=\"elementor-element elementor-element-c79cfe5 e-flex e-con-boxed e-con e-parent\" data-id=\"c79cfe5\" data-element_type=\"container\" data-e-type=\"container\">\n\t\t\t\t\t<div class=\"e-con-inner\">\n\t\t<div class=\"elementor-element elementor-element-64a3d73 e-con-full e-flex e-con e-child\" data-id=\"64a3d73\" data-element_type=\"container\" data-e-type=\"container\">\n\t\t\t\t<div class=\"elementor-element elementor-element-2e3812c elementor-widget__width-inherit elementor-widget elementor-widget-image\" data-id=\"2e3812c\" data-element_type=\"widget\" data-e-type=\"widget\" data-widget_type=\"image.default\">\n\t\t\t\t<div class=\"elementor-widget-container\">\n\t\t\t\t\t\t\t\t\t\t\t\t\t\t\t\t<a href=\"https:\/\/permakultur-landwirtschaft.org\/fr\/wassermanagement-mit-keyline-system-anlass-am-18-dezember-2025\/\">\n\t\t\t\t\t\t\t<img loading=\"lazy\" decoding=\"async\" width=\"700\" height=\"394\" src=\"https:\/\/permakultur-landwirtschaft.org\/wp-content\/uploads\/2023\/04\/Thomas-Alfoeldi_FiBL_Keyline_Agroforst_Minga_-biomedialibrary-16_lowhof-aebletenklein.jpg\" class=\"attachment-full size-full wp-image-36087\" alt=\"Keyline Agroforst Minga vo Meile\" srcset=\"https:\/\/permakultur-landwirtschaft.org\/wp-content\/uploads\/2023\/04\/Thomas-Alfoeldi_FiBL_Keyline_Agroforst_Minga_-biomedialibrary-16_lowhof-aebletenklein.jpg 700w, https:\/\/permakultur-landwirtschaft.org\/wp-content\/uploads\/2023\/04\/Thomas-Alfoeldi_FiBL_Keyline_Agroforst_Minga_-biomedialibrary-16_lowhof-aebletenklein-300x169.jpg 300w, https:\/\/permakultur-landwirtschaft.org\/wp-content\/uploads\/2023\/04\/Thomas-Alfoeldi_FiBL_Keyline_Agroforst_Minga_-biomedialibrary-16_lowhof-aebletenklein-18x10.jpg 18w\" sizes=\"(max-width: 700px) 100vw, 700px\" \/>\t\t\t\t\t\t\t\t<\/a>\n\t\t\t\t\t\t\t\t\t\t\t\t\t\t\t<\/div>\n\t\t\t\t<\/div>\n\t\t\t\t<div class=\"elementor-element elementor-element-65dfa9f elementor-widget elementor-widget-theme-post-title elementor-page-title elementor-widget-heading\" data-id=\"65dfa9f\" data-element_type=\"widget\" data-e-type=\"widget\" data-widget_type=\"theme-post-title.default\">\n\t\t\t\t<div class=\"elementor-widget-container\">\n\t\t\t\t\t<h3 class=\"elementor-heading-title elementor-size-default\"><a href=\"https:\/\/permakultur-landwirtschaft.org\/fr\/wassermanagement-mit-keyline-system-anlass-am-18-dezember-2025\/\">Wassermanagement mit Keyline System &#8211; Anlass am 18. Dezember 2025<\/a><\/h3>\t\t\t\t<\/div>\n\t\t\t\t<\/div>\n\t\t\t\t<div class=\"elementor-element elementor-element-0ad4e09 elementor-absolute elementor-widget elementor-widget-text-editor\" data-id=\"0ad4e09\" data-element_type=\"widget\" data-e-type=\"widget\" data-settings=\"{&quot;_position&quot;:&quot;absolute&quot;}\" data-widget_type=\"text-editor.default\">\n\t\t\t\t<div class=\"elementor-widget-container\">\n\t\t\t\t\t\t\t\t\tVeranstaltung\t\t\t\t\t\t\t\t<\/div>\n\t\t\t\t<\/div>\n\t\t\t\t<\/div>\n\t\t\t\t\t<\/div>\n\t\t\t\t<\/div>\n\t\t\t\t<\/div>\n\t\t\t\t<div data-elementor-type=\"loop-item\" data-elementor-id=\"37613\" class=\"elementor elementor-37613 e-loop-item e-loop-item-36102 post-36102 post type-post status-publish format-standard has-post-thumbnail hentry category-veranstaltung tag-esskultur tag-graubuenden tag-klimagipfel tag-landwirtschaft tag-prix-climat\" data-elementor-post-type=\"elementor_library\" data-custom-edit-handle=\"1\">\n\t\t\t<div class=\"elementor-element elementor-element-c79cfe5 e-flex e-con-boxed e-con e-parent\" data-id=\"c79cfe5\" data-element_type=\"container\" data-e-type=\"container\">\n\t\t\t\t\t<div class=\"e-con-inner\">\n\t\t<div class=\"elementor-element elementor-element-64a3d73 e-con-full e-flex e-con e-child\" data-id=\"64a3d73\" data-element_type=\"container\" data-e-type=\"container\">\n\t\t\t\t<div class=\"elementor-element elementor-element-2e3812c elementor-widget__width-inherit elementor-widget elementor-widget-image\" data-id=\"2e3812c\" data-element_type=\"widget\" data-e-type=\"widget\" data-widget_type=\"image.default\">\n\t\t\t\t<div class=\"elementor-widget-container\">\n\t\t\t\t\t\t\t\t\t\t\t\t\t\t\t\t<a href=\"https:\/\/permakultur-landwirtschaft.org\/fr\/klimagipfel-fuer-landwirtschaft-und-esskultur-am-28-und-29-november-2025\/\">\n\t\t\t\t\t\t\t<img loading=\"lazy\" decoding=\"async\" width=\"700\" height=\"393\" src=\"https:\/\/permakultur-landwirtschaft.org\/wp-content\/uploads\/2025\/03\/klimagipfel2025_2025-03-27_09-11-33.jpg\" class=\"attachment-full size-full wp-image-36103\" alt=\"Klimagipfel 2025\" srcset=\"https:\/\/permakultur-landwirtschaft.org\/wp-content\/uploads\/2025\/03\/klimagipfel2025_2025-03-27_09-11-33.jpg 700w, https:\/\/permakultur-landwirtschaft.org\/wp-content\/uploads\/2025\/03\/klimagipfel2025_2025-03-27_09-11-33-300x168.jpg 300w, https:\/\/permakultur-landwirtschaft.org\/wp-content\/uploads\/2025\/03\/klimagipfel2025_2025-03-27_09-11-33-18x10.jpg 18w\" sizes=\"(max-width: 700px) 100vw, 700px\" \/>\t\t\t\t\t\t\t\t<\/a>\n\t\t\t\t\t\t\t\t\t\t\t\t\t\t\t<\/div>\n\t\t\t\t<\/div>\n\t\t\t\t<div class=\"elementor-element elementor-element-65dfa9f elementor-widget elementor-widget-theme-post-title elementor-page-title elementor-widget-heading\" data-id=\"65dfa9f\" data-element_type=\"widget\" data-e-type=\"widget\" data-widget_type=\"theme-post-title.default\">\n\t\t\t\t<div class=\"elementor-widget-container\">\n\t\t\t\t\t<h3 class=\"elementor-heading-title elementor-size-default\"><a href=\"https:\/\/permakultur-landwirtschaft.org\/fr\/klimagipfel-fuer-landwirtschaft-und-esskultur-am-28-und-29-november-2025\/\">Klimagipfel f\u00fcr Landwirtschaft und Esskultur am 28. und 29. November 2025<\/a><\/h3>\t\t\t\t<\/div>\n\t\t\t\t<\/div>\n\t\t\t\t<div class=\"elementor-element elementor-element-0ad4e09 elementor-absolute elementor-widget elementor-widget-text-editor\" data-id=\"0ad4e09\" data-element_type=\"widget\" data-e-type=\"widget\" data-settings=\"{&quot;_position&quot;:&quot;absolute&quot;}\" data-widget_type=\"text-editor.default\">\n\t\t\t\t<div class=\"elementor-widget-container\">\n\t\t\t\t\t\t\t\t\tVeranstaltung\t\t\t\t\t\t\t\t<\/div>\n\t\t\t\t<\/div>\n\t\t\t\t<\/div>\n\t\t\t\t\t<\/div>\n\t\t\t\t<\/div>\n\t\t\t\t<\/div>\n\t\t\t\t<div data-elementor-type=\"loop-item\" data-elementor-id=\"37613\" class=\"elementor elementor-37613 e-loop-item e-loop-item-37359 post-37359 post type-post status-publish format-standard has-post-thumbnail hentry category-veranstaltung tag-gunzwil tag-humusaufbau tag-martin-schmid tag-pflanzenkohle tag-positiver-einfluss tag-querbeet tag-ressourcen-schaffen tag-vortrag\" data-elementor-post-type=\"elementor_library\" data-custom-edit-handle=\"1\">\n\t\t\t<div class=\"elementor-element elementor-element-c79cfe5 e-flex e-con-boxed e-con e-parent\" data-id=\"c79cfe5\" data-element_type=\"container\" data-e-type=\"container\">\n\t\t\t\t\t<div class=\"e-con-inner\">\n\t\t<div class=\"elementor-element elementor-element-64a3d73 e-con-full e-flex e-con e-child\" data-id=\"64a3d73\" data-element_type=\"container\" data-e-type=\"container\">\n\t\t\t\t<div class=\"elementor-element elementor-element-2e3812c elementor-widget__width-inherit elementor-widget elementor-widget-image\" data-id=\"2e3812c\" data-element_type=\"widget\" data-e-type=\"widget\" data-widget_type=\"image.default\">\n\t\t\t\t<div class=\"elementor-widget-container\">\n\t\t\t\t\t\t\t\t\t\t\t\t\t\t\t\t<a href=\"https:\/\/permakultur-landwirtschaft.org\/fr\/positiver-einfluss-am-beispiel-pflanzenkohle-und-humusaufbau-vortrag-am-28-november-2025\/\">\n\t\t\t\t\t\t\t<img loading=\"lazy\" decoding=\"async\" width=\"700\" height=\"437\" src=\"https:\/\/permakultur-landwirtschaft.org\/wp-content\/uploads\/2025\/11\/Wald_gross-1080x675-1.png\" class=\"attachment-full size-full wp-image-37360\" alt=\"Wald\" srcset=\"https:\/\/permakultur-landwirtschaft.org\/wp-content\/uploads\/2025\/11\/Wald_gross-1080x675-1.png 700w, https:\/\/permakultur-landwirtschaft.org\/wp-content\/uploads\/2025\/11\/Wald_gross-1080x675-1-300x187.png 300w, https:\/\/permakultur-landwirtschaft.org\/wp-content\/uploads\/2025\/11\/Wald_gross-1080x675-1-18x12.png 18w\" sizes=\"(max-width: 700px) 100vw, 700px\" \/>\t\t\t\t\t\t\t\t<\/a>\n\t\t\t\t\t\t\t\t\t\t\t\t\t\t\t<\/div>\n\t\t\t\t<\/div>\n\t\t\t\t<div class=\"elementor-element elementor-element-65dfa9f elementor-widget elementor-widget-theme-post-title elementor-page-title elementor-widget-heading\" data-id=\"65dfa9f\" data-element_type=\"widget\" data-e-type=\"widget\" data-widget_type=\"theme-post-title.default\">\n\t\t\t\t<div class=\"elementor-widget-container\">\n\t\t\t\t\t<h3 class=\"elementor-heading-title elementor-size-default\"><a href=\"https:\/\/permakultur-landwirtschaft.org\/fr\/positiver-einfluss-am-beispiel-pflanzenkohle-und-humusaufbau-vortrag-am-28-november-2025\/\">Positiver Einfluss am Beispiel Pflanzenkohle und Humusaufbau &#8211; Vortrag am 28. November 2025<\/a><\/h3>\t\t\t\t<\/div>\n\t\t\t\t<\/div>\n\t\t\t\t<div class=\"elementor-element elementor-element-0ad4e09 elementor-absolute elementor-widget elementor-widget-text-editor\" data-id=\"0ad4e09\" data-element_type=\"widget\" data-e-type=\"widget\" data-settings=\"{&quot;_position&quot;:&quot;absolute&quot;}\" data-widget_type=\"text-editor.default\">\n\t\t\t\t<div class=\"elementor-widget-container\">\n\t\t\t\t\t\t\t\t\tVeranstaltung\t\t\t\t\t\t\t\t<\/div>\n\t\t\t\t<\/div>\n\t\t\t\t<\/div>\n\t\t\t\t\t<\/div>\n\t\t\t\t<\/div>\n\t\t\t\t<\/div>\n\t\t\t\t<div data-elementor-type=\"loop-item\" data-elementor-id=\"37613\" class=\"elementor elementor-37613 e-loop-item e-loop-item-37362 post-37362 post type-post status-publish format-standard has-post-thumbnail hentry category-veranstaltung tag-agroforst tag-bioaktuell tag-fibl tag-hof-verde tag-lilly-schmidtlein tag-syntropische-landwirtschaft tag-webinar\" data-elementor-post-type=\"elementor_library\" data-custom-edit-handle=\"1\">\n\t\t\t<div class=\"elementor-element elementor-element-c79cfe5 e-flex e-con-boxed e-con e-parent\" data-id=\"c79cfe5\" data-element_type=\"container\" data-e-type=\"container\">\n\t\t\t\t\t<div class=\"e-con-inner\">\n\t\t<div class=\"elementor-element elementor-element-64a3d73 e-con-full e-flex e-con e-child\" data-id=\"64a3d73\" data-element_type=\"container\" data-e-type=\"container\">\n\t\t\t\t<div class=\"elementor-element elementor-element-2e3812c elementor-widget__width-inherit elementor-widget elementor-widget-image\" data-id=\"2e3812c\" data-element_type=\"widget\" data-e-type=\"widget\" data-widget_type=\"image.default\">\n\t\t\t\t<div class=\"elementor-widget-container\">\n\t\t\t\t\t\t\t\t\t\t\t\t\t\t\t\t<a href=\"https:\/\/permakultur-landwirtschaft.org\/fr\/syntropische-agroforstwirtschaft-in-europa-webinar-vom-27-november-2025\/\">\n\t\t\t\t\t\t\t<img loading=\"lazy\" decoding=\"async\" width=\"700\" height=\"466\" src=\"https:\/\/permakultur-landwirtschaft.org\/wp-content\/uploads\/2025\/09\/csm_SyntropischeLW_Agraroekosystem_PublikationJacobi2025_240a66dd73.jpg\" class=\"attachment-full size-full wp-image-37030\" alt=\"Syntropische Landwirtschaft\" srcset=\"https:\/\/permakultur-landwirtschaft.org\/wp-content\/uploads\/2025\/09\/csm_SyntropischeLW_Agraroekosystem_PublikationJacobi2025_240a66dd73.jpg 700w, https:\/\/permakultur-landwirtschaft.org\/wp-content\/uploads\/2025\/09\/csm_SyntropischeLW_Agraroekosystem_PublikationJacobi2025_240a66dd73-300x200.jpg 300w, https:\/\/permakultur-landwirtschaft.org\/wp-content\/uploads\/2025\/09\/csm_SyntropischeLW_Agraroekosystem_PublikationJacobi2025_240a66dd73-18x12.jpg 18w\" sizes=\"(max-width: 700px) 100vw, 700px\" \/>\t\t\t\t\t\t\t\t<\/a>\n\t\t\t\t\t\t\t\t\t\t\t\t\t\t\t<\/div>\n\t\t\t\t<\/div>\n\t\t\t\t<div class=\"elementor-element elementor-element-65dfa9f elementor-widget elementor-widget-theme-post-title elementor-page-title elementor-widget-heading\" data-id=\"65dfa9f\" data-element_type=\"widget\" data-e-type=\"widget\" data-widget_type=\"theme-post-title.default\">\n\t\t\t\t<div class=\"elementor-widget-container\">\n\t\t\t\t\t<h3 class=\"elementor-heading-title elementor-size-default\"><a href=\"https:\/\/permakultur-landwirtschaft.org\/fr\/syntropische-agroforstwirtschaft-in-europa-webinar-vom-27-november-2025\/\">Syntropische Agroforstwirtschaft in Europa &#8211; Webinar vom 27. November 2025<\/a><\/h3>\t\t\t\t<\/div>\n\t\t\t\t<\/div>\n\t\t\t\t<div class=\"elementor-element elementor-element-0ad4e09 elementor-absolute elementor-widget elementor-widget-text-editor\" data-id=\"0ad4e09\" data-element_type=\"widget\" data-e-type=\"widget\" data-settings=\"{&quot;_position&quot;:&quot;absolute&quot;}\" data-widget_type=\"text-editor.default\">\n\t\t\t\t<div class=\"elementor-widget-container\">\n\t\t\t\t\t\t\t\t\tVeranstaltung\t\t\t\t\t\t\t\t<\/div>\n\t\t\t\t<\/div>\n\t\t\t\t<\/div>\n\t\t\t\t\t<\/div>\n\t\t\t\t<\/div>\n\t\t\t\t<\/div>\n\t\t\t\t<div data-elementor-type=\"loop-item\" data-elementor-id=\"37613\" class=\"elementor elementor-37613 e-loop-item e-loop-item-37305 post-37305 post type-post status-publish format-standard has-post-thumbnail hentry category-veranstaltung tag-agroforst tag-inforama tag-johanna-schoop tag-online\" data-elementor-post-type=\"elementor_library\" data-custom-edit-handle=\"1\">\n\t\t\t<div class=\"elementor-element elementor-element-c79cfe5 e-flex e-con-boxed e-con e-parent\" data-id=\"c79cfe5\" data-element_type=\"container\" data-e-type=\"container\">\n\t\t\t\t\t<div class=\"e-con-inner\">\n\t\t<div class=\"elementor-element elementor-element-64a3d73 e-con-full e-flex e-con e-child\" data-id=\"64a3d73\" data-element_type=\"container\" data-e-type=\"container\">\n\t\t\t\t<div class=\"elementor-element elementor-element-2e3812c elementor-widget__width-inherit elementor-widget elementor-widget-image\" data-id=\"2e3812c\" data-element_type=\"widget\" data-e-type=\"widget\" data-widget_type=\"image.default\">\n\t\t\t\t<div class=\"elementor-widget-container\">\n\t\t\t\t\t\t\t\t\t\t\t\t\t\t\t\t<a href=\"https:\/\/permakultur-landwirtschaft.org\/fr\/moderne-agroforstsysteme-in-der-schweiz-anlass-am-25-november-2025\/\">\n\t\t\t\t\t\t\t<img loading=\"lazy\" decoding=\"async\" width=\"700\" height=\"462\" src=\"https:\/\/permakultur-landwirtschaft.org\/wp-content\/uploads\/2023\/04\/Agroforst-auf-dem-Eulenhof-3_small.jpg\" class=\"attachment-full size-full wp-image-34695\" alt=\"\" srcset=\"https:\/\/permakultur-landwirtschaft.org\/wp-content\/uploads\/2023\/04\/Agroforst-auf-dem-Eulenhof-3_small.jpg 700w, https:\/\/permakultur-landwirtschaft.org\/wp-content\/uploads\/2023\/04\/Agroforst-auf-dem-Eulenhof-3_small-300x198.jpg 300w\" sizes=\"(max-width: 700px) 100vw, 700px\" \/>\t\t\t\t\t\t\t\t<\/a>\n\t\t\t\t\t\t\t\t\t\t\t\t\t\t\t<\/div>\n\t\t\t\t<\/div>\n\t\t\t\t<div class=\"elementor-element elementor-element-65dfa9f elementor-widget elementor-widget-theme-post-title elementor-page-title elementor-widget-heading\" data-id=\"65dfa9f\" data-element_type=\"widget\" data-e-type=\"widget\" data-widget_type=\"theme-post-title.default\">\n\t\t\t\t<div class=\"elementor-widget-container\">\n\t\t\t\t\t<h3 class=\"elementor-heading-title elementor-size-default\"><a href=\"https:\/\/permakultur-landwirtschaft.org\/fr\/moderne-agroforstsysteme-in-der-schweiz-anlass-am-25-november-2025\/\">Moderne Agroforstsysteme in der Schweiz &#8211; Anlass am 25. November 2025<\/a><\/h3>\t\t\t\t<\/div>\n\t\t\t\t<\/div>\n\t\t\t\t<div class=\"elementor-element elementor-element-0ad4e09 elementor-absolute elementor-widget elementor-widget-text-editor\" data-id=\"0ad4e09\" data-element_type=\"widget\" data-e-type=\"widget\" data-settings=\"{&quot;_position&quot;:&quot;absolute&quot;}\" data-widget_type=\"text-editor.default\">\n\t\t\t\t<div class=\"elementor-widget-container\">\n\t\t\t\t\t\t\t\t\tVeranstaltung\t\t\t\t\t\t\t\t<\/div>\n\t\t\t\t<\/div>\n\t\t\t\t<\/div>\n\t\t\t\t\t<\/div>\n\t\t\t\t<\/div>\n\t\t\t\t<\/div>\n\t\t\t\t<div data-elementor-type=\"loop-item\" data-elementor-id=\"37613\" class=\"elementor elementor-37613 e-loop-item e-loop-item-37254 post-37254 post type-post status-publish format-standard has-post-thumbnail hentry category-veranstaltung tag-beratung tag-bfh-hafl tag-dario-principi tag-hof-aebleten tag-ivo-hutzli tag-knechtle-permakultur tag-kostenlos tag-lukas-van-puijenbroek tag-nicole-knechtle tag-online-veranstaltung tag-permakultur-landwirtschaft\" data-elementor-post-type=\"elementor_library\" data-custom-edit-handle=\"1\">\n\t\t\t<div class=\"elementor-element elementor-element-c79cfe5 e-flex e-con-boxed e-con e-parent\" data-id=\"c79cfe5\" data-element_type=\"container\" data-e-type=\"container\">\n\t\t\t\t\t<div class=\"e-con-inner\">\n\t\t<div class=\"elementor-element elementor-element-64a3d73 e-con-full e-flex e-con e-child\" data-id=\"64a3d73\" data-element_type=\"container\" data-e-type=\"container\">\n\t\t\t\t<div class=\"elementor-element elementor-element-2e3812c elementor-widget__width-inherit elementor-widget elementor-widget-image\" data-id=\"2e3812c\" data-element_type=\"widget\" data-e-type=\"widget\" data-widget_type=\"image.default\">\n\t\t\t\t<div class=\"elementor-widget-container\">\n\t\t\t\t\t\t\t\t\t\t\t\t\t\t\t\t<a href=\"https:\/\/permakultur-landwirtschaft.org\/fr\/landwirtschaftliche-beratende-permakultur-wirtschaftlich-denken-vermarktung-und-finanzierung-online-veranstaltung-am-12-november-2025\/\">\n\t\t\t\t\t\t\t<img loading=\"lazy\" decoding=\"async\" width=\"700\" height=\"395\" src=\"https:\/\/permakultur-landwirtschaft.org\/wp-content\/uploads\/2025\/10\/202510_permakultur_beratung_0a22df95-7eca-4acb-a968-ac788c1ea18a.jpg\" class=\"attachment-full size-full wp-image-37255\" alt=\"Permakultur Beratung\" srcset=\"https:\/\/permakultur-landwirtschaft.org\/wp-content\/uploads\/2025\/10\/202510_permakultur_beratung_0a22df95-7eca-4acb-a968-ac788c1ea18a.jpg 700w, https:\/\/permakultur-landwirtschaft.org\/wp-content\/uploads\/2025\/10\/202510_permakultur_beratung_0a22df95-7eca-4acb-a968-ac788c1ea18a-300x169.jpg 300w, https:\/\/permakultur-landwirtschaft.org\/wp-content\/uploads\/2025\/10\/202510_permakultur_beratung_0a22df95-7eca-4acb-a968-ac788c1ea18a-18x10.jpg 18w\" sizes=\"(max-width: 700px) 100vw, 700px\" \/>\t\t\t\t\t\t\t\t<\/a>\n\t\t\t\t\t\t\t\t\t\t\t\t\t\t\t<\/div>\n\t\t\t\t<\/div>\n\t\t\t\t<div class=\"elementor-element elementor-element-65dfa9f elementor-widget elementor-widget-theme-post-title elementor-page-title elementor-widget-heading\" data-id=\"65dfa9f\" data-element_type=\"widget\" data-e-type=\"widget\" data-widget_type=\"theme-post-title.default\">\n\t\t\t\t<div class=\"elementor-widget-container\">\n\t\t\t\t\t<h3 class=\"elementor-heading-title elementor-size-default\"><a href=\"https:\/\/permakultur-landwirtschaft.org\/fr\/landwirtschaftliche-beratende-permakultur-wirtschaftlich-denken-vermarktung-und-finanzierung-online-veranstaltung-am-12-november-2025\/\">Landwirtschaftliche Beratende Permakultur wirtschaftlich denken \u2013 Vermarktung und Finanzierung &#8211; Online-Veranstaltung am 12. November 2025<\/a><\/h3>\t\t\t\t<\/div>\n\t\t\t\t<\/div>\n\t\t\t\t<div class=\"elementor-element elementor-element-0ad4e09 elementor-absolute elementor-widget elementor-widget-text-editor\" data-id=\"0ad4e09\" data-element_type=\"widget\" data-e-type=\"widget\" data-settings=\"{&quot;_position&quot;:&quot;absolute&quot;}\" data-widget_type=\"text-editor.default\">\n\t\t\t\t<div class=\"elementor-widget-container\">\n\t\t\t\t\t\t\t\t\tVeranstaltung\t\t\t\t\t\t\t\t<\/div>\n\t\t\t\t<\/div>\n\t\t\t\t<\/div>\n\t\t\t\t\t<\/div>\n\t\t\t\t<\/div>\n\t\t\t\t<\/div>\n\t\t\t\t<div data-elementor-type=\"loop-item\" data-elementor-id=\"37613\" class=\"elementor elementor-37613 e-loop-item e-loop-item-37135 post-37135 post type-post status-publish format-standard has-post-thumbnail hentry category-veranstaltung tag-agroforesterie tag-domaine-de-crevy tag-formation tag-grangeneuve-conseils\" data-elementor-post-type=\"elementor_library\" data-custom-edit-handle=\"1\">\n\t\t\t<div class=\"elementor-element elementor-element-c79cfe5 e-flex e-con-boxed e-con e-parent\" data-id=\"c79cfe5\" data-element_type=\"container\" data-e-type=\"container\">\n\t\t\t\t\t<div class=\"e-con-inner\">\n\t\t<div class=\"elementor-element elementor-element-64a3d73 e-con-full e-flex e-con e-child\" data-id=\"64a3d73\" data-element_type=\"container\" data-e-type=\"container\">\n\t\t\t\t<div class=\"elementor-element elementor-element-2e3812c elementor-widget__width-inherit elementor-widget elementor-widget-image\" data-id=\"2e3812c\" data-element_type=\"widget\" data-e-type=\"widget\" data-widget_type=\"image.default\">\n\t\t\t\t<div class=\"elementor-widget-container\">\n\t\t\t\t\t\t\t\t\t\t\t\t\t\t\t\t<a href=\"https:\/\/permakultur-landwirtschaft.org\/fr\/agroforesterie-focus-sur-linterpretation-du-paysage-pour-optimiser-la-retention-de-leau-formation-le-11-novembre-2025\/\">\n\t\t\t\t\t\t\t<img loading=\"lazy\" decoding=\"async\" width=\"700\" height=\"393\" src=\"https:\/\/permakultur-landwirtschaft.org\/wp-content\/uploads\/2025\/09\/2025_Domaine_de_Crevy_ic_large_w900h600q100_lully-agridea.jpg\" class=\"attachment-full size-full wp-image-37136\" alt=\"Domaine de Cr\u00e9vy\" srcset=\"https:\/\/permakultur-landwirtschaft.org\/wp-content\/uploads\/2025\/09\/2025_Domaine_de_Crevy_ic_large_w900h600q100_lully-agridea.jpg 700w, https:\/\/permakultur-landwirtschaft.org\/wp-content\/uploads\/2025\/09\/2025_Domaine_de_Crevy_ic_large_w900h600q100_lully-agridea-300x168.jpg 300w, https:\/\/permakultur-landwirtschaft.org\/wp-content\/uploads\/2025\/09\/2025_Domaine_de_Crevy_ic_large_w900h600q100_lully-agridea-18x10.jpg 18w\" sizes=\"(max-width: 700px) 100vw, 700px\" \/>\t\t\t\t\t\t\t\t<\/a>\n\t\t\t\t\t\t\t\t\t\t\t\t\t\t\t<\/div>\n\t\t\t\t<\/div>\n\t\t\t\t<div class=\"elementor-element elementor-element-65dfa9f elementor-widget elementor-widget-theme-post-title elementor-page-title elementor-widget-heading\" data-id=\"65dfa9f\" data-element_type=\"widget\" data-e-type=\"widget\" data-widget_type=\"theme-post-title.default\">\n\t\t\t\t<div class=\"elementor-widget-container\">\n\t\t\t\t\t<h3 class=\"elementor-heading-title elementor-size-default\"><a href=\"https:\/\/permakultur-landwirtschaft.org\/fr\/agroforesterie-focus-sur-linterpretation-du-paysage-pour-optimiser-la-retention-de-leau-formation-le-11-novembre-2025\/\">Agroforesterie &#8211; Focus sur l&#8217;interpr\u00e9tation du paysage pour optimiser la r\u00e9tention de l&#8217;eau &#8211; Formation le 11 novembre 2025<\/a><\/h3>\t\t\t\t<\/div>\n\t\t\t\t<\/div>\n\t\t\t\t<div class=\"elementor-element elementor-element-0ad4e09 elementor-absolute elementor-widget elementor-widget-text-editor\" data-id=\"0ad4e09\" data-element_type=\"widget\" data-e-type=\"widget\" data-settings=\"{&quot;_position&quot;:&quot;absolute&quot;}\" data-widget_type=\"text-editor.default\">\n\t\t\t\t<div class=\"elementor-widget-container\">\n\t\t\t\t\t\t\t\t\tVeranstaltung\t\t\t\t\t\t\t\t<\/div>\n\t\t\t\t<\/div>\n\t\t\t\t<\/div>\n\t\t\t\t\t<\/div>\n\t\t\t\t<\/div>\n\t\t\t\t<\/div>\n\t\t\t\t<div data-elementor-type=\"loop-item\" data-elementor-id=\"37613\" class=\"elementor elementor-37613 e-loop-item e-loop-item-37148 post-37148 post type-post status-publish format-standard has-post-thumbnail hentry category-veranstaltung tag-charnet tag-fibl tag-pflanzenkohle tag-pyronet tag-schluechthof tag-verora tag-zug\" data-elementor-post-type=\"elementor_library\" data-custom-edit-handle=\"1\">\n\t\t\t<div class=\"elementor-element elementor-element-c79cfe5 e-flex e-con-boxed e-con e-parent\" data-id=\"c79cfe5\" data-element_type=\"container\" data-e-type=\"container\">\n\t\t\t\t\t<div class=\"e-con-inner\">\n\t\t<div class=\"elementor-element elementor-element-64a3d73 e-con-full e-flex e-con e-child\" data-id=\"64a3d73\" data-element_type=\"container\" data-e-type=\"container\">\n\t\t\t\t<div class=\"elementor-element elementor-element-2e3812c elementor-widget__width-inherit elementor-widget elementor-widget-image\" data-id=\"2e3812c\" data-element_type=\"widget\" data-e-type=\"widget\" data-widget_type=\"image.default\">\n\t\t\t\t<div class=\"elementor-widget-container\">\n\t\t\t\t\t\t\t\t\t\t\t\t\t\t\t\t<a href=\"https:\/\/permakultur-landwirtschaft.org\/fr\/einsatz-von-pflanzenkohle-in-der-landwirtschaft-veranstaltung-am-10-november-2025\/\">\n\t\t\t\t\t\t\t<img loading=\"lazy\" decoding=\"async\" width=\"701\" height=\"404\" src=\"https:\/\/permakultur-landwirtschaft.org\/wp-content\/uploads\/2025\/09\/pflanzenkohle_schluechhof_2025-09-23_10-50-27.jpg\" class=\"attachment-full size-full wp-image-37149\" alt=\"Pflanzenkohle Schluechthof\" srcset=\"https:\/\/permakultur-landwirtschaft.org\/wp-content\/uploads\/2025\/09\/pflanzenkohle_schluechhof_2025-09-23_10-50-27.jpg 701w, https:\/\/permakultur-landwirtschaft.org\/wp-content\/uploads\/2025\/09\/pflanzenkohle_schluechhof_2025-09-23_10-50-27-300x173.jpg 300w, https:\/\/permakultur-landwirtschaft.org\/wp-content\/uploads\/2025\/09\/pflanzenkohle_schluechhof_2025-09-23_10-50-27-18x10.jpg 18w\" sizes=\"(max-width: 701px) 100vw, 701px\" \/>\t\t\t\t\t\t\t\t<\/a>\n\t\t\t\t\t\t\t\t\t\t\t\t\t\t\t<\/div>\n\t\t\t\t<\/div>\n\t\t\t\t<div class=\"elementor-element elementor-element-65dfa9f elementor-widget elementor-widget-theme-post-title elementor-page-title elementor-widget-heading\" data-id=\"65dfa9f\" data-element_type=\"widget\" data-e-type=\"widget\" data-widget_type=\"theme-post-title.default\">\n\t\t\t\t<div class=\"elementor-widget-container\">\n\t\t\t\t\t<h3 class=\"elementor-heading-title elementor-size-default\"><a href=\"https:\/\/permakultur-landwirtschaft.org\/fr\/einsatz-von-pflanzenkohle-in-der-landwirtschaft-veranstaltung-am-10-november-2025\/\">Einsatz von Pflanzenkohle in der Landwirtschaft &#8211; Veranstaltung am 10. November 2025<\/a><\/h3>\t\t\t\t<\/div>\n\t\t\t\t<\/div>\n\t\t\t\t<div class=\"elementor-element elementor-element-0ad4e09 elementor-absolute elementor-widget elementor-widget-text-editor\" data-id=\"0ad4e09\" data-element_type=\"widget\" data-e-type=\"widget\" data-settings=\"{&quot;_position&quot;:&quot;absolute&quot;}\" data-widget_type=\"text-editor.default\">\n\t\t\t\t<div class=\"elementor-widget-container\">\n\t\t\t\t\t\t\t\t\tVeranstaltung\t\t\t\t\t\t\t\t<\/div>\n\t\t\t\t<\/div>\n\t\t\t\t<\/div>\n\t\t\t\t\t<\/div>\n\t\t\t\t<\/div>\n\t\t\t\t<\/div>\n\t\t\t\t<div data-elementor-type=\"loop-item\" data-elementor-id=\"37613\" class=\"elementor elementor-37613 e-loop-item e-loop-item-36549 post-36549 post type-post status-publish format-standard has-post-thumbnail hentry category-veranstaltung tag-kurs tag-pdc tag-permakultur tag-permakultur-design-kurs tag-sarah-daum tag-schweibenalp\" data-elementor-post-type=\"elementor_library\" data-custom-edit-handle=\"1\">\n\t\t\t<div class=\"elementor-element elementor-element-c79cfe5 e-flex e-con-boxed e-con e-parent\" data-id=\"c79cfe5\" data-element_type=\"container\" data-e-type=\"container\">\n\t\t\t\t\t<div class=\"e-con-inner\">\n\t\t<div class=\"elementor-element elementor-element-64a3d73 e-con-full e-flex e-con e-child\" data-id=\"64a3d73\" data-element_type=\"container\" data-e-type=\"container\">\n\t\t\t\t<div class=\"elementor-element elementor-element-2e3812c elementor-widget__width-inherit elementor-widget elementor-widget-image\" data-id=\"2e3812c\" data-element_type=\"widget\" data-e-type=\"widget\" data-widget_type=\"image.default\">\n\t\t\t\t<div class=\"elementor-widget-container\">\n\t\t\t\t\t\t\t\t\t\t\t\t\t\t\t\t<a href=\"https:\/\/permakultur-landwirtschaft.org\/fr\/permaculture-design-course-mit-leadership-training-vom-25-september-bis-09-november-2025\/\">\n\t\t\t\t\t\t\t<img loading=\"lazy\" decoding=\"async\" width=\"700\" height=\"393\" src=\"https:\/\/permakultur-landwirtschaft.org\/wp-content\/uploads\/2025\/05\/20250519_pdc_schweibenalp_25-205.jpg\" class=\"attachment-full size-full wp-image-36550\" alt=\"Permaculture Design Course Schweibenalp\" srcset=\"https:\/\/permakultur-landwirtschaft.org\/wp-content\/uploads\/2025\/05\/20250519_pdc_schweibenalp_25-205.jpg 700w, https:\/\/permakultur-landwirtschaft.org\/wp-content\/uploads\/2025\/05\/20250519_pdc_schweibenalp_25-205-300x168.jpg 300w, https:\/\/permakultur-landwirtschaft.org\/wp-content\/uploads\/2025\/05\/20250519_pdc_schweibenalp_25-205-18x10.jpg 18w\" sizes=\"(max-width: 700px) 100vw, 700px\" \/>\t\t\t\t\t\t\t\t<\/a>\n\t\t\t\t\t\t\t\t\t\t\t\t\t\t\t<\/div>\n\t\t\t\t<\/div>\n\t\t\t\t<div class=\"elementor-element elementor-element-65dfa9f elementor-widget elementor-widget-theme-post-title elementor-page-title elementor-widget-heading\" data-id=\"65dfa9f\" data-element_type=\"widget\" data-e-type=\"widget\" data-widget_type=\"theme-post-title.default\">\n\t\t\t\t<div class=\"elementor-widget-container\">\n\t\t\t\t\t<h3 class=\"elementor-heading-title elementor-size-default\"><a href=\"https:\/\/permakultur-landwirtschaft.org\/fr\/permaculture-design-course-mit-leadership-training-vom-25-september-bis-09-november-2025\/\">Permaculture Design Course mit Leadership-Training vom 25. September bis 09. November 2025<\/a><\/h3>\t\t\t\t<\/div>\n\t\t\t\t<\/div>\n\t\t\t\t<div class=\"elementor-element elementor-element-0ad4e09 elementor-absolute elementor-widget elementor-widget-text-editor\" data-id=\"0ad4e09\" data-element_type=\"widget\" data-e-type=\"widget\" data-settings=\"{&quot;_position&quot;:&quot;absolute&quot;}\" data-widget_type=\"text-editor.default\">\n\t\t\t\t<div class=\"elementor-widget-container\">\n\t\t\t\t\t\t\t\t\tVeranstaltung\t\t\t\t\t\t\t\t<\/div>\n\t\t\t\t<\/div>\n\t\t\t\t<\/div>\n\t\t\t\t\t<\/div>\n\t\t\t\t<\/div>\n\t\t\t\t<\/div>\n\t\t\t\t<div data-elementor-type=\"loop-item\" data-elementor-id=\"37613\" class=\"elementor elementor-37613 e-loop-item e-loop-item-37277 post-37277 post type-post status-publish format-standard has-post-thumbnail hentry category-veranstaltung tag-agroforst tag-fibl tag-frankreich tag-webinar\" data-elementor-post-type=\"elementor_library\" data-custom-edit-handle=\"1\">\n\t\t\t<div class=\"elementor-element elementor-element-c79cfe5 e-flex e-con-boxed e-con e-parent\" data-id=\"c79cfe5\" data-element_type=\"container\" data-e-type=\"container\">\n\t\t\t\t\t<div class=\"e-con-inner\">\n\t\t<div class=\"elementor-element elementor-element-64a3d73 e-con-full e-flex e-con e-child\" data-id=\"64a3d73\" data-element_type=\"container\" data-e-type=\"container\">\n\t\t\t\t<div class=\"elementor-element elementor-element-2e3812c elementor-widget__width-inherit elementor-widget elementor-widget-image\" data-id=\"2e3812c\" data-element_type=\"widget\" data-e-type=\"widget\" data-widget_type=\"image.default\">\n\t\t\t\t<div class=\"elementor-widget-container\">\n\t\t\t\t\t\t\t\t\t\t\t\t\t\t\t\t<a href=\"https:\/\/permakultur-landwirtschaft.org\/fr\/agroforst-in-frankreich-online-veranstaltung-am-06-november-2025\/\">\n\t\t\t\t\t\t\t<img loading=\"lazy\" decoding=\"async\" width=\"700\" height=\"393\" src=\"https:\/\/permakultur-landwirtschaft.org\/wp-content\/uploads\/2023\/01\/fibl_agroforst_2023-01-24_14-59-13.jpg\" class=\"attachment-full size-full wp-image-28023\" alt=\"Agroforst\" srcset=\"https:\/\/permakultur-landwirtschaft.org\/wp-content\/uploads\/2023\/01\/fibl_agroforst_2023-01-24_14-59-13.jpg 700w, https:\/\/permakultur-landwirtschaft.org\/wp-content\/uploads\/2023\/01\/fibl_agroforst_2023-01-24_14-59-13-300x168.jpg 300w\" sizes=\"(max-width: 700px) 100vw, 700px\" \/>\t\t\t\t\t\t\t\t<\/a>\n\t\t\t\t\t\t\t\t\t\t\t\t\t\t\t<\/div>\n\t\t\t\t<\/div>\n\t\t\t\t<div class=\"elementor-element elementor-element-65dfa9f elementor-widget elementor-widget-theme-post-title elementor-page-title elementor-widget-heading\" data-id=\"65dfa9f\" data-element_type=\"widget\" data-e-type=\"widget\" data-widget_type=\"theme-post-title.default\">\n\t\t\t\t<div class=\"elementor-widget-container\">\n\t\t\t\t\t<h3 class=\"elementor-heading-title elementor-size-default\"><a href=\"https:\/\/permakultur-landwirtschaft.org\/fr\/agroforst-in-frankreich-online-veranstaltung-am-06-november-2025\/\">Agroforst in Frankreich &#8211; Online Veranstaltung am 06. November 2025<\/a><\/h3>\t\t\t\t<\/div>\n\t\t\t\t<\/div>\n\t\t\t\t<div class=\"elementor-element elementor-element-0ad4e09 elementor-absolute elementor-widget elementor-widget-text-editor\" data-id=\"0ad4e09\" data-element_type=\"widget\" data-e-type=\"widget\" data-settings=\"{&quot;_position&quot;:&quot;absolute&quot;}\" data-widget_type=\"text-editor.default\">\n\t\t\t\t<div class=\"elementor-widget-container\">\n\t\t\t\t\t\t\t\t\tVeranstaltung\t\t\t\t\t\t\t\t<\/div>\n\t\t\t\t<\/div>\n\t\t\t\t<\/div>\n\t\t\t\t\t<\/div>\n\t\t\t\t<\/div>\n\t\t\t\t<\/div>\n\t\t\t\t<div data-elementor-type=\"loop-item\" data-elementor-id=\"37613\" class=\"elementor elementor-37613 e-loop-item e-loop-item-37301 post-37301 post type-post status-publish format-standard has-post-thumbnail hentry category-veranstaltung tag-publikation tag-realitaeten tag-regenerative-landwirtschaft tag-swissaid tag-webinar\" data-elementor-post-type=\"elementor_library\" data-custom-edit-handle=\"1\">\n\t\t\t<div class=\"elementor-element elementor-element-c79cfe5 e-flex e-con-boxed e-con e-parent\" data-id=\"c79cfe5\" data-element_type=\"container\" data-e-type=\"container\">\n\t\t\t\t\t<div class=\"e-con-inner\">\n\t\t<div class=\"elementor-element elementor-element-64a3d73 e-con-full e-flex e-con e-child\" data-id=\"64a3d73\" data-element_type=\"container\" data-e-type=\"container\">\n\t\t\t\t<div class=\"elementor-element elementor-element-2e3812c elementor-widget__width-inherit elementor-widget elementor-widget-image\" data-id=\"2e3812c\" data-element_type=\"widget\" data-e-type=\"widget\" data-widget_type=\"image.default\">\n\t\t\t\t<div class=\"elementor-widget-container\">\n\t\t\t\t\t\t\t\t\t\t\t\t\t\t\t\t<a href=\"https:\/\/permakultur-landwirtschaft.org\/fr\/regenerative-landwirtschaft-von-praktiken-versprechen-und-realitaeten-webinar-am-05-november-2025\/\">\n\t\t\t\t\t\t\t<img loading=\"lazy\" decoding=\"async\" width=\"699\" height=\"266\" src=\"https:\/\/permakultur-landwirtschaft.org\/wp-content\/uploads\/2025\/10\/20251105_webinar_regenerativ_swissaid_2025-10-27_11-15-38.jpg\" class=\"attachment-full size-full wp-image-37302\" alt=\"Webinar Regenerative Landwirtschaft\" srcset=\"https:\/\/permakultur-landwirtschaft.org\/wp-content\/uploads\/2025\/10\/20251105_webinar_regenerativ_swissaid_2025-10-27_11-15-38.jpg 699w, https:\/\/permakultur-landwirtschaft.org\/wp-content\/uploads\/2025\/10\/20251105_webinar_regenerativ_swissaid_2025-10-27_11-15-38-300x114.jpg 300w, https:\/\/permakultur-landwirtschaft.org\/wp-content\/uploads\/2025\/10\/20251105_webinar_regenerativ_swissaid_2025-10-27_11-15-38-18x7.jpg 18w\" sizes=\"(max-width: 699px) 100vw, 699px\" \/>\t\t\t\t\t\t\t\t<\/a>\n\t\t\t\t\t\t\t\t\t\t\t\t\t\t\t<\/div>\n\t\t\t\t<\/div>\n\t\t\t\t<div class=\"elementor-element elementor-element-65dfa9f elementor-widget elementor-widget-theme-post-title elementor-page-title elementor-widget-heading\" data-id=\"65dfa9f\" data-element_type=\"widget\" data-e-type=\"widget\" data-widget_type=\"theme-post-title.default\">\n\t\t\t\t<div class=\"elementor-widget-container\">\n\t\t\t\t\t<h3 class=\"elementor-heading-title elementor-size-default\"><a href=\"https:\/\/permakultur-landwirtschaft.org\/fr\/regenerative-landwirtschaft-von-praktiken-versprechen-und-realitaeten-webinar-am-05-november-2025\/\">Regenerative Landwirtschaft: von Praktiken, Versprechen und Realit\u00e4ten &#8211; Webinar am 05. November 2025<\/a><\/h3>\t\t\t\t<\/div>\n\t\t\t\t<\/div>\n\t\t\t\t<div class=\"elementor-element elementor-element-0ad4e09 elementor-absolute elementor-widget elementor-widget-text-editor\" data-id=\"0ad4e09\" data-element_type=\"widget\" data-e-type=\"widget\" data-settings=\"{&quot;_position&quot;:&quot;absolute&quot;}\" data-widget_type=\"text-editor.default\">\n\t\t\t\t<div class=\"elementor-widget-container\">\n\t\t\t\t\t\t\t\t\tVeranstaltung\t\t\t\t\t\t\t\t<\/div>\n\t\t\t\t<\/div>\n\t\t\t\t<\/div>\n\t\t\t\t\t<\/div>\n\t\t\t\t<\/div>\n\t\t\t\t<\/div>\n\t\t\t\t<div data-elementor-type=\"loop-item\" data-elementor-id=\"37613\" class=\"elementor elementor-37613 e-loop-item e-loop-item-35519 post-35519 post type-post status-publish format-standard has-post-thumbnail hentry category-veranstaltung tag-knechtle-permakultur tag-lehrgang-permakultur-landwirtschaft tag-pdc-2 tag-permaria\" data-elementor-post-type=\"elementor_library\" data-custom-edit-handle=\"1\">\n\t\t\t<div class=\"elementor-element elementor-element-c79cfe5 e-flex e-con-boxed e-con e-parent\" data-id=\"c79cfe5\" data-element_type=\"container\" data-e-type=\"container\">\n\t\t\t\t\t<div class=\"e-con-inner\">\n\t\t<div class=\"elementor-element elementor-element-64a3d73 e-con-full e-flex e-con e-child\" data-id=\"64a3d73\" data-element_type=\"container\" data-e-type=\"container\">\n\t\t\t\t<div class=\"elementor-element elementor-element-2e3812c elementor-widget__width-inherit elementor-widget elementor-widget-image\" data-id=\"2e3812c\" data-element_type=\"widget\" data-e-type=\"widget\" data-widget_type=\"image.default\">\n\t\t\t\t<div class=\"elementor-widget-container\">\n\t\t\t\t\t\t\t\t\t\t\t\t\t\t\t\t<a href=\"https:\/\/permakultur-landwirtschaft.org\/fr\/lehrgang-permakultur-landwirtschaft-pdc-vom-01-mai-bis-31-oktober-2025\/\">\n\t\t\t\t\t\t\t<img loading=\"lazy\" decoding=\"async\" width=\"701\" height=\"384\" src=\"https:\/\/permakultur-landwirtschaft.org\/wp-content\/uploads\/2024\/08\/20240813_lehrgang_video_permaria_knechtle_2024-08-13_14-00-55.jpg\" class=\"attachment-full size-full wp-image-35110\" alt=\"Lehrgang Video Permaria Knechtle Permakultur\" srcset=\"https:\/\/permakultur-landwirtschaft.org\/wp-content\/uploads\/2024\/08\/20240813_lehrgang_video_permaria_knechtle_2024-08-13_14-00-55.jpg 701w, https:\/\/permakultur-landwirtschaft.org\/wp-content\/uploads\/2024\/08\/20240813_lehrgang_video_permaria_knechtle_2024-08-13_14-00-55-300x164.jpg 300w\" sizes=\"(max-width: 701px) 100vw, 701px\" \/>\t\t\t\t\t\t\t\t<\/a>\n\t\t\t\t\t\t\t\t\t\t\t\t\t\t\t<\/div>\n\t\t\t\t<\/div>\n\t\t\t\t<div class=\"elementor-element elementor-element-65dfa9f elementor-widget elementor-widget-theme-post-title elementor-page-title elementor-widget-heading\" data-id=\"65dfa9f\" data-element_type=\"widget\" data-e-type=\"widget\" data-widget_type=\"theme-post-title.default\">\n\t\t\t\t<div class=\"elementor-widget-container\">\n\t\t\t\t\t<h3 class=\"elementor-heading-title elementor-size-default\"><a href=\"https:\/\/permakultur-landwirtschaft.org\/fr\/lehrgang-permakultur-landwirtschaft-pdc-vom-01-mai-bis-31-oktober-2025\/\">Lehrgang Permakultur Landwirtschaft (PDC+) vom 01. Mai bis 31. Oktober 2025<\/a><\/h3>\t\t\t\t<\/div>\n\t\t\t\t<\/div>\n\t\t\t\t<div class=\"elementor-element elementor-element-0ad4e09 elementor-absolute elementor-widget elementor-widget-text-editor\" data-id=\"0ad4e09\" data-element_type=\"widget\" data-e-type=\"widget\" data-settings=\"{&quot;_position&quot;:&quot;absolute&quot;}\" data-widget_type=\"text-editor.default\">\n\t\t\t\t<div class=\"elementor-widget-container\">\n\t\t\t\t\t\t\t\t\tVeranstaltung\t\t\t\t\t\t\t\t<\/div>\n\t\t\t\t<\/div>\n\t\t\t\t<\/div>\n\t\t\t\t\t<\/div>\n\t\t\t\t<\/div>\n\t\t\t\t<\/div>\n\t\t\t\t<div data-elementor-type=\"loop-item\" data-elementor-id=\"37613\" class=\"elementor elementor-37613 e-loop-item e-loop-item-36877 post-36877 post type-post status-publish format-standard has-post-thumbnail hentry category-veranstaltung tag-agraroekologie tag-agroecology-works tag-oktober tag-tage-der-agraroekologie tag-veranstaltungsreihe\" data-elementor-post-type=\"elementor_library\" data-custom-edit-handle=\"1\">\n\t\t\t<div class=\"elementor-element elementor-element-c79cfe5 e-flex e-con-boxed e-con e-parent\" data-id=\"c79cfe5\" data-element_type=\"container\" data-e-type=\"container\">\n\t\t\t\t\t<div class=\"e-con-inner\">\n\t\t<div class=\"elementor-element elementor-element-64a3d73 e-con-full e-flex e-con e-child\" data-id=\"64a3d73\" data-element_type=\"container\" data-e-type=\"container\">\n\t\t\t\t<div class=\"elementor-element elementor-element-2e3812c elementor-widget__width-inherit elementor-widget elementor-widget-image\" data-id=\"2e3812c\" data-element_type=\"widget\" data-e-type=\"widget\" data-widget_type=\"image.default\">\n\t\t\t\t<div class=\"elementor-widget-container\">\n\t\t\t\t\t\t\t\t\t\t\t\t\t\t\t\t<a href=\"https:\/\/permakultur-landwirtschaft.org\/fr\/tage-der-agraroekologie-vom-01-bis-31-oktober-2025\/\">\n\t\t\t\t\t\t\t<img loading=\"lazy\" decoding=\"async\" width=\"596\" height=\"415\" src=\"https:\/\/permakultur-landwirtschaft.org\/wp-content\/uploads\/2025\/08\/tage_der_agraroekologie_2025-08-14_12-38-45.jpg\" class=\"attachment-full size-full wp-image-36878\" alt=\"Tage der Agraroekologie 2025\" srcset=\"https:\/\/permakultur-landwirtschaft.org\/wp-content\/uploads\/2025\/08\/tage_der_agraroekologie_2025-08-14_12-38-45.jpg 596w, https:\/\/permakultur-landwirtschaft.org\/wp-content\/uploads\/2025\/08\/tage_der_agraroekologie_2025-08-14_12-38-45-300x209.jpg 300w, https:\/\/permakultur-landwirtschaft.org\/wp-content\/uploads\/2025\/08\/tage_der_agraroekologie_2025-08-14_12-38-45-18x12.jpg 18w\" sizes=\"(max-width: 596px) 100vw, 596px\" \/>\t\t\t\t\t\t\t\t<\/a>\n\t\t\t\t\t\t\t\t\t\t\t\t\t\t\t<\/div>\n\t\t\t\t<\/div>\n\t\t\t\t<div class=\"elementor-element elementor-element-65dfa9f elementor-widget elementor-widget-theme-post-title elementor-page-title elementor-widget-heading\" data-id=\"65dfa9f\" data-element_type=\"widget\" data-e-type=\"widget\" data-widget_type=\"theme-post-title.default\">\n\t\t\t\t<div class=\"elementor-widget-container\">\n\t\t\t\t\t<h3 class=\"elementor-heading-title elementor-size-default\"><a href=\"https:\/\/permakultur-landwirtschaft.org\/fr\/tage-der-agraroekologie-vom-01-bis-31-oktober-2025\/\">Tage der Agrar\u00f6kologie vom 01. bis 31. Oktober 2025<\/a><\/h3>\t\t\t\t<\/div>\n\t\t\t\t<\/div>\n\t\t\t\t<div class=\"elementor-element elementor-element-0ad4e09 elementor-absolute elementor-widget elementor-widget-text-editor\" data-id=\"0ad4e09\" data-element_type=\"widget\" data-e-type=\"widget\" data-settings=\"{&quot;_position&quot;:&quot;absolute&quot;}\" data-widget_type=\"text-editor.default\">\n\t\t\t\t<div class=\"elementor-widget-container\">\n\t\t\t\t\t\t\t\t\tVeranstaltung\t\t\t\t\t\t\t\t<\/div>\n\t\t\t\t<\/div>\n\t\t\t\t<\/div>\n\t\t\t\t\t<\/div>\n\t\t\t\t<\/div>\n\t\t\t\t<\/div>\n\t\t\t\t<div data-elementor-type=\"loop-item\" data-elementor-id=\"37613\" class=\"elementor elementor-37613 e-loop-item e-loop-item-36886 post-36886 post type-post status-publish format-standard has-post-thumbnail hentry category-veranstaltung tag-lebendige-boeden tag-nachhaltige-ernten tag-praxisseminar tag-soil-to-soul\" data-elementor-post-type=\"elementor_library\" data-custom-edit-handle=\"1\">\n\t\t\t<div class=\"elementor-element elementor-element-c79cfe5 e-flex e-con-boxed e-con e-parent\" data-id=\"c79cfe5\" data-element_type=\"container\" data-e-type=\"container\">\n\t\t\t\t\t<div class=\"e-con-inner\">\n\t\t<div class=\"elementor-element elementor-element-64a3d73 e-con-full e-flex e-con e-child\" data-id=\"64a3d73\" data-element_type=\"container\" data-e-type=\"container\">\n\t\t\t\t<div class=\"elementor-element elementor-element-2e3812c elementor-widget__width-inherit elementor-widget elementor-widget-image\" data-id=\"2e3812c\" data-element_type=\"widget\" data-e-type=\"widget\" data-widget_type=\"image.default\">\n\t\t\t\t<div class=\"elementor-widget-container\">\n\t\t\t\t\t\t\t\t\t\t\t\t\t\t\t\t<a href=\"https:\/\/permakultur-landwirtschaft.org\/fr\/lebendige-boeden-nachhaltige-ernten-praxisseminar-vom-30-oktober-bis-01-november-2025\/\">\n\t\t\t\t\t\t\t<img loading=\"lazy\" decoding=\"async\" width=\"658\" height=\"500\" src=\"https:\/\/permakultur-landwirtschaft.org\/wp-content\/uploads\/2025\/08\/202508_soiltosoul_seminar-bild.jpg\" class=\"attachment-full size-full wp-image-36887\" alt=\"Praxisseminar Lebendige B\u00f6den, nachhaltige Ernten\" srcset=\"https:\/\/permakultur-landwirtschaft.org\/wp-content\/uploads\/2025\/08\/202508_soiltosoul_seminar-bild.jpg 658w, https:\/\/permakultur-landwirtschaft.org\/wp-content\/uploads\/2025\/08\/202508_soiltosoul_seminar-bild-300x228.jpg 300w, https:\/\/permakultur-landwirtschaft.org\/wp-content\/uploads\/2025\/08\/202508_soiltosoul_seminar-bild-16x12.jpg 16w\" sizes=\"(max-width: 658px) 100vw, 658px\" \/>\t\t\t\t\t\t\t\t<\/a>\n\t\t\t\t\t\t\t\t\t\t\t\t\t\t\t<\/div>\n\t\t\t\t<\/div>\n\t\t\t\t<div class=\"elementor-element elementor-element-65dfa9f elementor-widget elementor-widget-theme-post-title elementor-page-title elementor-widget-heading\" data-id=\"65dfa9f\" data-element_type=\"widget\" data-e-type=\"widget\" data-widget_type=\"theme-post-title.default\">\n\t\t\t\t<div class=\"elementor-widget-container\">\n\t\t\t\t\t<h3 class=\"elementor-heading-title elementor-size-default\"><a href=\"https:\/\/permakultur-landwirtschaft.org\/fr\/lebendige-boeden-nachhaltige-ernten-praxisseminar-vom-30-oktober-bis-01-november-2025\/\">Lebendige B\u00f6den, nachhaltige Ernten &#8211; Praxisseminar vom 30. Oktober bis 01. November 2025<\/a><\/h3>\t\t\t\t<\/div>\n\t\t\t\t<\/div>\n\t\t\t\t<div class=\"elementor-element elementor-element-0ad4e09 elementor-absolute elementor-widget elementor-widget-text-editor\" data-id=\"0ad4e09\" data-element_type=\"widget\" data-e-type=\"widget\" data-settings=\"{&quot;_position&quot;:&quot;absolute&quot;}\" data-widget_type=\"text-editor.default\">\n\t\t\t\t<div class=\"elementor-widget-container\">\n\t\t\t\t\t\t\t\t\tVeranstaltung\t\t\t\t\t\t\t\t<\/div>\n\t\t\t\t<\/div>\n\t\t\t\t<\/div>\n\t\t\t\t\t<\/div>\n\t\t\t\t<\/div>\n\t\t\t\t<\/div>\n\t\t\t\t<div data-elementor-type=\"loop-item\" data-elementor-id=\"37613\" class=\"elementor elementor-37613 e-loop-item e-loop-item-36874 post-36874 post type-post status-publish format-standard has-post-thumbnail hentry category-veranstaltung tag-bbzn tag-biohof-gruenboden tag-keyline tag-kurs tag-wassermanagement\" data-elementor-post-type=\"elementor_library\" data-custom-edit-handle=\"1\">\n\t\t\t<div class=\"elementor-element elementor-element-c79cfe5 e-flex e-con-boxed e-con e-parent\" data-id=\"c79cfe5\" data-element_type=\"container\" data-e-type=\"container\">\n\t\t\t\t\t<div class=\"e-con-inner\">\n\t\t<div class=\"elementor-element elementor-element-64a3d73 e-con-full e-flex e-con e-child\" data-id=\"64a3d73\" data-element_type=\"container\" data-e-type=\"container\">\n\t\t\t\t<div class=\"elementor-element elementor-element-2e3812c elementor-widget__width-inherit elementor-widget elementor-widget-image\" data-id=\"2e3812c\" data-element_type=\"widget\" data-e-type=\"widget\" data-widget_type=\"image.default\">\n\t\t\t\t<div class=\"elementor-widget-container\">\n\t\t\t\t\t\t\t\t\t\t\t\t\t\t\t\t<a href=\"https:\/\/permakultur-landwirtschaft.org\/fr\/wassermanagement-und-agroforst-auf-dem-gruenboden-kurs-am-28-oktober-2025\/\">\n\t\t\t\t\t\t\t<img loading=\"lazy\" decoding=\"async\" width=\"700\" height=\"933\" src=\"https:\/\/permakultur-landwirtschaft.org\/wp-content\/uploads\/2025\/08\/agroforst_gruenboden_IMG_20240326_173311.jpg\" class=\"attachment-full size-full wp-image-36875\" alt=\"Agroforst Biohof Gruenboden\" srcset=\"https:\/\/permakultur-landwirtschaft.org\/wp-content\/uploads\/2025\/08\/agroforst_gruenboden_IMG_20240326_173311.jpg 700w, https:\/\/permakultur-landwirtschaft.org\/wp-content\/uploads\/2025\/08\/agroforst_gruenboden_IMG_20240326_173311-225x300.jpg 225w, https:\/\/permakultur-landwirtschaft.org\/wp-content\/uploads\/2025\/08\/agroforst_gruenboden_IMG_20240326_173311-9x12.jpg 9w\" sizes=\"(max-width: 700px) 100vw, 700px\" \/>\t\t\t\t\t\t\t\t<\/a>\n\t\t\t\t\t\t\t\t\t\t\t\t\t\t\t<\/div>\n\t\t\t\t<\/div>\n\t\t\t\t<div class=\"elementor-element elementor-element-65dfa9f elementor-widget elementor-widget-theme-post-title elementor-page-title elementor-widget-heading\" data-id=\"65dfa9f\" data-element_type=\"widget\" data-e-type=\"widget\" data-widget_type=\"theme-post-title.default\">\n\t\t\t\t<div class=\"elementor-widget-container\">\n\t\t\t\t\t<h3 class=\"elementor-heading-title elementor-size-default\"><a href=\"https:\/\/permakultur-landwirtschaft.org\/fr\/wassermanagement-und-agroforst-auf-dem-gruenboden-kurs-am-28-oktober-2025\/\">Wassermanagement und Agroforst auf dem Gr\u00fcnboden &#8211; Kurs am 28. Oktober 2025<\/a><\/h3>\t\t\t\t<\/div>\n\t\t\t\t<\/div>\n\t\t\t\t<div class=\"elementor-element elementor-element-0ad4e09 elementor-absolute elementor-widget elementor-widget-text-editor\" data-id=\"0ad4e09\" data-element_type=\"widget\" data-e-type=\"widget\" data-settings=\"{&quot;_position&quot;:&quot;absolute&quot;}\" data-widget_type=\"text-editor.default\">\n\t\t\t\t<div class=\"elementor-widget-container\">\n\t\t\t\t\t\t\t\t\tVeranstaltung\t\t\t\t\t\t\t\t<\/div>\n\t\t\t\t<\/div>\n\t\t\t\t<\/div>\n\t\t\t\t\t<\/div>\n\t\t\t\t<\/div>\n\t\t\t\t<\/div>\n\t\t\t\t<div data-elementor-type=\"loop-item\" data-elementor-id=\"37613\" class=\"elementor elementor-37613 e-loop-item e-loop-item-37114 post-37114 post type-post status-publish format-standard has-post-thumbnail hentry category-veranstaltung tag-agroecology tag-hafl tag-living-and-working tag-living-lab-permaculture tag-permakultur tag-research-for-agroecology tag-tage-der-agraroekologie tag-zhaw\" data-elementor-post-type=\"elementor_library\" data-custom-edit-handle=\"1\">\n\t\t\t<div class=\"elementor-element elementor-element-c79cfe5 e-flex e-con-boxed e-con e-parent\" data-id=\"c79cfe5\" data-element_type=\"container\" data-e-type=\"container\">\n\t\t\t\t\t<div class=\"e-con-inner\">\n\t\t<div class=\"elementor-element elementor-element-64a3d73 e-con-full e-flex e-con e-child\" data-id=\"64a3d73\" data-element_type=\"container\" data-e-type=\"container\">\n\t\t\t\t<div class=\"elementor-element elementor-element-2e3812c elementor-widget__width-inherit elementor-widget elementor-widget-image\" data-id=\"2e3812c\" data-element_type=\"widget\" data-e-type=\"widget\" data-widget_type=\"image.default\">\n\t\t\t\t<div class=\"elementor-widget-container\">\n\t\t\t\t\t\t\t\t\t\t\t\t\t\t\t\t<a href=\"https:\/\/permakultur-landwirtschaft.org\/fr\/research-for-agroecology-focus-living-and-working-in-agroecological-systems-online-anlass-am-24-oktober-2025\/\">\n\t\t\t\t\t\t\t<img loading=\"lazy\" decoding=\"async\" width=\"700\" height=\"393\" src=\"https:\/\/permakultur-landwirtschaft.org\/wp-content\/uploads\/2025\/09\/20251024_agroecology_research-1300x.jpg\" class=\"attachment-full size-full wp-image-37115\" alt=\"Agroecology research\" srcset=\"https:\/\/permakultur-landwirtschaft.org\/wp-content\/uploads\/2025\/09\/20251024_agroecology_research-1300x.jpg 700w, https:\/\/permakultur-landwirtschaft.org\/wp-content\/uploads\/2025\/09\/20251024_agroecology_research-1300x-300x168.jpg 300w, https:\/\/permakultur-landwirtschaft.org\/wp-content\/uploads\/2025\/09\/20251024_agroecology_research-1300x-18x10.jpg 18w\" sizes=\"(max-width: 700px) 100vw, 700px\" \/>\t\t\t\t\t\t\t\t<\/a>\n\t\t\t\t\t\t\t\t\t\t\t\t\t\t\t<\/div>\n\t\t\t\t<\/div>\n\t\t\t\t<div class=\"elementor-element elementor-element-65dfa9f elementor-widget elementor-widget-theme-post-title elementor-page-title elementor-widget-heading\" data-id=\"65dfa9f\" data-element_type=\"widget\" data-e-type=\"widget\" data-widget_type=\"theme-post-title.default\">\n\t\t\t\t<div class=\"elementor-widget-container\">\n\t\t\t\t\t<h3 class=\"elementor-heading-title elementor-size-default\"><a href=\"https:\/\/permakultur-landwirtschaft.org\/fr\/research-for-agroecology-focus-living-and-working-in-agroecological-systems-online-anlass-am-24-oktober-2025\/\">Research for agroecology &#8211; focus &#171;living and working in agroecological systems&#187; &#8211; online Anlass am 24. Oktober 2025<\/a><\/h3>\t\t\t\t<\/div>\n\t\t\t\t<\/div>\n\t\t\t\t<div class=\"elementor-element elementor-element-0ad4e09 elementor-absolute elementor-widget elementor-widget-text-editor\" data-id=\"0ad4e09\" data-element_type=\"widget\" data-e-type=\"widget\" data-settings=\"{&quot;_position&quot;:&quot;absolute&quot;}\" data-widget_type=\"text-editor.default\">\n\t\t\t\t<div class=\"elementor-widget-container\">\n\t\t\t\t\t\t\t\t\tVeranstaltung\t\t\t\t\t\t\t\t<\/div>\n\t\t\t\t<\/div>\n\t\t\t\t<\/div>\n\t\t\t\t\t<\/div>\n\t\t\t\t<\/div>\n\t\t\t\t<\/div>\n\t\t\t\t<div data-elementor-type=\"loop-item\" data-elementor-id=\"37613\" class=\"elementor elementor-37613 e-loop-item e-loop-item-35258 post-35258 post type-post status-publish format-standard has-post-thumbnail hentry category-veranstaltung tag-balmeggberg tag-inforama tag-kurs tag-permakultur-gemeinschaftsbetrieb tag-ressourcennutzung tag-toni-kuechler\" data-elementor-post-type=\"elementor_library\" data-custom-edit-handle=\"1\">\n\t\t\t<div class=\"elementor-element elementor-element-c79cfe5 e-flex e-con-boxed e-con e-parent\" data-id=\"c79cfe5\" data-element_type=\"container\" data-e-type=\"container\">\n\t\t\t\t\t<div class=\"e-con-inner\">\n\t\t<div class=\"elementor-element elementor-element-64a3d73 e-con-full e-flex e-con e-child\" data-id=\"64a3d73\" data-element_type=\"container\" data-e-type=\"container\">\n\t\t\t\t<div class=\"elementor-element elementor-element-2e3812c elementor-widget__width-inherit elementor-widget elementor-widget-image\" data-id=\"2e3812c\" data-element_type=\"widget\" data-e-type=\"widget\" data-widget_type=\"image.default\">\n\t\t\t\t<div class=\"elementor-widget-container\">\n\t\t\t\t\t\t\t\t\t\t\t\t\t\t\t\t<a href=\"https:\/\/permakultur-landwirtschaft.org\/fr\/ressourcennutzung-und-permakultur-gemeinschaftsbetrieb-kurs-am-15-oktober-2025\/\">\n\t\t\t\t\t\t\t<img loading=\"lazy\" decoding=\"async\" width=\"700\" height=\"525\" src=\"https:\/\/permakultur-landwirtschaft.org\/wp-content\/uploads\/2023\/11\/Balmeggberg_700.jpeg\" class=\"attachment-full size-full wp-image-33040\" alt=\"Balmeggberg\" srcset=\"https:\/\/permakultur-landwirtschaft.org\/wp-content\/uploads\/2023\/11\/Balmeggberg_700.jpeg 700w, https:\/\/permakultur-landwirtschaft.org\/wp-content\/uploads\/2023\/11\/Balmeggberg_700-300x225.jpeg 300w\" sizes=\"(max-width: 700px) 100vw, 700px\" \/>\t\t\t\t\t\t\t\t<\/a>\n\t\t\t\t\t\t\t\t\t\t\t\t\t\t\t<\/div>\n\t\t\t\t<\/div>\n\t\t\t\t<div class=\"elementor-element elementor-element-65dfa9f elementor-widget elementor-widget-theme-post-title elementor-page-title elementor-widget-heading\" data-id=\"65dfa9f\" data-element_type=\"widget\" data-e-type=\"widget\" data-widget_type=\"theme-post-title.default\">\n\t\t\t\t<div class=\"elementor-widget-container\">\n\t\t\t\t\t<h3 class=\"elementor-heading-title elementor-size-default\"><a href=\"https:\/\/permakultur-landwirtschaft.org\/fr\/ressourcennutzung-und-permakultur-gemeinschaftsbetrieb-kurs-am-15-oktober-2025\/\">Ressourcennutzung und Permakultur Gemeinschaftsbetrieb &#8211; Kurs am 15. Oktober 2025<\/a><\/h3>\t\t\t\t<\/div>\n\t\t\t\t<\/div>\n\t\t\t\t<div class=\"elementor-element elementor-element-0ad4e09 elementor-absolute elementor-widget elementor-widget-text-editor\" data-id=\"0ad4e09\" data-element_type=\"widget\" data-e-type=\"widget\" data-settings=\"{&quot;_position&quot;:&quot;absolute&quot;}\" data-widget_type=\"text-editor.default\">\n\t\t\t\t<div class=\"elementor-widget-container\">\n\t\t\t\t\t\t\t\t\tVeranstaltung\t\t\t\t\t\t\t\t<\/div>\n\t\t\t\t<\/div>\n\t\t\t\t<\/div>\n\t\t\t\t\t<\/div>\n\t\t\t\t<\/div>\n\t\t\t\t<\/div>\n\t\t\t\t<div data-elementor-type=\"loop-item\" data-elementor-id=\"37613\" class=\"elementor elementor-37613 e-loop-item e-loop-item-37159 post-37159 post type-post status-publish format-standard has-post-thumbnail hentry category-veranstaltung tag-agroforst tag-agrosilvopasteral tag-kuehe tag-neuenburg tag-rinder\" data-elementor-post-type=\"elementor_library\" data-custom-edit-handle=\"1\">\n\t\t\t<div class=\"elementor-element elementor-element-c79cfe5 e-flex e-con-boxed e-con e-parent\" data-id=\"c79cfe5\" data-element_type=\"container\" data-e-type=\"container\">\n\t\t\t\t\t<div class=\"e-con-inner\">\n\t\t<div class=\"elementor-element elementor-element-64a3d73 e-con-full e-flex e-con e-child\" data-id=\"64a3d73\" data-element_type=\"container\" data-e-type=\"container\">\n\t\t\t\t<div class=\"elementor-element elementor-element-2e3812c elementor-widget__width-inherit elementor-widget elementor-widget-image\" data-id=\"2e3812c\" data-element_type=\"widget\" data-e-type=\"widget\" data-widget_type=\"image.default\">\n\t\t\t\t<div class=\"elementor-widget-container\">\n\t\t\t\t\t\t\t\t\t\t\t\t\t\t\t\t<a href=\"https:\/\/permakultur-landwirtschaft.org\/fr\/exkursion-integration-von-gehoelzen-in-rinderhaltung-und-agroforst-auf-dem-acker-exkursion-am-14-oktober-2025\/\">\n\t\t\t\t\t\t\t<img loading=\"lazy\" decoding=\"async\" width=\"688\" height=\"503\" src=\"https:\/\/permakultur-landwirtschaft.org\/wp-content\/uploads\/2025\/10\/20251014_Programm_ExkursionAgroSilvoPastoral_DE_final.jpeg\" class=\"attachment-full size-full wp-image-37160\" alt=\"Exkursion AgroSilvoPastoral\" srcset=\"https:\/\/permakultur-landwirtschaft.org\/wp-content\/uploads\/2025\/10\/20251014_Programm_ExkursionAgroSilvoPastoral_DE_final.jpeg 688w, https:\/\/permakultur-landwirtschaft.org\/wp-content\/uploads\/2025\/10\/20251014_Programm_ExkursionAgroSilvoPastoral_DE_final-300x219.jpeg 300w, https:\/\/permakultur-landwirtschaft.org\/wp-content\/uploads\/2025\/10\/20251014_Programm_ExkursionAgroSilvoPastoral_DE_final-16x12.jpeg 16w\" sizes=\"(max-width: 688px) 100vw, 688px\" \/>\t\t\t\t\t\t\t\t<\/a>\n\t\t\t\t\t\t\t\t\t\t\t\t\t\t\t<\/div>\n\t\t\t\t<\/div>\n\t\t\t\t<div class=\"elementor-element elementor-element-65dfa9f elementor-widget elementor-widget-theme-post-title elementor-page-title elementor-widget-heading\" data-id=\"65dfa9f\" data-element_type=\"widget\" data-e-type=\"widget\" data-widget_type=\"theme-post-title.default\">\n\t\t\t\t<div class=\"elementor-widget-container\">\n\t\t\t\t\t<h3 class=\"elementor-heading-title elementor-size-default\"><a href=\"https:\/\/permakultur-landwirtschaft.org\/fr\/exkursion-integration-von-gehoelzen-in-rinderhaltung-und-agroforst-auf-dem-acker-exkursion-am-14-oktober-2025\/\">Exkursion Integration von Geh\u00f6lzen in Rinderhaltung und Agroforst auf dem Acker &#8211; Exkursion am 14. Oktober 2025<\/a><\/h3>\t\t\t\t<\/div>\n\t\t\t\t<\/div>\n\t\t\t\t<div class=\"elementor-element elementor-element-0ad4e09 elementor-absolute elementor-widget elementor-widget-text-editor\" data-id=\"0ad4e09\" data-element_type=\"widget\" data-e-type=\"widget\" data-settings=\"{&quot;_position&quot;:&quot;absolute&quot;}\" data-widget_type=\"text-editor.default\">\n\t\t\t\t<div class=\"elementor-widget-container\">\n\t\t\t\t\t\t\t\t\tVeranstaltung\t\t\t\t\t\t\t\t<\/div>\n\t\t\t\t<\/div>\n\t\t\t\t<\/div>\n\t\t\t\t\t<\/div>\n\t\t\t\t<\/div>\n\t\t\t\t<\/div>\n\t\t\t\t<div data-elementor-type=\"loop-item\" data-elementor-id=\"37613\" class=\"elementor elementor-37613 e-loop-item e-loop-item-36285 post-36285 post type-post status-publish format-standard has-post-thumbnail hentry category-veranstaltung tag-agroecology-works tag-naturhof-kiental tag-unabhaengigkeit\" data-elementor-post-type=\"elementor_library\" data-custom-edit-handle=\"1\">\n\t\t\t<div class=\"elementor-element elementor-element-c79cfe5 e-flex e-con-boxed e-con e-parent\" data-id=\"c79cfe5\" data-element_type=\"container\" data-e-type=\"container\">\n\t\t\t\t\t<div class=\"e-con-inner\">\n\t\t<div class=\"elementor-element elementor-element-64a3d73 e-con-full e-flex e-con e-child\" data-id=\"64a3d73\" data-element_type=\"container\" data-e-type=\"container\">\n\t\t\t\t<div class=\"elementor-element elementor-element-2e3812c elementor-widget__width-inherit elementor-widget elementor-widget-image\" data-id=\"2e3812c\" data-element_type=\"widget\" data-e-type=\"widget\" data-widget_type=\"image.default\">\n\t\t\t\t<div class=\"elementor-widget-container\">\n\t\t\t\t\t\t\t\t\t\t\t\t\t\t\t\t<a href=\"https:\/\/permakultur-landwirtschaft.org\/fr\/in-die-unabhaengigkeit-wachsen-anlass-vom-11-oktober-2025\/\">\n\t\t\t\t\t\t\t<img loading=\"lazy\" decoding=\"async\" width=\"700\" height=\"989\" src=\"https:\/\/permakultur-landwirtschaft.org\/wp-content\/uploads\/2025\/04\/IMG_1263.jpg\" class=\"attachment-full size-full wp-image-36283\" alt=\"Naturhof Workshop Kalendar 2025\" srcset=\"https:\/\/permakultur-landwirtschaft.org\/wp-content\/uploads\/2025\/04\/IMG_1263.jpg 700w, https:\/\/permakultur-landwirtschaft.org\/wp-content\/uploads\/2025\/04\/IMG_1263-212x300.jpg 212w, https:\/\/permakultur-landwirtschaft.org\/wp-content\/uploads\/2025\/04\/IMG_1263-8x12.jpg 8w\" sizes=\"(max-width: 700px) 100vw, 700px\" \/>\t\t\t\t\t\t\t\t<\/a>\n\t\t\t\t\t\t\t\t\t\t\t\t\t\t\t<\/div>\n\t\t\t\t<\/div>\n\t\t\t\t<div class=\"elementor-element elementor-element-65dfa9f elementor-widget elementor-widget-theme-post-title elementor-page-title elementor-widget-heading\" data-id=\"65dfa9f\" data-element_type=\"widget\" data-e-type=\"widget\" data-widget_type=\"theme-post-title.default\">\n\t\t\t\t<div class=\"elementor-widget-container\">\n\t\t\t\t\t<h3 class=\"elementor-heading-title elementor-size-default\"><a href=\"https:\/\/permakultur-landwirtschaft.org\/fr\/in-die-unabhaengigkeit-wachsen-anlass-vom-11-oktober-2025\/\">In die Unabh\u00e4ngigkeit Wachsen &#8211; Anlass vom 11. Oktober 2025<\/a><\/h3>\t\t\t\t<\/div>\n\t\t\t\t<\/div>\n\t\t\t\t<div class=\"elementor-element elementor-element-0ad4e09 elementor-absolute elementor-widget elementor-widget-text-editor\" data-id=\"0ad4e09\" data-element_type=\"widget\" data-e-type=\"widget\" data-settings=\"{&quot;_position&quot;:&quot;absolute&quot;}\" data-widget_type=\"text-editor.default\">\n\t\t\t\t<div class=\"elementor-widget-container\">\n\t\t\t\t\t\t\t\t\tVeranstaltung\t\t\t\t\t\t\t\t<\/div>\n\t\t\t\t<\/div>\n\t\t\t\t<\/div>\n\t\t\t\t\t<\/div>\n\t\t\t\t<\/div>\n\t\t\t\t<\/div>\n\t\t\t\t<div data-elementor-type=\"loop-item\" data-elementor-id=\"37613\" class=\"elementor elementor-37613 e-loop-item e-loop-item-37117 post-37117 post type-post status-publish format-standard has-post-thumbnail hentry category-veranstaltung tag-erlenhof tag-humusaufbau tag-mein-hof tag-mulchsystem tag-permakultur tag-permakultur-hoefe-netz tag-selbsternteabo\" data-elementor-post-type=\"elementor_library\" data-custom-edit-handle=\"1\">\n\t\t\t<div class=\"elementor-element elementor-element-c79cfe5 e-flex e-con-boxed e-con e-parent\" data-id=\"c79cfe5\" data-element_type=\"container\" data-e-type=\"container\">\n\t\t\t\t\t<div class=\"e-con-inner\">\n\t\t<div class=\"elementor-element elementor-element-64a3d73 e-con-full e-flex e-con e-child\" data-id=\"64a3d73\" data-element_type=\"container\" data-e-type=\"container\">\n\t\t\t\t<div class=\"elementor-element elementor-element-2e3812c elementor-widget__width-inherit elementor-widget elementor-widget-image\" data-id=\"2e3812c\" data-element_type=\"widget\" data-e-type=\"widget\" data-widget_type=\"image.default\">\n\t\t\t\t<div class=\"elementor-widget-container\">\n\t\t\t\t\t\t\t\t\t\t\t\t\t\t\t\t<a href=\"https:\/\/permakultur-landwirtschaft.org\/fr\/flurbegehung-auf-dem-erlenhof-mit-selbsternte-gemuese-abo-und-innovativem-mulchsystem-am-09-oktober-2025\/\">\n\t\t\t\t\t\t\t<img loading=\"lazy\" decoding=\"async\" width=\"700\" height=\"523\" src=\"https:\/\/permakultur-landwirtschaft.org\/wp-content\/uploads\/2025\/09\/20251009_erlenhof-1300x.png\" class=\"attachment-full size-full wp-image-37118\" alt=\"Gem\u00fcse Erlenhof\" srcset=\"https:\/\/permakultur-landwirtschaft.org\/wp-content\/uploads\/2025\/09\/20251009_erlenhof-1300x.png 700w, https:\/\/permakultur-landwirtschaft.org\/wp-content\/uploads\/2025\/09\/20251009_erlenhof-1300x-300x224.png 300w, https:\/\/permakultur-landwirtschaft.org\/wp-content\/uploads\/2025\/09\/20251009_erlenhof-1300x-16x12.png 16w\" sizes=\"(max-width: 700px) 100vw, 700px\" \/>\t\t\t\t\t\t\t\t<\/a>\n\t\t\t\t\t\t\t\t\t\t\t\t\t\t\t<\/div>\n\t\t\t\t<\/div>\n\t\t\t\t<div class=\"elementor-element elementor-element-65dfa9f elementor-widget elementor-widget-theme-post-title elementor-page-title elementor-widget-heading\" data-id=\"65dfa9f\" data-element_type=\"widget\" data-e-type=\"widget\" data-widget_type=\"theme-post-title.default\">\n\t\t\t\t<div class=\"elementor-widget-container\">\n\t\t\t\t\t<h3 class=\"elementor-heading-title elementor-size-default\"><a href=\"https:\/\/permakultur-landwirtschaft.org\/fr\/flurbegehung-auf-dem-erlenhof-mit-selbsternte-gemuese-abo-und-innovativem-mulchsystem-am-09-oktober-2025\/\">Flurbegehung auf dem Erlenhof mit Selbsternte-Gem\u00fcse-Abo und innovativem Mulchsystem am 09. Oktober 2025<\/a><\/h3>\t\t\t\t<\/div>\n\t\t\t\t<\/div>\n\t\t\t\t<div class=\"elementor-element elementor-element-0ad4e09 elementor-absolute elementor-widget elementor-widget-text-editor\" data-id=\"0ad4e09\" data-element_type=\"widget\" data-e-type=\"widget\" data-settings=\"{&quot;_position&quot;:&quot;absolute&quot;}\" data-widget_type=\"text-editor.default\">\n\t\t\t\t<div class=\"elementor-widget-container\">\n\t\t\t\t\t\t\t\t\tVeranstaltung\t\t\t\t\t\t\t\t<\/div>\n\t\t\t\t<\/div>\n\t\t\t\t<\/div>\n\t\t\t\t\t<\/div>\n\t\t\t\t<\/div>\n\t\t\t\t<\/div>\n\t\t\t\t<div data-elementor-type=\"loop-item\" data-elementor-id=\"37613\" class=\"elementor elementor-37613 e-loop-item e-loop-item-36925 post-36925 post type-post status-publish format-standard has-post-thumbnail hentry category-veranstaltung tag-beat-roelli tag-chuderboden tag-kurs tag-ohne-folie tag-regenerativ tag-teichbau\" data-elementor-post-type=\"elementor_library\" data-custom-edit-handle=\"1\">\n\t\t\t<div class=\"elementor-element elementor-element-c79cfe5 e-flex e-con-boxed e-con e-parent\" data-id=\"c79cfe5\" data-element_type=\"container\" data-e-type=\"container\">\n\t\t\t\t\t<div class=\"e-con-inner\">\n\t\t<div class=\"elementor-element elementor-element-64a3d73 e-con-full e-flex e-con e-child\" data-id=\"64a3d73\" data-element_type=\"container\" data-e-type=\"container\">\n\t\t\t\t<div class=\"elementor-element elementor-element-2e3812c elementor-widget__width-inherit elementor-widget elementor-widget-image\" data-id=\"2e3812c\" data-element_type=\"widget\" data-e-type=\"widget\" data-widget_type=\"image.default\">\n\t\t\t\t<div class=\"elementor-widget-container\">\n\t\t\t\t\t\t\t\t\t\t\t\t\t\t\t\t<a href=\"https:\/\/permakultur-landwirtschaft.org\/fr\/teichbau-ohne-folie-kursnachmittag-am-25-september-2025\/\">\n\t\t\t\t\t\t\t<img loading=\"lazy\" decoding=\"async\" width=\"700\" height=\"394\" src=\"https:\/\/permakultur-landwirtschaft.org\/wp-content\/uploads\/2025\/08\/teichbau_kurs_regenerativ_50ea49_2337c4de27584d109b9569617255a9admv2.jpg\" class=\"attachment-full size-full wp-image-36926\" alt=\"Teichbau Kurs\" srcset=\"https:\/\/permakultur-landwirtschaft.org\/wp-content\/uploads\/2025\/08\/teichbau_kurs_regenerativ_50ea49_2337c4de27584d109b9569617255a9admv2.jpg 700w, https:\/\/permakultur-landwirtschaft.org\/wp-content\/uploads\/2025\/08\/teichbau_kurs_regenerativ_50ea49_2337c4de27584d109b9569617255a9admv2-300x169.jpg 300w, https:\/\/permakultur-landwirtschaft.org\/wp-content\/uploads\/2025\/08\/teichbau_kurs_regenerativ_50ea49_2337c4de27584d109b9569617255a9admv2-18x10.jpg 18w\" sizes=\"(max-width: 700px) 100vw, 700px\" \/>\t\t\t\t\t\t\t\t<\/a>\n\t\t\t\t\t\t\t\t\t\t\t\t\t\t\t<\/div>\n\t\t\t\t<\/div>\n\t\t\t\t<div class=\"elementor-element elementor-element-65dfa9f elementor-widget elementor-widget-theme-post-title elementor-page-title elementor-widget-heading\" data-id=\"65dfa9f\" data-element_type=\"widget\" data-e-type=\"widget\" data-widget_type=\"theme-post-title.default\">\n\t\t\t\t<div class=\"elementor-widget-container\">\n\t\t\t\t\t<h3 class=\"elementor-heading-title elementor-size-default\"><a href=\"https:\/\/permakultur-landwirtschaft.org\/fr\/teichbau-ohne-folie-kursnachmittag-am-25-september-2025\/\">Teichbau ohne Folie &#8211; Kursnachmittag am 25. September 2025<\/a><\/h3>\t\t\t\t<\/div>\n\t\t\t\t<\/div>\n\t\t\t\t<div class=\"elementor-element elementor-element-0ad4e09 elementor-absolute elementor-widget elementor-widget-text-editor\" data-id=\"0ad4e09\" data-element_type=\"widget\" data-e-type=\"widget\" data-settings=\"{&quot;_position&quot;:&quot;absolute&quot;}\" data-widget_type=\"text-editor.default\">\n\t\t\t\t<div class=\"elementor-widget-container\">\n\t\t\t\t\t\t\t\t\tVeranstaltung\t\t\t\t\t\t\t\t<\/div>\n\t\t\t\t<\/div>\n\t\t\t\t<\/div>\n\t\t\t\t\t<\/div>\n\t\t\t\t<\/div>\n\t\t\t\t<\/div>\n\t\t\t\t<div data-elementor-type=\"loop-item\" data-elementor-id=\"37613\" class=\"elementor elementor-37613 e-loop-item e-loop-item-37132 post-37132 post type-post status-publish format-standard has-post-thumbnail hentry category-veranstaltung tag-agroforst tag-duerrepraevention tag-fibl tag-ig-agroforst tag-keyline tag-philipp-gerhardt tag-wasserrueckhalt tag-webinar\" data-elementor-post-type=\"elementor_library\" data-custom-edit-handle=\"1\">\n\t\t\t<div class=\"elementor-element elementor-element-c79cfe5 e-flex e-con-boxed e-con e-parent\" data-id=\"c79cfe5\" data-element_type=\"container\" data-e-type=\"container\">\n\t\t\t\t\t<div class=\"e-con-inner\">\n\t\t<div class=\"elementor-element elementor-element-64a3d73 e-con-full e-flex e-con e-child\" data-id=\"64a3d73\" data-element_type=\"container\" data-e-type=\"container\">\n\t\t\t\t<div class=\"elementor-element elementor-element-2e3812c elementor-widget__width-inherit elementor-widget elementor-widget-image\" data-id=\"2e3812c\" data-element_type=\"widget\" data-e-type=\"widget\" data-widget_type=\"image.default\">\n\t\t\t\t<div class=\"elementor-widget-container\">\n\t\t\t\t\t\t\t\t\t\t\t\t\t\t\t\t<a href=\"https:\/\/permakultur-landwirtschaft.org\/fr\/wasserrueckhalt-und-duerrepraevention-nach-dem-keyline-ansatz-webinar-am-25-september-2025\/\">\n\t\t\t\t\t\t\t<img loading=\"lazy\" decoding=\"async\" width=\"700\" height=\"525\" src=\"https:\/\/permakultur-landwirtschaft.org\/wp-content\/uploads\/2024\/08\/gerbehof_keyline_August-24.jpg\" class=\"attachment-full size-full wp-image-35161\" alt=\"Gerbehof Keyline August 2024\" srcset=\"https:\/\/permakultur-landwirtschaft.org\/wp-content\/uploads\/2024\/08\/gerbehof_keyline_August-24.jpg 700w, https:\/\/permakultur-landwirtschaft.org\/wp-content\/uploads\/2024\/08\/gerbehof_keyline_August-24-300x225.jpg 300w\" sizes=\"(max-width: 700px) 100vw, 700px\" \/>\t\t\t\t\t\t\t\t<\/a>\n\t\t\t\t\t\t\t\t\t\t\t\t\t\t\t<\/div>\n\t\t\t\t<\/div>\n\t\t\t\t<div class=\"elementor-element elementor-element-65dfa9f elementor-widget elementor-widget-theme-post-title elementor-page-title elementor-widget-heading\" data-id=\"65dfa9f\" data-element_type=\"widget\" data-e-type=\"widget\" data-widget_type=\"theme-post-title.default\">\n\t\t\t\t<div class=\"elementor-widget-container\">\n\t\t\t\t\t<h3 class=\"elementor-heading-title elementor-size-default\"><a href=\"https:\/\/permakultur-landwirtschaft.org\/fr\/wasserrueckhalt-und-duerrepraevention-nach-dem-keyline-ansatz-webinar-am-25-september-2025\/\">Wasserr\u00fcckhalt und D\u00fcrrepr\u00e4vention nach dem Keyline-Ansatz &#8211; Webinar am 25. September 2025<\/a><\/h3>\t\t\t\t<\/div>\n\t\t\t\t<\/div>\n\t\t\t\t<div class=\"elementor-element elementor-element-0ad4e09 elementor-absolute elementor-widget elementor-widget-text-editor\" data-id=\"0ad4e09\" data-element_type=\"widget\" data-e-type=\"widget\" data-settings=\"{&quot;_position&quot;:&quot;absolute&quot;}\" data-widget_type=\"text-editor.default\">\n\t\t\t\t<div class=\"elementor-widget-container\">\n\t\t\t\t\t\t\t\t\tVeranstaltung\t\t\t\t\t\t\t\t<\/div>\n\t\t\t\t<\/div>\n\t\t\t\t<\/div>\n\t\t\t\t\t<\/div>\n\t\t\t\t<\/div>\n\t\t\t\t<\/div>\n\t\t\t\t<div data-elementor-type=\"loop-item\" data-elementor-id=\"37613\" class=\"elementor elementor-37613 e-loop-item e-loop-item-35256 post-35256 post type-post status-publish format-standard has-post-thumbnail hentry category-veranstaltung tag-dario-principi tag-inforama tag-kurs tag-muehlacker tag-nennigkofen tag-permakultur\" data-elementor-post-type=\"elementor_library\" data-custom-edit-handle=\"1\">\n\t\t\t<div class=\"elementor-element elementor-element-c79cfe5 e-flex e-con-boxed e-con e-parent\" data-id=\"c79cfe5\" data-element_type=\"container\" data-e-type=\"container\">\n\t\t\t\t\t<div class=\"e-con-inner\">\n\t\t<div class=\"elementor-element elementor-element-64a3d73 e-con-full e-flex e-con e-child\" data-id=\"64a3d73\" data-element_type=\"container\" data-e-type=\"container\">\n\t\t\t\t<div class=\"elementor-element elementor-element-2e3812c elementor-widget__width-inherit elementor-widget elementor-widget-image\" data-id=\"2e3812c\" data-element_type=\"widget\" data-e-type=\"widget\" data-widget_type=\"image.default\">\n\t\t\t\t<div class=\"elementor-widget-container\">\n\t\t\t\t\t\t\t\t\t\t\t\t\t\t\t\t<a href=\"https:\/\/permakultur-landwirtschaft.org\/fr\/permakultur-gestaltung-und-solawi-kurs-am-24-september-2025\/\">\n\t\t\t\t\t\t\t<img loading=\"lazy\" decoding=\"async\" width=\"700\" height=\"525\" src=\"https:\/\/permakultur-landwirtschaft.org\/wp-content\/uploads\/2023\/11\/PK_Solawi_Muehlacker_bearb_700.jpeg\" class=\"attachment-full size-full wp-image-33044\" alt=\"Solawi M\u00fchlacker\" srcset=\"https:\/\/permakultur-landwirtschaft.org\/wp-content\/uploads\/2023\/11\/PK_Solawi_Muehlacker_bearb_700.jpeg 700w, https:\/\/permakultur-landwirtschaft.org\/wp-content\/uploads\/2023\/11\/PK_Solawi_Muehlacker_bearb_700-300x225.jpeg 300w\" sizes=\"(max-width: 700px) 100vw, 700px\" \/>\t\t\t\t\t\t\t\t<\/a>\n\t\t\t\t\t\t\t\t\t\t\t\t\t\t\t<\/div>\n\t\t\t\t<\/div>\n\t\t\t\t<div class=\"elementor-element elementor-element-65dfa9f elementor-widget elementor-widget-theme-post-title elementor-page-title elementor-widget-heading\" data-id=\"65dfa9f\" data-element_type=\"widget\" data-e-type=\"widget\" data-widget_type=\"theme-post-title.default\">\n\t\t\t\t<div class=\"elementor-widget-container\">\n\t\t\t\t\t<h3 class=\"elementor-heading-title elementor-size-default\"><a href=\"https:\/\/permakultur-landwirtschaft.org\/fr\/permakultur-gestaltung-und-solawi-kurs-am-24-september-2025\/\">Permakultur Gestaltung und Solawi &#8211; Kurs am 24. September 2025<\/a><\/h3>\t\t\t\t<\/div>\n\t\t\t\t<\/div>\n\t\t\t\t<div class=\"elementor-element elementor-element-0ad4e09 elementor-absolute elementor-widget elementor-widget-text-editor\" data-id=\"0ad4e09\" data-element_type=\"widget\" data-e-type=\"widget\" data-settings=\"{&quot;_position&quot;:&quot;absolute&quot;}\" data-widget_type=\"text-editor.default\">\n\t\t\t\t<div class=\"elementor-widget-container\">\n\t\t\t\t\t\t\t\t\tVeranstaltung\t\t\t\t\t\t\t\t<\/div>\n\t\t\t\t<\/div>\n\t\t\t\t<\/div>\n\t\t\t\t\t<\/div>\n\t\t\t\t<\/div>\n\t\t\t\t<\/div>\n\t\t\t\t<\/div>\n\t\t\t\t\t<span class=\"e-load-more-spinner\">\n\t\t\t\t<svg aria-hidden=\"true\" class=\"e-font-icon-svg e-fas-spinner\" viewBox=\"0 0 512 512\" xmlns=\"http:\/\/www.w3.org\/2000\/svg\"><path d=\"M304 48c0 26.51-21.49 48-48 48s-48-21.49-48-48 21.49-48 48-48 48 21.49 48 48zm-48 368c-26.51 0-48 21.49-48 48s21.49 48 48 48 48-21.49 48-48-21.49-48-48-48zm208-208c-26.51 0-48 21.49-48 48s21.49 48 48 48 48-21.49 48-48-21.49-48-48-48zM96 256c0-26.51-21.49-48-48-48S0 229.49 0 256s21.49 48 48 48 48-21.49 48-48zm12.922 99.078c-26.51 0-48 21.49-48 48s21.49 48 48 48 48-21.49 48-48c0-26.509-21.491-48-48-48zm294.156 0c-26.51 0-48 21.49-48 48s21.49 48 48 48 48-21.49 48-48c0-26.509-21.49-48-48-48zM108.922 60.922c-26.51 0-48 21.49-48 48s21.49 48 48 48 48-21.49 48-48-21.491-48-48-48z\"><\/path><\/svg>\t\t\t<\/span>\n\t\t\n\t\t\t\t<div class=\"e-load-more-anchor\" data-page=\"1\" data-max-page=\"5\" data-next-page=\"https:\/\/permakultur-landwirtschaft.org\/fr\/wp-json\/wp\/v2\/pages\/37939\/page\/2\/\"><\/div>\n\t\t\t\t<div class=\"e-loop__load-more elementor-button-wrapper\">\n\t\t\t<a class=\"elementor-button elementor-size-sm\" role=\"button\">\n\t\t\t\t\t\t<span class=\"elementor-button-content-wrapper\">\n\t\t\t\t\t\t\t\t\t<span class=\"elementor-button-text\">weitere...<\/span>\n\t\t\t\t\t<\/span>\n\t\t\t\t\t<\/a>\n\t\t<\/div>\n\t\t\t\t<div class=\"e-load-more-message\"><\/div>\n\t\t\t\t\t\t<\/div>\n\t\t\t\t<\/div>\n\t\t\t\t<div class=\"elementor-element elementor-element-7d00169 elementor-widget elementor-widget-spacer\" data-id=\"7d00169\" data-element_type=\"widget\" data-e-type=\"widget\" data-widget_type=\"spacer.default\">\n\t\t\t\t<div class=\"elementor-widget-container\">\n\t\t\t\t\t\t\t<div class=\"elementor-spacer\">\n\t\t\t<div class=\"elementor-spacer-inner\"><\/div>\n\t\t<\/div>\n\t\t\t\t\t\t<\/div>\n\t\t\t\t<\/div>\n\t\t\t\t<div class=\"elementor-element elementor-element-99db040 elementor-position-inline-start elementor-view-default elementor-mobile-position-block-start elementor-widget elementor-widget-icon-box\" data-id=\"99db040\" data-element_type=\"widget\" data-e-type=\"widget\" data-widget_type=\"icon-box.default\">\n\t\t\t\t<div class=\"elementor-widget-container\">\n\t\t\t\t\t\t\t<div class=\"elementor-icon-box-wrapper\">\n\n\t\t\t\t\t\t<div class=\"elementor-icon-box-icon\">\n\t\t\t\t<a href=\"https:\/\/permakultur-landwirtschaft.org\/veranstaltungsarchiv-bis-12-oktober-2023\/\" class=\"elementor-icon elementor-animation-pulse\" tabindex=\"-1\" aria-label=\"Hier gehts zu den Veranstaltungen vor dem 12. Oktober 2023\">\n\t\t\t\t<svg aria-hidden=\"true\" class=\"e-font-icon-svg e-fas-arrow-right\" viewBox=\"0 0 448 512\" xmlns=\"http:\/\/www.w3.org\/2000\/svg\"><path d=\"M190.5 66.9l22.2-22.2c9.4-9.4 24.6-9.4 33.9 0L441 239c9.4 9.4 9.4 24.6 0 33.9L246.6 467.3c-9.4 9.4-24.6 9.4-33.9 0l-22.2-22.2c-9.5-9.5-9.3-25 .4-34.3L311.4 296H24c-13.3 0-24-10.7-24-24v-32c0-13.3 10.7-24 24-24h287.4L190.9 101.2c-9.8-9.3-10-24.8-.4-34.3z\"><\/path><\/svg>\t\t\t\t<\/a>\n\t\t\t<\/div>\n\t\t\t\n\t\t\t\t\t\t<div class=\"elementor-icon-box-content\">\n\n\t\t\t\t\t\t\t\t\t<h3 class=\"elementor-icon-box-title\">\n\t\t\t\t\t\t<a href=\"https:\/\/permakultur-landwirtschaft.org\/veranstaltungsarchiv-bis-12-oktober-2023\/\" >\n\t\t\t\t\t\t\tHier gehts zu den Veranstaltungen vor dem 12. Oktober 2023\t\t\t\t\t\t<\/a>\n\t\t\t\t\t<\/h3>\n\t\t\t\t\n\t\t\t\t\n\t\t\t<\/div>\n\t\t\t\n\t\t<\/div>\n\t\t\t\t\t\t<\/div>\n\t\t\t\t<\/div>\n\t\t\t\t<div class=\"elementor-element elementor-element-61bbb04 elementor-position-inline-start elementor-view-default elementor-mobile-position-block-start elementor-widget elementor-widget-icon-box\" data-id=\"61bbb04\" data-element_type=\"widget\" data-e-type=\"widget\" data-widget_type=\"icon-box.default\">\n\t\t\t\t<div class=\"elementor-widget-container\">\n\t\t\t\t\t\t\t<div class=\"elementor-icon-box-wrapper\">\n\n\t\t\t\t\t\t<div class=\"elementor-icon-box-icon\">\n\t\t\t\t<a href=\"https:\/\/permakultur-landwirtschaft.org\/veranstaltungen\/\" class=\"elementor-icon elementor-animation-pulse\" tabindex=\"-1\" aria-label=\"Hier gehts zu den aktuellen Veranstaltungen\">\n\t\t\t\t<svg aria-hidden=\"true\" class=\"e-font-icon-svg e-fas-arrow-right\" viewBox=\"0 0 448 512\" xmlns=\"http:\/\/www.w3.org\/2000\/svg\"><path d=\"M190.5 66.9l22.2-22.2c9.4-9.4 24.6-9.4 33.9 0L441 239c9.4 9.4 9.4 24.6 0 33.9L246.6 467.3c-9.4 9.4-24.6 9.4-33.9 0l-22.2-22.2c-9.5-9.5-9.3-25 .4-34.3L311.4 296H24c-13.3 0-24-10.7-24-24v-32c0-13.3 10.7-24 24-24h287.4L190.9 101.2c-9.8-9.3-10-24.8-.4-34.3z\"><\/path><\/svg>\t\t\t\t<\/a>\n\t\t\t<\/div>\n\t\t\t\n\t\t\t\t\t\t<div class=\"elementor-icon-box-content\">\n\n\t\t\t\t\t\t\t\t\t<h3 class=\"elementor-icon-box-title\">\n\t\t\t\t\t\t<a href=\"https:\/\/permakultur-landwirtschaft.org\/veranstaltungen\/\" >\n\t\t\t\t\t\t\tHier gehts zu den aktuellen Veranstaltungen\t\t\t\t\t\t<\/a>\n\t\t\t\t\t<\/h3>\n\t\t\t\t\n\t\t\t\t\n\t\t\t<\/div>\n\t\t\t\n\t\t<\/div>\n\t\t\t\t\t\t<\/div>\n\t\t\t\t<\/div>\n\t\t\t\t<div class=\"elementor-element elementor-element-236957a elementor-widget elementor-widget-spacer\" data-id=\"236957a\" data-element_type=\"widget\" data-e-type=\"widget\" data-widget_type=\"spacer.default\">\n\t\t\t\t<div class=\"elementor-widget-container\">\n\t\t\t\t\t\t\t<div class=\"elementor-spacer\">\n\t\t\t<div class=\"elementor-spacer-inner\"><\/div>\n\t\t<\/div>\n\t\t\t\t\t\t<\/div>\n\t\t\t\t<\/div>\n\t\t\t\t\t<\/div>\n\t\t\t\t<\/div>\n\t\t\t\t<\/div>\n\t\t","protected":false},"excerpt":{"rendered":"<p>Veranstaltungensarchiv Hier gehts zu den aktuellen Veranstaltungen Hier gehts zu den Veranstaltungen vor dem 12. Oktober 2023 Hier gehts zu den aktuellen Veranstaltungen<\/p>","protected":false},"author":2,"featured_media":34835,"parent":0,"menu_order":0,"comment_status":"closed","ping_status":"closed","template":"","meta":{"_acf_changed":false,"site-sidebar-layout":"no-sidebar","site-content-layout":"page-builder","ast-site-content-layout":"full-width-container","site-content-style":"default","site-sidebar-style":"default","ast-global-header-display":"","ast-banner-title-visibility":"","ast-main-header-display":"","ast-hfb-above-header-display":"","ast-hfb-below-header-display":"","ast-hfb-mobile-header-display":"","site-post-title":"","ast-breadcrumbs-content":"","ast-featured-img":"disabled","footer-sml-layout":"","ast-disable-related-posts":"","theme-transparent-header-meta":"","adv-header-id-meta":"","stick-header-meta":"","header-above-stick-meta":"","header-main-stick-meta":"","header-below-stick-meta":"","astra-migrate-meta-layouts":"set","ast-page-background-enabled":"default","ast-page-background-meta":{"desktop":{"background-color":"var(--ast-global-color-4)","background-image":"","background-repeat":"repeat","background-position":"center center","background-size":"auto","background-attachment":"scroll","background-type":"","background-media":"","overlay-type":"","overlay-color":"","overlay-opacity":"","overlay-gradient":""},"tablet":{"background-color":"","background-image":"","background-repeat":"repeat","background-position":"center center","background-size":"auto","background-attachment":"scroll","background-type":"","background-media":"","overlay-type":"","overlay-color":"","overlay-opacity":"","overlay-gradient":""},"mobile":{"background-color":"","background-image":"","background-repeat":"repeat","background-position":"center center","background-size":"auto","background-attachment":"scroll","background-type":"","background-media":"","overlay-type":"","overlay-color":"","overlay-opacity":"","overlay-gradient":""}},"ast-content-background-meta":{"desktop":{"background-color":"var(--ast-global-color-5)","background-image":"","background-repeat":"repeat","background-position":"center center","background-size":"auto","background-attachment":"scroll","background-type":"","background-media":"","overlay-type":"","overlay-color":"","overlay-opacity":"","overlay-gradient":""},"tablet":{"background-color":"var(--ast-global-color-5)","background-image":"","background-repeat":"repeat","background-position":"center center","background-size":"auto","background-attachment":"scroll","background-type":"","background-media":"","overlay-type":"","overlay-color":"","overlay-opacity":"","overlay-gradient":""},"mobile":{"background-color":"var(--ast-global-color-5)","background-image":"","background-repeat":"repeat","background-position":"center center","background-size":"auto","background-attachment":"scroll","background-type":"","background-media":"","overlay-type":"","overlay-color":"","overlay-opacity":"","overlay-gradient":""}},"footnotes":""},"class_list":["post-37939","page","type-page","status-publish","has-post-thumbnail","hentry"],"acf":[],"yoast_head":"<!-- This site is optimized with the Yoast SEO plugin v27.4 - https:\/\/yoast.com\/product\/yoast-seo-wordpress\/ -->\n<title>Veranstaltungsarchiv - Permakultur-Landwirtschaft<\/title>\n<meta name=\"robots\" content=\"index, follow, max-snippet:-1, max-image-preview:large, max-video-preview:-1\" \/>\n<link rel=\"canonical\" href=\"https:\/\/permakultur-landwirtschaft.org\/fr\/veranstaltungsarchiv\/\" \/>\n<meta property=\"og:locale\" content=\"fr_FR\" \/>\n<meta property=\"og:type\" content=\"article\" \/>\n<meta property=\"og:title\" content=\"Veranstaltungsarchiv - Permakultur-Landwirtschaft\" \/>\n<meta property=\"og:description\" content=\"Veranstaltungensarchiv Hier gehts zu den aktuellen Veranstaltungen Hier gehts zu den Veranstaltungen vor dem 12. Oktober 2023 Hier gehts zu den aktuellen Veranstaltungen\" \/>\n<meta property=\"og:url\" content=\"https:\/\/permakultur-landwirtschaft.org\/fr\/veranstaltungsarchiv\/\" \/>\n<meta property=\"og:site_name\" content=\"Permakultur-Landwirtschaft\" \/>\n<meta property=\"article:publisher\" content=\"https:\/\/www.facebook.com\/PermakulturLandwirtschaft\" \/>\n<meta property=\"article:modified_time\" content=\"2026-03-31T07:39:58+00:00\" \/>\n<meta property=\"og:image\" content=\"https:\/\/permakultur-landwirtschaft.org\/wp-content\/uploads\/2024\/05\/Biovision_Schweiz_Weingut_Lenz-e1688132278824.jpg\" \/>\n\t<meta property=\"og:image:width\" content=\"700\" \/>\n\t<meta property=\"og:image:height\" content=\"386\" \/>\n\t<meta property=\"og:image:type\" content=\"image\/jpeg\" \/>\n<meta name=\"twitter:card\" content=\"summary_large_image\" \/>\n<meta name=\"twitter:label1\" content=\"Dur\u00e9e de lecture estim\u00e9e\" \/>\n\t<meta name=\"twitter:data1\" content=\"22 minutes\" \/>\n<script type=\"application\/ld+json\" class=\"yoast-schema-graph\">{\"@context\":\"https:\\\/\\\/schema.org\",\"@graph\":[{\"@type\":\"WebPage\",\"@id\":\"https:\\\/\\\/permakultur-landwirtschaft.org\\\/veranstaltungsarchiv\\\/\",\"url\":\"https:\\\/\\\/permakultur-landwirtschaft.org\\\/veranstaltungsarchiv\\\/\",\"name\":\"Veranstaltungsarchiv - Permakultur-Landwirtschaft\",\"isPartOf\":{\"@id\":\"https:\\\/\\\/permakultur-landwirtschaft.org\\\/#website\"},\"primaryImageOfPage\":{\"@id\":\"https:\\\/\\\/permakultur-landwirtschaft.org\\\/veranstaltungsarchiv\\\/#primaryimage\"},\"image\":{\"@id\":\"https:\\\/\\\/permakultur-landwirtschaft.org\\\/veranstaltungsarchiv\\\/#primaryimage\"},\"thumbnailUrl\":\"https:\\\/\\\/permakultur-landwirtschaft.org\\\/wp-content\\\/uploads\\\/2024\\\/05\\\/Biovision_Schweiz_Weingut_Lenz-e1688132278824.jpg\",\"datePublished\":\"2026-02-19T13:59:34+00:00\",\"dateModified\":\"2026-03-31T07:39:58+00:00\",\"breadcrumb\":{\"@id\":\"https:\\\/\\\/permakultur-landwirtschaft.org\\\/veranstaltungsarchiv\\\/#breadcrumb\"},\"inLanguage\":\"fr-FR\",\"potentialAction\":[{\"@type\":\"ReadAction\",\"target\":[\"https:\\\/\\\/permakultur-landwirtschaft.org\\\/veranstaltungsarchiv\\\/\"]}]},{\"@type\":\"ImageObject\",\"inLanguage\":\"fr-FR\",\"@id\":\"https:\\\/\\\/permakultur-landwirtschaft.org\\\/veranstaltungsarchiv\\\/#primaryimage\",\"url\":\"https:\\\/\\\/permakultur-landwirtschaft.org\\\/wp-content\\\/uploads\\\/2024\\\/05\\\/Biovision_Schweiz_Weingut_Lenz-e1688132278824.jpg\",\"contentUrl\":\"https:\\\/\\\/permakultur-landwirtschaft.org\\\/wp-content\\\/uploads\\\/2024\\\/05\\\/Biovision_Schweiz_Weingut_Lenz-e1688132278824.jpg\",\"width\":700,\"height\":386,\"caption\":\"Bild: Christian Jaeggi\"},{\"@type\":\"BreadcrumbList\",\"@id\":\"https:\\\/\\\/permakultur-landwirtschaft.org\\\/veranstaltungsarchiv\\\/#breadcrumb\",\"itemListElement\":[{\"@type\":\"ListItem\",\"position\":1,\"name\":\"Startseite\",\"item\":\"https:\\\/\\\/permakultur-landwirtschaft.org\\\/\"},{\"@type\":\"ListItem\",\"position\":2,\"name\":\"Veranstaltungsarchiv\"}]},{\"@type\":\"WebSite\",\"@id\":\"https:\\\/\\\/permakultur-landwirtschaft.org\\\/#website\",\"url\":\"https:\\\/\\\/permakultur-landwirtschaft.org\\\/\",\"name\":\"Permakultur-Landwirtschaft\",\"description\":\"F\u00f6rderung der Permakultur in der Landwirtschaft\",\"publisher\":{\"@id\":\"https:\\\/\\\/permakultur-landwirtschaft.org\\\/#organization\"},\"potentialAction\":[{\"@type\":\"SearchAction\",\"target\":{\"@type\":\"EntryPoint\",\"urlTemplate\":\"https:\\\/\\\/permakultur-landwirtschaft.org\\\/?s={search_term_string}\"},\"query-input\":{\"@type\":\"PropertyValueSpecification\",\"valueRequired\":true,\"valueName\":\"search_term_string\"}}],\"inLanguage\":\"fr-FR\"},{\"@type\":\"Organization\",\"@id\":\"https:\\\/\\\/permakultur-landwirtschaft.org\\\/#organization\",\"name\":\"Permakultur-Landwirtschaft\",\"alternateName\":\"Verein Permakultur-Landwirtschaft\",\"url\":\"https:\\\/\\\/permakultur-landwirtschaft.org\\\/\",\"logo\":{\"@type\":\"ImageObject\",\"inLanguage\":\"fr-FR\",\"@id\":\"https:\\\/\\\/permakultur-landwirtschaft.org\\\/#\\\/schema\\\/logo\\\/image\\\/\",\"url\":\"https:\\\/\\\/permakultur-landwirtschaft.org\\\/wp-content\\\/uploads\\\/2021\\\/11\\\/pela_1268x1269.png\",\"contentUrl\":\"https:\\\/\\\/permakultur-landwirtschaft.org\\\/wp-content\\\/uploads\\\/2021\\\/11\\\/pela_1268x1269.png\",\"width\":1298,\"height\":1269,\"caption\":\"Permakultur-Landwirtschaft\"},\"image\":{\"@id\":\"https:\\\/\\\/permakultur-landwirtschaft.org\\\/#\\\/schema\\\/logo\\\/image\\\/\"},\"sameAs\":[\"https:\\\/\\\/www.facebook.com\\\/PermakulturLandwirtschaft\",\"https:\\\/\\\/www.instagram.com\\\/permakultur_landwirtschaft\\\/\",\"https:\\\/\\\/www.flickr.com\\\/photos\\\/permakultur-landwirtschaft\",\"https:\\\/\\\/www.youtube.com\\\/@PermakulturLandwirtschaft\"]}]}<\/script>\n<!-- \/ Yoast SEO plugin. -->","yoast_head_json":{"title":"Veranstaltungsarchiv - Permakultur-Landwirtschaft","robots":{"index":"index","follow":"follow","max-snippet":"max-snippet:-1","max-image-preview":"max-image-preview:large","max-video-preview":"max-video-preview:-1"},"canonical":"https:\/\/permakultur-landwirtschaft.org\/fr\/veranstaltungsarchiv\/","og_locale":"fr_FR","og_type":"article","og_title":"Veranstaltungsarchiv - Permakultur-Landwirtschaft","og_description":"Veranstaltungensarchiv Hier gehts zu den aktuellen Veranstaltungen Hier gehts zu den Veranstaltungen vor dem 12. Oktober 2023 Hier gehts zu den aktuellen Veranstaltungen","og_url":"https:\/\/permakultur-landwirtschaft.org\/fr\/veranstaltungsarchiv\/","og_site_name":"Permakultur-Landwirtschaft","article_publisher":"https:\/\/www.facebook.com\/PermakulturLandwirtschaft","article_modified_time":"2026-03-31T07:39:58+00:00","og_image":[{"width":700,"height":386,"url":"https:\/\/permakultur-landwirtschaft.org\/wp-content\/uploads\/2024\/05\/Biovision_Schweiz_Weingut_Lenz-e1688132278824.jpg","type":"image\/jpeg"}],"twitter_card":"summary_large_image","twitter_misc":{"Dur\u00e9e de lecture estim\u00e9e":"22 minutes"},"schema":{"@context":"https:\/\/schema.org","@graph":[{"@type":"WebPage","@id":"https:\/\/permakultur-landwirtschaft.org\/veranstaltungsarchiv\/","url":"https:\/\/permakultur-landwirtschaft.org\/veranstaltungsarchiv\/","name":"Veranstaltungsarchiv - Permakultur-Landwirtschaft","isPartOf":{"@id":"https:\/\/permakultur-landwirtschaft.org\/#website"},"primaryImageOfPage":{"@id":"https:\/\/permakultur-landwirtschaft.org\/veranstaltungsarchiv\/#primaryimage"},"image":{"@id":"https:\/\/permakultur-landwirtschaft.org\/veranstaltungsarchiv\/#primaryimage"},"thumbnailUrl":"https:\/\/permakultur-landwirtschaft.org\/wp-content\/uploads\/2024\/05\/Biovision_Schweiz_Weingut_Lenz-e1688132278824.jpg","datePublished":"2026-02-19T13:59:34+00:00","dateModified":"2026-03-31T07:39:58+00:00","breadcrumb":{"@id":"https:\/\/permakultur-landwirtschaft.org\/veranstaltungsarchiv\/#breadcrumb"},"inLanguage":"fr-FR","potentialAction":[{"@type":"ReadAction","target":["https:\/\/permakultur-landwirtschaft.org\/veranstaltungsarchiv\/"]}]},{"@type":"ImageObject","inLanguage":"fr-FR","@id":"https:\/\/permakultur-landwirtschaft.org\/veranstaltungsarchiv\/#primaryimage","url":"https:\/\/permakultur-landwirtschaft.org\/wp-content\/uploads\/2024\/05\/Biovision_Schweiz_Weingut_Lenz-e1688132278824.jpg","contentUrl":"https:\/\/permakultur-landwirtschaft.org\/wp-content\/uploads\/2024\/05\/Biovision_Schweiz_Weingut_Lenz-e1688132278824.jpg","width":700,"height":386,"caption":"Bild: Christian Jaeggi"},{"@type":"BreadcrumbList","@id":"https:\/\/permakultur-landwirtschaft.org\/veranstaltungsarchiv\/#breadcrumb","itemListElement":[{"@type":"ListItem","position":1,"name":"Startseite","item":"https:\/\/permakultur-landwirtschaft.org\/"},{"@type":"ListItem","position":2,"name":"Veranstaltungsarchiv"}]},{"@type":"WebSite","@id":"https:\/\/permakultur-landwirtschaft.org\/#website","url":"https:\/\/permakultur-landwirtschaft.org\/","name":"Permakultur-Landwirtschaft","description":"F\u00f6rderung der Permakultur in der Landwirtschaft","publisher":{"@id":"https:\/\/permakultur-landwirtschaft.org\/#organization"},"potentialAction":[{"@type":"SearchAction","target":{"@type":"EntryPoint","urlTemplate":"https:\/\/permakultur-landwirtschaft.org\/?s={search_term_string}"},"query-input":{"@type":"PropertyValueSpecification","valueRequired":true,"valueName":"search_term_string"}}],"inLanguage":"fr-FR"},{"@type":"Organization","@id":"https:\/\/permakultur-landwirtschaft.org\/#organization","name":"Permakultur-Landwirtschaft","alternateName":"Verein Permakultur-Landwirtschaft","url":"https:\/\/permakultur-landwirtschaft.org\/","logo":{"@type":"ImageObject","inLanguage":"fr-FR","@id":"https:\/\/permakultur-landwirtschaft.org\/#\/schema\/logo\/image\/","url":"https:\/\/permakultur-landwirtschaft.org\/wp-content\/uploads\/2021\/11\/pela_1268x1269.png","contentUrl":"https:\/\/permakultur-landwirtschaft.org\/wp-content\/uploads\/2021\/11\/pela_1268x1269.png","width":1298,"height":1269,"caption":"Permakultur-Landwirtschaft"},"image":{"@id":"https:\/\/permakultur-landwirtschaft.org\/#\/schema\/logo\/image\/"},"sameAs":["https:\/\/www.facebook.com\/PermakulturLandwirtschaft","https:\/\/www.instagram.com\/permakultur_landwirtschaft\/","https:\/\/www.flickr.com\/photos\/permakultur-landwirtschaft","https:\/\/www.youtube.com\/@PermakulturLandwirtschaft"]}]}},"_links":{"self":[{"href":"https:\/\/permakultur-landwirtschaft.org\/fr\/wp-json\/wp\/v2\/pages\/37939","targetHints":{"allow":["GET"]}}],"collection":[{"href":"https:\/\/permakultur-landwirtschaft.org\/fr\/wp-json\/wp\/v2\/pages"}],"about":[{"href":"https:\/\/permakultur-landwirtschaft.org\/fr\/wp-json\/wp\/v2\/types\/page"}],"author":[{"embeddable":true,"href":"https:\/\/permakultur-landwirtschaft.org\/fr\/wp-json\/wp\/v2\/users\/2"}],"replies":[{"embeddable":true,"href":"https:\/\/permakultur-landwirtschaft.org\/fr\/wp-json\/wp\/v2\/comments?post=37939"}],"version-history":[{"count":52,"href":"https:\/\/permakultur-landwirtschaft.org\/fr\/wp-json\/wp\/v2\/pages\/37939\/revisions"}],"predecessor-version":[{"id":39018,"href":"https:\/\/permakultur-landwirtschaft.org\/fr\/wp-json\/wp\/v2\/pages\/37939\/revisions\/39018"}],"wp:featuredmedia":[{"embeddable":true,"href":"https:\/\/permakultur-landwirtschaft.org\/fr\/wp-json\/wp\/v2\/media\/34835"}],"wp:attachment":[{"href":"https:\/\/permakultur-landwirtschaft.org\/fr\/wp-json\/wp\/v2\/media?parent=37939"}],"curies":[{"name":"wp","href":"https:\/\/api.w.org\/{rel}","templated":true}]}}