{"id":2755,"date":"2021-04-23T17:46:51","date_gmt":"2021-04-23T15:46:51","guid":{"rendered":"https:\/\/permakultur-landwirtschaft.org\/?page_id=2755"},"modified":"2026-03-31T15:59:44","modified_gmt":"2026-03-31T13:59:44","slug":"dokumente","status":"publish","type":"page","link":"https:\/\/permakultur-landwirtschaft.org\/fr\/dokumente\/","title":{"rendered":"Documents \/ Livres"},"content":{"rendered":"\t\t<div data-elementor-type=\"wp-page\" data-elementor-id=\"2755\" class=\"elementor elementor-2755\" data-elementor-post-type=\"page\">\n\t\t\t\t<div class=\"elementor-element elementor-element-f60bb10 e-flex e-con-boxed e-con e-parent\" data-id=\"f60bb10\" data-element_type=\"container\" data-e-type=\"container\">\n\t\t\t\t\t<div class=\"e-con-inner\">\n\t\t<div class=\"elementor-element elementor-element-1878045 e-con-full e-flex e-con e-child\" data-id=\"1878045\" data-element_type=\"container\" data-e-type=\"container\">\n\t\t\t\t<div class=\"elementor-element elementor-element-a78d257 elementor-widget elementor-widget-heading\" data-id=\"a78d257\" data-element_type=\"widget\" data-e-type=\"widget\" data-widget_type=\"heading.default\">\n\t\t\t\t<div class=\"elementor-widget-container\">\n\t\t\t\t\t<h1 class=\"elementor-heading-title elementor-size-default\">Dokumente und B\u00fccher zu Permakultur-Landwirtschaft<\/h1>\t\t\t\t<\/div>\n\t\t\t\t<\/div>\n\t\t\t\t<div class=\"elementor-element elementor-element-24e8fa0 elementor-align-left elementor-widget elementor-widget-global elementor-global-31837 elementor-widget-post-info\" data-id=\"24e8fa0\" data-element_type=\"widget\" data-e-type=\"widget\" data-widget_type=\"post-info.default\">\n\t\t\t\t<div class=\"elementor-widget-container\">\n\t\t\t\t\t\t\t<ul class=\"elementor-inline-items elementor-icon-list-items elementor-post-info\">\n\t\t\t\t\t\t\t\t<li class=\"elementor-icon-list-item elementor-repeater-item-b86257f elementor-inline-item\">\n\t\t\t\t\t\t\t\t\t\t\t\t\t<span class=\"elementor-icon-list-text elementor-post-info__item elementor-post-info__item--type-custom\">\n\t\t\t\t\t\t\t\t\t\tzuletzt aktualisiert am\t\t\t\t\t<\/span>\n\t\t\t\t\t\t\t\t<\/li>\n\t\t\t\t<li class=\"elementor-icon-list-item elementor-repeater-item-94e5de7 elementor-inline-item\">\n\t\t\t\t\t\t\t\t\t\t\t\t\t<span class=\"elementor-icon-list-text elementor-post-info__item elementor-post-info__item--type-custom\">\n\t\t\t\t\t\t\t\t\t\t31. mars 2026\t\t\t\t\t<\/span>\n\t\t\t\t\t\t\t\t<\/li>\n\t\t\t\t<\/ul>\n\t\t\t\t\t\t<\/div>\n\t\t\t\t<\/div>\n\t\t\t\t<div class=\"elementor-element elementor-element-a05faad elementor-widget elementor-widget-text-editor\" data-id=\"a05faad\" data-element_type=\"widget\" data-e-type=\"widget\" data-widget_type=\"text-editor.default\">\n\t\t\t\t<div class=\"elementor-widget-container\">\n\t\t\t\t\t\t\t\t\t<p>Weitere Dokumente sind auch unter <a href=\"https:\/\/permakultur-landwirtschaft.org\/publikationen\/\">Wissenschaftliche Publikationen<\/a> oder bei <a href=\"https:\/\/permakultur-landwirtschaft.org\/unterlagen\/\">Unterlagen und Arbeitshilfen<\/a> zu finden.<\/p><p>Andere Webseiten mit interessanten Berichten, Artikeln, Ver\u00f6ffentlichungen etc:<\/p>\t\t\t\t\t\t\t\t<\/div>\n\t\t\t\t<\/div>\n\t\t\t\t<div class=\"elementor-element elementor-element-e77e078 elementor-widget elementor-widget-n-accordion\" data-id=\"e77e078\" data-element_type=\"widget\" data-e-type=\"widget\" data-settings=\"{&quot;default_state&quot;:&quot;all_collapsed&quot;,&quot;max_items_expended&quot;:&quot;one&quot;,&quot;n_accordion_animation_duration&quot;:{&quot;unit&quot;:&quot;ms&quot;,&quot;size&quot;:400,&quot;sizes&quot;:[]}}\" data-widget_type=\"nested-accordion.default\">\n\t\t\t\t<div class=\"elementor-widget-container\">\n\t\t\t\t\t\t\t<div class=\"e-n-accordion\" aria-label=\"Accordion. Open links with Enter or Space, close with Escape, and navigate with Arrow Keys\">\n\t\t\t\t\t\t<details id=\"e-n-accordion-item-2420\" class=\"e-n-accordion-item\" >\n\t\t\t\t<summary class=\"e-n-accordion-item-title\" data-accordion-index=\"1\" tabindex=\"0\" aria-expanded=\"false\" aria-controls=\"e-n-accordion-item-2420\" >\n\t\t\t\t\t<span class='e-n-accordion-item-title-header'><div class=\"e-n-accordion-item-title-text\"> Weitere Sammlungen und Listen mit interessanter Literatur <\/div><\/span>\n\t\t\t\t\t\t\t<span class='e-n-accordion-item-title-icon'>\n\t\t\t<span class='e-opened' ><svg aria-hidden=\"true\" class=\"e-font-icon-svg e-fas-minus\" viewBox=\"0 0 448 512\" xmlns=\"http:\/\/www.w3.org\/2000\/svg\"><path d=\"M416 208H32c-17.67 0-32 14.33-32 32v32c0 17.67 14.33 32 32 32h384c17.67 0 32-14.33 32-32v-32c0-17.67-14.33-32-32-32z\"><\/path><\/svg><\/span>\n\t\t\t<span class='e-closed'><svg aria-hidden=\"true\" class=\"e-font-icon-svg e-fas-plus\" viewBox=\"0 0 448 512\" xmlns=\"http:\/\/www.w3.org\/2000\/svg\"><path d=\"M416 208H272V64c0-17.67-14.33-32-32-32h-32c-17.67 0-32 14.33-32 32v144H32c-17.67 0-32 14.33-32 32v32c0 17.67 14.33 32 32 32h144v144c0 17.67 14.33 32 32 32h32c17.67 0 32-14.33 32-32V304h144c17.67 0 32-14.33 32-32v-32c0-17.67-14.33-32-32-32z\"><\/path><\/svg><\/span>\n\t\t<\/span>\n\n\t\t\t\t\t\t<\/summary>\n\t\t\t\t<div role=\"region\" aria-labelledby=\"e-n-accordion-item-2420\" class=\"elementor-element elementor-element-049d4cc e-con-full e-flex e-con e-child\" data-id=\"049d4cc\" data-element_type=\"container\" data-e-type=\"container\">\n\t\t\t\t<div class=\"elementor-element elementor-element-50effb9 elementor-widget elementor-widget-text-editor\" data-id=\"50effb9\" data-element_type=\"widget\" data-e-type=\"widget\" data-widget_type=\"text-editor.default\">\n\t\t\t\t<div class=\"elementor-widget-container\">\n\t\t\t\t\t\t\t\t\t<ul><li><a href=\"https:\/\/www.permakultur.ch\/permakultur\" target=\"_blank\" rel=\"noopener\">Buchtipps des Vereins Permakultur Schweiz<\/a><\/li><li><a href=\"https:\/\/www.permakultur-akademie.com\/permathek\/permakultur-bucher-und-broschuren\/\" target=\"_blank\" rel=\"noopener\">Permakultur-B\u00fccher und -Brosch\u00fcren der Permakultur Akademie<\/a><\/li><li><a href=\"https:\/\/permakultur-plattform.de\/blog\/permakultur-buecher\/\" target=\"_blank\" rel=\"noopener\">B\u00fcchertipps von Permakultur Plattform<\/a><\/li><li><a href=\"https:\/\/www.permakultur-jetzt.ch\/literatur\" target=\"_blank\" rel=\"noopener\">Literaturtipps von Permakultur jetzt<\/a><\/li><li><a href=\"https:\/\/visio-permacultura.ch\/permakultur\/literature\/\" target=\"_blank\" rel=\"noopener\">Literaturtipps von Visio Permacultura<\/a><\/li><li><a href=\"https:\/\/permakulturdeblog.wordpress.com\/literatur\/\" target=\"_blank\" rel=\"noopener\">Literaturliste von Permakulturdeblog<\/a><\/li><li><a href=\"https:\/\/bucherz.de\/genres\/bucher-uber-permakultur\/\" target=\"_blank\" rel=\"noopener\">B\u00fccherliste von Bucherz<\/a><\/li><li><a href=\"https:\/\/permaculture-network.eu\/books-for-a-future\" target=\"_blank\" rel=\"noopener\">Books for a Future from the European Permaculture Network (english)<\/a><\/li><\/ul>\t\t\t\t\t\t\t\t<\/div>\n\t\t\t\t<\/div>\n\t\t\t\t<\/div>\n\t\t\t\t\t<\/details>\n\t\t\t\t\t<\/div>\n\t\t\t\t\t\t<\/div>\n\t\t\t\t<\/div>\n\t\t\t\t<div class=\"elementor-element elementor-element-36e931e elementor-widget elementor-widget-heading\" data-id=\"36e931e\" data-element_type=\"widget\" data-e-type=\"widget\" data-widget_type=\"heading.default\">\n\t\t\t\t<div class=\"elementor-widget-container\">\n\t\t\t\t\t<h2 class=\"elementor-heading-title elementor-size-default\">B\u00fccher<\/h2>\t\t\t\t<\/div>\n\t\t\t\t<\/div>\n\t\t\t\t<div class=\"elementor-element elementor-element-75d08b4 elementor-widget elementor-widget-text-editor\" data-id=\"75d08b4\" data-element_type=\"widget\" data-e-type=\"widget\" data-widget_type=\"text-editor.default\">\n\t\t\t\t<div class=\"elementor-widget-container\">\n\t\t\t\t\t\t\t\t\t<p>Deutsch:<\/p>\t\t\t\t\t\t\t\t<\/div>\n\t\t\t\t<\/div>\n\t\t\t\t<div class=\"elementor-element elementor-element-28afb1d elementor-widget elementor-widget-text-editor\" data-id=\"28afb1d\" data-element_type=\"widget\" data-e-type=\"widget\" data-widget_type=\"text-editor.default\">\n\t\t\t\t<div class=\"elementor-widget-container\">\n\t\t\t\t\t\t\t\t\t<ul><li><a href=\"https:\/\/www.oekom.de\/buch\/aufbaeumen-gegen-die-duerre-9783987260209\" target=\"_blank\" rel=\"noopener\">Aufb\u00e4umen gegen die D\u00fcrre &#8211;\u00a0 Stefan Schwarzer, Ute Scheub, ISBN 978-3-98726-020-9<\/a><\/li><li><a href=\"https:\/\/www.oekom.de\/buch\/die-humusrevolution-9783865818386\" target=\"_blank\" rel=\"noopener\">Die Humusrevolution<\/a> &#8211; Ute Scheub, Stefan Schwarzer, oekom, 2017. ISBN 978-3-86581-838-6<\/li><li><a href=\"https:\/\/humuseum.de\/?page_id=237\" target=\"_blank\" rel=\"noopener\">Humussph\u00e4re \u2013 Humus, ein Stoff oder ein System?<\/a> &#8211; Herwig Pommeresche, OLV Verlag, 2017. ISBN 978-3-922201-09-0<\/li><li><a href=\"https:\/\/drachen-verlag.de\/buch\/permakultur.html\" target=\"_blank\" rel=\"noopener\">Permakultur: Gestaltungsprinzipien f\u00fcr zukunftsf\u00e4hige Lebensweisen<\/a> &#8211; David Holmgren, Drachen Verlag, 2016. ISBN 978-3-927369-76-4<\/li><li><a href=\"https:\/\/www.loewenzahn.at\/produkt\/2976\/unser-leben-mit-permakultur\/\" target=\"_blank\" rel=\"noopener\">Unser Leben mit Permakultur <\/a>von Charles Herv\u00e9-Gruyer, Perrine Herv\u00e9-Gruyer, Christina Preiner, L\u00f6wenzahn, 2023. ISBN 978-3-7066-2976-8<\/li><\/ul>\t\t\t\t\t\t\t\t<\/div>\n\t\t\t\t<\/div>\n\t\t\t\t<div class=\"elementor-element elementor-element-1286189 elementor-widget elementor-widget-text-editor\" data-id=\"1286189\" data-element_type=\"widget\" data-e-type=\"widget\" data-widget_type=\"text-editor.default\">\n\t\t\t\t<div class=\"elementor-widget-container\">\n\t\t\t\t\t\t\t\t\t<p>Fran\u00e7ais:<\/p>\t\t\t\t\t\t\t\t<\/div>\n\t\t\t\t<\/div>\n\t\t\t\t<div class=\"elementor-element elementor-element-70479db elementor-widget elementor-widget-text-editor\" data-id=\"70479db\" data-element_type=\"widget\" data-e-type=\"widget\" data-widget_type=\"text-editor.default\">\n\t\t\t\t<div class=\"elementor-widget-container\">\n\t\t\t\t\t\t\t\t\t<ul><li>Permaculture: gu\u00e9rir la terre, nourrir les hommes. &#8211; P. &amp; C. Harv\u00e9-Gruyer, ACRES S\u00fcd, 2014. ISBN 978-2330034344<\/li><li><a href=\"https:\/\/www.editions-ulmer.fr\/editions-ulmer\/permaculture-autonomie-5-f.htm\" target=\"_blank\" rel=\"noopener\">Divers livres sur la permaculture chez Editions Ulmer<\/a><\/li><\/ul>\t\t\t\t\t\t\t\t<\/div>\n\t\t\t\t<\/div>\n\t\t\t\t<div class=\"elementor-element elementor-element-28ec8a2 elementor-widget elementor-widget-text-editor\" data-id=\"28ec8a2\" data-element_type=\"widget\" data-e-type=\"widget\" data-widget_type=\"text-editor.default\">\n\t\t\t\t<div class=\"elementor-widget-container\">\n\t\t\t\t\t\t\t\t\t<p>English:<\/p>\t\t\t\t\t\t\t\t<\/div>\n\t\t\t\t<\/div>\n\t\t\t\t<div class=\"elementor-element elementor-element-b39d48f elementor-widget elementor-widget-text-editor\" data-id=\"b39d48f\" data-element_type=\"widget\" data-e-type=\"widget\" data-widget_type=\"text-editor.default\">\n\t\t\t\t<div class=\"elementor-widget-container\">\n\t\t\t\t\t\t\t\t\t<ul><li>Miracoulous Abundance; one quarter acre, two French farmers, and enough food to feed the world &#8211; P. &amp; C. Herv\u00e9-Gruyer, Chelsea Green Publishing, 2016. ISBN 9781603586429<\/li><li>Restoration Agriculture &#8211; Real-World Permaculture for Farmers &#8211; Mark Sheppard, ACRES USA, 2013. ISBN 978-1601730350<\/li><li>The market gardener a successful gower\u2019s handbook for small-scale organic farming &#8211; J.-M. Fortier, New Society Publishers, 2014. ISBN 978-0865717657<\/li><li>The Resilient Farm and Homestead. &#8211; B. Falk, Chelsea Green Publishing, 2013. ISBN 978-1603584449<\/li><li>Water for Any Farm &#8211; Restoration Agriculture Water Management Techniques for Any Farm. &#8211;\u00a0 Mark Shepard, Acres U.S.A., Inc, 2019. ISBN 978-1-60173-146-3<\/li><li>Water for Every Farm: Yeomans Keyline Plan. &#8211; Percival Alfred Yeomans, Keyline Designs. 2008<br \/>ISBN 978-1438225784<\/li><\/ul>\t\t\t\t\t\t\t\t<\/div>\n\t\t\t\t<\/div>\n\t\t\t\t<div class=\"elementor-element elementor-element-ed61fae elementor-widget elementor-widget-heading\" data-id=\"ed61fae\" data-element_type=\"widget\" data-e-type=\"widget\" data-widget_type=\"heading.default\">\n\t\t\t\t<div class=\"elementor-widget-container\">\n\t\t\t\t\t<h2 class=\"elementor-heading-title elementor-size-default\">Wissenschaftliche Publikationen<\/h2>\t\t\t\t<\/div>\n\t\t\t\t<\/div>\n\t\t\t\t<div class=\"elementor-element elementor-element-b53e467 elementor-widget elementor-widget-text-editor\" data-id=\"b53e467\" data-element_type=\"widget\" data-e-type=\"widget\" data-widget_type=\"text-editor.default\">\n\t\t\t\t<div class=\"elementor-widget-container\">\n\t\t\t\t\t\t\t\t\t<p>Publikationen aus der Forschung sind <a href=\"https:\/\/permakultur-landwirtschaft.org\/publikationen\/\">hier<\/a> zu finden.<\/p>\t\t\t\t\t\t\t\t<\/div>\n\t\t\t\t<\/div>\n\t\t\t\t<div class=\"elementor-element elementor-element-378b27b elementor-widget elementor-widget-heading\" data-id=\"378b27b\" data-element_type=\"widget\" data-e-type=\"widget\" data-widget_type=\"heading.default\">\n\t\t\t\t<div class=\"elementor-widget-container\">\n\t\t\t\t\t<h2 class=\"elementor-heading-title elementor-size-default\">Diverse Dokumente<\/h2>\t\t\t\t<\/div>\n\t\t\t\t<\/div>\n\t\t\t\t<div class=\"elementor-element elementor-element-c7e5ac7 elementor-widget elementor-widget-text-editor\" data-id=\"c7e5ac7\" data-element_type=\"widget\" data-e-type=\"widget\" data-widget_type=\"text-editor.default\">\n\t\t\t\t<div class=\"elementor-widget-container\">\n\t\t\t\t\t\t\t\t\t<ul><li><a href=\"https:\/\/agroforst-info.de\/fachinformationen\/handbuecher\/\" target=\"_blank\" rel=\"noopener\">Handb\u00fccher, Leitf\u00e4den und Brosch\u00fcren zur Agroforstwirtschaft der DeFAF<\/a><\/li><li><a href=\"https:\/\/www.vogelwarte.ch\/assets\/files\/publications\/upload2021\/Faktenblatt%20Agroforst_de.pdf\" target=\"_blank\" rel=\"noopener\">Agroforst und Brutv\u00f6gel \u2013 Chancen und Konflikte (2021)<\/a><\/li><li><a href=\"https:\/\/agroforst-info.de\/fachinformationen\/loseblattsammlung\/\" target=\"_blank\" rel=\"noopener\">Loseblattsammlung zur Agroforstwirtschaft (21.12.2020)<\/a><\/li><li><span dir=\"ltr\" role=\"presentation\"><a href=\"https:\/\/permakultur-landwirtschaft.org\/documents\/publikationen\/Edible_Agroforestry_design_templates.pdf\" target=\"_blank\" rel=\"noopener\">Edible Agroforestry design templates (2015)<\/a><\/span><\/li><\/ul>\t\t\t\t\t\t\t\t<\/div>\n\t\t\t\t<\/div>\n\t\t\t\t<div class=\"elementor-element elementor-element-db14fbe elementor-grid-4 elementor-grid-tablet-2 elementor-grid-mobile-1 elementor-widget elementor-widget-loop-grid\" data-id=\"db14fbe\" data-element_type=\"widget\" data-e-type=\"widget\" data-settings=\"{&quot;template_id&quot;:&quot;37613&quot;,&quot;columns&quot;:4,&quot;row_gap&quot;:{&quot;unit&quot;:&quot;px&quot;,&quot;size&quot;:0,&quot;sizes&quot;:[]},&quot;pagination_type&quot;:&quot;load_more_on_click&quot;,&quot;_skin&quot;:&quot;post&quot;,&quot;columns_tablet&quot;:&quot;2&quot;,&quot;columns_mobile&quot;:&quot;1&quot;,&quot;edit_handle_selector&quot;:&quot;[data-elementor-type=\\&quot;loop-item\\&quot;]&quot;,&quot;load_more_spinner&quot;:{&quot;value&quot;:&quot;fas fa-spinner&quot;,&quot;library&quot;:&quot;fa-solid&quot;},&quot;row_gap_tablet&quot;:{&quot;unit&quot;:&quot;px&quot;,&quot;size&quot;:&quot;&quot;,&quot;sizes&quot;:[]},&quot;row_gap_mobile&quot;:{&quot;unit&quot;:&quot;px&quot;,&quot;size&quot;:&quot;&quot;,&quot;sizes&quot;:[]}}\" data-widget_type=\"loop-grid.post\">\n\t\t\t\t<div class=\"elementor-widget-container\">\n\t\t\t\t\t\t\t<div class=\"elementor-loop-container elementor-grid\" role=\"list\">\n\t\t<style id=\"loop-37613\">.elementor-37613 .elementor-element.elementor-element-c79cfe5{--display:flex;--flex-direction:column;--container-widget-width:calc( ( 1 - var( --container-widget-flex-grow ) ) * 100% );--container-widget-height:initial;--container-widget-flex-grow:0;--container-widget-align-self:initial;--flex-wrap-mobile:wrap;--align-items:stretch;--gap:0px 0px;--row-gap:0px;--column-gap:0px;border-style:solid;--border-style:solid;border-width:0px 0px 0px 0px;--border-top-width:0px;--border-right-width:0px;--border-bottom-width:0px;--border-left-width:0px;--border-radius:7px 7px 7px 7px;box-shadow:2px 2px 10px 0px rgba(0, 0, 0, 0.2);--margin-top:0px;--margin-bottom:0px;--margin-left:0px;--margin-right:0px;--padding-top:0px;--padding-bottom:005px;--padding-left:0px;--padding-right:0px;}.elementor-37613 .elementor-element.elementor-element-64a3d73{--display:flex;--gap:5px 5px;--row-gap:5px;--column-gap:5px;--margin-top:0px;--margin-bottom:0px;--margin-left:0px;--margin-right:0px;--padding-top:0px;--padding-bottom:0px;--padding-left:0px;--padding-right:0px;}.elementor-37613 .elementor-element.elementor-element-2e3812c img{height:179px;object-fit:cover;object-position:top center;border-radius:7px 7px 0px 0px;}.elementor-37613 .elementor-element.elementor-element-2e3812c > .elementor-widget-container{margin:0px 0px 0px 0px;padding:0px 0px 0px 0px;}.elementor-37613 .elementor-element.elementor-element-2e3812c{width:100%;max-width:100%;}.elementor-37613 .elementor-element.elementor-element-a075502{--display:flex;--min-height:39px;}.elementor-37613 .elementor-element.elementor-element-65dfa9f .elementor-heading-title{font-family:var( --e-global-typography-secondary-font-family ), Sans-serif;font-weight:var( --e-global-typography-secondary-font-weight );}.elementor-37613 .elementor-element.elementor-element-65dfa9f > .elementor-widget-container{margin:9px 9px 9px 9px;padding:0px 0px 0px 0px;}.elementor-37613 .elementor-element.elementor-element-0ad4e09{text-align:center;font-size:var( --e-global-typography-ec8e8b0-font-size );font-weight:var( --e-global-typography-ec8e8b0-font-weight );text-transform:var( --e-global-typography-ec8e8b0-text-transform );line-height:var( --e-global-typography-ec8e8b0-line-height );letter-spacing:var( --e-global-typography-ec8e8b0-letter-spacing );word-spacing:var( --e-global-typography-ec8e8b0-word-spacing );color:var( --e-global-color-astglobalcolor5 );top:13px;z-index:0;}.elementor-37613 .elementor-element.elementor-element-0ad4e09 a{color:var( --e-global-color-astglobalcolor5 );}.elementor-37613 .elementor-element.elementor-element-0ad4e09 a:hover, .elementor-37613 .elementor-element.elementor-element-0ad4e09 a:focus{color:var( --e-global-color-astglobalcolor5 );}.elementor-37613 .elementor-element.elementor-element-0ad4e09 > .elementor-widget-container{margin:0px 0px 0px 0px;padding:0px 13px 0px 13px;background-color:var( --e-global-color-primary );border-radius:13px 13px 13px 13px;}body:not(.rtl) .elementor-37613 .elementor-element.elementor-element-0ad4e09{right:13px;}body.rtl .elementor-37613 .elementor-element.elementor-element-0ad4e09{left:13px;}@media(max-width:1024px){.elementor-37613 .elementor-element.elementor-element-0ad4e09{font-size:var( --e-global-typography-ec8e8b0-font-size );line-height:var( --e-global-typography-ec8e8b0-line-height );letter-spacing:var( --e-global-typography-ec8e8b0-letter-spacing );word-spacing:var( --e-global-typography-ec8e8b0-word-spacing );}}@media(min-width:768px){.elementor-37613 .elementor-element.elementor-element-c79cfe5{--content-width:100%;}.elementor-37613 .elementor-element.elementor-element-64a3d73{--width:100%;}}@media(max-width:767px){.elementor-37613 .elementor-element.elementor-element-c79cfe5{--content-width:100%;--align-items:stretch;--container-widget-width:calc( ( 1 - var( --container-widget-flex-grow ) ) * 100% );}.elementor-37613 .elementor-element.elementor-element-2e3812c img{object-fit:fill;}.elementor-37613 .elementor-element.elementor-element-0ad4e09{font-size:var( --e-global-typography-ec8e8b0-font-size );line-height:var( --e-global-typography-ec8e8b0-line-height );letter-spacing:var( --e-global-typography-ec8e8b0-letter-spacing );word-spacing:var( --e-global-typography-ec8e8b0-word-spacing );}}<\/style>\t\t<div data-elementor-type=\"loop-item\" data-elementor-id=\"37613\" class=\"elementor elementor-37613 e-loop-item e-loop-item-38242 post-38242 post type-post status-publish format-standard has-post-thumbnail hentry category-buch category-neuigkeit tag-agroforesterie tag-haupt tag-livre tag-pratique\" data-elementor-post-type=\"elementor_library\" data-custom-edit-handle=\"1\">\n\t\t\t<div class=\"elementor-element elementor-element-c79cfe5 e-flex e-con-boxed e-con e-parent\" data-id=\"c79cfe5\" data-element_type=\"container\" data-e-type=\"container\">\n\t\t\t\t\t<div class=\"e-con-inner\">\n\t\t<div class=\"elementor-element elementor-element-64a3d73 e-con-full e-flex e-con e-child\" data-id=\"64a3d73\" data-element_type=\"container\" data-e-type=\"container\">\n\t\t\t\t<div class=\"elementor-element elementor-element-2e3812c elementor-widget__width-inherit elementor-widget elementor-widget-image\" data-id=\"2e3812c\" data-element_type=\"widget\" data-e-type=\"widget\" data-widget_type=\"image.default\">\n\t\t\t\t<div class=\"elementor-widget-container\">\n\t\t\t\t\t\t\t\t\t\t\t\t\t\t\t\t<a href=\"https:\/\/permakultur-landwirtschaft.org\/fr\/la-pratique-agroforestiere-en-suisse-le-livre-paraitra-en-francais-le-15-juin-2026\/\">\n\t\t\t\t\t\t\t<img fetchpriority=\"high\" decoding=\"async\" width=\"749\" height=\"1080\" src=\"https:\/\/permakultur-landwirtschaft.org\/wp-content\/uploads\/2026\/03\/20260309_la_pratique_agroforestiere_en_suisse_0.webp\" class=\"attachment-full size-full wp-image-38199\" alt=\"Couverture livre La pratique agroforesti\u00e8re en Suisse\" srcset=\"https:\/\/permakultur-landwirtschaft.org\/wp-content\/uploads\/2026\/03\/20260309_la_pratique_agroforestiere_en_suisse_0.webp 749w, https:\/\/permakultur-landwirtschaft.org\/wp-content\/uploads\/2026\/03\/20260309_la_pratique_agroforestiere_en_suisse_0-208x300.webp 208w, https:\/\/permakultur-landwirtschaft.org\/wp-content\/uploads\/2026\/03\/20260309_la_pratique_agroforestiere_en_suisse_0-710x1024.webp 710w, https:\/\/permakultur-landwirtschaft.org\/wp-content\/uploads\/2026\/03\/20260309_la_pratique_agroforestiere_en_suisse_0-8x12.webp 8w\" sizes=\"(max-width: 749px) 100vw, 749px\" \/>\t\t\t\t\t\t\t\t<\/a>\n\t\t\t\t\t\t\t\t\t\t\t\t\t\t\t<\/div>\n\t\t\t\t<\/div>\n\t\t\t\t<div class=\"elementor-element elementor-element-65dfa9f elementor-widget elementor-widget-theme-post-title elementor-page-title elementor-widget-heading\" data-id=\"65dfa9f\" data-element_type=\"widget\" data-e-type=\"widget\" data-widget_type=\"theme-post-title.default\">\n\t\t\t\t<div class=\"elementor-widget-container\">\n\t\t\t\t\t<h3 class=\"elementor-heading-title elementor-size-default\"><a href=\"https:\/\/permakultur-landwirtschaft.org\/fr\/la-pratique-agroforestiere-en-suisse-le-livre-paraitra-en-francais-le-15-juin-2026\/\">La pratique agroforesti\u00e8re en Suisse &#8211; le livre para\u00eetra en fran\u00e7ais le 15 juin 2026<\/a><\/h3>\t\t\t\t<\/div>\n\t\t\t\t<\/div>\n\t\t\t\t<div class=\"elementor-element elementor-element-0ad4e09 elementor-absolute elementor-widget elementor-widget-text-editor\" data-id=\"0ad4e09\" data-element_type=\"widget\" data-e-type=\"widget\" data-settings=\"{&quot;_position&quot;:&quot;absolute&quot;}\" data-widget_type=\"text-editor.default\">\n\t\t\t\t<div class=\"elementor-widget-container\">\n\t\t\t\t\t\t\t\t\tNeuigkeit\t\t\t\t\t\t\t\t<\/div>\n\t\t\t\t<\/div>\n\t\t\t\t<\/div>\n\t\t\t\t\t<\/div>\n\t\t\t\t<\/div>\n\t\t\t\t<\/div>\n\t\t\t\t<div data-elementor-type=\"loop-item\" data-elementor-id=\"37613\" class=\"elementor elementor-37613 e-loop-item e-loop-item-38411 post-38411 post type-post status-publish format-standard has-post-thumbnail hentry category-buch category-neuigkeit tag-buch tag-gemuese tag-jean-martin-fortier tag-market-gardener tag-winter\" data-elementor-post-type=\"elementor_library\" data-custom-edit-handle=\"1\">\n\t\t\t<div class=\"elementor-element elementor-element-c79cfe5 e-flex e-con-boxed e-con e-parent\" data-id=\"c79cfe5\" data-element_type=\"container\" data-e-type=\"container\">\n\t\t\t\t\t<div class=\"e-con-inner\">\n\t\t<div class=\"elementor-element elementor-element-64a3d73 e-con-full e-flex e-con e-child\" data-id=\"64a3d73\" data-element_type=\"container\" data-e-type=\"container\">\n\t\t\t\t<div class=\"elementor-element elementor-element-2e3812c elementor-widget__width-inherit elementor-widget elementor-widget-image\" data-id=\"2e3812c\" data-element_type=\"widget\" data-e-type=\"widget\" data-widget_type=\"image.default\">\n\t\t\t\t<div class=\"elementor-widget-container\">\n\t\t\t\t\t\t\t\t\t\t\t\t\t\t\t\t<a href=\"https:\/\/permakultur-landwirtschaft.org\/fr\/market-gardening-im-winter-buch-von-jean-martin-fortier\/\">\n\t\t\t\t\t\t\t<img decoding=\"async\" width=\"700\" height=\"857\" src=\"https:\/\/permakultur-landwirtschaft.org\/wp-content\/uploads\/2026\/03\/Buchcover-Market-Gardening.jpg\" class=\"attachment-full size-full wp-image-38412\" alt=\"Buchcover Market Gardening im Winter\" srcset=\"https:\/\/permakultur-landwirtschaft.org\/wp-content\/uploads\/2026\/03\/Buchcover-Market-Gardening.jpg 700w, https:\/\/permakultur-landwirtschaft.org\/wp-content\/uploads\/2026\/03\/Buchcover-Market-Gardening-245x300.jpg 245w, https:\/\/permakultur-landwirtschaft.org\/wp-content\/uploads\/2026\/03\/Buchcover-Market-Gardening-10x12.jpg 10w\" sizes=\"(max-width: 700px) 100vw, 700px\" \/>\t\t\t\t\t\t\t\t<\/a>\n\t\t\t\t\t\t\t\t\t\t\t\t\t\t\t<\/div>\n\t\t\t\t<\/div>\n\t\t\t\t<div class=\"elementor-element elementor-element-65dfa9f elementor-widget elementor-widget-theme-post-title elementor-page-title elementor-widget-heading\" data-id=\"65dfa9f\" data-element_type=\"widget\" data-e-type=\"widget\" data-widget_type=\"theme-post-title.default\">\n\t\t\t\t<div class=\"elementor-widget-container\">\n\t\t\t\t\t<h3 class=\"elementor-heading-title elementor-size-default\"><a href=\"https:\/\/permakultur-landwirtschaft.org\/fr\/market-gardening-im-winter-buch-von-jean-martin-fortier\/\">Market Gardening im Winter &#8211; Buch von Jean-Martin Fortier<\/a><\/h3>\t\t\t\t<\/div>\n\t\t\t\t<\/div>\n\t\t\t\t<div class=\"elementor-element elementor-element-0ad4e09 elementor-absolute elementor-widget elementor-widget-text-editor\" data-id=\"0ad4e09\" data-element_type=\"widget\" data-e-type=\"widget\" data-settings=\"{&quot;_position&quot;:&quot;absolute&quot;}\" data-widget_type=\"text-editor.default\">\n\t\t\t\t<div class=\"elementor-widget-container\">\n\t\t\t\t\t\t\t\t\tBuch\t\t\t\t\t\t\t\t<\/div>\n\t\t\t\t<\/div>\n\t\t\t\t<\/div>\n\t\t\t\t\t<\/div>\n\t\t\t\t<\/div>\n\t\t\t\t<\/div>\n\t\t\t\t<div data-elementor-type=\"loop-item\" data-elementor-id=\"37613\" class=\"elementor elementor-37613 e-loop-item e-loop-item-38661 post-38661 post type-post status-publish format-standard has-post-thumbnail hentry category-dokument category-neuigkeit tag-agroforst tag-arbeitshilfe tag-defaf tag-themenblatt tag-vermarktung\" data-elementor-post-type=\"elementor_library\" data-custom-edit-handle=\"1\">\n\t\t\t<div class=\"elementor-element elementor-element-c79cfe5 e-flex e-con-boxed e-con e-parent\" data-id=\"c79cfe5\" data-element_type=\"container\" data-e-type=\"container\">\n\t\t\t\t\t<div class=\"e-con-inner\">\n\t\t<div class=\"elementor-element elementor-element-64a3d73 e-con-full e-flex e-con e-child\" data-id=\"64a3d73\" data-element_type=\"container\" data-e-type=\"container\">\n\t\t\t\t<div class=\"elementor-element elementor-element-2e3812c elementor-widget__width-inherit elementor-widget elementor-widget-image\" data-id=\"2e3812c\" data-element_type=\"widget\" data-e-type=\"widget\" data-widget_type=\"image.default\">\n\t\t\t\t<div class=\"elementor-widget-container\">\n\t\t\t\t\t\t\t\t\t\t\t\t\t\t\t\t<a href=\"https:\/\/permakultur-landwirtschaft.org\/fr\/vermarktung-von-agroforstprodukten-defaf-themenblatt-nr-11\/\">\n\t\t\t\t\t\t\t<img decoding=\"async\" width=\"700\" height=\"989\" src=\"https:\/\/permakultur-landwirtschaft.org\/wp-content\/uploads\/2026\/03\/Themenblatt-11_Cover.jpg\" class=\"attachment-full size-full wp-image-38662\" alt=\"Titelblatt DeFAF Themenblatt Nr. 11: Vermarktung von Agroforstprodukten\" srcset=\"https:\/\/permakultur-landwirtschaft.org\/wp-content\/uploads\/2026\/03\/Themenblatt-11_Cover.jpg 700w, https:\/\/permakultur-landwirtschaft.org\/wp-content\/uploads\/2026\/03\/Themenblatt-11_Cover-212x300.jpg 212w, https:\/\/permakultur-landwirtschaft.org\/wp-content\/uploads\/2026\/03\/Themenblatt-11_Cover-8x12.jpg 8w\" sizes=\"(max-width: 700px) 100vw, 700px\" \/>\t\t\t\t\t\t\t\t<\/a>\n\t\t\t\t\t\t\t\t\t\t\t\t\t\t\t<\/div>\n\t\t\t\t<\/div>\n\t\t\t\t<div class=\"elementor-element elementor-element-65dfa9f elementor-widget elementor-widget-theme-post-title elementor-page-title elementor-widget-heading\" data-id=\"65dfa9f\" data-element_type=\"widget\" data-e-type=\"widget\" data-widget_type=\"theme-post-title.default\">\n\t\t\t\t<div class=\"elementor-widget-container\">\n\t\t\t\t\t<h3 class=\"elementor-heading-title elementor-size-default\"><a href=\"https:\/\/permakultur-landwirtschaft.org\/fr\/vermarktung-von-agroforstprodukten-defaf-themenblatt-nr-11\/\">Vermarktung von Agroforstprodukten &#8211; DeFAF Themenblatt Nr. 11<\/a><\/h3>\t\t\t\t<\/div>\n\t\t\t\t<\/div>\n\t\t\t\t<div class=\"elementor-element elementor-element-0ad4e09 elementor-absolute elementor-widget elementor-widget-text-editor\" data-id=\"0ad4e09\" data-element_type=\"widget\" data-e-type=\"widget\" data-settings=\"{&quot;_position&quot;:&quot;absolute&quot;}\" data-widget_type=\"text-editor.default\">\n\t\t\t\t<div class=\"elementor-widget-container\">\n\t\t\t\t\t\t\t\t\tDokument\t\t\t\t\t\t\t\t<\/div>\n\t\t\t\t<\/div>\n\t\t\t\t<\/div>\n\t\t\t\t\t<\/div>\n\t\t\t\t<\/div>\n\t\t\t\t<\/div>\n\t\t\t\t<div data-elementor-type=\"loop-item\" data-elementor-id=\"37613\" class=\"elementor elementor-37613 e-loop-item e-loop-item-38944 post-38944 post type-post status-publish format-standard has-post-thumbnail hentry category-buch tag-agriculture tag-agroforesterie tag-alimentation tag-ecologie tag-livre tag-paysannerie tag-ressources-naturelles\" data-elementor-post-type=\"elementor_library\" data-custom-edit-handle=\"1\">\n\t\t\t<div class=\"elementor-element elementor-element-c79cfe5 e-flex e-con-boxed e-con e-parent\" data-id=\"c79cfe5\" data-element_type=\"container\" data-e-type=\"container\">\n\t\t\t\t\t<div class=\"e-con-inner\">\n\t\t<div class=\"elementor-element elementor-element-64a3d73 e-con-full e-flex e-con e-child\" data-id=\"64a3d73\" data-element_type=\"container\" data-e-type=\"container\">\n\t\t\t\t<div class=\"elementor-element elementor-element-2e3812c elementor-widget__width-inherit elementor-widget elementor-widget-image\" data-id=\"2e3812c\" data-element_type=\"widget\" data-e-type=\"widget\" data-widget_type=\"image.default\">\n\t\t\t\t<div class=\"elementor-widget-container\">\n\t\t\t\t\t\t\t\t\t\t\t\t\t\t\t\t<a href=\"https:\/\/permakultur-landwirtschaft.org\/fr\/des-arbres-dans-nos-champs-comment-lagroforesterie-peut-transformer-lagriculture-livre-du-3-novembre-2025\/\">\n\t\t\t\t\t\t\t<img loading=\"lazy\" decoding=\"async\" width=\"700\" height=\"1050\" src=\"https:\/\/permakultur-landwirtschaft.org\/wp-content\/uploads\/2026\/03\/Des-arbres-dans-nos-champs-C1-HD.jpg\" class=\"attachment-full size-full wp-image-38945\" alt=\"Livre Des arbres dans nos champs\" srcset=\"https:\/\/permakultur-landwirtschaft.org\/wp-content\/uploads\/2026\/03\/Des-arbres-dans-nos-champs-C1-HD.jpg 700w, https:\/\/permakultur-landwirtschaft.org\/wp-content\/uploads\/2026\/03\/Des-arbres-dans-nos-champs-C1-HD-200x300.jpg 200w, https:\/\/permakultur-landwirtschaft.org\/wp-content\/uploads\/2026\/03\/Des-arbres-dans-nos-champs-C1-HD-683x1024.jpg 683w, https:\/\/permakultur-landwirtschaft.org\/wp-content\/uploads\/2026\/03\/Des-arbres-dans-nos-champs-C1-HD-8x12.jpg 8w\" sizes=\"(max-width: 700px) 100vw, 700px\" \/>\t\t\t\t\t\t\t\t<\/a>\n\t\t\t\t\t\t\t\t\t\t\t\t\t\t\t<\/div>\n\t\t\t\t<\/div>\n\t\t\t\t<div class=\"elementor-element elementor-element-65dfa9f elementor-widget elementor-widget-theme-post-title elementor-page-title elementor-widget-heading\" data-id=\"65dfa9f\" data-element_type=\"widget\" data-e-type=\"widget\" data-widget_type=\"theme-post-title.default\">\n\t\t\t\t<div class=\"elementor-widget-container\">\n\t\t\t\t\t<h3 class=\"elementor-heading-title elementor-size-default\"><a href=\"https:\/\/permakultur-landwirtschaft.org\/fr\/des-arbres-dans-nos-champs-comment-lagroforesterie-peut-transformer-lagriculture-livre-du-3-novembre-2025\/\">Des arbres dans nos champs &#8211; Comment l\u2019agroforesterie peut transformer l\u2019agriculture &#8211; Livre du 3 novembre 2025<\/a><\/h3>\t\t\t\t<\/div>\n\t\t\t\t<\/div>\n\t\t\t\t<div class=\"elementor-element elementor-element-0ad4e09 elementor-absolute elementor-widget elementor-widget-text-editor\" data-id=\"0ad4e09\" data-element_type=\"widget\" data-e-type=\"widget\" data-settings=\"{&quot;_position&quot;:&quot;absolute&quot;}\" data-widget_type=\"text-editor.default\">\n\t\t\t\t<div class=\"elementor-widget-container\">\n\t\t\t\t\t\t\t\t\tBuch\t\t\t\t\t\t\t\t<\/div>\n\t\t\t\t<\/div>\n\t\t\t\t<\/div>\n\t\t\t\t\t<\/div>\n\t\t\t\t<\/div>\n\t\t\t\t<\/div>\n\t\t\t\t<div data-elementor-type=\"loop-item\" data-elementor-id=\"37613\" class=\"elementor elementor-37613 e-loop-item e-loop-item-37870 post-37870 post type-post status-publish format-standard has-post-thumbnail hentry category-buch category-neuigkeit tag-buch tag-landwirtschaft-neu-denken tag-nicole-egloff tag-radiesli tag-rotpunkt-verlag\" data-elementor-post-type=\"elementor_library\" data-custom-edit-handle=\"1\">\n\t\t\t<div class=\"elementor-element elementor-element-c79cfe5 e-flex e-con-boxed e-con e-parent\" data-id=\"c79cfe5\" data-element_type=\"container\" data-e-type=\"container\">\n\t\t\t\t\t<div class=\"e-con-inner\">\n\t\t<div class=\"elementor-element elementor-element-64a3d73 e-con-full e-flex e-con e-child\" data-id=\"64a3d73\" data-element_type=\"container\" data-e-type=\"container\">\n\t\t\t\t<div class=\"elementor-element elementor-element-2e3812c elementor-widget__width-inherit elementor-widget elementor-widget-image\" data-id=\"2e3812c\" data-element_type=\"widget\" data-e-type=\"widget\" data-widget_type=\"image.default\">\n\t\t\t\t<div class=\"elementor-widget-container\">\n\t\t\t\t\t\t\t\t\t\t\t\t\t\t\t\t<a href=\"https:\/\/permakultur-landwirtschaft.org\/fr\/das-radiesli-stimmt-mich-zuversichtlich-zwoelf-bauernhoefe-denken-landwirtschaft-neu\/\">\n\t\t\t\t\t\t\t<img loading=\"lazy\" decoding=\"async\" width=\"700\" height=\"498\" src=\"https:\/\/permakultur-landwirtschaft.org\/wp-content\/uploads\/2026\/02\/202508_radiesli_stimmt_mich_aa4e053f-5e09-47c8-84be-3b3eabab9bc1.jpg\" class=\"attachment-full size-full wp-image-37871\" alt=\"Buchcover -Das Radiesli stimmt mich zuversichtlich\" srcset=\"https:\/\/permakultur-landwirtschaft.org\/wp-content\/uploads\/2026\/02\/202508_radiesli_stimmt_mich_aa4e053f-5e09-47c8-84be-3b3eabab9bc1.jpg 700w, https:\/\/permakultur-landwirtschaft.org\/wp-content\/uploads\/2026\/02\/202508_radiesli_stimmt_mich_aa4e053f-5e09-47c8-84be-3b3eabab9bc1-300x213.jpg 300w, https:\/\/permakultur-landwirtschaft.org\/wp-content\/uploads\/2026\/02\/202508_radiesli_stimmt_mich_aa4e053f-5e09-47c8-84be-3b3eabab9bc1-18x12.jpg 18w\" sizes=\"(max-width: 700px) 100vw, 700px\" \/>\t\t\t\t\t\t\t\t<\/a>\n\t\t\t\t\t\t\t\t\t\t\t\t\t\t\t<\/div>\n\t\t\t\t<\/div>\n\t\t\t\t<div class=\"elementor-element elementor-element-65dfa9f elementor-widget elementor-widget-theme-post-title elementor-page-title elementor-widget-heading\" data-id=\"65dfa9f\" data-element_type=\"widget\" data-e-type=\"widget\" data-widget_type=\"theme-post-title.default\">\n\t\t\t\t<div class=\"elementor-widget-container\">\n\t\t\t\t\t<h3 class=\"elementor-heading-title elementor-size-default\"><a href=\"https:\/\/permakultur-landwirtschaft.org\/fr\/das-radiesli-stimmt-mich-zuversichtlich-zwoelf-bauernhoefe-denken-landwirtschaft-neu\/\">Das Radiesli stimmt mich zuversichtlich &#8211; Zw\u00f6lf Bauernh\u00f6fe denken Landwirtschaft neu<\/a><\/h3>\t\t\t\t<\/div>\n\t\t\t\t<\/div>\n\t\t\t\t<div class=\"elementor-element elementor-element-0ad4e09 elementor-absolute elementor-widget elementor-widget-text-editor\" data-id=\"0ad4e09\" data-element_type=\"widget\" data-e-type=\"widget\" data-settings=\"{&quot;_position&quot;:&quot;absolute&quot;}\" data-widget_type=\"text-editor.default\">\n\t\t\t\t<div class=\"elementor-widget-container\">\n\t\t\t\t\t\t\t\t\tNeuigkeit\t\t\t\t\t\t\t\t<\/div>\n\t\t\t\t<\/div>\n\t\t\t\t<\/div>\n\t\t\t\t\t<\/div>\n\t\t\t\t<\/div>\n\t\t\t\t<\/div>\n\t\t\t\t<div data-elementor-type=\"loop-item\" data-elementor-id=\"37613\" class=\"elementor elementor-37613 e-loop-item e-loop-item-38542 post-38542 post type-post status-publish format-standard has-post-thumbnail hentry category-dokument category-neuigkeit tag-agroforst tag-kernobst tag-merkblatt tag-silvoarabel\" data-elementor-post-type=\"elementor_library\" data-custom-edit-handle=\"1\">\n\t\t\t<div class=\"elementor-element elementor-element-c79cfe5 e-flex e-con-boxed e-con e-parent\" data-id=\"c79cfe5\" data-element_type=\"container\" data-e-type=\"container\">\n\t\t\t\t\t<div class=\"e-con-inner\">\n\t\t<div class=\"elementor-element elementor-element-64a3d73 e-con-full e-flex e-con e-child\" data-id=\"64a3d73\" data-element_type=\"container\" data-e-type=\"container\">\n\t\t\t\t<div class=\"elementor-element elementor-element-2e3812c elementor-widget__width-inherit elementor-widget elementor-widget-image\" data-id=\"2e3812c\" data-element_type=\"widget\" data-e-type=\"widget\" data-widget_type=\"image.default\">\n\t\t\t\t<div class=\"elementor-widget-container\">\n\t\t\t\t\t\t\t\t\t\t\t\t\t\t\t\t<a href=\"https:\/\/permakultur-landwirtschaft.org\/fr\/geeignete-kernobstsorten-fuer-silvoarable-agroforstsysteme-merkblatt\/\">\n\t\t\t\t\t\t\t<img loading=\"lazy\" decoding=\"async\" width=\"700\" height=\"392\" src=\"https:\/\/permakultur-landwirtschaft.org\/wp-content\/uploads\/2026\/03\/merkblatt_kernobstsorten_5c7225_67be84b51ac040768f2bdb7d12c90b99_mv2.jpg\" class=\"attachment-full size-full wp-image-38543\" alt=\"Agroforst mit Getreide\" srcset=\"https:\/\/permakultur-landwirtschaft.org\/wp-content\/uploads\/2026\/03\/merkblatt_kernobstsorten_5c7225_67be84b51ac040768f2bdb7d12c90b99_mv2.jpg 700w, https:\/\/permakultur-landwirtschaft.org\/wp-content\/uploads\/2026\/03\/merkblatt_kernobstsorten_5c7225_67be84b51ac040768f2bdb7d12c90b99_mv2-300x168.jpg 300w, https:\/\/permakultur-landwirtschaft.org\/wp-content\/uploads\/2026\/03\/merkblatt_kernobstsorten_5c7225_67be84b51ac040768f2bdb7d12c90b99_mv2-18x10.jpg 18w\" sizes=\"(max-width: 700px) 100vw, 700px\" \/>\t\t\t\t\t\t\t\t<\/a>\n\t\t\t\t\t\t\t\t\t\t\t\t\t\t\t<\/div>\n\t\t\t\t<\/div>\n\t\t\t\t<div class=\"elementor-element elementor-element-65dfa9f elementor-widget elementor-widget-theme-post-title elementor-page-title elementor-widget-heading\" data-id=\"65dfa9f\" data-element_type=\"widget\" data-e-type=\"widget\" data-widget_type=\"theme-post-title.default\">\n\t\t\t\t<div class=\"elementor-widget-container\">\n\t\t\t\t\t<h3 class=\"elementor-heading-title elementor-size-default\"><a href=\"https:\/\/permakultur-landwirtschaft.org\/fr\/geeignete-kernobstsorten-fuer-silvoarable-agroforstsysteme-merkblatt\/\">Geeignete Kernobstsorten f\u00fcr silvoarable Agroforstsysteme &#8211; Merkblatt<\/a><\/h3>\t\t\t\t<\/div>\n\t\t\t\t<\/div>\n\t\t\t\t<div class=\"elementor-element elementor-element-0ad4e09 elementor-absolute elementor-widget elementor-widget-text-editor\" data-id=\"0ad4e09\" data-element_type=\"widget\" data-e-type=\"widget\" data-settings=\"{&quot;_position&quot;:&quot;absolute&quot;}\" data-widget_type=\"text-editor.default\">\n\t\t\t\t<div class=\"elementor-widget-container\">\n\t\t\t\t\t\t\t\t\tDokument\t\t\t\t\t\t\t\t<\/div>\n\t\t\t\t<\/div>\n\t\t\t\t<\/div>\n\t\t\t\t\t<\/div>\n\t\t\t\t<\/div>\n\t\t\t\t<\/div>\n\t\t\t\t<div data-elementor-type=\"loop-item\" data-elementor-id=\"37613\" class=\"elementor elementor-37613 e-loop-item e-loop-item-38508 post-38508 post type-post status-publish format-standard has-post-thumbnail hentry category-dokument category-neuigkeit tag-agroforst tag-bulletin tag-fonds-landschaft-schweiz-fls tag-zukunft\" data-elementor-post-type=\"elementor_library\" data-custom-edit-handle=\"1\">\n\t\t\t<div class=\"elementor-element elementor-element-c79cfe5 e-flex e-con-boxed e-con e-parent\" data-id=\"c79cfe5\" data-element_type=\"container\" data-e-type=\"container\">\n\t\t\t\t\t<div class=\"e-con-inner\">\n\t\t<div class=\"elementor-element elementor-element-64a3d73 e-con-full e-flex e-con e-child\" data-id=\"64a3d73\" data-element_type=\"container\" data-e-type=\"container\">\n\t\t\t\t<div class=\"elementor-element elementor-element-2e3812c elementor-widget__width-inherit elementor-widget elementor-widget-image\" data-id=\"2e3812c\" data-element_type=\"widget\" data-e-type=\"widget\" data-widget_type=\"image.default\">\n\t\t\t\t<div class=\"elementor-widget-container\">\n\t\t\t\t\t\t\t\t\t\t\t\t\t\t\t\t<a href=\"https:\/\/permakultur-landwirtschaft.org\/fr\/mit-starken-wurzeln-in-die-zukunft\/\">\n\t\t\t\t\t\t\t<img loading=\"lazy\" decoding=\"async\" width=\"595\" height=\"841\" src=\"https:\/\/permakultur-landwirtschaft.org\/wp-content\/uploads\/2026\/03\/FLS-Bulletin-b69_titelseite_595x841.png\" class=\"attachment-full size-full wp-image-38509\" alt=\"Titelseite FLS Bulletin 69\" srcset=\"https:\/\/permakultur-landwirtschaft.org\/wp-content\/uploads\/2026\/03\/FLS-Bulletin-b69_titelseite_595x841.png 595w, https:\/\/permakultur-landwirtschaft.org\/wp-content\/uploads\/2026\/03\/FLS-Bulletin-b69_titelseite_595x841-212x300.png 212w, https:\/\/permakultur-landwirtschaft.org\/wp-content\/uploads\/2026\/03\/FLS-Bulletin-b69_titelseite_595x841-8x12.png 8w\" sizes=\"(max-width: 595px) 100vw, 595px\" \/>\t\t\t\t\t\t\t\t<\/a>\n\t\t\t\t\t\t\t\t\t\t\t\t\t\t\t<\/div>\n\t\t\t\t<\/div>\n\t\t\t\t<div class=\"elementor-element elementor-element-65dfa9f elementor-widget elementor-widget-theme-post-title elementor-page-title elementor-widget-heading\" data-id=\"65dfa9f\" data-element_type=\"widget\" data-e-type=\"widget\" data-widget_type=\"theme-post-title.default\">\n\t\t\t\t<div class=\"elementor-widget-container\">\n\t\t\t\t\t<h3 class=\"elementor-heading-title elementor-size-default\"><a href=\"https:\/\/permakultur-landwirtschaft.org\/fr\/mit-starken-wurzeln-in-die-zukunft\/\">Mit starken Wurzeln in die Zukunft<\/a><\/h3>\t\t\t\t<\/div>\n\t\t\t\t<\/div>\n\t\t\t\t<div class=\"elementor-element elementor-element-0ad4e09 elementor-absolute elementor-widget elementor-widget-text-editor\" data-id=\"0ad4e09\" data-element_type=\"widget\" data-e-type=\"widget\" data-settings=\"{&quot;_position&quot;:&quot;absolute&quot;}\" data-widget_type=\"text-editor.default\">\n\t\t\t\t<div class=\"elementor-widget-container\">\n\t\t\t\t\t\t\t\t\tDokument\t\t\t\t\t\t\t\t<\/div>\n\t\t\t\t<\/div>\n\t\t\t\t<\/div>\n\t\t\t\t\t<\/div>\n\t\t\t\t<\/div>\n\t\t\t\t<\/div>\n\t\t\t\t<div data-elementor-type=\"loop-item\" data-elementor-id=\"37613\" class=\"elementor elementor-37613 e-loop-item e-loop-item-36422 post-36422 post type-post status-publish format-standard has-post-thumbnail hentry category-buch category-neuigkeit tag-ausdauerndes-gemuese tag-bernhard-gruber tag-buch tag-oesterreichisches-waldgarten-institut tag-perma-veggies tag-wildes-gemuese\" data-elementor-post-type=\"elementor_library\" data-custom-edit-handle=\"1\">\n\t\t\t<div class=\"elementor-element elementor-element-c79cfe5 e-flex e-con-boxed e-con e-parent\" data-id=\"c79cfe5\" data-element_type=\"container\" data-e-type=\"container\">\n\t\t\t\t\t<div class=\"e-con-inner\">\n\t\t<div class=\"elementor-element elementor-element-64a3d73 e-con-full e-flex e-con e-child\" data-id=\"64a3d73\" data-element_type=\"container\" data-e-type=\"container\">\n\t\t\t\t<div class=\"elementor-element elementor-element-2e3812c elementor-widget__width-inherit elementor-widget elementor-widget-image\" data-id=\"2e3812c\" data-element_type=\"widget\" data-e-type=\"widget\" data-widget_type=\"image.default\">\n\t\t\t\t<div class=\"elementor-widget-container\">\n\t\t\t\t\t\t\t\t\t\t\t\t\t\t\t\t<a href=\"https:\/\/permakultur-landwirtschaft.org\/fr\/perma-veggies-ausdauerndes-sich-selbst-aussaeendes-und-wildes-gemuese-neues-buch-vom-13-april-2025\/\">\n\t\t\t\t\t\t\t<img loading=\"lazy\" decoding=\"async\" width=\"700\" height=\"525\" src=\"https:\/\/permakultur-landwirtschaft.org\/wp-content\/uploads\/2025\/04\/perma-veggies-bernhard-gruber20250417.jpg\" class=\"attachment-full size-full wp-image-36423\" alt=\"Buch Perma-Veggies von Bernhard Gruber\" srcset=\"https:\/\/permakultur-landwirtschaft.org\/wp-content\/uploads\/2025\/04\/perma-veggies-bernhard-gruber20250417.jpg 700w, https:\/\/permakultur-landwirtschaft.org\/wp-content\/uploads\/2025\/04\/perma-veggies-bernhard-gruber20250417-300x225.jpg 300w, https:\/\/permakultur-landwirtschaft.org\/wp-content\/uploads\/2025\/04\/perma-veggies-bernhard-gruber20250417-16x12.jpg 16w\" sizes=\"(max-width: 700px) 100vw, 700px\" \/>\t\t\t\t\t\t\t\t<\/a>\n\t\t\t\t\t\t\t\t\t\t\t\t\t\t\t<\/div>\n\t\t\t\t<\/div>\n\t\t\t\t<div class=\"elementor-element elementor-element-65dfa9f elementor-widget elementor-widget-theme-post-title elementor-page-title elementor-widget-heading\" data-id=\"65dfa9f\" data-element_type=\"widget\" data-e-type=\"widget\" data-widget_type=\"theme-post-title.default\">\n\t\t\t\t<div class=\"elementor-widget-container\">\n\t\t\t\t\t<h3 class=\"elementor-heading-title elementor-size-default\"><a href=\"https:\/\/permakultur-landwirtschaft.org\/fr\/perma-veggies-ausdauerndes-sich-selbst-aussaeendes-und-wildes-gemuese-neues-buch-vom-13-april-2025\/\">Perma-Veggies \u2013 ausdauerndes-, sich selbst auss\u00e4endes und wildes Gem\u00fcse &#8211; Neues Buch vom 13. April 2025<\/a><\/h3>\t\t\t\t<\/div>\n\t\t\t\t<\/div>\n\t\t\t\t<div class=\"elementor-element elementor-element-0ad4e09 elementor-absolute elementor-widget elementor-widget-text-editor\" data-id=\"0ad4e09\" data-element_type=\"widget\" data-e-type=\"widget\" data-settings=\"{&quot;_position&quot;:&quot;absolute&quot;}\" data-widget_type=\"text-editor.default\">\n\t\t\t\t<div class=\"elementor-widget-container\">\n\t\t\t\t\t\t\t\t\tNeuigkeit\t\t\t\t\t\t\t\t<\/div>\n\t\t\t\t<\/div>\n\t\t\t\t<\/div>\n\t\t\t\t\t<\/div>\n\t\t\t\t<\/div>\n\t\t\t\t<\/div>\n\t\t\t\t<div data-elementor-type=\"loop-item\" data-elementor-id=\"37613\" class=\"elementor elementor-37613 e-loop-item e-loop-item-36294 post-36294 post type-post status-publish format-standard has-post-thumbnail hentry category-buch category-neuigkeit tag-365-tage tag-buch tag-garten-kalender tag-immerwaehrend tag-permakultur tag-robert-elger\" data-elementor-post-type=\"elementor_library\" data-custom-edit-handle=\"1\">\n\t\t\t<div class=\"elementor-element elementor-element-c79cfe5 e-flex e-con-boxed e-con e-parent\" data-id=\"c79cfe5\" data-element_type=\"container\" data-e-type=\"container\">\n\t\t\t\t\t<div class=\"e-con-inner\">\n\t\t<div class=\"elementor-element elementor-element-64a3d73 e-con-full e-flex e-con e-child\" data-id=\"64a3d73\" data-element_type=\"container\" data-e-type=\"container\">\n\t\t\t\t<div class=\"elementor-element elementor-element-2e3812c elementor-widget__width-inherit elementor-widget elementor-widget-image\" data-id=\"2e3812c\" data-element_type=\"widget\" data-e-type=\"widget\" data-widget_type=\"image.default\">\n\t\t\t\t<div class=\"elementor-widget-container\">\n\t\t\t\t\t\t\t\t\t\t\t\t\t\t\t\t<a href=\"https:\/\/permakultur-landwirtschaft.org\/fr\/365-tage-permakultur-beitrag-vom-09-april-2025\/\">\n\t\t\t\t\t\t\t<img loading=\"lazy\" decoding=\"async\" width=\"700\" height=\"863\" src=\"https:\/\/permakultur-landwirtschaft.org\/wp-content\/uploads\/2025\/04\/20250410_permakultur_gartenkalender_heel_9783958439504.jpg\" class=\"attachment-full size-full wp-image-36295\" alt=\"Buch 365 Tage Permakultur\" srcset=\"https:\/\/permakultur-landwirtschaft.org\/wp-content\/uploads\/2025\/04\/20250410_permakultur_gartenkalender_heel_9783958439504.jpg 700w, https:\/\/permakultur-landwirtschaft.org\/wp-content\/uploads\/2025\/04\/20250410_permakultur_gartenkalender_heel_9783958439504-243x300.jpg 243w, https:\/\/permakultur-landwirtschaft.org\/wp-content\/uploads\/2025\/04\/20250410_permakultur_gartenkalender_heel_9783958439504-10x12.jpg 10w\" sizes=\"(max-width: 700px) 100vw, 700px\" \/>\t\t\t\t\t\t\t\t<\/a>\n\t\t\t\t\t\t\t\t\t\t\t\t\t\t\t<\/div>\n\t\t\t\t<\/div>\n\t\t\t\t<div class=\"elementor-element elementor-element-65dfa9f elementor-widget elementor-widget-theme-post-title elementor-page-title elementor-widget-heading\" data-id=\"65dfa9f\" data-element_type=\"widget\" data-e-type=\"widget\" data-widget_type=\"theme-post-title.default\">\n\t\t\t\t<div class=\"elementor-widget-container\">\n\t\t\t\t\t<h3 class=\"elementor-heading-title elementor-size-default\"><a href=\"https:\/\/permakultur-landwirtschaft.org\/fr\/365-tage-permakultur-beitrag-vom-09-april-2025\/\">365 Tage Permakultur &#8211; Beitrag vom 09. April 2025<\/a><\/h3>\t\t\t\t<\/div>\n\t\t\t\t<\/div>\n\t\t\t\t<div class=\"elementor-element elementor-element-0ad4e09 elementor-absolute elementor-widget elementor-widget-text-editor\" data-id=\"0ad4e09\" data-element_type=\"widget\" data-e-type=\"widget\" data-settings=\"{&quot;_position&quot;:&quot;absolute&quot;}\" data-widget_type=\"text-editor.default\">\n\t\t\t\t<div class=\"elementor-widget-container\">\n\t\t\t\t\t\t\t\t\tNeuigkeit\t\t\t\t\t\t\t\t<\/div>\n\t\t\t\t<\/div>\n\t\t\t\t<\/div>\n\t\t\t\t\t<\/div>\n\t\t\t\t<\/div>\n\t\t\t\t<\/div>\n\t\t\t\t<div data-elementor-type=\"loop-item\" data-elementor-id=\"37613\" class=\"elementor elementor-37613 e-loop-item e-loop-item-36291 post-36291 post type-post status-publish format-standard has-post-thumbnail hentry category-buch category-neuigkeit tag-buch tag-hochparterre tag-landschaftsarchitektur tag-landschaftsdesign tag-planungspraxis-permakultur tag-zukunftsfaehig\" data-elementor-post-type=\"elementor_library\" data-custom-edit-handle=\"1\">\n\t\t\t<div class=\"elementor-element elementor-element-c79cfe5 e-flex e-con-boxed e-con e-parent\" data-id=\"c79cfe5\" data-element_type=\"container\" data-e-type=\"container\">\n\t\t\t\t\t<div class=\"e-con-inner\">\n\t\t<div class=\"elementor-element elementor-element-64a3d73 e-con-full e-flex e-con e-child\" data-id=\"64a3d73\" data-element_type=\"container\" data-e-type=\"container\">\n\t\t\t\t<div class=\"elementor-element elementor-element-2e3812c elementor-widget__width-inherit elementor-widget elementor-widget-image\" data-id=\"2e3812c\" data-element_type=\"widget\" data-e-type=\"widget\" data-widget_type=\"image.default\">\n\t\t\t\t<div class=\"elementor-widget-container\">\n\t\t\t\t\t\t\t\t\t\t\t\t\t\t\t\t<a href=\"https:\/\/permakultur-landwirtschaft.org\/fr\/zukunftsfaehiges-landschaftsdesign-beitrag-vom-07-april-2025\/\">\n\t\t\t\t\t\t\t<img loading=\"lazy\" decoding=\"async\" width=\"700\" height=\"518\" src=\"https:\/\/permakultur-landwirtschaft.org\/wp-content\/uploads\/2025\/04\/20250410_haupt_planungspraxis_csm_Permakultur_25a0357073.png\" class=\"attachment-full size-full wp-image-36292\" alt=\"Buch Planungspraxis Permakultur\" srcset=\"https:\/\/permakultur-landwirtschaft.org\/wp-content\/uploads\/2025\/04\/20250410_haupt_planungspraxis_csm_Permakultur_25a0357073.png 700w, https:\/\/permakultur-landwirtschaft.org\/wp-content\/uploads\/2025\/04\/20250410_haupt_planungspraxis_csm_Permakultur_25a0357073-300x222.png 300w, https:\/\/permakultur-landwirtschaft.org\/wp-content\/uploads\/2025\/04\/20250410_haupt_planungspraxis_csm_Permakultur_25a0357073-16x12.png 16w\" sizes=\"(max-width: 700px) 100vw, 700px\" \/>\t\t\t\t\t\t\t\t<\/a>\n\t\t\t\t\t\t\t\t\t\t\t\t\t\t\t<\/div>\n\t\t\t\t<\/div>\n\t\t\t\t<div class=\"elementor-element elementor-element-65dfa9f elementor-widget elementor-widget-theme-post-title elementor-page-title elementor-widget-heading\" data-id=\"65dfa9f\" data-element_type=\"widget\" data-e-type=\"widget\" data-widget_type=\"theme-post-title.default\">\n\t\t\t\t<div class=\"elementor-widget-container\">\n\t\t\t\t\t<h3 class=\"elementor-heading-title elementor-size-default\"><a href=\"https:\/\/permakultur-landwirtschaft.org\/fr\/zukunftsfaehiges-landschaftsdesign-beitrag-vom-07-april-2025\/\">Zukunftsf\u00e4higes Landschaftsdesign &#8211; Beitrag vom 07. April 2025<\/a><\/h3>\t\t\t\t<\/div>\n\t\t\t\t<\/div>\n\t\t\t\t<div class=\"elementor-element elementor-element-0ad4e09 elementor-absolute elementor-widget elementor-widget-text-editor\" data-id=\"0ad4e09\" data-element_type=\"widget\" data-e-type=\"widget\" data-settings=\"{&quot;_position&quot;:&quot;absolute&quot;}\" data-widget_type=\"text-editor.default\">\n\t\t\t\t<div class=\"elementor-widget-container\">\n\t\t\t\t\t\t\t\t\tNeuigkeit\t\t\t\t\t\t\t\t<\/div>\n\t\t\t\t<\/div>\n\t\t\t\t<\/div>\n\t\t\t\t\t<\/div>\n\t\t\t\t<\/div>\n\t\t\t\t<\/div>\n\t\t\t\t<div data-elementor-type=\"loop-item\" data-elementor-id=\"37613\" class=\"elementor elementor-37613 e-loop-item e-loop-item-35998 post-35998 post type-post status-publish format-standard has-post-thumbnail hentry category-dokument category-neuigkeit tag-agroforst tag-baeume tag-broschuere tag-fibl tag-nutzen tag-oesterreich\" data-elementor-post-type=\"elementor_library\" data-custom-edit-handle=\"1\">\n\t\t\t<div class=\"elementor-element elementor-element-c79cfe5 e-flex e-con-boxed e-con e-parent\" data-id=\"c79cfe5\" data-element_type=\"container\" data-e-type=\"container\">\n\t\t\t\t\t<div class=\"e-con-inner\">\n\t\t<div class=\"elementor-element elementor-element-64a3d73 e-con-full e-flex e-con e-child\" data-id=\"64a3d73\" data-element_type=\"container\" data-e-type=\"container\">\n\t\t\t\t<div class=\"elementor-element elementor-element-2e3812c elementor-widget__width-inherit elementor-widget elementor-widget-image\" data-id=\"2e3812c\" data-element_type=\"widget\" data-e-type=\"widget\" data-widget_type=\"image.default\">\n\t\t\t\t<div class=\"elementor-widget-container\">\n\t\t\t\t\t\t\t\t\t\t\t\t\t\t\t\t<a href=\"https:\/\/permakultur-landwirtschaft.org\/fr\/neue-broschuere-zu-vorteilen-von-agroforstsystemen-beitrag-vom-28-januar-2025\/\">\n\t\t\t\t\t\t\t<img loading=\"lazy\" decoding=\"async\" width=\"700\" height=\"412\" src=\"https:\/\/permakultur-landwirtschaft.org\/wp-content\/uploads\/2025\/03\/fibl_baueme_nutzen_2025-03-20_11-21-31.jpg\" class=\"attachment-full size-full wp-image-35999\" alt=\"Mehr B\u00e4ume, mehr Nutzen\" srcset=\"https:\/\/permakultur-landwirtschaft.org\/wp-content\/uploads\/2025\/03\/fibl_baueme_nutzen_2025-03-20_11-21-31.jpg 700w, https:\/\/permakultur-landwirtschaft.org\/wp-content\/uploads\/2025\/03\/fibl_baueme_nutzen_2025-03-20_11-21-31-300x177.jpg 300w, https:\/\/permakultur-landwirtschaft.org\/wp-content\/uploads\/2025\/03\/fibl_baueme_nutzen_2025-03-20_11-21-31-18x12.jpg 18w\" sizes=\"(max-width: 700px) 100vw, 700px\" \/>\t\t\t\t\t\t\t\t<\/a>\n\t\t\t\t\t\t\t\t\t\t\t\t\t\t\t<\/div>\n\t\t\t\t<\/div>\n\t\t\t\t<div class=\"elementor-element elementor-element-65dfa9f elementor-widget elementor-widget-theme-post-title elementor-page-title elementor-widget-heading\" data-id=\"65dfa9f\" data-element_type=\"widget\" data-e-type=\"widget\" data-widget_type=\"theme-post-title.default\">\n\t\t\t\t<div class=\"elementor-widget-container\">\n\t\t\t\t\t<h3 class=\"elementor-heading-title elementor-size-default\"><a href=\"https:\/\/permakultur-landwirtschaft.org\/fr\/neue-broschuere-zu-vorteilen-von-agroforstsystemen-beitrag-vom-28-januar-2025\/\">Neue Brosch\u00fcre zu Vorteilen von Agroforstsystemen &#8211; Beitrag vom 28. Januar 2025<\/a><\/h3>\t\t\t\t<\/div>\n\t\t\t\t<\/div>\n\t\t\t\t<div class=\"elementor-element elementor-element-0ad4e09 elementor-absolute elementor-widget elementor-widget-text-editor\" data-id=\"0ad4e09\" data-element_type=\"widget\" data-e-type=\"widget\" data-settings=\"{&quot;_position&quot;:&quot;absolute&quot;}\" data-widget_type=\"text-editor.default\">\n\t\t\t\t<div class=\"elementor-widget-container\">\n\t\t\t\t\t\t\t\t\tDokument\t\t\t\t\t\t\t\t<\/div>\n\t\t\t\t<\/div>\n\t\t\t\t<\/div>\n\t\t\t\t\t<\/div>\n\t\t\t\t<\/div>\n\t\t\t\t<\/div>\n\t\t\t\t<div data-elementor-type=\"loop-item\" data-elementor-id=\"37613\" class=\"elementor elementor-37613 e-loop-item e-loop-item-35301 post-35301 post type-post status-publish format-standard has-post-thumbnail hentry category-buch category-neuigkeit tag-agroforstpraxis tag-buch tag-haupt-verlag tag-schweiz\" data-elementor-post-type=\"elementor_library\" data-custom-edit-handle=\"1\">\n\t\t\t<div class=\"elementor-element elementor-element-c79cfe5 e-flex e-con-boxed e-con e-parent\" data-id=\"c79cfe5\" data-element_type=\"container\" data-e-type=\"container\">\n\t\t\t\t\t<div class=\"e-con-inner\">\n\t\t<div class=\"elementor-element elementor-element-64a3d73 e-con-full e-flex e-con e-child\" data-id=\"64a3d73\" data-element_type=\"container\" data-e-type=\"container\">\n\t\t\t\t<div class=\"elementor-element elementor-element-2e3812c elementor-widget__width-inherit elementor-widget elementor-widget-image\" data-id=\"2e3812c\" data-element_type=\"widget\" data-e-type=\"widget\" data-widget_type=\"image.default\">\n\t\t\t\t<div class=\"elementor-widget-container\">\n\t\t\t\t\t\t\t\t\t\t\t\t\t\t\t\t<a href=\"https:\/\/permakultur-landwirtschaft.org\/fr\/agroforstpraxis-in-der-schweiz-buch-erscheint-im-januar-2025\/\">\n\t\t\t\t\t\t\t<img loading=\"lazy\" decoding=\"async\" width=\"446\" height=\"648\" src=\"https:\/\/permakultur-landwirtschaft.org\/wp-content\/uploads\/2024\/10\/agroforst_schweiz_2024_haupt_9783258083667.jpg\" class=\"attachment-full size-full wp-image-35302\" alt=\"Agroforstpraxis in der Schweiz\" srcset=\"https:\/\/permakultur-landwirtschaft.org\/wp-content\/uploads\/2024\/10\/agroforst_schweiz_2024_haupt_9783258083667.jpg 446w, https:\/\/permakultur-landwirtschaft.org\/wp-content\/uploads\/2024\/10\/agroforst_schweiz_2024_haupt_9783258083667-206x300.jpg 206w\" sizes=\"(max-width: 446px) 100vw, 446px\" \/>\t\t\t\t\t\t\t\t<\/a>\n\t\t\t\t\t\t\t\t\t\t\t\t\t\t\t<\/div>\n\t\t\t\t<\/div>\n\t\t\t\t<div class=\"elementor-element elementor-element-65dfa9f elementor-widget elementor-widget-theme-post-title elementor-page-title elementor-widget-heading\" data-id=\"65dfa9f\" data-element_type=\"widget\" data-e-type=\"widget\" data-widget_type=\"theme-post-title.default\">\n\t\t\t\t<div class=\"elementor-widget-container\">\n\t\t\t\t\t<h3 class=\"elementor-heading-title elementor-size-default\"><a href=\"https:\/\/permakultur-landwirtschaft.org\/fr\/agroforstpraxis-in-der-schweiz-buch-erscheint-im-januar-2025\/\">Agroforstpraxis in der Schweiz &#8211; Buch erschienen am 13. Januar 2025<\/a><\/h3>\t\t\t\t<\/div>\n\t\t\t\t<\/div>\n\t\t\t\t<div class=\"elementor-element elementor-element-0ad4e09 elementor-absolute elementor-widget elementor-widget-text-editor\" data-id=\"0ad4e09\" data-element_type=\"widget\" data-e-type=\"widget\" data-settings=\"{&quot;_position&quot;:&quot;absolute&quot;}\" data-widget_type=\"text-editor.default\">\n\t\t\t\t<div class=\"elementor-widget-container\">\n\t\t\t\t\t\t\t\t\tNeuigkeit\t\t\t\t\t\t\t\t<\/div>\n\t\t\t\t<\/div>\n\t\t\t\t<\/div>\n\t\t\t\t\t<\/div>\n\t\t\t\t<\/div>\n\t\t\t\t<\/div>\n\t\t\t\t<div data-elementor-type=\"loop-item\" data-elementor-id=\"37613\" class=\"elementor elementor-37613 e-loop-item e-loop-item-34147 post-34147 post type-post status-publish format-standard has-post-thumbnail hentry category-dokument category-neuigkeit tag-ferme-de-lilan tag-ferme-permacole tag-grandes-cultures tag-rapport\" data-elementor-post-type=\"elementor_library\" data-custom-edit-handle=\"1\">\n\t\t\t<div class=\"elementor-element elementor-element-c79cfe5 e-flex e-con-boxed e-con e-parent\" data-id=\"c79cfe5\" data-element_type=\"container\" data-e-type=\"container\">\n\t\t\t\t\t<div class=\"e-con-inner\">\n\t\t<div class=\"elementor-element elementor-element-64a3d73 e-con-full e-flex e-con e-child\" data-id=\"64a3d73\" data-element_type=\"container\" data-e-type=\"container\">\n\t\t\t\t<div class=\"elementor-element elementor-element-2e3812c elementor-widget__width-inherit elementor-widget elementor-widget-image\" data-id=\"2e3812c\" data-element_type=\"widget\" data-e-type=\"widget\" data-widget_type=\"image.default\">\n\t\t\t\t<div class=\"elementor-widget-container\">\n\t\t\t\t\t\t\t\t\t\t\t\t\t\t\t\t<a href=\"https:\/\/permakultur-landwirtschaft.org\/fr\/rapport-annuel-des-essais-en-grandes-cultures-de-la-ferme-de-lilan\/\">\n\t\t\t\t\t\t\t<img loading=\"lazy\" decoding=\"async\" width=\"1200\" height=\"675\" src=\"https:\/\/permakultur-landwirtschaft.org\/wp-content\/uploads\/2024\/03\/20240327_Lilan-ferme-permacole-rapport-annuel-21-22-bandes-fleuries-orge-ble-uai-1200x675-1.jpg\" class=\"attachment-full size-full wp-image-34150\" alt=\"\" srcset=\"https:\/\/permakultur-landwirtschaft.org\/wp-content\/uploads\/2024\/03\/20240327_Lilan-ferme-permacole-rapport-annuel-21-22-bandes-fleuries-orge-ble-uai-1200x675-1.jpg 1200w, https:\/\/permakultur-landwirtschaft.org\/wp-content\/uploads\/2024\/03\/20240327_Lilan-ferme-permacole-rapport-annuel-21-22-bandes-fleuries-orge-ble-uai-1200x675-1-300x169.jpg 300w, https:\/\/permakultur-landwirtschaft.org\/wp-content\/uploads\/2024\/03\/20240327_Lilan-ferme-permacole-rapport-annuel-21-22-bandes-fleuries-orge-ble-uai-1200x675-1-1024x576.jpg 1024w, https:\/\/permakultur-landwirtschaft.org\/wp-content\/uploads\/2024\/03\/20240327_Lilan-ferme-permacole-rapport-annuel-21-22-bandes-fleuries-orge-ble-uai-1200x675-1-768x432.jpg 768w\" sizes=\"(max-width: 1200px) 100vw, 1200px\" \/>\t\t\t\t\t\t\t\t<\/a>\n\t\t\t\t\t\t\t\t\t\t\t\t\t\t\t<\/div>\n\t\t\t\t<\/div>\n\t\t\t\t<div class=\"elementor-element elementor-element-65dfa9f elementor-widget elementor-widget-theme-post-title elementor-page-title elementor-widget-heading\" data-id=\"65dfa9f\" data-element_type=\"widget\" data-e-type=\"widget\" data-widget_type=\"theme-post-title.default\">\n\t\t\t\t<div class=\"elementor-widget-container\">\n\t\t\t\t\t<h3 class=\"elementor-heading-title elementor-size-default\"><a href=\"https:\/\/permakultur-landwirtschaft.org\/fr\/rapport-annuel-des-essais-en-grandes-cultures-de-la-ferme-de-lilan\/\">Rapport annuel des essais en grandes cultures de la Ferme de Lilan<\/a><\/h3>\t\t\t\t<\/div>\n\t\t\t\t<\/div>\n\t\t\t\t<div class=\"elementor-element elementor-element-0ad4e09 elementor-absolute elementor-widget elementor-widget-text-editor\" data-id=\"0ad4e09\" data-element_type=\"widget\" data-e-type=\"widget\" data-settings=\"{&quot;_position&quot;:&quot;absolute&quot;}\" data-widget_type=\"text-editor.default\">\n\t\t\t\t<div class=\"elementor-widget-container\">\n\t\t\t\t\t\t\t\t\tDokument\t\t\t\t\t\t\t\t<\/div>\n\t\t\t\t<\/div>\n\t\t\t\t<\/div>\n\t\t\t\t\t<\/div>\n\t\t\t\t<\/div>\n\t\t\t\t<\/div>\n\t\t\t\t<div data-elementor-type=\"loop-item\" data-elementor-id=\"37613\" class=\"elementor elementor-37613 e-loop-item e-loop-item-33321 post-33321 post type-post status-publish format-standard has-post-thumbnail hentry category-dokument category-neuigkeit tag-arbeitshilfe tag-landwirtschaft tag-orientierungshilfe tag-permakultur-planung\" data-elementor-post-type=\"elementor_library\" data-custom-edit-handle=\"1\">\n\t\t\t<div class=\"elementor-element elementor-element-c79cfe5 e-flex e-con-boxed e-con e-parent\" data-id=\"c79cfe5\" data-element_type=\"container\" data-e-type=\"container\">\n\t\t\t\t\t<div class=\"e-con-inner\">\n\t\t<div class=\"elementor-element elementor-element-64a3d73 e-con-full e-flex e-con e-child\" data-id=\"64a3d73\" data-element_type=\"container\" data-e-type=\"container\">\n\t\t\t\t<div class=\"elementor-element elementor-element-2e3812c elementor-widget__width-inherit elementor-widget elementor-widget-image\" data-id=\"2e3812c\" data-element_type=\"widget\" data-e-type=\"widget\" data-widget_type=\"image.default\">\n\t\t\t\t<div class=\"elementor-widget-container\">\n\t\t\t\t\t\t\t\t\t\t\t\t\t\t\t\t<a href=\"https:\/\/permakultur-landwirtschaft.org\/fr\/neue-arbeitshilfe-fuer-die-permakultur-planung\/\">\n\t\t\t\t\t\t\t<img loading=\"lazy\" decoding=\"async\" width=\"700\" height=\"494\" src=\"https:\/\/permakultur-landwirtschaft.org\/wp-content\/uploads\/2023\/12\/Orientierungshilfe_Permakultur_Planung_700_.jpg\" class=\"attachment-full size-full wp-image-33322\" alt=\"\" srcset=\"https:\/\/permakultur-landwirtschaft.org\/wp-content\/uploads\/2023\/12\/Orientierungshilfe_Permakultur_Planung_700_.jpg 700w, https:\/\/permakultur-landwirtschaft.org\/wp-content\/uploads\/2023\/12\/Orientierungshilfe_Permakultur_Planung_700_-300x212.jpg 300w\" sizes=\"(max-width: 700px) 100vw, 700px\" \/>\t\t\t\t\t\t\t\t<\/a>\n\t\t\t\t\t\t\t\t\t\t\t\t\t\t\t<\/div>\n\t\t\t\t<\/div>\n\t\t\t\t<div class=\"elementor-element elementor-element-65dfa9f elementor-widget elementor-widget-theme-post-title elementor-page-title elementor-widget-heading\" data-id=\"65dfa9f\" data-element_type=\"widget\" data-e-type=\"widget\" data-widget_type=\"theme-post-title.default\">\n\t\t\t\t<div class=\"elementor-widget-container\">\n\t\t\t\t\t<h3 class=\"elementor-heading-title elementor-size-default\"><a href=\"https:\/\/permakultur-landwirtschaft.org\/fr\/neue-arbeitshilfe-fuer-die-permakultur-planung\/\">Neue Arbeitshilfe f\u00fcr die Permakultur-Planung<\/a><\/h3>\t\t\t\t<\/div>\n\t\t\t\t<\/div>\n\t\t\t\t<div class=\"elementor-element elementor-element-0ad4e09 elementor-absolute elementor-widget elementor-widget-text-editor\" data-id=\"0ad4e09\" data-element_type=\"widget\" data-e-type=\"widget\" data-settings=\"{&quot;_position&quot;:&quot;absolute&quot;}\" data-widget_type=\"text-editor.default\">\n\t\t\t\t<div class=\"elementor-widget-container\">\n\t\t\t\t\t\t\t\t\tDokument\t\t\t\t\t\t\t\t<\/div>\n\t\t\t\t<\/div>\n\t\t\t\t<\/div>\n\t\t\t\t\t<\/div>\n\t\t\t\t<\/div>\n\t\t\t\t<\/div>\n\t\t\t\t<div data-elementor-type=\"loop-item\" data-elementor-id=\"37613\" class=\"elementor elementor-37613 e-loop-item e-loop-item-32974 post-32974 post type-post status-publish format-standard has-post-thumbnail hentry category-buch category-neuigkeit tag-buch tag-holzer tag-permakultur\" data-elementor-post-type=\"elementor_library\" data-custom-edit-handle=\"1\">\n\t\t\t<div class=\"elementor-element elementor-element-c79cfe5 e-flex e-con-boxed e-con e-parent\" data-id=\"c79cfe5\" data-element_type=\"container\" data-e-type=\"container\">\n\t\t\t\t\t<div class=\"e-con-inner\">\n\t\t<div class=\"elementor-element elementor-element-64a3d73 e-con-full e-flex e-con e-child\" data-id=\"64a3d73\" data-element_type=\"container\" data-e-type=\"container\">\n\t\t\t\t<div class=\"elementor-element elementor-element-2e3812c elementor-widget__width-inherit elementor-widget elementor-widget-image\" data-id=\"2e3812c\" data-element_type=\"widget\" data-e-type=\"widget\" data-widget_type=\"image.default\">\n\t\t\t\t<div class=\"elementor-widget-container\">\n\t\t\t\t\t\t\t\t\t\t\t\t\t\t\t\t<a href=\"https:\/\/permakultur-landwirtschaft.org\/fr\/agrar-rebellion-jetzt-neues-buch-von-sepp-und-josef-holzer-vom-november-2023\/\">\n\t\t\t\t\t\t\t<img loading=\"lazy\" decoding=\"async\" width=\"591\" height=\"795\" src=\"https:\/\/permakultur-landwirtschaft.org\/wp-content\/uploads\/2023\/11\/20231107_Buch_Holzer-Agrar-Rebellion-Jetzt.jpg\" class=\"attachment-full size-full wp-image-32975\" alt=\"\" srcset=\"https:\/\/permakultur-landwirtschaft.org\/wp-content\/uploads\/2023\/11\/20231107_Buch_Holzer-Agrar-Rebellion-Jetzt.jpg 591w, https:\/\/permakultur-landwirtschaft.org\/wp-content\/uploads\/2023\/11\/20231107_Buch_Holzer-Agrar-Rebellion-Jetzt-223x300.jpg 223w\" sizes=\"(max-width: 591px) 100vw, 591px\" \/>\t\t\t\t\t\t\t\t<\/a>\n\t\t\t\t\t\t\t\t\t\t\t\t\t\t\t<\/div>\n\t\t\t\t<\/div>\n\t\t\t\t<div class=\"elementor-element elementor-element-65dfa9f elementor-widget elementor-widget-theme-post-title elementor-page-title elementor-widget-heading\" data-id=\"65dfa9f\" data-element_type=\"widget\" data-e-type=\"widget\" data-widget_type=\"theme-post-title.default\">\n\t\t\t\t<div class=\"elementor-widget-container\">\n\t\t\t\t\t<h3 class=\"elementor-heading-title elementor-size-default\"><a href=\"https:\/\/permakultur-landwirtschaft.org\/fr\/agrar-rebellion-jetzt-neues-buch-von-sepp-und-josef-holzer-vom-november-2023\/\">Agrar-Rebellion Jetzt &#8211; Neues Buch von Sepp und Josef Holzer vom November 2023<\/a><\/h3>\t\t\t\t<\/div>\n\t\t\t\t<\/div>\n\t\t\t\t<div class=\"elementor-element elementor-element-0ad4e09 elementor-absolute elementor-widget elementor-widget-text-editor\" data-id=\"0ad4e09\" data-element_type=\"widget\" data-e-type=\"widget\" data-settings=\"{&quot;_position&quot;:&quot;absolute&quot;}\" data-widget_type=\"text-editor.default\">\n\t\t\t\t<div class=\"elementor-widget-container\">\n\t\t\t\t\t\t\t\t\tNeuigkeit\t\t\t\t\t\t\t\t<\/div>\n\t\t\t\t<\/div>\n\t\t\t\t<\/div>\n\t\t\t\t\t<\/div>\n\t\t\t\t<\/div>\n\t\t\t\t<\/div>\n\t\t\t\t<div data-elementor-type=\"loop-item\" data-elementor-id=\"37613\" class=\"elementor elementor-37613 e-loop-item e-loop-item-38405 post-38405 post type-post status-publish format-standard has-post-thumbnail hentry category-buch tag-buch tag-einfluesse tag-permakultur tag-richard-wymann tag-sonne tag-wetter tag-wind\" data-elementor-post-type=\"elementor_library\" data-custom-edit-handle=\"1\">\n\t\t\t<div class=\"elementor-element elementor-element-c79cfe5 e-flex e-con-boxed e-con e-parent\" data-id=\"c79cfe5\" data-element_type=\"container\" data-e-type=\"container\">\n\t\t\t\t\t<div class=\"e-con-inner\">\n\t\t<div class=\"elementor-element elementor-element-64a3d73 e-con-full e-flex e-con e-child\" data-id=\"64a3d73\" data-element_type=\"container\" data-e-type=\"container\">\n\t\t\t\t<div class=\"elementor-element elementor-element-2e3812c elementor-widget__width-inherit elementor-widget elementor-widget-image\" data-id=\"2e3812c\" data-element_type=\"widget\" data-e-type=\"widget\" data-widget_type=\"image.default\">\n\t\t\t\t<div class=\"elementor-widget-container\">\n\t\t\t\t\t\t\t\t\t\t\t\t\t\t\t\t<a href=\"https:\/\/permakultur-landwirtschaft.org\/fr\/gaertnern-mit-sonne-wind-und-wetter-buch-von-richard-wymann\/\">\n\t\t\t\t\t\t\t<img loading=\"lazy\" decoding=\"async\" width=\"744\" height=\"1080\" src=\"https:\/\/permakultur-landwirtschaft.org\/wp-content\/uploads\/2026\/03\/wymann_sonne_wind_wetter_0.webp\" class=\"attachment-full size-full wp-image-38406\" alt=\"Buchcover G\u00e4rtnern mit Sonne, Wind und Wetter\" srcset=\"https:\/\/permakultur-landwirtschaft.org\/wp-content\/uploads\/2026\/03\/wymann_sonne_wind_wetter_0.webp 744w, https:\/\/permakultur-landwirtschaft.org\/wp-content\/uploads\/2026\/03\/wymann_sonne_wind_wetter_0-207x300.webp 207w, https:\/\/permakultur-landwirtschaft.org\/wp-content\/uploads\/2026\/03\/wymann_sonne_wind_wetter_0-705x1024.webp 705w, https:\/\/permakultur-landwirtschaft.org\/wp-content\/uploads\/2026\/03\/wymann_sonne_wind_wetter_0-8x12.webp 8w\" sizes=\"(max-width: 744px) 100vw, 744px\" \/>\t\t\t\t\t\t\t\t<\/a>\n\t\t\t\t\t\t\t\t\t\t\t\t\t\t\t<\/div>\n\t\t\t\t<\/div>\n\t\t\t\t<div class=\"elementor-element elementor-element-65dfa9f elementor-widget elementor-widget-theme-post-title elementor-page-title elementor-widget-heading\" data-id=\"65dfa9f\" data-element_type=\"widget\" data-e-type=\"widget\" data-widget_type=\"theme-post-title.default\">\n\t\t\t\t<div class=\"elementor-widget-container\">\n\t\t\t\t\t<h3 class=\"elementor-heading-title elementor-size-default\"><a href=\"https:\/\/permakultur-landwirtschaft.org\/fr\/gaertnern-mit-sonne-wind-und-wetter-buch-von-richard-wymann\/\">G\u00e4rtnern mit Sonne, Wind und Wetter &#8211; Buch von Richard Wymann<\/a><\/h3>\t\t\t\t<\/div>\n\t\t\t\t<\/div>\n\t\t\t\t<div class=\"elementor-element elementor-element-0ad4e09 elementor-absolute elementor-widget elementor-widget-text-editor\" data-id=\"0ad4e09\" data-element_type=\"widget\" data-e-type=\"widget\" data-settings=\"{&quot;_position&quot;:&quot;absolute&quot;}\" data-widget_type=\"text-editor.default\">\n\t\t\t\t<div class=\"elementor-widget-container\">\n\t\t\t\t\t\t\t\t\tBuch\t\t\t\t\t\t\t\t<\/div>\n\t\t\t\t<\/div>\n\t\t\t\t<\/div>\n\t\t\t\t\t<\/div>\n\t\t\t\t<\/div>\n\t\t\t\t<\/div>\n\t\t\t\t<div data-elementor-type=\"loop-item\" data-elementor-id=\"37613\" class=\"elementor elementor-37613 e-loop-item e-loop-item-32346 post-32346 post type-post status-publish format-standard has-post-thumbnail hentry category-dokument category-neuigkeit tag-fibl tag-microfermes tag-protraits\" data-elementor-post-type=\"elementor_library\" data-custom-edit-handle=\"1\">\n\t\t\t<div class=\"elementor-element elementor-element-c79cfe5 e-flex e-con-boxed e-con e-parent\" data-id=\"c79cfe5\" data-element_type=\"container\" data-e-type=\"container\">\n\t\t\t\t\t<div class=\"e-con-inner\">\n\t\t<div class=\"elementor-element elementor-element-64a3d73 e-con-full e-flex e-con e-child\" data-id=\"64a3d73\" data-element_type=\"container\" data-e-type=\"container\">\n\t\t\t\t<div class=\"elementor-element elementor-element-2e3812c elementor-widget__width-inherit elementor-widget elementor-widget-image\" data-id=\"2e3812c\" data-element_type=\"widget\" data-e-type=\"widget\" data-widget_type=\"image.default\">\n\t\t\t\t<div class=\"elementor-widget-container\">\n\t\t\t\t\t\t\t\t\t\t\t\t\t\t\t\t<a href=\"https:\/\/permakultur-landwirtschaft.org\/fr\/donnees-technico-economiques-de-microfermes-en-suisse-fibl-portraits-de-2022\/\">\n\t\t\t\t\t\t\t<img loading=\"lazy\" decoding=\"async\" width=\"700\" height=\"546\" src=\"https:\/\/permakultur-landwirtschaft.org\/wp-content\/uploads\/2023\/10\/2023_fibl_1268-microfermes.jpg\" class=\"attachment-full size-full wp-image-32347\" alt=\"\" srcset=\"https:\/\/permakultur-landwirtschaft.org\/wp-content\/uploads\/2023\/10\/2023_fibl_1268-microfermes.jpg 700w, https:\/\/permakultur-landwirtschaft.org\/wp-content\/uploads\/2023\/10\/2023_fibl_1268-microfermes-300x234.jpg 300w\" sizes=\"(max-width: 700px) 100vw, 700px\" \/>\t\t\t\t\t\t\t\t<\/a>\n\t\t\t\t\t\t\t\t\t\t\t\t\t\t\t<\/div>\n\t\t\t\t<\/div>\n\t\t\t\t<div class=\"elementor-element elementor-element-65dfa9f elementor-widget elementor-widget-theme-post-title elementor-page-title elementor-widget-heading\" data-id=\"65dfa9f\" data-element_type=\"widget\" data-e-type=\"widget\" data-widget_type=\"theme-post-title.default\">\n\t\t\t\t<div class=\"elementor-widget-container\">\n\t\t\t\t\t<h3 class=\"elementor-heading-title elementor-size-default\"><a href=\"https:\/\/permakultur-landwirtschaft.org\/fr\/donnees-technico-economiques-de-microfermes-en-suisse-fibl-portraits-de-2022\/\">Donn\u00e9es technico-\u00e9conomiques de microfermes en Suisse &#8211; FiBL portraits de 2022<\/a><\/h3>\t\t\t\t<\/div>\n\t\t\t\t<\/div>\n\t\t\t\t<div class=\"elementor-element elementor-element-0ad4e09 elementor-absolute elementor-widget elementor-widget-text-editor\" data-id=\"0ad4e09\" data-element_type=\"widget\" data-e-type=\"widget\" data-settings=\"{&quot;_position&quot;:&quot;absolute&quot;}\" data-widget_type=\"text-editor.default\">\n\t\t\t\t<div class=\"elementor-widget-container\">\n\t\t\t\t\t\t\t\t\tNeuigkeit\t\t\t\t\t\t\t\t<\/div>\n\t\t\t\t<\/div>\n\t\t\t\t<\/div>\n\t\t\t\t\t<\/div>\n\t\t\t\t<\/div>\n\t\t\t\t<\/div>\n\t\t\t\t<div data-elementor-type=\"loop-item\" data-elementor-id=\"37613\" class=\"elementor elementor-37613 e-loop-item e-loop-item-34124 post-34124 post type-post status-publish format-standard has-post-thumbnail hentry category-dokument category-neuigkeit tag-agroforst tag-bodenkunde tag-defaf tag-leitfaden tag-untersuchung\" data-elementor-post-type=\"elementor_library\" data-custom-edit-handle=\"1\">\n\t\t\t<div class=\"elementor-element elementor-element-c79cfe5 e-flex e-con-boxed e-con e-parent\" data-id=\"c79cfe5\" data-element_type=\"container\" data-e-type=\"container\">\n\t\t\t\t\t<div class=\"e-con-inner\">\n\t\t<div class=\"elementor-element elementor-element-64a3d73 e-con-full e-flex e-con e-child\" data-id=\"64a3d73\" data-element_type=\"container\" data-e-type=\"container\">\n\t\t\t\t<div class=\"elementor-element elementor-element-2e3812c elementor-widget__width-inherit elementor-widget elementor-widget-image\" data-id=\"2e3812c\" data-element_type=\"widget\" data-e-type=\"widget\" data-widget_type=\"image.default\">\n\t\t\t\t<div class=\"elementor-widget-container\">\n\t\t\t\t\t\t\t\t\t\t\t\t\t\t\t\t<a href=\"https:\/\/permakultur-landwirtschaft.org\/fr\/bodenkundliche-untersuchungen-in-streifenfoermigen-agroforstsystemen-leitfaden-vom-august-2022\/\">\n\t\t\t\t\t\t\t<img loading=\"lazy\" decoding=\"async\" width=\"700\" height=\"424\" src=\"https:\/\/permakultur-landwirtschaft.org\/wp-content\/uploads\/2024\/03\/bodenkundliche_untersuchung_agroforst_2024-03-26_10-38-34.jpg\" class=\"attachment-full size-full wp-image-34125\" alt=\"\" srcset=\"https:\/\/permakultur-landwirtschaft.org\/wp-content\/uploads\/2024\/03\/bodenkundliche_untersuchung_agroforst_2024-03-26_10-38-34.jpg 700w, https:\/\/permakultur-landwirtschaft.org\/wp-content\/uploads\/2024\/03\/bodenkundliche_untersuchung_agroforst_2024-03-26_10-38-34-300x182.jpg 300w\" sizes=\"(max-width: 700px) 100vw, 700px\" \/>\t\t\t\t\t\t\t\t<\/a>\n\t\t\t\t\t\t\t\t\t\t\t\t\t\t\t<\/div>\n\t\t\t\t<\/div>\n\t\t\t\t<div class=\"elementor-element elementor-element-65dfa9f elementor-widget elementor-widget-theme-post-title elementor-page-title elementor-widget-heading\" data-id=\"65dfa9f\" data-element_type=\"widget\" data-e-type=\"widget\" data-widget_type=\"theme-post-title.default\">\n\t\t\t\t<div class=\"elementor-widget-container\">\n\t\t\t\t\t<h3 class=\"elementor-heading-title elementor-size-default\"><a href=\"https:\/\/permakultur-landwirtschaft.org\/fr\/bodenkundliche-untersuchungen-in-streifenfoermigen-agroforstsystemen-leitfaden-vom-august-2022\/\">Bodenkundliche Untersuchungen in streifenf\u00f6rmigen Agroforstsystemen &#8211; Leitfaden vom August 2022<\/a><\/h3>\t\t\t\t<\/div>\n\t\t\t\t<\/div>\n\t\t\t\t<div class=\"elementor-element elementor-element-0ad4e09 elementor-absolute elementor-widget elementor-widget-text-editor\" data-id=\"0ad4e09\" data-element_type=\"widget\" data-e-type=\"widget\" data-settings=\"{&quot;_position&quot;:&quot;absolute&quot;}\" data-widget_type=\"text-editor.default\">\n\t\t\t\t<div class=\"elementor-widget-container\">\n\t\t\t\t\t\t\t\t\tDokument\t\t\t\t\t\t\t\t<\/div>\n\t\t\t\t<\/div>\n\t\t\t\t<\/div>\n\t\t\t\t\t<\/div>\n\t\t\t\t<\/div>\n\t\t\t\t<\/div>\n\t\t\t\t<div data-elementor-type=\"loop-item\" data-elementor-id=\"37613\" class=\"elementor elementor-37613 e-loop-item e-loop-item-21709 post-21709 post type-post status-publish format-standard has-post-thumbnail hentry category-dokument category-neuigkeit\" data-elementor-post-type=\"elementor_library\" data-custom-edit-handle=\"1\">\n\t\t\t<div class=\"elementor-element elementor-element-c79cfe5 e-flex e-con-boxed e-con e-parent\" data-id=\"c79cfe5\" data-element_type=\"container\" data-e-type=\"container\">\n\t\t\t\t\t<div class=\"e-con-inner\">\n\t\t<div class=\"elementor-element elementor-element-64a3d73 e-con-full e-flex e-con e-child\" data-id=\"64a3d73\" data-element_type=\"container\" data-e-type=\"container\">\n\t\t\t\t<div class=\"elementor-element elementor-element-2e3812c elementor-widget__width-inherit elementor-widget elementor-widget-image\" data-id=\"2e3812c\" data-element_type=\"widget\" data-e-type=\"widget\" data-widget_type=\"image.default\">\n\t\t\t\t<div class=\"elementor-widget-container\">\n\t\t\t\t\t\t\t\t\t\t\t\t\t\t\t\t<a href=\"https:\/\/permakultur-landwirtschaft.org\/fr\/zusammenfassung-und-analyse-des-buches-restoration-agriculture-von-mark-shepard\/\">\n\t\t\t\t\t\t\t<img loading=\"lazy\" decoding=\"async\" width=\"312\" height=\"286\" src=\"https:\/\/permakultur-landwirtschaft.org\/wp-content\/uploads\/2022\/07\/restoration_agriculture_awardseal_32814eb8-9a8c-4454-8cad-6b171d1d2937_480x480.jpg\" class=\"attachment-full size-full wp-image-21710\" alt=\"\" srcset=\"https:\/\/permakultur-landwirtschaft.org\/wp-content\/uploads\/2022\/07\/restoration_agriculture_awardseal_32814eb8-9a8c-4454-8cad-6b171d1d2937_480x480.jpg 312w, https:\/\/permakultur-landwirtschaft.org\/wp-content\/uploads\/2022\/07\/restoration_agriculture_awardseal_32814eb8-9a8c-4454-8cad-6b171d1d2937_480x480-300x275.jpg 300w\" sizes=\"(max-width: 312px) 100vw, 312px\" \/>\t\t\t\t\t\t\t\t<\/a>\n\t\t\t\t\t\t\t\t\t\t\t\t\t\t\t<\/div>\n\t\t\t\t<\/div>\n\t\t\t\t<div class=\"elementor-element elementor-element-65dfa9f elementor-widget elementor-widget-theme-post-title elementor-page-title elementor-widget-heading\" data-id=\"65dfa9f\" data-element_type=\"widget\" data-e-type=\"widget\" data-widget_type=\"theme-post-title.default\">\n\t\t\t\t<div class=\"elementor-widget-container\">\n\t\t\t\t\t<h3 class=\"elementor-heading-title elementor-size-default\"><a href=\"https:\/\/permakultur-landwirtschaft.org\/fr\/zusammenfassung-und-analyse-des-buches-restoration-agriculture-von-mark-shepard\/\">Zusammenfassung und Analyse des Buches &#171;Restoration Agriculture&#187; von Mark Shepard<\/a><\/h3>\t\t\t\t<\/div>\n\t\t\t\t<\/div>\n\t\t\t\t<div class=\"elementor-element elementor-element-0ad4e09 elementor-absolute elementor-widget elementor-widget-text-editor\" data-id=\"0ad4e09\" data-element_type=\"widget\" data-e-type=\"widget\" data-settings=\"{&quot;_position&quot;:&quot;absolute&quot;}\" data-widget_type=\"text-editor.default\">\n\t\t\t\t<div class=\"elementor-widget-container\">\n\t\t\t\t\t\t\t\t\tDokument\t\t\t\t\t\t\t\t<\/div>\n\t\t\t\t<\/div>\n\t\t\t\t<\/div>\n\t\t\t\t\t<\/div>\n\t\t\t\t<\/div>\n\t\t\t\t<\/div>\n\t\t\t\t<div data-elementor-type=\"loop-item\" data-elementor-id=\"37613\" class=\"elementor elementor-37613 e-loop-item e-loop-item-20295 post-20295 post type-post status-publish format-standard has-post-thumbnail hentry category-dokument category-neuigkeit\" data-elementor-post-type=\"elementor_library\" data-custom-edit-handle=\"1\">\n\t\t\t<div class=\"elementor-element elementor-element-c79cfe5 e-flex e-con-boxed e-con e-parent\" data-id=\"c79cfe5\" data-element_type=\"container\" data-e-type=\"container\">\n\t\t\t\t\t<div class=\"e-con-inner\">\n\t\t<div class=\"elementor-element elementor-element-64a3d73 e-con-full e-flex e-con e-child\" data-id=\"64a3d73\" data-element_type=\"container\" data-e-type=\"container\">\n\t\t\t\t<div class=\"elementor-element elementor-element-2e3812c elementor-widget__width-inherit elementor-widget elementor-widget-image\" data-id=\"2e3812c\" data-element_type=\"widget\" data-e-type=\"widget\" data-widget_type=\"image.default\">\n\t\t\t\t<div class=\"elementor-widget-container\">\n\t\t\t\t\t\t\t\t\t\t\t\t\t\t\t\t<a href=\"https:\/\/permakultur-landwirtschaft.org\/fr\/agroforst-im-weinbau2022\/\">\n\t\t\t\t\t\t\t<img loading=\"lazy\" decoding=\"async\" width=\"699\" height=\"499\" src=\"https:\/\/permakultur-landwirtschaft.org\/wp-content\/uploads\/2022\/06\/delinat_agroforst2022-06-14_14-04-16.jpg\" class=\"attachment-full size-full wp-image-20296\" alt=\"\" srcset=\"https:\/\/permakultur-landwirtschaft.org\/wp-content\/uploads\/2022\/06\/delinat_agroforst2022-06-14_14-04-16.jpg 699w, https:\/\/permakultur-landwirtschaft.org\/wp-content\/uploads\/2022\/06\/delinat_agroforst2022-06-14_14-04-16-300x214.jpg 300w\" sizes=\"(max-width: 699px) 100vw, 699px\" \/>\t\t\t\t\t\t\t\t<\/a>\n\t\t\t\t\t\t\t\t\t\t\t\t\t\t\t<\/div>\n\t\t\t\t<\/div>\n\t\t\t\t<div class=\"elementor-element elementor-element-65dfa9f elementor-widget elementor-widget-theme-post-title elementor-page-title elementor-widget-heading\" data-id=\"65dfa9f\" data-element_type=\"widget\" data-e-type=\"widget\" data-widget_type=\"theme-post-title.default\">\n\t\t\t\t<div class=\"elementor-widget-container\">\n\t\t\t\t\t<h3 class=\"elementor-heading-title elementor-size-default\"><a href=\"https:\/\/permakultur-landwirtschaft.org\/fr\/agroforst-im-weinbau2022\/\">Agroforst im Weinbau &#8211; Publikation von Delinat 2022<\/a><\/h3>\t\t\t\t<\/div>\n\t\t\t\t<\/div>\n\t\t\t\t<div class=\"elementor-element elementor-element-0ad4e09 elementor-absolute elementor-widget elementor-widget-text-editor\" data-id=\"0ad4e09\" data-element_type=\"widget\" data-e-type=\"widget\" data-settings=\"{&quot;_position&quot;:&quot;absolute&quot;}\" data-widget_type=\"text-editor.default\">\n\t\t\t\t<div class=\"elementor-widget-container\">\n\t\t\t\t\t\t\t\t\tDokument\t\t\t\t\t\t\t\t<\/div>\n\t\t\t\t<\/div>\n\t\t\t\t<\/div>\n\t\t\t\t\t<\/div>\n\t\t\t\t<\/div>\n\t\t\t\t<\/div>\n\t\t\t\t<div data-elementor-type=\"loop-item\" data-elementor-id=\"37613\" class=\"elementor elementor-37613 e-loop-item e-loop-item-19725 post-19725 post type-post status-publish format-standard has-post-thumbnail hentry category-dokument category-neuigkeit tag-agraroekologie\" data-elementor-post-type=\"elementor_library\" data-custom-edit-handle=\"1\">\n\t\t\t<div class=\"elementor-element elementor-element-c79cfe5 e-flex e-con-boxed e-con e-parent\" data-id=\"c79cfe5\" data-element_type=\"container\" data-e-type=\"container\">\n\t\t\t\t\t<div class=\"e-con-inner\">\n\t\t<div class=\"elementor-element elementor-element-64a3d73 e-con-full e-flex e-con e-child\" data-id=\"64a3d73\" data-element_type=\"container\" data-e-type=\"container\">\n\t\t\t\t<div class=\"elementor-element elementor-element-2e3812c elementor-widget__width-inherit elementor-widget elementor-widget-image\" data-id=\"2e3812c\" data-element_type=\"widget\" data-e-type=\"widget\" data-widget_type=\"image.default\">\n\t\t\t\t<div class=\"elementor-widget-container\">\n\t\t\t\t\t\t\t\t\t\t\t\t\t\t\t\t<a href=\"https:\/\/permakultur-landwirtschaft.org\/fr\/agricultura\/\">\n\t\t\t\t\t\t\t<img loading=\"lazy\" decoding=\"async\" width=\"687\" height=\"525\" src=\"https:\/\/permakultur-landwirtschaft.org\/wp-content\/uploads\/2022\/05\/Agricultura_02_22.jpg\" class=\"attachment-full size-full wp-image-19726\" alt=\"\" srcset=\"https:\/\/permakultur-landwirtschaft.org\/wp-content\/uploads\/2022\/05\/Agricultura_02_22.jpg 687w, https:\/\/permakultur-landwirtschaft.org\/wp-content\/uploads\/2022\/05\/Agricultura_02_22-300x229.jpg 300w\" sizes=\"(max-width: 687px) 100vw, 687px\" \/>\t\t\t\t\t\t\t\t<\/a>\n\t\t\t\t\t\t\t\t\t\t\t\t\t\t\t<\/div>\n\t\t\t\t<\/div>\n\t\t\t\t<div class=\"elementor-element elementor-element-65dfa9f elementor-widget elementor-widget-theme-post-title elementor-page-title elementor-widget-heading\" data-id=\"65dfa9f\" data-element_type=\"widget\" data-e-type=\"widget\" data-widget_type=\"theme-post-title.default\">\n\t\t\t\t<div class=\"elementor-widget-container\">\n\t\t\t\t\t<h3 class=\"elementor-heading-title elementor-size-default\"><a href=\"https:\/\/permakultur-landwirtschaft.org\/fr\/agricultura\/\">Agricultura 02\/2022 zum Thema Agrar\u00f6kologie<\/a><\/h3>\t\t\t\t<\/div>\n\t\t\t\t<\/div>\n\t\t\t\t<div class=\"elementor-element elementor-element-0ad4e09 elementor-absolute elementor-widget elementor-widget-text-editor\" data-id=\"0ad4e09\" data-element_type=\"widget\" data-e-type=\"widget\" data-settings=\"{&quot;_position&quot;:&quot;absolute&quot;}\" data-widget_type=\"text-editor.default\">\n\t\t\t\t<div class=\"elementor-widget-container\">\n\t\t\t\t\t\t\t\t\tDokument\t\t\t\t\t\t\t\t<\/div>\n\t\t\t\t<\/div>\n\t\t\t\t<\/div>\n\t\t\t\t\t<\/div>\n\t\t\t\t<\/div>\n\t\t\t\t<\/div>\n\t\t\t\t<div data-elementor-type=\"loop-item\" data-elementor-id=\"37613\" class=\"elementor elementor-37613 e-loop-item e-loop-item-18536 post-18536 post type-post status-publish format-standard has-post-thumbnail hentry category-dokument category-neuigkeit\" data-elementor-post-type=\"elementor_library\" data-custom-edit-handle=\"1\">\n\t\t\t<div class=\"elementor-element elementor-element-c79cfe5 e-flex e-con-boxed e-con e-parent\" data-id=\"c79cfe5\" data-element_type=\"container\" data-e-type=\"container\">\n\t\t\t\t\t<div class=\"e-con-inner\">\n\t\t<div class=\"elementor-element elementor-element-64a3d73 e-con-full e-flex e-con e-child\" data-id=\"64a3d73\" data-element_type=\"container\" data-e-type=\"container\">\n\t\t\t\t<div class=\"elementor-element elementor-element-2e3812c elementor-widget__width-inherit elementor-widget elementor-widget-image\" data-id=\"2e3812c\" data-element_type=\"widget\" data-e-type=\"widget\" data-widget_type=\"image.default\">\n\t\t\t\t<div class=\"elementor-widget-container\">\n\t\t\t\t\t\t\t\t\t\t\t\t\t\t\t\t<a href=\"https:\/\/permakultur-landwirtschaft.org\/fr\/schweizer-pestizidatlas-public-eye-report-vom-24-februar-2022\/\">\n\t\t\t\t\t\t\t<img loading=\"lazy\" decoding=\"async\" width=\"980\" height=\"600\" src=\"https:\/\/permakultur-landwirtschaft.org\/wp-content\/uploads\/2022\/03\/csm_Pestizidatlas_Cover_980x600_42cd97828d.jpg\" class=\"attachment-full size-full wp-image-18537\" alt=\"\" srcset=\"https:\/\/permakultur-landwirtschaft.org\/wp-content\/uploads\/2022\/03\/csm_Pestizidatlas_Cover_980x600_42cd97828d.jpg 980w, https:\/\/permakultur-landwirtschaft.org\/wp-content\/uploads\/2022\/03\/csm_Pestizidatlas_Cover_980x600_42cd97828d-300x184.jpg 300w, https:\/\/permakultur-landwirtschaft.org\/wp-content\/uploads\/2022\/03\/csm_Pestizidatlas_Cover_980x600_42cd97828d-768x470.jpg 768w\" sizes=\"(max-width: 980px) 100vw, 980px\" \/>\t\t\t\t\t\t\t\t<\/a>\n\t\t\t\t\t\t\t\t\t\t\t\t\t\t\t<\/div>\n\t\t\t\t<\/div>\n\t\t\t\t<div class=\"elementor-element elementor-element-65dfa9f elementor-widget elementor-widget-theme-post-title elementor-page-title elementor-widget-heading\" data-id=\"65dfa9f\" data-element_type=\"widget\" data-e-type=\"widget\" data-widget_type=\"theme-post-title.default\">\n\t\t\t\t<div class=\"elementor-widget-container\">\n\t\t\t\t\t<h3 class=\"elementor-heading-title elementor-size-default\"><a href=\"https:\/\/permakultur-landwirtschaft.org\/fr\/schweizer-pestizidatlas-public-eye-report-vom-24-februar-2022\/\">Schweizer Pestizidatlas &#8211; Public Eye Report vom 24. Februar 2022<\/a><\/h3>\t\t\t\t<\/div>\n\t\t\t\t<\/div>\n\t\t\t\t<div class=\"elementor-element elementor-element-0ad4e09 elementor-absolute elementor-widget elementor-widget-text-editor\" data-id=\"0ad4e09\" data-element_type=\"widget\" data-e-type=\"widget\" data-settings=\"{&quot;_position&quot;:&quot;absolute&quot;}\" data-widget_type=\"text-editor.default\">\n\t\t\t\t<div class=\"elementor-widget-container\">\n\t\t\t\t\t\t\t\t\tDokument\t\t\t\t\t\t\t\t<\/div>\n\t\t\t\t<\/div>\n\t\t\t\t<\/div>\n\t\t\t\t\t<\/div>\n\t\t\t\t<\/div>\n\t\t\t\t<\/div>\n\t\t\t\t<div data-elementor-type=\"loop-item\" data-elementor-id=\"37613\" class=\"elementor elementor-37613 e-loop-item e-loop-item-19064 post-19064 post type-post status-publish format-standard has-post-thumbnail hentry category-dokument category-neuigkeit\" data-elementor-post-type=\"elementor_library\" data-custom-edit-handle=\"1\">\n\t\t\t<div class=\"elementor-element elementor-element-c79cfe5 e-flex e-con-boxed e-con e-parent\" data-id=\"c79cfe5\" data-element_type=\"container\" data-e-type=\"container\">\n\t\t\t\t\t<div class=\"e-con-inner\">\n\t\t<div class=\"elementor-element elementor-element-64a3d73 e-con-full e-flex e-con e-child\" data-id=\"64a3d73\" data-element_type=\"container\" data-e-type=\"container\">\n\t\t\t\t<div class=\"elementor-element elementor-element-2e3812c elementor-widget__width-inherit elementor-widget elementor-widget-image\" data-id=\"2e3812c\" data-element_type=\"widget\" data-e-type=\"widget\" data-widget_type=\"image.default\">\n\t\t\t\t<div class=\"elementor-widget-container\">\n\t\t\t\t\t\t\t\t\t\t\t\t\t\t\t\t<a href=\"https:\/\/permakultur-landwirtschaft.org\/fr\/bericht-zum-flaechencode-725-permakultur-von-dario-principi-vom-21-februar-2022\/\">\n\t\t\t\t\t\t\t<img loading=\"lazy\" decoding=\"async\" width=\"700\" height=\"525\" src=\"https:\/\/permakultur-landwirtschaft.org\/wp-content\/uploads\/2022\/04\/725dario16.04.jpg\" class=\"attachment-full size-full wp-image-19065\" alt=\"\" srcset=\"https:\/\/permakultur-landwirtschaft.org\/wp-content\/uploads\/2022\/04\/725dario16.04.jpg 700w, https:\/\/permakultur-landwirtschaft.org\/wp-content\/uploads\/2022\/04\/725dario16.04-300x225.jpg 300w\" sizes=\"(max-width: 700px) 100vw, 700px\" \/>\t\t\t\t\t\t\t\t<\/a>\n\t\t\t\t\t\t\t\t\t\t\t\t\t\t\t<\/div>\n\t\t\t\t<\/div>\n\t\t\t\t<div class=\"elementor-element elementor-element-65dfa9f elementor-widget elementor-widget-theme-post-title elementor-page-title elementor-widget-heading\" data-id=\"65dfa9f\" data-element_type=\"widget\" data-e-type=\"widget\" data-widget_type=\"theme-post-title.default\">\n\t\t\t\t<div class=\"elementor-widget-container\">\n\t\t\t\t\t<h3 class=\"elementor-heading-title elementor-size-default\"><a href=\"https:\/\/permakultur-landwirtschaft.org\/fr\/bericht-zum-flaechencode-725-permakultur-von-dario-principi-vom-21-februar-2022\/\">Bericht zum Fl\u00e4chencode 725 (Permakultur) von Dario Principi vom 21. Februar 2022<\/a><\/h3>\t\t\t\t<\/div>\n\t\t\t\t<\/div>\n\t\t\t\t<div class=\"elementor-element elementor-element-0ad4e09 elementor-absolute elementor-widget elementor-widget-text-editor\" data-id=\"0ad4e09\" data-element_type=\"widget\" data-e-type=\"widget\" data-settings=\"{&quot;_position&quot;:&quot;absolute&quot;}\" data-widget_type=\"text-editor.default\">\n\t\t\t\t<div class=\"elementor-widget-container\">\n\t\t\t\t\t\t\t\t\tDokument\t\t\t\t\t\t\t\t<\/div>\n\t\t\t\t<\/div>\n\t\t\t\t<\/div>\n\t\t\t\t\t<\/div>\n\t\t\t\t<\/div>\n\t\t\t\t<\/div>\n\t\t\t\t<div data-elementor-type=\"loop-item\" data-elementor-id=\"37613\" class=\"elementor elementor-37613 e-loop-item e-loop-item-24103 post-24103 post type-post status-publish format-standard has-post-thumbnail hentry category-dokument category-neuigkeit\" data-elementor-post-type=\"elementor_library\" data-custom-edit-handle=\"1\">\n\t\t\t<div class=\"elementor-element elementor-element-c79cfe5 e-flex e-con-boxed e-con e-parent\" data-id=\"c79cfe5\" data-element_type=\"container\" data-e-type=\"container\">\n\t\t\t\t\t<div class=\"e-con-inner\">\n\t\t<div class=\"elementor-element elementor-element-64a3d73 e-con-full e-flex e-con e-child\" data-id=\"64a3d73\" data-element_type=\"container\" data-e-type=\"container\">\n\t\t\t\t<div class=\"elementor-element elementor-element-2e3812c elementor-widget__width-inherit elementor-widget elementor-widget-image\" data-id=\"2e3812c\" data-element_type=\"widget\" data-e-type=\"widget\" data-widget_type=\"image.default\">\n\t\t\t\t<div class=\"elementor-widget-container\">\n\t\t\t\t\t\t\t\t\t\t\t\t\t\t\t\t<a href=\"https:\/\/permakultur-landwirtschaft.org\/fr\/netzwerke-in-der-aufbauenden-landwirtschaft-handlungsempfehlungen-fuer-den-wissenstransfer-bachelorarbeit-vom-januar-2022\/\">\n\t\t\t\t\t\t\t<img loading=\"lazy\" decoding=\"async\" width=\"700\" height=\"452\" src=\"https:\/\/permakultur-landwirtschaft.org\/wp-content\/uploads\/2022\/08\/BA_Bettina-Stampfli_Text.jpg\" class=\"attachment-full size-full wp-image-24104\" alt=\"\" srcset=\"https:\/\/permakultur-landwirtschaft.org\/wp-content\/uploads\/2022\/08\/BA_Bettina-Stampfli_Text.jpg 700w, https:\/\/permakultur-landwirtschaft.org\/wp-content\/uploads\/2022\/08\/BA_Bettina-Stampfli_Text-300x194.jpg 300w\" sizes=\"(max-width: 700px) 100vw, 700px\" \/>\t\t\t\t\t\t\t\t<\/a>\n\t\t\t\t\t\t\t\t\t\t\t\t\t\t\t<\/div>\n\t\t\t\t<\/div>\n\t\t\t\t<div class=\"elementor-element elementor-element-65dfa9f elementor-widget elementor-widget-theme-post-title elementor-page-title elementor-widget-heading\" data-id=\"65dfa9f\" data-element_type=\"widget\" data-e-type=\"widget\" data-widget_type=\"theme-post-title.default\">\n\t\t\t\t<div class=\"elementor-widget-container\">\n\t\t\t\t\t<h3 class=\"elementor-heading-title elementor-size-default\"><a href=\"https:\/\/permakultur-landwirtschaft.org\/fr\/netzwerke-in-der-aufbauenden-landwirtschaft-handlungsempfehlungen-fuer-den-wissenstransfer-bachelorarbeit-vom-januar-2022\/\">Netzwerke in der aufbauenden Landwirtschaft: Handlungsempfehlungen f\u00fcr den Wissenstransfer &#8211; Bachelorarbeit vom 13. Januar 2022<\/a><\/h3>\t\t\t\t<\/div>\n\t\t\t\t<\/div>\n\t\t\t\t<div class=\"elementor-element elementor-element-0ad4e09 elementor-absolute elementor-widget elementor-widget-text-editor\" data-id=\"0ad4e09\" data-element_type=\"widget\" data-e-type=\"widget\" data-settings=\"{&quot;_position&quot;:&quot;absolute&quot;}\" data-widget_type=\"text-editor.default\">\n\t\t\t\t<div class=\"elementor-widget-container\">\n\t\t\t\t\t\t\t\t\tDokument\t\t\t\t\t\t\t\t<\/div>\n\t\t\t\t<\/div>\n\t\t\t\t<\/div>\n\t\t\t\t\t<\/div>\n\t\t\t\t<\/div>\n\t\t\t\t<\/div>\n\t\t\t\t<div data-elementor-type=\"loop-item\" data-elementor-id=\"37613\" class=\"elementor elementor-37613 e-loop-item e-loop-item-19300 post-19300 post type-post status-publish format-standard has-post-thumbnail hentry category-dokument category-neuigkeit\" data-elementor-post-type=\"elementor_library\" data-custom-edit-handle=\"1\">\n\t\t\t<div class=\"elementor-element elementor-element-c79cfe5 e-flex e-con-boxed e-con e-parent\" data-id=\"c79cfe5\" data-element_type=\"container\" data-e-type=\"container\">\n\t\t\t\t\t<div class=\"e-con-inner\">\n\t\t<div class=\"elementor-element elementor-element-64a3d73 e-con-full e-flex e-con e-child\" data-id=\"64a3d73\" data-element_type=\"container\" data-e-type=\"container\">\n\t\t\t\t<div class=\"elementor-element elementor-element-2e3812c elementor-widget__width-inherit elementor-widget elementor-widget-image\" data-id=\"2e3812c\" data-element_type=\"widget\" data-e-type=\"widget\" data-widget_type=\"image.default\">\n\t\t\t\t<div class=\"elementor-widget-container\">\n\t\t\t\t\t\t\t\t\t\t\t\t\t\t\t\t<a href=\"https:\/\/permakultur-landwirtschaft.org\/fr\/bulletin-zum-thema-agroforst-von-fonds-landschaft-schweiz-fls-von-dezember-2021\/\">\n\t\t\t\t\t\t\t<img loading=\"lazy\" decoding=\"async\" width=\"700\" height=\"486\" src=\"https:\/\/permakultur-landwirtschaft.org\/wp-content\/uploads\/2022\/05\/fls_bulletin_agroforst_2022-05-02_11-38-17.jpg\" class=\"attachment-full size-full wp-image-19301\" alt=\"\" srcset=\"https:\/\/permakultur-landwirtschaft.org\/wp-content\/uploads\/2022\/05\/fls_bulletin_agroforst_2022-05-02_11-38-17.jpg 700w, https:\/\/permakultur-landwirtschaft.org\/wp-content\/uploads\/2022\/05\/fls_bulletin_agroforst_2022-05-02_11-38-17-300x208.jpg 300w, https:\/\/permakultur-landwirtschaft.org\/wp-content\/uploads\/2022\/05\/fls_bulletin_agroforst_2022-05-02_11-38-17-160x110.jpg 160w\" sizes=\"(max-width: 700px) 100vw, 700px\" \/>\t\t\t\t\t\t\t\t<\/a>\n\t\t\t\t\t\t\t\t\t\t\t\t\t\t\t<\/div>\n\t\t\t\t<\/div>\n\t\t\t\t<div class=\"elementor-element elementor-element-65dfa9f elementor-widget elementor-widget-theme-post-title elementor-page-title elementor-widget-heading\" data-id=\"65dfa9f\" data-element_type=\"widget\" data-e-type=\"widget\" data-widget_type=\"theme-post-title.default\">\n\t\t\t\t<div class=\"elementor-widget-container\">\n\t\t\t\t\t<h3 class=\"elementor-heading-title elementor-size-default\"><a href=\"https:\/\/permakultur-landwirtschaft.org\/fr\/bulletin-zum-thema-agroforst-von-fonds-landschaft-schweiz-fls-von-dezember-2021\/\">B\u00e4umige Landwirtschaft &#8211; Bulletin zum Thema Agroforst von Fonds Landschaft Schweiz FLS von Dezember 2021<\/a><\/h3>\t\t\t\t<\/div>\n\t\t\t\t<\/div>\n\t\t\t\t<div class=\"elementor-element elementor-element-0ad4e09 elementor-absolute elementor-widget elementor-widget-text-editor\" data-id=\"0ad4e09\" data-element_type=\"widget\" data-e-type=\"widget\" data-settings=\"{&quot;_position&quot;:&quot;absolute&quot;}\" data-widget_type=\"text-editor.default\">\n\t\t\t\t<div class=\"elementor-widget-container\">\n\t\t\t\t\t\t\t\t\tDokument\t\t\t\t\t\t\t\t<\/div>\n\t\t\t\t<\/div>\n\t\t\t\t<\/div>\n\t\t\t\t\t<\/div>\n\t\t\t\t<\/div>\n\t\t\t\t<\/div>\n\t\t\t\t<div data-elementor-type=\"loop-item\" data-elementor-id=\"37613\" class=\"elementor elementor-37613 e-loop-item e-loop-item-16661 post-16661 post type-post status-publish format-standard has-post-thumbnail hentry category-dokument category-neuigkeit\" data-elementor-post-type=\"elementor_library\" data-custom-edit-handle=\"1\">\n\t\t\t<div class=\"elementor-element elementor-element-c79cfe5 e-flex e-con-boxed e-con e-parent\" data-id=\"c79cfe5\" data-element_type=\"container\" data-e-type=\"container\">\n\t\t\t\t\t<div class=\"e-con-inner\">\n\t\t<div class=\"elementor-element elementor-element-64a3d73 e-con-full e-flex e-con e-child\" data-id=\"64a3d73\" data-element_type=\"container\" data-e-type=\"container\">\n\t\t\t\t<div class=\"elementor-element elementor-element-2e3812c elementor-widget__width-inherit elementor-widget elementor-widget-image\" data-id=\"2e3812c\" data-element_type=\"widget\" data-e-type=\"widget\" data-widget_type=\"image.default\">\n\t\t\t\t<div class=\"elementor-widget-container\">\n\t\t\t\t\t\t\t\t\t\t\t\t\t\t\t\t<a href=\"https:\/\/permakultur-landwirtschaft.org\/fr\/die-alternative-landwirtschaft-permakultur-poster-der-fh-muenster\/\">\n\t\t\t\t\t\t\t<img loading=\"lazy\" decoding=\"async\" width=\"700\" height=\"399\" src=\"https:\/\/permakultur-landwirtschaft.org\/wp-content\/uploads\/2021\/11\/poster15.11.jpg\" class=\"attachment-full size-full wp-image-16663\" alt=\"\" srcset=\"https:\/\/permakultur-landwirtschaft.org\/wp-content\/uploads\/2021\/11\/poster15.11.jpg 700w, https:\/\/permakultur-landwirtschaft.org\/wp-content\/uploads\/2021\/11\/poster15.11-300x171.jpg 300w\" sizes=\"(max-width: 700px) 100vw, 700px\" \/>\t\t\t\t\t\t\t\t<\/a>\n\t\t\t\t\t\t\t\t\t\t\t\t\t\t\t<\/div>\n\t\t\t\t<\/div>\n\t\t\t\t<div class=\"elementor-element elementor-element-65dfa9f elementor-widget elementor-widget-theme-post-title elementor-page-title elementor-widget-heading\" data-id=\"65dfa9f\" data-element_type=\"widget\" data-e-type=\"widget\" data-widget_type=\"theme-post-title.default\">\n\t\t\t\t<div class=\"elementor-widget-container\">\n\t\t\t\t\t<h3 class=\"elementor-heading-title elementor-size-default\"><a href=\"https:\/\/permakultur-landwirtschaft.org\/fr\/die-alternative-landwirtschaft-permakultur-poster-der-fh-muenster\/\">Die alternative Landwirtschaft Permakultur &#8211; Poster der FH M\u00fcnster vom November 2021<\/a><\/h3>\t\t\t\t<\/div>\n\t\t\t\t<\/div>\n\t\t\t\t<div class=\"elementor-element elementor-element-0ad4e09 elementor-absolute elementor-widget elementor-widget-text-editor\" data-id=\"0ad4e09\" data-element_type=\"widget\" data-e-type=\"widget\" data-settings=\"{&quot;_position&quot;:&quot;absolute&quot;}\" data-widget_type=\"text-editor.default\">\n\t\t\t\t<div class=\"elementor-widget-container\">\n\t\t\t\t\t\t\t\t\tDokument\t\t\t\t\t\t\t\t<\/div>\n\t\t\t\t<\/div>\n\t\t\t\t<\/div>\n\t\t\t\t\t<\/div>\n\t\t\t\t<\/div>\n\t\t\t\t<\/div>\n\t\t\t\t<div data-elementor-type=\"loop-item\" data-elementor-id=\"37613\" class=\"elementor elementor-37613 e-loop-item e-loop-item-16342 post-16342 post type-post status-publish format-standard has-post-thumbnail hentry category-buch category-neuigkeit\" data-elementor-post-type=\"elementor_library\" data-custom-edit-handle=\"1\">\n\t\t\t<div class=\"elementor-element elementor-element-c79cfe5 e-flex e-con-boxed e-con e-parent\" data-id=\"c79cfe5\" data-element_type=\"container\" data-e-type=\"container\">\n\t\t\t\t\t<div class=\"e-con-inner\">\n\t\t<div class=\"elementor-element elementor-element-64a3d73 e-con-full e-flex e-con e-child\" data-id=\"64a3d73\" data-element_type=\"container\" data-e-type=\"container\">\n\t\t\t\t<div class=\"elementor-element elementor-element-2e3812c elementor-widget__width-inherit elementor-widget elementor-widget-image\" data-id=\"2e3812c\" data-element_type=\"widget\" data-e-type=\"widget\" data-widget_type=\"image.default\">\n\t\t\t\t<div class=\"elementor-widget-container\">\n\t\t\t\t\t\t\t\t\t\t\t\t\t\t\t\t<a href=\"https:\/\/permakultur-landwirtschaft.org\/fr\/buch-letzter-ausweg-permakultur-erschienen-am-23-august-2021\/\">\n\t\t\t\t\t\t\t<img loading=\"lazy\" decoding=\"async\" width=\"400\" height=\"491\" src=\"https:\/\/permakultur-landwirtschaft.org\/wp-content\/uploads\/2021\/10\/Letzter-Ausweg-Permakultur-e1634536880783.jpg\" class=\"attachment-full size-full wp-image-16343\" alt=\"\" \/>\t\t\t\t\t\t\t\t<\/a>\n\t\t\t\t\t\t\t\t\t\t\t\t\t\t\t<\/div>\n\t\t\t\t<\/div>\n\t\t\t\t<div class=\"elementor-element elementor-element-65dfa9f elementor-widget elementor-widget-theme-post-title elementor-page-title elementor-widget-heading\" data-id=\"65dfa9f\" data-element_type=\"widget\" data-e-type=\"widget\" data-widget_type=\"theme-post-title.default\">\n\t\t\t\t<div class=\"elementor-widget-container\">\n\t\t\t\t\t<h3 class=\"elementor-heading-title elementor-size-default\"><a href=\"https:\/\/permakultur-landwirtschaft.org\/fr\/buch-letzter-ausweg-permakultur-erschienen-am-23-august-2021\/\">Buch &#171;Letzter Ausweg: Permakultur&#187; erschienen am 23. August 2021<\/a><\/h3>\t\t\t\t<\/div>\n\t\t\t\t<\/div>\n\t\t\t\t<div class=\"elementor-element elementor-element-0ad4e09 elementor-absolute elementor-widget elementor-widget-text-editor\" data-id=\"0ad4e09\" data-element_type=\"widget\" data-e-type=\"widget\" data-settings=\"{&quot;_position&quot;:&quot;absolute&quot;}\" data-widget_type=\"text-editor.default\">\n\t\t\t\t<div class=\"elementor-widget-container\">\n\t\t\t\t\t\t\t\t\tBuch\t\t\t\t\t\t\t\t<\/div>\n\t\t\t\t<\/div>\n\t\t\t\t<\/div>\n\t\t\t\t\t<\/div>\n\t\t\t\t<\/div>\n\t\t\t\t<\/div>\n\t\t\t\t<div data-elementor-type=\"loop-item\" data-elementor-id=\"37613\" class=\"elementor elementor-37613 e-loop-item e-loop-item-16605 post-16605 post type-post status-publish format-standard has-post-thumbnail hentry category-dokument category-neuigkeit\" data-elementor-post-type=\"elementor_library\" data-custom-edit-handle=\"1\">\n\t\t\t<div class=\"elementor-element elementor-element-c79cfe5 e-flex e-con-boxed e-con e-parent\" data-id=\"c79cfe5\" data-element_type=\"container\" data-e-type=\"container\">\n\t\t\t\t\t<div class=\"e-con-inner\">\n\t\t<div class=\"elementor-element elementor-element-64a3d73 e-con-full e-flex e-con e-child\" data-id=\"64a3d73\" data-element_type=\"container\" data-e-type=\"container\">\n\t\t\t\t<div class=\"elementor-element elementor-element-2e3812c elementor-widget__width-inherit elementor-widget elementor-widget-image\" data-id=\"2e3812c\" data-element_type=\"widget\" data-e-type=\"widget\" data-widget_type=\"image.default\">\n\t\t\t\t<div class=\"elementor-widget-container\">\n\t\t\t\t\t\t\t\t\t\t\t\t\t\t\t\t<a href=\"https:\/\/permakultur-landwirtschaft.org\/fr\/grundlagen-und-positionen-zur-einfuehrung-einer-produktiven-permakultur-landwirtschaft-in-der-schweiz-maturaarbeit-vom-17-august-2021\/\">\n\t\t\t\t\t\t\t<img loading=\"lazy\" decoding=\"async\" width=\"500\" height=\"331\" src=\"https:\/\/permakultur-landwirtschaft.org\/wp-content\/uploads\/2021\/11\/koelbi09.11.jpg\" class=\"attachment-full size-full wp-image-16606\" alt=\"\" srcset=\"https:\/\/permakultur-landwirtschaft.org\/wp-content\/uploads\/2021\/11\/koelbi09.11.jpg 500w, https:\/\/permakultur-landwirtschaft.org\/wp-content\/uploads\/2021\/11\/koelbi09.11-300x199.jpg 300w\" sizes=\"(max-width: 500px) 100vw, 500px\" \/>\t\t\t\t\t\t\t\t<\/a>\n\t\t\t\t\t\t\t\t\t\t\t\t\t\t\t<\/div>\n\t\t\t\t<\/div>\n\t\t\t\t<div class=\"elementor-element elementor-element-65dfa9f elementor-widget elementor-widget-theme-post-title elementor-page-title elementor-widget-heading\" data-id=\"65dfa9f\" data-element_type=\"widget\" data-e-type=\"widget\" data-widget_type=\"theme-post-title.default\">\n\t\t\t\t<div class=\"elementor-widget-container\">\n\t\t\t\t\t<h3 class=\"elementor-heading-title elementor-size-default\"><a href=\"https:\/\/permakultur-landwirtschaft.org\/fr\/grundlagen-und-positionen-zur-einfuehrung-einer-produktiven-permakultur-landwirtschaft-in-der-schweiz-maturaarbeit-vom-17-august-2021\/\">Grundlagen und Positionen zur Einf\u00fchrung einer produktiven Permakultur-Landwirtschaft in der Schweiz &#8211; Maturaarbeit vom 17. August 2021<\/a><\/h3>\t\t\t\t<\/div>\n\t\t\t\t<\/div>\n\t\t\t\t<div class=\"elementor-element elementor-element-0ad4e09 elementor-absolute elementor-widget elementor-widget-text-editor\" data-id=\"0ad4e09\" data-element_type=\"widget\" data-e-type=\"widget\" data-settings=\"{&quot;_position&quot;:&quot;absolute&quot;}\" data-widget_type=\"text-editor.default\">\n\t\t\t\t<div class=\"elementor-widget-container\">\n\t\t\t\t\t\t\t\t\tDokument\t\t\t\t\t\t\t\t<\/div>\n\t\t\t\t<\/div>\n\t\t\t\t<\/div>\n\t\t\t\t\t<\/div>\n\t\t\t\t<\/div>\n\t\t\t\t<\/div>\n\t\t\t\t<div data-elementor-type=\"loop-item\" data-elementor-id=\"37613\" class=\"elementor elementor-37613 e-loop-item e-loop-item-13146 post-13146 post type-post status-publish format-standard has-post-thumbnail hentry category-dokument category-neuigkeit category-permakultur-magazin\" data-elementor-post-type=\"elementor_library\" data-custom-edit-handle=\"1\">\n\t\t\t<div class=\"elementor-element elementor-element-c79cfe5 e-flex e-con-boxed e-con e-parent\" data-id=\"c79cfe5\" data-element_type=\"container\" data-e-type=\"container\">\n\t\t\t\t\t<div class=\"e-con-inner\">\n\t\t<div class=\"elementor-element elementor-element-64a3d73 e-con-full e-flex e-con e-child\" data-id=\"64a3d73\" data-element_type=\"container\" data-e-type=\"container\">\n\t\t\t\t<div class=\"elementor-element elementor-element-2e3812c elementor-widget__width-inherit elementor-widget elementor-widget-image\" data-id=\"2e3812c\" data-element_type=\"widget\" data-e-type=\"widget\" data-widget_type=\"image.default\">\n\t\t\t\t<div class=\"elementor-widget-container\">\n\t\t\t\t\t\t\t\t\t\t\t\t\t\t\t\t<a href=\"https:\/\/permakultur-landwirtschaft.org\/fr\/die-natur-kennt-keine-schaedlinge-artikel-im-permakultur-magazin-2021\/\">\n\t\t\t\t\t\t\t<img loading=\"lazy\" decoding=\"async\" width=\"400\" height=\"227\" src=\"https:\/\/permakultur-landwirtschaft.org\/wp-content\/uploads\/2021\/06\/pkmagazin2021_sabrina_artikel24.06.jpg\" class=\"attachment-full size-full wp-image-13147\" alt=\"\" srcset=\"https:\/\/permakultur-landwirtschaft.org\/wp-content\/uploads\/2021\/06\/pkmagazin2021_sabrina_artikel24.06.jpg 400w, https:\/\/permakultur-landwirtschaft.org\/wp-content\/uploads\/2021\/06\/pkmagazin2021_sabrina_artikel24.06-300x170.jpg 300w\" sizes=\"(max-width: 400px) 100vw, 400px\" \/>\t\t\t\t\t\t\t\t<\/a>\n\t\t\t\t\t\t\t\t\t\t\t\t\t\t\t<\/div>\n\t\t\t\t<\/div>\n\t\t\t\t<div class=\"elementor-element elementor-element-65dfa9f elementor-widget elementor-widget-theme-post-title elementor-page-title elementor-widget-heading\" data-id=\"65dfa9f\" data-element_type=\"widget\" data-e-type=\"widget\" data-widget_type=\"theme-post-title.default\">\n\t\t\t\t<div class=\"elementor-widget-container\">\n\t\t\t\t\t<h3 class=\"elementor-heading-title elementor-size-default\"><a href=\"https:\/\/permakultur-landwirtschaft.org\/fr\/die-natur-kennt-keine-schaedlinge-artikel-im-permakultur-magazin-2021\/\">Die Natur kennt keine Sch\u00e4dlinge &#8211; Artikel im Permakultur Magazin 2021<\/a><\/h3>\t\t\t\t<\/div>\n\t\t\t\t<\/div>\n\t\t\t\t<div class=\"elementor-element elementor-element-0ad4e09 elementor-absolute elementor-widget elementor-widget-text-editor\" data-id=\"0ad4e09\" data-element_type=\"widget\" data-e-type=\"widget\" data-settings=\"{&quot;_position&quot;:&quot;absolute&quot;}\" data-widget_type=\"text-editor.default\">\n\t\t\t\t<div class=\"elementor-widget-container\">\n\t\t\t\t\t\t\t\t\tNeuigkeit\t\t\t\t\t\t\t\t<\/div>\n\t\t\t\t<\/div>\n\t\t\t\t<\/div>\n\t\t\t\t\t<\/div>\n\t\t\t\t<\/div>\n\t\t\t\t<\/div>\n\t\t\t\t<div data-elementor-type=\"loop-item\" data-elementor-id=\"37613\" class=\"elementor elementor-37613 e-loop-item e-loop-item-2759 post-2759 post type-post status-publish format-standard has-post-thumbnail hentry category-dokument\" data-elementor-post-type=\"elementor_library\" data-custom-edit-handle=\"1\">\n\t\t\t<div class=\"elementor-element elementor-element-c79cfe5 e-flex e-con-boxed e-con e-parent\" data-id=\"c79cfe5\" data-element_type=\"container\" data-e-type=\"container\">\n\t\t\t\t\t<div class=\"e-con-inner\">\n\t\t<div class=\"elementor-element elementor-element-64a3d73 e-con-full e-flex e-con e-child\" data-id=\"64a3d73\" data-element_type=\"container\" data-e-type=\"container\">\n\t\t\t\t<div class=\"elementor-element elementor-element-2e3812c elementor-widget__width-inherit elementor-widget elementor-widget-image\" data-id=\"2e3812c\" data-element_type=\"widget\" data-e-type=\"widget\" data-widget_type=\"image.default\">\n\t\t\t\t<div class=\"elementor-widget-container\">\n\t\t\t\t\t\t\t\t\t\t\t\t\t\t\t\t<a href=\"https:\/\/permakultur-landwirtschaft.org\/fr\/biodiversitaet-und-management-von-agrarlandschaften-2020\/\">\n\t\t\t\t\t\t\t<img loading=\"lazy\" decoding=\"async\" width=\"350\" height=\"198\" src=\"https:\/\/permakultur-landwirtschaft.org\/wp-content\/uploads\/2021\/04\/leopoldina23.04.jpg\" class=\"attachment-full size-full wp-image-2760\" alt=\"\" srcset=\"https:\/\/permakultur-landwirtschaft.org\/wp-content\/uploads\/2021\/04\/leopoldina23.04.jpg 350w, https:\/\/permakultur-landwirtschaft.org\/wp-content\/uploads\/2021\/04\/leopoldina23.04-300x170.jpg 300w\" sizes=\"(max-width: 350px) 100vw, 350px\" \/>\t\t\t\t\t\t\t\t<\/a>\n\t\t\t\t\t\t\t\t\t\t\t\t\t\t\t<\/div>\n\t\t\t\t<\/div>\n\t\t\t\t<div class=\"elementor-element elementor-element-65dfa9f elementor-widget elementor-widget-theme-post-title elementor-page-title elementor-widget-heading\" data-id=\"65dfa9f\" data-element_type=\"widget\" data-e-type=\"widget\" data-widget_type=\"theme-post-title.default\">\n\t\t\t\t<div class=\"elementor-widget-container\">\n\t\t\t\t\t<h3 class=\"elementor-heading-title elementor-size-default\"><a href=\"https:\/\/permakultur-landwirtschaft.org\/fr\/biodiversitaet-und-management-von-agrarlandschaften-2020\/\">Biodiversit\u00e4t und Management von Agrarlandschaften (2020) &#8211; Publikation vom 30. August 2020<\/a><\/h3>\t\t\t\t<\/div>\n\t\t\t\t<\/div>\n\t\t\t\t<div class=\"elementor-element elementor-element-0ad4e09 elementor-absolute elementor-widget elementor-widget-text-editor\" data-id=\"0ad4e09\" data-element_type=\"widget\" data-e-type=\"widget\" data-settings=\"{&quot;_position&quot;:&quot;absolute&quot;}\" data-widget_type=\"text-editor.default\">\n\t\t\t\t<div class=\"elementor-widget-container\">\n\t\t\t\t\t\t\t\t\tDokument\t\t\t\t\t\t\t\t<\/div>\n\t\t\t\t<\/div>\n\t\t\t\t<\/div>\n\t\t\t\t\t<\/div>\n\t\t\t\t<\/div>\n\t\t\t\t<\/div>\n\t\t\t\t<div data-elementor-type=\"loop-item\" data-elementor-id=\"37613\" class=\"elementor elementor-37613 e-loop-item e-loop-item-38396 post-38396 post type-post status-publish format-standard has-post-thumbnail hentry category-buch tag-buch tag-regenerative-landwirtschaft tag-richard-perkins\" data-elementor-post-type=\"elementor_library\" data-custom-edit-handle=\"1\">\n\t\t\t<div class=\"elementor-element elementor-element-c79cfe5 e-flex e-con-boxed e-con e-parent\" data-id=\"c79cfe5\" data-element_type=\"container\" data-e-type=\"container\">\n\t\t\t\t\t<div class=\"e-con-inner\">\n\t\t<div class=\"elementor-element elementor-element-64a3d73 e-con-full e-flex e-con e-child\" data-id=\"64a3d73\" data-element_type=\"container\" data-e-type=\"container\">\n\t\t\t\t<div class=\"elementor-element elementor-element-2e3812c elementor-widget__width-inherit elementor-widget elementor-widget-image\" data-id=\"2e3812c\" data-element_type=\"widget\" data-e-type=\"widget\" data-widget_type=\"image.default\">\n\t\t\t\t<div class=\"elementor-widget-container\">\n\t\t\t\t\t\t\t\t\t\t\t\t\t\t\t\t<a href=\"https:\/\/permakultur-landwirtschaft.org\/fr\/regenerative-agriculture-buch-von-richard-perkins\/\">\n\t\t\t\t\t\t\t<img loading=\"lazy\" decoding=\"async\" width=\"600\" height=\"700\" src=\"https:\/\/permakultur-landwirtschaft.org\/wp-content\/uploads\/2026\/03\/Richard-Perkins_Regenerative-Agriculture-Book_1.jpg\" class=\"attachment-full size-full wp-image-38397\" alt=\"Buchcover Richard Perkins Regenerative Agriculture\" srcset=\"https:\/\/permakultur-landwirtschaft.org\/wp-content\/uploads\/2026\/03\/Richard-Perkins_Regenerative-Agriculture-Book_1.jpg 600w, https:\/\/permakultur-landwirtschaft.org\/wp-content\/uploads\/2026\/03\/Richard-Perkins_Regenerative-Agriculture-Book_1-257x300.jpg 257w, https:\/\/permakultur-landwirtschaft.org\/wp-content\/uploads\/2026\/03\/Richard-Perkins_Regenerative-Agriculture-Book_1-10x12.jpg 10w\" sizes=\"(max-width: 600px) 100vw, 600px\" \/>\t\t\t\t\t\t\t\t<\/a>\n\t\t\t\t\t\t\t\t\t\t\t\t\t\t\t<\/div>\n\t\t\t\t<\/div>\n\t\t\t\t<div class=\"elementor-element elementor-element-65dfa9f elementor-widget elementor-widget-theme-post-title elementor-page-title elementor-widget-heading\" data-id=\"65dfa9f\" data-element_type=\"widget\" data-e-type=\"widget\" data-widget_type=\"theme-post-title.default\">\n\t\t\t\t<div class=\"elementor-widget-container\">\n\t\t\t\t\t<h3 class=\"elementor-heading-title elementor-size-default\"><a href=\"https:\/\/permakultur-landwirtschaft.org\/fr\/regenerative-agriculture-buch-von-richard-perkins\/\">Regenerative Agriculture &#8211; Buch von Richard Perkins<\/a><\/h3>\t\t\t\t<\/div>\n\t\t\t\t<\/div>\n\t\t\t\t<div class=\"elementor-element elementor-element-0ad4e09 elementor-absolute elementor-widget elementor-widget-text-editor\" data-id=\"0ad4e09\" data-element_type=\"widget\" data-e-type=\"widget\" data-settings=\"{&quot;_position&quot;:&quot;absolute&quot;}\" data-widget_type=\"text-editor.default\">\n\t\t\t\t<div class=\"elementor-widget-container\">\n\t\t\t\t\t\t\t\t\tBuch\t\t\t\t\t\t\t\t<\/div>\n\t\t\t\t<\/div>\n\t\t\t\t<\/div>\n\t\t\t\t\t<\/div>\n\t\t\t\t<\/div>\n\t\t\t\t<\/div>\n\t\t\t\t<div data-elementor-type=\"loop-item\" data-elementor-id=\"37613\" class=\"elementor elementor-37613 e-loop-item e-loop-item-18541 post-18541 post type-post status-publish format-standard has-post-thumbnail hentry category-dokument category-neuigkeit tag-hoffuehrung\" data-elementor-post-type=\"elementor_library\" data-custom-edit-handle=\"1\">\n\t\t\t<div class=\"elementor-element elementor-element-c79cfe5 e-flex e-con-boxed e-con e-parent\" data-id=\"c79cfe5\" data-element_type=\"container\" data-e-type=\"container\">\n\t\t\t\t\t<div class=\"e-con-inner\">\n\t\t<div class=\"elementor-element elementor-element-64a3d73 e-con-full e-flex e-con e-child\" data-id=\"64a3d73\" data-element_type=\"container\" data-e-type=\"container\">\n\t\t\t\t<div class=\"elementor-element elementor-element-2e3812c elementor-widget__width-inherit elementor-widget elementor-widget-image\" data-id=\"2e3812c\" data-element_type=\"widget\" data-e-type=\"widget\" data-widget_type=\"image.default\">\n\t\t\t\t<div class=\"elementor-widget-container\">\n\t\t\t\t\t\t\t\t\t\t\t\t\t\t\t\t<a href=\"https:\/\/permakultur-landwirtschaft.org\/fr\/agricultural-commodity-traders-in-switzerland-public-eye-report-vom-juni-2019\/\">\n\t\t\t\t\t\t\t<img loading=\"lazy\" decoding=\"async\" width=\"735\" height=\"833\" src=\"https:\/\/permakultur-landwirtschaft.org\/wp-content\/uploads\/2022\/03\/2019Agricultural_Commodity_Traders.jpg\" class=\"attachment-full size-full wp-image-18542\" alt=\"\" srcset=\"https:\/\/permakultur-landwirtschaft.org\/wp-content\/uploads\/2022\/03\/2019Agricultural_Commodity_Traders.jpg 735w, https:\/\/permakultur-landwirtschaft.org\/wp-content\/uploads\/2022\/03\/2019Agricultural_Commodity_Traders-265x300.jpg 265w\" sizes=\"(max-width: 735px) 100vw, 735px\" \/>\t\t\t\t\t\t\t\t<\/a>\n\t\t\t\t\t\t\t\t\t\t\t\t\t\t\t<\/div>\n\t\t\t\t<\/div>\n\t\t\t\t<div class=\"elementor-element elementor-element-65dfa9f elementor-widget elementor-widget-theme-post-title elementor-page-title elementor-widget-heading\" data-id=\"65dfa9f\" data-element_type=\"widget\" data-e-type=\"widget\" data-widget_type=\"theme-post-title.default\">\n\t\t\t\t<div class=\"elementor-widget-container\">\n\t\t\t\t\t<h3 class=\"elementor-heading-title elementor-size-default\"><a href=\"https:\/\/permakultur-landwirtschaft.org\/fr\/agricultural-commodity-traders-in-switzerland-public-eye-report-vom-juni-2019\/\">Agricultural Commodity Traders in Switzerland &#8211; Public Eye Report vom Juni 2019<\/a><\/h3>\t\t\t\t<\/div>\n\t\t\t\t<\/div>\n\t\t\t\t<div class=\"elementor-element elementor-element-0ad4e09 elementor-absolute elementor-widget elementor-widget-text-editor\" data-id=\"0ad4e09\" data-element_type=\"widget\" data-e-type=\"widget\" data-settings=\"{&quot;_position&quot;:&quot;absolute&quot;}\" data-widget_type=\"text-editor.default\">\n\t\t\t\t<div class=\"elementor-widget-container\">\n\t\t\t\t\t\t\t\t\tDokument\t\t\t\t\t\t\t\t<\/div>\n\t\t\t\t<\/div>\n\t\t\t\t<\/div>\n\t\t\t\t\t<\/div>\n\t\t\t\t<\/div>\n\t\t\t\t<\/div>\n\t\t\t\t<div data-elementor-type=\"loop-item\" data-elementor-id=\"37613\" class=\"elementor elementor-37613 e-loop-item e-loop-item-17210 post-17210 post type-post status-publish format-standard has-post-thumbnail hentry category-dokument category-neuigkeit\" data-elementor-post-type=\"elementor_library\" data-custom-edit-handle=\"1\">\n\t\t\t<div class=\"elementor-element elementor-element-c79cfe5 e-flex e-con-boxed e-con e-parent\" data-id=\"c79cfe5\" data-element_type=\"container\" data-e-type=\"container\">\n\t\t\t\t\t<div class=\"e-con-inner\">\n\t\t<div class=\"elementor-element elementor-element-64a3d73 e-con-full e-flex e-con e-child\" data-id=\"64a3d73\" data-element_type=\"container\" data-e-type=\"container\">\n\t\t\t\t<div class=\"elementor-element elementor-element-2e3812c elementor-widget__width-inherit elementor-widget elementor-widget-image\" data-id=\"2e3812c\" data-element_type=\"widget\" data-e-type=\"widget\" data-widget_type=\"image.default\">\n\t\t\t\t<div class=\"elementor-widget-container\">\n\t\t\t\t\t\t\t\t\t\t\t\t\t\t\t\t<a href=\"https:\/\/permakultur-landwirtschaft.org\/fr\/klimafreundliche-landwirtschaft-soziooekonomische-strategien-von-solmacc\/\">\n\t\t\t\t\t\t\t<img loading=\"lazy\" decoding=\"async\" width=\"700\" height=\"461\" src=\"https:\/\/permakultur-landwirtschaft.org\/wp-content\/uploads\/2021\/12\/soziooekonom23.12.jpg\" class=\"attachment-full size-full wp-image-17211\" alt=\"\" srcset=\"https:\/\/permakultur-landwirtschaft.org\/wp-content\/uploads\/2021\/12\/soziooekonom23.12.jpg 700w, https:\/\/permakultur-landwirtschaft.org\/wp-content\/uploads\/2021\/12\/soziooekonom23.12-300x198.jpg 300w\" sizes=\"(max-width: 700px) 100vw, 700px\" \/>\t\t\t\t\t\t\t\t<\/a>\n\t\t\t\t\t\t\t\t\t\t\t\t\t\t\t<\/div>\n\t\t\t\t<\/div>\n\t\t\t\t<div class=\"elementor-element elementor-element-65dfa9f elementor-widget elementor-widget-theme-post-title elementor-page-title elementor-widget-heading\" data-id=\"65dfa9f\" data-element_type=\"widget\" data-e-type=\"widget\" data-widget_type=\"theme-post-title.default\">\n\t\t\t\t<div class=\"elementor-widget-container\">\n\t\t\t\t\t<h3 class=\"elementor-heading-title elementor-size-default\"><a href=\"https:\/\/permakultur-landwirtschaft.org\/fr\/klimafreundliche-landwirtschaft-soziooekonomische-strategien-von-solmacc\/\">Klimafreundliche Landwirtschaft &#8211; Sozio\u00f6konomische Strategien &#8211; von SOLMACC<\/a><\/h3>\t\t\t\t<\/div>\n\t\t\t\t<\/div>\n\t\t\t\t<div class=\"elementor-element elementor-element-0ad4e09 elementor-absolute elementor-widget elementor-widget-text-editor\" data-id=\"0ad4e09\" data-element_type=\"widget\" data-e-type=\"widget\" data-settings=\"{&quot;_position&quot;:&quot;absolute&quot;}\" data-widget_type=\"text-editor.default\">\n\t\t\t\t<div class=\"elementor-widget-container\">\n\t\t\t\t\t\t\t\t\tDokument\t\t\t\t\t\t\t\t<\/div>\n\t\t\t\t<\/div>\n\t\t\t\t<\/div>\n\t\t\t\t\t<\/div>\n\t\t\t\t<\/div>\n\t\t\t\t<\/div>\n\t\t\t\t<div data-elementor-type=\"loop-item\" data-elementor-id=\"37613\" class=\"elementor elementor-37613 e-loop-item e-loop-item-17206 post-17206 post type-post status-publish format-standard has-post-thumbnail hentry category-dokument category-neuigkeit\" data-elementor-post-type=\"elementor_library\" data-custom-edit-handle=\"1\">\n\t\t\t<div class=\"elementor-element elementor-element-c79cfe5 e-flex e-con-boxed e-con e-parent\" data-id=\"c79cfe5\" data-element_type=\"container\" data-e-type=\"container\">\n\t\t\t\t\t<div class=\"e-con-inner\">\n\t\t<div class=\"elementor-element elementor-element-64a3d73 e-con-full e-flex e-con e-child\" data-id=\"64a3d73\" data-element_type=\"container\" data-e-type=\"container\">\n\t\t\t\t<div class=\"elementor-element elementor-element-2e3812c elementor-widget__width-inherit elementor-widget elementor-widget-image\" data-id=\"2e3812c\" data-element_type=\"widget\" data-e-type=\"widget\" data-widget_type=\"image.default\">\n\t\t\t\t<div class=\"elementor-widget-container\">\n\t\t\t\t\t\t\t\t\t\t\t\t\t\t\t\t<a href=\"https:\/\/permakultur-landwirtschaft.org\/fr\/klimafreundliche-landwirtschaft-eine-praktische-handreichung-von-solmacc\/\">\n\t\t\t\t\t\t\t<img loading=\"lazy\" decoding=\"async\" width=\"700\" height=\"433\" src=\"https:\/\/permakultur-landwirtschaft.org\/wp-content\/uploads\/2021\/12\/solmacc23.12.jpg\" class=\"attachment-full size-full wp-image-17208\" alt=\"\" srcset=\"https:\/\/permakultur-landwirtschaft.org\/wp-content\/uploads\/2021\/12\/solmacc23.12.jpg 700w, https:\/\/permakultur-landwirtschaft.org\/wp-content\/uploads\/2021\/12\/solmacc23.12-300x186.jpg 300w\" sizes=\"(max-width: 700px) 100vw, 700px\" \/>\t\t\t\t\t\t\t\t<\/a>\n\t\t\t\t\t\t\t\t\t\t\t\t\t\t\t<\/div>\n\t\t\t\t<\/div>\n\t\t\t\t<div class=\"elementor-element elementor-element-65dfa9f elementor-widget elementor-widget-theme-post-title elementor-page-title elementor-widget-heading\" data-id=\"65dfa9f\" data-element_type=\"widget\" data-e-type=\"widget\" data-widget_type=\"theme-post-title.default\">\n\t\t\t\t<div class=\"elementor-widget-container\">\n\t\t\t\t\t<h3 class=\"elementor-heading-title elementor-size-default\"><a href=\"https:\/\/permakultur-landwirtschaft.org\/fr\/klimafreundliche-landwirtschaft-eine-praktische-handreichung-von-solmacc\/\">Klimafreundliche Landwirtschaft &#8211; Eine praktische Handreichung &#8211; von SOLMACC<\/a><\/h3>\t\t\t\t<\/div>\n\t\t\t\t<\/div>\n\t\t\t\t<div class=\"elementor-element elementor-element-0ad4e09 elementor-absolute elementor-widget elementor-widget-text-editor\" data-id=\"0ad4e09\" data-element_type=\"widget\" data-e-type=\"widget\" data-settings=\"{&quot;_position&quot;:&quot;absolute&quot;}\" data-widget_type=\"text-editor.default\">\n\t\t\t\t<div class=\"elementor-widget-container\">\n\t\t\t\t\t\t\t\t\tDokument\t\t\t\t\t\t\t\t<\/div>\n\t\t\t\t<\/div>\n\t\t\t\t<\/div>\n\t\t\t\t\t<\/div>\n\t\t\t\t<\/div>\n\t\t\t\t<\/div>\n\t\t\t\t<div data-elementor-type=\"loop-item\" data-elementor-id=\"37613\" class=\"elementor elementor-37613 e-loop-item e-loop-item-20177 post-20177 post type-post status-publish format-standard has-post-thumbnail hentry category-dokument category-neuigkeit\" data-elementor-post-type=\"elementor_library\" data-custom-edit-handle=\"1\">\n\t\t\t<div class=\"elementor-element elementor-element-c79cfe5 e-flex e-con-boxed e-con e-parent\" data-id=\"c79cfe5\" data-element_type=\"container\" data-e-type=\"container\">\n\t\t\t\t\t<div class=\"e-con-inner\">\n\t\t<div class=\"elementor-element elementor-element-64a3d73 e-con-full e-flex e-con e-child\" data-id=\"64a3d73\" data-element_type=\"container\" data-e-type=\"container\">\n\t\t\t\t<div class=\"elementor-element elementor-element-2e3812c elementor-widget__width-inherit elementor-widget elementor-widget-image\" data-id=\"2e3812c\" data-element_type=\"widget\" data-e-type=\"widget\" data-widget_type=\"image.default\">\n\t\t\t\t<div class=\"elementor-widget-container\">\n\t\t\t\t\t\t\t\t\t\t\t\t\t\t\t\t<a href=\"https:\/\/permakultur-landwirtschaft.org\/fr\/vielfaeltige-permakultur-fachfrauen-umwelt-forum-2-2018\/\">\n\t\t\t\t\t\t\t<img loading=\"lazy\" decoding=\"async\" width=\"700\" height=\"521\" src=\"https:\/\/permakultur-landwirtschaft.org\/wp-content\/uploads\/2022\/06\/2018_fachfrauen_umwelt.jpg\" class=\"attachment-full size-full wp-image-20178\" alt=\"\" srcset=\"https:\/\/permakultur-landwirtschaft.org\/wp-content\/uploads\/2022\/06\/2018_fachfrauen_umwelt.jpg 700w, https:\/\/permakultur-landwirtschaft.org\/wp-content\/uploads\/2022\/06\/2018_fachfrauen_umwelt-300x223.jpg 300w\" sizes=\"(max-width: 700px) 100vw, 700px\" \/>\t\t\t\t\t\t\t\t<\/a>\n\t\t\t\t\t\t\t\t\t\t\t\t\t\t\t<\/div>\n\t\t\t\t<\/div>\n\t\t\t\t<div class=\"elementor-element elementor-element-65dfa9f elementor-widget elementor-widget-theme-post-title elementor-page-title elementor-widget-heading\" data-id=\"65dfa9f\" data-element_type=\"widget\" data-e-type=\"widget\" data-widget_type=\"theme-post-title.default\">\n\t\t\t\t<div class=\"elementor-widget-container\">\n\t\t\t\t\t<h3 class=\"elementor-heading-title elementor-size-default\"><a href=\"https:\/\/permakultur-landwirtschaft.org\/fr\/vielfaeltige-permakultur-fachfrauen-umwelt-forum-2-2018\/\">Vielf\u00e4ltige Permakultur &#8211; FachFrauen Umwelt forum 2 \/ 2018<\/a><\/h3>\t\t\t\t<\/div>\n\t\t\t\t<\/div>\n\t\t\t\t<div class=\"elementor-element elementor-element-0ad4e09 elementor-absolute elementor-widget elementor-widget-text-editor\" data-id=\"0ad4e09\" data-element_type=\"widget\" data-e-type=\"widget\" data-settings=\"{&quot;_position&quot;:&quot;absolute&quot;}\" data-widget_type=\"text-editor.default\">\n\t\t\t\t<div class=\"elementor-widget-container\">\n\t\t\t\t\t\t\t\t\tDokument\t\t\t\t\t\t\t\t<\/div>\n\t\t\t\t<\/div>\n\t\t\t\t<\/div>\n\t\t\t\t\t<\/div>\n\t\t\t\t<\/div>\n\t\t\t\t<\/div>\n\t\t\t\t<div data-elementor-type=\"loop-item\" data-elementor-id=\"37613\" class=\"elementor elementor-37613 e-loop-item e-loop-item-38450 post-38450 post type-post status-publish format-standard has-post-thumbnail hentry category-buch tag-bio tag-buch tag-direktvermarktung tag-gemuese tag-jean-martin-fortier tag-loewenzahn tag-market-gardening\" data-elementor-post-type=\"elementor_library\" data-custom-edit-handle=\"1\">\n\t\t\t<div class=\"elementor-element elementor-element-c79cfe5 e-flex e-con-boxed e-con e-parent\" data-id=\"c79cfe5\" data-element_type=\"container\" data-e-type=\"container\">\n\t\t\t\t\t<div class=\"e-con-inner\">\n\t\t<div class=\"elementor-element elementor-element-64a3d73 e-con-full e-flex e-con e-child\" data-id=\"64a3d73\" data-element_type=\"container\" data-e-type=\"container\">\n\t\t\t\t<div class=\"elementor-element elementor-element-2e3812c elementor-widget__width-inherit elementor-widget elementor-widget-image\" data-id=\"2e3812c\" data-element_type=\"widget\" data-e-type=\"widget\" data-widget_type=\"image.default\">\n\t\t\t\t<div class=\"elementor-widget-container\">\n\t\t\t\t\t\t\t\t\t\t\t\t\t\t\t\t<a href=\"https:\/\/permakultur-landwirtschaft.org\/fr\/bio-gemuese-erfolgreich-direktvermarkten-buch-von-jean-martin-fortier\/\">\n\t\t\t\t\t\t\t<img loading=\"lazy\" decoding=\"async\" width=\"700\" height=\"700\" src=\"https:\/\/permakultur-landwirtschaft.org\/wp-content\/uploads\/2026\/03\/fortier_direkt_vermarkten_2624.jpg\" class=\"attachment-full size-full wp-image-38451\" alt=\"Buchcover Bio-Gem\u00fcse erfolgreich direktvermarkten\" srcset=\"https:\/\/permakultur-landwirtschaft.org\/wp-content\/uploads\/2026\/03\/fortier_direkt_vermarkten_2624.jpg 700w, https:\/\/permakultur-landwirtschaft.org\/wp-content\/uploads\/2026\/03\/fortier_direkt_vermarkten_2624-300x300.jpg 300w, https:\/\/permakultur-landwirtschaft.org\/wp-content\/uploads\/2026\/03\/fortier_direkt_vermarkten_2624-150x150.jpg 150w, https:\/\/permakultur-landwirtschaft.org\/wp-content\/uploads\/2026\/03\/fortier_direkt_vermarkten_2624-12x12.jpg 12w\" sizes=\"(max-width: 700px) 100vw, 700px\" \/>\t\t\t\t\t\t\t\t<\/a>\n\t\t\t\t\t\t\t\t\t\t\t\t\t\t\t<\/div>\n\t\t\t\t<\/div>\n\t\t\t\t<div class=\"elementor-element elementor-element-65dfa9f elementor-widget elementor-widget-theme-post-title elementor-page-title elementor-widget-heading\" data-id=\"65dfa9f\" data-element_type=\"widget\" data-e-type=\"widget\" data-widget_type=\"theme-post-title.default\">\n\t\t\t\t<div class=\"elementor-widget-container\">\n\t\t\t\t\t<h3 class=\"elementor-heading-title elementor-size-default\"><a href=\"https:\/\/permakultur-landwirtschaft.org\/fr\/bio-gemuese-erfolgreich-direktvermarkten-buch-von-jean-martin-fortier\/\">Bio-Gem\u00fcse erfolgreich direktvermarkten &#8211; Buch von Jean-Martin Fortier<\/a><\/h3>\t\t\t\t<\/div>\n\t\t\t\t<\/div>\n\t\t\t\t<div class=\"elementor-element elementor-element-0ad4e09 elementor-absolute elementor-widget elementor-widget-text-editor\" data-id=\"0ad4e09\" data-element_type=\"widget\" data-e-type=\"widget\" data-settings=\"{&quot;_position&quot;:&quot;absolute&quot;}\" data-widget_type=\"text-editor.default\">\n\t\t\t\t<div class=\"elementor-widget-container\">\n\t\t\t\t\t\t\t\t\tBuch\t\t\t\t\t\t\t\t<\/div>\n\t\t\t\t<\/div>\n\t\t\t\t<\/div>\n\t\t\t\t\t<\/div>\n\t\t\t\t<\/div>\n\t\t\t\t<\/div>\n\t\t\t\t<div data-elementor-type=\"loop-item\" data-elementor-id=\"37613\" class=\"elementor elementor-37613 e-loop-item e-loop-item-2764 post-2764 post type-post status-publish format-standard has-post-thumbnail hentry category-dokument\" data-elementor-post-type=\"elementor_library\" data-custom-edit-handle=\"1\">\n\t\t\t<div class=\"elementor-element elementor-element-c79cfe5 e-flex e-con-boxed e-con e-parent\" data-id=\"c79cfe5\" data-element_type=\"container\" data-e-type=\"container\">\n\t\t\t\t\t<div class=\"e-con-inner\">\n\t\t<div class=\"elementor-element elementor-element-64a3d73 e-con-full e-flex e-con e-child\" data-id=\"64a3d73\" data-element_type=\"container\" data-e-type=\"container\">\n\t\t\t\t<div class=\"elementor-element elementor-element-2e3812c elementor-widget__width-inherit elementor-widget elementor-widget-image\" data-id=\"2e3812c\" data-element_type=\"widget\" data-e-type=\"widget\" data-widget_type=\"image.default\">\n\t\t\t\t<div class=\"elementor-widget-container\">\n\t\t\t\t\t\t\t\t\t\t\t\t\t\t\t\t<a href=\"https:\/\/permakultur-landwirtschaft.org\/fr\/regeneration-von-boeden-und-oekosystemen-ein-weg-zur-begrenzung-des-klimawandels-bericht-vom-18-mai-2016\/\">\n\t\t\t\t\t\t\t<img loading=\"lazy\" decoding=\"async\" width=\"350\" height=\"229\" src=\"https:\/\/permakultur-landwirtschaft.org\/wp-content\/uploads\/2021\/04\/ideeaRegeneration23.04.jpg\" class=\"attachment-full size-full wp-image-2765\" alt=\"\" srcset=\"https:\/\/permakultur-landwirtschaft.org\/wp-content\/uploads\/2021\/04\/ideeaRegeneration23.04.jpg 350w, https:\/\/permakultur-landwirtschaft.org\/wp-content\/uploads\/2021\/04\/ideeaRegeneration23.04-300x196.jpg 300w\" sizes=\"(max-width: 350px) 100vw, 350px\" \/>\t\t\t\t\t\t\t\t<\/a>\n\t\t\t\t\t\t\t\t\t\t\t\t\t\t\t<\/div>\n\t\t\t\t<\/div>\n\t\t\t\t<div class=\"elementor-element elementor-element-65dfa9f elementor-widget elementor-widget-theme-post-title elementor-page-title elementor-widget-heading\" data-id=\"65dfa9f\" data-element_type=\"widget\" data-e-type=\"widget\" data-widget_type=\"theme-post-title.default\">\n\t\t\t\t<div class=\"elementor-widget-container\">\n\t\t\t\t\t<h3 class=\"elementor-heading-title elementor-size-default\"><a href=\"https:\/\/permakultur-landwirtschaft.org\/fr\/regeneration-von-boeden-und-oekosystemen-ein-weg-zur-begrenzung-des-klimawandels-bericht-vom-18-mai-2016\/\">Regeneration von B\u00f6den und \u00d6kosystemen: Ein Weg zur Begrenzung des Klimawandels &#8211; Bericht vom 18. Mai 2016<\/a><\/h3>\t\t\t\t<\/div>\n\t\t\t\t<\/div>\n\t\t\t\t<div class=\"elementor-element elementor-element-0ad4e09 elementor-absolute elementor-widget elementor-widget-text-editor\" data-id=\"0ad4e09\" data-element_type=\"widget\" data-e-type=\"widget\" data-settings=\"{&quot;_position&quot;:&quot;absolute&quot;}\" data-widget_type=\"text-editor.default\">\n\t\t\t\t<div class=\"elementor-widget-container\">\n\t\t\t\t\t\t\t\t\tDokument\t\t\t\t\t\t\t\t<\/div>\n\t\t\t\t<\/div>\n\t\t\t\t<\/div>\n\t\t\t\t\t<\/div>\n\t\t\t\t<\/div>\n\t\t\t\t<\/div>\n\t\t\t\t<div data-elementor-type=\"loop-item\" data-elementor-id=\"37613\" class=\"elementor elementor-37613 e-loop-item e-loop-item-38392 post-38392 post type-post status-publish format-standard has-post-thumbnail hentry category-buch tag-buch tag-permakultur tag-regenerative-landwirtschaft tag-richard-perkins\" data-elementor-post-type=\"elementor_library\" data-custom-edit-handle=\"1\">\n\t\t\t<div class=\"elementor-element elementor-element-c79cfe5 e-flex e-con-boxed e-con e-parent\" data-id=\"c79cfe5\" data-element_type=\"container\" data-e-type=\"container\">\n\t\t\t\t\t<div class=\"e-con-inner\">\n\t\t<div class=\"elementor-element elementor-element-64a3d73 e-con-full e-flex e-con e-child\" data-id=\"64a3d73\" data-element_type=\"container\" data-e-type=\"container\">\n\t\t\t\t<div class=\"elementor-element elementor-element-2e3812c elementor-widget__width-inherit elementor-widget elementor-widget-image\" data-id=\"2e3812c\" data-element_type=\"widget\" data-e-type=\"widget\" data-widget_type=\"image.default\">\n\t\t\t\t<div class=\"elementor-widget-container\">\n\t\t\t\t\t\t\t\t\t\t\t\t\t\t\t\t<a href=\"https:\/\/permakultur-landwirtschaft.org\/fr\/making-small-farms-work\/\">\n\t\t\t\t\t\t\t<img loading=\"lazy\" decoding=\"async\" width=\"566\" height=\"688\" src=\"https:\/\/permakultur-landwirtschaft.org\/wp-content\/uploads\/2026\/03\/making_small_farms_work_33134265.png\" class=\"attachment-full size-full wp-image-38393\" alt=\"Buchcover Making Small Farms Work\" srcset=\"https:\/\/permakultur-landwirtschaft.org\/wp-content\/uploads\/2026\/03\/making_small_farms_work_33134265.png 566w, https:\/\/permakultur-landwirtschaft.org\/wp-content\/uploads\/2026\/03\/making_small_farms_work_33134265-247x300.png 247w, https:\/\/permakultur-landwirtschaft.org\/wp-content\/uploads\/2026\/03\/making_small_farms_work_33134265-10x12.png 10w\" sizes=\"(max-width: 566px) 100vw, 566px\" \/>\t\t\t\t\t\t\t\t<\/a>\n\t\t\t\t\t\t\t\t\t\t\t\t\t\t\t<\/div>\n\t\t\t\t<\/div>\n\t\t\t\t<div class=\"elementor-element elementor-element-65dfa9f elementor-widget elementor-widget-theme-post-title elementor-page-title elementor-widget-heading\" data-id=\"65dfa9f\" data-element_type=\"widget\" data-e-type=\"widget\" data-widget_type=\"theme-post-title.default\">\n\t\t\t\t<div class=\"elementor-widget-container\">\n\t\t\t\t\t<h3 class=\"elementor-heading-title elementor-size-default\"><a href=\"https:\/\/permakultur-landwirtschaft.org\/fr\/making-small-farms-work\/\">Making Small Farms Work<\/a><\/h3>\t\t\t\t<\/div>\n\t\t\t\t<\/div>\n\t\t\t\t<div class=\"elementor-element elementor-element-0ad4e09 elementor-absolute elementor-widget elementor-widget-text-editor\" data-id=\"0ad4e09\" data-element_type=\"widget\" data-e-type=\"widget\" data-settings=\"{&quot;_position&quot;:&quot;absolute&quot;}\" data-widget_type=\"text-editor.default\">\n\t\t\t\t<div class=\"elementor-widget-container\">\n\t\t\t\t\t\t\t\t\tBuch\t\t\t\t\t\t\t\t<\/div>\n\t\t\t\t<\/div>\n\t\t\t\t<\/div>\n\t\t\t\t\t<\/div>\n\t\t\t\t<\/div>\n\t\t\t\t<\/div>\n\t\t\t\t<div data-elementor-type=\"loop-item\" data-elementor-id=\"37613\" class=\"elementor elementor-37613 e-loop-item e-loop-item-18595 post-18595 post type-post status-publish format-standard has-post-thumbnail hentry category-dokument\" data-elementor-post-type=\"elementor_library\" data-custom-edit-handle=\"1\">\n\t\t\t<div class=\"elementor-element elementor-element-c79cfe5 e-flex e-con-boxed e-con e-parent\" data-id=\"c79cfe5\" data-element_type=\"container\" data-e-type=\"container\">\n\t\t\t\t\t<div class=\"e-con-inner\">\n\t\t<div class=\"elementor-element elementor-element-64a3d73 e-con-full e-flex e-con e-child\" data-id=\"64a3d73\" data-element_type=\"container\" data-e-type=\"container\">\n\t\t\t\t<div class=\"elementor-element elementor-element-2e3812c elementor-widget__width-inherit elementor-widget elementor-widget-image\" data-id=\"2e3812c\" data-element_type=\"widget\" data-e-type=\"widget\" data-widget_type=\"image.default\">\n\t\t\t\t<div class=\"elementor-widget-container\">\n\t\t\t\t\t\t\t\t\t\t\t\t\t\t\t\t<a href=\"https:\/\/permakultur-landwirtschaft.org\/fr\/saatgut-bedrohte-vielfalt-im-spannungsfeld-der-interessen-bericht-von-publiceye-von-april-2014\/\">\n\t\t\t\t\t\t\t<img loading=\"lazy\" decoding=\"async\" width=\"359\" height=\"382\" src=\"https:\/\/permakultur-landwirtschaft.org\/wp-content\/uploads\/2022\/03\/saatgut2014.jpg\" class=\"attachment-full size-full wp-image-18596\" alt=\"\" srcset=\"https:\/\/permakultur-landwirtschaft.org\/wp-content\/uploads\/2022\/03\/saatgut2014.jpg 359w, https:\/\/permakultur-landwirtschaft.org\/wp-content\/uploads\/2022\/03\/saatgut2014-282x300.jpg 282w\" sizes=\"(max-width: 359px) 100vw, 359px\" \/>\t\t\t\t\t\t\t\t<\/a>\n\t\t\t\t\t\t\t\t\t\t\t\t\t\t\t<\/div>\n\t\t\t\t<\/div>\n\t\t\t\t<div class=\"elementor-element elementor-element-65dfa9f elementor-widget elementor-widget-theme-post-title elementor-page-title elementor-widget-heading\" data-id=\"65dfa9f\" data-element_type=\"widget\" data-e-type=\"widget\" data-widget_type=\"theme-post-title.default\">\n\t\t\t\t<div class=\"elementor-widget-container\">\n\t\t\t\t\t<h3 class=\"elementor-heading-title elementor-size-default\"><a href=\"https:\/\/permakultur-landwirtschaft.org\/fr\/saatgut-bedrohte-vielfalt-im-spannungsfeld-der-interessen-bericht-von-publiceye-von-april-2014\/\">Saatgut &#8211; Bedrohte Vielfalt im Spannungsfeld der Interessen &#8211; Bericht von PublicEye von April 2014<\/a><\/h3>\t\t\t\t<\/div>\n\t\t\t\t<\/div>\n\t\t\t\t<div class=\"elementor-element elementor-element-0ad4e09 elementor-absolute elementor-widget elementor-widget-text-editor\" data-id=\"0ad4e09\" data-element_type=\"widget\" data-e-type=\"widget\" data-settings=\"{&quot;_position&quot;:&quot;absolute&quot;}\" data-widget_type=\"text-editor.default\">\n\t\t\t\t<div class=\"elementor-widget-container\">\n\t\t\t\t\t\t\t\t\tDokument\t\t\t\t\t\t\t\t<\/div>\n\t\t\t\t<\/div>\n\t\t\t\t<\/div>\n\t\t\t\t\t<\/div>\n\t\t\t\t<\/div>\n\t\t\t\t<\/div>\n\t\t\t\t<\/div>\n\t\t\t\t\t<span class=\"e-load-more-spinner\">\n\t\t\t\t<svg aria-hidden=\"true\" class=\"e-font-icon-svg e-fas-spinner\" viewBox=\"0 0 512 512\" xmlns=\"http:\/\/www.w3.org\/2000\/svg\"><path d=\"M304 48c0 26.51-21.49 48-48 48s-48-21.49-48-48 21.49-48 48-48 48 21.49 48 48zm-48 368c-26.51 0-48 21.49-48 48s21.49 48 48 48 48-21.49 48-48-21.49-48-48-48zm208-208c-26.51 0-48 21.49-48 48s21.49 48 48 48 48-21.49 48-48-21.49-48-48-48zM96 256c0-26.51-21.49-48-48-48S0 229.49 0 256s21.49 48 48 48 48-21.49 48-48zm12.922 99.078c-26.51 0-48 21.49-48 48s21.49 48 48 48 48-21.49 48-48c0-26.509-21.491-48-48-48zm294.156 0c-26.51 0-48 21.49-48 48s21.49 48 48 48 48-21.49 48-48c0-26.509-21.49-48-48-48zM108.922 60.922c-26.51 0-48 21.49-48 48s21.49 48 48 48 48-21.49 48-48-21.491-48-48-48z\"><\/path><\/svg>\t\t\t<\/span>\n\t\t\n\t\t\t\t\t\t<\/div>\n\t\t\t\t<\/div>\n\t\t\t\t<div class=\"elementor-element elementor-element-c6efb1d elementor-widget elementor-widget-spacer\" data-id=\"c6efb1d\" data-element_type=\"widget\" data-e-type=\"widget\" data-widget_type=\"spacer.default\">\n\t\t\t\t<div class=\"elementor-widget-container\">\n\t\t\t\t\t\t\t<div class=\"elementor-spacer\">\n\t\t\t<div class=\"elementor-spacer-inner\"><\/div>\n\t\t<\/div>\n\t\t\t\t\t\t<\/div>\n\t\t\t\t<\/div>\n\t\t\t\t<\/div>\n\t\t\t\t\t<\/div>\n\t\t\t\t<\/div>\n\t\t\t\t<\/div>\n\t\t","protected":false},"excerpt":{"rendered":"<p>Dokumente und B\u00fccher zu Permakultur-Landwirtschaft Weitere Dokumente sind auch unter Wissenschaftliche Publikationen oder bei Unterlagen und Arbeitshilfen zu finden. Andere Webseiten mit interessanten Berichten, Artikeln, Ver\u00f6ffentlichungen etc: Weitere Sammlungen und Listen mit interessanter Literatur Buchtipps des Vereins Permakultur Schweiz Permakultur-B\u00fccher und -Brosch\u00fcren der Permakultur Akademie B\u00fcchertipps von Permakultur Plattform Literaturtipps von Permakultur jetzt Literaturtipps von [&hellip;]<\/p>\n","protected":false},"author":2,"featured_media":36292,"parent":0,"menu_order":0,"comment_status":"closed","ping_status":"closed","template":"","meta":{"_acf_changed":false,"site-sidebar-layout":"default","site-content-layout":"","ast-site-content-layout":"default","site-content-style":"default","site-sidebar-style":"default","ast-global-header-display":"","ast-banner-title-visibility":"","ast-main-header-display":"","ast-hfb-above-header-display":"","ast-hfb-below-header-display":"","ast-hfb-mobile-header-display":"","site-post-title":"","ast-breadcrumbs-content":"","ast-featured-img":"","footer-sml-layout":"","ast-disable-related-posts":"","theme-transparent-header-meta":"","adv-header-id-meta":"","stick-header-meta":"","header-above-stick-meta":"","header-main-stick-meta":"","header-below-stick-meta":"","astra-migrate-meta-layouts":"set","ast-page-background-enabled":"default","ast-page-background-meta":{"desktop":{"background-color":"var(--ast-global-color-4)","background-image":"","background-repeat":"repeat","background-position":"center center","background-size":"auto","background-attachment":"scroll","background-type":"","background-media":"","overlay-type":"","overlay-color":"","overlay-opacity":"","overlay-gradient":""},"tablet":{"background-color":"","background-image":"","background-repeat":"repeat","background-position":"center center","background-size":"auto","background-attachment":"scroll","background-type":"","background-media":"","overlay-type":"","overlay-color":"","overlay-opacity":"","overlay-gradient":""},"mobile":{"background-color":"","background-image":"","background-repeat":"repeat","background-position":"center center","background-size":"auto","background-attachment":"scroll","background-type":"","background-media":"","overlay-type":"","overlay-color":"","overlay-opacity":"","overlay-gradient":""}},"ast-content-background-meta":{"desktop":{"background-color":"var(--ast-global-color-5)","background-image":"","background-repeat":"repeat","background-position":"center center","background-size":"auto","background-attachment":"scroll","background-type":"","background-media":"","overlay-type":"","overlay-color":"","overlay-opacity":"","overlay-gradient":""},"tablet":{"background-color":"var(--ast-global-color-5)","background-image":"","background-repeat":"repeat","background-position":"center center","background-size":"auto","background-attachment":"scroll","background-type":"","background-media":"","overlay-type":"","overlay-color":"","overlay-opacity":"","overlay-gradient":""},"mobile":{"background-color":"var(--ast-global-color-5)","background-image":"","background-repeat":"repeat","background-position":"center center","background-size":"auto","background-attachment":"scroll","background-type":"","background-media":"","overlay-type":"","overlay-color":"","overlay-opacity":"","overlay-gradient":""}},"footnotes":""},"class_list":["post-2755","page","type-page","status-publish","has-post-thumbnail","hentry"],"acf":[],"yoast_head":"<!-- This site is optimized with the Yoast SEO plugin v27.5 - https:\/\/yoast.com\/product\/yoast-seo-wordpress\/ -->\n<title>Dokumente \/ B\u00fccher - Permakultur-Landwirtschaft<\/title>\n<meta name=\"description\" content=\"Hier sind interessante Berichte, Artikel, Ver\u00f6ffentlichungen rund um das Thema Permakultur-Landwirtschaft zu finden.\" \/>\n<meta name=\"robots\" content=\"index, follow, max-snippet:-1, max-image-preview:large, max-video-preview:-1\" \/>\n<link rel=\"canonical\" href=\"https:\/\/permakultur-landwirtschaft.org\/fr\/dokumente\/\" \/>\n<meta property=\"og:locale\" content=\"fr_FR\" \/>\n<meta property=\"og:type\" content=\"article\" \/>\n<meta property=\"og:title\" content=\"Dokumente \/ B\u00fccher - Permakultur-Landwirtschaft\" \/>\n<meta property=\"og:description\" content=\"Hier sind interessante Berichte, Artikel, Ver\u00f6ffentlichungen rund um das Thema Permakultur-Landwirtschaft zu finden.\" \/>\n<meta property=\"og:url\" content=\"https:\/\/permakultur-landwirtschaft.org\/fr\/dokumente\/\" \/>\n<meta property=\"og:site_name\" content=\"Permakultur-Landwirtschaft\" \/>\n<meta property=\"article:publisher\" content=\"https:\/\/www.facebook.com\/PermakulturLandwirtschaft\" \/>\n<meta property=\"article:modified_time\" content=\"2026-03-31T13:59:44+00:00\" \/>\n<meta property=\"og:image\" content=\"https:\/\/permakultur-landwirtschaft.org\/wp-content\/uploads\/2025\/04\/20250410_haupt_planungspraxis_csm_Permakultur_25a0357073.png\" \/>\n\t<meta property=\"og:image:width\" content=\"700\" \/>\n\t<meta property=\"og:image:height\" content=\"518\" \/>\n\t<meta property=\"og:image:type\" content=\"image\/png\" \/>\n<meta name=\"twitter:card\" content=\"summary_large_image\" \/>\n<meta name=\"twitter:label1\" content=\"Dur\u00e9e de lecture estim\u00e9e\" \/>\n\t<meta name=\"twitter:data1\" content=\"23 minutes\" \/>\n<script type=\"application\/ld+json\" class=\"yoast-schema-graph\">{\"@context\":\"https:\\\/\\\/schema.org\",\"@graph\":[{\"@type\":\"WebPage\",\"@id\":\"https:\\\/\\\/permakultur-landwirtschaft.org\\\/dokumente\\\/\",\"url\":\"https:\\\/\\\/permakultur-landwirtschaft.org\\\/dokumente\\\/\",\"name\":\"Dokumente \\\/ B\u00fccher - Permakultur-Landwirtschaft\",\"isPartOf\":{\"@id\":\"https:\\\/\\\/permakultur-landwirtschaft.org\\\/#website\"},\"primaryImageOfPage\":{\"@id\":\"https:\\\/\\\/permakultur-landwirtschaft.org\\\/dokumente\\\/#primaryimage\"},\"image\":{\"@id\":\"https:\\\/\\\/permakultur-landwirtschaft.org\\\/dokumente\\\/#primaryimage\"},\"thumbnailUrl\":\"https:\\\/\\\/permakultur-landwirtschaft.org\\\/wp-content\\\/uploads\\\/2025\\\/04\\\/20250410_haupt_planungspraxis_csm_Permakultur_25a0357073.png\",\"datePublished\":\"2021-04-23T15:46:51+00:00\",\"dateModified\":\"2026-03-31T13:59:44+00:00\",\"description\":\"Hier sind interessante Berichte, Artikel, Ver\u00f6ffentlichungen rund um das Thema Permakultur-Landwirtschaft zu finden.\",\"breadcrumb\":{\"@id\":\"https:\\\/\\\/permakultur-landwirtschaft.org\\\/dokumente\\\/#breadcrumb\"},\"inLanguage\":\"fr-FR\",\"potentialAction\":[{\"@type\":\"ReadAction\",\"target\":[\"https:\\\/\\\/permakultur-landwirtschaft.org\\\/dokumente\\\/\"]}]},{\"@type\":\"ImageObject\",\"inLanguage\":\"fr-FR\",\"@id\":\"https:\\\/\\\/permakultur-landwirtschaft.org\\\/dokumente\\\/#primaryimage\",\"url\":\"https:\\\/\\\/permakultur-landwirtschaft.org\\\/wp-content\\\/uploads\\\/2025\\\/04\\\/20250410_haupt_planungspraxis_csm_Permakultur_25a0357073.png\",\"contentUrl\":\"https:\\\/\\\/permakultur-landwirtschaft.org\\\/wp-content\\\/uploads\\\/2025\\\/04\\\/20250410_haupt_planungspraxis_csm_Permakultur_25a0357073.png\",\"width\":700,\"height\":518,\"caption\":\"Bild: hochparterre.ch\"},{\"@type\":\"BreadcrumbList\",\"@id\":\"https:\\\/\\\/permakultur-landwirtschaft.org\\\/dokumente\\\/#breadcrumb\",\"itemListElement\":[{\"@type\":\"ListItem\",\"position\":1,\"name\":\"Startseite\",\"item\":\"https:\\\/\\\/permakultur-landwirtschaft.org\\\/\"},{\"@type\":\"ListItem\",\"position\":2,\"name\":\"Dokumente \\\/ B\u00fccher\"}]},{\"@type\":\"WebSite\",\"@id\":\"https:\\\/\\\/permakultur-landwirtschaft.org\\\/#website\",\"url\":\"https:\\\/\\\/permakultur-landwirtschaft.org\\\/\",\"name\":\"Permakultur-Landwirtschaft\",\"description\":\"F\u00f6rderung der Permakultur in der Landwirtschaft\",\"publisher\":{\"@id\":\"https:\\\/\\\/permakultur-landwirtschaft.org\\\/#organization\"},\"potentialAction\":[{\"@type\":\"SearchAction\",\"target\":{\"@type\":\"EntryPoint\",\"urlTemplate\":\"https:\\\/\\\/permakultur-landwirtschaft.org\\\/?s={search_term_string}\"},\"query-input\":{\"@type\":\"PropertyValueSpecification\",\"valueRequired\":true,\"valueName\":\"search_term_string\"}}],\"inLanguage\":\"fr-FR\"},{\"@type\":\"Organization\",\"@id\":\"https:\\\/\\\/permakultur-landwirtschaft.org\\\/#organization\",\"name\":\"Permakultur-Landwirtschaft\",\"alternateName\":\"Verein Permakultur-Landwirtschaft\",\"url\":\"https:\\\/\\\/permakultur-landwirtschaft.org\\\/\",\"logo\":{\"@type\":\"ImageObject\",\"inLanguage\":\"fr-FR\",\"@id\":\"https:\\\/\\\/permakultur-landwirtschaft.org\\\/#\\\/schema\\\/logo\\\/image\\\/\",\"url\":\"https:\\\/\\\/permakultur-landwirtschaft.org\\\/wp-content\\\/uploads\\\/2021\\\/11\\\/pela_1268x1269.png\",\"contentUrl\":\"https:\\\/\\\/permakultur-landwirtschaft.org\\\/wp-content\\\/uploads\\\/2021\\\/11\\\/pela_1268x1269.png\",\"width\":1298,\"height\":1269,\"caption\":\"Permakultur-Landwirtschaft\"},\"image\":{\"@id\":\"https:\\\/\\\/permakultur-landwirtschaft.org\\\/#\\\/schema\\\/logo\\\/image\\\/\"},\"sameAs\":[\"https:\\\/\\\/www.facebook.com\\\/PermakulturLandwirtschaft\",\"https:\\\/\\\/www.instagram.com\\\/permakultur_landwirtschaft\\\/\",\"https:\\\/\\\/www.flickr.com\\\/photos\\\/permakultur-landwirtschaft\",\"https:\\\/\\\/www.youtube.com\\\/@PermakulturLandwirtschaft\"]}]}<\/script>\n<!-- \/ Yoast SEO plugin. -->","yoast_head_json":{"title":"Dokumente \/ B\u00fccher - Permakultur-Landwirtschaft","description":"Hier sind interessante Berichte, Artikel, Ver\u00f6ffentlichungen rund um das Thema Permakultur-Landwirtschaft zu finden.","robots":{"index":"index","follow":"follow","max-snippet":"max-snippet:-1","max-image-preview":"max-image-preview:large","max-video-preview":"max-video-preview:-1"},"canonical":"https:\/\/permakultur-landwirtschaft.org\/fr\/dokumente\/","og_locale":"fr_FR","og_type":"article","og_title":"Dokumente \/ B\u00fccher - Permakultur-Landwirtschaft","og_description":"Hier sind interessante Berichte, Artikel, Ver\u00f6ffentlichungen rund um das Thema Permakultur-Landwirtschaft zu finden.","og_url":"https:\/\/permakultur-landwirtschaft.org\/fr\/dokumente\/","og_site_name":"Permakultur-Landwirtschaft","article_publisher":"https:\/\/www.facebook.com\/PermakulturLandwirtschaft","article_modified_time":"2026-03-31T13:59:44+00:00","og_image":[{"width":700,"height":518,"url":"https:\/\/permakultur-landwirtschaft.org\/wp-content\/uploads\/2025\/04\/20250410_haupt_planungspraxis_csm_Permakultur_25a0357073.png","type":"image\/png"}],"twitter_card":"summary_large_image","twitter_misc":{"Dur\u00e9e de lecture estim\u00e9e":"23 minutes"},"schema":{"@context":"https:\/\/schema.org","@graph":[{"@type":"WebPage","@id":"https:\/\/permakultur-landwirtschaft.org\/dokumente\/","url":"https:\/\/permakultur-landwirtschaft.org\/dokumente\/","name":"Dokumente \/ B\u00fccher - Permakultur-Landwirtschaft","isPartOf":{"@id":"https:\/\/permakultur-landwirtschaft.org\/#website"},"primaryImageOfPage":{"@id":"https:\/\/permakultur-landwirtschaft.org\/dokumente\/#primaryimage"},"image":{"@id":"https:\/\/permakultur-landwirtschaft.org\/dokumente\/#primaryimage"},"thumbnailUrl":"https:\/\/permakultur-landwirtschaft.org\/wp-content\/uploads\/2025\/04\/20250410_haupt_planungspraxis_csm_Permakultur_25a0357073.png","datePublished":"2021-04-23T15:46:51+00:00","dateModified":"2026-03-31T13:59:44+00:00","description":"Hier sind interessante Berichte, Artikel, Ver\u00f6ffentlichungen rund um das Thema Permakultur-Landwirtschaft zu finden.","breadcrumb":{"@id":"https:\/\/permakultur-landwirtschaft.org\/dokumente\/#breadcrumb"},"inLanguage":"fr-FR","potentialAction":[{"@type":"ReadAction","target":["https:\/\/permakultur-landwirtschaft.org\/dokumente\/"]}]},{"@type":"ImageObject","inLanguage":"fr-FR","@id":"https:\/\/permakultur-landwirtschaft.org\/dokumente\/#primaryimage","url":"https:\/\/permakultur-landwirtschaft.org\/wp-content\/uploads\/2025\/04\/20250410_haupt_planungspraxis_csm_Permakultur_25a0357073.png","contentUrl":"https:\/\/permakultur-landwirtschaft.org\/wp-content\/uploads\/2025\/04\/20250410_haupt_planungspraxis_csm_Permakultur_25a0357073.png","width":700,"height":518,"caption":"Bild: hochparterre.ch"},{"@type":"BreadcrumbList","@id":"https:\/\/permakultur-landwirtschaft.org\/dokumente\/#breadcrumb","itemListElement":[{"@type":"ListItem","position":1,"name":"Startseite","item":"https:\/\/permakultur-landwirtschaft.org\/"},{"@type":"ListItem","position":2,"name":"Dokumente \/ B\u00fccher"}]},{"@type":"WebSite","@id":"https:\/\/permakultur-landwirtschaft.org\/#website","url":"https:\/\/permakultur-landwirtschaft.org\/","name":"Permakultur-Landwirtschaft","description":"F\u00f6rderung der Permakultur in der Landwirtschaft","publisher":{"@id":"https:\/\/permakultur-landwirtschaft.org\/#organization"},"potentialAction":[{"@type":"SearchAction","target":{"@type":"EntryPoint","urlTemplate":"https:\/\/permakultur-landwirtschaft.org\/?s={search_term_string}"},"query-input":{"@type":"PropertyValueSpecification","valueRequired":true,"valueName":"search_term_string"}}],"inLanguage":"fr-FR"},{"@type":"Organization","@id":"https:\/\/permakultur-landwirtschaft.org\/#organization","name":"Permakultur-Landwirtschaft","alternateName":"Verein Permakultur-Landwirtschaft","url":"https:\/\/permakultur-landwirtschaft.org\/","logo":{"@type":"ImageObject","inLanguage":"fr-FR","@id":"https:\/\/permakultur-landwirtschaft.org\/#\/schema\/logo\/image\/","url":"https:\/\/permakultur-landwirtschaft.org\/wp-content\/uploads\/2021\/11\/pela_1268x1269.png","contentUrl":"https:\/\/permakultur-landwirtschaft.org\/wp-content\/uploads\/2021\/11\/pela_1268x1269.png","width":1298,"height":1269,"caption":"Permakultur-Landwirtschaft"},"image":{"@id":"https:\/\/permakultur-landwirtschaft.org\/#\/schema\/logo\/image\/"},"sameAs":["https:\/\/www.facebook.com\/PermakulturLandwirtschaft","https:\/\/www.instagram.com\/permakultur_landwirtschaft\/","https:\/\/www.flickr.com\/photos\/permakultur-landwirtschaft","https:\/\/www.youtube.com\/@PermakulturLandwirtschaft"]}]}},"_links":{"self":[{"href":"https:\/\/permakultur-landwirtschaft.org\/fr\/wp-json\/wp\/v2\/pages\/2755","targetHints":{"allow":["GET"]}}],"collection":[{"href":"https:\/\/permakultur-landwirtschaft.org\/fr\/wp-json\/wp\/v2\/pages"}],"about":[{"href":"https:\/\/permakultur-landwirtschaft.org\/fr\/wp-json\/wp\/v2\/types\/page"}],"author":[{"embeddable":true,"href":"https:\/\/permakultur-landwirtschaft.org\/fr\/wp-json\/wp\/v2\/users\/2"}],"replies":[{"embeddable":true,"href":"https:\/\/permakultur-landwirtschaft.org\/fr\/wp-json\/wp\/v2\/comments?post=2755"}],"version-history":[{"count":95,"href":"https:\/\/permakultur-landwirtschaft.org\/fr\/wp-json\/wp\/v2\/pages\/2755\/revisions"}],"predecessor-version":[{"id":39041,"href":"https:\/\/permakultur-landwirtschaft.org\/fr\/wp-json\/wp\/v2\/pages\/2755\/revisions\/39041"}],"wp:featuredmedia":[{"embeddable":true,"href":"https:\/\/permakultur-landwirtschaft.org\/fr\/wp-json\/wp\/v2\/media\/36292"}],"wp:attachment":[{"href":"https:\/\/permakultur-landwirtschaft.org\/fr\/wp-json\/wp\/v2\/media?parent=2755"}],"curies":[{"name":"wp","href":"https:\/\/api.w.org\/{rel}","templated":true}]}}