{"id":2695,"date":"2021-04-23T09:08:55","date_gmt":"2021-04-23T07:08:55","guid":{"rendered":"https:\/\/permakultur-landwirtschaft.org\/?page_id=2695"},"modified":"2026-03-31T09:51:35","modified_gmt":"2026-03-31T07:51:35","slug":"filme","status":"publish","type":"page","link":"https:\/\/permakultur-landwirtschaft.org\/fr\/filme\/","title":{"rendered":"Films et audios"},"content":{"rendered":"\t\t<div data-elementor-type=\"wp-page\" data-elementor-id=\"2695\" class=\"elementor elementor-2695\" data-elementor-post-type=\"page\">\n\t\t\t\t<div class=\"elementor-element elementor-element-15badc9 e-flex e-con-boxed e-con e-parent\" data-id=\"15badc9\" data-element_type=\"container\" data-e-type=\"container\">\n\t\t\t\t\t<div class=\"e-con-inner\">\n\t\t<div class=\"elementor-element elementor-element-d5b4364 e-con-full e-flex e-con e-child\" data-id=\"d5b4364\" data-element_type=\"container\" data-e-type=\"container\">\n\t\t\t\t<div class=\"elementor-element elementor-element-798dfbe elementor-widget elementor-widget-heading\" data-id=\"798dfbe\" data-element_type=\"widget\" data-e-type=\"widget\" data-widget_type=\"heading.default\">\n\t\t\t\t<div class=\"elementor-widget-container\">\n\t\t\t\t\t<h1 class=\"elementor-heading-title elementor-size-default\">Videos, Audios und Podcasts zu Permkakultur-Landwirtschaft<\/h1>\t\t\t\t<\/div>\n\t\t\t\t<\/div>\n\t\t\t\t<div class=\"elementor-element elementor-element-8c63305 elementor-widget elementor-widget-text-editor\" data-id=\"8c63305\" data-element_type=\"widget\" data-e-type=\"widget\" data-widget_type=\"text-editor.default\">\n\t\t\t\t<div class=\"elementor-widget-container\">\n\t\t\t\t\t\t\t\t\t<p>Hier finden Sie spannende Filme, Audios und Podcasts rund um Permakultur-Landwirtschaft.<\/p>\t\t\t\t\t\t\t\t<\/div>\n\t\t\t\t<\/div>\n\t\t\t\t<div class=\"elementor-element elementor-element-ec1cfb4 elementor-widget elementor-widget-n-accordion\" data-id=\"ec1cfb4\" data-element_type=\"widget\" data-e-type=\"widget\" data-settings=\"{&quot;default_state&quot;:&quot;all_collapsed&quot;,&quot;max_items_expended&quot;:&quot;one&quot;,&quot;n_accordion_animation_duration&quot;:{&quot;unit&quot;:&quot;ms&quot;,&quot;size&quot;:400,&quot;sizes&quot;:[]}}\" data-widget_type=\"nested-accordion.default\">\n\t\t\t\t<div class=\"elementor-widget-container\">\n\t\t\t\t\t\t\t<div class=\"e-n-accordion\" aria-label=\"Accordion. Open links with Enter or Space, close with Escape, and navigate with Arrow Keys\">\n\t\t\t\t\t\t<details id=\"e-n-accordion-item-2470\" class=\"e-n-accordion-item\" >\n\t\t\t\t<summary class=\"e-n-accordion-item-title\" data-accordion-index=\"1\" tabindex=\"0\" aria-expanded=\"false\" aria-controls=\"e-n-accordion-item-2470\" >\n\t\t\t\t\t<span class='e-n-accordion-item-title-header'><div class=\"e-n-accordion-item-title-text\"> Andere interessante Podcast, Audio- und Videokan\u00e4le <\/div><\/span>\n\t\t\t\t\t\t\t<span class='e-n-accordion-item-title-icon'>\n\t\t\t<span class='e-opened' ><svg aria-hidden=\"true\" class=\"e-font-icon-svg e-fas-minus\" viewBox=\"0 0 448 512\" xmlns=\"http:\/\/www.w3.org\/2000\/svg\"><path d=\"M416 208H32c-17.67 0-32 14.33-32 32v32c0 17.67 14.33 32 32 32h384c17.67 0 32-14.33 32-32v-32c0-17.67-14.33-32-32-32z\"><\/path><\/svg><\/span>\n\t\t\t<span class='e-closed'><svg aria-hidden=\"true\" class=\"e-font-icon-svg e-fas-plus\" viewBox=\"0 0 448 512\" xmlns=\"http:\/\/www.w3.org\/2000\/svg\"><path d=\"M416 208H272V64c0-17.67-14.33-32-32-32h-32c-17.67 0-32 14.33-32 32v144H32c-17.67 0-32 14.33-32 32v32c0 17.67 14.33 32 32 32h144v144c0 17.67 14.33 32 32 32h32c17.67 0 32-14.33 32-32V304h144c17.67 0 32-14.33 32-32v-32c0-17.67-14.33-32-32-32z\"><\/path><\/svg><\/span>\n\t\t<\/span>\n\n\t\t\t\t\t\t<\/summary>\n\t\t\t\t<div role=\"region\" aria-labelledby=\"e-n-accordion-item-2470\" class=\"elementor-element elementor-element-1868f14 e-con-full e-flex e-con e-child\" data-id=\"1868f14\" data-element_type=\"container\" data-e-type=\"container\">\n\t\t\t\t<div class=\"elementor-element elementor-element-a1e2b28 elementor-widget elementor-widget-text-editor\" data-id=\"a1e2b28\" data-element_type=\"widget\" data-e-type=\"widget\" data-widget_type=\"text-editor.default\">\n\t\t\t\t<div class=\"elementor-widget-container\">\n\t\t\t\t\t\t\t\t\t<ul><li><a href=\"https:\/\/www.agroforst.ch\/podcast\/\" target=\"_blank\" rel=\"noopener\">Agroforst Podcasts der IG Agroforst<\/a><\/li><li><a href=\"https:\/\/www.youtube.com\/playlist?list=PL7ZaE-gccj2W5rYzWWt7g0nYDwkBL2F5t\" target=\"_blank\" rel=\"noopener\">Agrar\u00f6kologie Podcast von Agridea<\/a><\/li><li><a href=\"https:\/\/cambium.agroforesterie.fr\/les-episodes\/\" target=\"_blank\" rel=\"noopener\">Cambium, le podcast de l&#8217;agroforesterie<\/a> (fran\u00e7aise)<\/li><li><a href=\"https:\/\/permakultur-kurs.online\/die-besten-permakultur-videos\" target=\"_blank\" rel=\"noopener\">Permastart<\/a><\/li><li><a href=\"https:\/\/www.ardmediathek.de\/suche\/permakultur\" target=\"_blank\" rel=\"noopener\">ARD Mediathek<\/a><\/li><li><a href=\"https:\/\/landwirtschaft-klima-wandel.podigee.io\/\" target=\"_blank\" rel=\"noopener\">Landwirtschaft.Klima.Wandel. &#8211; Podcasts von Klimaneutrale Landwirtschaft Graub\u00fcnden<\/a><\/li><li><a href=\"https:\/\/filmsfortheearth.org\/filme\/\" target=\"_blank\" rel=\"noopener\">Filme f\u00fcr die Erde<\/a><\/li><li><a href=\"https:\/\/happenfilms.com\/permaculture\" target=\"_blank\" rel=\"noopener\">Permakultur Filme von Happen Films<\/a> (englisch)<\/li><li>YouTube Kan\u00e4le<ul><li><a href=\"https:\/\/www.youtube.com\/@PermakulturLandwirtschaft\" target=\"_blank\" rel=\"noopener\">Permakultur-Landwirtschaft<\/a><\/li><li><a href=\"https:\/\/www.youtube.com\/c\/AufbauendeLandwirtschaft\" target=\"_blank\" rel=\"noopener\">Aufbauende Landwirtschaft<\/a><\/li><li><a href=\"https:\/\/www.youtube.com\/c\/GeoffLawtonOnline\" target=\"_blank\" rel=\"noopener\">Discover Permaculture with Geoff Lawton<\/a> (englisch)<\/li><li><a href=\"https:\/\/youtube.com\/@FiBLFilm\" target=\"_blank\" rel=\"noopener\">FiBL Filme<\/a><\/li><li><a href=\"https:\/\/www.youtube.com\/@pan_permaculture\" target=\"_blank\" rel=\"noopener\">Marcus Pan Permaculture<\/a><\/li><li><a href=\"https:\/\/www.youtube.com\/c\/ReLaVisio\" target=\"_blank\" rel=\"noopener\">ReLaVisio &#8211; Regenerative Landwirtschaft<\/a><\/li><li><a href=\"https:\/\/www.youtube.com\/c\/RichardPerkinsofRidgedale\" target=\"_blank\" rel=\"noopener\">Richard Perkins &#8211; Ridgedale Permaculture<\/a><\/li><li><a href=\"https:\/\/www.youtube.com\/playlist?list=PL3FkfS4Tmt1Z1sXqWvrCajoR_D9Pnng_O\" target=\"_blank\" rel=\"noopener\">Wasserr\u00fcckhalt in der Landbewirtschaftung<\/a><\/li><li><a href=\"https:\/\/www.youtube.com\/c\/WIRSTEHENDRAUF\" target=\"_blank\" rel=\"noopener\">Wir stehen drauf &#8211; Landwirtschaft als Teil der L\u00f6sung<\/a><\/li><\/ul><\/li><\/ul>\t\t\t\t\t\t\t\t<\/div>\n\t\t\t\t<\/div>\n\t\t\t\t<\/div>\n\t\t\t\t\t<\/details>\n\t\t\t\t\t<\/div>\n\t\t\t\t\t\t<\/div>\n\t\t\t\t<\/div>\n\t\t\t\t<\/div>\n\t\t\t\t\t<\/div>\n\t\t\t\t<\/div>\n\t\t<div class=\"elementor-element elementor-element-8a7a04c e-flex e-con-boxed e-con e-parent\" data-id=\"8a7a04c\" data-element_type=\"container\" data-e-type=\"container\">\n\t\t\t\t\t<div class=\"e-con-inner\">\n\t\t<div class=\"elementor-element elementor-element-321b7c4 e-con-full e-flex e-con e-child\" data-id=\"321b7c4\" data-element_type=\"container\" data-e-type=\"container\">\n\t\t\t\t<div class=\"elementor-element elementor-element-447a10c elementor-grid-4 elementor-grid-tablet-2 elementor-grid-mobile-1 elementor-widget elementor-widget-loop-grid\" data-id=\"447a10c\" data-element_type=\"widget\" data-e-type=\"widget\" data-settings=\"{&quot;template_id&quot;:&quot;37613&quot;,&quot;columns&quot;:4,&quot;row_gap&quot;:{&quot;unit&quot;:&quot;px&quot;,&quot;size&quot;:0,&quot;sizes&quot;:[]},&quot;pagination_type&quot;:&quot;load_more_on_click&quot;,&quot;_skin&quot;:&quot;post&quot;,&quot;columns_tablet&quot;:&quot;2&quot;,&quot;columns_mobile&quot;:&quot;1&quot;,&quot;edit_handle_selector&quot;:&quot;[data-elementor-type=\\&quot;loop-item\\&quot;]&quot;,&quot;load_more_spinner&quot;:{&quot;value&quot;:&quot;fas fa-spinner&quot;,&quot;library&quot;:&quot;fa-solid&quot;},&quot;row_gap_tablet&quot;:{&quot;unit&quot;:&quot;px&quot;,&quot;size&quot;:&quot;&quot;,&quot;sizes&quot;:[]},&quot;row_gap_mobile&quot;:{&quot;unit&quot;:&quot;px&quot;,&quot;size&quot;:&quot;&quot;,&quot;sizes&quot;:[]}}\" data-widget_type=\"loop-grid.post\">\n\t\t\t\t<div class=\"elementor-widget-container\">\n\t\t\t\t\t\t\t<div class=\"elementor-loop-container elementor-grid\" role=\"list\">\n\t\t<style id=\"loop-37613\">.elementor-37613 .elementor-element.elementor-element-c79cfe5{--display:flex;--flex-direction:column;--container-widget-width:calc( ( 1 - var( --container-widget-flex-grow ) ) * 100% );--container-widget-height:initial;--container-widget-flex-grow:0;--container-widget-align-self:initial;--flex-wrap-mobile:wrap;--align-items:stretch;--gap:0px 0px;--row-gap:0px;--column-gap:0px;border-style:solid;--border-style:solid;border-width:0px 0px 0px 0px;--border-top-width:0px;--border-right-width:0px;--border-bottom-width:0px;--border-left-width:0px;--border-radius:7px 7px 7px 7px;box-shadow:2px 2px 10px 0px rgba(0, 0, 0, 0.2);--margin-top:0px;--margin-bottom:0px;--margin-left:0px;--margin-right:0px;--padding-top:0px;--padding-bottom:005px;--padding-left:0px;--padding-right:0px;}.elementor-37613 .elementor-element.elementor-element-64a3d73{--display:flex;--gap:5px 5px;--row-gap:5px;--column-gap:5px;--margin-top:0px;--margin-bottom:0px;--margin-left:0px;--margin-right:0px;--padding-top:0px;--padding-bottom:0px;--padding-left:0px;--padding-right:0px;}.elementor-37613 .elementor-element.elementor-element-2e3812c img{height:179px;object-fit:cover;object-position:top center;border-radius:7px 7px 0px 0px;}.elementor-37613 .elementor-element.elementor-element-2e3812c > .elementor-widget-container{margin:0px 0px 0px 0px;padding:0px 0px 0px 0px;}.elementor-37613 .elementor-element.elementor-element-2e3812c{width:100%;max-width:100%;}.elementor-37613 .elementor-element.elementor-element-a075502{--display:flex;--min-height:39px;}.elementor-37613 .elementor-element.elementor-element-65dfa9f .elementor-heading-title{font-family:var( --e-global-typography-secondary-font-family ), Sans-serif;font-weight:var( --e-global-typography-secondary-font-weight );}.elementor-37613 .elementor-element.elementor-element-65dfa9f > .elementor-widget-container{margin:9px 9px 9px 9px;padding:0px 0px 0px 0px;}.elementor-37613 .elementor-element.elementor-element-0ad4e09{text-align:center;font-size:var( --e-global-typography-ec8e8b0-font-size );font-weight:var( --e-global-typography-ec8e8b0-font-weight );text-transform:var( --e-global-typography-ec8e8b0-text-transform );line-height:var( --e-global-typography-ec8e8b0-line-height );letter-spacing:var( --e-global-typography-ec8e8b0-letter-spacing );word-spacing:var( --e-global-typography-ec8e8b0-word-spacing );color:var( --e-global-color-astglobalcolor5 );top:13px;z-index:0;}.elementor-37613 .elementor-element.elementor-element-0ad4e09 a{color:var( --e-global-color-astglobalcolor5 );}.elementor-37613 .elementor-element.elementor-element-0ad4e09 a:hover, .elementor-37613 .elementor-element.elementor-element-0ad4e09 a:focus{color:var( --e-global-color-astglobalcolor5 );}.elementor-37613 .elementor-element.elementor-element-0ad4e09 > .elementor-widget-container{margin:0px 0px 0px 0px;padding:0px 13px 0px 13px;background-color:var( --e-global-color-primary );border-radius:13px 13px 13px 13px;}body:not(.rtl) .elementor-37613 .elementor-element.elementor-element-0ad4e09{right:13px;}body.rtl .elementor-37613 .elementor-element.elementor-element-0ad4e09{left:13px;}@media(max-width:1024px){.elementor-37613 .elementor-element.elementor-element-0ad4e09{font-size:var( --e-global-typography-ec8e8b0-font-size );line-height:var( --e-global-typography-ec8e8b0-line-height );letter-spacing:var( --e-global-typography-ec8e8b0-letter-spacing );word-spacing:var( --e-global-typography-ec8e8b0-word-spacing );}}@media(min-width:768px){.elementor-37613 .elementor-element.elementor-element-c79cfe5{--content-width:100%;}.elementor-37613 .elementor-element.elementor-element-64a3d73{--width:100%;}}@media(max-width:767px){.elementor-37613 .elementor-element.elementor-element-c79cfe5{--content-width:100%;--align-items:stretch;--container-widget-width:calc( ( 1 - var( --container-widget-flex-grow ) ) * 100% );}.elementor-37613 .elementor-element.elementor-element-2e3812c img{object-fit:fill;}.elementor-37613 .elementor-element.elementor-element-0ad4e09{font-size:var( --e-global-typography-ec8e8b0-font-size );line-height:var( --e-global-typography-ec8e8b0-line-height );letter-spacing:var( --e-global-typography-ec8e8b0-letter-spacing );word-spacing:var( --e-global-typography-ec8e8b0-word-spacing );}}<\/style>\t\t<div data-elementor-type=\"loop-item\" data-elementor-id=\"37613\" class=\"elementor elementor-37613 e-loop-item e-loop-item-38850 post-38850 post type-post status-publish format-standard has-post-thumbnail hentry category-filme category-neuigkeit tag-agroforst tag-jean-martin-fortier tag-maria-gimenez tag-market-gardening-2 tag-rbb tag-regenerativ tag-wilmars-gaerten-2\" data-elementor-post-type=\"elementor_library\" data-custom-edit-handle=\"1\">\n\t\t\t<div class=\"elementor-element elementor-element-c79cfe5 e-flex e-con-boxed e-con e-parent\" data-id=\"c79cfe5\" data-element_type=\"container\" data-e-type=\"container\">\n\t\t\t\t\t<div class=\"e-con-inner\">\n\t\t<div class=\"elementor-element elementor-element-64a3d73 e-con-full e-flex e-con e-child\" data-id=\"64a3d73\" data-element_type=\"container\" data-e-type=\"container\">\n\t\t\t\t<div class=\"elementor-element elementor-element-2e3812c elementor-widget__width-inherit elementor-widget elementor-widget-image\" data-id=\"2e3812c\" data-element_type=\"widget\" data-e-type=\"widget\" data-widget_type=\"image.default\">\n\t\t\t\t<div class=\"elementor-widget-container\">\n\t\t\t\t\t\t\t\t\t\t\t\t\t\t\t\t<a href=\"https:\/\/permakultur-landwirtschaft.org\/fr\/marias-garten-warum-alle-ihr-gemuese-wollen-beitrag-vom-26-maerz-2026\/\">\n\t\t\t\t\t\t\t<img fetchpriority=\"high\" decoding=\"async\" width=\"699\" height=\"370\" src=\"https:\/\/permakultur-landwirtschaft.org\/wp-content\/uploads\/2026\/03\/maria_rbb_wilmars_gaerten_28-03-2026_15-45-34.jpg\" class=\"attachment-full size-full wp-image-38851\" alt=\"Maria Gim\u00e9nez von Wilmars Gaerten\" srcset=\"https:\/\/permakultur-landwirtschaft.org\/wp-content\/uploads\/2026\/03\/maria_rbb_wilmars_gaerten_28-03-2026_15-45-34.jpg 699w, https:\/\/permakultur-landwirtschaft.org\/wp-content\/uploads\/2026\/03\/maria_rbb_wilmars_gaerten_28-03-2026_15-45-34-300x159.jpg 300w, https:\/\/permakultur-landwirtschaft.org\/wp-content\/uploads\/2026\/03\/maria_rbb_wilmars_gaerten_28-03-2026_15-45-34-18x10.jpg 18w\" sizes=\"(max-width: 699px) 100vw, 699px\" \/>\t\t\t\t\t\t\t\t<\/a>\n\t\t\t\t\t\t\t\t\t\t\t\t\t\t\t<\/div>\n\t\t\t\t<\/div>\n\t\t\t\t<div class=\"elementor-element elementor-element-65dfa9f elementor-widget elementor-widget-theme-post-title elementor-page-title elementor-widget-heading\" data-id=\"65dfa9f\" data-element_type=\"widget\" data-e-type=\"widget\" data-widget_type=\"theme-post-title.default\">\n\t\t\t\t<div class=\"elementor-widget-container\">\n\t\t\t\t\t<h3 class=\"elementor-heading-title elementor-size-default\"><a href=\"https:\/\/permakultur-landwirtschaft.org\/fr\/marias-garten-warum-alle-ihr-gemuese-wollen-beitrag-vom-26-maerz-2026\/\">Marias Garten: Warum alle ihr Gem\u00fcse wollen &#8211; Beitrag vom 26. M\u00e4rz 2026<\/a><\/h3>\t\t\t\t<\/div>\n\t\t\t\t<\/div>\n\t\t\t\t<div class=\"elementor-element elementor-element-0ad4e09 elementor-absolute elementor-widget elementor-widget-text-editor\" data-id=\"0ad4e09\" data-element_type=\"widget\" data-e-type=\"widget\" data-settings=\"{&quot;_position&quot;:&quot;absolute&quot;}\" data-widget_type=\"text-editor.default\">\n\t\t\t\t<div class=\"elementor-widget-container\">\n\t\t\t\t\t\t\t\t\tFilm\t\t\t\t\t\t\t\t<\/div>\n\t\t\t\t<\/div>\n\t\t\t\t<\/div>\n\t\t\t\t\t<\/div>\n\t\t\t\t<\/div>\n\t\t\t\t<\/div>\n\t\t\t\t<div data-elementor-type=\"loop-item\" data-elementor-id=\"37613\" class=\"elementor elementor-37613 e-loop-item e-loop-item-38947 post-38947 post type-post status-publish format-standard has-post-thumbnail hentry category-filme tag-fibl tag-hoss-hauksson tag-vitiforst tag-weinrebe\" data-elementor-post-type=\"elementor_library\" data-custom-edit-handle=\"1\">\n\t\t\t<div class=\"elementor-element elementor-element-c79cfe5 e-flex e-con-boxed e-con e-parent\" data-id=\"c79cfe5\" data-element_type=\"container\" data-e-type=\"container\">\n\t\t\t\t\t<div class=\"e-con-inner\">\n\t\t<div class=\"elementor-element elementor-element-64a3d73 e-con-full e-flex e-con e-child\" data-id=\"64a3d73\" data-element_type=\"container\" data-e-type=\"container\">\n\t\t\t\t<div class=\"elementor-element elementor-element-2e3812c elementor-widget__width-inherit elementor-widget elementor-widget-image\" data-id=\"2e3812c\" data-element_type=\"widget\" data-e-type=\"widget\" data-widget_type=\"image.default\">\n\t\t\t\t<div class=\"elementor-widget-container\">\n\t\t\t\t\t\t\t\t\t\t\t\t\t\t\t\t<a href=\"https:\/\/permakultur-landwirtschaft.org\/fr\/ein-gutes-umfeld-fuer-die-weinrebe-video-vom-19-maerz-2026\/\">\n\t\t\t\t\t\t\t<img decoding=\"async\" width=\"300\" height=\"200\" src=\"https:\/\/permakultur-landwirtschaft.org\/wp-content\/uploads\/2026\/03\/csm_Film-Agroforst-Weinrebe-DE_9fa51f895a.webp\" class=\"attachment-full size-full wp-image-38948\" alt=\"Vitiforst im Aargau\" srcset=\"https:\/\/permakultur-landwirtschaft.org\/wp-content\/uploads\/2026\/03\/csm_Film-Agroforst-Weinrebe-DE_9fa51f895a.webp 300w, https:\/\/permakultur-landwirtschaft.org\/wp-content\/uploads\/2026\/03\/csm_Film-Agroforst-Weinrebe-DE_9fa51f895a-18x12.webp 18w\" sizes=\"(max-width: 300px) 100vw, 300px\" \/>\t\t\t\t\t\t\t\t<\/a>\n\t\t\t\t\t\t\t\t\t\t\t\t\t\t\t<\/div>\n\t\t\t\t<\/div>\n\t\t\t\t<div class=\"elementor-element elementor-element-65dfa9f elementor-widget elementor-widget-theme-post-title elementor-page-title elementor-widget-heading\" data-id=\"65dfa9f\" data-element_type=\"widget\" data-e-type=\"widget\" data-widget_type=\"theme-post-title.default\">\n\t\t\t\t<div class=\"elementor-widget-container\">\n\t\t\t\t\t<h3 class=\"elementor-heading-title elementor-size-default\"><a href=\"https:\/\/permakultur-landwirtschaft.org\/fr\/ein-gutes-umfeld-fuer-die-weinrebe-video-vom-19-maerz-2026\/\">Ein gutes Umfeld f\u00fcr die Weinrebe &#8211; Video vom 19. M\u00e4rz 2026<\/a><\/h3>\t\t\t\t<\/div>\n\t\t\t\t<\/div>\n\t\t\t\t<div class=\"elementor-element elementor-element-0ad4e09 elementor-absolute elementor-widget elementor-widget-text-editor\" data-id=\"0ad4e09\" data-element_type=\"widget\" data-e-type=\"widget\" data-settings=\"{&quot;_position&quot;:&quot;absolute&quot;}\" data-widget_type=\"text-editor.default\">\n\t\t\t\t<div class=\"elementor-widget-container\">\n\t\t\t\t\t\t\t\t\tFilm\t\t\t\t\t\t\t\t<\/div>\n\t\t\t\t<\/div>\n\t\t\t\t<\/div>\n\t\t\t\t\t<\/div>\n\t\t\t\t<\/div>\n\t\t\t\t<\/div>\n\t\t\t\t<div data-elementor-type=\"loop-item\" data-elementor-id=\"37613\" class=\"elementor elementor-37613 e-loop-item e-loop-item-38421 post-38421 post type-post status-publish format-standard has-post-thumbnail hentry category-audio category-neuigkeit tag-agroecology-works tag-beat-roelli tag-betriebscoaching tag-dario-heller tag-giulia-satiro tag-podcast\" data-elementor-post-type=\"elementor_library\" data-custom-edit-handle=\"1\">\n\t\t\t<div class=\"elementor-element elementor-element-c79cfe5 e-flex e-con-boxed e-con e-parent\" data-id=\"c79cfe5\" data-element_type=\"container\" data-e-type=\"container\">\n\t\t\t\t\t<div class=\"e-con-inner\">\n\t\t<div class=\"elementor-element elementor-element-64a3d73 e-con-full e-flex e-con e-child\" data-id=\"64a3d73\" data-element_type=\"container\" data-e-type=\"container\">\n\t\t\t\t<div class=\"elementor-element elementor-element-2e3812c elementor-widget__width-inherit elementor-widget elementor-widget-image\" data-id=\"2e3812c\" data-element_type=\"widget\" data-e-type=\"widget\" data-widget_type=\"image.default\">\n\t\t\t\t<div class=\"elementor-widget-container\">\n\t\t\t\t\t\t\t\t\t\t\t\t\t\t\t\t<a href=\"https:\/\/permakultur-landwirtschaft.org\/fr\/ein-betriebscoaching-was-soll-das-bringen-giulia-satiro-podcast-vom-10-maerz-2026\/\">\n\t\t\t\t\t\t\t<img decoding=\"async\" width=\"700\" height=\"514\" src=\"https:\/\/permakultur-landwirtschaft.org\/wp-content\/uploads\/2025\/04\/2025_agroecology_works_IMG_9138_coachings-700.jpg\" class=\"attachment-full size-full wp-image-36426\" alt=\"Agroecology Works! Betriebscoaching\" srcset=\"https:\/\/permakultur-landwirtschaft.org\/wp-content\/uploads\/2025\/04\/2025_agroecology_works_IMG_9138_coachings-700.jpg 700w, https:\/\/permakultur-landwirtschaft.org\/wp-content\/uploads\/2025\/04\/2025_agroecology_works_IMG_9138_coachings-700-300x220.jpg 300w, https:\/\/permakultur-landwirtschaft.org\/wp-content\/uploads\/2025\/04\/2025_agroecology_works_IMG_9138_coachings-700-16x12.jpg 16w\" sizes=\"(max-width: 700px) 100vw, 700px\" \/>\t\t\t\t\t\t\t\t<\/a>\n\t\t\t\t\t\t\t\t\t\t\t\t\t\t\t<\/div>\n\t\t\t\t<\/div>\n\t\t\t\t<div class=\"elementor-element elementor-element-65dfa9f elementor-widget elementor-widget-theme-post-title elementor-page-title elementor-widget-heading\" data-id=\"65dfa9f\" data-element_type=\"widget\" data-e-type=\"widget\" data-widget_type=\"theme-post-title.default\">\n\t\t\t\t<div class=\"elementor-widget-container\">\n\t\t\t\t\t<h3 class=\"elementor-heading-title elementor-size-default\"><a href=\"https:\/\/permakultur-landwirtschaft.org\/fr\/ein-betriebscoaching-was-soll-das-bringen-giulia-satiro-podcast-vom-10-maerz-2026\/\">Ein Betriebscoaching, was soll das bringen, Giulia Satiro? &#8211; Podcast vom 10. M\u00e4rz 2026<\/a><\/h3>\t\t\t\t<\/div>\n\t\t\t\t<\/div>\n\t\t\t\t<div class=\"elementor-element elementor-element-0ad4e09 elementor-absolute elementor-widget elementor-widget-text-editor\" data-id=\"0ad4e09\" data-element_type=\"widget\" data-e-type=\"widget\" data-settings=\"{&quot;_position&quot;:&quot;absolute&quot;}\" data-widget_type=\"text-editor.default\">\n\t\t\t\t<div class=\"elementor-widget-container\">\n\t\t\t\t\t\t\t\t\tAudio\t\t\t\t\t\t\t\t<\/div>\n\t\t\t\t<\/div>\n\t\t\t\t<\/div>\n\t\t\t\t\t<\/div>\n\t\t\t\t<\/div>\n\t\t\t\t<\/div>\n\t\t\t\t<div data-elementor-type=\"loop-item\" data-elementor-id=\"37613\" class=\"elementor elementor-37613 e-loop-item e-loop-item-38665 post-38665 post type-post status-publish format-standard has-post-thumbnail hentry category-audio category-neuigkeit tag-agrarpolitik tag-bfh-hafl tag-hofuebernahme tag-podcast tag-quereinsteiger tag-sandra-contzen tag-vielfallt\" data-elementor-post-type=\"elementor_library\" data-custom-edit-handle=\"1\">\n\t\t\t<div class=\"elementor-element elementor-element-c79cfe5 e-flex e-con-boxed e-con e-parent\" data-id=\"c79cfe5\" data-element_type=\"container\" data-e-type=\"container\">\n\t\t\t\t\t<div class=\"e-con-inner\">\n\t\t<div class=\"elementor-element elementor-element-64a3d73 e-con-full e-flex e-con e-child\" data-id=\"64a3d73\" data-element_type=\"container\" data-e-type=\"container\">\n\t\t\t\t<div class=\"elementor-element elementor-element-2e3812c elementor-widget__width-inherit elementor-widget elementor-widget-image\" data-id=\"2e3812c\" data-element_type=\"widget\" data-e-type=\"widget\" data-widget_type=\"image.default\">\n\t\t\t\t<div class=\"elementor-widget-container\">\n\t\t\t\t\t\t\t\t\t\t\t\t\t\t\t\t<a href=\"https:\/\/permakultur-landwirtschaft.org\/fr\/vielfalt-beginnt-in-den-koepfen-podcast-mit-sandra-contzen\/\">\n\t\t\t\t\t\t\t<img loading=\"lazy\" decoding=\"async\" width=\"700\" height=\"467\" src=\"https:\/\/permakultur-landwirtschaft.org\/wp-content\/uploads\/2026\/03\/agrarpolitik_forschung_agrarsoziologin-sandra-contzen_hafl-bfh_zvg.jpg\" class=\"attachment-full size-full wp-image-38666\" alt=\"Sandra Contzen, BFH-HAFL\" srcset=\"https:\/\/permakultur-landwirtschaft.org\/wp-content\/uploads\/2026\/03\/agrarpolitik_forschung_agrarsoziologin-sandra-contzen_hafl-bfh_zvg.jpg 700w, https:\/\/permakultur-landwirtschaft.org\/wp-content\/uploads\/2026\/03\/agrarpolitik_forschung_agrarsoziologin-sandra-contzen_hafl-bfh_zvg-300x200.jpg 300w, https:\/\/permakultur-landwirtschaft.org\/wp-content\/uploads\/2026\/03\/agrarpolitik_forschung_agrarsoziologin-sandra-contzen_hafl-bfh_zvg-18x12.jpg 18w\" sizes=\"(max-width: 700px) 100vw, 700px\" \/>\t\t\t\t\t\t\t\t<\/a>\n\t\t\t\t\t\t\t\t\t\t\t\t\t\t\t<\/div>\n\t\t\t\t<\/div>\n\t\t\t\t<div class=\"elementor-element elementor-element-65dfa9f elementor-widget elementor-widget-theme-post-title elementor-page-title elementor-widget-heading\" data-id=\"65dfa9f\" data-element_type=\"widget\" data-e-type=\"widget\" data-widget_type=\"theme-post-title.default\">\n\t\t\t\t<div class=\"elementor-widget-container\">\n\t\t\t\t\t<h3 class=\"elementor-heading-title elementor-size-default\"><a href=\"https:\/\/permakultur-landwirtschaft.org\/fr\/vielfalt-beginnt-in-den-koepfen-podcast-mit-sandra-contzen\/\">Vielfalt beginnt in den K\u00f6pfen &#8211; Podcast mit Sandra Contzen<\/a><\/h3>\t\t\t\t<\/div>\n\t\t\t\t<\/div>\n\t\t\t\t<div class=\"elementor-element elementor-element-0ad4e09 elementor-absolute elementor-widget elementor-widget-text-editor\" data-id=\"0ad4e09\" data-element_type=\"widget\" data-e-type=\"widget\" data-settings=\"{&quot;_position&quot;:&quot;absolute&quot;}\" data-widget_type=\"text-editor.default\">\n\t\t\t\t<div class=\"elementor-widget-container\">\n\t\t\t\t\t\t\t\t\tAudio\t\t\t\t\t\t\t\t<\/div>\n\t\t\t\t<\/div>\n\t\t\t\t<\/div>\n\t\t\t\t\t<\/div>\n\t\t\t\t<\/div>\n\t\t\t\t<\/div>\n\t\t\t\t<div data-elementor-type=\"loop-item\" data-elementor-id=\"37613\" class=\"elementor elementor-37613 e-loop-item e-loop-item-38026 post-38026 post type-post status-publish format-standard has-post-thumbnail hentry category-filme category-neuigkeit tag-agroforesterie tag-volailles-plein-air-et-climat tag-webinaire\" data-elementor-post-type=\"elementor_library\" data-custom-edit-handle=\"1\">\n\t\t\t<div class=\"elementor-element elementor-element-c79cfe5 e-flex e-con-boxed e-con e-parent\" data-id=\"c79cfe5\" data-element_type=\"container\" data-e-type=\"container\">\n\t\t\t\t\t<div class=\"e-con-inner\">\n\t\t<div class=\"elementor-element elementor-element-64a3d73 e-con-full e-flex e-con e-child\" data-id=\"64a3d73\" data-element_type=\"container\" data-e-type=\"container\">\n\t\t\t\t<div class=\"elementor-element elementor-element-2e3812c elementor-widget__width-inherit elementor-widget elementor-widget-image\" data-id=\"2e3812c\" data-element_type=\"widget\" data-e-type=\"widget\" data-widget_type=\"image.default\">\n\t\t\t\t<div class=\"elementor-widget-container\">\n\t\t\t\t\t\t\t\t\t\t\t\t\t\t\t\t<a href=\"https:\/\/permakultur-landwirtschaft.org\/fr\/volailles-plein-air-et-climat-larbre-au-service-de-la-performance-webinaire-du-13-fevrier-2026\/\">\n\t\t\t\t\t\t\t<img loading=\"lazy\" decoding=\"async\" width=\"701\" height=\"354\" src=\"https:\/\/permakultur-landwirtschaft.org\/wp-content\/uploads\/2026\/02\/webinar-agroforestery-26-02-2026_20-49-27.jpg\" class=\"attachment-full size-full wp-image-38027\" alt=\"Webinar agroforestery\" srcset=\"https:\/\/permakultur-landwirtschaft.org\/wp-content\/uploads\/2026\/02\/webinar-agroforestery-26-02-2026_20-49-27.jpg 701w, https:\/\/permakultur-landwirtschaft.org\/wp-content\/uploads\/2026\/02\/webinar-agroforestery-26-02-2026_20-49-27-300x151.jpg 300w, https:\/\/permakultur-landwirtschaft.org\/wp-content\/uploads\/2026\/02\/webinar-agroforestery-26-02-2026_20-49-27-18x9.jpg 18w\" sizes=\"(max-width: 701px) 100vw, 701px\" \/>\t\t\t\t\t\t\t\t<\/a>\n\t\t\t\t\t\t\t\t\t\t\t\t\t\t\t<\/div>\n\t\t\t\t<\/div>\n\t\t\t\t<div class=\"elementor-element elementor-element-65dfa9f elementor-widget elementor-widget-theme-post-title elementor-page-title elementor-widget-heading\" data-id=\"65dfa9f\" data-element_type=\"widget\" data-e-type=\"widget\" data-widget_type=\"theme-post-title.default\">\n\t\t\t\t<div class=\"elementor-widget-container\">\n\t\t\t\t\t<h3 class=\"elementor-heading-title elementor-size-default\"><a href=\"https:\/\/permakultur-landwirtschaft.org\/fr\/volailles-plein-air-et-climat-larbre-au-service-de-la-performance-webinaire-du-13-fevrier-2026\/\">Volailles plein air et climat : l&#8217;arbre au service de la performance &#8211; Webinaire du 13 f\u00e9vrier 2026<\/a><\/h3>\t\t\t\t<\/div>\n\t\t\t\t<\/div>\n\t\t\t\t<div class=\"elementor-element elementor-element-0ad4e09 elementor-absolute elementor-widget elementor-widget-text-editor\" data-id=\"0ad4e09\" data-element_type=\"widget\" data-e-type=\"widget\" data-settings=\"{&quot;_position&quot;:&quot;absolute&quot;}\" data-widget_type=\"text-editor.default\">\n\t\t\t\t<div class=\"elementor-widget-container\">\n\t\t\t\t\t\t\t\t\tFilm\t\t\t\t\t\t\t\t<\/div>\n\t\t\t\t<\/div>\n\t\t\t\t<\/div>\n\t\t\t\t\t<\/div>\n\t\t\t\t<\/div>\n\t\t\t\t<\/div>\n\t\t\t\t<div data-elementor-type=\"loop-item\" data-elementor-id=\"37613\" class=\"elementor elementor-37613 e-loop-item e-loop-item-38005 post-38005 post type-post status-publish format-standard has-post-thumbnail hentry category-filme tag-boden tag-buch tag-gesundheit tag-mikroorganismen tag-regenerate-forum tag-stefan-schwarzer tag-tettnang\" data-elementor-post-type=\"elementor_library\" data-custom-edit-handle=\"1\">\n\t\t\t<div class=\"elementor-element elementor-element-c79cfe5 e-flex e-con-boxed e-con e-parent\" data-id=\"c79cfe5\" data-element_type=\"container\" data-e-type=\"container\">\n\t\t\t\t\t<div class=\"e-con-inner\">\n\t\t<div class=\"elementor-element elementor-element-64a3d73 e-con-full e-flex e-con e-child\" data-id=\"64a3d73\" data-element_type=\"container\" data-e-type=\"container\">\n\t\t\t\t<div class=\"elementor-element elementor-element-2e3812c elementor-widget__width-inherit elementor-widget elementor-widget-image\" data-id=\"2e3812c\" data-element_type=\"widget\" data-e-type=\"widget\" data-widget_type=\"image.default\">\n\t\t\t\t<div class=\"elementor-widget-container\">\n\t\t\t\t\t\t\t\t\t\t\t\t\t\t\t\t<a href=\"https:\/\/permakultur-landwirtschaft.org\/fr\/gesundheit-beginnt-beim-boden-ein-vortrag-von-stefan-schwarzer-vom-12-februar-2026\/\">\n\t\t\t\t\t\t\t<img loading=\"lazy\" decoding=\"async\" width=\"699\" height=\"361\" src=\"https:\/\/permakultur-landwirtschaft.org\/wp-content\/uploads\/2026\/02\/gesundheit_boden_schwarzer_19-02-2026_14-26-44.jpg\" class=\"attachment-full size-full wp-image-38006\" alt=\"Gesundheit beginnt im Boden\" srcset=\"https:\/\/permakultur-landwirtschaft.org\/wp-content\/uploads\/2026\/02\/gesundheit_boden_schwarzer_19-02-2026_14-26-44.jpg 699w, https:\/\/permakultur-landwirtschaft.org\/wp-content\/uploads\/2026\/02\/gesundheit_boden_schwarzer_19-02-2026_14-26-44-300x155.jpg 300w, https:\/\/permakultur-landwirtschaft.org\/wp-content\/uploads\/2026\/02\/gesundheit_boden_schwarzer_19-02-2026_14-26-44-18x9.jpg 18w\" sizes=\"(max-width: 699px) 100vw, 699px\" \/>\t\t\t\t\t\t\t\t<\/a>\n\t\t\t\t\t\t\t\t\t\t\t\t\t\t\t<\/div>\n\t\t\t\t<\/div>\n\t\t\t\t<div class=\"elementor-element elementor-element-65dfa9f elementor-widget elementor-widget-theme-post-title elementor-page-title elementor-widget-heading\" data-id=\"65dfa9f\" data-element_type=\"widget\" data-e-type=\"widget\" data-widget_type=\"theme-post-title.default\">\n\t\t\t\t<div class=\"elementor-widget-container\">\n\t\t\t\t\t<h3 class=\"elementor-heading-title elementor-size-default\"><a href=\"https:\/\/permakultur-landwirtschaft.org\/fr\/gesundheit-beginnt-beim-boden-ein-vortrag-von-stefan-schwarzer-vom-12-februar-2026\/\">Gesundheit beginnt beim Boden &#8211; ein Vortrag von Stefan Schwarzer vom 12. Februar 2026<\/a><\/h3>\t\t\t\t<\/div>\n\t\t\t\t<\/div>\n\t\t\t\t<div class=\"elementor-element elementor-element-0ad4e09 elementor-absolute elementor-widget elementor-widget-text-editor\" data-id=\"0ad4e09\" data-element_type=\"widget\" data-e-type=\"widget\" data-settings=\"{&quot;_position&quot;:&quot;absolute&quot;}\" data-widget_type=\"text-editor.default\">\n\t\t\t\t<div class=\"elementor-widget-container\">\n\t\t\t\t\t\t\t\t\tFilm\t\t\t\t\t\t\t\t<\/div>\n\t\t\t\t<\/div>\n\t\t\t\t<\/div>\n\t\t\t\t\t<\/div>\n\t\t\t\t<\/div>\n\t\t\t\t<\/div>\n\t\t\t\t<div data-elementor-type=\"loop-item\" data-elementor-id=\"37613\" class=\"elementor elementor-37613 e-loop-item e-loop-item-38244 post-38244 post type-post status-publish format-standard has-post-thumbnail hentry category-filme category-neuigkeit tag-agroforst tag-felix-riecken tag-hofuebergabe tag-ndr tag-regenerative-landwirtschaft tag-riecken-landmilch\" data-elementor-post-type=\"elementor_library\" data-custom-edit-handle=\"1\">\n\t\t\t<div class=\"elementor-element elementor-element-c79cfe5 e-flex e-con-boxed e-con e-parent\" data-id=\"c79cfe5\" data-element_type=\"container\" data-e-type=\"container\">\n\t\t\t\t\t<div class=\"e-con-inner\">\n\t\t<div class=\"elementor-element elementor-element-64a3d73 e-con-full e-flex e-con e-child\" data-id=\"64a3d73\" data-element_type=\"container\" data-e-type=\"container\">\n\t\t\t\t<div class=\"elementor-element elementor-element-2e3812c elementor-widget__width-inherit elementor-widget elementor-widget-image\" data-id=\"2e3812c\" data-element_type=\"widget\" data-e-type=\"widget\" data-widget_type=\"image.default\">\n\t\t\t\t<div class=\"elementor-widget-container\">\n\t\t\t\t\t\t\t\t\t\t\t\t\t\t\t\t<a href=\"https:\/\/permakultur-landwirtschaft.org\/fr\/neustart-auf-dem-milchhof-beitrag-vom-29-dezember-2025\/\">\n\t\t\t\t\t\t\t<img loading=\"lazy\" decoding=\"async\" width=\"700\" height=\"390\" src=\"https:\/\/permakultur-landwirtschaft.org\/wp-content\/uploads\/2026\/03\/Felix-Riecken-will-die-Verantwortung-fuer-den-Eichhof-uebernehmen-_-Verwendung-honorarfrei-cNDR-700.jpg\" class=\"attachment-full size-full wp-image-38191\" alt=\"Landwirt und K\u00fche auf der Weide\" srcset=\"https:\/\/permakultur-landwirtschaft.org\/wp-content\/uploads\/2026\/03\/Felix-Riecken-will-die-Verantwortung-fuer-den-Eichhof-uebernehmen-_-Verwendung-honorarfrei-cNDR-700.jpg 700w, https:\/\/permakultur-landwirtschaft.org\/wp-content\/uploads\/2026\/03\/Felix-Riecken-will-die-Verantwortung-fuer-den-Eichhof-uebernehmen-_-Verwendung-honorarfrei-cNDR-700-300x167.jpg 300w, https:\/\/permakultur-landwirtschaft.org\/wp-content\/uploads\/2026\/03\/Felix-Riecken-will-die-Verantwortung-fuer-den-Eichhof-uebernehmen-_-Verwendung-honorarfrei-cNDR-700-18x10.jpg 18w\" sizes=\"(max-width: 700px) 100vw, 700px\" \/>\t\t\t\t\t\t\t\t<\/a>\n\t\t\t\t\t\t\t\t\t\t\t\t\t\t\t<\/div>\n\t\t\t\t<\/div>\n\t\t\t\t<div class=\"elementor-element elementor-element-65dfa9f elementor-widget elementor-widget-theme-post-title elementor-page-title elementor-widget-heading\" data-id=\"65dfa9f\" data-element_type=\"widget\" data-e-type=\"widget\" data-widget_type=\"theme-post-title.default\">\n\t\t\t\t<div class=\"elementor-widget-container\">\n\t\t\t\t\t<h3 class=\"elementor-heading-title elementor-size-default\"><a href=\"https:\/\/permakultur-landwirtschaft.org\/fr\/neustart-auf-dem-milchhof-beitrag-vom-29-dezember-2025\/\">Neustart auf dem Milchhof &#8211; Beitrag vom 29. Dezember 2025<\/a><\/h3>\t\t\t\t<\/div>\n\t\t\t\t<\/div>\n\t\t\t\t<div class=\"elementor-element elementor-element-0ad4e09 elementor-absolute elementor-widget elementor-widget-text-editor\" data-id=\"0ad4e09\" data-element_type=\"widget\" data-e-type=\"widget\" data-settings=\"{&quot;_position&quot;:&quot;absolute&quot;}\" data-widget_type=\"text-editor.default\">\n\t\t\t\t<div class=\"elementor-widget-container\">\n\t\t\t\t\t\t\t\t\tFilm\t\t\t\t\t\t\t\t<\/div>\n\t\t\t\t<\/div>\n\t\t\t\t<\/div>\n\t\t\t\t\t<\/div>\n\t\t\t\t<\/div>\n\t\t\t\t<\/div>\n\t\t\t\t<div data-elementor-type=\"loop-item\" data-elementor-id=\"37613\" class=\"elementor elementor-37613 e-loop-item e-loop-item-37510 post-37510 post type-post status-publish format-standard has-post-thumbnail hentry category-filme category-neuigkeit tag-agroforst tag-boezberg tag-hochlandrinder tag-rolf-treier tag-schafe\" data-elementor-post-type=\"elementor_library\" data-custom-edit-handle=\"1\">\n\t\t\t<div class=\"elementor-element elementor-element-c79cfe5 e-flex e-con-boxed e-con e-parent\" data-id=\"c79cfe5\" data-element_type=\"container\" data-e-type=\"container\">\n\t\t\t\t\t<div class=\"e-con-inner\">\n\t\t<div class=\"elementor-element elementor-element-64a3d73 e-con-full e-flex e-con e-child\" data-id=\"64a3d73\" data-element_type=\"container\" data-e-type=\"container\">\n\t\t\t\t<div class=\"elementor-element elementor-element-2e3812c elementor-widget__width-inherit elementor-widget elementor-widget-image\" data-id=\"2e3812c\" data-element_type=\"widget\" data-e-type=\"widget\" data-widget_type=\"image.default\">\n\t\t\t\t<div class=\"elementor-widget-container\">\n\t\t\t\t\t\t\t\t\t\t\t\t\t\t\t\t<a href=\"https:\/\/permakultur-landwirtschaft.org\/fr\/agroforst-verbindet-wald-und-offenland-beitrag-vom-16-dezember-2025\/\">\n\t\t\t\t\t\t\t<img loading=\"lazy\" decoding=\"async\" width=\"700\" height=\"466\" src=\"https:\/\/permakultur-landwirtschaft.org\/wp-content\/uploads\/2025\/12\/FiBL_csm_RolfTreier_FiBL_SimonaMoosmann_066eddacb3.jpg\" class=\"attachment-full size-full wp-image-37511\" alt=\"Rolf Treier\" srcset=\"https:\/\/permakultur-landwirtschaft.org\/wp-content\/uploads\/2025\/12\/FiBL_csm_RolfTreier_FiBL_SimonaMoosmann_066eddacb3.jpg 700w, https:\/\/permakultur-landwirtschaft.org\/wp-content\/uploads\/2025\/12\/FiBL_csm_RolfTreier_FiBL_SimonaMoosmann_066eddacb3-300x200.jpg 300w, https:\/\/permakultur-landwirtschaft.org\/wp-content\/uploads\/2025\/12\/FiBL_csm_RolfTreier_FiBL_SimonaMoosmann_066eddacb3-18x12.jpg 18w\" sizes=\"(max-width: 700px) 100vw, 700px\" \/>\t\t\t\t\t\t\t\t<\/a>\n\t\t\t\t\t\t\t\t\t\t\t\t\t\t\t<\/div>\n\t\t\t\t<\/div>\n\t\t\t\t<div class=\"elementor-element elementor-element-65dfa9f elementor-widget elementor-widget-theme-post-title elementor-page-title elementor-widget-heading\" data-id=\"65dfa9f\" data-element_type=\"widget\" data-e-type=\"widget\" data-widget_type=\"theme-post-title.default\">\n\t\t\t\t<div class=\"elementor-widget-container\">\n\t\t\t\t\t<h3 class=\"elementor-heading-title elementor-size-default\"><a href=\"https:\/\/permakultur-landwirtschaft.org\/fr\/agroforst-verbindet-wald-und-offenland-beitrag-vom-16-dezember-2025\/\">Agroforst verbindet Wald und Offenland &#8211; Beitrag vom 16. Dezember 2025<\/a><\/h3>\t\t\t\t<\/div>\n\t\t\t\t<\/div>\n\t\t\t\t<div class=\"elementor-element elementor-element-0ad4e09 elementor-absolute elementor-widget elementor-widget-text-editor\" data-id=\"0ad4e09\" data-element_type=\"widget\" data-e-type=\"widget\" data-settings=\"{&quot;_position&quot;:&quot;absolute&quot;}\" data-widget_type=\"text-editor.default\">\n\t\t\t\t<div class=\"elementor-widget-container\">\n\t\t\t\t\t\t\t\t\tFilm\t\t\t\t\t\t\t\t<\/div>\n\t\t\t\t<\/div>\n\t\t\t\t<\/div>\n\t\t\t\t\t<\/div>\n\t\t\t\t<\/div>\n\t\t\t\t<\/div>\n\t\t\t\t<div data-elementor-type=\"loop-item\" data-elementor-id=\"37613\" class=\"elementor elementor-37613 e-loop-item e-loop-item-39251 post-39251 post type-post status-publish format-standard has-post-thumbnail hentry category-kinofilm tag-josef-holzer tag-kinofilm tag-krameterhof tag-permakultur tag-sepp-holzer\" data-elementor-post-type=\"elementor_library\" data-custom-edit-handle=\"1\">\n\t\t\t<div class=\"elementor-element elementor-element-c79cfe5 e-flex e-con-boxed e-con e-parent\" data-id=\"c79cfe5\" data-element_type=\"container\" data-e-type=\"container\">\n\t\t\t\t\t<div class=\"e-con-inner\">\n\t\t<div class=\"elementor-element elementor-element-64a3d73 e-con-full e-flex e-con e-child\" data-id=\"64a3d73\" data-element_type=\"container\" data-e-type=\"container\">\n\t\t\t\t<div class=\"elementor-element elementor-element-2e3812c elementor-widget__width-inherit elementor-widget elementor-widget-image\" data-id=\"2e3812c\" data-element_type=\"widget\" data-e-type=\"widget\" data-widget_type=\"image.default\">\n\t\t\t\t<div class=\"elementor-widget-container\">\n\t\t\t\t\t\t\t\t\t\t\t\t\t\t\t\t<a href=\"https:\/\/permakultur-landwirtschaft.org\/fr\/elements-off-balance-kinofilm-vom-05-dezember-2025\/\">\n\t\t\t\t\t\t\t<img loading=\"lazy\" decoding=\"async\" width=\"701\" height=\"365\" src=\"https:\/\/permakultur-landwirtschaft.org\/wp-content\/uploads\/2026\/04\/elements_off_balance_16-04-2026_11-50-57.jpg\" class=\"attachment-full size-full wp-image-39252\" alt=\"Sepp und Josef Holzer\" srcset=\"https:\/\/permakultur-landwirtschaft.org\/wp-content\/uploads\/2026\/04\/elements_off_balance_16-04-2026_11-50-57.jpg 701w, https:\/\/permakultur-landwirtschaft.org\/wp-content\/uploads\/2026\/04\/elements_off_balance_16-04-2026_11-50-57-300x156.jpg 300w, https:\/\/permakultur-landwirtschaft.org\/wp-content\/uploads\/2026\/04\/elements_off_balance_16-04-2026_11-50-57-18x9.jpg 18w\" sizes=\"(max-width: 701px) 100vw, 701px\" \/>\t\t\t\t\t\t\t\t<\/a>\n\t\t\t\t\t\t\t\t\t\t\t\t\t\t\t<\/div>\n\t\t\t\t<\/div>\n\t\t\t\t<div class=\"elementor-element elementor-element-65dfa9f elementor-widget elementor-widget-theme-post-title elementor-page-title elementor-widget-heading\" data-id=\"65dfa9f\" data-element_type=\"widget\" data-e-type=\"widget\" data-widget_type=\"theme-post-title.default\">\n\t\t\t\t<div class=\"elementor-widget-container\">\n\t\t\t\t\t<h3 class=\"elementor-heading-title elementor-size-default\"><a href=\"https:\/\/permakultur-landwirtschaft.org\/fr\/elements-off-balance-kinofilm-vom-05-dezember-2025\/\">Elements of(f) Balance &#8211; Kinofilm vom 05. Dezember 2025<\/a><\/h3>\t\t\t\t<\/div>\n\t\t\t\t<\/div>\n\t\t\t\t<div class=\"elementor-element elementor-element-0ad4e09 elementor-absolute elementor-widget elementor-widget-text-editor\" data-id=\"0ad4e09\" data-element_type=\"widget\" data-e-type=\"widget\" data-settings=\"{&quot;_position&quot;:&quot;absolute&quot;}\" data-widget_type=\"text-editor.default\">\n\t\t\t\t<div class=\"elementor-widget-container\">\n\t\t\t\t\t\t\t\t\tKinofilm\t\t\t\t\t\t\t\t<\/div>\n\t\t\t\t<\/div>\n\t\t\t\t<\/div>\n\t\t\t\t\t<\/div>\n\t\t\t\t<\/div>\n\t\t\t\t<\/div>\n\t\t\t\t<div data-elementor-type=\"loop-item\" data-elementor-id=\"37613\" class=\"elementor elementor-37613 e-loop-item e-loop-item-38517 post-38517 post type-post status-publish format-standard has-post-thumbnail hentry category-filme category-neuigkeit tag-katzhof tag-keyline tag-nano tag-srf1 tag-trockenheit tag-wsl\" data-elementor-post-type=\"elementor_library\" data-custom-edit-handle=\"1\">\n\t\t\t<div class=\"elementor-element elementor-element-c79cfe5 e-flex e-con-boxed e-con e-parent\" data-id=\"c79cfe5\" data-element_type=\"container\" data-e-type=\"container\">\n\t\t\t\t\t<div class=\"e-con-inner\">\n\t\t<div class=\"elementor-element elementor-element-64a3d73 e-con-full e-flex e-con e-child\" data-id=\"64a3d73\" data-element_type=\"container\" data-e-type=\"container\">\n\t\t\t\t<div class=\"elementor-element elementor-element-2e3812c elementor-widget__width-inherit elementor-widget elementor-widget-image\" data-id=\"2e3812c\" data-element_type=\"widget\" data-e-type=\"widget\" data-widget_type=\"image.default\">\n\t\t\t\t<div class=\"elementor-widget-container\">\n\t\t\t\t\t\t\t\t\t\t\t\t\t\t\t\t<a href=\"https:\/\/permakultur-landwirtschaft.org\/fr\/keylines-der-schluessel-im-kampf-gegen-trockene-boeden\/\">\n\t\t\t\t\t\t\t<img loading=\"lazy\" decoding=\"async\" width=\"700\" height=\"387\" src=\"https:\/\/permakultur-landwirtschaft.org\/wp-content\/uploads\/2026\/03\/keyline_nano_3sat_19-03-2026_18-27-04.jpg\" class=\"attachment-full size-full wp-image-38518\" alt=\"Keyline System auf dem Katzhof\" srcset=\"https:\/\/permakultur-landwirtschaft.org\/wp-content\/uploads\/2026\/03\/keyline_nano_3sat_19-03-2026_18-27-04.jpg 700w, https:\/\/permakultur-landwirtschaft.org\/wp-content\/uploads\/2026\/03\/keyline_nano_3sat_19-03-2026_18-27-04-300x166.jpg 300w, https:\/\/permakultur-landwirtschaft.org\/wp-content\/uploads\/2026\/03\/keyline_nano_3sat_19-03-2026_18-27-04-18x10.jpg 18w\" sizes=\"(max-width: 700px) 100vw, 700px\" \/>\t\t\t\t\t\t\t\t<\/a>\n\t\t\t\t\t\t\t\t\t\t\t\t\t\t\t<\/div>\n\t\t\t\t<\/div>\n\t\t\t\t<div class=\"elementor-element elementor-element-65dfa9f elementor-widget elementor-widget-theme-post-title elementor-page-title elementor-widget-heading\" data-id=\"65dfa9f\" data-element_type=\"widget\" data-e-type=\"widget\" data-widget_type=\"theme-post-title.default\">\n\t\t\t\t<div class=\"elementor-widget-container\">\n\t\t\t\t\t<h3 class=\"elementor-heading-title elementor-size-default\"><a href=\"https:\/\/permakultur-landwirtschaft.org\/fr\/keylines-der-schluessel-im-kampf-gegen-trockene-boeden\/\">Keylines: Der Schl\u00fcssel im Kampf gegen trockene B\u00f6den?<\/a><\/h3>\t\t\t\t<\/div>\n\t\t\t\t<\/div>\n\t\t\t\t<div class=\"elementor-element elementor-element-0ad4e09 elementor-absolute elementor-widget elementor-widget-text-editor\" data-id=\"0ad4e09\" data-element_type=\"widget\" data-e-type=\"widget\" data-settings=\"{&quot;_position&quot;:&quot;absolute&quot;}\" data-widget_type=\"text-editor.default\">\n\t\t\t\t<div class=\"elementor-widget-container\">\n\t\t\t\t\t\t\t\t\tFilm\t\t\t\t\t\t\t\t<\/div>\n\t\t\t\t<\/div>\n\t\t\t\t<\/div>\n\t\t\t\t\t<\/div>\n\t\t\t\t<\/div>\n\t\t\t\t<\/div>\n\t\t\t\t<div data-elementor-type=\"loop-item\" data-elementor-id=\"37613\" class=\"elementor elementor-37613 e-loop-item e-loop-item-37343 post-37343 post type-post status-publish format-standard has-post-thumbnail hentry category-audio category-neuigkeit tag-edi-hilpert tag-eulenhof tag-interview tag-melanie-alder tag-permakultur-landwirtschaft tag-srf1 tag-treffpunkt tag-zukunftsmodell\" data-elementor-post-type=\"elementor_library\" data-custom-edit-handle=\"1\">\n\t\t\t<div class=\"elementor-element elementor-element-c79cfe5 e-flex e-con-boxed e-con e-parent\" data-id=\"c79cfe5\" data-element_type=\"container\" data-e-type=\"container\">\n\t\t\t\t\t<div class=\"e-con-inner\">\n\t\t<div class=\"elementor-element elementor-element-64a3d73 e-con-full e-flex e-con e-child\" data-id=\"64a3d73\" data-element_type=\"container\" data-e-type=\"container\">\n\t\t\t\t<div class=\"elementor-element elementor-element-2e3812c elementor-widget__width-inherit elementor-widget elementor-widget-image\" data-id=\"2e3812c\" data-element_type=\"widget\" data-e-type=\"widget\" data-widget_type=\"image.default\">\n\t\t\t\t<div class=\"elementor-widget-container\">\n\t\t\t\t\t\t\t\t\t\t\t\t\t\t\t\t<a href=\"https:\/\/permakultur-landwirtschaft.org\/fr\/nachhaltig-leben-permakultur-als-zukunftsmodell-fuer-die-schweiz-beitrag-vom-03-november-2025\/\">\n\t\t\t\t\t\t\t<img loading=\"lazy\" decoding=\"async\" width=\"699\" height=\"425\" src=\"https:\/\/permakultur-landwirtschaft.org\/wp-content\/uploads\/2025\/11\/20251103_treffpunkt_03-11-2025_20-59-18.jpg\" class=\"attachment-full size-full wp-image-37346\" alt=\"Treffpunkt SRF1 Permakultur\" srcset=\"https:\/\/permakultur-landwirtschaft.org\/wp-content\/uploads\/2025\/11\/20251103_treffpunkt_03-11-2025_20-59-18.jpg 699w, https:\/\/permakultur-landwirtschaft.org\/wp-content\/uploads\/2025\/11\/20251103_treffpunkt_03-11-2025_20-59-18-300x182.jpg 300w, https:\/\/permakultur-landwirtschaft.org\/wp-content\/uploads\/2025\/11\/20251103_treffpunkt_03-11-2025_20-59-18-18x12.jpg 18w\" sizes=\"(max-width: 699px) 100vw, 699px\" \/>\t\t\t\t\t\t\t\t<\/a>\n\t\t\t\t\t\t\t\t\t\t\t\t\t\t\t<\/div>\n\t\t\t\t<\/div>\n\t\t\t\t<div class=\"elementor-element elementor-element-65dfa9f elementor-widget elementor-widget-theme-post-title elementor-page-title elementor-widget-heading\" data-id=\"65dfa9f\" data-element_type=\"widget\" data-e-type=\"widget\" data-widget_type=\"theme-post-title.default\">\n\t\t\t\t<div class=\"elementor-widget-container\">\n\t\t\t\t\t<h3 class=\"elementor-heading-title elementor-size-default\"><a href=\"https:\/\/permakultur-landwirtschaft.org\/fr\/nachhaltig-leben-permakultur-als-zukunftsmodell-fuer-die-schweiz-beitrag-vom-03-november-2025\/\">Nachhaltig leben: Permakultur als Zukunftsmodell f\u00fcr die Schweiz? &#8211; Beitrag vom 03. November 2025<\/a><\/h3>\t\t\t\t<\/div>\n\t\t\t\t<\/div>\n\t\t\t\t<div class=\"elementor-element elementor-element-0ad4e09 elementor-absolute elementor-widget elementor-widget-text-editor\" data-id=\"0ad4e09\" data-element_type=\"widget\" data-e-type=\"widget\" data-settings=\"{&quot;_position&quot;:&quot;absolute&quot;}\" data-widget_type=\"text-editor.default\">\n\t\t\t\t<div class=\"elementor-widget-container\">\n\t\t\t\t\t\t\t\t\tAudio\t\t\t\t\t\t\t\t<\/div>\n\t\t\t\t<\/div>\n\t\t\t\t<\/div>\n\t\t\t\t\t<\/div>\n\t\t\t\t<\/div>\n\t\t\t\t<\/div>\n\t\t\t\t<div data-elementor-type=\"loop-item\" data-elementor-id=\"37613\" class=\"elementor elementor-37613 e-loop-item e-loop-item-38545 post-38545 post type-post status-publish format-standard has-post-thumbnail hentry category-filme tag-agroforstsysteme tag-defaf tag-fehler tag-lisa-hillenbrand\" data-elementor-post-type=\"elementor_library\" data-custom-edit-handle=\"1\">\n\t\t\t<div class=\"elementor-element elementor-element-c79cfe5 e-flex e-con-boxed e-con e-parent\" data-id=\"c79cfe5\" data-element_type=\"container\" data-e-type=\"container\">\n\t\t\t\t\t<div class=\"e-con-inner\">\n\t\t<div class=\"elementor-element elementor-element-64a3d73 e-con-full e-flex e-con e-child\" data-id=\"64a3d73\" data-element_type=\"container\" data-e-type=\"container\">\n\t\t\t\t<div class=\"elementor-element elementor-element-2e3812c elementor-widget__width-inherit elementor-widget elementor-widget-image\" data-id=\"2e3812c\" data-element_type=\"widget\" data-e-type=\"widget\" data-widget_type=\"image.default\">\n\t\t\t\t<div class=\"elementor-widget-container\">\n\t\t\t\t\t\t\t\t\t\t\t\t\t\t\t\t<a href=\"https:\/\/permakultur-landwirtschaft.org\/fr\/fehler-in-agroforstsystemen-defaf-kolloquium-vom-21-november-2025\/\">\n\t\t\t\t\t\t\t<img loading=\"lazy\" decoding=\"async\" width=\"701\" height=\"381\" src=\"https:\/\/permakultur-landwirtschaft.org\/wp-content\/uploads\/2026\/03\/defaf_fehler_19-03-2026_19-36-53.jpg\" class=\"attachment-full size-full wp-image-38546\" alt=\"DeFAF Kolloquium\" srcset=\"https:\/\/permakultur-landwirtschaft.org\/wp-content\/uploads\/2026\/03\/defaf_fehler_19-03-2026_19-36-53.jpg 701w, https:\/\/permakultur-landwirtschaft.org\/wp-content\/uploads\/2026\/03\/defaf_fehler_19-03-2026_19-36-53-300x163.jpg 300w, https:\/\/permakultur-landwirtschaft.org\/wp-content\/uploads\/2026\/03\/defaf_fehler_19-03-2026_19-36-53-18x10.jpg 18w\" sizes=\"(max-width: 701px) 100vw, 701px\" \/>\t\t\t\t\t\t\t\t<\/a>\n\t\t\t\t\t\t\t\t\t\t\t\t\t\t\t<\/div>\n\t\t\t\t<\/div>\n\t\t\t\t<div class=\"elementor-element elementor-element-65dfa9f elementor-widget elementor-widget-theme-post-title elementor-page-title elementor-widget-heading\" data-id=\"65dfa9f\" data-element_type=\"widget\" data-e-type=\"widget\" data-widget_type=\"theme-post-title.default\">\n\t\t\t\t<div class=\"elementor-widget-container\">\n\t\t\t\t\t<h3 class=\"elementor-heading-title elementor-size-default\"><a href=\"https:\/\/permakultur-landwirtschaft.org\/fr\/fehler-in-agroforstsystemen-defaf-kolloquium-vom-21-november-2025\/\">Fehler in Agroforstsystemen &#8211; DeFAF-Kolloquium vom 21. November 2025<\/a><\/h3>\t\t\t\t<\/div>\n\t\t\t\t<\/div>\n\t\t\t\t<div class=\"elementor-element elementor-element-0ad4e09 elementor-absolute elementor-widget elementor-widget-text-editor\" data-id=\"0ad4e09\" data-element_type=\"widget\" data-e-type=\"widget\" data-settings=\"{&quot;_position&quot;:&quot;absolute&quot;}\" data-widget_type=\"text-editor.default\">\n\t\t\t\t<div class=\"elementor-widget-container\">\n\t\t\t\t\t\t\t\t\tFilm\t\t\t\t\t\t\t\t<\/div>\n\t\t\t\t<\/div>\n\t\t\t\t<\/div>\n\t\t\t\t\t<\/div>\n\t\t\t\t<\/div>\n\t\t\t\t<\/div>\n\t\t\t\t<div data-elementor-type=\"loop-item\" data-elementor-id=\"37613\" class=\"elementor elementor-37613 e-loop-item e-loop-item-37865 post-37865 post type-post status-publish format-standard has-post-thumbnail hentry category-filme category-neuigkeit tag-auenhof tag-marcus-pan tag-permakultur tag-soil-to-soul tag-video\" data-elementor-post-type=\"elementor_library\" data-custom-edit-handle=\"1\">\n\t\t\t<div class=\"elementor-element elementor-element-c79cfe5 e-flex e-con-boxed e-con e-parent\" data-id=\"c79cfe5\" data-element_type=\"container\" data-e-type=\"container\">\n\t\t\t\t\t<div class=\"e-con-inner\">\n\t\t<div class=\"elementor-element elementor-element-64a3d73 e-con-full e-flex e-con e-child\" data-id=\"64a3d73\" data-element_type=\"container\" data-e-type=\"container\">\n\t\t\t\t<div class=\"elementor-element elementor-element-2e3812c elementor-widget__width-inherit elementor-widget elementor-widget-image\" data-id=\"2e3812c\" data-element_type=\"widget\" data-e-type=\"widget\" data-widget_type=\"image.default\">\n\t\t\t\t<div class=\"elementor-widget-container\">\n\t\t\t\t\t\t\t\t\t\t\t\t\t\t\t\t<a href=\"https:\/\/permakultur-landwirtschaft.org\/fr\/permakultur-als-zukunftsmodell-der-auenhof-von-marcus-pan\/\">\n\t\t\t\t\t\t\t<img loading=\"lazy\" decoding=\"async\" width=\"699\" height=\"366\" src=\"https:\/\/permakultur-landwirtschaft.org\/wp-content\/uploads\/2026\/02\/20260210_soiltosoul_auenhof_10-02-2026_17-02-36.jpg\" class=\"attachment-full size-full wp-image-37867\" alt=\"Permakultur Hof Auenhof\" srcset=\"https:\/\/permakultur-landwirtschaft.org\/wp-content\/uploads\/2026\/02\/20260210_soiltosoul_auenhof_10-02-2026_17-02-36.jpg 699w, https:\/\/permakultur-landwirtschaft.org\/wp-content\/uploads\/2026\/02\/20260210_soiltosoul_auenhof_10-02-2026_17-02-36-300x157.jpg 300w, https:\/\/permakultur-landwirtschaft.org\/wp-content\/uploads\/2026\/02\/20260210_soiltosoul_auenhof_10-02-2026_17-02-36-18x9.jpg 18w\" sizes=\"(max-width: 699px) 100vw, 699px\" \/>\t\t\t\t\t\t\t\t<\/a>\n\t\t\t\t\t\t\t\t\t\t\t\t\t\t\t<\/div>\n\t\t\t\t<\/div>\n\t\t\t\t<div class=\"elementor-element elementor-element-65dfa9f elementor-widget elementor-widget-theme-post-title elementor-page-title elementor-widget-heading\" data-id=\"65dfa9f\" data-element_type=\"widget\" data-e-type=\"widget\" data-widget_type=\"theme-post-title.default\">\n\t\t\t\t<div class=\"elementor-widget-container\">\n\t\t\t\t\t<h3 class=\"elementor-heading-title elementor-size-default\"><a href=\"https:\/\/permakultur-landwirtschaft.org\/fr\/permakultur-als-zukunftsmodell-der-auenhof-von-marcus-pan\/\">Permakultur als Zukunftsmodell \u2013 der Auenhof von Marcus Pan<\/a><\/h3>\t\t\t\t<\/div>\n\t\t\t\t<\/div>\n\t\t\t\t<div class=\"elementor-element elementor-element-0ad4e09 elementor-absolute elementor-widget elementor-widget-text-editor\" data-id=\"0ad4e09\" data-element_type=\"widget\" data-e-type=\"widget\" data-settings=\"{&quot;_position&quot;:&quot;absolute&quot;}\" data-widget_type=\"text-editor.default\">\n\t\t\t\t<div class=\"elementor-widget-container\">\n\t\t\t\t\t\t\t\t\tFilm\t\t\t\t\t\t\t\t<\/div>\n\t\t\t\t<\/div>\n\t\t\t\t<\/div>\n\t\t\t\t\t<\/div>\n\t\t\t\t<\/div>\n\t\t\t\t<\/div>\n\t\t\t\t<div data-elementor-type=\"loop-item\" data-elementor-id=\"37613\" class=\"elementor elementor-37613 e-loop-item e-loop-item-37178 post-37178 post type-post status-publish format-standard has-post-thumbnail hentry category-filme category-neuigkeit tag-documentaire tag-le-gout-des-choses tag-permaculture tag-praz-bonjour tag-rts\" data-elementor-post-type=\"elementor_library\" data-custom-edit-handle=\"1\">\n\t\t\t<div class=\"elementor-element elementor-element-c79cfe5 e-flex e-con-boxed e-con e-parent\" data-id=\"c79cfe5\" data-element_type=\"container\" data-e-type=\"container\">\n\t\t\t\t\t<div class=\"e-con-inner\">\n\t\t<div class=\"elementor-element elementor-element-64a3d73 e-con-full e-flex e-con e-child\" data-id=\"64a3d73\" data-element_type=\"container\" data-e-type=\"container\">\n\t\t\t\t<div class=\"elementor-element elementor-element-2e3812c elementor-widget__width-inherit elementor-widget elementor-widget-image\" data-id=\"2e3812c\" data-element_type=\"widget\" data-e-type=\"widget\" data-widget_type=\"image.default\">\n\t\t\t\t<div class=\"elementor-widget-container\">\n\t\t\t\t\t\t\t\t\t\t\t\t\t\t\t\t<a href=\"https:\/\/permakultur-landwirtschaft.org\/fr\/le-gout-des-choses-dalain-wirth-un-documentaire-sur-la-permaculture-et-ses-enjeux\/\">\n\t\t\t\t\t\t\t<img loading=\"lazy\" decoding=\"async\" width=\"700\" height=\"393\" src=\"https:\/\/permakultur-landwirtschaft.org\/wp-content\/uploads\/2025\/10\/rts_le_gout_des_choses_k0580u-29008807.jpg\" class=\"attachment-full size-full wp-image-37179\" alt=\"Le go\u00fbt des choses\" srcset=\"https:\/\/permakultur-landwirtschaft.org\/wp-content\/uploads\/2025\/10\/rts_le_gout_des_choses_k0580u-29008807.jpg 700w, https:\/\/permakultur-landwirtschaft.org\/wp-content\/uploads\/2025\/10\/rts_le_gout_des_choses_k0580u-29008807-300x168.jpg 300w, https:\/\/permakultur-landwirtschaft.org\/wp-content\/uploads\/2025\/10\/rts_le_gout_des_choses_k0580u-29008807-18x10.jpg 18w\" sizes=\"(max-width: 700px) 100vw, 700px\" \/>\t\t\t\t\t\t\t\t<\/a>\n\t\t\t\t\t\t\t\t\t\t\t\t\t\t\t<\/div>\n\t\t\t\t<\/div>\n\t\t\t\t<div class=\"elementor-element elementor-element-65dfa9f elementor-widget elementor-widget-theme-post-title elementor-page-title elementor-widget-heading\" data-id=\"65dfa9f\" data-element_type=\"widget\" data-e-type=\"widget\" data-widget_type=\"theme-post-title.default\">\n\t\t\t\t<div class=\"elementor-widget-container\">\n\t\t\t\t\t<h3 class=\"elementor-heading-title elementor-size-default\"><a href=\"https:\/\/permakultur-landwirtschaft.org\/fr\/le-gout-des-choses-dalain-wirth-un-documentaire-sur-la-permaculture-et-ses-enjeux\/\">&#171;Le go\u00fbt des choses&#187; d&#8217;Alain Wirth, un documentaire sur la permaculture et ses enjeux<\/a><\/h3>\t\t\t\t<\/div>\n\t\t\t\t<\/div>\n\t\t\t\t<div class=\"elementor-element elementor-element-0ad4e09 elementor-absolute elementor-widget elementor-widget-text-editor\" data-id=\"0ad4e09\" data-element_type=\"widget\" data-e-type=\"widget\" data-settings=\"{&quot;_position&quot;:&quot;absolute&quot;}\" data-widget_type=\"text-editor.default\">\n\t\t\t\t<div class=\"elementor-widget-container\">\n\t\t\t\t\t\t\t\t\tNeuigkeit\t\t\t\t\t\t\t\t<\/div>\n\t\t\t\t<\/div>\n\t\t\t\t<\/div>\n\t\t\t\t\t<\/div>\n\t\t\t\t<\/div>\n\t\t\t\t<\/div>\n\t\t\t\t<div data-elementor-type=\"loop-item\" data-elementor-id=\"37613\" class=\"elementor elementor-37613 e-loop-item e-loop-item-38524 post-38524 post type-post status-publish format-standard has-post-thumbnail hentry category-audio category-neuigkeit tag-keyline tag-maja-vogt tag-mandach tag-trockenheit tag-wassermanagement\" data-elementor-post-type=\"elementor_library\" data-custom-edit-handle=\"1\">\n\t\t\t<div class=\"elementor-element elementor-element-c79cfe5 e-flex e-con-boxed e-con e-parent\" data-id=\"c79cfe5\" data-element_type=\"container\" data-e-type=\"container\">\n\t\t\t\t\t<div class=\"e-con-inner\">\n\t\t<div class=\"elementor-element elementor-element-64a3d73 e-con-full e-flex e-con e-child\" data-id=\"64a3d73\" data-element_type=\"container\" data-e-type=\"container\">\n\t\t\t\t<div class=\"elementor-element elementor-element-2e3812c elementor-widget__width-inherit elementor-widget elementor-widget-image\" data-id=\"2e3812c\" data-element_type=\"widget\" data-e-type=\"widget\" data-widget_type=\"image.default\">\n\t\t\t\t<div class=\"elementor-widget-container\">\n\t\t\t\t\t\t\t\t\t\t\t\t\t\t\t\t<a href=\"https:\/\/permakultur-landwirtschaft.org\/fr\/keylines-in-der-landwirtschaft-ein-netz-fast-unsichtbarer-graeben\/\">\n\t\t\t\t\t\t\t<img loading=\"lazy\" decoding=\"async\" width=\"960\" height=\"540\" src=\"https:\/\/permakultur-landwirtschaft.org\/wp-content\/uploads\/2026\/03\/Keylines-in-der-Landwirtschaft-il.srgssr.jpg\" class=\"attachment-full size-full wp-image-38526\" alt=\"Keylines in der Landwirtschaft\" srcset=\"https:\/\/permakultur-landwirtschaft.org\/wp-content\/uploads\/2026\/03\/Keylines-in-der-Landwirtschaft-il.srgssr.jpg 960w, https:\/\/permakultur-landwirtschaft.org\/wp-content\/uploads\/2026\/03\/Keylines-in-der-Landwirtschaft-il.srgssr-300x169.jpg 300w, https:\/\/permakultur-landwirtschaft.org\/wp-content\/uploads\/2026\/03\/Keylines-in-der-Landwirtschaft-il.srgssr-768x432.jpg 768w, https:\/\/permakultur-landwirtschaft.org\/wp-content\/uploads\/2026\/03\/Keylines-in-der-Landwirtschaft-il.srgssr-18x10.jpg 18w\" sizes=\"(max-width: 960px) 100vw, 960px\" \/>\t\t\t\t\t\t\t\t<\/a>\n\t\t\t\t\t\t\t\t\t\t\t\t\t\t\t<\/div>\n\t\t\t\t<\/div>\n\t\t\t\t<div class=\"elementor-element elementor-element-65dfa9f elementor-widget elementor-widget-theme-post-title elementor-page-title elementor-widget-heading\" data-id=\"65dfa9f\" data-element_type=\"widget\" data-e-type=\"widget\" data-widget_type=\"theme-post-title.default\">\n\t\t\t\t<div class=\"elementor-widget-container\">\n\t\t\t\t\t<h3 class=\"elementor-heading-title elementor-size-default\"><a href=\"https:\/\/permakultur-landwirtschaft.org\/fr\/keylines-in-der-landwirtschaft-ein-netz-fast-unsichtbarer-graeben\/\">Keylines in der Landwirtschaft: Ein Netz fast unsichtbarer Gr\u00e4ben<\/a><\/h3>\t\t\t\t<\/div>\n\t\t\t\t<\/div>\n\t\t\t\t<div class=\"elementor-element elementor-element-0ad4e09 elementor-absolute elementor-widget elementor-widget-text-editor\" data-id=\"0ad4e09\" data-element_type=\"widget\" data-e-type=\"widget\" data-settings=\"{&quot;_position&quot;:&quot;absolute&quot;}\" data-widget_type=\"text-editor.default\">\n\t\t\t\t<div class=\"elementor-widget-container\">\n\t\t\t\t\t\t\t\t\tAudio\t\t\t\t\t\t\t\t<\/div>\n\t\t\t\t<\/div>\n\t\t\t\t<\/div>\n\t\t\t\t\t<\/div>\n\t\t\t\t<\/div>\n\t\t\t\t<\/div>\n\t\t\t\t<div data-elementor-type=\"loop-item\" data-elementor-id=\"37613\" class=\"elementor elementor-37613 e-loop-item e-loop-item-37162 post-37162 post type-post status-publish format-standard has-post-thumbnail hentry category-filme category-neuigkeit tag-agroforesterie tag-agroscope tag-haies-fourrageres tag-paturage tag-rts tag-secheresse\" data-elementor-post-type=\"elementor_library\" data-custom-edit-handle=\"1\">\n\t\t\t<div class=\"elementor-element elementor-element-c79cfe5 e-flex e-con-boxed e-con e-parent\" data-id=\"c79cfe5\" data-element_type=\"container\" data-e-type=\"container\">\n\t\t\t\t\t<div class=\"e-con-inner\">\n\t\t<div class=\"elementor-element elementor-element-64a3d73 e-con-full e-flex e-con e-child\" data-id=\"64a3d73\" data-element_type=\"container\" data-e-type=\"container\">\n\t\t\t\t<div class=\"elementor-element elementor-element-2e3812c elementor-widget__width-inherit elementor-widget elementor-widget-image\" data-id=\"2e3812c\" data-element_type=\"widget\" data-e-type=\"widget\" data-widget_type=\"image.default\">\n\t\t\t\t<div class=\"elementor-widget-container\">\n\t\t\t\t\t\t\t\t\t\t\t\t\t\t\t\t<a href=\"https:\/\/permakultur-landwirtschaft.org\/fr\/lagroscope-teste-les-haies-fourrageres-dans-7-exploitations-romandes-article-du-29-aout-2025\/\">\n\t\t\t\t\t\t\t<img loading=\"lazy\" decoding=\"async\" width=\"699\" height=\"377\" src=\"https:\/\/permakultur-landwirtschaft.org\/wp-content\/uploads\/2025\/10\/rts_furrage_2025-10-06_14-10-35.jpg\" class=\"attachment-full size-full wp-image-37163\" alt=\"Les haies fourrag\u00e8res\" srcset=\"https:\/\/permakultur-landwirtschaft.org\/wp-content\/uploads\/2025\/10\/rts_furrage_2025-10-06_14-10-35.jpg 699w, https:\/\/permakultur-landwirtschaft.org\/wp-content\/uploads\/2025\/10\/rts_furrage_2025-10-06_14-10-35-300x162.jpg 300w, https:\/\/permakultur-landwirtschaft.org\/wp-content\/uploads\/2025\/10\/rts_furrage_2025-10-06_14-10-35-18x10.jpg 18w\" sizes=\"(max-width: 699px) 100vw, 699px\" \/>\t\t\t\t\t\t\t\t<\/a>\n\t\t\t\t\t\t\t\t\t\t\t\t\t\t\t<\/div>\n\t\t\t\t<\/div>\n\t\t\t\t<div class=\"elementor-element elementor-element-65dfa9f elementor-widget elementor-widget-theme-post-title elementor-page-title elementor-widget-heading\" data-id=\"65dfa9f\" data-element_type=\"widget\" data-e-type=\"widget\" data-widget_type=\"theme-post-title.default\">\n\t\t\t\t<div class=\"elementor-widget-container\">\n\t\t\t\t\t<h3 class=\"elementor-heading-title elementor-size-default\"><a href=\"https:\/\/permakultur-landwirtschaft.org\/fr\/lagroscope-teste-les-haies-fourrageres-dans-7-exploitations-romandes-article-du-29-aout-2025\/\">L&#8217;Agroscope teste les haies fourrag\u00e8res dans 7 exploitations romandes &#8211; article du 29 ao\u00fbt 2025<\/a><\/h3>\t\t\t\t<\/div>\n\t\t\t\t<\/div>\n\t\t\t\t<div class=\"elementor-element elementor-element-0ad4e09 elementor-absolute elementor-widget elementor-widget-text-editor\" data-id=\"0ad4e09\" data-element_type=\"widget\" data-e-type=\"widget\" data-settings=\"{&quot;_position&quot;:&quot;absolute&quot;}\" data-widget_type=\"text-editor.default\">\n\t\t\t\t<div class=\"elementor-widget-container\">\n\t\t\t\t\t\t\t\t\tFilm\t\t\t\t\t\t\t\t<\/div>\n\t\t\t\t<\/div>\n\t\t\t\t<\/div>\n\t\t\t\t\t<\/div>\n\t\t\t\t<\/div>\n\t\t\t\t<\/div>\n\t\t\t\t<div data-elementor-type=\"loop-item\" data-elementor-id=\"37613\" class=\"elementor elementor-37613 e-loop-item e-loop-item-36880 post-36880 post type-post status-publish format-standard has-post-thumbnail hentry category-filme tag-andrew-millison tag-hawaiian-ahupuaa\" data-elementor-post-type=\"elementor_library\" data-custom-edit-handle=\"1\">\n\t\t\t<div class=\"elementor-element elementor-element-c79cfe5 e-flex e-con-boxed e-con e-parent\" data-id=\"c79cfe5\" data-element_type=\"container\" data-e-type=\"container\">\n\t\t\t\t\t<div class=\"e-con-inner\">\n\t\t<div class=\"elementor-element elementor-element-64a3d73 e-con-full e-flex e-con e-child\" data-id=\"64a3d73\" data-element_type=\"container\" data-e-type=\"container\">\n\t\t\t\t<div class=\"elementor-element elementor-element-2e3812c elementor-widget__width-inherit elementor-widget elementor-widget-image\" data-id=\"2e3812c\" data-element_type=\"widget\" data-e-type=\"widget\" data-widget_type=\"image.default\">\n\t\t\t\t<div class=\"elementor-widget-container\">\n\t\t\t\t\t\t\t\t\t\t\t\t\t\t\t\t<a href=\"https:\/\/permakultur-landwirtschaft.org\/fr\/how-hawaiian-rebels-are-rebuilding-an-ancient-food-paradise-film-vom-01-august-2025\/\">\n\t\t\t\t\t\t\t<img loading=\"lazy\" decoding=\"async\" width=\"701\" height=\"366\" src=\"https:\/\/permakultur-landwirtschaft.org\/wp-content\/uploads\/2025\/08\/hawaiian_food_system_2025-08-14_13-03-35.jpg\" class=\"attachment-full size-full wp-image-36881\" alt=\"Hawaiian food system - Ahupua&#039;a\" srcset=\"https:\/\/permakultur-landwirtschaft.org\/wp-content\/uploads\/2025\/08\/hawaiian_food_system_2025-08-14_13-03-35.jpg 701w, https:\/\/permakultur-landwirtschaft.org\/wp-content\/uploads\/2025\/08\/hawaiian_food_system_2025-08-14_13-03-35-300x157.jpg 300w, https:\/\/permakultur-landwirtschaft.org\/wp-content\/uploads\/2025\/08\/hawaiian_food_system_2025-08-14_13-03-35-18x9.jpg 18w\" sizes=\"(max-width: 701px) 100vw, 701px\" \/>\t\t\t\t\t\t\t\t<\/a>\n\t\t\t\t\t\t\t\t\t\t\t\t\t\t\t<\/div>\n\t\t\t\t<\/div>\n\t\t\t\t<div class=\"elementor-element elementor-element-65dfa9f elementor-widget elementor-widget-theme-post-title elementor-page-title elementor-widget-heading\" data-id=\"65dfa9f\" data-element_type=\"widget\" data-e-type=\"widget\" data-widget_type=\"theme-post-title.default\">\n\t\t\t\t<div class=\"elementor-widget-container\">\n\t\t\t\t\t<h3 class=\"elementor-heading-title elementor-size-default\"><a href=\"https:\/\/permakultur-landwirtschaft.org\/fr\/how-hawaiian-rebels-are-rebuilding-an-ancient-food-paradise-film-vom-01-august-2025\/\">How Hawaiian Rebels are Rebuilding an Ancient Food Paradise &#8211; Film vom 01. August 2025<\/a><\/h3>\t\t\t\t<\/div>\n\t\t\t\t<\/div>\n\t\t\t\t<div class=\"elementor-element elementor-element-0ad4e09 elementor-absolute elementor-widget elementor-widget-text-editor\" data-id=\"0ad4e09\" data-element_type=\"widget\" data-e-type=\"widget\" data-settings=\"{&quot;_position&quot;:&quot;absolute&quot;}\" data-widget_type=\"text-editor.default\">\n\t\t\t\t<div class=\"elementor-widget-container\">\n\t\t\t\t\t\t\t\t\tFilm\t\t\t\t\t\t\t\t<\/div>\n\t\t\t\t<\/div>\n\t\t\t\t<\/div>\n\t\t\t\t\t<\/div>\n\t\t\t\t<\/div>\n\t\t\t\t<\/div>\n\t\t\t\t<div data-elementor-type=\"loop-item\" data-elementor-id=\"37613\" class=\"elementor elementor-37613 e-loop-item e-loop-item-39216 post-39216 post type-post status-publish format-standard has-post-thumbnail hentry category-filme tag-agroforst tag-br tag-schutz tag-unser-land tag-wind\" data-elementor-post-type=\"elementor_library\" data-custom-edit-handle=\"1\">\n\t\t\t<div class=\"elementor-element elementor-element-c79cfe5 e-flex e-con-boxed e-con e-parent\" data-id=\"c79cfe5\" data-element_type=\"container\" data-e-type=\"container\">\n\t\t\t\t\t<div class=\"e-con-inner\">\n\t\t<div class=\"elementor-element elementor-element-64a3d73 e-con-full e-flex e-con e-child\" data-id=\"64a3d73\" data-element_type=\"container\" data-e-type=\"container\">\n\t\t\t\t<div class=\"elementor-element elementor-element-2e3812c elementor-widget__width-inherit elementor-widget elementor-widget-image\" data-id=\"2e3812c\" data-element_type=\"widget\" data-e-type=\"widget\" data-widget_type=\"image.default\">\n\t\t\t\t<div class=\"elementor-widget-container\">\n\t\t\t\t\t\t\t\t\t\t\t\t\t\t\t\t<a href=\"https:\/\/permakultur-landwirtschaft.org\/fr\/agroforst-baeume-auf-dem-acker-pflanzen-gegen-trockenheit-beitrag-vom-27-juni-2025\/\">\n\t\t\t\t\t\t\t<img loading=\"lazy\" decoding=\"async\" width=\"701\" height=\"390\" src=\"https:\/\/permakultur-landwirtschaft.org\/wp-content\/uploads\/2026\/04\/br-unser-land-agroforst-09-04-2026_15-17-55.jpg\" class=\"attachment-full size-full wp-image-39217\" alt=\"Agroforststreifen\" srcset=\"https:\/\/permakultur-landwirtschaft.org\/wp-content\/uploads\/2026\/04\/br-unser-land-agroforst-09-04-2026_15-17-55.jpg 701w, https:\/\/permakultur-landwirtschaft.org\/wp-content\/uploads\/2026\/04\/br-unser-land-agroforst-09-04-2026_15-17-55-300x167.jpg 300w, https:\/\/permakultur-landwirtschaft.org\/wp-content\/uploads\/2026\/04\/br-unser-land-agroforst-09-04-2026_15-17-55-18x10.jpg 18w\" sizes=\"(max-width: 701px) 100vw, 701px\" \/>\t\t\t\t\t\t\t\t<\/a>\n\t\t\t\t\t\t\t\t\t\t\t\t\t\t\t<\/div>\n\t\t\t\t<\/div>\n\t\t\t\t<div class=\"elementor-element elementor-element-65dfa9f elementor-widget elementor-widget-theme-post-title elementor-page-title elementor-widget-heading\" data-id=\"65dfa9f\" data-element_type=\"widget\" data-e-type=\"widget\" data-widget_type=\"theme-post-title.default\">\n\t\t\t\t<div class=\"elementor-widget-container\">\n\t\t\t\t\t<h3 class=\"elementor-heading-title elementor-size-default\"><a href=\"https:\/\/permakultur-landwirtschaft.org\/fr\/agroforst-baeume-auf-dem-acker-pflanzen-gegen-trockenheit-beitrag-vom-27-juni-2025\/\">Agroforst: B\u00e4ume auf dem Acker pflanzen gegen Trockenheit &#8211; Beitrag vom 27. Juni 2025<\/a><\/h3>\t\t\t\t<\/div>\n\t\t\t\t<\/div>\n\t\t\t\t<div class=\"elementor-element elementor-element-0ad4e09 elementor-absolute elementor-widget elementor-widget-text-editor\" data-id=\"0ad4e09\" data-element_type=\"widget\" data-e-type=\"widget\" data-settings=\"{&quot;_position&quot;:&quot;absolute&quot;}\" data-widget_type=\"text-editor.default\">\n\t\t\t\t<div class=\"elementor-widget-container\">\n\t\t\t\t\t\t\t\t\tFilm\t\t\t\t\t\t\t\t<\/div>\n\t\t\t\t<\/div>\n\t\t\t\t<\/div>\n\t\t\t\t\t<\/div>\n\t\t\t\t<\/div>\n\t\t\t\t<\/div>\n\t\t\t\t<div data-elementor-type=\"loop-item\" data-elementor-id=\"37613\" class=\"elementor elementor-37613 e-loop-item e-loop-item-38539 post-38539 post type-post status-publish format-standard has-post-thumbnail hentry category-filme tag-futterheckenbewirtschaftung tag-gehoelzpionier tag-kurstag tag-lbbz-schluechthof tag-michael-machatschek\" data-elementor-post-type=\"elementor_library\" data-custom-edit-handle=\"1\">\n\t\t\t<div class=\"elementor-element elementor-element-c79cfe5 e-flex e-con-boxed e-con e-parent\" data-id=\"c79cfe5\" data-element_type=\"container\" data-e-type=\"container\">\n\t\t\t\t\t<div class=\"e-con-inner\">\n\t\t<div class=\"elementor-element elementor-element-64a3d73 e-con-full e-flex e-con e-child\" data-id=\"64a3d73\" data-element_type=\"container\" data-e-type=\"container\">\n\t\t\t\t<div class=\"elementor-element elementor-element-2e3812c elementor-widget__width-inherit elementor-widget elementor-widget-image\" data-id=\"2e3812c\" data-element_type=\"widget\" data-e-type=\"widget\" data-widget_type=\"image.default\">\n\t\t\t\t<div class=\"elementor-widget-container\">\n\t\t\t\t\t\t\t\t\t\t\t\t\t\t\t\t<a href=\"https:\/\/permakultur-landwirtschaft.org\/fr\/kurstag-futterheckenbewirtschaftung-mit-gehoelzpionier-michael-machatschek\/\">\n\t\t\t\t\t\t\t<img loading=\"lazy\" decoding=\"async\" width=\"700\" height=\"357\" src=\"https:\/\/permakultur-landwirtschaft.org\/wp-content\/uploads\/2025\/06\/machatchek_19-03-2026_19-23-17.jpg\" class=\"attachment-full size-full wp-image-38541\" alt=\"Michael Machatschek und K\u00fche\" srcset=\"https:\/\/permakultur-landwirtschaft.org\/wp-content\/uploads\/2025\/06\/machatchek_19-03-2026_19-23-17.jpg 700w, https:\/\/permakultur-landwirtschaft.org\/wp-content\/uploads\/2025\/06\/machatchek_19-03-2026_19-23-17-300x153.jpg 300w, https:\/\/permakultur-landwirtschaft.org\/wp-content\/uploads\/2025\/06\/machatchek_19-03-2026_19-23-17-18x9.jpg 18w\" sizes=\"(max-width: 700px) 100vw, 700px\" \/>\t\t\t\t\t\t\t\t<\/a>\n\t\t\t\t\t\t\t\t\t\t\t\t\t\t\t<\/div>\n\t\t\t\t<\/div>\n\t\t\t\t<div class=\"elementor-element elementor-element-65dfa9f elementor-widget elementor-widget-theme-post-title elementor-page-title elementor-widget-heading\" data-id=\"65dfa9f\" data-element_type=\"widget\" data-e-type=\"widget\" data-widget_type=\"theme-post-title.default\">\n\t\t\t\t<div class=\"elementor-widget-container\">\n\t\t\t\t\t<h3 class=\"elementor-heading-title elementor-size-default\"><a href=\"https:\/\/permakultur-landwirtschaft.org\/fr\/kurstag-futterheckenbewirtschaftung-mit-gehoelzpionier-michael-machatschek\/\">Kurstag Futterheckenbewirtschaftung mit Geh\u00f6lzpionier Michael Machatschek<\/a><\/h3>\t\t\t\t<\/div>\n\t\t\t\t<\/div>\n\t\t\t\t<div class=\"elementor-element elementor-element-0ad4e09 elementor-absolute elementor-widget elementor-widget-text-editor\" data-id=\"0ad4e09\" data-element_type=\"widget\" data-e-type=\"widget\" data-settings=\"{&quot;_position&quot;:&quot;absolute&quot;}\" data-widget_type=\"text-editor.default\">\n\t\t\t\t<div class=\"elementor-widget-container\">\n\t\t\t\t\t\t\t\t\tFilm\t\t\t\t\t\t\t\t<\/div>\n\t\t\t\t<\/div>\n\t\t\t\t<\/div>\n\t\t\t\t\t<\/div>\n\t\t\t\t<\/div>\n\t\t\t\t<\/div>\n\t\t\t\t<div data-elementor-type=\"loop-item\" data-elementor-id=\"37613\" class=\"elementor elementor-37613 e-loop-item e-loop-item-36756 post-36756 post type-post status-publish format-standard has-post-thumbnail hentry category-filme category-neuigkeit tag-gemuese tag-mdr-garten tag-permakultur tag-solawi\" data-elementor-post-type=\"elementor_library\" data-custom-edit-handle=\"1\">\n\t\t\t<div class=\"elementor-element elementor-element-c79cfe5 e-flex e-con-boxed e-con e-parent\" data-id=\"c79cfe5\" data-element_type=\"container\" data-e-type=\"container\">\n\t\t\t\t\t<div class=\"e-con-inner\">\n\t\t<div class=\"elementor-element elementor-element-64a3d73 e-con-full e-flex e-con e-child\" data-id=\"64a3d73\" data-element_type=\"container\" data-e-type=\"container\">\n\t\t\t\t<div class=\"elementor-element elementor-element-2e3812c elementor-widget__width-inherit elementor-widget elementor-widget-image\" data-id=\"2e3812c\" data-element_type=\"widget\" data-e-type=\"widget\" data-widget_type=\"image.default\">\n\t\t\t\t<div class=\"elementor-widget-container\">\n\t\t\t\t\t\t\t\t\t\t\t\t\t\t\t\t<a href=\"https:\/\/permakultur-landwirtschaft.org\/fr\/nachhaltig-gemuese-anbauen-wie-solidarische-landwirtschaft-funktioniert-beitrag-vom-22-juni-2025\/\">\n\t\t\t\t\t\t\t<img loading=\"lazy\" decoding=\"async\" width=\"700\" height=\"419\" src=\"https:\/\/permakultur-landwirtschaft.org\/wp-content\/uploads\/2025\/06\/20250626_mdr_garten_solawi_2025-06-26_13-03-47.jpg\" class=\"attachment-full size-full wp-image-36757\" alt=\"MDR Garten Solawi\" srcset=\"https:\/\/permakultur-landwirtschaft.org\/wp-content\/uploads\/2025\/06\/20250626_mdr_garten_solawi_2025-06-26_13-03-47.jpg 700w, https:\/\/permakultur-landwirtschaft.org\/wp-content\/uploads\/2025\/06\/20250626_mdr_garten_solawi_2025-06-26_13-03-47-300x180.jpg 300w, https:\/\/permakultur-landwirtschaft.org\/wp-content\/uploads\/2025\/06\/20250626_mdr_garten_solawi_2025-06-26_13-03-47-18x12.jpg 18w\" sizes=\"(max-width: 700px) 100vw, 700px\" \/>\t\t\t\t\t\t\t\t<\/a>\n\t\t\t\t\t\t\t\t\t\t\t\t\t\t\t<\/div>\n\t\t\t\t<\/div>\n\t\t\t\t<div class=\"elementor-element elementor-element-65dfa9f elementor-widget elementor-widget-theme-post-title elementor-page-title elementor-widget-heading\" data-id=\"65dfa9f\" data-element_type=\"widget\" data-e-type=\"widget\" data-widget_type=\"theme-post-title.default\">\n\t\t\t\t<div class=\"elementor-widget-container\">\n\t\t\t\t\t<h3 class=\"elementor-heading-title elementor-size-default\"><a href=\"https:\/\/permakultur-landwirtschaft.org\/fr\/nachhaltig-gemuese-anbauen-wie-solidarische-landwirtschaft-funktioniert-beitrag-vom-22-juni-2025\/\">Nachhaltig Gem\u00fcse anbauen: Wie solidarische Landwirtschaft funktioniert &#8211; Beitrag vom 22. Juni 2025<\/a><\/h3>\t\t\t\t<\/div>\n\t\t\t\t<\/div>\n\t\t\t\t<div class=\"elementor-element elementor-element-0ad4e09 elementor-absolute elementor-widget elementor-widget-text-editor\" data-id=\"0ad4e09\" data-element_type=\"widget\" data-e-type=\"widget\" data-settings=\"{&quot;_position&quot;:&quot;absolute&quot;}\" data-widget_type=\"text-editor.default\">\n\t\t\t\t<div class=\"elementor-widget-container\">\n\t\t\t\t\t\t\t\t\tFilm\t\t\t\t\t\t\t\t<\/div>\n\t\t\t\t<\/div>\n\t\t\t\t<\/div>\n\t\t\t\t\t<\/div>\n\t\t\t\t<\/div>\n\t\t\t\t<\/div>\n\t\t\t\t<div data-elementor-type=\"loop-item\" data-elementor-id=\"37613\" class=\"elementor elementor-37613 e-loop-item e-loop-item-38453 post-38453 post type-post status-publish format-standard has-post-thumbnail hentry category-filme tag-bois-rameal-fragmente-brf tag-ferme-comex tag-film tag-haies-fourrageres\" data-elementor-post-type=\"elementor_library\" data-custom-edit-handle=\"1\">\n\t\t\t<div class=\"elementor-element elementor-element-c79cfe5 e-flex e-con-boxed e-con e-parent\" data-id=\"c79cfe5\" data-element_type=\"container\" data-e-type=\"container\">\n\t\t\t\t\t<div class=\"e-con-inner\">\n\t\t<div class=\"elementor-element elementor-element-64a3d73 e-con-full e-flex e-con e-child\" data-id=\"64a3d73\" data-element_type=\"container\" data-e-type=\"container\">\n\t\t\t\t<div class=\"elementor-element elementor-element-2e3812c elementor-widget__width-inherit elementor-widget elementor-widget-image\" data-id=\"2e3812c\" data-element_type=\"widget\" data-e-type=\"widget\" data-widget_type=\"image.default\">\n\t\t\t\t<div class=\"elementor-widget-container\">\n\t\t\t\t\t\t\t\t\t\t\t\t\t\t\t\t<a href=\"https:\/\/permakultur-landwirtschaft.org\/fr\/haies-fourrageres-une-reponse-aux-etes-secs-demo-a-la-ferme-comex-du-borgeau-carrouge-vd\/\">\n\t\t\t\t\t\t\t<img loading=\"lazy\" decoding=\"async\" width=\"701\" height=\"338\" src=\"https:\/\/permakultur-landwirtschaft.org\/wp-content\/uploads\/2026\/03\/haies_fourrage16-03-2026_20-06-37.jpg\" class=\"attachment-full size-full wp-image-38454\" alt=\"Haies fourrag\u00e8res\" srcset=\"https:\/\/permakultur-landwirtschaft.org\/wp-content\/uploads\/2026\/03\/haies_fourrage16-03-2026_20-06-37.jpg 701w, https:\/\/permakultur-landwirtschaft.org\/wp-content\/uploads\/2026\/03\/haies_fourrage16-03-2026_20-06-37-300x145.jpg 300w, https:\/\/permakultur-landwirtschaft.org\/wp-content\/uploads\/2026\/03\/haies_fourrage16-03-2026_20-06-37-18x9.jpg 18w\" sizes=\"(max-width: 701px) 100vw, 701px\" \/>\t\t\t\t\t\t\t\t<\/a>\n\t\t\t\t\t\t\t\t\t\t\t\t\t\t\t<\/div>\n\t\t\t\t<\/div>\n\t\t\t\t<div class=\"elementor-element elementor-element-65dfa9f elementor-widget elementor-widget-theme-post-title elementor-page-title elementor-widget-heading\" data-id=\"65dfa9f\" data-element_type=\"widget\" data-e-type=\"widget\" data-widget_type=\"theme-post-title.default\">\n\t\t\t\t<div class=\"elementor-widget-container\">\n\t\t\t\t\t<h3 class=\"elementor-heading-title elementor-size-default\"><a href=\"https:\/\/permakultur-landwirtschaft.org\/fr\/haies-fourrageres-une-reponse-aux-etes-secs-demo-a-la-ferme-comex-du-borgeau-carrouge-vd\/\">Haies fourrag\u00e8res \u2013 Une r\u00e9ponse aux \u00e9t\u00e9s secs | D\u00e9mo \u00e0 la Ferme Comex du Borgeau, Carrouge\/VD<\/a><\/h3>\t\t\t\t<\/div>\n\t\t\t\t<\/div>\n\t\t\t\t<div class=\"elementor-element elementor-element-0ad4e09 elementor-absolute elementor-widget elementor-widget-text-editor\" data-id=\"0ad4e09\" data-element_type=\"widget\" data-e-type=\"widget\" data-settings=\"{&quot;_position&quot;:&quot;absolute&quot;}\" data-widget_type=\"text-editor.default\">\n\t\t\t\t<div class=\"elementor-widget-container\">\n\t\t\t\t\t\t\t\t\tFilm\t\t\t\t\t\t\t\t<\/div>\n\t\t\t\t<\/div>\n\t\t\t\t<\/div>\n\t\t\t\t\t<\/div>\n\t\t\t\t<\/div>\n\t\t\t\t<\/div>\n\t\t\t\t<div data-elementor-type=\"loop-item\" data-elementor-id=\"37613\" class=\"elementor elementor-37613 e-loop-item e-loop-item-37171 post-37171 post type-post status-publish format-standard has-post-thumbnail hentry category-filme category-neuigkeit tag-agroscope tag-carrouge tag-climate-farm-demo tag-dry-summer tag-forage-hedge tag-futterhecke tag-ramial-chipped-wood-rcw\" data-elementor-post-type=\"elementor_library\" data-custom-edit-handle=\"1\">\n\t\t\t<div class=\"elementor-element elementor-element-c79cfe5 e-flex e-con-boxed e-con e-parent\" data-id=\"c79cfe5\" data-element_type=\"container\" data-e-type=\"container\">\n\t\t\t\t\t<div class=\"e-con-inner\">\n\t\t<div class=\"elementor-element elementor-element-64a3d73 e-con-full e-flex e-con e-child\" data-id=\"64a3d73\" data-element_type=\"container\" data-e-type=\"container\">\n\t\t\t\t<div class=\"elementor-element elementor-element-2e3812c elementor-widget__width-inherit elementor-widget elementor-widget-image\" data-id=\"2e3812c\" data-element_type=\"widget\" data-e-type=\"widget\" data-widget_type=\"image.default\">\n\t\t\t\t<div class=\"elementor-widget-container\">\n\t\t\t\t\t\t\t\t\t\t\t\t\t\t\t\t<a href=\"https:\/\/permakultur-landwirtschaft.org\/fr\/forage-hedges-a-climate-smart-solution-to-dry-summers-and-feed-shortages-beitrag-vom-28-mai-2025\/\">\n\t\t\t\t\t\t\t<img loading=\"lazy\" decoding=\"async\" width=\"699\" height=\"389\" src=\"https:\/\/permakultur-landwirtschaft.org\/wp-content\/uploads\/2025\/10\/202508_forage-hedge_2025-10-06_14-55-38.jpg\" class=\"attachment-full size-full wp-image-37172\" alt=\"Forage hedge\" srcset=\"https:\/\/permakultur-landwirtschaft.org\/wp-content\/uploads\/2025\/10\/202508_forage-hedge_2025-10-06_14-55-38.jpg 699w, https:\/\/permakultur-landwirtschaft.org\/wp-content\/uploads\/2025\/10\/202508_forage-hedge_2025-10-06_14-55-38-300x167.jpg 300w, https:\/\/permakultur-landwirtschaft.org\/wp-content\/uploads\/2025\/10\/202508_forage-hedge_2025-10-06_14-55-38-18x10.jpg 18w\" sizes=\"(max-width: 699px) 100vw, 699px\" \/>\t\t\t\t\t\t\t\t<\/a>\n\t\t\t\t\t\t\t\t\t\t\t\t\t\t\t<\/div>\n\t\t\t\t<\/div>\n\t\t\t\t<div class=\"elementor-element elementor-element-65dfa9f elementor-widget elementor-widget-theme-post-title elementor-page-title elementor-widget-heading\" data-id=\"65dfa9f\" data-element_type=\"widget\" data-e-type=\"widget\" data-widget_type=\"theme-post-title.default\">\n\t\t\t\t<div class=\"elementor-widget-container\">\n\t\t\t\t\t<h3 class=\"elementor-heading-title elementor-size-default\"><a href=\"https:\/\/permakultur-landwirtschaft.org\/fr\/forage-hedges-a-climate-smart-solution-to-dry-summers-and-feed-shortages-beitrag-vom-28-mai-2025\/\">Forage hedges: A climate-smart solution to dry summers and feed shortages &#8211; Beitrag vom 28. Mai 2025<\/a><\/h3>\t\t\t\t<\/div>\n\t\t\t\t<\/div>\n\t\t\t\t<div class=\"elementor-element elementor-element-0ad4e09 elementor-absolute elementor-widget elementor-widget-text-editor\" data-id=\"0ad4e09\" data-element_type=\"widget\" data-e-type=\"widget\" data-settings=\"{&quot;_position&quot;:&quot;absolute&quot;}\" data-widget_type=\"text-editor.default\">\n\t\t\t\t<div class=\"elementor-widget-container\">\n\t\t\t\t\t\t\t\t\tFilm\t\t\t\t\t\t\t\t<\/div>\n\t\t\t\t<\/div>\n\t\t\t\t<\/div>\n\t\t\t\t\t<\/div>\n\t\t\t\t<\/div>\n\t\t\t\t<\/div>\n\t\t\t\t<div data-elementor-type=\"loop-item\" data-elementor-id=\"37613\" class=\"elementor elementor-37613 e-loop-item e-loop-item-36791 post-36791 post type-post status-publish format-standard has-post-thumbnail hentry category-filme category-neuigkeit tag-agenda-goetsch tag-agroforst tag-einfuehrung tag-syntropische-landwirtschaft tag-syntropischer-agroforst tag-ursula-uzzy-arztmann\" data-elementor-post-type=\"elementor_library\" data-custom-edit-handle=\"1\">\n\t\t\t<div class=\"elementor-element elementor-element-c79cfe5 e-flex e-con-boxed e-con e-parent\" data-id=\"c79cfe5\" data-element_type=\"container\" data-e-type=\"container\">\n\t\t\t\t\t<div class=\"e-con-inner\">\n\t\t<div class=\"elementor-element elementor-element-64a3d73 e-con-full e-flex e-con e-child\" data-id=\"64a3d73\" data-element_type=\"container\" data-e-type=\"container\">\n\t\t\t\t<div class=\"elementor-element elementor-element-2e3812c elementor-widget__width-inherit elementor-widget elementor-widget-image\" data-id=\"2e3812c\" data-element_type=\"widget\" data-e-type=\"widget\" data-widget_type=\"image.default\">\n\t\t\t\t<div class=\"elementor-widget-container\">\n\t\t\t\t\t\t\t\t\t\t\t\t\t\t\t\t<a href=\"https:\/\/permakultur-landwirtschaft.org\/fr\/syntropischer-agroforst-wie-funktioniert-das-system-einfuehrung-von-ursula-arztmann\/\">\n\t\t\t\t\t\t\t<img loading=\"lazy\" decoding=\"async\" width=\"700\" height=\"402\" src=\"https:\/\/permakultur-landwirtschaft.org\/wp-content\/uploads\/2025\/06\/202506_einfuehrung_syntropisch_ursula_arztmann__sebas_2025-06-26_16-38-48.jpg\" class=\"attachment-full size-full wp-image-36792\" alt=\"Einfuehrung syntropische Landwirtschaft\" srcset=\"https:\/\/permakultur-landwirtschaft.org\/wp-content\/uploads\/2025\/06\/202506_einfuehrung_syntropisch_ursula_arztmann__sebas_2025-06-26_16-38-48.jpg 700w, https:\/\/permakultur-landwirtschaft.org\/wp-content\/uploads\/2025\/06\/202506_einfuehrung_syntropisch_ursula_arztmann__sebas_2025-06-26_16-38-48-300x172.jpg 300w, https:\/\/permakultur-landwirtschaft.org\/wp-content\/uploads\/2025\/06\/202506_einfuehrung_syntropisch_ursula_arztmann__sebas_2025-06-26_16-38-48-18x10.jpg 18w\" sizes=\"(max-width: 700px) 100vw, 700px\" \/>\t\t\t\t\t\t\t\t<\/a>\n\t\t\t\t\t\t\t\t\t\t\t\t\t\t\t<\/div>\n\t\t\t\t<\/div>\n\t\t\t\t<div class=\"elementor-element elementor-element-65dfa9f elementor-widget elementor-widget-theme-post-title elementor-page-title elementor-widget-heading\" data-id=\"65dfa9f\" data-element_type=\"widget\" data-e-type=\"widget\" data-widget_type=\"theme-post-title.default\">\n\t\t\t\t<div class=\"elementor-widget-container\">\n\t\t\t\t\t<h3 class=\"elementor-heading-title elementor-size-default\"><a href=\"https:\/\/permakultur-landwirtschaft.org\/fr\/syntropischer-agroforst-wie-funktioniert-das-system-einfuehrung-von-ursula-arztmann\/\">Syntropischer Agroforst &#8211; Wie funktioniert das System? &#8211; Einf\u00fchrung von Ursula Arztmann<\/a><\/h3>\t\t\t\t<\/div>\n\t\t\t\t<\/div>\n\t\t\t\t<div class=\"elementor-element elementor-element-0ad4e09 elementor-absolute elementor-widget elementor-widget-text-editor\" data-id=\"0ad4e09\" data-element_type=\"widget\" data-e-type=\"widget\" data-settings=\"{&quot;_position&quot;:&quot;absolute&quot;}\" data-widget_type=\"text-editor.default\">\n\t\t\t\t<div class=\"elementor-widget-container\">\n\t\t\t\t\t\t\t\t\tFilm\t\t\t\t\t\t\t\t<\/div>\n\t\t\t\t<\/div>\n\t\t\t\t<\/div>\n\t\t\t\t\t<\/div>\n\t\t\t\t<\/div>\n\t\t\t\t<\/div>\n\t\t\t\t<div data-elementor-type=\"loop-item\" data-elementor-id=\"37613\" class=\"elementor elementor-37613 e-loop-item e-loop-item-36798 post-36798 post type-post status-publish format-standard has-post-thumbnail hentry category-filme category-neuigkeit tag-agroforstsysteme tag-erfahrungen tag-fehler tag-lernen\" data-elementor-post-type=\"elementor_library\" data-custom-edit-handle=\"1\">\n\t\t\t<div class=\"elementor-element elementor-element-c79cfe5 e-flex e-con-boxed e-con e-parent\" data-id=\"c79cfe5\" data-element_type=\"container\" data-e-type=\"container\">\n\t\t\t\t\t<div class=\"e-con-inner\">\n\t\t<div class=\"elementor-element elementor-element-64a3d73 e-con-full e-flex e-con e-child\" data-id=\"64a3d73\" data-element_type=\"container\" data-e-type=\"container\">\n\t\t\t\t<div class=\"elementor-element elementor-element-2e3812c elementor-widget__width-inherit elementor-widget elementor-widget-image\" data-id=\"2e3812c\" data-element_type=\"widget\" data-e-type=\"widget\" data-widget_type=\"image.default\">\n\t\t\t\t<div class=\"elementor-widget-container\">\n\t\t\t\t\t\t\t\t\t\t\t\t\t\t\t\t<a href=\"https:\/\/permakultur-landwirtschaft.org\/fr\/fehler-in-agroforstsystemen-von-drei-praxisbetrieben-lernen-beitrag-vom-23-mai-2025\/\">\n\t\t\t\t\t\t\t<img loading=\"lazy\" decoding=\"async\" width=\"700\" height=\"393\" src=\"https:\/\/permakultur-landwirtschaft.org\/wp-content\/uploads\/2025\/06\/fehler_in_agroforst_2025-06-26_16-52-46.jpg\" class=\"attachment-full size-full wp-image-36799\" alt=\"Fehler in Agroforstsystemen\" srcset=\"https:\/\/permakultur-landwirtschaft.org\/wp-content\/uploads\/2025\/06\/fehler_in_agroforst_2025-06-26_16-52-46.jpg 700w, https:\/\/permakultur-landwirtschaft.org\/wp-content\/uploads\/2025\/06\/fehler_in_agroforst_2025-06-26_16-52-46-300x168.jpg 300w, https:\/\/permakultur-landwirtschaft.org\/wp-content\/uploads\/2025\/06\/fehler_in_agroforst_2025-06-26_16-52-46-18x10.jpg 18w\" sizes=\"(max-width: 700px) 100vw, 700px\" \/>\t\t\t\t\t\t\t\t<\/a>\n\t\t\t\t\t\t\t\t\t\t\t\t\t\t\t<\/div>\n\t\t\t\t<\/div>\n\t\t\t\t<div class=\"elementor-element elementor-element-65dfa9f elementor-widget elementor-widget-theme-post-title elementor-page-title elementor-widget-heading\" data-id=\"65dfa9f\" data-element_type=\"widget\" data-e-type=\"widget\" data-widget_type=\"theme-post-title.default\">\n\t\t\t\t<div class=\"elementor-widget-container\">\n\t\t\t\t\t<h3 class=\"elementor-heading-title elementor-size-default\"><a href=\"https:\/\/permakultur-landwirtschaft.org\/fr\/fehler-in-agroforstsystemen-von-drei-praxisbetrieben-lernen-beitrag-vom-23-mai-2025\/\">Fehler in Agroforstsystemen &#8211; von drei Praxisbetrieben lernen &#8211; Beitrag vom 23. Mai 2025<\/a><\/h3>\t\t\t\t<\/div>\n\t\t\t\t<\/div>\n\t\t\t\t<div class=\"elementor-element elementor-element-0ad4e09 elementor-absolute elementor-widget elementor-widget-text-editor\" data-id=\"0ad4e09\" data-element_type=\"widget\" data-e-type=\"widget\" data-settings=\"{&quot;_position&quot;:&quot;absolute&quot;}\" data-widget_type=\"text-editor.default\">\n\t\t\t\t<div class=\"elementor-widget-container\">\n\t\t\t\t\t\t\t\t\tFilm\t\t\t\t\t\t\t\t<\/div>\n\t\t\t\t<\/div>\n\t\t\t\t<\/div>\n\t\t\t\t\t<\/div>\n\t\t\t\t<\/div>\n\t\t\t\t<\/div>\n\t\t\t\t<div data-elementor-type=\"loop-item\" data-elementor-id=\"37613\" class=\"elementor elementor-37613 e-loop-item e-loop-item-36445 post-36445 post type-post status-publish format-standard has-post-thumbnail hentry category-filme category-neuigkeit tag-boden tag-direktsaat tag-pflanzenkohle tag-regenerative-landwirtschaft tag-wdr\" data-elementor-post-type=\"elementor_library\" data-custom-edit-handle=\"1\">\n\t\t\t<div class=\"elementor-element elementor-element-c79cfe5 e-flex e-con-boxed e-con e-parent\" data-id=\"c79cfe5\" data-element_type=\"container\" data-e-type=\"container\">\n\t\t\t\t\t<div class=\"e-con-inner\">\n\t\t<div class=\"elementor-element elementor-element-64a3d73 e-con-full e-flex e-con e-child\" data-id=\"64a3d73\" data-element_type=\"container\" data-e-type=\"container\">\n\t\t\t\t<div class=\"elementor-element elementor-element-2e3812c elementor-widget__width-inherit elementor-widget elementor-widget-image\" data-id=\"2e3812c\" data-element_type=\"widget\" data-e-type=\"widget\" data-widget_type=\"image.default\">\n\t\t\t\t<div class=\"elementor-widget-container\">\n\t\t\t\t\t\t\t\t\t\t\t\t\t\t\t\t<a href=\"https:\/\/permakultur-landwirtschaft.org\/fr\/rettet-regenerative-landwirtschaft-den-boden-beitrag-vom-01-mai-2025\/\">\n\t\t\t\t\t\t\t<img loading=\"lazy\" decoding=\"async\" width=\"701\" height=\"395\" src=\"https:\/\/permakultur-landwirtschaft.org\/wp-content\/uploads\/2025\/05\/20250501_wdr_regenerativ_2025-05-01_11-06-27.jpg\" class=\"attachment-full size-full wp-image-36446\" alt=\"Hof von Jan Gro\u00dfe-Kleimann\" srcset=\"https:\/\/permakultur-landwirtschaft.org\/wp-content\/uploads\/2025\/05\/20250501_wdr_regenerativ_2025-05-01_11-06-27.jpg 701w, https:\/\/permakultur-landwirtschaft.org\/wp-content\/uploads\/2025\/05\/20250501_wdr_regenerativ_2025-05-01_11-06-27-300x169.jpg 300w, https:\/\/permakultur-landwirtschaft.org\/wp-content\/uploads\/2025\/05\/20250501_wdr_regenerativ_2025-05-01_11-06-27-18x10.jpg 18w\" sizes=\"(max-width: 701px) 100vw, 701px\" \/>\t\t\t\t\t\t\t\t<\/a>\n\t\t\t\t\t\t\t\t\t\t\t\t\t\t\t<\/div>\n\t\t\t\t<\/div>\n\t\t\t\t<div class=\"elementor-element elementor-element-65dfa9f elementor-widget elementor-widget-theme-post-title elementor-page-title elementor-widget-heading\" data-id=\"65dfa9f\" data-element_type=\"widget\" data-e-type=\"widget\" data-widget_type=\"theme-post-title.default\">\n\t\t\t\t<div class=\"elementor-widget-container\">\n\t\t\t\t\t<h3 class=\"elementor-heading-title elementor-size-default\"><a href=\"https:\/\/permakultur-landwirtschaft.org\/fr\/rettet-regenerative-landwirtschaft-den-boden-beitrag-vom-01-mai-2025\/\">Rettet regenerative Landwirtschaft den Boden? &#8211; Beitrag vom 01. Mai 2025<\/a><\/h3>\t\t\t\t<\/div>\n\t\t\t\t<\/div>\n\t\t\t\t<div class=\"elementor-element elementor-element-0ad4e09 elementor-absolute elementor-widget elementor-widget-text-editor\" data-id=\"0ad4e09\" data-element_type=\"widget\" data-e-type=\"widget\" data-settings=\"{&quot;_position&quot;:&quot;absolute&quot;}\" data-widget_type=\"text-editor.default\">\n\t\t\t\t<div class=\"elementor-widget-container\">\n\t\t\t\t\t\t\t\t\tFilm\t\t\t\t\t\t\t\t<\/div>\n\t\t\t\t<\/div>\n\t\t\t\t<\/div>\n\t\t\t\t\t<\/div>\n\t\t\t\t<\/div>\n\t\t\t\t<\/div>\n\t\t\t\t<div data-elementor-type=\"loop-item\" data-elementor-id=\"37613\" class=\"elementor elementor-37613 e-loop-item e-loop-item-38469 post-38469 post type-post status-publish format-standard has-post-thumbnail hentry category-audio tag-agroforst tag-bolderhof tag-hemishofen tag-manuel-morgenegg tag-mareike-jaeger tag-obstbaeume tag-srf tag-zhaw\" data-elementor-post-type=\"elementor_library\" data-custom-edit-handle=\"1\">\n\t\t\t<div class=\"elementor-element elementor-element-c79cfe5 e-flex e-con-boxed e-con e-parent\" data-id=\"c79cfe5\" data-element_type=\"container\" data-e-type=\"container\">\n\t\t\t\t\t<div class=\"e-con-inner\">\n\t\t<div class=\"elementor-element elementor-element-64a3d73 e-con-full e-flex e-con e-child\" data-id=\"64a3d73\" data-element_type=\"container\" data-e-type=\"container\">\n\t\t\t\t<div class=\"elementor-element elementor-element-2e3812c elementor-widget__width-inherit elementor-widget elementor-widget-image\" data-id=\"2e3812c\" data-element_type=\"widget\" data-e-type=\"widget\" data-widget_type=\"image.default\">\n\t\t\t\t<div class=\"elementor-widget-container\">\n\t\t\t\t\t\t\t\t\t\t\t\t\t\t\t\t<a href=\"https:\/\/permakultur-landwirtschaft.org\/fr\/mit-baeumen-mehr-ertrag-und-mehr-klimaschutz-beitrag-vom-17-april-2025\/\">\n\t\t\t\t\t\t\t<img loading=\"lazy\" decoding=\"async\" width=\"700\" height=\"393\" src=\"https:\/\/permakultur-landwirtschaft.org\/wp-content\/uploads\/2026\/03\/morgenegg_bolderhof_agroforst_il.srgssr.jpg\" class=\"attachment-full size-full wp-image-38470\" alt=\"Menschen pflanzen B\u00e4ume im Acker\" srcset=\"https:\/\/permakultur-landwirtschaft.org\/wp-content\/uploads\/2026\/03\/morgenegg_bolderhof_agroforst_il.srgssr.jpg 700w, https:\/\/permakultur-landwirtschaft.org\/wp-content\/uploads\/2026\/03\/morgenegg_bolderhof_agroforst_il.srgssr-300x168.jpg 300w, https:\/\/permakultur-landwirtschaft.org\/wp-content\/uploads\/2026\/03\/morgenegg_bolderhof_agroforst_il.srgssr-18x10.jpg 18w\" sizes=\"(max-width: 700px) 100vw, 700px\" \/>\t\t\t\t\t\t\t\t<\/a>\n\t\t\t\t\t\t\t\t\t\t\t\t\t\t\t<\/div>\n\t\t\t\t<\/div>\n\t\t\t\t<div class=\"elementor-element elementor-element-65dfa9f elementor-widget elementor-widget-theme-post-title elementor-page-title elementor-widget-heading\" data-id=\"65dfa9f\" data-element_type=\"widget\" data-e-type=\"widget\" data-widget_type=\"theme-post-title.default\">\n\t\t\t\t<div class=\"elementor-widget-container\">\n\t\t\t\t\t<h3 class=\"elementor-heading-title elementor-size-default\"><a href=\"https:\/\/permakultur-landwirtschaft.org\/fr\/mit-baeumen-mehr-ertrag-und-mehr-klimaschutz-beitrag-vom-17-april-2025\/\">Mit B\u00e4umen mehr Ertrag und mehr Klimaschutz &#8211; Beitrag vom 17. April 2025<\/a><\/h3>\t\t\t\t<\/div>\n\t\t\t\t<\/div>\n\t\t\t\t<div class=\"elementor-element elementor-element-0ad4e09 elementor-absolute elementor-widget elementor-widget-text-editor\" data-id=\"0ad4e09\" data-element_type=\"widget\" data-e-type=\"widget\" data-settings=\"{&quot;_position&quot;:&quot;absolute&quot;}\" data-widget_type=\"text-editor.default\">\n\t\t\t\t<div class=\"elementor-widget-container\">\n\t\t\t\t\t\t\t\t\tAudio\t\t\t\t\t\t\t\t<\/div>\n\t\t\t\t<\/div>\n\t\t\t\t<\/div>\n\t\t\t\t\t<\/div>\n\t\t\t\t<\/div>\n\t\t\t\t<\/div>\n\t\t\t\t<div data-elementor-type=\"loop-item\" data-elementor-id=\"37613\" class=\"elementor elementor-37613 e-loop-item e-loop-item-39222 post-39222 post type-post status-publish format-standard has-post-thumbnail hentry category-filme tag-daenemark tag-permaculture-garden-myrrhis tag-permakultur tag-regenerativ\" data-elementor-post-type=\"elementor_library\" data-custom-edit-handle=\"1\">\n\t\t\t<div class=\"elementor-element elementor-element-c79cfe5 e-flex e-con-boxed e-con e-parent\" data-id=\"c79cfe5\" data-element_type=\"container\" data-e-type=\"container\">\n\t\t\t\t\t<div class=\"e-con-inner\">\n\t\t<div class=\"elementor-element elementor-element-64a3d73 e-con-full e-flex e-con e-child\" data-id=\"64a3d73\" data-element_type=\"container\" data-e-type=\"container\">\n\t\t\t\t<div class=\"elementor-element elementor-element-2e3812c elementor-widget__width-inherit elementor-widget elementor-widget-image\" data-id=\"2e3812c\" data-element_type=\"widget\" data-e-type=\"widget\" data-widget_type=\"image.default\">\n\t\t\t\t<div class=\"elementor-widget-container\">\n\t\t\t\t\t\t\t\t\t\t\t\t\t\t\t\t<a href=\"https:\/\/permakultur-landwirtschaft.org\/fr\/regenerative-farm-in-denmark-a-familys-success-story-beitrag-vom-12-april-2025\/\">\n\t\t\t\t\t\t\t<img loading=\"lazy\" decoding=\"async\" width=\"699\" height=\"324\" src=\"https:\/\/permakultur-landwirtschaft.org\/wp-content\/uploads\/2026\/04\/2025-denmark-farm-permakulturhaven.dk-09-04-2026_15-03-43.jpg\" class=\"attachment-full size-full wp-image-39223\" alt=\"Denmark farm Myrrhis Permakulturhaven\" srcset=\"https:\/\/permakultur-landwirtschaft.org\/wp-content\/uploads\/2026\/04\/2025-denmark-farm-permakulturhaven.dk-09-04-2026_15-03-43.jpg 699w, https:\/\/permakultur-landwirtschaft.org\/wp-content\/uploads\/2026\/04\/2025-denmark-farm-permakulturhaven.dk-09-04-2026_15-03-43-300x139.jpg 300w, https:\/\/permakultur-landwirtschaft.org\/wp-content\/uploads\/2026\/04\/2025-denmark-farm-permakulturhaven.dk-09-04-2026_15-03-43-18x8.jpg 18w\" sizes=\"(max-width: 699px) 100vw, 699px\" \/>\t\t\t\t\t\t\t\t<\/a>\n\t\t\t\t\t\t\t\t\t\t\t\t\t\t\t<\/div>\n\t\t\t\t<\/div>\n\t\t\t\t<div class=\"elementor-element elementor-element-65dfa9f elementor-widget elementor-widget-theme-post-title elementor-page-title elementor-widget-heading\" data-id=\"65dfa9f\" data-element_type=\"widget\" data-e-type=\"widget\" data-widget_type=\"theme-post-title.default\">\n\t\t\t\t<div class=\"elementor-widget-container\">\n\t\t\t\t\t<h3 class=\"elementor-heading-title elementor-size-default\"><a href=\"https:\/\/permakultur-landwirtschaft.org\/fr\/regenerative-farm-in-denmark-a-familys-success-story-beitrag-vom-12-april-2025\/\">Regenerative Farm in Denmark: A Family\u2019s Success Story &#8211; Beitrag vom 12. April 2025<\/a><\/h3>\t\t\t\t<\/div>\n\t\t\t\t<\/div>\n\t\t\t\t<div class=\"elementor-element elementor-element-0ad4e09 elementor-absolute elementor-widget elementor-widget-text-editor\" data-id=\"0ad4e09\" data-element_type=\"widget\" data-e-type=\"widget\" data-settings=\"{&quot;_position&quot;:&quot;absolute&quot;}\" data-widget_type=\"text-editor.default\">\n\t\t\t\t<div class=\"elementor-widget-container\">\n\t\t\t\t\t\t\t\t\tFilm\t\t\t\t\t\t\t\t<\/div>\n\t\t\t\t<\/div>\n\t\t\t\t<\/div>\n\t\t\t\t\t<\/div>\n\t\t\t\t<\/div>\n\t\t\t\t<\/div>\n\t\t\t\t<div data-elementor-type=\"loop-item\" data-elementor-id=\"37613\" class=\"elementor elementor-37613 e-loop-item e-loop-item-35805 post-35805 post type-post status-publish format-standard has-post-thumbnail hentry category-audio category-neuigkeit tag-agroforesterie tag-arnaud-deltour tag-cambium tag-inra tag-mecanisation tag-podcast\" data-elementor-post-type=\"elementor_library\" data-custom-edit-handle=\"1\">\n\t\t\t<div class=\"elementor-element elementor-element-c79cfe5 e-flex e-con-boxed e-con e-parent\" data-id=\"c79cfe5\" data-element_type=\"container\" data-e-type=\"container\">\n\t\t\t\t\t<div class=\"e-con-inner\">\n\t\t<div class=\"elementor-element elementor-element-64a3d73 e-con-full e-flex e-con e-child\" data-id=\"64a3d73\" data-element_type=\"container\" data-e-type=\"container\">\n\t\t\t\t<div class=\"elementor-element elementor-element-2e3812c elementor-widget__width-inherit elementor-widget elementor-widget-image\" data-id=\"2e3812c\" data-element_type=\"widget\" data-e-type=\"widget\" data-widget_type=\"image.default\">\n\t\t\t\t<div class=\"elementor-widget-container\">\n\t\t\t\t\t\t\t\t\t\t\t\t\t\t\t\t<a href=\"https:\/\/permakultur-landwirtschaft.org\/fr\/mecanisation-et-agroforesterie-une-alliance-impossible-podcast-du-24-fevrier-2025\/\">\n\t\t\t\t\t\t\t<img loading=\"lazy\" decoding=\"async\" width=\"700\" height=\"370\" src=\"https:\/\/permakultur-landwirtschaft.org\/wp-content\/uploads\/2025\/02\/2025024_cambium_agroforestry_2025-02-27_10-10-30.jpg\" class=\"attachment-full size-full wp-image-35806\" alt=\"Cambium Podcast Agroforestry\" srcset=\"https:\/\/permakultur-landwirtschaft.org\/wp-content\/uploads\/2025\/02\/2025024_cambium_agroforestry_2025-02-27_10-10-30.jpg 700w, https:\/\/permakultur-landwirtschaft.org\/wp-content\/uploads\/2025\/02\/2025024_cambium_agroforestry_2025-02-27_10-10-30-300x159.jpg 300w\" sizes=\"(max-width: 700px) 100vw, 700px\" \/>\t\t\t\t\t\t\t\t<\/a>\n\t\t\t\t\t\t\t\t\t\t\t\t\t\t\t<\/div>\n\t\t\t\t<\/div>\n\t\t\t\t<div class=\"elementor-element elementor-element-65dfa9f elementor-widget elementor-widget-theme-post-title elementor-page-title elementor-widget-heading\" data-id=\"65dfa9f\" data-element_type=\"widget\" data-e-type=\"widget\" data-widget_type=\"theme-post-title.default\">\n\t\t\t\t<div class=\"elementor-widget-container\">\n\t\t\t\t\t<h3 class=\"elementor-heading-title elementor-size-default\"><a href=\"https:\/\/permakultur-landwirtschaft.org\/fr\/mecanisation-et-agroforesterie-une-alliance-impossible-podcast-du-24-fevrier-2025\/\">M\u00e9canisation et agroforesterie : une alliance impossible ? &#8211; Podcast du 24 f\u00e9vrier 2025<\/a><\/h3>\t\t\t\t<\/div>\n\t\t\t\t<\/div>\n\t\t\t\t<div class=\"elementor-element elementor-element-0ad4e09 elementor-absolute elementor-widget elementor-widget-text-editor\" data-id=\"0ad4e09\" data-element_type=\"widget\" data-e-type=\"widget\" data-settings=\"{&quot;_position&quot;:&quot;absolute&quot;}\" data-widget_type=\"text-editor.default\">\n\t\t\t\t<div class=\"elementor-widget-container\">\n\t\t\t\t\t\t\t\t\tAudio\t\t\t\t\t\t\t\t<\/div>\n\t\t\t\t<\/div>\n\t\t\t\t<\/div>\n\t\t\t\t\t<\/div>\n\t\t\t\t<\/div>\n\t\t\t\t<\/div>\n\t\t\t\t<div data-elementor-type=\"loop-item\" data-elementor-id=\"37613\" class=\"elementor elementor-37613 e-loop-item e-loop-item-38464 post-38464 post type-post status-publish format-standard has-post-thumbnail hentry category-filme tag-agroforst tag-fibl tag-heesakkers-family-farm tag-janmiekeshoeve tag-milch tag-niederlande tag-transformation\" data-elementor-post-type=\"elementor_library\" data-custom-edit-handle=\"1\">\n\t\t\t<div class=\"elementor-element elementor-element-c79cfe5 e-flex e-con-boxed e-con e-parent\" data-id=\"c79cfe5\" data-element_type=\"container\" data-e-type=\"container\">\n\t\t\t\t\t<div class=\"e-con-inner\">\n\t\t<div class=\"elementor-element elementor-element-64a3d73 e-con-full e-flex e-con e-child\" data-id=\"64a3d73\" data-element_type=\"container\" data-e-type=\"container\">\n\t\t\t\t<div class=\"elementor-element elementor-element-2e3812c elementor-widget__width-inherit elementor-widget elementor-widget-image\" data-id=\"2e3812c\" data-element_type=\"widget\" data-e-type=\"widget\" data-widget_type=\"image.default\">\n\t\t\t\t<div class=\"elementor-widget-container\">\n\t\t\t\t\t\t\t\t\t\t\t\t\t\t\t\t<a href=\"https:\/\/permakultur-landwirtschaft.org\/fr\/from-dairy-farming-to-agroforestry-demo-at-the-heesakkers-family-farm\/\">\n\t\t\t\t\t\t\t<img loading=\"lazy\" decoding=\"async\" width=\"701\" height=\"356\" src=\"https:\/\/permakultur-landwirtschaft.org\/wp-content\/uploads\/2026\/03\/Diary-farming-to-agroforestry-16-03-2026_20-40-37.jpg\" class=\"attachment-full size-full wp-image-38465\" alt=\"Mann vor Agroforst und Getreide\" srcset=\"https:\/\/permakultur-landwirtschaft.org\/wp-content\/uploads\/2026\/03\/Diary-farming-to-agroforestry-16-03-2026_20-40-37.jpg 701w, https:\/\/permakultur-landwirtschaft.org\/wp-content\/uploads\/2026\/03\/Diary-farming-to-agroforestry-16-03-2026_20-40-37-300x152.jpg 300w, https:\/\/permakultur-landwirtschaft.org\/wp-content\/uploads\/2026\/03\/Diary-farming-to-agroforestry-16-03-2026_20-40-37-18x9.jpg 18w\" sizes=\"(max-width: 701px) 100vw, 701px\" \/>\t\t\t\t\t\t\t\t<\/a>\n\t\t\t\t\t\t\t\t\t\t\t\t\t\t\t<\/div>\n\t\t\t\t<\/div>\n\t\t\t\t<div class=\"elementor-element elementor-element-65dfa9f elementor-widget elementor-widget-theme-post-title elementor-page-title elementor-widget-heading\" data-id=\"65dfa9f\" data-element_type=\"widget\" data-e-type=\"widget\" data-widget_type=\"theme-post-title.default\">\n\t\t\t\t<div class=\"elementor-widget-container\">\n\t\t\t\t\t<h3 class=\"elementor-heading-title elementor-size-default\"><a href=\"https:\/\/permakultur-landwirtschaft.org\/fr\/from-dairy-farming-to-agroforestry-demo-at-the-heesakkers-family-farm\/\">From Dairy Farming to Agroforestry | Demo at the Heesakkers Family Farm<\/a><\/h3>\t\t\t\t<\/div>\n\t\t\t\t<\/div>\n\t\t\t\t<div class=\"elementor-element elementor-element-0ad4e09 elementor-absolute elementor-widget elementor-widget-text-editor\" data-id=\"0ad4e09\" data-element_type=\"widget\" data-e-type=\"widget\" data-settings=\"{&quot;_position&quot;:&quot;absolute&quot;}\" data-widget_type=\"text-editor.default\">\n\t\t\t\t<div class=\"elementor-widget-container\">\n\t\t\t\t\t\t\t\t\tFilm\t\t\t\t\t\t\t\t<\/div>\n\t\t\t\t<\/div>\n\t\t\t\t<\/div>\n\t\t\t\t\t<\/div>\n\t\t\t\t<\/div>\n\t\t\t\t<\/div>\n\t\t\t\t<div data-elementor-type=\"loop-item\" data-elementor-id=\"37613\" class=\"elementor elementor-37613 e-loop-item e-loop-item-35615 post-35615 post type-post status-publish format-standard has-post-thumbnail hentry category-filme category-neuigkeit tag-agroforst tag-bioaktuell tag-fibl tag-foerderpreis-agroforst-kanton-aargau tag-futterhecke tag-hof-adlerzart tag-pirmin-adler\" data-elementor-post-type=\"elementor_library\" data-custom-edit-handle=\"1\">\n\t\t\t<div class=\"elementor-element elementor-element-c79cfe5 e-flex e-con-boxed e-con e-parent\" data-id=\"c79cfe5\" data-element_type=\"container\" data-e-type=\"container\">\n\t\t\t\t\t<div class=\"e-con-inner\">\n\t\t<div class=\"elementor-element elementor-element-64a3d73 e-con-full e-flex e-con e-child\" data-id=\"64a3d73\" data-element_type=\"container\" data-e-type=\"container\">\n\t\t\t\t<div class=\"elementor-element elementor-element-2e3812c elementor-widget__width-inherit elementor-widget elementor-widget-image\" data-id=\"2e3812c\" data-element_type=\"widget\" data-e-type=\"widget\" data-widget_type=\"image.default\">\n\t\t\t\t<div class=\"elementor-widget-container\">\n\t\t\t\t\t\t\t\t\t\t\t\t\t\t\t\t<a href=\"https:\/\/permakultur-landwirtschaft.org\/fr\/agroforst-auf-dem-hof-adlerzart-video-vom-25-januar-2025\/\">\n\t\t\t\t\t\t\t<img loading=\"lazy\" decoding=\"async\" width=\"701\" height=\"363\" src=\"https:\/\/permakultur-landwirtschaft.org\/wp-content\/uploads\/2025\/02\/adlerzart_2025-02-03_10-03-34.jpg\" class=\"attachment-full size-full wp-image-35616\" alt=\"Agroforst auf dem Hof Adlerzart\" srcset=\"https:\/\/permakultur-landwirtschaft.org\/wp-content\/uploads\/2025\/02\/adlerzart_2025-02-03_10-03-34.jpg 701w, https:\/\/permakultur-landwirtschaft.org\/wp-content\/uploads\/2025\/02\/adlerzart_2025-02-03_10-03-34-300x155.jpg 300w\" sizes=\"(max-width: 701px) 100vw, 701px\" \/>\t\t\t\t\t\t\t\t<\/a>\n\t\t\t\t\t\t\t\t\t\t\t\t\t\t\t<\/div>\n\t\t\t\t<\/div>\n\t\t\t\t<div class=\"elementor-element elementor-element-65dfa9f elementor-widget elementor-widget-theme-post-title elementor-page-title elementor-widget-heading\" data-id=\"65dfa9f\" data-element_type=\"widget\" data-e-type=\"widget\" data-widget_type=\"theme-post-title.default\">\n\t\t\t\t<div class=\"elementor-widget-container\">\n\t\t\t\t\t<h3 class=\"elementor-heading-title elementor-size-default\"><a href=\"https:\/\/permakultur-landwirtschaft.org\/fr\/agroforst-auf-dem-hof-adlerzart-video-vom-25-januar-2025\/\">Agroforst auf dem Hof Adlerzart &#8211; Video vom 25. Januar 2025<\/a><\/h3>\t\t\t\t<\/div>\n\t\t\t\t<\/div>\n\t\t\t\t<div class=\"elementor-element elementor-element-0ad4e09 elementor-absolute elementor-widget elementor-widget-text-editor\" data-id=\"0ad4e09\" data-element_type=\"widget\" data-e-type=\"widget\" data-settings=\"{&quot;_position&quot;:&quot;absolute&quot;}\" data-widget_type=\"text-editor.default\">\n\t\t\t\t<div class=\"elementor-widget-container\">\n\t\t\t\t\t\t\t\t\tFilm\t\t\t\t\t\t\t\t<\/div>\n\t\t\t\t<\/div>\n\t\t\t\t<\/div>\n\t\t\t\t\t<\/div>\n\t\t\t\t<\/div>\n\t\t\t\t<\/div>\n\t\t\t\t<div data-elementor-type=\"loop-item\" data-elementor-id=\"37613\" class=\"elementor elementor-37613 e-loop-item e-loop-item-35611 post-35611 post type-post status-publish format-standard has-post-thumbnail hentry category-filme category-neuigkeit tag-agroforst tag-bioaktuell tag-fibl tag-futterhecke tag-karin-wuethrich tag-ziegenhof-elfingen\" data-elementor-post-type=\"elementor_library\" data-custom-edit-handle=\"1\">\n\t\t\t<div class=\"elementor-element elementor-element-c79cfe5 e-flex e-con-boxed e-con e-parent\" data-id=\"c79cfe5\" data-element_type=\"container\" data-e-type=\"container\">\n\t\t\t\t\t<div class=\"e-con-inner\">\n\t\t<div class=\"elementor-element elementor-element-64a3d73 e-con-full e-flex e-con e-child\" data-id=\"64a3d73\" data-element_type=\"container\" data-e-type=\"container\">\n\t\t\t\t<div class=\"elementor-element elementor-element-2e3812c elementor-widget__width-inherit elementor-widget elementor-widget-image\" data-id=\"2e3812c\" data-element_type=\"widget\" data-e-type=\"widget\" data-widget_type=\"image.default\">\n\t\t\t\t<div class=\"elementor-widget-container\">\n\t\t\t\t\t\t\t\t\t\t\t\t\t\t\t\t<a href=\"https:\/\/permakultur-landwirtschaft.org\/fr\/futterhecken-auf-dem-ziegenhof-elfingen-betriebsportrait-vom-22-januar-2025\/\">\n\t\t\t\t\t\t\t<img loading=\"lazy\" decoding=\"async\" width=\"700\" height=\"360\" src=\"https:\/\/permakultur-landwirtschaft.org\/wp-content\/uploads\/2025\/02\/ziegenhof_2025-02-03_09-30-07.jpg\" class=\"attachment-full size-full wp-image-35612\" alt=\"Futterhecken auf dem Ziegenhof\" srcset=\"https:\/\/permakultur-landwirtschaft.org\/wp-content\/uploads\/2025\/02\/ziegenhof_2025-02-03_09-30-07.jpg 700w, https:\/\/permakultur-landwirtschaft.org\/wp-content\/uploads\/2025\/02\/ziegenhof_2025-02-03_09-30-07-300x154.jpg 300w\" sizes=\"(max-width: 700px) 100vw, 700px\" \/>\t\t\t\t\t\t\t\t<\/a>\n\t\t\t\t\t\t\t\t\t\t\t\t\t\t\t<\/div>\n\t\t\t\t<\/div>\n\t\t\t\t<div class=\"elementor-element elementor-element-65dfa9f elementor-widget elementor-widget-theme-post-title elementor-page-title elementor-widget-heading\" data-id=\"65dfa9f\" data-element_type=\"widget\" data-e-type=\"widget\" data-widget_type=\"theme-post-title.default\">\n\t\t\t\t<div class=\"elementor-widget-container\">\n\t\t\t\t\t<h3 class=\"elementor-heading-title elementor-size-default\"><a href=\"https:\/\/permakultur-landwirtschaft.org\/fr\/futterhecken-auf-dem-ziegenhof-elfingen-betriebsportrait-vom-22-januar-2025\/\">Futterhecken auf dem Ziegenhof Elfingen &#8211; Betriebsportrait vom 22. Januar 2025<\/a><\/h3>\t\t\t\t<\/div>\n\t\t\t\t<\/div>\n\t\t\t\t<div class=\"elementor-element elementor-element-0ad4e09 elementor-absolute elementor-widget elementor-widget-text-editor\" data-id=\"0ad4e09\" data-element_type=\"widget\" data-e-type=\"widget\" data-settings=\"{&quot;_position&quot;:&quot;absolute&quot;}\" data-widget_type=\"text-editor.default\">\n\t\t\t\t<div class=\"elementor-widget-container\">\n\t\t\t\t\t\t\t\t\tFilm\t\t\t\t\t\t\t\t<\/div>\n\t\t\t\t<\/div>\n\t\t\t\t<\/div>\n\t\t\t\t\t<\/div>\n\t\t\t\t<\/div>\n\t\t\t\t<\/div>\n\t\t\t\t<div data-elementor-type=\"loop-item\" data-elementor-id=\"37613\" class=\"elementor elementor-37613 e-loop-item e-loop-item-35623 post-35623 post type-post status-publish format-standard has-post-thumbnail hentry category-filme category-neuigkeit tag-agroforst tag-brandenburg tag-rbb tag-unser-leben\" data-elementor-post-type=\"elementor_library\" data-custom-edit-handle=\"1\">\n\t\t\t<div class=\"elementor-element elementor-element-c79cfe5 e-flex e-con-boxed e-con e-parent\" data-id=\"c79cfe5\" data-element_type=\"container\" data-e-type=\"container\">\n\t\t\t\t\t<div class=\"e-con-inner\">\n\t\t<div class=\"elementor-element elementor-element-64a3d73 e-con-full e-flex e-con e-child\" data-id=\"64a3d73\" data-element_type=\"container\" data-e-type=\"container\">\n\t\t\t\t<div class=\"elementor-element elementor-element-2e3812c elementor-widget__width-inherit elementor-widget elementor-widget-image\" data-id=\"2e3812c\" data-element_type=\"widget\" data-e-type=\"widget\" data-widget_type=\"image.default\">\n\t\t\t\t<div class=\"elementor-widget-container\">\n\t\t\t\t\t\t\t\t\t\t\t\t\t\t\t\t<a href=\"https:\/\/permakultur-landwirtschaft.org\/fr\/bauer-sucht-baum-agroforstwirtschaft-in-brandenburg-videobeitrag-vom-12-januar-2025\/\">\n\t\t\t\t\t\t\t<img loading=\"lazy\" decoding=\"async\" width=\"700\" height=\"357\" src=\"https:\/\/permakultur-landwirtschaft.org\/wp-content\/uploads\/2025\/02\/bauer_sucht_baum_rbb_2025-02-03_11-27-09.jpg\" class=\"attachment-full size-full wp-image-35624\" alt=\"Bauer sucht Baum - Agroforst\" srcset=\"https:\/\/permakultur-landwirtschaft.org\/wp-content\/uploads\/2025\/02\/bauer_sucht_baum_rbb_2025-02-03_11-27-09.jpg 700w, https:\/\/permakultur-landwirtschaft.org\/wp-content\/uploads\/2025\/02\/bauer_sucht_baum_rbb_2025-02-03_11-27-09-300x153.jpg 300w\" sizes=\"(max-width: 700px) 100vw, 700px\" \/>\t\t\t\t\t\t\t\t<\/a>\n\t\t\t\t\t\t\t\t\t\t\t\t\t\t\t<\/div>\n\t\t\t\t<\/div>\n\t\t\t\t<div class=\"elementor-element elementor-element-65dfa9f elementor-widget elementor-widget-theme-post-title elementor-page-title elementor-widget-heading\" data-id=\"65dfa9f\" data-element_type=\"widget\" data-e-type=\"widget\" data-widget_type=\"theme-post-title.default\">\n\t\t\t\t<div class=\"elementor-widget-container\">\n\t\t\t\t\t<h3 class=\"elementor-heading-title elementor-size-default\"><a href=\"https:\/\/permakultur-landwirtschaft.org\/fr\/bauer-sucht-baum-agroforstwirtschaft-in-brandenburg-videobeitrag-vom-12-januar-2025\/\">Bauer sucht Baum &#8211; Agroforstwirtschaft in Brandenburg &#8211; Videobeitrag vom 12. Januar 2025<\/a><\/h3>\t\t\t\t<\/div>\n\t\t\t\t<\/div>\n\t\t\t\t<div class=\"elementor-element elementor-element-0ad4e09 elementor-absolute elementor-widget elementor-widget-text-editor\" data-id=\"0ad4e09\" data-element_type=\"widget\" data-e-type=\"widget\" data-settings=\"{&quot;_position&quot;:&quot;absolute&quot;}\" data-widget_type=\"text-editor.default\">\n\t\t\t\t<div class=\"elementor-widget-container\">\n\t\t\t\t\t\t\t\t\tFilm\t\t\t\t\t\t\t\t<\/div>\n\t\t\t\t<\/div>\n\t\t\t\t<\/div>\n\t\t\t\t\t<\/div>\n\t\t\t\t<\/div>\n\t\t\t\t<\/div>\n\t\t\t\t<div data-elementor-type=\"loop-item\" data-elementor-id=\"37613\" class=\"elementor elementor-37613 e-loop-item e-loop-item-35479 post-35479 post type-post status-publish format-standard has-post-thumbnail hentry category-filme category-neuigkeit tag-biohofacker tag-clienfarms tag-co2-neutral tag-klimapositiv tag-pflanzenkohle tag-pyrofarm tag-pyrolyseheizung\" data-elementor-post-type=\"elementor_library\" data-custom-edit-handle=\"1\">\n\t\t\t<div class=\"elementor-element elementor-element-c79cfe5 e-flex e-con-boxed e-con e-parent\" data-id=\"c79cfe5\" data-element_type=\"container\" data-e-type=\"container\">\n\t\t\t\t\t<div class=\"e-con-inner\">\n\t\t<div class=\"elementor-element elementor-element-64a3d73 e-con-full e-flex e-con e-child\" data-id=\"64a3d73\" data-element_type=\"container\" data-e-type=\"container\">\n\t\t\t\t<div class=\"elementor-element elementor-element-2e3812c elementor-widget__width-inherit elementor-widget elementor-widget-image\" data-id=\"2e3812c\" data-element_type=\"widget\" data-e-type=\"widget\" data-widget_type=\"image.default\">\n\t\t\t\t<div class=\"elementor-widget-container\">\n\t\t\t\t\t\t\t\t\t\t\t\t\t\t\t\t<a href=\"https:\/\/permakultur-landwirtschaft.org\/fr\/vielfaeltiger-nutzen-durch-eine-pyrolyseheizung-auf-dem-hof-infovideo-vom-19-dezember-2024\/\">\n\t\t\t\t\t\t\t<img loading=\"lazy\" decoding=\"async\" width=\"700\" height=\"393\" src=\"https:\/\/permakultur-landwirtschaft.org\/wp-content\/uploads\/2024\/12\/Pyrolyse_Foto_25_700.png\" class=\"attachment-full size-full wp-image-35480\" alt=\"Pyrolyseheizung auf dem Biohofacker mit Michael Kipfer\" srcset=\"https:\/\/permakultur-landwirtschaft.org\/wp-content\/uploads\/2024\/12\/Pyrolyse_Foto_25_700.png 700w, https:\/\/permakultur-landwirtschaft.org\/wp-content\/uploads\/2024\/12\/Pyrolyse_Foto_25_700-300x168.png 300w\" sizes=\"(max-width: 700px) 100vw, 700px\" \/>\t\t\t\t\t\t\t\t<\/a>\n\t\t\t\t\t\t\t\t\t\t\t\t\t\t\t<\/div>\n\t\t\t\t<\/div>\n\t\t\t\t<div class=\"elementor-element elementor-element-65dfa9f elementor-widget elementor-widget-theme-post-title elementor-page-title elementor-widget-heading\" data-id=\"65dfa9f\" data-element_type=\"widget\" data-e-type=\"widget\" data-widget_type=\"theme-post-title.default\">\n\t\t\t\t<div class=\"elementor-widget-container\">\n\t\t\t\t\t<h3 class=\"elementor-heading-title elementor-size-default\"><a href=\"https:\/\/permakultur-landwirtschaft.org\/fr\/vielfaeltiger-nutzen-durch-eine-pyrolyseheizung-auf-dem-hof-infovideo-vom-19-dezember-2024\/\">Vielf\u00e4ltiger Nutzen durch eine Pyrolyseheizung auf dem Hof &#8211; Infovideo vom 19. Dezember 2024<\/a><\/h3>\t\t\t\t<\/div>\n\t\t\t\t<\/div>\n\t\t\t\t<div class=\"elementor-element elementor-element-0ad4e09 elementor-absolute elementor-widget elementor-widget-text-editor\" data-id=\"0ad4e09\" data-element_type=\"widget\" data-e-type=\"widget\" data-settings=\"{&quot;_position&quot;:&quot;absolute&quot;}\" data-widget_type=\"text-editor.default\">\n\t\t\t\t<div class=\"elementor-widget-container\">\n\t\t\t\t\t\t\t\t\tFilm\t\t\t\t\t\t\t\t<\/div>\n\t\t\t\t<\/div>\n\t\t\t\t<\/div>\n\t\t\t\t\t<\/div>\n\t\t\t\t<\/div>\n\t\t\t\t<\/div>\n\t\t\t\t<div data-elementor-type=\"loop-item\" data-elementor-id=\"37613\" class=\"elementor elementor-37613 e-loop-item e-loop-item-35647 post-35647 post type-post status-publish format-standard has-post-thumbnail hentry category-filme category-neuigkeit tag-agroforst tag-baeume-auf-den-acker tag-defaf tag-jochen-hartmann\" data-elementor-post-type=\"elementor_library\" data-custom-edit-handle=\"1\">\n\t\t\t<div class=\"elementor-element elementor-element-c79cfe5 e-flex e-con-boxed e-con e-parent\" data-id=\"c79cfe5\" data-element_type=\"container\" data-e-type=\"container\">\n\t\t\t\t\t<div class=\"e-con-inner\">\n\t\t<div class=\"elementor-element elementor-element-64a3d73 e-con-full e-flex e-con e-child\" data-id=\"64a3d73\" data-element_type=\"container\" data-e-type=\"container\">\n\t\t\t\t<div class=\"elementor-element elementor-element-2e3812c elementor-widget__width-inherit elementor-widget elementor-widget-image\" data-id=\"2e3812c\" data-element_type=\"widget\" data-e-type=\"widget\" data-widget_type=\"image.default\">\n\t\t\t\t<div class=\"elementor-widget-container\">\n\t\t\t\t\t\t\t\t\t\t\t\t\t\t\t\t<a href=\"https:\/\/permakultur-landwirtschaft.org\/fr\/baeume-auf-den-acker-jochen-hartmann-agroforst-pionier-beitrag-vom-15-dezember-2024\/\">\n\t\t\t\t\t\t\t<img loading=\"lazy\" decoding=\"async\" width=\"699\" height=\"364\" src=\"https:\/\/permakultur-landwirtschaft.org\/wp-content\/uploads\/2025\/02\/agroforst_hartmann_2025-02-03_12-25-12-1.jpg\" class=\"attachment-full size-full wp-image-35652\" alt=\"Agroforst Jochen Hartmann\" srcset=\"https:\/\/permakultur-landwirtschaft.org\/wp-content\/uploads\/2025\/02\/agroforst_hartmann_2025-02-03_12-25-12-1.jpg 699w, https:\/\/permakultur-landwirtschaft.org\/wp-content\/uploads\/2025\/02\/agroforst_hartmann_2025-02-03_12-25-12-1-300x156.jpg 300w\" sizes=\"(max-width: 699px) 100vw, 699px\" \/>\t\t\t\t\t\t\t\t<\/a>\n\t\t\t\t\t\t\t\t\t\t\t\t\t\t\t<\/div>\n\t\t\t\t<\/div>\n\t\t\t\t<div class=\"elementor-element elementor-element-65dfa9f elementor-widget elementor-widget-theme-post-title elementor-page-title elementor-widget-heading\" data-id=\"65dfa9f\" data-element_type=\"widget\" data-e-type=\"widget\" data-widget_type=\"theme-post-title.default\">\n\t\t\t\t<div class=\"elementor-widget-container\">\n\t\t\t\t\t<h3 class=\"elementor-heading-title elementor-size-default\"><a href=\"https:\/\/permakultur-landwirtschaft.org\/fr\/baeume-auf-den-acker-jochen-hartmann-agroforst-pionier-beitrag-vom-15-dezember-2024\/\">B\u00e4ume auf den Acker &#8211; Jochen Hartmann &#8211; Agroforst-Pionier &#8211; Beitrag vom 15. Dezember 2024<\/a><\/h3>\t\t\t\t<\/div>\n\t\t\t\t<\/div>\n\t\t\t\t<div class=\"elementor-element elementor-element-0ad4e09 elementor-absolute elementor-widget elementor-widget-text-editor\" data-id=\"0ad4e09\" data-element_type=\"widget\" data-e-type=\"widget\" data-settings=\"{&quot;_position&quot;:&quot;absolute&quot;}\" data-widget_type=\"text-editor.default\">\n\t\t\t\t<div class=\"elementor-widget-container\">\n\t\t\t\t\t\t\t\t\tFilm\t\t\t\t\t\t\t\t<\/div>\n\t\t\t\t<\/div>\n\t\t\t\t<\/div>\n\t\t\t\t\t<\/div>\n\t\t\t\t<\/div>\n\t\t\t\t<\/div>\n\t\t\t\t<div data-elementor-type=\"loop-item\" data-elementor-id=\"37613\" class=\"elementor elementor-37613 e-loop-item e-loop-item-37441 post-37441 post type-post status-publish format-standard has-post-thumbnail hentry category-filme tag-agrooekologie tag-colin-ramsay tag-dokumentarfilm tag-ernaehrungssystem tag-regenerative-landwirtschaft tag-six-inches-of-soil\" data-elementor-post-type=\"elementor_library\" data-custom-edit-handle=\"1\">\n\t\t\t<div class=\"elementor-element elementor-element-c79cfe5 e-flex e-con-boxed e-con e-parent\" data-id=\"c79cfe5\" data-element_type=\"container\" data-e-type=\"container\">\n\t\t\t\t\t<div class=\"e-con-inner\">\n\t\t<div class=\"elementor-element elementor-element-64a3d73 e-con-full e-flex e-con e-child\" data-id=\"64a3d73\" data-element_type=\"container\" data-e-type=\"container\">\n\t\t\t\t<div class=\"elementor-element elementor-element-2e3812c elementor-widget__width-inherit elementor-widget elementor-widget-image\" data-id=\"2e3812c\" data-element_type=\"widget\" data-e-type=\"widget\" data-widget_type=\"image.default\">\n\t\t\t\t<div class=\"elementor-widget-container\">\n\t\t\t\t\t\t\t\t\t\t\t\t\t\t\t\t<a href=\"https:\/\/permakultur-landwirtschaft.org\/fr\/six-inches-of-soil-dokumentarfilm-von-2024\/\">\n\t\t\t\t\t\t\t<img loading=\"lazy\" decoding=\"async\" width=\"700\" height=\"392\" src=\"https:\/\/permakultur-landwirtschaft.org\/wp-content\/uploads\/2025\/12\/sixinchesofsoil_11-12-2025_18-11-49.jpg\" class=\"attachment-full size-full wp-image-37442\" alt=\"Six Inches of Soil\" srcset=\"https:\/\/permakultur-landwirtschaft.org\/wp-content\/uploads\/2025\/12\/sixinchesofsoil_11-12-2025_18-11-49.jpg 700w, https:\/\/permakultur-landwirtschaft.org\/wp-content\/uploads\/2025\/12\/sixinchesofsoil_11-12-2025_18-11-49-300x168.jpg 300w, https:\/\/permakultur-landwirtschaft.org\/wp-content\/uploads\/2025\/12\/sixinchesofsoil_11-12-2025_18-11-49-18x10.jpg 18w\" sizes=\"(max-width: 700px) 100vw, 700px\" \/>\t\t\t\t\t\t\t\t<\/a>\n\t\t\t\t\t\t\t\t\t\t\t\t\t\t\t<\/div>\n\t\t\t\t<\/div>\n\t\t\t\t<div class=\"elementor-element elementor-element-65dfa9f elementor-widget elementor-widget-theme-post-title elementor-page-title elementor-widget-heading\" data-id=\"65dfa9f\" data-element_type=\"widget\" data-e-type=\"widget\" data-widget_type=\"theme-post-title.default\">\n\t\t\t\t<div class=\"elementor-widget-container\">\n\t\t\t\t\t<h3 class=\"elementor-heading-title elementor-size-default\"><a href=\"https:\/\/permakultur-landwirtschaft.org\/fr\/six-inches-of-soil-dokumentarfilm-von-2024\/\">Six Inches of Soil &#8211; Dokumentarfilm von 2024<\/a><\/h3>\t\t\t\t<\/div>\n\t\t\t\t<\/div>\n\t\t\t\t<div class=\"elementor-element elementor-element-0ad4e09 elementor-absolute elementor-widget elementor-widget-text-editor\" data-id=\"0ad4e09\" data-element_type=\"widget\" data-e-type=\"widget\" data-settings=\"{&quot;_position&quot;:&quot;absolute&quot;}\" data-widget_type=\"text-editor.default\">\n\t\t\t\t<div class=\"elementor-widget-container\">\n\t\t\t\t\t\t\t\t\tFilm\t\t\t\t\t\t\t\t<\/div>\n\t\t\t\t<\/div>\n\t\t\t\t<\/div>\n\t\t\t\t\t<\/div>\n\t\t\t\t<\/div>\n\t\t\t\t<\/div>\n\t\t\t\t<div data-elementor-type=\"loop-item\" data-elementor-id=\"37613\" class=\"elementor elementor-37613 e-loop-item e-loop-item-35644 post-35644 post type-post status-publish format-standard has-post-thumbnail hentry category-filme category-neuigkeit tag-agroforst tag-baeume-auf-den-acker tag-maria-gimenez tag-wilmars-gaerten\" data-elementor-post-type=\"elementor_library\" data-custom-edit-handle=\"1\">\n\t\t\t<div class=\"elementor-element elementor-element-c79cfe5 e-flex e-con-boxed e-con e-parent\" data-id=\"c79cfe5\" data-element_type=\"container\" data-e-type=\"container\">\n\t\t\t\t\t<div class=\"e-con-inner\">\n\t\t<div class=\"elementor-element elementor-element-64a3d73 e-con-full e-flex e-con e-child\" data-id=\"64a3d73\" data-element_type=\"container\" data-e-type=\"container\">\n\t\t\t\t<div class=\"elementor-element elementor-element-2e3812c elementor-widget__width-inherit elementor-widget elementor-widget-image\" data-id=\"2e3812c\" data-element_type=\"widget\" data-e-type=\"widget\" data-widget_type=\"image.default\">\n\t\t\t\t<div class=\"elementor-widget-container\">\n\t\t\t\t\t\t\t\t\t\t\t\t\t\t\t\t<a href=\"https:\/\/permakultur-landwirtschaft.org\/fr\/baeume-auf-den-acker-maria-gimenez-agroforst-pionierin-beitrag-vom-08-dezember-2024\/\">\n\t\t\t\t\t\t\t<img loading=\"lazy\" decoding=\"async\" width=\"700\" height=\"391\" src=\"https:\/\/permakultur-landwirtschaft.org\/wp-content\/uploads\/2025\/02\/agroforst_gimenez_2025-02-03_12-16-18.jpg\" class=\"attachment-full size-full wp-image-35645\" alt=\"B\u00e4ume auf den Acker - Maria Gim\u00e9nez - Agroforst-Pionierin\" srcset=\"https:\/\/permakultur-landwirtschaft.org\/wp-content\/uploads\/2025\/02\/agroforst_gimenez_2025-02-03_12-16-18.jpg 700w, https:\/\/permakultur-landwirtschaft.org\/wp-content\/uploads\/2025\/02\/agroforst_gimenez_2025-02-03_12-16-18-300x168.jpg 300w\" sizes=\"(max-width: 700px) 100vw, 700px\" \/>\t\t\t\t\t\t\t\t<\/a>\n\t\t\t\t\t\t\t\t\t\t\t\t\t\t\t<\/div>\n\t\t\t\t<\/div>\n\t\t\t\t<div class=\"elementor-element elementor-element-65dfa9f elementor-widget elementor-widget-theme-post-title elementor-page-title elementor-widget-heading\" data-id=\"65dfa9f\" data-element_type=\"widget\" data-e-type=\"widget\" data-widget_type=\"theme-post-title.default\">\n\t\t\t\t<div class=\"elementor-widget-container\">\n\t\t\t\t\t<h3 class=\"elementor-heading-title elementor-size-default\"><a href=\"https:\/\/permakultur-landwirtschaft.org\/fr\/baeume-auf-den-acker-maria-gimenez-agroforst-pionierin-beitrag-vom-08-dezember-2024\/\">B\u00e4ume auf den Acker &#8211; Maria Gim\u00e9nez &#8211; Agroforst-Pionierin &#8211; Beitrag vom 08. Dezember 2024<\/a><\/h3>\t\t\t\t<\/div>\n\t\t\t\t<\/div>\n\t\t\t\t<div class=\"elementor-element elementor-element-0ad4e09 elementor-absolute elementor-widget elementor-widget-text-editor\" data-id=\"0ad4e09\" data-element_type=\"widget\" data-e-type=\"widget\" data-settings=\"{&quot;_position&quot;:&quot;absolute&quot;}\" data-widget_type=\"text-editor.default\">\n\t\t\t\t<div class=\"elementor-widget-container\">\n\t\t\t\t\t\t\t\t\tFilm\t\t\t\t\t\t\t\t<\/div>\n\t\t\t\t<\/div>\n\t\t\t\t<\/div>\n\t\t\t\t\t<\/div>\n\t\t\t\t<\/div>\n\t\t\t\t<\/div>\n\t\t\t\t<div data-elementor-type=\"loop-item\" data-elementor-id=\"37613\" class=\"elementor elementor-37613 e-loop-item e-loop-item-35639 post-35639 post type-post status-publish format-standard has-post-thumbnail hentry category-filme category-neuigkeit tag-agroforst tag-defaf\" data-elementor-post-type=\"elementor_library\" data-custom-edit-handle=\"1\">\n\t\t\t<div class=\"elementor-element elementor-element-c79cfe5 e-flex e-con-boxed e-con e-parent\" data-id=\"c79cfe5\" data-element_type=\"container\" data-e-type=\"container\">\n\t\t\t\t\t<div class=\"e-con-inner\">\n\t\t<div class=\"elementor-element elementor-element-64a3d73 e-con-full e-flex e-con e-child\" data-id=\"64a3d73\" data-element_type=\"container\" data-e-type=\"container\">\n\t\t\t\t<div class=\"elementor-element elementor-element-2e3812c elementor-widget__width-inherit elementor-widget elementor-widget-image\" data-id=\"2e3812c\" data-element_type=\"widget\" data-e-type=\"widget\" data-widget_type=\"image.default\">\n\t\t\t\t<div class=\"elementor-widget-container\">\n\t\t\t\t\t\t\t\t\t\t\t\t\t\t\t\t<a href=\"https:\/\/permakultur-landwirtschaft.org\/fr\/baeume-auf-den-acker-jan-grosse-kleimann-agroforst-pionier-beitrag-vom-02-dezember-2024\/\">\n\t\t\t\t\t\t\t<img loading=\"lazy\" decoding=\"async\" width=\"700\" height=\"412\" src=\"https:\/\/permakultur-landwirtschaft.org\/wp-content\/uploads\/2024\/12\/agroforst_jan_2025-02-03_12-09-55.jpg\" class=\"attachment-full size-full wp-image-35643\" alt=\"B\u00e4ume auf den Acker \u2013 Jan Gro\u00dfe-Kleimann\" srcset=\"https:\/\/permakultur-landwirtschaft.org\/wp-content\/uploads\/2024\/12\/agroforst_jan_2025-02-03_12-09-55.jpg 700w, https:\/\/permakultur-landwirtschaft.org\/wp-content\/uploads\/2024\/12\/agroforst_jan_2025-02-03_12-09-55-300x177.jpg 300w\" sizes=\"(max-width: 700px) 100vw, 700px\" \/>\t\t\t\t\t\t\t\t<\/a>\n\t\t\t\t\t\t\t\t\t\t\t\t\t\t\t<\/div>\n\t\t\t\t<\/div>\n\t\t\t\t<div class=\"elementor-element elementor-element-65dfa9f elementor-widget elementor-widget-theme-post-title elementor-page-title elementor-widget-heading\" data-id=\"65dfa9f\" data-element_type=\"widget\" data-e-type=\"widget\" data-widget_type=\"theme-post-title.default\">\n\t\t\t\t<div class=\"elementor-widget-container\">\n\t\t\t\t\t<h3 class=\"elementor-heading-title elementor-size-default\"><a href=\"https:\/\/permakultur-landwirtschaft.org\/fr\/baeume-auf-den-acker-jan-grosse-kleimann-agroforst-pionier-beitrag-vom-02-dezember-2024\/\">B\u00e4ume auf den Acker &#8211; Jan Gro\u00dfe-Kleimann &#8211; Agroforst-Pionier &#8211; Beitrag vom 02. Dezember 2024<\/a><\/h3>\t\t\t\t<\/div>\n\t\t\t\t<\/div>\n\t\t\t\t<div class=\"elementor-element elementor-element-0ad4e09 elementor-absolute elementor-widget elementor-widget-text-editor\" data-id=\"0ad4e09\" data-element_type=\"widget\" data-e-type=\"widget\" data-settings=\"{&quot;_position&quot;:&quot;absolute&quot;}\" data-widget_type=\"text-editor.default\">\n\t\t\t\t<div class=\"elementor-widget-container\">\n\t\t\t\t\t\t\t\t\tFilm\t\t\t\t\t\t\t\t<\/div>\n\t\t\t\t<\/div>\n\t\t\t\t<\/div>\n\t\t\t\t\t<\/div>\n\t\t\t\t<\/div>\n\t\t\t\t<\/div>\n\t\t\t\t<div data-elementor-type=\"loop-item\" data-elementor-id=\"37613\" class=\"elementor elementor-37613 e-loop-item e-loop-item-35388 post-35388 post type-post status-publish format-standard has-post-thumbnail hentry category-audio category-neuigkeit tag-einklang-mit-der-natur tag-ndr tag-permakultur-gaertnern\" data-elementor-post-type=\"elementor_library\" data-custom-edit-handle=\"1\">\n\t\t\t<div class=\"elementor-element elementor-element-c79cfe5 e-flex e-con-boxed e-con e-parent\" data-id=\"c79cfe5\" data-element_type=\"container\" data-e-type=\"container\">\n\t\t\t\t\t<div class=\"e-con-inner\">\n\t\t<div class=\"elementor-element elementor-element-64a3d73 e-con-full e-flex e-con e-child\" data-id=\"64a3d73\" data-element_type=\"container\" data-e-type=\"container\">\n\t\t\t\t<div class=\"elementor-element elementor-element-2e3812c elementor-widget__width-inherit elementor-widget elementor-widget-image\" data-id=\"2e3812c\" data-element_type=\"widget\" data-e-type=\"widget\" data-widget_type=\"image.default\">\n\t\t\t\t<div class=\"elementor-widget-container\">\n\t\t\t\t\t\t\t\t\t\t\t\t\t\t\t\t<a href=\"https:\/\/permakultur-landwirtschaft.org\/fr\/permakultur-gaertnern-im-einklang-mit-der-natur-beitrag-vom-18-november-2024\/\">\n\t\t\t\t\t\t\t<img loading=\"lazy\" decoding=\"async\" width=\"300\" height=\"300\" src=\"https:\/\/permakultur-landwirtschaft.org\/wp-content\/uploads\/2024\/11\/20241118_NDR_Permakultur-Gaertnern-im-Einklang-mit-der-Natur_podcast5498_v-podcast.jpg\" class=\"attachment-full size-full wp-image-35389\" alt=\"NDR Permakultur Gaertnern Podcast\" srcset=\"https:\/\/permakultur-landwirtschaft.org\/wp-content\/uploads\/2024\/11\/20241118_NDR_Permakultur-Gaertnern-im-Einklang-mit-der-Natur_podcast5498_v-podcast.jpg 300w, https:\/\/permakultur-landwirtschaft.org\/wp-content\/uploads\/2024\/11\/20241118_NDR_Permakultur-Gaertnern-im-Einklang-mit-der-Natur_podcast5498_v-podcast-150x150.jpg 150w\" sizes=\"(max-width: 300px) 100vw, 300px\" \/>\t\t\t\t\t\t\t\t<\/a>\n\t\t\t\t\t\t\t\t\t\t\t\t\t\t\t<\/div>\n\t\t\t\t<\/div>\n\t\t\t\t<div class=\"elementor-element elementor-element-65dfa9f elementor-widget elementor-widget-theme-post-title elementor-page-title elementor-widget-heading\" data-id=\"65dfa9f\" data-element_type=\"widget\" data-e-type=\"widget\" data-widget_type=\"theme-post-title.default\">\n\t\t\t\t<div class=\"elementor-widget-container\">\n\t\t\t\t\t<h3 class=\"elementor-heading-title elementor-size-default\"><a href=\"https:\/\/permakultur-landwirtschaft.org\/fr\/permakultur-gaertnern-im-einklang-mit-der-natur-beitrag-vom-18-november-2024\/\">Permakultur: G\u00e4rtnern im Einklang mit der Natur &#8211; Beitrag vom 18. November 2024<\/a><\/h3>\t\t\t\t<\/div>\n\t\t\t\t<\/div>\n\t\t\t\t<div class=\"elementor-element elementor-element-0ad4e09 elementor-absolute elementor-widget elementor-widget-text-editor\" data-id=\"0ad4e09\" data-element_type=\"widget\" data-e-type=\"widget\" data-settings=\"{&quot;_position&quot;:&quot;absolute&quot;}\" data-widget_type=\"text-editor.default\">\n\t\t\t\t<div class=\"elementor-widget-container\">\n\t\t\t\t\t\t\t\t\tAudio\t\t\t\t\t\t\t\t<\/div>\n\t\t\t\t<\/div>\n\t\t\t\t<\/div>\n\t\t\t\t\t<\/div>\n\t\t\t\t<\/div>\n\t\t\t\t<\/div>\n\t\t\t\t<div data-elementor-type=\"loop-item\" data-elementor-id=\"37613\" class=\"elementor elementor-37613 e-loop-item e-loop-item-35430 post-35430 post type-post status-publish format-standard has-post-thumbnail hentry category-filme tag-ernst-goetsch tag-film tag-foodunfolded tag-regenerativ tag-regenerative-agriculture\" data-elementor-post-type=\"elementor_library\" data-custom-edit-handle=\"1\">\n\t\t\t<div class=\"elementor-element elementor-element-c79cfe5 e-flex e-con-boxed e-con e-parent\" data-id=\"c79cfe5\" data-element_type=\"container\" data-e-type=\"container\">\n\t\t\t\t\t<div class=\"e-con-inner\">\n\t\t<div class=\"elementor-element elementor-element-64a3d73 e-con-full e-flex e-con e-child\" data-id=\"64a3d73\" data-element_type=\"container\" data-e-type=\"container\">\n\t\t\t\t<div class=\"elementor-element elementor-element-2e3812c elementor-widget__width-inherit elementor-widget elementor-widget-image\" data-id=\"2e3812c\" data-element_type=\"widget\" data-e-type=\"widget\" data-widget_type=\"image.default\">\n\t\t\t\t<div class=\"elementor-widget-container\">\n\t\t\t\t\t\t\t\t\t\t\t\t\t\t\t\t<a href=\"https:\/\/permakultur-landwirtschaft.org\/fr\/farming-redefined-ein-film-ueber-regenerative-agriculture-vom-08-november-2024\/\">\n\t\t\t\t\t\t\t<img loading=\"lazy\" decoding=\"async\" width=\"699\" height=\"395\" src=\"https:\/\/permakultur-landwirtschaft.org\/wp-content\/uploads\/2024\/12\/20241210_film_foodunfolded_2024-12-10_10-48-20.jpg\" class=\"attachment-full size-full wp-image-35431\" alt=\"Farming, Redefined - Ernst G\u00f6tsch\" srcset=\"https:\/\/permakultur-landwirtschaft.org\/wp-content\/uploads\/2024\/12\/20241210_film_foodunfolded_2024-12-10_10-48-20.jpg 699w, https:\/\/permakultur-landwirtschaft.org\/wp-content\/uploads\/2024\/12\/20241210_film_foodunfolded_2024-12-10_10-48-20-300x170.jpg 300w\" sizes=\"(max-width: 699px) 100vw, 699px\" \/>\t\t\t\t\t\t\t\t<\/a>\n\t\t\t\t\t\t\t\t\t\t\t\t\t\t\t<\/div>\n\t\t\t\t<\/div>\n\t\t\t\t<div class=\"elementor-element elementor-element-65dfa9f elementor-widget elementor-widget-theme-post-title elementor-page-title elementor-widget-heading\" data-id=\"65dfa9f\" data-element_type=\"widget\" data-e-type=\"widget\" data-widget_type=\"theme-post-title.default\">\n\t\t\t\t<div class=\"elementor-widget-container\">\n\t\t\t\t\t<h3 class=\"elementor-heading-title elementor-size-default\"><a href=\"https:\/\/permakultur-landwirtschaft.org\/fr\/farming-redefined-ein-film-ueber-regenerative-agriculture-vom-08-november-2024\/\">Farming, Redefined &#8211; Ein Film \u00fcber Regenerative Agriculture vom 08. November 2024<\/a><\/h3>\t\t\t\t<\/div>\n\t\t\t\t<\/div>\n\t\t\t\t<div class=\"elementor-element elementor-element-0ad4e09 elementor-absolute elementor-widget elementor-widget-text-editor\" data-id=\"0ad4e09\" data-element_type=\"widget\" data-e-type=\"widget\" data-settings=\"{&quot;_position&quot;:&quot;absolute&quot;}\" data-widget_type=\"text-editor.default\">\n\t\t\t\t<div class=\"elementor-widget-container\">\n\t\t\t\t\t\t\t\t\tFilm\t\t\t\t\t\t\t\t<\/div>\n\t\t\t\t<\/div>\n\t\t\t\t<\/div>\n\t\t\t\t\t<\/div>\n\t\t\t\t<\/div>\n\t\t\t\t<\/div>\n\t\t\t\t<div data-elementor-type=\"loop-item\" data-elementor-id=\"37613\" class=\"elementor elementor-37613 e-loop-item e-loop-item-35355 post-35355 post type-post status-publish format-standard has-post-thumbnail hentry category-audio category-neuigkeit tag-agroforst tag-klimaneutrale-landwirtschaft tag-podcast\" data-elementor-post-type=\"elementor_library\" data-custom-edit-handle=\"1\">\n\t\t\t<div class=\"elementor-element elementor-element-c79cfe5 e-flex e-con-boxed e-con e-parent\" data-id=\"c79cfe5\" data-element_type=\"container\" data-e-type=\"container\">\n\t\t\t\t\t<div class=\"e-con-inner\">\n\t\t<div class=\"elementor-element elementor-element-64a3d73 e-con-full e-flex e-con e-child\" data-id=\"64a3d73\" data-element_type=\"container\" data-e-type=\"container\">\n\t\t\t\t<div class=\"elementor-element elementor-element-2e3812c elementor-widget__width-inherit elementor-widget elementor-widget-image\" data-id=\"2e3812c\" data-element_type=\"widget\" data-e-type=\"widget\" data-widget_type=\"image.default\">\n\t\t\t\t<div class=\"elementor-widget-container\">\n\t\t\t\t\t\t\t\t\t\t\t\t\t\t\t\t<a href=\"https:\/\/permakultur-landwirtschaft.org\/fr\/agroforst-doppeltes-spiel-auf-feld-und-weide-podcast-vom-05-november-2024\/\">\n\t\t\t\t\t\t\t<img loading=\"lazy\" decoding=\"async\" width=\"700\" height=\"393\" src=\"https:\/\/permakultur-landwirtschaft.org\/wp-content\/uploads\/2023\/01\/fibl_agroforst_2023-01-24_14-59-13.jpg\" class=\"attachment-full size-full wp-image-28023\" alt=\"Agroforst\" srcset=\"https:\/\/permakultur-landwirtschaft.org\/wp-content\/uploads\/2023\/01\/fibl_agroforst_2023-01-24_14-59-13.jpg 700w, https:\/\/permakultur-landwirtschaft.org\/wp-content\/uploads\/2023\/01\/fibl_agroforst_2023-01-24_14-59-13-300x168.jpg 300w\" sizes=\"(max-width: 700px) 100vw, 700px\" \/>\t\t\t\t\t\t\t\t<\/a>\n\t\t\t\t\t\t\t\t\t\t\t\t\t\t\t<\/div>\n\t\t\t\t<\/div>\n\t\t\t\t<div class=\"elementor-element elementor-element-65dfa9f elementor-widget elementor-widget-theme-post-title elementor-page-title elementor-widget-heading\" data-id=\"65dfa9f\" data-element_type=\"widget\" data-e-type=\"widget\" data-widget_type=\"theme-post-title.default\">\n\t\t\t\t<div class=\"elementor-widget-container\">\n\t\t\t\t\t<h3 class=\"elementor-heading-title elementor-size-default\"><a href=\"https:\/\/permakultur-landwirtschaft.org\/fr\/agroforst-doppeltes-spiel-auf-feld-und-weide-podcast-vom-05-november-2024\/\">Agroforst \u2013 doppeltes Spiel auf Feld und Weide &#8211; Podcast vom 05. November 2024<\/a><\/h3>\t\t\t\t<\/div>\n\t\t\t\t<\/div>\n\t\t\t\t<div class=\"elementor-element elementor-element-0ad4e09 elementor-absolute elementor-widget elementor-widget-text-editor\" data-id=\"0ad4e09\" data-element_type=\"widget\" data-e-type=\"widget\" data-settings=\"{&quot;_position&quot;:&quot;absolute&quot;}\" data-widget_type=\"text-editor.default\">\n\t\t\t\t<div class=\"elementor-widget-container\">\n\t\t\t\t\t\t\t\t\tAudio\t\t\t\t\t\t\t\t<\/div>\n\t\t\t\t<\/div>\n\t\t\t\t<\/div>\n\t\t\t\t\t<\/div>\n\t\t\t\t<\/div>\n\t\t\t\t<\/div>\n\t\t\t\t<\/div>\n\t\t\t\t\t<span class=\"e-load-more-spinner\">\n\t\t\t\t<svg aria-hidden=\"true\" class=\"e-font-icon-svg e-fas-spinner\" viewBox=\"0 0 512 512\" xmlns=\"http:\/\/www.w3.org\/2000\/svg\"><path d=\"M304 48c0 26.51-21.49 48-48 48s-48-21.49-48-48 21.49-48 48-48 48 21.49 48 48zm-48 368c-26.51 0-48 21.49-48 48s21.49 48 48 48 48-21.49 48-48-21.49-48-48-48zm208-208c-26.51 0-48 21.49-48 48s21.49 48 48 48 48-21.49 48-48-21.49-48-48-48zM96 256c0-26.51-21.49-48-48-48S0 229.49 0 256s21.49 48 48 48 48-21.49 48-48zm12.922 99.078c-26.51 0-48 21.49-48 48s21.49 48 48 48 48-21.49 48-48c0-26.509-21.491-48-48-48zm294.156 0c-26.51 0-48 21.49-48 48s21.49 48 48 48 48-21.49 48-48c0-26.509-21.49-48-48-48zM108.922 60.922c-26.51 0-48 21.49-48 48s21.49 48 48 48 48-21.49 48-48-21.491-48-48-48z\"><\/path><\/svg>\t\t\t<\/span>\n\t\t\n\t\t\t\t<div class=\"e-load-more-anchor\" data-page=\"1\" data-max-page=\"4\" data-next-page=\"https:\/\/permakultur-landwirtschaft.org\/fr\/wp-json\/wp\/v2\/pages\/2695\/page\/2\/\"><\/div>\n\t\t\t\t<div class=\"e-loop__load-more elementor-button-wrapper\">\n\t\t\t<a class=\"elementor-button elementor-size-sm\" role=\"button\">\n\t\t\t\t\t\t<span class=\"elementor-button-content-wrapper\">\n\t\t\t\t\t\t\t\t\t<span class=\"elementor-button-text\">weitere...<\/span>\n\t\t\t\t\t<\/span>\n\t\t\t\t\t<\/a>\n\t\t<\/div>\n\t\t\t\t<div class=\"e-load-more-message\"><\/div>\n\t\t\t\t\t\t<\/div>\n\t\t\t\t<\/div>\n\t\t\t\t<div class=\"elementor-element elementor-element-3931fa5 elementor-widget elementor-widget-spacer\" data-id=\"3931fa5\" data-element_type=\"widget\" data-e-type=\"widget\" data-widget_type=\"spacer.default\">\n\t\t\t\t<div class=\"elementor-widget-container\">\n\t\t\t\t\t\t\t<div class=\"elementor-spacer\">\n\t\t\t<div class=\"elementor-spacer-inner\"><\/div>\n\t\t<\/div>\n\t\t\t\t\t\t<\/div>\n\t\t\t\t<\/div>\n\t\t\t\t<\/div>\n\t\t\t\t\t<\/div>\n\t\t\t\t<\/div>\n\t\t\t\t<\/div>\n\t\t","protected":false},"excerpt":{"rendered":"<p>Videos, Audios und Podcasts zu Permkakultur-Landwirtschaft Hier finden Sie spannende Filme, Audios und Podcasts rund um Permakultur-Landwirtschaft. Andere interessante Podcast, Audio- und Videokan\u00e4le Agroforst Podcasts der IG Agroforst Agrar\u00f6kologie Podcast von Agridea Cambium, le podcast de l&#8217;agroforesterie (fran\u00e7aise) Permastart ARD Mediathek Landwirtschaft.Klima.Wandel. &#8211; Podcasts von Klimaneutrale Landwirtschaft Graub\u00fcnden Filme f\u00fcr die Erde Permakultur Filme von [&hellip;]<\/p>\n","protected":false},"author":2,"featured_media":33104,"parent":0,"menu_order":0,"comment_status":"closed","ping_status":"closed","template":"","meta":{"_acf_changed":false,"site-sidebar-layout":"default","site-content-layout":"","ast-site-content-layout":"default","site-content-style":"default","site-sidebar-style":"default","ast-global-header-display":"","ast-banner-title-visibility":"","ast-main-header-display":"","ast-hfb-above-header-display":"","ast-hfb-below-header-display":"","ast-hfb-mobile-header-display":"","site-post-title":"","ast-breadcrumbs-content":"","ast-featured-img":"","footer-sml-layout":"","ast-disable-related-posts":"","theme-transparent-header-meta":"","adv-header-id-meta":"","stick-header-meta":"","header-above-stick-meta":"","header-main-stick-meta":"","header-below-stick-meta":"","astra-migrate-meta-layouts":"set","ast-page-background-enabled":"default","ast-page-background-meta":{"desktop":{"background-color":"var(--ast-global-color-4)","background-image":"","background-repeat":"repeat","background-position":"center center","background-size":"auto","background-attachment":"scroll","background-type":"","background-media":"","overlay-type":"","overlay-color":"","overlay-opacity":"","overlay-gradient":""},"tablet":{"background-color":"","background-image":"","background-repeat":"repeat","background-position":"center center","background-size":"auto","background-attachment":"scroll","background-type":"","background-media":"","overlay-type":"","overlay-color":"","overlay-opacity":"","overlay-gradient":""},"mobile":{"background-color":"","background-image":"","background-repeat":"repeat","background-position":"center center","background-size":"auto","background-attachment":"scroll","background-type":"","background-media":"","overlay-type":"","overlay-color":"","overlay-opacity":"","overlay-gradient":""}},"ast-content-background-meta":{"desktop":{"background-color":"var(--ast-global-color-5)","background-image":"","background-repeat":"repeat","background-position":"center center","background-size":"auto","background-attachment":"scroll","background-type":"","background-media":"","overlay-type":"","overlay-color":"","overlay-opacity":"","overlay-gradient":""},"tablet":{"background-color":"var(--ast-global-color-5)","background-image":"","background-repeat":"repeat","background-position":"center center","background-size":"auto","background-attachment":"scroll","background-type":"","background-media":"","overlay-type":"","overlay-color":"","overlay-opacity":"","overlay-gradient":""},"mobile":{"background-color":"var(--ast-global-color-5)","background-image":"","background-repeat":"repeat","background-position":"center center","background-size":"auto","background-attachment":"scroll","background-type":"","background-media":"","overlay-type":"","overlay-color":"","overlay-opacity":"","overlay-gradient":""}},"footnotes":""},"class_list":["post-2695","page","type-page","status-publish","has-post-thumbnail","hentry"],"acf":[],"yoast_head":"<!-- This site is optimized with the Yoast SEO plugin v27.5 - https:\/\/yoast.com\/product\/yoast-seo-wordpress\/ -->\n<title>Filme und Audios - Permakultur-Landwirtschaft<\/title>\n<meta name=\"description\" content=\"Hier finden Sie spannende Filme, Audios und Podcasts rund um das Thema Permakultur-Landwirtschaft \/ Agroforst \/ Regenerativ \/ Aufbauend.\" \/>\n<meta name=\"robots\" content=\"index, follow, max-snippet:-1, max-image-preview:large, max-video-preview:-1\" \/>\n<link rel=\"canonical\" href=\"https:\/\/permakultur-landwirtschaft.org\/fr\/filme\/\" \/>\n<meta property=\"og:locale\" content=\"fr_FR\" \/>\n<meta property=\"og:type\" content=\"article\" \/>\n<meta property=\"og:title\" content=\"Filme und Audios - Permakultur-Landwirtschaft\" \/>\n<meta property=\"og:description\" content=\"Hier finden Sie spannende Filme, Audios und Podcasts rund um das Thema Permakultur-Landwirtschaft \/ Agroforst \/ Regenerativ \/ Aufbauend.\" \/>\n<meta property=\"og:url\" content=\"https:\/\/permakultur-landwirtschaft.org\/fr\/filme\/\" \/>\n<meta property=\"og:site_name\" content=\"Permakultur-Landwirtschaft\" \/>\n<meta property=\"article:publisher\" content=\"https:\/\/www.facebook.com\/PermakulturLandwirtschaft\" \/>\n<meta property=\"article:modified_time\" content=\"2026-03-31T07:51:35+00:00\" \/>\n<meta property=\"og:image\" content=\"https:\/\/permakultur-landwirtschaft.org\/wp-content\/uploads\/2023\/11\/keyline_katzhof_fibl_film_2023-11-22_10-29-10.jpg\" \/>\n\t<meta property=\"og:image:width\" content=\"701\" \/>\n\t<meta property=\"og:image:height\" content=\"370\" \/>\n\t<meta property=\"og:image:type\" content=\"image\/jpeg\" \/>\n<meta name=\"twitter:card\" content=\"summary_large_image\" \/>\n<meta name=\"twitter:label1\" content=\"Dur\u00e9e de lecture estim\u00e9e\" \/>\n\t<meta name=\"twitter:data1\" content=\"6 minutes\" \/>\n<script type=\"application\/ld+json\" class=\"yoast-schema-graph\">{\"@context\":\"https:\\\/\\\/schema.org\",\"@graph\":[{\"@type\":\"WebPage\",\"@id\":\"https:\\\/\\\/permakultur-landwirtschaft.org\\\/filme\\\/\",\"url\":\"https:\\\/\\\/permakultur-landwirtschaft.org\\\/filme\\\/\",\"name\":\"Filme und Audios - Permakultur-Landwirtschaft\",\"isPartOf\":{\"@id\":\"https:\\\/\\\/permakultur-landwirtschaft.org\\\/#website\"},\"primaryImageOfPage\":{\"@id\":\"https:\\\/\\\/permakultur-landwirtschaft.org\\\/filme\\\/#primaryimage\"},\"image\":{\"@id\":\"https:\\\/\\\/permakultur-landwirtschaft.org\\\/filme\\\/#primaryimage\"},\"thumbnailUrl\":\"https:\\\/\\\/permakultur-landwirtschaft.org\\\/wp-content\\\/uploads\\\/2023\\\/11\\\/keyline_katzhof_fibl_film_2023-11-22_10-29-10.jpg\",\"datePublished\":\"2021-04-23T07:08:55+00:00\",\"dateModified\":\"2026-03-31T07:51:35+00:00\",\"description\":\"Hier finden Sie spannende Filme, Audios und Podcasts rund um das Thema Permakultur-Landwirtschaft \\\/ Agroforst \\\/ Regenerativ \\\/ Aufbauend.\",\"breadcrumb\":{\"@id\":\"https:\\\/\\\/permakultur-landwirtschaft.org\\\/filme\\\/#breadcrumb\"},\"inLanguage\":\"fr-FR\",\"potentialAction\":[{\"@type\":\"ReadAction\",\"target\":[\"https:\\\/\\\/permakultur-landwirtschaft.org\\\/filme\\\/\"]}]},{\"@type\":\"ImageObject\",\"inLanguage\":\"fr-FR\",\"@id\":\"https:\\\/\\\/permakultur-landwirtschaft.org\\\/filme\\\/#primaryimage\",\"url\":\"https:\\\/\\\/permakultur-landwirtschaft.org\\\/wp-content\\\/uploads\\\/2023\\\/11\\\/keyline_katzhof_fibl_film_2023-11-22_10-29-10.jpg\",\"contentUrl\":\"https:\\\/\\\/permakultur-landwirtschaft.org\\\/wp-content\\\/uploads\\\/2023\\\/11\\\/keyline_katzhof_fibl_film_2023-11-22_10-29-10.jpg\",\"width\":701,\"height\":370,\"caption\":\"Bild: youtube.com\"},{\"@type\":\"BreadcrumbList\",\"@id\":\"https:\\\/\\\/permakultur-landwirtschaft.org\\\/filme\\\/#breadcrumb\",\"itemListElement\":[{\"@type\":\"ListItem\",\"position\":1,\"name\":\"Startseite\",\"item\":\"https:\\\/\\\/permakultur-landwirtschaft.org\\\/\"},{\"@type\":\"ListItem\",\"position\":2,\"name\":\"Filme und Audios\"}]},{\"@type\":\"WebSite\",\"@id\":\"https:\\\/\\\/permakultur-landwirtschaft.org\\\/#website\",\"url\":\"https:\\\/\\\/permakultur-landwirtschaft.org\\\/\",\"name\":\"Permakultur-Landwirtschaft\",\"description\":\"F\u00f6rderung der Permakultur in der Landwirtschaft\",\"publisher\":{\"@id\":\"https:\\\/\\\/permakultur-landwirtschaft.org\\\/#organization\"},\"potentialAction\":[{\"@type\":\"SearchAction\",\"target\":{\"@type\":\"EntryPoint\",\"urlTemplate\":\"https:\\\/\\\/permakultur-landwirtschaft.org\\\/?s={search_term_string}\"},\"query-input\":{\"@type\":\"PropertyValueSpecification\",\"valueRequired\":true,\"valueName\":\"search_term_string\"}}],\"inLanguage\":\"fr-FR\"},{\"@type\":\"Organization\",\"@id\":\"https:\\\/\\\/permakultur-landwirtschaft.org\\\/#organization\",\"name\":\"Permakultur-Landwirtschaft\",\"alternateName\":\"Verein Permakultur-Landwirtschaft\",\"url\":\"https:\\\/\\\/permakultur-landwirtschaft.org\\\/\",\"logo\":{\"@type\":\"ImageObject\",\"inLanguage\":\"fr-FR\",\"@id\":\"https:\\\/\\\/permakultur-landwirtschaft.org\\\/#\\\/schema\\\/logo\\\/image\\\/\",\"url\":\"https:\\\/\\\/permakultur-landwirtschaft.org\\\/wp-content\\\/uploads\\\/2021\\\/11\\\/pela_1268x1269.png\",\"contentUrl\":\"https:\\\/\\\/permakultur-landwirtschaft.org\\\/wp-content\\\/uploads\\\/2021\\\/11\\\/pela_1268x1269.png\",\"width\":1298,\"height\":1269,\"caption\":\"Permakultur-Landwirtschaft\"},\"image\":{\"@id\":\"https:\\\/\\\/permakultur-landwirtschaft.org\\\/#\\\/schema\\\/logo\\\/image\\\/\"},\"sameAs\":[\"https:\\\/\\\/www.facebook.com\\\/PermakulturLandwirtschaft\",\"https:\\\/\\\/www.instagram.com\\\/permakultur_landwirtschaft\\\/\",\"https:\\\/\\\/www.flickr.com\\\/photos\\\/permakultur-landwirtschaft\",\"https:\\\/\\\/www.youtube.com\\\/@PermakulturLandwirtschaft\"]}]}<\/script>\n<!-- \/ Yoast SEO plugin. -->","yoast_head_json":{"title":"Filme und Audios - Permakultur-Landwirtschaft","description":"Hier finden Sie spannende Filme, Audios und Podcasts rund um das Thema Permakultur-Landwirtschaft \/ Agroforst \/ Regenerativ \/ Aufbauend.","robots":{"index":"index","follow":"follow","max-snippet":"max-snippet:-1","max-image-preview":"max-image-preview:large","max-video-preview":"max-video-preview:-1"},"canonical":"https:\/\/permakultur-landwirtschaft.org\/fr\/filme\/","og_locale":"fr_FR","og_type":"article","og_title":"Filme und Audios - Permakultur-Landwirtschaft","og_description":"Hier finden Sie spannende Filme, Audios und Podcasts rund um das Thema Permakultur-Landwirtschaft \/ Agroforst \/ Regenerativ \/ Aufbauend.","og_url":"https:\/\/permakultur-landwirtschaft.org\/fr\/filme\/","og_site_name":"Permakultur-Landwirtschaft","article_publisher":"https:\/\/www.facebook.com\/PermakulturLandwirtschaft","article_modified_time":"2026-03-31T07:51:35+00:00","og_image":[{"width":701,"height":370,"url":"https:\/\/permakultur-landwirtschaft.org\/wp-content\/uploads\/2023\/11\/keyline_katzhof_fibl_film_2023-11-22_10-29-10.jpg","type":"image\/jpeg"}],"twitter_card":"summary_large_image","twitter_misc":{"Dur\u00e9e de lecture estim\u00e9e":"6 minutes"},"schema":{"@context":"https:\/\/schema.org","@graph":[{"@type":"WebPage","@id":"https:\/\/permakultur-landwirtschaft.org\/filme\/","url":"https:\/\/permakultur-landwirtschaft.org\/filme\/","name":"Filme und Audios - Permakultur-Landwirtschaft","isPartOf":{"@id":"https:\/\/permakultur-landwirtschaft.org\/#website"},"primaryImageOfPage":{"@id":"https:\/\/permakultur-landwirtschaft.org\/filme\/#primaryimage"},"image":{"@id":"https:\/\/permakultur-landwirtschaft.org\/filme\/#primaryimage"},"thumbnailUrl":"https:\/\/permakultur-landwirtschaft.org\/wp-content\/uploads\/2023\/11\/keyline_katzhof_fibl_film_2023-11-22_10-29-10.jpg","datePublished":"2021-04-23T07:08:55+00:00","dateModified":"2026-03-31T07:51:35+00:00","description":"Hier finden Sie spannende Filme, Audios und Podcasts rund um das Thema Permakultur-Landwirtschaft \/ Agroforst \/ Regenerativ \/ Aufbauend.","breadcrumb":{"@id":"https:\/\/permakultur-landwirtschaft.org\/filme\/#breadcrumb"},"inLanguage":"fr-FR","potentialAction":[{"@type":"ReadAction","target":["https:\/\/permakultur-landwirtschaft.org\/filme\/"]}]},{"@type":"ImageObject","inLanguage":"fr-FR","@id":"https:\/\/permakultur-landwirtschaft.org\/filme\/#primaryimage","url":"https:\/\/permakultur-landwirtschaft.org\/wp-content\/uploads\/2023\/11\/keyline_katzhof_fibl_film_2023-11-22_10-29-10.jpg","contentUrl":"https:\/\/permakultur-landwirtschaft.org\/wp-content\/uploads\/2023\/11\/keyline_katzhof_fibl_film_2023-11-22_10-29-10.jpg","width":701,"height":370,"caption":"Bild: youtube.com"},{"@type":"BreadcrumbList","@id":"https:\/\/permakultur-landwirtschaft.org\/filme\/#breadcrumb","itemListElement":[{"@type":"ListItem","position":1,"name":"Startseite","item":"https:\/\/permakultur-landwirtschaft.org\/"},{"@type":"ListItem","position":2,"name":"Filme und Audios"}]},{"@type":"WebSite","@id":"https:\/\/permakultur-landwirtschaft.org\/#website","url":"https:\/\/permakultur-landwirtschaft.org\/","name":"Permakultur-Landwirtschaft","description":"F\u00f6rderung der Permakultur in der Landwirtschaft","publisher":{"@id":"https:\/\/permakultur-landwirtschaft.org\/#organization"},"potentialAction":[{"@type":"SearchAction","target":{"@type":"EntryPoint","urlTemplate":"https:\/\/permakultur-landwirtschaft.org\/?s={search_term_string}"},"query-input":{"@type":"PropertyValueSpecification","valueRequired":true,"valueName":"search_term_string"}}],"inLanguage":"fr-FR"},{"@type":"Organization","@id":"https:\/\/permakultur-landwirtschaft.org\/#organization","name":"Permakultur-Landwirtschaft","alternateName":"Verein Permakultur-Landwirtschaft","url":"https:\/\/permakultur-landwirtschaft.org\/","logo":{"@type":"ImageObject","inLanguage":"fr-FR","@id":"https:\/\/permakultur-landwirtschaft.org\/#\/schema\/logo\/image\/","url":"https:\/\/permakultur-landwirtschaft.org\/wp-content\/uploads\/2021\/11\/pela_1268x1269.png","contentUrl":"https:\/\/permakultur-landwirtschaft.org\/wp-content\/uploads\/2021\/11\/pela_1268x1269.png","width":1298,"height":1269,"caption":"Permakultur-Landwirtschaft"},"image":{"@id":"https:\/\/permakultur-landwirtschaft.org\/#\/schema\/logo\/image\/"},"sameAs":["https:\/\/www.facebook.com\/PermakulturLandwirtschaft","https:\/\/www.instagram.com\/permakultur_landwirtschaft\/","https:\/\/www.flickr.com\/photos\/permakultur-landwirtschaft","https:\/\/www.youtube.com\/@PermakulturLandwirtschaft"]}]}},"_links":{"self":[{"href":"https:\/\/permakultur-landwirtschaft.org\/fr\/wp-json\/wp\/v2\/pages\/2695","targetHints":{"allow":["GET"]}}],"collection":[{"href":"https:\/\/permakultur-landwirtschaft.org\/fr\/wp-json\/wp\/v2\/pages"}],"about":[{"href":"https:\/\/permakultur-landwirtschaft.org\/fr\/wp-json\/wp\/v2\/types\/page"}],"author":[{"embeddable":true,"href":"https:\/\/permakultur-landwirtschaft.org\/fr\/wp-json\/wp\/v2\/users\/2"}],"replies":[{"embeddable":true,"href":"https:\/\/permakultur-landwirtschaft.org\/fr\/wp-json\/wp\/v2\/comments?post=2695"}],"version-history":[{"count":108,"href":"https:\/\/permakultur-landwirtschaft.org\/fr\/wp-json\/wp\/v2\/pages\/2695\/revisions"}],"predecessor-version":[{"id":39025,"href":"https:\/\/permakultur-landwirtschaft.org\/fr\/wp-json\/wp\/v2\/pages\/2695\/revisions\/39025"}],"wp:featuredmedia":[{"embeddable":true,"href":"https:\/\/permakultur-landwirtschaft.org\/fr\/wp-json\/wp\/v2\/media\/33104"}],"wp:attachment":[{"href":"https:\/\/permakultur-landwirtschaft.org\/fr\/wp-json\/wp\/v2\/media?parent=2695"}],"curies":[{"name":"wp","href":"https:\/\/api.w.org\/{rel}","templated":true}]}}