{"id":2351,"date":"2020-12-07T17:37:20","date_gmt":"2020-12-07T16:37:20","guid":{"rendered":"http:\/\/permakultur-landwirtschaft.org\/?page_id=2351"},"modified":"2026-04-20T10:36:29","modified_gmt":"2026-04-20T08:36:29","slug":"links","status":"publish","type":"page","link":"https:\/\/permakultur-landwirtschaft.org\/fr\/links\/","title":{"rendered":"Liens"},"content":{"rendered":"<div data-elementor-type=\"wp-page\" data-elementor-id=\"2351\" class=\"elementor elementor-2351\" data-elementor-post-type=\"page\">\n\t\t\t\t<div class=\"elementor-element elementor-element-dc0608c e-flex e-con-boxed e-con e-parent\" data-id=\"dc0608c\" data-element_type=\"container\" data-e-type=\"container\">\n\t\t\t\t\t<div class=\"e-con-inner\">\n\t\t<div class=\"elementor-element elementor-element-c5c67e8 e-con-full e-flex e-con e-child\" data-id=\"c5c67e8\" data-element_type=\"container\" data-e-type=\"container\">\n\t\t\t\t<div class=\"elementor-element elementor-element-894b955 elementor-widget elementor-widget-heading\" data-id=\"894b955\" data-element_type=\"widget\" data-e-type=\"widget\" data-widget_type=\"heading.default\">\n\t\t\t\t<div class=\"elementor-widget-container\">\n\t\t\t\t\t<h1 class=\"elementor-heading-title elementor-size-default\">Liens int\u00e9ressants<\/h1>\t\t\t\t<\/div>\n\t\t\t\t<\/div>\n\t\t\t\t<div class=\"elementor-element elementor-element-68fe7ec elementor-align-left elementor-widget elementor-widget-global elementor-global-31837 elementor-widget-post-info\" data-id=\"68fe7ec\" data-element_type=\"widget\" data-e-type=\"widget\" data-widget_type=\"post-info.default\">\n\t\t\t\t<div class=\"elementor-widget-container\">\n\t\t\t\t\t\t\t<ul class=\"elementor-inline-items elementor-icon-list-items elementor-post-info\">\n\t\t\t\t\t\t\t\t<li class=\"elementor-icon-list-item elementor-repeater-item-b86257f elementor-inline-item\">\n\t\t\t\t\t\t\t\t\t\t\t\t\t<span class=\"elementor-icon-list-text elementor-post-info__item elementor-post-info__item--type-custom\">\n\t\t\t\t\t\t\t\t\t\tDerni\u00e8re mise \u00e0 jour\t\t\t\t\t<\/span>\n\t\t\t\t\t\t\t\t<\/li>\n\t\t\t\t<li class=\"elementor-icon-list-item elementor-repeater-item-94e5de7 elementor-inline-item\">\n\t\t\t\t\t\t\t\t\t\t\t\t\t<span class=\"elementor-icon-list-text elementor-post-info__item elementor-post-info__item--type-custom\">\n\t\t\t\t\t\t\t\t\t\t20. avril 2026\t\t\t\t\t<\/span>\n\t\t\t\t\t\t\t\t<\/li>\n\t\t\t\t<\/ul>\n\t\t\t\t\t\t<\/div>\n\t\t\t\t<\/div>\n\t\t\t\t<div class=\"elementor-element elementor-element-7f39f21 elementor-widget elementor-widget-text-editor\" data-id=\"7f39f21\" data-element_type=\"widget\" data-e-type=\"widget\" data-widget_type=\"text-editor.default\">\n\t\t\t\t<div class=\"elementor-widget-container\">\n\t\t\t\t\t\t\t\t\t<p>Vous trouverez ici des liens sur le th\u00e8me de l'agriculture en Permaculture. Nous sommes \u00e0 votre disposition pour toute information compl\u00e9mentaire \u00e0 l'adresse suivante <a href=\"https:\/\/permakultur-landwirtschaft.org\/fr\/kontakt\/\">Contacts<\/a>.<\/p>\t\t\t\t\t\t\t\t<\/div>\n\t\t\t\t<\/div>\n\t\t\t\t<div class=\"elementor-element elementor-element-4888299 elementor-widget elementor-widget-heading\" data-id=\"4888299\" data-element_type=\"widget\" data-e-type=\"widget\" data-widget_type=\"heading.default\">\n\t\t\t\t<div class=\"elementor-widget-container\">\n\t\t\t\t\t<h2 class=\"elementor-heading-title elementor-size-default\">Permaculture<\/h2>\t\t\t\t<\/div>\n\t\t\t\t<\/div>\n\t\t\t\t<div class=\"elementor-element elementor-element-d845674 elementor-widget elementor-widget-text-editor\" data-id=\"d845674\" data-element_type=\"widget\" data-e-type=\"widget\" data-widget_type=\"text-editor.default\">\n\t\t\t\t<div class=\"elementor-widget-container\">\n\t\t\t\t\t\t\t\t\t<ul>\n<li><a href=\"https:\/\/www.permakultur.ch\/\" target=\"_blank\" rel=\"noopener\">Verein Permakultur Schweiz<\/a><\/li>\n<!-- \/wp:list-item --><!-- wp:list-item -->\n<li><a href=\"https:\/\/www.permaculture.ch\/\" target=\"_blank\" rel=\"noopener\">Association Permaculture Romande<\/a><\/li>\n<!-- \/wp:list-item --><!-- wp:list-item -->\n<li>De nombreuses informations et des planificateurs de plantation : <a href=\"https:\/\/permakultur-konkret.ch\" target=\"_blank\" rel=\"noopener\">Permakultur-konkret<\/a><\/li>\n<!-- \/wp:list-item --><!-- wp:list-item -->\n<li><a href=\"https:\/\/themes.agripedia.ch\/thema\/themen\/permakultur\/\" target=\"_blank\" rel=\"noopener\">Agripedia zu Permakultur<\/a><\/li>\n<li>Fondation suisse pour la promotion de projets de permaculture dans l'agriculture : <a href=\"https:\/\/visio-permacultura.ch\/\" target=\"_blank\" rel=\"noopener\">VISIO-permacultura<\/a><\/li>\n<li><a href=\"https:\/\/www.permakultur-jetzt.ch\/\" target=\"_blank\" rel=\"noopener\">Permakultur jetzt!<\/a><\/li>\n<li><a href=\"https:\/\/permaria.ch\/lehrfilme\/\" target=\"_blank\" rel=\"noopener\">Lehrfilme zu Permakultur von Permaria<\/a><\/li>\n<li><a href=\"https:\/\/www.bioaktuell.ch\/pflanzenbau\/permakultur\" target=\"_blank\" rel=\"noopener\">Permakultur bei BIO Aktuell: www.bioaktuell.ch\/pflanzenbau\/permakultur<\/a><\/li>\n<li><a href=\"https:\/\/www.bioactualites.ch\/cultures\/permaculture\" target=\"_blank\" rel=\"noopener\">Permaculture \u00e0 BIO Actualites: www.bioactualites.ch\/cultures\/permaculture<\/a><\/li>\n<li><a href=\"https:\/\/www.bioactualites.ch\/cultures\/permaculture\/microfermes\" target=\"_blank\" rel=\"noreferrer noopener\">Microfermes &#8211; donn\u00e9es technico-\u00e9conomiques <\/a><\/li>\n<li><a href=\"https:\/\/www.prometerre.ch\/prestations\/conseils-individuels-techniques-economique-et-administratifs\/microfermes-et-agriculture-urbaine\" target=\"_blank\" rel=\"noreferrer noopener\">Microfermes et Agriculture urbaine &#8211; Prom\u00e9terre<\/a><\/li>\n<li><a href=\"https:\/\/www.petitspaysans.ch\/microfermes\" target=\"_blank\" rel=\"noopener\">Microfermes: un espace de vie:\u00a0 www.petitspaysans.ch\/microfermes<\/a><\/li>\n<!-- \/wp:list-item --><!-- wp:list-item -->\n<li><a href=\"https:\/\/holzerpermaculture.com\" target=\"_blank\" rel=\"noreferrer noopener\">Holzer Permaculture solutions<\/a><\/li>\n<!-- \/wp:list-item --><!-- wp:list-item -->\n<li><a href=\"https:\/\/www.permakultur.de\" target=\"_blank\" rel=\"noreferrer noopener\">Permakultur Institut e.V. und Permakultur Akademie Deutschland<\/a><\/li>\n<li><a href=\"https:\/\/waldgarteninstitut.wordpress.com\/\" target=\"_blank\" rel=\"noopener\">\u00d6sterreichisches Waldgarten-Institut<\/a><\/li>\n<!-- \/wp:list-item --><!-- wp:list-item -->\n<li>Aide sur le chemin d'une ferme en permaculture (english) : <a href=\"https:\/\/permacultureapprentice.com\" target=\"_blank\" rel=\"noopener\">Permaculture apprentice<\/a><\/li>\n<!-- \/wp:list-item --><!-- wp:list-item -->\n<li>Actualit\u00e9s internationales de la permaculture (english) : <a href=\"https:\/\/www.permaculturenews.org\/\" target=\"_blank\" rel=\"noopener\">Permaculture news<\/a><\/li>\n<!-- \/wp:list-item --><!-- wp:list-item -->\n<li>Connaissance libre de la permaculture (english) : <a href=\"https:\/\/permaculturecommons.org\" target=\"_blank\" rel=\"noopener\">Permaculture commons<\/a><\/li>\n<!-- \/wp:list-item --><!-- wp:list-item -->\n<li><a href=\"http:\/\/www.regrarians.org\" target=\"_blank\" rel=\"noopener\">Regrarians von Darran Doherty<\/a><\/li>\n<!-- \/wp:list-item --><!-- wp:list-item -->\n<li>Agrarwende aus B\u00fcrgerhand: <a href=\"https:\/\/perma.gold\" target=\"_blank\" rel=\"noopener\">Permagold<\/a><\/li>\n<!-- \/wp:list-item --><!-- wp:list-item -->\n<li><a href=\"https:\/\/www.discoverpermaculture.com\" target=\"_blank\" rel=\"noopener\">Discover permaculture von Geoff Lawton<\/a><\/li>\n<!-- \/wp:list-item --><!-- wp:list-item -->\n<li><a href=\"http:\/\/lebensraum-permakultur.de\/\" target=\"_blank\" rel=\"noopener\">Blog von Stefan Schwarzer<\/a><\/li>\n<!-- \/wp:list-item --><!-- wp:list-item -->\n<li><a href=\"https:\/\/www.wholesystemsdesign.com\" target=\"_blank\" rel=\"noreferrer noopener\">Whole Systems Design &#8211; Ben Falk (english)<\/a><\/li>\n<li><a href=\"https:\/\/www.japandigest.de\/kulturerbe\/geschichte\/kunsthandwerk\/fukuoka-masanobu\/\" target=\"_blank\" rel=\"noopener\">Bauer, Philosoph und Revolution\u00e4r: Fukuoka Masanobu<\/a><\/li>\n<li><a href=\"https:\/\/www.permaculturenews.org\/2020\/07\/25\/the-philosophy-of-masanobu-fukuoka\/\" target=\"_blank\" rel=\"noopener\">The Philosophy of Masanobu Fukuoka (english)<\/a><\/li>\n<\/ul>\t\t\t\t\t\t\t\t<\/div>\n\t\t\t\t<\/div>\n\t\t\t\t<div class=\"elementor-element elementor-element-be98357 elementor-widget elementor-widget-heading\" data-id=\"be98357\" data-element_type=\"widget\" data-e-type=\"widget\" data-widget_type=\"heading.default\">\n\t\t\t\t<div class=\"elementor-widget-container\">\n\t\t\t\t\t<h2 class=\"elementor-heading-title elementor-size-default\">Agroforesterie<\/h2>\t\t\t\t<\/div>\n\t\t\t\t<\/div>\n\t\t\t\t<div class=\"elementor-element elementor-element-3c3426e elementor-widget elementor-widget-text-editor\" data-id=\"3c3426e\" data-element_type=\"widget\" data-e-type=\"widget\" data-widget_type=\"text-editor.default\">\n\t\t\t\t<div class=\"elementor-widget-container\">\n\t\t\t\t\t\t\t\t\t<ul>\n<li><a href=\"https:\/\/www.agroforst.ch\/\" target=\"_blank\" rel=\"noopener\">IG Agroforst (deutsch)<\/a> \/ <a href=\"https:\/\/www.agroforesterie.ch\/\" target=\"_blank\" rel=\"noopener\">IG agroforesterie (fran\u00e7ais)<\/a><\/li>\n<!-- \/wp:list-item --><!-- wp:list-item -->\n<li><a href=\"https:\/\/www.agroscope.admin.ch\/agroscope\/de\/home\/themen\/umwelt-ressourcen\/biodiversitaet-landschaft\/agrarlandschaft\/agroforstwirtschaft.html\" target=\"_blank\" rel=\"noopener noreferrer\">Agroforstwirtschaft als neue Landnutzungsform bei Agroscope<\/a><\/li>\n<li><a href=\"https:\/\/silvocultura.ch\/feldlabor-agroforst-netzwerk\/\" target=\"_blank\" rel=\"noopener\">Feldlabor Agroforst Netzwerk FAN bei Silvocultura<\/a> &#8211; <a href=\"https:\/\/www.zhaw.ch\/de\/forschung\/projekt\/77634\" target=\"_blank\" rel=\"noopener\">Feldlabor Agroforst Netzwerk FAN bei der ZHAW<\/a><\/li>\n<li><a href=\"https:\/\/www.agroscope.admin.ch\/agroscope\/de\/home\/themen\/pflanzenbau\/futterbau-grasland\/anpassung-trockenperioden\/agroforstsysteme-futterproduktion.html\" target=\"_blank\" rel=\"noopener\">Agroforstsysteme f\u00fcr die Futterproduktion<\/a><\/li>\n<!-- \/wp:list-item --><!-- wp:list-item -->\n<li><a href=\"https:\/\/www.agroforesterie.fr\" target=\"_blank\" rel=\"noopener\">Association Fran\u00e7aise d&#8217;agroforesterie (fran\u00e7ais)<\/a><\/li>\n<!-- \/wp:list-item --><!-- wp:list-item -->\n<li><a href=\"https:\/\/www.bioaktuell.ch\/pflanzenbau\/nachhaltigkeit\/agroforst.html\" target=\"_blank\" rel=\"noopener noreferrer\">Infos zu Agroforst von Bioaktuell<\/a><\/li>\n<!-- \/wp:list-item --><!-- wp:list-item -->\n<li><a href=\"https:\/\/euraf.isa.utl.pt\/\" target=\"_blank\" rel=\"noopener\">EURAF Europ\u00e4ische Agroforst Vereinigung<\/a><\/li>\n<!-- \/wp:list-item --><!-- wp:list-item -->\n<li><a href=\"https:\/\/agroforst-info.de\/\" target=\"_blank\" rel=\"noopener\">Deutscher Fachverband f\u00fcr Agroforstwirtschaft (DeFAF)<\/a><\/li>\n<li><a href=\"https:\/\/baumland-kampagne.de\" target=\"_blank\" rel=\"noopener\">Baumland &#8211; mehr Geh\u00f6lze in die Landwirtschaft<\/a><\/li>\n<!-- \/wp:list-item --><!-- wp:list-item -->\n<li><a href=\"http:\/\/www.agroforst.org\/\" target=\"_blank\" rel=\"noreferrer noopener\">Arbeitsgemeinschaft Agroforst Deutschland<\/a><\/li>\n<!-- \/wp:list-item --><!-- wp:list-item -->\n<li><a href=\"https:\/\/agroforst-beratungsnetzwerk.de\/\" target=\"_blank\" rel=\"noreferrer noopener\">Agroforst Beratungsnetzwerk<\/a><\/li>\n<li><a href=\"https:\/\/agroforst.jetzt\/\" target=\"_blank\" rel=\"noopener\">Agroforst Jetzt!<\/a><\/li>\n<!-- \/wp:list-item --><!-- wp:list-item -->\n<li><a href=\"https:\/\/www.agroforstkampagne.net\/\" target=\"_blank\" rel=\"noreferrer noopener\">Agroforst-Kampagne &#8211; B\u00e4ume auf den Acker<\/a><\/li>\n<li><a href=\"https:\/\/www.oekolandbau.de\/bio-in-der-praxis\/oekologische-landwirtschaft\/oekologischer-pflanzenbau\/agroforstwirtschaft\/\" target=\"_blank\" rel=\"noreferrer noopener\">Agroforst bei \u00d6kolandbau.de<\/a><\/li>\n<li><a href=\"https:\/\/esswaldland.ch\/\" target=\"_blank\" rel=\"noopener\">EssWaldLand &#8211; Die Waldg\u00e4rtner<\/a><\/li>\n<li><a href=\"https:\/\/futterlaub.de\/\" target=\"_blank\" rel=\"noopener\">Futterlaub &#8211; Futter aus Agroforst<\/a><\/li>\n<li><a href=\"https:\/\/agroforst-oesterreich.at\/wp-content\/uploads\/2025\/04\/Teilbericht_BioDiv_Leitfaden.pdf\" target=\"_blank\" rel=\"noopener\">Orientierung &amp; Leitfaden zur\u00a0F\u00f6rderung der Biodiversit\u00e4t durch Agroforstsysteme im Ackerbau<\/a><\/li>\n<li><a href=\"https:\/\/waldgartenkongress.de\/\" target=\"_blank\" rel=\"noopener\">Waldgartenkongress &#8211; Online-Kongress zu Waldgarten, Agroforst und Permakultur\u00a0<\/a><\/li>\n<li><a href=\"https:\/\/www.topagrar.com\/themen\/agroforstwirtschaft-13180812.html\" target=\"_blank\" rel=\"noopener\">Diverse Artikel zu Agroforst von Topagrar<\/a><\/li>\n<!-- \/wp:list-item --><!-- wp:list-item -->\n<li><a href=\"https:\/\/agroforst-oesterreich.at\/\" target=\"_blank\" rel=\"noreferrer noopener\">Agroforst \u00d6sterreich<\/a><\/li>\n<li><a href=\"https:\/\/www.arge-agroforst.at\" target=\"_blank\" rel=\"noopener\">AGRE Agroforst &#8211; Verein zur F\u00f6rderung von Agroforstwirtschaft in \u00d6sterreich<\/a><\/li>\n<!-- \/wp:list-item --><!-- wp:list-item -->\n<li><a href=\"http:\/\/www.waldgarteninstitut.at\/\" target=\"_blank\" rel=\"noopener\">Waldgarten Institut in \u00d6sterreich<\/a><\/li>\n<li><a href=\"https:\/\/www.waldgarten.global\" target=\"_blank\" rel=\"noopener\">Waldgarten.global<\/a><\/li>\n<!-- \/wp:list-item --><!-- wp:list-item -->\n<li><a href=\"https:\/\/www.naturefund.de\/projekte\/dynamischer_agroforst\" target=\"_blank\" rel=\"noopener\">Infos zu dynamischem Agroforst von Naturefund<\/a><\/li>\n<!-- \/wp:list-item --><!-- wp:list-item -->\n<li><a href=\"https:\/\/www.agroforestry.co.uk\/\" target=\"_blank\" rel=\"noreferrer noopener\">The Agroforestry Research Trust (english)<\/a><\/li>\n<!-- \/wp:list-item --><!-- wp:list-item -->\n<li><a href=\"https:\/\/www.voederbomen.nl\/voederwaarden\" target=\"_blank\" rel=\"noreferrer noopener\">Futterbaumdatenbank f\u00fcr Europa (Niederl\u00e4ndisch)<\/a><\/li>\n<li><a href=\"https:\/\/www.voedselbosbouw.org\/\" target=\"_blank\" rel=\"noopener\">Lebensmittel-Forstwirtschaft (Niederl\u00e4ndisch)<\/a><\/li>\n<li><a href=\"https:\/\/netwerkvoedselbosbouw.nl\" target=\"_blank\" rel=\"noopener\">Netwerk Voedselbosbouw &#8211; Food Forestry Network Netherland<\/a><\/li>\n<!-- \/wp:list-item --><!-- wp:list-item -->\n<li><a href=\"https:\/\/centerforagroforestry.org\" target=\"_blank\" rel=\"noopener\">The Center for Agroforestry at the University of Missouri<\/a><\/li>\n<!-- \/wp:list-item --><!-- wp:list-item -->\n<li><span class=\"style-scope yt-formatted-string\" dir=\"auto\"><a href=\"https:\/\/www.regenerativeagroforestry.org\/\" target=\"_blank\" rel=\"noopener\">The Regenerative Agroforestry<\/a><\/span><\/li>\n<!-- \/wp:list-item --><!-- wp:list-item -->\n<li><a href=\"http:\/\/www.signal.uni-goettingen.de\/\" target=\"_blank\" rel=\"noopener\">Projekt SIGNAL der UNI G\u00f6ttingen &#8211; Sustainable intensification of agriculture through agroforestry<\/a><\/li>\n<!-- \/wp:list-item --><!-- wp:list-item -->\n<li><a href=\"https:\/\/voedseluithetbos.nl\/en\" target=\"_blank\" rel=\"noopener\">Food from the forest (english)<\/a><\/li>\n<li><a href=\"https:\/\/www.irishagroforestry.ie\/\" target=\"_blank\" rel=\"noopener\">Irish Agroforestry Forum (english)<\/a><\/li>\n<li><a href=\"https:\/\/iuaf.org\/italy\/\" target=\"_blank\" rel=\"noopener\">Agroforestry in Italy (english)<\/a><\/li>\n<li><a href=\"http:\/\/www.agroforestry.it\/\" target=\"_blank\" rel=\"noopener\">Associazione Italiana AgroForestazione AIAF (italiano)<\/a><\/li>\n<!-- \/wp:list-item --><!-- wp:list-item -->\n<li><a href=\"https:\/\/www.savannainstitute.org\/\" target=\"_blank\" rel=\"noreferrer noopener\">Savanna Institute for agroforestry in the Midwest US (english)<\/a><\/li>\n<!-- \/wp:list-item --><!-- wp:list-item -->\n<li><a href=\"https:\/\/www.syntropicsolutions.com\" target=\"_blank\" rel=\"noreferrer noopener\">Syntropic Farms Projekt von Ernst G\u00f6tsch (english)<\/a><\/li>\n<li><a href=\"https:\/\/www.terra-network.org\/\" target=\"_blank\" rel=\"noopener\">TERRA Network &#8211; Transition for Ecological Reintegration &amp; Reskilling in Agriculture (english)<\/a><\/li>\n<li><a href=\"https:\/\/digitaf.eu\/\" target=\"_blank\" rel=\"noopener\">DigitAF &#8211; DIGItal Tools to boost AgroForestry<\/a><\/li>\n<li><a href=\"https:\/\/www.agroforestryvlaanderen.be\/en\" target=\"_blank\" rel=\"noopener\">Agroforestry in Flanders (english)<\/a><\/li>\n<\/ul>\t\t\t\t\t\t\t\t<\/div>\n\t\t\t\t<\/div>\n\t\t\t\t<div class=\"elementor-element elementor-element-51eff47 elementor-widget elementor-widget-heading\" data-id=\"51eff47\" data-element_type=\"widget\" data-e-type=\"widget\" data-widget_type=\"heading.default\">\n\t\t\t\t<div class=\"elementor-widget-container\">\n\t\t\t\t\t<h2 class=\"elementor-heading-title elementor-size-default\">Agro\u00e9cologie<\/h2>\t\t\t\t<\/div>\n\t\t\t\t<\/div>\n\t\t\t\t<div class=\"elementor-element elementor-element-8431792 elementor-widget elementor-widget-text-editor\" data-id=\"8431792\" data-element_type=\"widget\" data-e-type=\"widget\" data-widget_type=\"text-editor.default\">\n\t\t\t\t<div class=\"elementor-widget-container\">\n\t\t\t\t\t\t\t\t\t<ul>\n<li><a href=\"https:\/\/agroecologyworks.ch\" target=\"_blank\" rel=\"noopener\">Agroecology works! Das Schweizer Netzwerk zu Agrar\u00f6kologie &#8211; agroecologyworks.ch<\/a><\/li>\n<li><a href=\"https:\/\/www.biovision.ch\/story\/agraroekologie-kurz-erklaert\/\" target=\"_blank\" rel=\"noopener\">Agrar\u00f6kologie kurz erkl\u00e4rt &#8211; www.biovision.ch\/story\/agraroekologie-kurz-erklaert<\/a><\/li>\n<li><a href=\"https:\/\/euraf.net\/eelap\" target=\"_blank\" rel=\"noopener\">Projekt: Enriching European Landscapes with Agroecological Practices (EELAP)<\/a><\/li>\n<li><a href=\"https:\/\/agripedia.ch\/agraroekologie\/\" target=\"_blank\" rel=\"noopener\">Wissensportal Agrar\u00f6kologie auf Agripedia &#8211; agripedia.ch\/agraroekologie<\/a><\/li>\n<\/ul>\t\t\t\t\t\t\t\t<\/div>\n\t\t\t\t<\/div>\n\t\t\t\t<div class=\"elementor-element elementor-element-f27360d elementor-widget elementor-widget-heading\" data-id=\"f27360d\" data-element_type=\"widget\" data-e-type=\"widget\" data-widget_type=\"heading.default\">\n\t\t\t\t<div class=\"elementor-widget-container\">\n\t\t\t\t\t<h2 class=\"elementor-heading-title elementor-size-default\">Agriculture r\u00e9g\u00e9n\u00e9rative<\/h2>\t\t\t\t<\/div>\n\t\t\t\t<\/div>\n\t\t\t\t<div class=\"elementor-element elementor-element-ff242d0 elementor-widget elementor-widget-text-editor\" data-id=\"ff242d0\" data-element_type=\"widget\" data-e-type=\"widget\" data-widget_type=\"text-editor.default\">\n\t\t\t\t<div class=\"elementor-widget-container\">\n\t\t\t\t\t\t\t\t\t<ul>\n<li><a href=\"https:\/\/regenerativ.ch\" target=\"_blank\" rel=\"noreferrer noopener\">Regenerativ Schweiz<\/a><\/li>\n<li><a href=\"https:\/\/www.regenerative.ch\" target=\"_blank\" rel=\"noopener\">Suisse R\u00e9g\u00e9n\u00e9rative (fran\u00e7ais)<\/a><\/li>\n<!-- \/wp:list-item --><!-- wp:list-item -->\n<li><a href=\"https:\/\/www.agricultura-regeneratio.ch\" target=\"_blank\" rel=\"noopener\">Verein Agricultura Regeneratio<\/a><\/li>\n<li><a href=\"https:\/\/www.bauernzeitung.ch\/dossier\/pflanzen\/regenerative-landwirtschaft-513145\" target=\"_blank\" rel=\"noopener\">Dossier Regenerative Landwirtschaft der Bauern Zeitung<\/a><\/li>\n<!-- \/wp:list-item --><!-- wp:list-item -->\n<li><a href=\"https:\/\/www.regenerative-landwirtschaft.de\" target=\"_blank\" rel=\"noopener\">Regenerative Landwirtschaft von Dietmar N\u00e4ser<\/a><\/li>\n<!-- \/wp:list-item --><!-- wp:list-item -->\n<li><a href=\"https:\/\/humusfarming.de\/\" target=\"_blank\" rel=\"noopener\">Humusfarming von Friedrich Wenz &#8211; humusfarming.de<\/a><\/li>\n<li><a href=\"https:\/\/humusbewegung.at\/\" target=\"_blank\" rel=\"noopener\">Humus Bewegung &#8211; humusbewegung.at<\/a><\/li>\n<!-- \/wp:list-item --><!-- wp:list-item -->\n<li><a href=\"https:\/\/soilify.org\/\" target=\"_blank\" rel=\"noreferrer noopener\">Soilify f\u00f6rdert die Anwendung regenerativer Prinzipien in der Landwirtschaft und schafft Verbindungen zwischen Landwirten und Verbrauchern &#8211; soilify.org<\/a><\/li>\n<!-- \/wp:list-item --><!-- wp:list-item -->\n<li><a href=\"https:\/\/www.regenerativ.eu\/\" target=\"_blank\" rel=\"noopener\">Regenerativ Europa &#8211; www.regenerativ.eu<\/a><\/li>\n<!-- \/wp:list-item --><!-- wp:list-item -->\n<li><a href=\"https:\/\/eara.farm\/\" target=\"_blank\" rel=\"noreferrer noopener\">European Alliance for Regenerative Agriculture<\/a><\/li>\n<li><a href=\"https:\/\/regenerationinternational.org\" target=\"_blank\" rel=\"noreferrer noopener\">Regeneration International &#8211; regenerationinternational.org<\/a><\/li>\n<li><a href=\"https:\/\/www.richardperkins.co\/\" target=\"_blank\" rel=\"noopener\">Richard Perkins<\/a><\/li>\n<!-- \/wp:list-item --><!-- wp:list-item -->\n<li><a href=\"https:\/\/www.patagoniaprovisions.com\/pages\/regenerative-organic-agriculture\" target=\"_blank\" rel=\"noopener\">What is Regenerative Organic Agriculture? &#8211; Patagonia Provisions<\/a><\/li>\n<li><a href=\"http:\/\/www.polyfacefarms.com\" target=\"_blank\" rel=\"noopener\">Polyfaces farm &#8211; www.polyfacefarms.com<\/a><\/li>\n<!-- \/wp:list-item --><!-- wp:list-item -->\n<li><a href=\"https:\/\/savory.global\" target=\"_blank\" rel=\"noopener\">Savory Institute &#8211; savory.global<\/a><\/li>\n<\/ul>\t\t\t\t\t\t\t\t<\/div>\n\t\t\t\t<\/div>\n\t\t\t\t<div class=\"elementor-element elementor-element-9e45659 elementor-widget elementor-widget-heading\" data-id=\"9e45659\" data-element_type=\"widget\" data-e-type=\"widget\" data-widget_type=\"heading.default\">\n\t\t\t\t<div class=\"elementor-widget-container\">\n\t\t\t\t\t<h2 class=\"elementor-heading-title elementor-size-default\">Sol<\/h2>\t\t\t\t<\/div>\n\t\t\t\t<\/div>\n\t\t\t\t<div class=\"elementor-element elementor-element-1c9b2b2 elementor-widget elementor-widget-text-editor\" data-id=\"1c9b2b2\" data-element_type=\"widget\" data-e-type=\"widget\" data-widget_type=\"text-editor.default\">\n\t\t\t\t<div class=\"elementor-widget-container\">\n\t\t\t\t\t\t\t\t\t<ul>\n<li><a href=\"http:\/\/klima-landschaften.de\" target=\"_blank\" rel=\"noreferrer noopener\">Aufbauende Landwirtschaft &#8211; klima-landschaften.de<\/a><\/li>\n<!-- \/wp:list-item --><!-- wp:list-item -->\n<li><a href=\"https:\/\/charnet.ch\/\" target=\"_blank\" rel=\"noreferrer noopener\">Charnet &#8211; Schweizer Fachverband f\u00fcr Pflanzenkohle &#8211; charnet.ch<\/a><\/li>\n<li><a href=\"https:\/\/charhow.ch\/\" target=\"_blank\" rel=\"noopener\">Pflanzenkohle-Wissen f\u00fcr Anwendende &#8211; Charhow<\/a><\/li>\n<li><a href=\"https:\/\/sotoso.org\/\" target=\"_blank\" rel=\"noopener\">Soil to soul<\/a><\/li>\n<!-- \/wp:list-item --><!-- wp:list-item -->\n<li><a href=\"https:\/\/www.netzwerk-boden.ch\" target=\"_blank\" rel=\"noreferrer noopener\">Thematisches Netzwerk Boden (deutsch) &#8211; www.netzwerk-boden.ch\u00a0<\/a> \/ <a href=\"https:\/\/www.reseau-sol.ch\" target=\"_blank\" rel=\"noreferrer noopener\">Reseau sol (fran\u00e7ais) &#8211; www.reseau-sol.ch<\/a><\/li>\n<!-- \/wp:list-item --><!-- wp:list-item -->\n<li><a href=\"https:\/\/www.soilfoodweb.com\" target=\"_blank\" rel=\"noreferrer noopener\">Dr. Elaine\u2019s\u2122 Soil Food Web &#8211; Soil Regeneration &#8211; www.soilfoodweb.com<\/a><\/li>\n<li><a href=\"https:\/\/www.soilassociation.org\/\" target=\"_blank\" rel=\"noopener\">Soil Association &#8211; www.soilassociation.org<\/a><\/li>\n<!-- \/wp:list-item --><\/ul>\n<p><!-- \/wp:list --><!-- wp:separator {\"opacity\":\"css\"} --><\/p>\t\t\t\t\t\t\t\t<\/div>\n\t\t\t\t<\/div>\n\t\t\t\t<div class=\"elementor-element elementor-element-219366f elementor-widget elementor-widget-heading\" data-id=\"219366f\" data-element_type=\"widget\" data-e-type=\"widget\" data-widget_type=\"heading.default\">\n\t\t\t\t<div class=\"elementor-widget-container\">\n\t\t\t\t\t<h3 class=\"elementor-heading-title elementor-size-default\">Bodenanalyse<\/h3>\t\t\t\t<\/div>\n\t\t\t\t<\/div>\n\t\t\t\t<div class=\"elementor-element elementor-element-ed8ae24 elementor-widget elementor-widget-text-editor\" data-id=\"ed8ae24\" data-element_type=\"widget\" data-e-type=\"widget\" data-widget_type=\"text-editor.default\">\n\t\t\t\t<div class=\"elementor-widget-container\">\n\t\t\t\t\t\t\t\t\t<ul>\n<li><a href=\"https:\/\/www.soilnext.com\/\" target=\"_blank\" rel=\"noopener\">SoilNext Analyseplattform<\/a><\/li>\n<!-- \/wp:list-item --><\/ul>\n<p><!-- \/wp:list --><!-- wp:separator {\"opacity\":\"css\"} --><\/p>\t\t\t\t\t\t\t\t<\/div>\n\t\t\t\t<\/div>\n\t\t\t\t<div class=\"elementor-element elementor-element-37ef54e elementor-widget elementor-widget-heading\" data-id=\"37ef54e\" data-element_type=\"widget\" data-e-type=\"widget\" data-widget_type=\"heading.default\">\n\t\t\t\t<div class=\"elementor-widget-container\">\n\t\t\t\t\t<h2 class=\"elementor-heading-title elementor-size-default\">Biodiversit\u00e9<\/h2>\t\t\t\t<\/div>\n\t\t\t\t<\/div>\n\t\t\t\t<div class=\"elementor-element elementor-element-86a5c3d elementor-widget elementor-widget-text-editor\" data-id=\"86a5c3d\" data-element_type=\"widget\" data-e-type=\"widget\" data-widget_type=\"text-editor.default\">\n\t\t\t\t<div class=\"elementor-widget-container\">\n\t\t\t\t\t\t\t\t\t<ul>\n<li><a href=\"https:\/\/www.agrinatur.ch\/\" target=\"_blank\" rel=\"noreferrer noopener\">Biodiversit\u00e4t auf dem Landwirtschaftsbetrieb &#8211; www.agrinatur.ch<\/a><\/li>\n<\/ul>\t\t\t\t\t\t\t\t<\/div>\n\t\t\t\t<\/div>\n\t\t\t\t<div class=\"elementor-element elementor-element-bc712c4 elementor-widget elementor-widget-heading\" data-id=\"bc712c4\" data-element_type=\"widget\" data-e-type=\"widget\" data-widget_type=\"heading.default\">\n\t\t\t\t<div class=\"elementor-widget-container\">\n\t\t\t\t\t<h2 class=\"elementor-heading-title elementor-size-default\">Planification<\/h2>\t\t\t\t<\/div>\n\t\t\t\t<\/div>\n\t\t\t\t<div class=\"elementor-element elementor-element-4bbb498 elementor-widget elementor-widget-text-editor\" data-id=\"4bbb498\" data-element_type=\"widget\" data-e-type=\"widget\" data-widget_type=\"text-editor.default\">\n\t\t\t\t<div class=\"elementor-widget-container\">\n\t\t\t\t\t\t\t\t\t<ul>\n<li><a href=\"https:\/\/agroforestry.ilvo.be\/acorn\/\" target=\"_blank\" rel=\"noopener\">ACORN (Alley Cropping Output and Revenue predictioN) Agroforestry Planner tool<\/a> &#8211; <a href=\"https:\/\/ilvo.vlaanderen.be\/uploads\/documents\/Agroforestry\/Demo-ACORN-EN.mp4\" target=\"_blank\" rel=\"noopener\">Video zum tool<\/a><br \/><\/li>\n<li><a href=\"https:\/\/www.micro-farm-planner.com\" target=\"_blank\" rel=\"noreferrer noopener\">Logiciel de planification des cultures mara\u00eech\u00e8res pour Market Garden, mara\u00eechage commercial et SoLaWi - www.micro-farm-planner.com<\/a><\/li>\n<!-- \/wp:list-item --><\/ul>\n<p><!-- \/wp:list --><!-- wp:separator --><\/p>\t\t\t\t\t\t\t\t<\/div>\n\t\t\t\t<\/div>\n\t\t\t\t<div class=\"elementor-element elementor-element-edcc2bb elementor-widget elementor-widget-heading\" data-id=\"edcc2bb\" data-element_type=\"widget\" data-e-type=\"widget\" data-widget_type=\"heading.default\">\n\t\t\t\t<div class=\"elementor-widget-container\">\n\t\t\t\t\t<h2 class=\"elementor-heading-title elementor-size-default\">Commercialisation<\/h2>\t\t\t\t<\/div>\n\t\t\t\t<\/div>\n\t\t\t\t<div class=\"elementor-element elementor-element-6453ad9 elementor-widget elementor-widget-text-editor\" data-id=\"6453ad9\" data-element_type=\"widget\" data-e-type=\"widget\" data-widget_type=\"text-editor.default\">\n\t\t\t\t<div class=\"elementor-widget-container\">\n\t\t\t\t\t\t\t\t\t<ul>\n<li><a href=\"https:\/\/www.bioaktuell.ch\/markt\/direktvermarktung\" target=\"_blank\" rel=\"noopener\">Direktvermarktung Infos von Bioaktuell<\/a><\/li>\n<li><a href=\"https:\/\/app.openfoodswitzerland.ch\/\" target=\"_blank\" rel=\"noopener\">Regionale Lebensmittel direkt online kaufen &#8211; Open Food Network<\/a><\/li>\n<li><a href=\"https:\/\/foodroots.earth\/\" target=\"_blank\" rel=\"noopener\">Klecker App, um Lebensmittel von regenerativen Farmen lokal einzukaufen: foodroots.earth<\/a><\/li>\n<!-- \/wp:list-item --><!-- wp:list-item --><\/ul>\t\t\t\t\t\t\t\t<\/div>\n\t\t\t\t<\/div>\n\t\t\t\t<div class=\"elementor-element elementor-element-5191c0b elementor-widget elementor-widget-heading\" data-id=\"5191c0b\" data-element_type=\"widget\" data-e-type=\"widget\" data-widget_type=\"heading.default\">\n\t\t\t\t<div class=\"elementor-widget-container\">\n\t\t\t\t\t<h2 class=\"elementor-heading-title elementor-size-default\">Appareils<\/h2>\t\t\t\t<\/div>\n\t\t\t\t<\/div>\n\t\t\t\t<div class=\"elementor-element elementor-element-bfbfe7a elementor-widget elementor-widget-text-editor\" data-id=\"bfbfe7a\" data-element_type=\"widget\" data-e-type=\"widget\" data-widget_type=\"text-editor.default\">\n\t\t\t\t<div class=\"elementor-widget-container\">\n\t\t\t\t\t\t\t\t\t<ul>\n<li><a href=\"https:\/\/www.slowtools.org\/\" target=\"_blank\" rel=\"noreferrer noopener\">Community driven farm innovation (english) &#8211; www.slowtools.org<\/a><\/li>\n<!-- \/wp:list-item --><!-- wp:list-item -->\n<li><a href=\"https:\/\/farmhack.org\" target=\"_blank\" rel=\"noreferrer noopener\">Farmer community that build and modify their own tools &#8211; farmhack.org<\/a><\/li>\n<!-- \/wp:list-item --><!-- wp:list-item -->\n<li><a href=\"https:\/\/www.latelierpaysan.org\" target=\"_blank\" rel=\"noreferrer noopener\">L&#8217;Atelier Paysan, a tool box of farmer-driven technologies and practices (fran\u00e7ais) &#8211; www.latelierpaysan.org<\/a><\/li>\n<\/ul>\t\t\t\t\t\t\t\t<\/div>\n\t\t\t\t<\/div>\n\t\t\t\t<div class=\"elementor-element elementor-element-123d660 elementor-widget elementor-widget-heading\" data-id=\"123d660\" data-element_type=\"widget\" data-e-type=\"widget\" data-widget_type=\"heading.default\">\n\t\t\t\t<div class=\"elementor-widget-container\">\n\t\t\t\t\t<h2 class=\"elementor-heading-title elementor-size-default\">Market Gardening<\/h2>\t\t\t\t<\/div>\n\t\t\t\t<\/div>\n\t\t\t\t<div class=\"elementor-element elementor-element-7532ebc elementor-widget elementor-widget-text-editor\" data-id=\"7532ebc\" data-element_type=\"widget\" data-e-type=\"widget\" data-widget_type=\"text-editor.default\">\n\t\t\t\t<div class=\"elementor-widget-container\">\n\t\t\t\t\t\t\t\t\t<ul>\n<li><a href=\"https:\/\/www.essblatt.ch\/mikrofarm\/\" target=\"_blank\" rel=\"noopener\">Essblatt Mikrofarm<\/a><\/li>\n<li><a href=\"https:\/\/www.jeanmartinfortier.com\/\" target=\"_blank\" rel=\"noreferrer noopener\">Jean-Martin Fortier &#8211; www.jeanmartinfortier.com<\/a><\/li>\n<!-- \/wp:list-item --><!-- wp:list-item -->\n<li><a href=\"https:\/\/themarketgardener.com\/\" target=\"_blank\" rel=\"noreferrer noopener\">The Market Gardener &#8211; themarketgardener.com<\/a><\/li>\n<\/ul>\t\t\t\t\t\t\t\t<\/div>\n\t\t\t\t<\/div>\n\t\t\t\t<div class=\"elementor-element elementor-element-6d69560 elementor-widget elementor-widget-heading\" data-id=\"6d69560\" data-element_type=\"widget\" data-e-type=\"widget\" data-widget_type=\"heading.default\">\n\t\t\t\t<div class=\"elementor-widget-container\">\n\t\t\t\t\t<h2 class=\"elementor-heading-title elementor-size-default\">Semences et mat\u00e9riel de plantation<\/h2>\t\t\t\t<\/div>\n\t\t\t\t<\/div>\n\t\t\t\t<div class=\"elementor-element elementor-element-f137905 elementor-widget elementor-widget-text-editor\" data-id=\"f137905\" data-element_type=\"widget\" data-e-type=\"widget\" data-widget_type=\"text-editor.default\">\n\t\t\t\t<div class=\"elementor-widget-container\">\n\t\t\t\t\t\t\t\t\t<p>Voir <a href=\"https:\/\/permakultur-landwirtschaft.org\/fr\/saatgut-pflanzmaterial\/\">Semences et mat\u00e9riel de plantation<\/a><\/p>\t\t\t\t\t\t\t\t<\/div>\n\t\t\t\t<\/div>\n\t\t\t\t<div class=\"elementor-element elementor-element-829fe24 elementor-widget elementor-widget-heading\" data-id=\"829fe24\" data-element_type=\"widget\" data-e-type=\"widget\" data-widget_type=\"heading.default\">\n\t\t\t\t<div class=\"elementor-widget-container\">\n\t\t\t\t\t<h2 class=\"elementor-heading-title elementor-size-default\">Arboriculture fruiti\u00e8re<\/h2>\t\t\t\t<\/div>\n\t\t\t\t<\/div>\n\t\t\t\t<div class=\"elementor-element elementor-element-67ca3f5 elementor-widget elementor-widget-text-editor\" data-id=\"67ca3f5\" data-element_type=\"widget\" data-e-type=\"widget\" data-widget_type=\"text-editor.default\">\n\t\t\t\t<div class=\"elementor-widget-container\">\n\t\t\t\t\t\t\t\t\t<ul>\n<li><a href=\"https:\/\/www.retropomme.ch\" target=\"_blank\" rel=\"noreferrer noopener\">Association R\u00e9tropomme &#8211; www.retropomme.ch<\/a><\/li>\n<!-- \/wp:list-item --><!-- wp:list-item -->\n<li><a href=\"https:\/\/www.fructus.ch\/\" target=\"_blank\" rel=\"noreferrer noopener\">Fructus &#8211; www.fructus.ch<\/a><\/li>\n<li><a href=\"https:\/\/miracle.farm\" target=\"_blank\" rel=\"noopener\">Miracle Farms &#8211; Stefan Sobkowiak (english, fran\u00e7ais)<\/a><\/li>\n<li><a href=\"https:\/\/www.permacultureorchard.com\/\" target=\"_blank\" rel=\"noopener\">The Permaculture Orchard (english, fran\u00e7ais)<\/a><\/li>\n<\/ul>\t\t\t\t\t\t\t\t<\/div>\n\t\t\t\t<\/div>\n\t\t\t\t<div class=\"elementor-element elementor-element-c5b56fa elementor-widget elementor-widget-heading\" data-id=\"c5b56fa\" data-element_type=\"widget\" data-e-type=\"widget\" data-widget_type=\"heading.default\">\n\t\t\t\t<div class=\"elementor-widget-container\">\n\t\t\t\t\t<h2 class=\"elementor-heading-title elementor-size-default\">Magazine<\/h2>\t\t\t\t<\/div>\n\t\t\t\t<\/div>\n\t\t\t\t<div class=\"elementor-element elementor-element-06c8e15 elementor-widget elementor-widget-text-editor\" data-id=\"06c8e15\" data-element_type=\"widget\" data-e-type=\"widget\" data-widget_type=\"text-editor.default\">\n\t\t\t\t<div class=\"elementor-widget-container\">\n\t\t\t\t\t\t\t\t\t<ul>\n<li><a href=\"https:\/\/www.permakultur-akademie.com\/permathek\/die-rube\/\" target=\"_blank\" rel=\"noopener\">Die R\u00fcbe &#8211; www.permakultur-akademie.com<\/a><\/li>\n<!-- \/wp:list-item --><!-- wp:list-item -->\n<li><a href=\"https:\/\/www.permaculture.co.uk\" target=\"_blank\" rel=\"noopener\">Permaculture Magazin &#8211; www.permaculture.co.uk<\/a><\/li>\n<!-- \/wp:list-item --><!-- wp:list-item -->\n<li><a href=\"https:\/\/www.permaculturedesignmagazine.com\/\" target=\"_blank\" rel=\"noopener\">Permaculture Design Magazine &#8211; www.permaculturedesignmagazine.com<\/a><\/li>\n<!-- \/wp:list-item --><!-- wp:list-item -->\n<li><a href=\"https:\/\/pipmagazine.com.au\/\" target=\"_blank\" rel=\"noopener\">Pip Magazine Australien &#8211;\u00a0 pipmagazine.com.au<\/a><\/li>\n<!-- \/wp:list-item --><!-- wp:list-item -->\n<li><a href=\"https:\/\/permacultuur-magazine.eu\/\" target=\"_blank\" rel=\"noopener\">Permacultuur Magazin (Niederl\u00e4ndisch) &#8211; permacultuur-magazine.eu<\/a><\/li>\n<\/ul>\t\t\t\t\t\t\t\t<\/div>\n\t\t\t\t<\/div>\n\t\t\t\t<div class=\"elementor-element elementor-element-f3dd168 elementor-widget elementor-widget-heading\" data-id=\"f3dd168\" data-element_type=\"widget\" data-e-type=\"widget\" data-widget_type=\"heading.default\">\n\t\t\t\t<div class=\"elementor-widget-container\">\n\t\t\t\t\t<h2 class=\"elementor-heading-title elementor-size-default\">Transmission de la ferme<\/h2>\t\t\t\t<\/div>\n\t\t\t\t<\/div>\n\t\t\t\t<div class=\"elementor-element elementor-element-2a0f8fc elementor-widget elementor-widget-text-editor\" data-id=\"2a0f8fc\" data-element_type=\"widget\" data-e-type=\"widget\" data-widget_type=\"text-editor.default\">\n\t\t\t\t<div class=\"elementor-widget-container\">\n\t\t\t\t\t\t\t\t\t<ul>\n<li><a href=\"https:\/\/www.hofuebergabe.ch\/\" target=\"_blank\" rel=\"noopener\">Hof\u00fcbergabe &#8211; www.hofuebergabe.ch<\/a><\/li>\n<li><a href=\"https:\/\/biofamilienbetriebe.ch\" target=\"_blank\" rel=\"noopener\">Stiftung zur Erhaltung b\u00e4uerlicher Familienbetriebe &#8211; biofamilienbetriebe.ch<\/a><\/li>\n<\/ul>\t\t\t\t\t\t\t\t<\/div>\n\t\t\t\t<\/div>\n\t\t\t\t<div class=\"elementor-element elementor-element-94a8ac8 elementor-widget elementor-widget-heading\" data-id=\"94a8ac8\" data-element_type=\"widget\" data-e-type=\"widget\" data-widget_type=\"heading.default\">\n\t\t\t\t<div class=\"elementor-widget-container\">\n\t\t\t\t\t<h2 class=\"elementor-heading-title elementor-size-default\">Divers<\/h2>\t\t\t\t<\/div>\n\t\t\t\t<\/div>\n\t\t\t\t<div class=\"elementor-element elementor-element-1f5f148 elementor-widget elementor-widget-text-editor\" data-id=\"1f5f148\" data-element_type=\"widget\" data-e-type=\"widget\" data-widget_type=\"text-editor.default\">\n\t\t\t\t<div class=\"elementor-widget-container\">\n\t\t\t\t\t\t\t\t\t<ul>\n<li><a href=\"https:\/\/www.klimabauern.ch\" target=\"_blank\" rel=\"noreferrer noopener\">Klimaneutrale Landwirtschaft Graub\u00fcnden &#8211; www.klimabauern.ch<\/a> \/ <a href=\"https:\/\/youtu.be\/SU2gzZFszG0\" target=\"_blank\" rel=\"noreferrer noopener\">Portrait<\/a><\/li>\n<li><a href=\"https:\/\/www.solawi.ch\/\" target=\"_blank\" rel=\"noopener\">Kooperationsstelle f\u00fcr solidarische Landwirtschaft (Solawi)<\/a><\/li>\n<li><a href=\"https:\/\/www.klimalandwirtschaft.ch\/\" target=\"_blank\" rel=\"noopener\">Netzwerk Klima und Landwirtschaft &#8211; www.klimalandwirtschaft.ch<\/a><\/li>\n<li><a href=\"https:\/\/microfermes.ch\/\" target=\"_blank\" rel=\"noopener\">Association Suisse des Microfermes<\/a><\/li>\n<li><a href=\"https:\/\/bioetico.ch\/\" target=\"_blank\" rel=\"noopener\">BioEtico &#8211; Biobauern und Biob\u00e4uerinnen die sich selbst deklarieren<\/a><\/li>\n<!-- \/wp:list-item --><!-- wp:list-item -->\n<li><a href=\"https:\/\/www.bioactualites.ch\/cultures\/permaculture\/microfermes\" target=\"_blank\" rel=\"noreferrer noopener\">Mehrj\u00e4hriges &#8211; Eric Toensmeier, Perennial Solutions (englisch) &#8211; www.perennialsolutions.org<\/a><\/li>\n<!-- \/wp:list-item --><!-- wp:list-item -->\n<li><a href=\"https:\/\/www.naturkraftwerke.com\/shop\/lebensmittel\/mischfruchtanbau\/\" target=\"_blank\" rel=\"noopener\">Pflugloser Mischfruchtanbau: www.naturkraftwerke.com\/shop\/lebensmittel\/mischfruchtanbau<\/a><\/li>\n<!-- \/wp:list-item --><!-- wp:list-item --><!-- \/wp:list-item --><!-- wp:list-item -->\n<li><a href=\"https:\/\/www.salicetum.ch\" target=\"_blank\" rel=\"noreferrer noopener\">Salicetum Futterweiden &#8211; www.salicetum.ch<\/a><\/li>\n<li><a href=\"https:\/\/www.wasser-retention.de\/\" target=\"_blank\" rel=\"noopener\">Wasserr\u00fcckhalt in der Landbewirtschaftung<\/a><\/li>\n<li><a href=\"https:\/\/agriculture-durable-geneve.ch\/\" target=\"_blank\" rel=\"noopener\">Agriculture durable Gen\u00e8ve<\/a><\/li>\n<\/ul>\t\t\t\t\t\t\t\t<\/div>\n\t\t\t\t<\/div>\n\t\t\t\t<div class=\"elementor-element elementor-element-47fed63 elementor-widget elementor-widget-heading\" data-id=\"47fed63\" data-element_type=\"widget\" data-e-type=\"widget\" data-widget_type=\"heading.default\">\n\t\t\t\t<div class=\"elementor-widget-container\">\n\t\t\t\t\t<h2 class=\"elementor-heading-title elementor-size-default\">Robotik<\/h2>\t\t\t\t<\/div>\n\t\t\t\t<\/div>\n\t\t\t\t<div class=\"elementor-element elementor-element-64ce54b elementor-widget elementor-widget-text-editor\" data-id=\"64ce54b\" data-element_type=\"widget\" data-e-type=\"widget\" data-widget_type=\"text-editor.default\">\n\t\t\t\t<div class=\"elementor-widget-container\">\n\t\t\t\t\t\t\t\t\t<ul>\n<li><a href=\"https:\/\/farm.bot\/\" target=\"_blank\" rel=\"noopener\">FarmBot &#8211; Open-source CNC farming<\/a><\/li>\n<li>\n<p><a href=\"https:\/\/honesta.swiss\/\" target=\"_blank\" rel=\"noopener\">Honesta &#8211; Permakultur und modernste technische M\u00f6glichkeiten<\/a><\/p>\n<\/li>\n<\/ul>\t\t\t\t\t\t\t\t<\/div>\n\t\t\t\t<\/div>\n\t\t\t\t<div class=\"elementor-element elementor-element-9f7740b elementor-widget elementor-widget-heading\" data-id=\"9f7740b\" data-element_type=\"widget\" data-e-type=\"widget\" data-widget_type=\"heading.default\">\n\t\t\t\t<div class=\"elementor-widget-container\">\n\t\t\t\t\t<h2 class=\"elementor-heading-title elementor-size-default\">Internationale Projekte<\/h2>\t\t\t\t<\/div>\n\t\t\t\t<\/div>\n\t\t\t\t<div class=\"elementor-element elementor-element-a3a8078 elementor-widget elementor-widget-text-editor\" data-id=\"a3a8078\" data-element_type=\"widget\" data-e-type=\"widget\" data-widget_type=\"text-editor.default\">\n\t\t\t\t<div class=\"elementor-widget-container\">\n\t\t\t\t\t\t\t\t\t<ul>\n<li><a href=\"https:\/\/www.regenerativa.art.br\" target=\"_blank\" rel=\"noopener\">Agricultura Regenerativa Tropical ART &#8211; www.regenerativa.art.br<\/a><\/li>\n<li><a href=\"https:\/\/landinstitute.org\/\" target=\"_blank\" rel=\"noopener\">The Land Institute &#8211; Perennial Grain Revolution &#8211; landinstitute.org<\/a><\/li>\n<\/ul>\t\t\t\t\t\t\t\t<\/div>\n\t\t\t\t<\/div>\n\t\t\t\t<div class=\"elementor-element elementor-element-f1028ae elementor-widget elementor-widget-spacer\" data-id=\"f1028ae\" data-element_type=\"widget\" data-e-type=\"widget\" data-widget_type=\"spacer.default\">\n\t\t\t\t<div class=\"elementor-widget-container\">\n\t\t\t\t\t\t\t<div class=\"elementor-spacer\">\n\t\t\t<div class=\"elementor-spacer-inner\"><\/div>\n\t\t<\/div>\n\t\t\t\t\t\t<\/div>\n\t\t\t\t<\/div>\n\t\t\t\t<\/div>\n\t\t\t\t\t<\/div>\n\t\t\t\t<\/div>\n\t\t\t\t<\/div>","protected":false},"excerpt":{"rendered":"<p>Interessante Links Hier finden Sie Links rund um das Thema Permakultur-Landwirtschaft. Erg\u00e4nzende Hinweise und Informationen nehmen wir sehr gerne entgegen unter Kontakt. Permakultur Verein Permakultur Schweiz Association Permaculture Romande Viele Infos und Pflanzplaner: Permakultur-konkret Agripedia zu Permakultur Schweizer F\u00f6rderstiftung f\u00fcr Permakultur Projekte in der Landwirtschaft: VISIO-permacultura Permakultur jetzt! Lehrfilme zu Permakultur von Permaria Permakultur bei [&hellip;]<\/p>\n","protected":false},"author":2,"featured_media":34759,"parent":0,"menu_order":0,"comment_status":"closed","ping_status":"closed","template":"","meta":{"_acf_changed":false,"site-sidebar-layout":"default","site-content-layout":"","ast-site-content-layout":"default","site-content-style":"default","site-sidebar-style":"default","ast-global-header-display":"","ast-banner-title-visibility":"","ast-main-header-display":"","ast-hfb-above-header-display":"","ast-hfb-below-header-display":"","ast-hfb-mobile-header-display":"","site-post-title":"","ast-breadcrumbs-content":"","ast-featured-img":"","footer-sml-layout":"","ast-disable-related-posts":"","theme-transparent-header-meta":"","adv-header-id-meta":"","stick-header-meta":"","header-above-stick-meta":"","header-main-stick-meta":"","header-below-stick-meta":"","astra-migrate-meta-layouts":"set","ast-page-background-enabled":"default","ast-page-background-meta":{"desktop":{"background-color":"var(--ast-global-color-4)","background-image":"","background-repeat":"repeat","background-position":"center center","background-size":"auto","background-attachment":"scroll","background-type":"","background-media":"","overlay-type":"","overlay-color":"","overlay-opacity":"","overlay-gradient":""},"tablet":{"background-color":"","background-image":"","background-repeat":"repeat","background-position":"center center","background-size":"auto","background-attachment":"scroll","background-type":"","background-media":"","overlay-type":"","overlay-color":"","overlay-opacity":"","overlay-gradient":""},"mobile":{"background-color":"","background-image":"","background-repeat":"repeat","background-position":"center center","background-size":"auto","background-attachment":"scroll","background-type":"","background-media":"","overlay-type":"","overlay-color":"","overlay-opacity":"","overlay-gradient":""}},"ast-content-background-meta":{"desktop":{"background-color":"var(--ast-global-color-5)","background-image":"","background-repeat":"repeat","background-position":"center center","background-size":"auto","background-attachment":"scroll","background-type":"","background-media":"","overlay-type":"","overlay-color":"","overlay-opacity":"","overlay-gradient":""},"tablet":{"background-color":"var(--ast-global-color-5)","background-image":"","background-repeat":"repeat","background-position":"center center","background-size":"auto","background-attachment":"scroll","background-type":"","background-media":"","overlay-type":"","overlay-color":"","overlay-opacity":"","overlay-gradient":""},"mobile":{"background-color":"var(--ast-global-color-5)","background-image":"","background-repeat":"repeat","background-position":"center center","background-size":"auto","background-attachment":"scroll","background-type":"","background-media":"","overlay-type":"","overlay-color":"","overlay-opacity":"","overlay-gradient":""}},"footnotes":""},"class_list":["post-2351","page","type-page","status-publish","has-post-thumbnail","hentry"],"acf":[],"yoast_head":"<!-- This site is optimized with the Yoast SEO plugin v27.5 - https:\/\/yoast.com\/product\/yoast-seo-wordpress\/ -->\n<title>Links - Permakultur-Landwirtschaft<\/title>\n<meta name=\"description\" content=\"Hier finden Sie Links rund um das Thema Permakultur-Landwirtschaft. Erg\u00e4nzende Hinweise nehmen wir sehr gerne entgegen.\" \/>\n<meta name=\"robots\" content=\"index, follow, max-snippet:-1, max-image-preview:large, max-video-preview:-1\" \/>\n<link rel=\"canonical\" href=\"https:\/\/permakultur-landwirtschaft.org\/fr\/links\/\" \/>\n<meta property=\"og:locale\" content=\"fr_FR\" \/>\n<meta property=\"og:type\" content=\"article\" \/>\n<meta property=\"og:title\" content=\"Links - Permakultur-Landwirtschaft\" \/>\n<meta property=\"og:description\" content=\"Hier finden Sie Links rund um das Thema Permakultur-Landwirtschaft. Erg\u00e4nzende Hinweise nehmen wir sehr gerne entgegen.\" \/>\n<meta property=\"og:url\" content=\"https:\/\/permakultur-landwirtschaft.org\/fr\/links\/\" \/>\n<meta property=\"og:site_name\" content=\"Permakultur-Landwirtschaft\" \/>\n<meta property=\"article:publisher\" content=\"https:\/\/www.facebook.com\/PermakulturLandwirtschaft\" \/>\n<meta property=\"article:modified_time\" content=\"2026-04-20T08:36:29+00:00\" \/>\n<meta property=\"og:image\" content=\"https:\/\/permakultur-landwirtschaft.org\/wp-content\/uploads\/2024\/05\/Baum_Wurzeln_AdobeStock_86327289_small.jpg\" \/>\n\t<meta property=\"og:image:width\" content=\"700\" \/>\n\t<meta property=\"og:image:height\" content=\"491\" \/>\n\t<meta property=\"og:image:type\" content=\"image\/jpeg\" \/>\n<meta name=\"twitter:card\" content=\"summary_large_image\" \/>\n<meta name=\"twitter:label1\" content=\"Dur\u00e9e de lecture estim\u00e9e\" \/>\n\t<meta name=\"twitter:data1\" content=\"5 minutes\" \/>\n<script type=\"application\/ld+json\" class=\"yoast-schema-graph\">{\"@context\":\"https:\\\/\\\/schema.org\",\"@graph\":[{\"@type\":\"WebPage\",\"@id\":\"https:\\\/\\\/permakultur-landwirtschaft.org\\\/links\\\/\",\"url\":\"https:\\\/\\\/permakultur-landwirtschaft.org\\\/links\\\/\",\"name\":\"Links - Permakultur-Landwirtschaft\",\"isPartOf\":{\"@id\":\"https:\\\/\\\/permakultur-landwirtschaft.org\\\/#website\"},\"primaryImageOfPage\":{\"@id\":\"https:\\\/\\\/permakultur-landwirtschaft.org\\\/links\\\/#primaryimage\"},\"image\":{\"@id\":\"https:\\\/\\\/permakultur-landwirtschaft.org\\\/links\\\/#primaryimage\"},\"thumbnailUrl\":\"https:\\\/\\\/permakultur-landwirtschaft.org\\\/wp-content\\\/uploads\\\/2024\\\/05\\\/Baum_Wurzeln_AdobeStock_86327289_small.jpg\",\"datePublished\":\"2020-12-07T16:37:20+00:00\",\"dateModified\":\"2026-04-20T08:36:29+00:00\",\"description\":\"Hier finden Sie Links rund um das Thema Permakultur-Landwirtschaft. Erg\u00e4nzende Hinweise nehmen wir sehr gerne entgegen.\",\"breadcrumb\":{\"@id\":\"https:\\\/\\\/permakultur-landwirtschaft.org\\\/links\\\/#breadcrumb\"},\"inLanguage\":\"fr-FR\",\"potentialAction\":[{\"@type\":\"ReadAction\",\"target\":[\"https:\\\/\\\/permakultur-landwirtschaft.org\\\/links\\\/\"]}]},{\"@type\":\"ImageObject\",\"inLanguage\":\"fr-FR\",\"@id\":\"https:\\\/\\\/permakultur-landwirtschaft.org\\\/links\\\/#primaryimage\",\"url\":\"https:\\\/\\\/permakultur-landwirtschaft.org\\\/wp-content\\\/uploads\\\/2024\\\/05\\\/Baum_Wurzeln_AdobeStock_86327289_small.jpg\",\"contentUrl\":\"https:\\\/\\\/permakultur-landwirtschaft.org\\\/wp-content\\\/uploads\\\/2024\\\/05\\\/Baum_Wurzeln_AdobeStock_86327289_small.jpg\",\"width\":700,\"height\":491,\"caption\":\"Bild: AdobeStock\"},{\"@type\":\"BreadcrumbList\",\"@id\":\"https:\\\/\\\/permakultur-landwirtschaft.org\\\/links\\\/#breadcrumb\",\"itemListElement\":[{\"@type\":\"ListItem\",\"position\":1,\"name\":\"Startseite\",\"item\":\"https:\\\/\\\/permakultur-landwirtschaft.org\\\/\"},{\"@type\":\"ListItem\",\"position\":2,\"name\":\"Links\"}]},{\"@type\":\"WebSite\",\"@id\":\"https:\\\/\\\/permakultur-landwirtschaft.org\\\/#website\",\"url\":\"https:\\\/\\\/permakultur-landwirtschaft.org\\\/\",\"name\":\"Permakultur-Landwirtschaft\",\"description\":\"F\u00f6rderung der Permakultur in der Landwirtschaft\",\"publisher\":{\"@id\":\"https:\\\/\\\/permakultur-landwirtschaft.org\\\/#organization\"},\"potentialAction\":[{\"@type\":\"SearchAction\",\"target\":{\"@type\":\"EntryPoint\",\"urlTemplate\":\"https:\\\/\\\/permakultur-landwirtschaft.org\\\/?s={search_term_string}\"},\"query-input\":{\"@type\":\"PropertyValueSpecification\",\"valueRequired\":true,\"valueName\":\"search_term_string\"}}],\"inLanguage\":\"fr-FR\"},{\"@type\":\"Organization\",\"@id\":\"https:\\\/\\\/permakultur-landwirtschaft.org\\\/#organization\",\"name\":\"Permakultur-Landwirtschaft\",\"alternateName\":\"Verein Permakultur-Landwirtschaft\",\"url\":\"https:\\\/\\\/permakultur-landwirtschaft.org\\\/\",\"logo\":{\"@type\":\"ImageObject\",\"inLanguage\":\"fr-FR\",\"@id\":\"https:\\\/\\\/permakultur-landwirtschaft.org\\\/#\\\/schema\\\/logo\\\/image\\\/\",\"url\":\"https:\\\/\\\/permakultur-landwirtschaft.org\\\/wp-content\\\/uploads\\\/2021\\\/11\\\/pela_1268x1269.png\",\"contentUrl\":\"https:\\\/\\\/permakultur-landwirtschaft.org\\\/wp-content\\\/uploads\\\/2021\\\/11\\\/pela_1268x1269.png\",\"width\":1298,\"height\":1269,\"caption\":\"Permakultur-Landwirtschaft\"},\"image\":{\"@id\":\"https:\\\/\\\/permakultur-landwirtschaft.org\\\/#\\\/schema\\\/logo\\\/image\\\/\"},\"sameAs\":[\"https:\\\/\\\/www.facebook.com\\\/PermakulturLandwirtschaft\",\"https:\\\/\\\/www.instagram.com\\\/permakultur_landwirtschaft\\\/\",\"https:\\\/\\\/www.flickr.com\\\/photos\\\/permakultur-landwirtschaft\",\"https:\\\/\\\/www.youtube.com\\\/@PermakulturLandwirtschaft\"]}]}<\/script>\n<!-- \/ Yoast SEO plugin. -->","yoast_head_json":{"title":"Links - Permakultur-Landwirtschaft","description":"Hier finden Sie Links rund um das Thema Permakultur-Landwirtschaft. Erg\u00e4nzende Hinweise nehmen wir sehr gerne entgegen.","robots":{"index":"index","follow":"follow","max-snippet":"max-snippet:-1","max-image-preview":"max-image-preview:large","max-video-preview":"max-video-preview:-1"},"canonical":"https:\/\/permakultur-landwirtschaft.org\/fr\/links\/","og_locale":"fr_FR","og_type":"article","og_title":"Links - Permakultur-Landwirtschaft","og_description":"Hier finden Sie Links rund um das Thema Permakultur-Landwirtschaft. Erg\u00e4nzende Hinweise nehmen wir sehr gerne entgegen.","og_url":"https:\/\/permakultur-landwirtschaft.org\/fr\/links\/","og_site_name":"Permakultur-Landwirtschaft","article_publisher":"https:\/\/www.facebook.com\/PermakulturLandwirtschaft","article_modified_time":"2026-04-20T08:36:29+00:00","og_image":[{"width":700,"height":491,"url":"https:\/\/permakultur-landwirtschaft.org\/wp-content\/uploads\/2024\/05\/Baum_Wurzeln_AdobeStock_86327289_small.jpg","type":"image\/jpeg"}],"twitter_card":"summary_large_image","twitter_misc":{"Dur\u00e9e de lecture estim\u00e9e":"5 minutes"},"schema":{"@context":"https:\/\/schema.org","@graph":[{"@type":"WebPage","@id":"https:\/\/permakultur-landwirtschaft.org\/links\/","url":"https:\/\/permakultur-landwirtschaft.org\/links\/","name":"Links - Permakultur-Landwirtschaft","isPartOf":{"@id":"https:\/\/permakultur-landwirtschaft.org\/#website"},"primaryImageOfPage":{"@id":"https:\/\/permakultur-landwirtschaft.org\/links\/#primaryimage"},"image":{"@id":"https:\/\/permakultur-landwirtschaft.org\/links\/#primaryimage"},"thumbnailUrl":"https:\/\/permakultur-landwirtschaft.org\/wp-content\/uploads\/2024\/05\/Baum_Wurzeln_AdobeStock_86327289_small.jpg","datePublished":"2020-12-07T16:37:20+00:00","dateModified":"2026-04-20T08:36:29+00:00","description":"Hier finden Sie Links rund um das Thema Permakultur-Landwirtschaft. Erg\u00e4nzende Hinweise nehmen wir sehr gerne entgegen.","breadcrumb":{"@id":"https:\/\/permakultur-landwirtschaft.org\/links\/#breadcrumb"},"inLanguage":"fr-FR","potentialAction":[{"@type":"ReadAction","target":["https:\/\/permakultur-landwirtschaft.org\/links\/"]}]},{"@type":"ImageObject","inLanguage":"fr-FR","@id":"https:\/\/permakultur-landwirtschaft.org\/links\/#primaryimage","url":"https:\/\/permakultur-landwirtschaft.org\/wp-content\/uploads\/2024\/05\/Baum_Wurzeln_AdobeStock_86327289_small.jpg","contentUrl":"https:\/\/permakultur-landwirtschaft.org\/wp-content\/uploads\/2024\/05\/Baum_Wurzeln_AdobeStock_86327289_small.jpg","width":700,"height":491,"caption":"Bild: AdobeStock"},{"@type":"BreadcrumbList","@id":"https:\/\/permakultur-landwirtschaft.org\/links\/#breadcrumb","itemListElement":[{"@type":"ListItem","position":1,"name":"Startseite","item":"https:\/\/permakultur-landwirtschaft.org\/"},{"@type":"ListItem","position":2,"name":"Links"}]},{"@type":"WebSite","@id":"https:\/\/permakultur-landwirtschaft.org\/#website","url":"https:\/\/permakultur-landwirtschaft.org\/","name":"Permakultur-Landwirtschaft","description":"F\u00f6rderung der Permakultur in der Landwirtschaft","publisher":{"@id":"https:\/\/permakultur-landwirtschaft.org\/#organization"},"potentialAction":[{"@type":"SearchAction","target":{"@type":"EntryPoint","urlTemplate":"https:\/\/permakultur-landwirtschaft.org\/?s={search_term_string}"},"query-input":{"@type":"PropertyValueSpecification","valueRequired":true,"valueName":"search_term_string"}}],"inLanguage":"fr-FR"},{"@type":"Organization","@id":"https:\/\/permakultur-landwirtschaft.org\/#organization","name":"Permakultur-Landwirtschaft","alternateName":"Verein Permakultur-Landwirtschaft","url":"https:\/\/permakultur-landwirtschaft.org\/","logo":{"@type":"ImageObject","inLanguage":"fr-FR","@id":"https:\/\/permakultur-landwirtschaft.org\/#\/schema\/logo\/image\/","url":"https:\/\/permakultur-landwirtschaft.org\/wp-content\/uploads\/2021\/11\/pela_1268x1269.png","contentUrl":"https:\/\/permakultur-landwirtschaft.org\/wp-content\/uploads\/2021\/11\/pela_1268x1269.png","width":1298,"height":1269,"caption":"Permakultur-Landwirtschaft"},"image":{"@id":"https:\/\/permakultur-landwirtschaft.org\/#\/schema\/logo\/image\/"},"sameAs":["https:\/\/www.facebook.com\/PermakulturLandwirtschaft","https:\/\/www.instagram.com\/permakultur_landwirtschaft\/","https:\/\/www.flickr.com\/photos\/permakultur-landwirtschaft","https:\/\/www.youtube.com\/@PermakulturLandwirtschaft"]}]}},"_links":{"self":[{"href":"https:\/\/permakultur-landwirtschaft.org\/fr\/wp-json\/wp\/v2\/pages\/2351","targetHints":{"allow":["GET"]}}],"collection":[{"href":"https:\/\/permakultur-landwirtschaft.org\/fr\/wp-json\/wp\/v2\/pages"}],"about":[{"href":"https:\/\/permakultur-landwirtschaft.org\/fr\/wp-json\/wp\/v2\/types\/page"}],"author":[{"embeddable":true,"href":"https:\/\/permakultur-landwirtschaft.org\/fr\/wp-json\/wp\/v2\/users\/2"}],"replies":[{"embeddable":true,"href":"https:\/\/permakultur-landwirtschaft.org\/fr\/wp-json\/wp\/v2\/comments?post=2351"}],"version-history":[{"count":312,"href":"https:\/\/permakultur-landwirtschaft.org\/fr\/wp-json\/wp\/v2\/pages\/2351\/revisions"}],"predecessor-version":[{"id":39295,"href":"https:\/\/permakultur-landwirtschaft.org\/fr\/wp-json\/wp\/v2\/pages\/2351\/revisions\/39295"}],"wp:featuredmedia":[{"embeddable":true,"href":"https:\/\/permakultur-landwirtschaft.org\/fr\/wp-json\/wp\/v2\/media\/34759"}],"wp:attachment":[{"href":"https:\/\/permakultur-landwirtschaft.org\/fr\/wp-json\/wp\/v2\/media?parent=2351"}],"curies":[{"name":"wp","href":"https:\/\/api.w.org\/{rel}","templated":true}]}}