{"id":17908,"date":"2022-02-09T11:45:45","date_gmt":"2022-02-09T10:45:45","guid":{"rendered":"https:\/\/permakultur-landwirtschaft.org\/?page_id=17908"},"modified":"2025-04-17T15:47:21","modified_gmt":"2025-04-17T13:47:21","slug":"arbeitskreise","status":"publish","type":"page","link":"https:\/\/permakultur-landwirtschaft.org\/fr\/arbeitskreise\/","title":{"rendered":"Groupes d'\u00e9changes"},"content":{"rendered":"<div data-elementor-type=\"wp-page\" data-elementor-id=\"17908\" class=\"elementor elementor-17908\" data-elementor-post-type=\"page\">\n\t\t\t\t<div class=\"elementor-element elementor-element-d69b978 e-flex e-con-boxed e-con e-parent\" data-id=\"d69b978\" data-element_type=\"container\" data-e-type=\"container\">\n\t\t\t\t\t<div class=\"e-con-inner\">\n\t\t<div class=\"elementor-element elementor-element-2fbe618 e-con-full e-flex e-con e-child\" data-id=\"2fbe618\" data-element_type=\"container\" data-e-type=\"container\">\n\t\t\t\t<div class=\"elementor-element elementor-element-1496c10 elementor-widget elementor-widget-heading\" data-id=\"1496c10\" data-element_type=\"widget\" data-e-type=\"widget\" data-widget_type=\"heading.default\">\n\t\t\t\t<div class=\"elementor-widget-container\">\n\t\t\t\t\t<h1 class=\"elementor-heading-title elementor-size-default\">Groupes d'\u00e9changes<\/h1>\t\t\t\t<\/div>\n\t\t\t\t<\/div>\n\t\t\t\t<div class=\"elementor-element elementor-element-1746c67 elementor-align-left elementor-widget elementor-widget-global elementor-global-31837 elementor-widget-post-info\" data-id=\"1746c67\" data-element_type=\"widget\" data-e-type=\"widget\" data-widget_type=\"post-info.default\">\n\t\t\t\t<div class=\"elementor-widget-container\">\n\t\t\t\t\t\t\t<ul class=\"elementor-inline-items elementor-icon-list-items elementor-post-info\">\n\t\t\t\t\t\t\t\t<li class=\"elementor-icon-list-item elementor-repeater-item-b86257f elementor-inline-item\">\n\t\t\t\t\t\t\t\t\t\t\t\t\t<span class=\"elementor-icon-list-text elementor-post-info__item elementor-post-info__item--type-custom\">\n\t\t\t\t\t\t\t\t\t\tDerni\u00e8re mise \u00e0 jour\t\t\t\t\t<\/span>\n\t\t\t\t\t\t\t\t<\/li>\n\t\t\t\t<li class=\"elementor-icon-list-item elementor-repeater-item-94e5de7 elementor-inline-item\">\n\t\t\t\t\t\t\t\t\t\t\t\t\t<span class=\"elementor-icon-list-text elementor-post-info__item elementor-post-info__item--type-custom\">\n\t\t\t\t\t\t\t\t\t\tle 17 avril 2025\t\t\t\t\t<\/span>\n\t\t\t\t\t\t\t\t<\/li>\n\t\t\t\t<\/ul>\n\t\t\t\t\t\t<\/div>\n\t\t\t\t<\/div>\n\t\t\t\t<div class=\"elementor-element elementor-element-2c367f3 elementor-widget elementor-widget-text-editor\" data-id=\"2c367f3\" data-element_type=\"widget\" data-e-type=\"widget\" data-widget_type=\"text-editor.default\">\n\t\t\t\t<div class=\"elementor-widget-container\">\n\t\t\t\t\t\t\t\t\t<p>Dans les groupes d'\u00e9changes, les d\u00e9fis actuels et futurs sont discut\u00e9s de mani\u00e8re pratique, les exp\u00e9riences sont \u00e9chang\u00e9es et des mesures concr\u00e8tes sont prises pour d\u00e9velopper sa propre entreprise (Fl\u00fcckiger 2017). L'approche du groupe de travail permet un apprentissage social actif et se pr\u00eate bien aux questions li\u00e9es \u00e0 la Permaculture. Les participants au cercle de travail d\u00e9terminent le programme, l'\u00e9change d'exp\u00e9riences est au premier plan.<\/p>\n<p><\/p>\n<p><\/p>\n<ul><\/ul>\n<p><!-- \/wp:list --><\/p>\t\t\t\t\t\t\t\t<\/div>\n\t\t\t\t<\/div>\n\t\t\t\t<div class=\"elementor-element elementor-element-d9fe740 elementor-widget elementor-widget-heading\" data-id=\"d9fe740\" data-element_type=\"widget\" data-e-type=\"widget\" data-widget_type=\"heading.default\">\n\t\t\t\t<div class=\"elementor-widget-container\">\n\t\t\t\t\t<h2 class=\"elementor-heading-title elementor-size-default\">Groupe d'\u00e9changes Permaculture<\/h2>\t\t\t\t<\/div>\n\t\t\t\t<\/div>\n\t\t\t\t<div class=\"elementor-element elementor-element-742c9db elementor-widget elementor-widget-text-editor\" data-id=\"742c9db\" data-element_type=\"widget\" data-e-type=\"widget\" data-widget_type=\"text-editor.default\">\n\t\t\t\t<div class=\"elementor-widget-container\">\n\t\t\t\t\t\t\t\t\t<ul><!-- wp:list-item -->\n<li><strong>Berne <\/strong><br \/>Groupe d'\u00e9changes Permaculture (depuis le 25 janvier 2022)<br \/>Personne de contact : Mila Laager<br \/>Contact : <a href=\"https:\/\/www.permakultur-jetzt.ch\/arbeitskreise\" target=\"_blank\" rel=\"noreferrer noopener\">www.permakultur-jetzt.ch\/arbeitskreise<\/a><\/li>\n<!-- \/wp:list-item --><!-- wp:list-item -->\n<li><strong>Lucerne<\/strong><br \/>Groupe d'\u00e9changes Permaculture (depuis le 11 janvier 2023)<br \/>Personne de contact : Beat R\u00f6lli<br \/>Contact : <a href=\"mailto:b.roelli@permakultur-beratung.ch\" target=\"_blank\" rel=\"noreferrer noopener\">b.roelli@permakultur-beratung.ch<\/a><\/li>\n<!-- \/wp:list-item --><!-- wp:list-item -->\n<li><strong>Tessin<\/strong><br \/>Le groupe d'\u00e9changes Permaculture est en cours de cr\u00e9ation<br \/>Plus d'informations sous : <a href=\"https:\/\/probio.bioactualites.ch\/groupes-dechanges\" target=\"_blank\" rel=\"noreferrer noopener\">https:\/\/probio.bioactualites.ch\/groupes-dechanges<\/a><\/li>\n<!-- \/wp:list-item --><!-- wp:list-item -->\n<li><strong>Suisse de l'Est<\/strong><br \/>Groupe d'\u00e9changes Permaculture (depuis le 06 janvier 2023)<br \/>Personne de contact : Tanja B\u00e4r<br \/>Contact : <a href=\"mailto:baeren@sunrise.ch\" target=\"_blank\" rel=\"noreferrer noopener\">baeren@sunrise.ch<\/a><\/li>\n<!-- \/wp:list-item --><!-- wp:list-item -->\n<li><strong>Vaud<\/strong><br \/>Groupe d\u2019\u00e9changes Permaculture \u2013 viticulture Agroforesti\u00e8re (depuis le 08 mars 2022)<br \/>Plus d\u2019informations : <a href=\"https:\/\/probio.bioaktuell.ch\/arbeitskreise\" target=\"_blank\" rel=\"noreferrer noopener\">https:\/\/probio.bioactualites.ch\/groupes-dechanges<\/a><\/li>\n<!-- \/wp:list-item --><\/ul>\n<ul><!-- \/wp:list-item --><\/ul>\n<p><!-- \/wp:list --><\/p>\t\t\t\t\t\t\t\t<\/div>\n\t\t\t\t<\/div>\n\t\t\t\t<div class=\"elementor-element elementor-element-665662c elementor-widget elementor-widget-heading\" data-id=\"665662c\" data-element_type=\"widget\" data-e-type=\"widget\" data-widget_type=\"heading.default\">\n\t\t\t\t<div class=\"elementor-widget-container\">\n\t\t\t\t\t<h2 class=\"elementor-heading-title elementor-size-default\">Groupe d\u2019\u00e9changes Agroforesterie<\/h2>\t\t\t\t<\/div>\n\t\t\t\t<\/div>\n\t\t\t\t<div class=\"elementor-element elementor-element-2e50d16 elementor-widget elementor-widget-text-editor\" data-id=\"2e50d16\" data-element_type=\"widget\" data-e-type=\"widget\" data-widget_type=\"text-editor.default\">\n\t\t\t\t<div class=\"elementor-widget-container\">\n\t\t\t\t\t\t\t\t\t<ul><!-- wp:list-item --><!-- \/wp:list-item --><\/ul>\n<ul>\n<li><strong>Berne<\/strong> <br \/>Groupe d'\u00e9changes Agroforesterie (depuis le 26 juin 2024)<br \/>Personne de contact : Mila Laager<br \/>Contact : <a href=\"https:\/\/www.permakultur-jetzt.ch\/arbeitskreise\" target=\"_blank\" rel=\"noreferrer noopener\">www.permakultur-jetzt.ch\/arbeitskreise<\/a><\/li>\n<li><strong>Suisse de l'Est<\/strong><br \/>Groupe de travail Agroforesterie (depuis le 22 mars 2024) <br \/>Personne de contact : J\u00fcrg Strauss<br \/>Contact : juerg.strauss@silvocultura.ch<br \/>Plus d\u2019informations sous : <a href=\"https:\/\/probio.bioactualites.ch\/groupes-dechanges\" target=\"_blank\" rel=\"noreferrer noopener\">https:\/\/probio.bioactualites.ch\/groupes-dechanges<\/a><\/li>\n<\/ul>\n<p><!-- \/wp:paragraph --><!-- wp:list --><\/p>\n<ul><!-- wp:list-item --><\/ul>\n<p><!-- \/wp:list --><!-- wp:paragraph --><\/p>\n<ul><!-- \/wp:list-item --><\/ul>\n<p><!-- \/wp:list --><\/p>\t\t\t\t\t\t\t\t<\/div>\n\t\t\t\t<\/div>\n\t\t\t\t<div class=\"elementor-element elementor-element-fe12a5f elementor-widget elementor-widget-heading\" data-id=\"fe12a5f\" data-element_type=\"widget\" data-e-type=\"widget\" data-widget_type=\"heading.default\">\n\t\t\t\t<div class=\"elementor-widget-container\">\n\t\t\t\t\t<h2 class=\"elementor-heading-title elementor-size-default\">Plus d\u2019informations<\/h2>\t\t\t\t<\/div>\n\t\t\t\t<\/div>\n\t\t\t\t<div class=\"elementor-element elementor-element-c4fbdc0 elementor-widget elementor-widget-text-editor\" data-id=\"c4fbdc0\" data-element_type=\"widget\" data-e-type=\"widget\" data-widget_type=\"text-editor.default\">\n\t\t\t\t<div class=\"elementor-widget-container\">\n\t\t\t\t\t\t\t\t\t<p>Si vous avez envie de cr\u00e9er un nouveau groupe d'\u00e9changes en Permaculture ou Agroforesterie, n'h\u00e9sitez pas \u00e0 nous contacter \u00e0 l'adresse suivante <a href=\"https:\/\/permakultur-landwirtschaft.org\/fr\/kontakt\/\">Contacts<\/a>.<\/p>\n<p><!-- \/wp:paragraph --><!-- wp:paragraph --><\/p>\n<p>Plus d'informations sur les groupes d\u2019\u00e9changes :<\/p>\n<p><!-- \/wp:paragraph --><!-- wp:list --><\/p>\n<ul><!-- wp:list-item -->\n<li><a href=\"https:\/\/www.bioactualites.ch\/actualites\/nouvelle\/probio-permaculture-en-milieu-agricole\" target=\"_blank\" rel=\"noreferrer noopener\">ProBio groupe d'\u00e9changes permaculture : https:\/\/www.bioactualites.ch\/actualites\/nouvelle\/probio-permaculture-en-milieu-agricole<\/a><\/li>\n<!-- \/wp:list-item --><!-- wp:list-item -->\n<li><a href=\"https:\/\/probio.bioactualites.ch\/groupes-dechanges\" target=\"_blank\" rel=\"noreferrer noopener\">ProBio groupe d'\u00e9changes : probio.bioactualites.ch\/groupes-dechanges<\/a><\/li>\n<!-- \/wp:list-item --><!-- wp:list-item -->\n<li><a href=\"https:\/\/www.inforama.ch\/beratung\/arbeitskreise\" target=\"_blank\" rel=\"noreferrer noopener\">Inforama groupe d'\u00e9changes : www.inforama.ch\/beratung\/arbeitskreise<\/a><\/li>\n<!-- \/wp:list-item --><\/ul>\n<p><!-- \/wp:list --><\/p>\t\t\t\t\t\t\t\t<\/div>\n\t\t\t\t<\/div>\n\t\t\t\t<div class=\"elementor-element elementor-element-b7c0825 elementor-widget elementor-widget-spacer\" data-id=\"b7c0825\" data-element_type=\"widget\" data-e-type=\"widget\" data-widget_type=\"spacer.default\">\n\t\t\t\t<div class=\"elementor-widget-container\">\n\t\t\t\t\t\t\t<div class=\"elementor-spacer\">\n\t\t\t<div class=\"elementor-spacer-inner\"><\/div>\n\t\t<\/div>\n\t\t\t\t\t\t<\/div>\n\t\t\t\t<\/div>\n\t\t\t\t<\/div>\n\t\t\t\t\t<\/div>\n\t\t\t\t<\/div>\n\t\t\t\t<\/div>","protected":false},"excerpt":{"rendered":"<p>Arbeitskreise In Arbeitskreisen werden aktuelle und zuk\u00fcnftige Herausforderungen praxisnah diskutiert, Erfahrungen ausgetauscht und konkrete Schritte zur Weiterentwicklung des eigenen Betriebes in die Wege geleitet (Fl\u00fcckiger 2017). Der Ansatz des Arbeitskreises erm\u00f6glicht aktives soziales Lernen und eignet sich gut f\u00fcr Fragestellungen rund um die Permakultur. Die Teilnehmenden des Arbeitskreises bestimmen das Programm, der Erfahrungsaustausch steht im [&hellip;]<\/p>\n","protected":false},"author":2,"featured_media":34376,"parent":0,"menu_order":0,"comment_status":"closed","ping_status":"closed","template":"","meta":{"_acf_changed":false,"site-sidebar-layout":"default","site-content-layout":"","ast-site-content-layout":"default","site-content-style":"default","site-sidebar-style":"default","ast-global-header-display":"","ast-banner-title-visibility":"","ast-main-header-display":"","ast-hfb-above-header-display":"","ast-hfb-below-header-display":"","ast-hfb-mobile-header-display":"","site-post-title":"","ast-breadcrumbs-content":"","ast-featured-img":"","footer-sml-layout":"","ast-disable-related-posts":"","theme-transparent-header-meta":"","adv-header-id-meta":"","stick-header-meta":"","header-above-stick-meta":"","header-main-stick-meta":"","header-below-stick-meta":"","astra-migrate-meta-layouts":"set","ast-page-background-enabled":"default","ast-page-background-meta":{"desktop":{"background-color":"var(--ast-global-color-4)","background-image":"","background-repeat":"repeat","background-position":"center center","background-size":"auto","background-attachment":"scroll","background-type":"","background-media":"","overlay-type":"","overlay-color":"","overlay-opacity":"","overlay-gradient":""},"tablet":{"background-color":"","background-image":"","background-repeat":"repeat","background-position":"center center","background-size":"auto","background-attachment":"scroll","background-type":"","background-media":"","overlay-type":"","overlay-color":"","overlay-opacity":"","overlay-gradient":""},"mobile":{"background-color":"","background-image":"","background-repeat":"repeat","background-position":"center center","background-size":"auto","background-attachment":"scroll","background-type":"","background-media":"","overlay-type":"","overlay-color":"","overlay-opacity":"","overlay-gradient":""}},"ast-content-background-meta":{"desktop":{"background-color":"var(--ast-global-color-5)","background-image":"","background-repeat":"repeat","background-position":"center center","background-size":"auto","background-attachment":"scroll","background-type":"","background-media":"","overlay-type":"","overlay-color":"","overlay-opacity":"","overlay-gradient":""},"tablet":{"background-color":"var(--ast-global-color-5)","background-image":"","background-repeat":"repeat","background-position":"center center","background-size":"auto","background-attachment":"scroll","background-type":"","background-media":"","overlay-type":"","overlay-color":"","overlay-opacity":"","overlay-gradient":""},"mobile":{"background-color":"var(--ast-global-color-5)","background-image":"","background-repeat":"repeat","background-position":"center center","background-size":"auto","background-attachment":"scroll","background-type":"","background-media":"","overlay-type":"","overlay-color":"","overlay-opacity":"","overlay-gradient":""}},"footnotes":""},"class_list":["post-17908","page","type-page","status-publish","has-post-thumbnail","hentry"],"acf":[],"yoast_head":"<!-- This site is optimized with the Yoast SEO plugin v27.5 - https:\/\/yoast.com\/product\/yoast-seo-wordpress\/ -->\n<title>Arbeitskreise - Permakultur-Landwirtschaft<\/title>\n<meta name=\"description\" content=\"Eine \u00dcbersicht zu Arbeitskreisen zu Permakultur und Agroforst in der Schweiz.\" \/>\n<meta name=\"robots\" content=\"index, follow, max-snippet:-1, max-image-preview:large, max-video-preview:-1\" \/>\n<link rel=\"canonical\" href=\"https:\/\/permakultur-landwirtschaft.org\/fr\/arbeitskreise\/\" \/>\n<meta property=\"og:locale\" content=\"fr_FR\" \/>\n<meta property=\"og:type\" content=\"article\" \/>\n<meta property=\"og:title\" content=\"Arbeitskreise - Permakultur-Landwirtschaft\" \/>\n<meta property=\"og:description\" content=\"Eine \u00dcbersicht zu Arbeitskreisen zu Permakultur und Agroforst in der Schweiz.\" \/>\n<meta property=\"og:url\" content=\"https:\/\/permakultur-landwirtschaft.org\/fr\/arbeitskreise\/\" \/>\n<meta property=\"og:site_name\" content=\"Permakultur-Landwirtschaft\" \/>\n<meta property=\"article:publisher\" content=\"https:\/\/www.facebook.com\/PermakulturLandwirtschaft\" \/>\n<meta property=\"article:modified_time\" content=\"2025-04-17T13:47:21+00:00\" \/>\n<meta property=\"og:image\" content=\"https:\/\/permakultur-landwirtschaft.org\/wp-content\/uploads\/2024\/04\/agroforst_arbeitskreis_mila_2024-04-03_14-31-58.jpg\" \/>\n\t<meta property=\"og:image:width\" content=\"694\" \/>\n\t<meta property=\"og:image:height\" content=\"474\" \/>\n\t<meta property=\"og:image:type\" content=\"image\/jpeg\" \/>\n<meta name=\"twitter:card\" content=\"summary_large_image\" \/>\n<meta name=\"twitter:label1\" content=\"Dur\u00e9e de lecture estim\u00e9e\" \/>\n\t<meta name=\"twitter:data1\" content=\"2 minutes\" \/>\n<script type=\"application\/ld+json\" class=\"yoast-schema-graph\">{\"@context\":\"https:\\\/\\\/schema.org\",\"@graph\":[{\"@type\":\"WebPage\",\"@id\":\"https:\\\/\\\/permakultur-landwirtschaft.org\\\/arbeitskreise\\\/\",\"url\":\"https:\\\/\\\/permakultur-landwirtschaft.org\\\/arbeitskreise\\\/\",\"name\":\"Arbeitskreise - Permakultur-Landwirtschaft\",\"isPartOf\":{\"@id\":\"https:\\\/\\\/permakultur-landwirtschaft.org\\\/#website\"},\"primaryImageOfPage\":{\"@id\":\"https:\\\/\\\/permakultur-landwirtschaft.org\\\/arbeitskreise\\\/#primaryimage\"},\"image\":{\"@id\":\"https:\\\/\\\/permakultur-landwirtschaft.org\\\/arbeitskreise\\\/#primaryimage\"},\"thumbnailUrl\":\"https:\\\/\\\/permakultur-landwirtschaft.org\\\/wp-content\\\/uploads\\\/2024\\\/04\\\/agroforst_arbeitskreis_mila_2024-04-03_14-31-58.jpg\",\"datePublished\":\"2022-02-09T10:45:45+00:00\",\"dateModified\":\"2025-04-17T13:47:21+00:00\",\"description\":\"Eine \u00dcbersicht zu Arbeitskreisen zu Permakultur und Agroforst in der Schweiz.\",\"breadcrumb\":{\"@id\":\"https:\\\/\\\/permakultur-landwirtschaft.org\\\/arbeitskreise\\\/#breadcrumb\"},\"inLanguage\":\"fr-FR\",\"potentialAction\":[{\"@type\":\"ReadAction\",\"target\":[\"https:\\\/\\\/permakultur-landwirtschaft.org\\\/arbeitskreise\\\/\"]}]},{\"@type\":\"ImageObject\",\"inLanguage\":\"fr-FR\",\"@id\":\"https:\\\/\\\/permakultur-landwirtschaft.org\\\/arbeitskreise\\\/#primaryimage\",\"url\":\"https:\\\/\\\/permakultur-landwirtschaft.org\\\/wp-content\\\/uploads\\\/2024\\\/04\\\/agroforst_arbeitskreis_mila_2024-04-03_14-31-58.jpg\",\"contentUrl\":\"https:\\\/\\\/permakultur-landwirtschaft.org\\\/wp-content\\\/uploads\\\/2024\\\/04\\\/agroforst_arbeitskreis_mila_2024-04-03_14-31-58.jpg\",\"width\":694,\"height\":474,\"caption\":\"Bild: Mila Laager\"},{\"@type\":\"BreadcrumbList\",\"@id\":\"https:\\\/\\\/permakultur-landwirtschaft.org\\\/arbeitskreise\\\/#breadcrumb\",\"itemListElement\":[{\"@type\":\"ListItem\",\"position\":1,\"name\":\"Startseite\",\"item\":\"https:\\\/\\\/permakultur-landwirtschaft.org\\\/\"},{\"@type\":\"ListItem\",\"position\":2,\"name\":\"Arbeitskreise\"}]},{\"@type\":\"WebSite\",\"@id\":\"https:\\\/\\\/permakultur-landwirtschaft.org\\\/#website\",\"url\":\"https:\\\/\\\/permakultur-landwirtschaft.org\\\/\",\"name\":\"Permakultur-Landwirtschaft\",\"description\":\"F\u00f6rderung der Permakultur in der Landwirtschaft\",\"publisher\":{\"@id\":\"https:\\\/\\\/permakultur-landwirtschaft.org\\\/#organization\"},\"potentialAction\":[{\"@type\":\"SearchAction\",\"target\":{\"@type\":\"EntryPoint\",\"urlTemplate\":\"https:\\\/\\\/permakultur-landwirtschaft.org\\\/?s={search_term_string}\"},\"query-input\":{\"@type\":\"PropertyValueSpecification\",\"valueRequired\":true,\"valueName\":\"search_term_string\"}}],\"inLanguage\":\"fr-FR\"},{\"@type\":\"Organization\",\"@id\":\"https:\\\/\\\/permakultur-landwirtschaft.org\\\/#organization\",\"name\":\"Permakultur-Landwirtschaft\",\"alternateName\":\"Verein Permakultur-Landwirtschaft\",\"url\":\"https:\\\/\\\/permakultur-landwirtschaft.org\\\/\",\"logo\":{\"@type\":\"ImageObject\",\"inLanguage\":\"fr-FR\",\"@id\":\"https:\\\/\\\/permakultur-landwirtschaft.org\\\/#\\\/schema\\\/logo\\\/image\\\/\",\"url\":\"https:\\\/\\\/permakultur-landwirtschaft.org\\\/wp-content\\\/uploads\\\/2021\\\/11\\\/pela_1268x1269.png\",\"contentUrl\":\"https:\\\/\\\/permakultur-landwirtschaft.org\\\/wp-content\\\/uploads\\\/2021\\\/11\\\/pela_1268x1269.png\",\"width\":1298,\"height\":1269,\"caption\":\"Permakultur-Landwirtschaft\"},\"image\":{\"@id\":\"https:\\\/\\\/permakultur-landwirtschaft.org\\\/#\\\/schema\\\/logo\\\/image\\\/\"},\"sameAs\":[\"https:\\\/\\\/www.facebook.com\\\/PermakulturLandwirtschaft\",\"https:\\\/\\\/www.instagram.com\\\/permakultur_landwirtschaft\\\/\",\"https:\\\/\\\/www.flickr.com\\\/photos\\\/permakultur-landwirtschaft\",\"https:\\\/\\\/www.youtube.com\\\/@PermakulturLandwirtschaft\"]}]}<\/script>\n<!-- \/ Yoast SEO plugin. -->","yoast_head_json":{"title":"Arbeitskreise - Permakultur-Landwirtschaft","description":"Eine \u00dcbersicht zu Arbeitskreisen zu Permakultur und Agroforst in der Schweiz.","robots":{"index":"index","follow":"follow","max-snippet":"max-snippet:-1","max-image-preview":"max-image-preview:large","max-video-preview":"max-video-preview:-1"},"canonical":"https:\/\/permakultur-landwirtschaft.org\/fr\/arbeitskreise\/","og_locale":"fr_FR","og_type":"article","og_title":"Arbeitskreise - Permakultur-Landwirtschaft","og_description":"Eine \u00dcbersicht zu Arbeitskreisen zu Permakultur und Agroforst in der Schweiz.","og_url":"https:\/\/permakultur-landwirtschaft.org\/fr\/arbeitskreise\/","og_site_name":"Permakultur-Landwirtschaft","article_publisher":"https:\/\/www.facebook.com\/PermakulturLandwirtschaft","article_modified_time":"2025-04-17T13:47:21+00:00","og_image":[{"width":694,"height":474,"url":"https:\/\/permakultur-landwirtschaft.org\/wp-content\/uploads\/2024\/04\/agroforst_arbeitskreis_mila_2024-04-03_14-31-58.jpg","type":"image\/jpeg"}],"twitter_card":"summary_large_image","twitter_misc":{"Dur\u00e9e de lecture estim\u00e9e":"2 minutes"},"schema":{"@context":"https:\/\/schema.org","@graph":[{"@type":"WebPage","@id":"https:\/\/permakultur-landwirtschaft.org\/arbeitskreise\/","url":"https:\/\/permakultur-landwirtschaft.org\/arbeitskreise\/","name":"Arbeitskreise - Permakultur-Landwirtschaft","isPartOf":{"@id":"https:\/\/permakultur-landwirtschaft.org\/#website"},"primaryImageOfPage":{"@id":"https:\/\/permakultur-landwirtschaft.org\/arbeitskreise\/#primaryimage"},"image":{"@id":"https:\/\/permakultur-landwirtschaft.org\/arbeitskreise\/#primaryimage"},"thumbnailUrl":"https:\/\/permakultur-landwirtschaft.org\/wp-content\/uploads\/2024\/04\/agroforst_arbeitskreis_mila_2024-04-03_14-31-58.jpg","datePublished":"2022-02-09T10:45:45+00:00","dateModified":"2025-04-17T13:47:21+00:00","description":"Eine \u00dcbersicht zu Arbeitskreisen zu Permakultur und Agroforst in der Schweiz.","breadcrumb":{"@id":"https:\/\/permakultur-landwirtschaft.org\/arbeitskreise\/#breadcrumb"},"inLanguage":"fr-FR","potentialAction":[{"@type":"ReadAction","target":["https:\/\/permakultur-landwirtschaft.org\/arbeitskreise\/"]}]},{"@type":"ImageObject","inLanguage":"fr-FR","@id":"https:\/\/permakultur-landwirtschaft.org\/arbeitskreise\/#primaryimage","url":"https:\/\/permakultur-landwirtschaft.org\/wp-content\/uploads\/2024\/04\/agroforst_arbeitskreis_mila_2024-04-03_14-31-58.jpg","contentUrl":"https:\/\/permakultur-landwirtschaft.org\/wp-content\/uploads\/2024\/04\/agroforst_arbeitskreis_mila_2024-04-03_14-31-58.jpg","width":694,"height":474,"caption":"Bild: Mila Laager"},{"@type":"BreadcrumbList","@id":"https:\/\/permakultur-landwirtschaft.org\/arbeitskreise\/#breadcrumb","itemListElement":[{"@type":"ListItem","position":1,"name":"Startseite","item":"https:\/\/permakultur-landwirtschaft.org\/"},{"@type":"ListItem","position":2,"name":"Arbeitskreise"}]},{"@type":"WebSite","@id":"https:\/\/permakultur-landwirtschaft.org\/#website","url":"https:\/\/permakultur-landwirtschaft.org\/","name":"Permakultur-Landwirtschaft","description":"F\u00f6rderung der Permakultur in der Landwirtschaft","publisher":{"@id":"https:\/\/permakultur-landwirtschaft.org\/#organization"},"potentialAction":[{"@type":"SearchAction","target":{"@type":"EntryPoint","urlTemplate":"https:\/\/permakultur-landwirtschaft.org\/?s={search_term_string}"},"query-input":{"@type":"PropertyValueSpecification","valueRequired":true,"valueName":"search_term_string"}}],"inLanguage":"fr-FR"},{"@type":"Organization","@id":"https:\/\/permakultur-landwirtschaft.org\/#organization","name":"Permakultur-Landwirtschaft","alternateName":"Verein Permakultur-Landwirtschaft","url":"https:\/\/permakultur-landwirtschaft.org\/","logo":{"@type":"ImageObject","inLanguage":"fr-FR","@id":"https:\/\/permakultur-landwirtschaft.org\/#\/schema\/logo\/image\/","url":"https:\/\/permakultur-landwirtschaft.org\/wp-content\/uploads\/2021\/11\/pela_1268x1269.png","contentUrl":"https:\/\/permakultur-landwirtschaft.org\/wp-content\/uploads\/2021\/11\/pela_1268x1269.png","width":1298,"height":1269,"caption":"Permakultur-Landwirtschaft"},"image":{"@id":"https:\/\/permakultur-landwirtschaft.org\/#\/schema\/logo\/image\/"},"sameAs":["https:\/\/www.facebook.com\/PermakulturLandwirtschaft","https:\/\/www.instagram.com\/permakultur_landwirtschaft\/","https:\/\/www.flickr.com\/photos\/permakultur-landwirtschaft","https:\/\/www.youtube.com\/@PermakulturLandwirtschaft"]}]}},"_links":{"self":[{"href":"https:\/\/permakultur-landwirtschaft.org\/fr\/wp-json\/wp\/v2\/pages\/17908","targetHints":{"allow":["GET"]}}],"collection":[{"href":"https:\/\/permakultur-landwirtschaft.org\/fr\/wp-json\/wp\/v2\/pages"}],"about":[{"href":"https:\/\/permakultur-landwirtschaft.org\/fr\/wp-json\/wp\/v2\/types\/page"}],"author":[{"embeddable":true,"href":"https:\/\/permakultur-landwirtschaft.org\/fr\/wp-json\/wp\/v2\/users\/2"}],"replies":[{"embeddable":true,"href":"https:\/\/permakultur-landwirtschaft.org\/fr\/wp-json\/wp\/v2\/comments?post=17908"}],"version-history":[{"count":41,"href":"https:\/\/permakultur-landwirtschaft.org\/fr\/wp-json\/wp\/v2\/pages\/17908\/revisions"}],"predecessor-version":[{"id":36377,"href":"https:\/\/permakultur-landwirtschaft.org\/fr\/wp-json\/wp\/v2\/pages\/17908\/revisions\/36377"}],"wp:featuredmedia":[{"embeddable":true,"href":"https:\/\/permakultur-landwirtschaft.org\/fr\/wp-json\/wp\/v2\/media\/34376"}],"wp:attachment":[{"href":"https:\/\/permakultur-landwirtschaft.org\/fr\/wp-json\/wp\/v2\/media?parent=17908"}],"curies":[{"name":"wp","href":"https:\/\/api.w.org\/{rel}","templated":true}]}}