{"id":17850,"date":"2022-02-04T17:15:29","date_gmt":"2022-02-04T16:15:29","guid":{"rendered":"https:\/\/permakultur-landwirtschaft.org\/?page_id=17850"},"modified":"2026-04-02T12:14:15","modified_gmt":"2026-04-02T10:14:15","slug":"aus-und-weiterbildungsmoeglichkeiten","status":"publish","type":"page","link":"https:\/\/permakultur-landwirtschaft.org\/fr\/aus-und-weiterbildungsmoeglichkeiten\/","title":{"rendered":"Possibilit\u00e9s de formation"},"content":{"rendered":"<div data-elementor-type=\"wp-page\" data-elementor-id=\"17850\" class=\"elementor elementor-17850\" data-elementor-post-type=\"page\">\n\t\t\t\t<div class=\"elementor-element elementor-element-3ac9455 e-flex e-con-boxed e-con e-parent\" data-id=\"3ac9455\" data-element_type=\"container\" data-e-type=\"container\">\n\t\t\t\t\t<div class=\"e-con-inner\">\n\t\t<div class=\"elementor-element elementor-element-75b3c4b e-con-full e-flex e-con e-child\" data-id=\"75b3c4b\" data-element_type=\"container\" data-e-type=\"container\">\n\t\t\t\t<div class=\"elementor-element elementor-element-aa0a45a elementor-widget elementor-widget-heading\" data-id=\"aa0a45a\" data-element_type=\"widget\" data-e-type=\"widget\" data-widget_type=\"heading.default\">\n\t\t\t\t<div class=\"elementor-widget-container\">\n\t\t\t\t\t<h1 class=\"elementor-heading-title elementor-size-default\">Possibilit\u00e9s de formation<\/h1>\t\t\t\t<\/div>\n\t\t\t\t<\/div>\n\t\t\t\t<div class=\"elementor-element elementor-element-6b5ff13 elementor-align-left elementor-widget elementor-widget-global elementor-global-31837 elementor-widget-post-info\" data-id=\"6b5ff13\" data-element_type=\"widget\" data-e-type=\"widget\" data-widget_type=\"post-info.default\">\n\t\t\t\t<div class=\"elementor-widget-container\">\n\t\t\t\t\t\t\t<ul class=\"elementor-inline-items elementor-icon-list-items elementor-post-info\">\n\t\t\t\t\t\t\t\t<li class=\"elementor-icon-list-item elementor-repeater-item-b86257f elementor-inline-item\">\n\t\t\t\t\t\t\t\t\t\t\t\t\t<span class=\"elementor-icon-list-text elementor-post-info__item elementor-post-info__item--type-custom\">\n\t\t\t\t\t\t\t\t\t\tDerni\u00e8re mise \u00e0 jour\t\t\t\t\t<\/span>\n\t\t\t\t\t\t\t\t<\/li>\n\t\t\t\t<li class=\"elementor-icon-list-item elementor-repeater-item-94e5de7 elementor-inline-item\">\n\t\t\t\t\t\t\t\t\t\t\t\t\t<span class=\"elementor-icon-list-text elementor-post-info__item elementor-post-info__item--type-custom\">\n\t\t\t\t\t\t\t\t\t\t2. avril 2026\t\t\t\t\t<\/span>\n\t\t\t\t\t\t\t\t<\/li>\n\t\t\t\t<\/ul>\n\t\t\t\t\t\t<\/div>\n\t\t\t\t<\/div>\n\t\t\t\t<div class=\"elementor-element elementor-element-9a4eb7e elementor-widget elementor-widget-text-editor\" data-id=\"9a4eb7e\" data-element_type=\"widget\" data-e-type=\"widget\" data-widget_type=\"text-editor.default\">\n\t\t\t\t<div class=\"elementor-widget-container\">\n\t\t\t\t\t\t\t\t\t<p>Des \u00e9v\u00e9nements et des cours passionnants sont \u00e9galement r\u00e9guli\u00e8rement inscrits \u00e0 l' <a href=\"https:\/\/permakultur-landwirtschaft.org\/fr\/veranstaltungen\/\" target=\"_blank\" rel=\"noreferrer noopener\" data-type=\"page\" data-id=\"476\">Agenda <\/a>.<\/p>\t\t\t\t\t\t\t\t<\/div>\n\t\t\t\t<\/div>\n\t\t\t\t<div class=\"elementor-element elementor-element-ff6ce25 elementor-widget elementor-widget-heading\" data-id=\"ff6ce25\" data-element_type=\"widget\" data-e-type=\"widget\" data-widget_type=\"heading.default\">\n\t\t\t\t<div class=\"elementor-widget-container\">\n\t\t\t\t\t<h2 class=\"elementor-heading-title elementor-size-default\">Permaculture<\/h2>\t\t\t\t<\/div>\n\t\t\t\t<\/div>\n\t\t\t\t<div class=\"elementor-element elementor-element-70f8502 elementor-widget elementor-widget-text-editor\" data-id=\"70f8502\" data-element_type=\"widget\" data-e-type=\"widget\" data-widget_type=\"text-editor.default\">\n\t\t\t\t<div class=\"elementor-widget-container\">\n\t\t\t\t\t\t\t\t\t<p>Allemand :<\/p><ul><li><a href=\"https:\/\/morgarotpermakultur.ch\/c\/morgarot-kurse\" target=\"_blank\" rel=\"noreferrer noopener\">Lernprogramm Permakultur &#8211; Angebot vom Hof Morgarot Permakultur<\/a><\/li><li><a href=\"https:\/\/knechtle-permakultur.ch\/lehrgang\/lehrgang-permakultur-landwirtschaft\/\" target=\"_blank\" rel=\"noopener\">Lehrgang Permakultur Landwirtschaft &#8211; Angebot von Knechtle Permakultur<\/a> und <a href=\"https:\/\/permaria.ch\/fragen-antworten-2\/\" target=\"_blank\" rel=\"noopener\">Permaria<\/a><\/li><li><a href=\"https:\/\/down-to-earth.ch\/kurse-ausbildungen\/\" target=\"_blank\" rel=\"noopener\">Akademie f\u00fcr Permakultur Gestaltung<\/a><ul><li><a href=\"https:\/\/down-to-earth.ch\/kurse-ausbildungen\/\" target=\"_blank\" rel=\"noopener\">Zweij\u00e4hrigen Permakultur Design- und Praktiker:innen Ausbildung am Permakultur Auenhof und andere Partnerh\u00f6fe<\/a><\/li><li><a href=\"https:\/\/down-to-earth.ch\/kurse-ausbildungen\/\" target=\"_blank\" rel=\"noopener\">Permakultur Design Kurse, Praxis und Workshops<\/a><\/li><\/ul><\/li><li><a href=\"https:\/\/www.alpine-permakultur.ch\/kalender\/\" target=\"_blank\" rel=\"noopener\">Alpine Permakultur Schweibenalp<\/a><\/li><li><a href=\"https:\/\/www.naturhofkiental.com\/anlaesse\" target=\"_blank\" rel=\"noreferrer noopener\">Naturhof Kiental<\/a><\/li><li><a href=\"https:\/\/www.permakultur-beratung.ch\/pk-landwirtschaft\/\" target=\"_blank\" rel=\"noopener\">Permakultur Beratung<\/a><\/li><li><a href=\"https:\/\/www.permakultur-jetzt.ch\" target=\"_blank\" rel=\"noopener\">Permakultur jetzt<\/a><\/li><li><a href=\"https:\/\/permakultur-kurs.online\/\" target=\"_blank\" rel=\"noreferrer noopener\">Permastart online Kurse<\/a><\/li><li><a href=\"https:\/\/www.planofuturo.ch\/\" target=\"_blank\" rel=\"noopener\">Planofuturo<\/a><\/li><\/ul><p>Fran\u00e7ais :<\/p><ul><li><a href=\"https:\/\/www.permaculture.ch\/permaculture\/formations\" target=\"_blank\" rel=\"noreferrer noopener\">Association Permaculture Romande<\/a><\/li><li><a href=\"https:\/\/formation-jardinage.fr\/formateur-permaculteur\/\" target=\"_blank\" rel=\"noopener\">Formations jardinage &#8211; Christophe Gaudry<\/a><\/li><li><a href=\"https:\/\/fermedelilan.ch\/formations\/\" target=\"_blank\" rel=\"noopener\">Ferme de Lilan<\/a><\/li><li><a href=\"https:\/\/www.mjpa.net\/nos-formations\" target=\"_blank\" rel=\"noreferrer noopener\">Maison Jurassienne pour l\u2019Agro\u00e9cologie<\/a><\/li><li><a href=\"https:\/\/permajura.ch\/2324-2\/\" target=\"_blank\" rel=\"noreferrer noopener\">Permaculture Arc Jura (PAJ)<\/a><\/li><li><a href=\"https:\/\/www.permaculture-certifi\u00e9e.ch\/\" target=\"_blank\" rel=\"noopener\">Permaculture certifi\u00e9e \u2013 Informations et r\u00e9seau de la Permaculture en Suisse romande<\/a><\/li><\/ul><p>Anglais :<\/p><ul><li><a href=\"https:\/\/www.discoverpermaculture.com\/\" target=\"_blank\" rel=\"noopener\">Discover Permaculture &#8211; Geoff Lawton<\/a><\/li><li><a href=\"https:\/\/workspace.oregonstate.edu\/certificate\/permaculture-design-certificate-online\" target=\"_blank\" rel=\"noopener\">Oregon State University &#8211; Andrew Millison<\/a><\/li><li><a href=\"http:\/\/www.regrarians.org\" target=\"_blank\" rel=\"noopener\">Regrarians &#8211; Darren Doherty<\/a><br \/>\u00ab Il a \u00e9t\u00e9 l'\u00e9l\u00e8ve de Bill Mollison et a d\u00e9velopp\u00e9 un syst\u00e8me de planification pour les agriculteurs bas\u00e9 sur la permaculture, le keyline design, la gestion holistique, etc. Ce syst\u00e8me a d\u00e9j\u00e0 permis de transformer des milliers de fermes dans le monde entier. \u00bb<em>\u00bb<\/em> Beat R\u00f6lli<\/li><li><a href=\"https:\/\/www.wholesystemsdesign.com\/permaculture-design-course\" target=\"_blank\" rel=\"noopener\">Whole Systems Design &#8211; Ben Falk<\/a><\/li><\/ul>\t\t\t\t\t\t\t\t<\/div>\n\t\t\t\t<\/div>\n\t\t\t\t<div class=\"elementor-element elementor-element-40e5863 elementor-widget elementor-widget-heading\" data-id=\"40e5863\" data-element_type=\"widget\" data-e-type=\"widget\" data-widget_type=\"heading.default\">\n\t\t\t\t<div class=\"elementor-widget-container\">\n\t\t\t\t\t<h2 class=\"elementor-heading-title elementor-size-default\">Agroforesterie<\/h2>\t\t\t\t<\/div>\n\t\t\t\t<\/div>\n\t\t\t\t<div class=\"elementor-element elementor-element-1d4d952 elementor-widget elementor-widget-text-editor\" data-id=\"1d4d952\" data-element_type=\"widget\" data-e-type=\"widget\" data-widget_type=\"text-editor.default\">\n\t\t\t\t<div class=\"elementor-widget-container\">\n\t\t\t\t\t\t\t\t\t<p>Allemand :<\/p><ul><li><a href=\"https:\/\/agroforst-akademie.de\/\" target=\"_blank\" rel=\"noreferrer noopener\">Agroforst Akademie (Deutschland)<\/a><\/li><li><a href=\"https:\/\/noe.lfi.at\/lfi-zertifikatslehrgang-agroforst-zukunftsf%C3%A4hige-landwirtschaft-durch-einbindung-von-geh%C3%B6lzen-startet-im-februar-2025+2500+2855316#:~:text=Der%20Start%20des%20Lehrgangs%20ist,eines%20eigenen%2C%20ganzheitlich%20geplanten%20Agroforstsystems.\" target=\"_blank\" rel=\"noopener\">LFI -Zertifikatslehrgang &#171;Agroforst &#8211; Zukunftsf\u00e4hige Landwirtschaft durch Einbindung von Geh\u00f6lzen&#187;<\/a><\/li><li><a href=\"https:\/\/relavisio.de\/kurs\/syntropischer-agroforst-theorie-praxis\/\" target=\"_blank\" rel=\"noopener\">Workshop Syntropischer Anbau \u2013 In Theorie und Praxis<\/a><\/li><li><a href=\"https:\/\/syntropisch.com\/\" target=\"_blank\" rel=\"noopener\">Syntropische Landwirtschaft Kurs &#8211; syntropisch.com<\/a><\/li><li><a href=\"https:\/\/permakultur-landwirtschaft.org\/fr\/syntropischer-agroforst-wie-funktioniert-das-system-einfuehrung-von-ursula-arztmann\/\">Einf\u00fchrung in den Syntropischen Agroforst<\/a><\/li><li><a href=\"https:\/\/academy.forests4farming.org\/\" target=\"_blank\" rel=\"noopener\">Kostenlose Onlinekurse in Syntropischer Landwirtschaft<\/a> von <a href=\"https:\/\/www.forests4farming.org\" target=\"_blank\" rel=\"noopener\">Forests4Farming<\/a><\/li><\/ul><p>Fran\u00e7ais :<\/p><ul><li><a href=\"https:\/\/efa.agroforesterie.fr\/\" target=\"_blank\" rel=\"noreferrer noopener\">Ecole Fran\u00e7aise d\u2019Agroforesterie (EFA)<\/a><\/li><\/ul>\t\t\t\t\t\t\t\t<\/div>\n\t\t\t\t<\/div>\n\t\t\t\t<div class=\"elementor-element elementor-element-7c5acee elementor-widget elementor-widget-heading\" data-id=\"7c5acee\" data-element_type=\"widget\" data-e-type=\"widget\" data-widget_type=\"heading.default\">\n\t\t\t\t<div class=\"elementor-widget-container\">\n\t\t\t\t\t<h2 class=\"elementor-heading-title elementor-size-default\">Agriculture r\u00e9g\u00e9n\u00e9rative<\/h2>\t\t\t\t<\/div>\n\t\t\t\t<\/div>\n\t\t\t\t<div class=\"elementor-element elementor-element-b144285 elementor-widget elementor-widget-text-editor\" data-id=\"b144285\" data-element_type=\"widget\" data-e-type=\"widget\" data-widget_type=\"text-editor.default\">\n\t\t\t\t<div class=\"elementor-widget-container\">\n\t\t\t\t\t\t\t\t\t<ul><li><a href=\"https:\/\/www.agricultura-regeneratio.ch\/\" target=\"_blank\" rel=\"noopener\">Agricultura Regeneratio &#8211; Webinare f\u00fcr Mitglieder<\/a><\/li><li><a href=\"https:\/\/kurs.regenerativ.ch\" target=\"_blank\" rel=\"noopener\">Regenerativ Schweiz<\/a><\/li><li><a href=\"https:\/\/regenerativergemuesebau.ch\/meine-kurse\/\" target=\"_blank\" rel=\"noopener\">Bodenaufbauend &#8211; Beratung f\u00fcr regenerativen Gem\u00fcsebau<\/a><\/li><li><a href=\"https:\/\/www.regenerative-landwirtschaft.de\" target=\"_blank\" rel=\"noopener\">Regenerative Landwirtschaft &#8211; Dietmar N\u00e4ser<\/a><\/li><li><a href=\"https:\/\/humusfarming.de\/\" target=\"_blank\" rel=\"noopener\">Humusfarming &#8211; Friedrich Wenz<\/a><\/li><li><a href=\"https:\/\/humuswirtschaft.ch\/\" target=\"_blank\" rel=\"noopener\">Humuswirtschaft &#8211; Franz Keiser<\/a><\/li><\/ul>\t\t\t\t\t\t\t\t<\/div>\n\t\t\t\t<\/div>\n\t\t\t\t<div class=\"elementor-element elementor-element-b95375d elementor-widget elementor-widget-heading\" data-id=\"b95375d\" data-element_type=\"widget\" data-e-type=\"widget\" data-widget_type=\"heading.default\">\n\t\t\t\t<div class=\"elementor-widget-container\">\n\t\t\t\t\t<h2 class=\"elementor-heading-title elementor-size-default\">Sol<\/h2>\t\t\t\t<\/div>\n\t\t\t\t<\/div>\n\t\t\t\t<div class=\"elementor-element elementor-element-da23905 elementor-widget elementor-widget-text-editor\" data-id=\"da23905\" data-element_type=\"widget\" data-e-type=\"widget\" data-widget_type=\"text-editor.default\">\n\t\t\t\t<div class=\"elementor-widget-container\">\n\t\t\t\t\t\t\t\t\t<ul><li><a href=\"https:\/\/bodenbildung.org\/bildungsangebot\/#bodenpraktiker\" target=\"_blank\" rel=\"noreferrer noopener\">Der Bodenpraktiker von Boden.Bildung<\/a><\/li><li><a href=\"https:\/\/regenerateforum.org\/bodenpraktiker\/\" target=\"_blank\" rel=\"noreferrer noopener\">Bodenpraktiker &#8211; Regeneration gemeinsam lernen von Regenerate Forum<\/a><\/li><li><a href=\"https:\/\/regenerateforum.org\/bodenpraktiker-obst\/\" target=\"_blank\" rel=\"noreferrer noopener\">Der Bodenpraktiker Obst von Regenerate Forum<\/a><\/li><\/ul>\t\t\t\t\t\t\t\t<\/div>\n\t\t\t\t<\/div>\n\t\t\t\t<div class=\"elementor-element elementor-element-f140241 elementor-widget elementor-widget-heading\" data-id=\"f140241\" data-element_type=\"widget\" data-e-type=\"widget\" data-widget_type=\"heading.default\">\n\t\t\t\t<div class=\"elementor-widget-container\">\n\t\t\t\t\t<h2 class=\"elementor-heading-title elementor-size-default\">Divers<\/h2>\t\t\t\t<\/div>\n\t\t\t\t<\/div>\n\t\t\t\t<div class=\"elementor-element elementor-element-b7969ba elementor-widget elementor-widget-text-editor\" data-id=\"b7969ba\" data-element_type=\"widget\" data-e-type=\"widget\" data-widget_type=\"text-editor.default\">\n\t\t\t\t<div class=\"elementor-widget-container\">\n\t\t\t\t\t\t\t\t\t<ul><li><a href=\"https:\/\/demeterausbildung.ch\" target=\"_blank\" rel=\"noopener\">Biodynamische Ausbildung Schweiz (Demeter)<\/a><\/li><li><a href=\"https:\/\/akademie.fibl.org\/\" target=\"_blank\" rel=\"noopener\">FiBL Akademie (Forschungsinstitut f\u00fcr Biologische Landwirtschaft)<\/a><\/li><li><a href=\"https:\/\/www.inforama.ch\/weiterbildung\/landwirtschaft-begreifen\" target=\"_blank\" rel=\"noopener\">Landwirtschaft begreifen &#8211; Inforama Jahreskurs<\/a><\/li><li><a href=\"https:\/\/www.tinyfarms.ch\/\" target=\"_blank\" rel=\"noopener\">Tiny Farms Academy<\/a><\/li><\/ul><p>Fran\u00e7ais :<\/p><ul><li><a href=\"https:\/\/www.frij.ch\/FORMATIONS\" target=\"_blank\" rel=\"noopener\">Fondation Rurale Interjurassien<\/a><\/li><li><a href=\"https:\/\/www.hesge.ch\/hepia\/formation-continue\/formation-courte\" target=\"_blank\" rel=\"noopener\">Haute \u00e9cole du paysage, d&#8217;ing\u00e9nierie et d&#8217;architecture de Gen\u00e8ve &#8211; HEPIA<\/a><\/li><li><a href=\"https:\/\/www.icosysteme.com\/\" target=\"_blank\" rel=\"noopener\">Icosyst\u00e8me<\/a><\/li><\/ul>\t\t\t\t\t\t\t\t<\/div>\n\t\t\t\t<\/div>\n\t\t\t\t<\/div>\n\t\t\t\t\t<\/div>\n\t\t\t\t<\/div>\n\t\t\t\t<\/div>","protected":false},"excerpt":{"rendered":"<p>Aus- und Weiterbildungsm\u00f6glichkeiten In der Agenda hat es ebenfalls regelm\u00e4ssig spannende Anl\u00e4sse und Kurse. Permakultur Deutsch: Lernprogramm Permakultur &#8211; Angebot vom Hof Morgarot Permakultur Lehrgang Permakultur Landwirtschaft &#8211; Angebot von Knechtle Permakultur und Permaria Akademie f\u00fcr Permakultur Gestaltung Zweij\u00e4hrigen Permakultur Design- und Praktiker:innen Ausbildung am Permakultur Auenhof und andere Partnerh\u00f6fe Permakultur Design Kurse, Praxis und [&hellip;]<\/p>\n","protected":false},"author":2,"featured_media":34976,"parent":0,"menu_order":0,"comment_status":"closed","ping_status":"closed","template":"","meta":{"_acf_changed":false,"site-sidebar-layout":"default","site-content-layout":"","ast-site-content-layout":"default","site-content-style":"default","site-sidebar-style":"default","ast-global-header-display":"","ast-banner-title-visibility":"","ast-main-header-display":"","ast-hfb-above-header-display":"","ast-hfb-below-header-display":"","ast-hfb-mobile-header-display":"","site-post-title":"","ast-breadcrumbs-content":"","ast-featured-img":"","footer-sml-layout":"","ast-disable-related-posts":"","theme-transparent-header-meta":"","adv-header-id-meta":"","stick-header-meta":"","header-above-stick-meta":"","header-main-stick-meta":"","header-below-stick-meta":"","astra-migrate-meta-layouts":"set","ast-page-background-enabled":"default","ast-page-background-meta":{"desktop":{"background-color":"var(--ast-global-color-4)","background-image":"","background-repeat":"repeat","background-position":"center center","background-size":"auto","background-attachment":"scroll","background-type":"","background-media":"","overlay-type":"","overlay-color":"","overlay-opacity":"","overlay-gradient":""},"tablet":{"background-color":"","background-image":"","background-repeat":"repeat","background-position":"center center","background-size":"auto","background-attachment":"scroll","background-type":"","background-media":"","overlay-type":"","overlay-color":"","overlay-opacity":"","overlay-gradient":""},"mobile":{"background-color":"","background-image":"","background-repeat":"repeat","background-position":"center center","background-size":"auto","background-attachment":"scroll","background-type":"","background-media":"","overlay-type":"","overlay-color":"","overlay-opacity":"","overlay-gradient":""}},"ast-content-background-meta":{"desktop":{"background-color":"var(--ast-global-color-5)","background-image":"","background-repeat":"repeat","background-position":"center center","background-size":"auto","background-attachment":"scroll","background-type":"","background-media":"","overlay-type":"","overlay-color":"","overlay-opacity":"","overlay-gradient":""},"tablet":{"background-color":"var(--ast-global-color-5)","background-image":"","background-repeat":"repeat","background-position":"center center","background-size":"auto","background-attachment":"scroll","background-type":"","background-media":"","overlay-type":"","overlay-color":"","overlay-opacity":"","overlay-gradient":""},"mobile":{"background-color":"var(--ast-global-color-5)","background-image":"","background-repeat":"repeat","background-position":"center center","background-size":"auto","background-attachment":"scroll","background-type":"","background-media":"","overlay-type":"","overlay-color":"","overlay-opacity":"","overlay-gradient":""}},"footnotes":""},"class_list":["post-17850","page","type-page","status-publish","has-post-thumbnail","hentry"],"acf":[],"yoast_head":"<!-- This site is optimized with the Yoast SEO plugin v27.5 - https:\/\/yoast.com\/product\/yoast-seo-wordpress\/ -->\n<title>Aus- und Weiterbildungsm\u00f6glichkeiten - Permakultur-Landwirtschaft<\/title>\n<meta name=\"description\" content=\"Aus- und Weiterbildungsm\u00f6glichkeiten rund um Permakultur-Landwirtschaft, Agroforst, Regenerativ, Agrar\u00f6kologie und aufbauende Landwirtschaft.\" \/>\n<meta name=\"robots\" content=\"index, follow, max-snippet:-1, max-image-preview:large, max-video-preview:-1\" \/>\n<link rel=\"canonical\" href=\"https:\/\/permakultur-landwirtschaft.org\/fr\/aus-und-weiterbildungsmoeglichkeiten\/\" \/>\n<meta property=\"og:locale\" content=\"fr_FR\" \/>\n<meta property=\"og:type\" content=\"article\" \/>\n<meta property=\"og:title\" content=\"Aus- und Weiterbildungsm\u00f6glichkeiten - Permakultur-Landwirtschaft\" \/>\n<meta property=\"og:description\" content=\"Aus- und Weiterbildungsm\u00f6glichkeiten rund um Permakultur-Landwirtschaft, Agroforst, Regenerativ, Agrar\u00f6kologie und aufbauende Landwirtschaft.\" \/>\n<meta property=\"og:url\" content=\"https:\/\/permakultur-landwirtschaft.org\/fr\/aus-und-weiterbildungsmoeglichkeiten\/\" \/>\n<meta property=\"og:site_name\" content=\"Permakultur-Landwirtschaft\" \/>\n<meta property=\"article:publisher\" content=\"https:\/\/www.facebook.com\/PermakulturLandwirtschaft\" \/>\n<meta property=\"article:modified_time\" content=\"2026-04-02T10:14:15+00:00\" \/>\n<meta property=\"og:image\" content=\"https:\/\/permakultur-landwirtschaft.org\/wp-content\/uploads\/2024\/06\/Leute_pflanzen_AdobeStock_594353744-_small.jpg\" \/>\n\t<meta property=\"og:image:width\" content=\"700\" \/>\n\t<meta property=\"og:image:height\" content=\"392\" \/>\n\t<meta property=\"og:image:type\" content=\"image\/jpeg\" \/>\n<meta name=\"twitter:card\" content=\"summary_large_image\" \/>\n<meta name=\"twitter:label1\" content=\"Dur\u00e9e de lecture estim\u00e9e\" \/>\n\t<meta name=\"twitter:data1\" content=\"2 minutes\" \/>\n<script type=\"application\/ld+json\" class=\"yoast-schema-graph\">{\"@context\":\"https:\\\/\\\/schema.org\",\"@graph\":[{\"@type\":\"WebPage\",\"@id\":\"https:\\\/\\\/permakultur-landwirtschaft.org\\\/aus-und-weiterbildungsmoeglichkeiten\\\/\",\"url\":\"https:\\\/\\\/permakultur-landwirtschaft.org\\\/aus-und-weiterbildungsmoeglichkeiten\\\/\",\"name\":\"Aus- und Weiterbildungsm\u00f6glichkeiten - Permakultur-Landwirtschaft\",\"isPartOf\":{\"@id\":\"https:\\\/\\\/permakultur-landwirtschaft.org\\\/#website\"},\"primaryImageOfPage\":{\"@id\":\"https:\\\/\\\/permakultur-landwirtschaft.org\\\/aus-und-weiterbildungsmoeglichkeiten\\\/#primaryimage\"},\"image\":{\"@id\":\"https:\\\/\\\/permakultur-landwirtschaft.org\\\/aus-und-weiterbildungsmoeglichkeiten\\\/#primaryimage\"},\"thumbnailUrl\":\"https:\\\/\\\/permakultur-landwirtschaft.org\\\/wp-content\\\/uploads\\\/2024\\\/06\\\/Leute_pflanzen_AdobeStock_594353744-_small.jpg\",\"datePublished\":\"2022-02-04T16:15:29+00:00\",\"dateModified\":\"2026-04-02T10:14:15+00:00\",\"description\":\"Aus- und Weiterbildungsm\u00f6glichkeiten rund um Permakultur-Landwirtschaft, Agroforst, Regenerativ, Agrar\u00f6kologie und aufbauende Landwirtschaft.\",\"breadcrumb\":{\"@id\":\"https:\\\/\\\/permakultur-landwirtschaft.org\\\/aus-und-weiterbildungsmoeglichkeiten\\\/#breadcrumb\"},\"inLanguage\":\"fr-FR\",\"potentialAction\":[{\"@type\":\"ReadAction\",\"target\":[\"https:\\\/\\\/permakultur-landwirtschaft.org\\\/aus-und-weiterbildungsmoeglichkeiten\\\/\"]}]},{\"@type\":\"ImageObject\",\"inLanguage\":\"fr-FR\",\"@id\":\"https:\\\/\\\/permakultur-landwirtschaft.org\\\/aus-und-weiterbildungsmoeglichkeiten\\\/#primaryimage\",\"url\":\"https:\\\/\\\/permakultur-landwirtschaft.org\\\/wp-content\\\/uploads\\\/2024\\\/06\\\/Leute_pflanzen_AdobeStock_594353744-_small.jpg\",\"contentUrl\":\"https:\\\/\\\/permakultur-landwirtschaft.org\\\/wp-content\\\/uploads\\\/2024\\\/06\\\/Leute_pflanzen_AdobeStock_594353744-_small.jpg\",\"width\":700,\"height\":392,\"caption\":\"Bild: AdobeStock\"},{\"@type\":\"BreadcrumbList\",\"@id\":\"https:\\\/\\\/permakultur-landwirtschaft.org\\\/aus-und-weiterbildungsmoeglichkeiten\\\/#breadcrumb\",\"itemListElement\":[{\"@type\":\"ListItem\",\"position\":1,\"name\":\"Startseite\",\"item\":\"https:\\\/\\\/permakultur-landwirtschaft.org\\\/\"},{\"@type\":\"ListItem\",\"position\":2,\"name\":\"Aus- und Weiterbildungsm\u00f6glichkeiten\"}]},{\"@type\":\"WebSite\",\"@id\":\"https:\\\/\\\/permakultur-landwirtschaft.org\\\/#website\",\"url\":\"https:\\\/\\\/permakultur-landwirtschaft.org\\\/\",\"name\":\"Permakultur-Landwirtschaft\",\"description\":\"F\u00f6rderung der Permakultur in der Landwirtschaft\",\"publisher\":{\"@id\":\"https:\\\/\\\/permakultur-landwirtschaft.org\\\/#organization\"},\"potentialAction\":[{\"@type\":\"SearchAction\",\"target\":{\"@type\":\"EntryPoint\",\"urlTemplate\":\"https:\\\/\\\/permakultur-landwirtschaft.org\\\/?s={search_term_string}\"},\"query-input\":{\"@type\":\"PropertyValueSpecification\",\"valueRequired\":true,\"valueName\":\"search_term_string\"}}],\"inLanguage\":\"fr-FR\"},{\"@type\":\"Organization\",\"@id\":\"https:\\\/\\\/permakultur-landwirtschaft.org\\\/#organization\",\"name\":\"Permakultur-Landwirtschaft\",\"alternateName\":\"Verein Permakultur-Landwirtschaft\",\"url\":\"https:\\\/\\\/permakultur-landwirtschaft.org\\\/\",\"logo\":{\"@type\":\"ImageObject\",\"inLanguage\":\"fr-FR\",\"@id\":\"https:\\\/\\\/permakultur-landwirtschaft.org\\\/#\\\/schema\\\/logo\\\/image\\\/\",\"url\":\"https:\\\/\\\/permakultur-landwirtschaft.org\\\/wp-content\\\/uploads\\\/2021\\\/11\\\/pela_1268x1269.png\",\"contentUrl\":\"https:\\\/\\\/permakultur-landwirtschaft.org\\\/wp-content\\\/uploads\\\/2021\\\/11\\\/pela_1268x1269.png\",\"width\":1298,\"height\":1269,\"caption\":\"Permakultur-Landwirtschaft\"},\"image\":{\"@id\":\"https:\\\/\\\/permakultur-landwirtschaft.org\\\/#\\\/schema\\\/logo\\\/image\\\/\"},\"sameAs\":[\"https:\\\/\\\/www.facebook.com\\\/PermakulturLandwirtschaft\",\"https:\\\/\\\/www.instagram.com\\\/permakultur_landwirtschaft\\\/\",\"https:\\\/\\\/www.flickr.com\\\/photos\\\/permakultur-landwirtschaft\",\"https:\\\/\\\/www.youtube.com\\\/@PermakulturLandwirtschaft\"]}]}<\/script>\n<!-- \/ Yoast SEO plugin. -->","yoast_head_json":{"title":"Aus- und Weiterbildungsm\u00f6glichkeiten - Permakultur-Landwirtschaft","description":"Aus- und Weiterbildungsm\u00f6glichkeiten rund um Permakultur-Landwirtschaft, Agroforst, Regenerativ, Agrar\u00f6kologie und aufbauende Landwirtschaft.","robots":{"index":"index","follow":"follow","max-snippet":"max-snippet:-1","max-image-preview":"max-image-preview:large","max-video-preview":"max-video-preview:-1"},"canonical":"https:\/\/permakultur-landwirtschaft.org\/fr\/aus-und-weiterbildungsmoeglichkeiten\/","og_locale":"fr_FR","og_type":"article","og_title":"Aus- und Weiterbildungsm\u00f6glichkeiten - Permakultur-Landwirtschaft","og_description":"Aus- und Weiterbildungsm\u00f6glichkeiten rund um Permakultur-Landwirtschaft, Agroforst, Regenerativ, Agrar\u00f6kologie und aufbauende Landwirtschaft.","og_url":"https:\/\/permakultur-landwirtschaft.org\/fr\/aus-und-weiterbildungsmoeglichkeiten\/","og_site_name":"Permakultur-Landwirtschaft","article_publisher":"https:\/\/www.facebook.com\/PermakulturLandwirtschaft","article_modified_time":"2026-04-02T10:14:15+00:00","og_image":[{"width":700,"height":392,"url":"https:\/\/permakultur-landwirtschaft.org\/wp-content\/uploads\/2024\/06\/Leute_pflanzen_AdobeStock_594353744-_small.jpg","type":"image\/jpeg"}],"twitter_card":"summary_large_image","twitter_misc":{"Dur\u00e9e de lecture estim\u00e9e":"2 minutes"},"schema":{"@context":"https:\/\/schema.org","@graph":[{"@type":"WebPage","@id":"https:\/\/permakultur-landwirtschaft.org\/aus-und-weiterbildungsmoeglichkeiten\/","url":"https:\/\/permakultur-landwirtschaft.org\/aus-und-weiterbildungsmoeglichkeiten\/","name":"Aus- und Weiterbildungsm\u00f6glichkeiten - Permakultur-Landwirtschaft","isPartOf":{"@id":"https:\/\/permakultur-landwirtschaft.org\/#website"},"primaryImageOfPage":{"@id":"https:\/\/permakultur-landwirtschaft.org\/aus-und-weiterbildungsmoeglichkeiten\/#primaryimage"},"image":{"@id":"https:\/\/permakultur-landwirtschaft.org\/aus-und-weiterbildungsmoeglichkeiten\/#primaryimage"},"thumbnailUrl":"https:\/\/permakultur-landwirtschaft.org\/wp-content\/uploads\/2024\/06\/Leute_pflanzen_AdobeStock_594353744-_small.jpg","datePublished":"2022-02-04T16:15:29+00:00","dateModified":"2026-04-02T10:14:15+00:00","description":"Aus- und Weiterbildungsm\u00f6glichkeiten rund um Permakultur-Landwirtschaft, Agroforst, Regenerativ, Agrar\u00f6kologie und aufbauende Landwirtschaft.","breadcrumb":{"@id":"https:\/\/permakultur-landwirtschaft.org\/aus-und-weiterbildungsmoeglichkeiten\/#breadcrumb"},"inLanguage":"fr-FR","potentialAction":[{"@type":"ReadAction","target":["https:\/\/permakultur-landwirtschaft.org\/aus-und-weiterbildungsmoeglichkeiten\/"]}]},{"@type":"ImageObject","inLanguage":"fr-FR","@id":"https:\/\/permakultur-landwirtschaft.org\/aus-und-weiterbildungsmoeglichkeiten\/#primaryimage","url":"https:\/\/permakultur-landwirtschaft.org\/wp-content\/uploads\/2024\/06\/Leute_pflanzen_AdobeStock_594353744-_small.jpg","contentUrl":"https:\/\/permakultur-landwirtschaft.org\/wp-content\/uploads\/2024\/06\/Leute_pflanzen_AdobeStock_594353744-_small.jpg","width":700,"height":392,"caption":"Bild: AdobeStock"},{"@type":"BreadcrumbList","@id":"https:\/\/permakultur-landwirtschaft.org\/aus-und-weiterbildungsmoeglichkeiten\/#breadcrumb","itemListElement":[{"@type":"ListItem","position":1,"name":"Startseite","item":"https:\/\/permakultur-landwirtschaft.org\/"},{"@type":"ListItem","position":2,"name":"Aus- und Weiterbildungsm\u00f6glichkeiten"}]},{"@type":"WebSite","@id":"https:\/\/permakultur-landwirtschaft.org\/#website","url":"https:\/\/permakultur-landwirtschaft.org\/","name":"Permakultur-Landwirtschaft","description":"F\u00f6rderung der Permakultur in der Landwirtschaft","publisher":{"@id":"https:\/\/permakultur-landwirtschaft.org\/#organization"},"potentialAction":[{"@type":"SearchAction","target":{"@type":"EntryPoint","urlTemplate":"https:\/\/permakultur-landwirtschaft.org\/?s={search_term_string}"},"query-input":{"@type":"PropertyValueSpecification","valueRequired":true,"valueName":"search_term_string"}}],"inLanguage":"fr-FR"},{"@type":"Organization","@id":"https:\/\/permakultur-landwirtschaft.org\/#organization","name":"Permakultur-Landwirtschaft","alternateName":"Verein Permakultur-Landwirtschaft","url":"https:\/\/permakultur-landwirtschaft.org\/","logo":{"@type":"ImageObject","inLanguage":"fr-FR","@id":"https:\/\/permakultur-landwirtschaft.org\/#\/schema\/logo\/image\/","url":"https:\/\/permakultur-landwirtschaft.org\/wp-content\/uploads\/2021\/11\/pela_1268x1269.png","contentUrl":"https:\/\/permakultur-landwirtschaft.org\/wp-content\/uploads\/2021\/11\/pela_1268x1269.png","width":1298,"height":1269,"caption":"Permakultur-Landwirtschaft"},"image":{"@id":"https:\/\/permakultur-landwirtschaft.org\/#\/schema\/logo\/image\/"},"sameAs":["https:\/\/www.facebook.com\/PermakulturLandwirtschaft","https:\/\/www.instagram.com\/permakultur_landwirtschaft\/","https:\/\/www.flickr.com\/photos\/permakultur-landwirtschaft","https:\/\/www.youtube.com\/@PermakulturLandwirtschaft"]}]}},"_links":{"self":[{"href":"https:\/\/permakultur-landwirtschaft.org\/fr\/wp-json\/wp\/v2\/pages\/17850","targetHints":{"allow":["GET"]}}],"collection":[{"href":"https:\/\/permakultur-landwirtschaft.org\/fr\/wp-json\/wp\/v2\/pages"}],"about":[{"href":"https:\/\/permakultur-landwirtschaft.org\/fr\/wp-json\/wp\/v2\/types\/page"}],"author":[{"embeddable":true,"href":"https:\/\/permakultur-landwirtschaft.org\/fr\/wp-json\/wp\/v2\/users\/2"}],"replies":[{"embeddable":true,"href":"https:\/\/permakultur-landwirtschaft.org\/fr\/wp-json\/wp\/v2\/comments?post=17850"}],"version-history":[{"count":113,"href":"https:\/\/permakultur-landwirtschaft.org\/fr\/wp-json\/wp\/v2\/pages\/17850\/revisions"}],"predecessor-version":[{"id":39125,"href":"https:\/\/permakultur-landwirtschaft.org\/fr\/wp-json\/wp\/v2\/pages\/17850\/revisions\/39125"}],"wp:featuredmedia":[{"embeddable":true,"href":"https:\/\/permakultur-landwirtschaft.org\/fr\/wp-json\/wp\/v2\/media\/34976"}],"wp:attachment":[{"href":"https:\/\/permakultur-landwirtschaft.org\/fr\/wp-json\/wp\/v2\/media?parent=17850"}],"curies":[{"name":"wp","href":"https:\/\/api.w.org\/{rel}","templated":true}]}}