{"id":1182,"date":"2018-05-28T11:04:52","date_gmt":"2018-05-28T09:04:52","guid":{"rendered":"http:\/\/permakultur-landwirtschaft.org\/?page_id=1182"},"modified":"2025-02-20T10:25:23","modified_gmt":"2025-02-20T09:25:23","slug":"datenschutzerklaerung","status":"publish","type":"page","link":"https:\/\/permakultur-landwirtschaft.org\/fr\/datenschutzerklaerung\/","title":{"rendered":"D\u00e9claration de confidentialit\u00e9"},"content":{"rendered":"<div data-elementor-type=\"wp-page\" data-elementor-id=\"1182\" class=\"elementor elementor-1182\" data-elementor-post-type=\"page\">\n\t\t\t\t<div class=\"elementor-element elementor-element-77a876e0 e-flex e-con-boxed e-con e-parent\" data-id=\"77a876e0\" data-element_type=\"container\" data-e-type=\"container\">\n\t\t\t\t\t<div class=\"e-con-inner\">\n\t\t\t\t<div class=\"elementor-element elementor-element-7a4046c elementor-widget elementor-widget-heading\" data-id=\"7a4046c\" data-element_type=\"widget\" data-e-type=\"widget\" data-widget_type=\"heading.default\">\n\t\t\t\t<div class=\"elementor-widget-container\">\n\t\t\t\t\t<h1 class=\"elementor-heading-title elementor-size-default\">D\u00e9claration de confidentialit\u00e9<\/h1>\t\t\t\t<\/div>\n\t\t\t\t<\/div>\n\t\t\t\t<div class=\"elementor-element elementor-element-0933956 elementor-align-left elementor-widget elementor-widget-global elementor-global-31837 elementor-widget-post-info\" data-id=\"0933956\" data-element_type=\"widget\" data-e-type=\"widget\" data-widget_type=\"post-info.default\">\n\t\t\t\t<div class=\"elementor-widget-container\">\n\t\t\t\t\t\t\t<ul class=\"elementor-inline-items elementor-icon-list-items elementor-post-info\">\n\t\t\t\t\t\t\t\t<li class=\"elementor-icon-list-item elementor-repeater-item-b86257f elementor-inline-item\">\n\t\t\t\t\t\t\t\t\t\t\t\t\t<span class=\"elementor-icon-list-text elementor-post-info__item elementor-post-info__item--type-custom\">\n\t\t\t\t\t\t\t\t\t\tDerni\u00e8re mise \u00e0 jour\t\t\t\t\t<\/span>\n\t\t\t\t\t\t\t\t<\/li>\n\t\t\t\t<li class=\"elementor-icon-list-item elementor-repeater-item-94e5de7 elementor-inline-item\">\n\t\t\t\t\t\t\t\t\t\t\t\t\t<span class=\"elementor-icon-list-text elementor-post-info__item elementor-post-info__item--type-custom\">\n\t\t\t\t\t\t\t\t\t\t20. f\u00e9vrier 2025\t\t\t\t\t<\/span>\n\t\t\t\t\t\t\t\t<\/li>\n\t\t\t\t<\/ul>\n\t\t\t\t\t\t<\/div>\n\t\t\t\t<\/div>\n\t\t\t\t<div class=\"elementor-element elementor-element-83e89bb elementor-widget elementor-widget-heading\" data-id=\"83e89bb\" data-element_type=\"widget\" data-e-type=\"widget\" data-widget_type=\"heading.default\">\n\t\t\t\t<div class=\"elementor-widget-container\">\n\t\t\t\t\t<h3 class=\"elementor-heading-title elementor-size-default\">Qui nous sommes<\/h3>\t\t\t\t<\/div>\n\t\t\t\t<\/div>\n\t\t\t\t<div class=\"elementor-element elementor-element-2f937ebb elementor-widget elementor-widget-text-editor\" data-id=\"2f937ebb\" data-element_type=\"widget\" data-e-type=\"widget\" data-widget_type=\"text-editor.default\">\n\t\t\t\t<div class=\"elementor-widget-container\">\n\t\t\t\t\t\t\t\t\t<p>L'association \u00ab Agriculture permaculturelle \u00bb a pour objectif de faire appr\u00e9cier et de promouvoir la production de produits agricoles selon les principes de la permaculture dans les exploitations agricoles, ainsi que de cr\u00e9er les conditions-cadres en mati\u00e8re de politique et d'\u00e9conomie agricoles.<br \/>Die Adresse unserer Website ist: https:\/\/permakultur-landwirtschaft.org.<\/p>\n<p>La plateforme de comp\u00e9tences en agriculture permaculturelle est g\u00e9r\u00e9e par la Haute \u00e9cole des sciences agronomiques, foresti\u00e8res et alimentaires (HAFL) et l'association Agriculture permaculturelle.<br \/>L'adresse du site web est la suivante : https:\/\/permakultur-landwirtschaft.org.<\/p>\n<!-- \/wp:shortcode -->\t\t\t\t\t\t\t\t<\/div>\n\t\t\t\t<\/div>\n\t\t\t\t<div class=\"elementor-element elementor-element-898d539 elementor-widget elementor-widget-heading\" data-id=\"898d539\" data-element_type=\"widget\" data-e-type=\"widget\" data-widget_type=\"heading.default\">\n\t\t\t\t<div class=\"elementor-widget-container\">\n\t\t\t\t\t<h3 class=\"elementor-heading-title elementor-size-default\">Quelles donn\u00e9es personnelles nous collectons et pourquoi nous les collectons<\/h3>\t\t\t\t<\/div>\n\t\t\t\t<\/div>\n\t\t\t\t<div class=\"elementor-element elementor-element-0923836 elementor-widget elementor-widget-heading\" data-id=\"0923836\" data-element_type=\"widget\" data-e-type=\"widget\" data-widget_type=\"heading.default\">\n\t\t\t\t<div class=\"elementor-widget-container\">\n\t\t\t\t\t<h4 class=\"elementor-heading-title elementor-size-default\">Commentaire<\/h4>\t\t\t\t<\/div>\n\t\t\t\t<\/div>\n\t\t\t\t<div class=\"elementor-element elementor-element-a30c705 elementor-widget elementor-widget-text-editor\" data-id=\"a30c705\" data-element_type=\"widget\" data-e-type=\"widget\" data-widget_type=\"text-editor.default\">\n\t\t\t\t<div class=\"elementor-widget-container\">\n\t\t\t\t\t\t\t\t\t<p>Lorsque les visiteurs \u00e9crivent des commentaires sur le site, nous collectons les donn\u00e9es affich\u00e9es dans le formulaire de commentaire, ainsi que l'adresse IP du visiteur et la cha\u00eene de l'agent utilisateur (qui permet d'identifier le navigateur) afin d'aider \u00e0 la d\u00e9tection des spams.<\/p>\n<p>Une cha\u00eene de caract\u00e8res anonymis\u00e9e (\u00e9galement appel\u00e9e hash) peut \u00eatre cr\u00e9\u00e9e \u00e0 partir de votre adresse e-mail et transmise au service Gravatar afin de v\u00e9rifier si vous l'utilisez. Vous trouverez la d\u00e9claration de protection des donn\u00e9es du service Gravatar ici : https:\/\/automattic.com\/privacy\/. Une fois que votre commentaire a \u00e9t\u00e9 valid\u00e9, votre photo de profil est visible publiquement dans le contexte de votre commentaire.<\/p>\n<!-- \/wp:shortcode -->\t\t\t\t\t\t\t\t<\/div>\n\t\t\t\t<\/div>\n\t\t\t\t<div class=\"elementor-element elementor-element-5d87962 elementor-widget elementor-widget-heading\" data-id=\"5d87962\" data-element_type=\"widget\" data-e-type=\"widget\" data-widget_type=\"heading.default\">\n\t\t\t\t<div class=\"elementor-widget-container\">\n\t\t\t\t\t<h4 class=\"elementor-heading-title elementor-size-default\">M\u00e9dias<\/h4>\t\t\t\t<\/div>\n\t\t\t\t<\/div>\n\t\t\t\t<div class=\"elementor-element elementor-element-75a77eb elementor-widget elementor-widget-text-editor\" data-id=\"75a77eb\" data-element_type=\"widget\" data-e-type=\"widget\" data-widget_type=\"text-editor.default\">\n\t\t\t\t<div class=\"elementor-widget-container\">\n\t\t\t\t\t\t\t\t\t<p>Si vous \u00eates un utilisateur enregistr\u00e9 et que vous t\u00e9l\u00e9chargez des photos sur ce site, vous devez \u00e9viter de t\u00e9l\u00e9charger des photos avec une localisation EXIF-GPS. Les visiteurs de ce site pourraient t\u00e9l\u00e9charger des photos stock\u00e9es sur ce site et en extraire les informations de localisation.<\/p>\n<!-- \/wp:shortcode -->\t\t\t\t\t\t\t\t<\/div>\n\t\t\t\t<\/div>\n\t\t\t\t<div class=\"elementor-element elementor-element-b99c7ac elementor-widget elementor-widget-heading\" data-id=\"b99c7ac\" data-element_type=\"widget\" data-e-type=\"widget\" data-widget_type=\"heading.default\">\n\t\t\t\t<div class=\"elementor-widget-container\">\n\t\t\t\t\t<h4 class=\"elementor-heading-title elementor-size-default\">Formulaires de contact<\/h4>\t\t\t\t<\/div>\n\t\t\t\t<\/div>\n\t\t\t\t<div class=\"elementor-element elementor-element-b8e3bb2 elementor-widget elementor-widget-text-editor\" data-id=\"b8e3bb2\" data-element_type=\"widget\" data-e-type=\"widget\" data-widget_type=\"text-editor.default\">\n\t\t\t\t<div class=\"elementor-widget-container\">\n\t\t\t\t\t\t\t\t\t<p>Le site internet de l'association Agriculture permaculturelle et de la plateforme de comp\u00e9tences en agriculture permaculturelle contient, en vertu de dispositions l\u00e9gales, des informations qui permettent un contact \u00e9lectronique rapide avec notre entreprise ainsi qu'une communication directe avec nous, ce qui comprend \u00e9galement une adresse g\u00e9n\u00e9rale du courrier \u00e9lectronique (e-mail). Lorsqu'une personne concern\u00e9e prend contact avec le responsable du traitement par courrier \u00e9lectronique ou via un formulaire de contact, les donn\u00e9es \u00e0 caract\u00e8re personnel transmises par la personne concern\u00e9e sont automatiquement enregistr\u00e9es. Ces donn\u00e9es \u00e0 caract\u00e8re personnel transmises volontairement par une personne concern\u00e9e au responsable du traitement sont enregistr\u00e9es \u00e0 des fins de traitement ou de prise de contact avec la personne concern\u00e9e. Ces donn\u00e9es personnelles ne sont pas transmises \u00e0 des tiers.<\/p>\n<!-- \/wp:shortcode -->\t\t\t\t\t\t\t\t<\/div>\n\t\t\t\t<\/div>\n\t\t\t\t<div class=\"elementor-element elementor-element-e821bf8 elementor-widget elementor-widget-heading\" data-id=\"e821bf8\" data-element_type=\"widget\" data-e-type=\"widget\" data-widget_type=\"heading.default\">\n\t\t\t\t<div class=\"elementor-widget-container\">\n\t\t\t\t\t<h4 class=\"elementor-heading-title elementor-size-default\">Cookies\n<\/h4>\t\t\t\t<\/div>\n\t\t\t\t<\/div>\n\t\t\t\t<div class=\"elementor-element elementor-element-cc613c9 elementor-widget elementor-widget-text-editor\" data-id=\"cc613c9\" data-element_type=\"widget\" data-e-type=\"widget\" data-widget_type=\"text-editor.default\">\n\t\t\t\t<div class=\"elementor-widget-container\">\n\t\t\t\t\t\t\t\t\t<p>Lorsque vous \u00e9crivez un commentaire sur notre site web, cela peut constituer un consentement pour que votre nom, votre adresse e-mail et votre site web soient enregistr\u00e9s dans des cookies. Il s'agit d'une fonction de confort qui vous \u00e9vite de devoir saisir \u00e0 nouveau toutes ces donn\u00e9es lorsque vous \u00e9crivez un autre commentaire. Ces cookies sont conserv\u00e9s pendant un an.<\/p>\n<p>Si vous avez un compte et que vous vous connectez \u00e0 ce site, nous placerons un cookie temporaire afin de d\u00e9terminer si votre navigateur accepte les cookies. Ce cookie ne contient aucune donn\u00e9e personnelle et est d\u00e9truit lorsque vous fermez votre navigateur.<\/p>\n<p>Lorsque vous vous inscrivez, nous configurons certains cookies pour stocker vos informations de connexion et vos options d'affichage. Les cookies de connexion expirent apr\u00e8s deux jours et les cookies des options d'affichage apr\u00e8s un an. Si vous s\u00e9lectionnez \u00ab Rester connect\u00e9 \u00bb lors de votre inscription, votre inscription sera maintenue pendant deux semaines. Lorsque vous vous d\u00e9connectez de votre compte, les cookies de connexion sont supprim\u00e9s.<\/p>\n<p>Lorsque vous modifiez ou publiez un article, un cookie suppl\u00e9mentaire est enregistr\u00e9 dans votre navigateur. Ce cookie ne contient aucune donn\u00e9e personnelle et renvoie uniquement \u00e0 l'ID de l'article que vous venez de modifier. Le cookie expire au bout d'un jour.<\/p>\n<!-- \/wp:shortcode -->\t\t\t\t\t\t\t\t<\/div>\n\t\t\t\t<\/div>\n\t\t\t\t<div class=\"elementor-element elementor-element-71639c3 elementor-widget elementor-widget-heading\" data-id=\"71639c3\" data-element_type=\"widget\" data-e-type=\"widget\" data-widget_type=\"heading.default\">\n\t\t\t\t<div class=\"elementor-widget-container\">\n\t\t\t\t\t<h4 class=\"elementor-heading-title elementor-size-default\">Contenu int\u00e9gr\u00e9 d'autres sites web<\/h4>\t\t\t\t<\/div>\n\t\t\t\t<\/div>\n\t\t\t\t<div class=\"elementor-element elementor-element-f77c253 elementor-widget elementor-widget-text-editor\" data-id=\"f77c253\" data-element_type=\"widget\" data-e-type=\"widget\" data-widget_type=\"text-editor.default\">\n\t\t\t\t<div class=\"elementor-widget-container\">\n\t\t\t\t\t\t\t\t\t<p>Les contributions sur ce site web peuvent contenir des contenus int\u00e9gr\u00e9s (par exemple des vid\u00e9os, des images, des articles, etc.). Les contenus int\u00e9gr\u00e9s provenant d'autres sites web se comportent exactement comme si le visiteur avait visit\u00e9 l'autre site web.<\/p>\n<p>Ces sites peuvent collecter des donn\u00e9es vous concernant, utiliser des cookies, int\u00e9grer des services de suivi suppl\u00e9mentaires de tiers et enregistrer votre interaction avec ce contenu int\u00e9gr\u00e9, y compris votre interaction avec le contenu int\u00e9gr\u00e9 si vous avez un compte et \u00eates connect\u00e9 \u00e0 ce site.<\/p>\n<!-- \/wp:shortcode -->\t\t\t\t\t\t\t\t<\/div>\n\t\t\t\t<\/div>\n\t\t\t\t<div class=\"elementor-element elementor-element-1bf3c32 elementor-widget elementor-widget-heading\" data-id=\"1bf3c32\" data-element_type=\"widget\" data-e-type=\"widget\" data-widget_type=\"heading.default\">\n\t\t\t\t<div class=\"elementor-widget-container\">\n\t\t\t\t\t<h3 class=\"elementor-heading-title elementor-size-default\">Avec qui nous partageons vos donn\u00e9es<\/h3>\t\t\t\t<\/div>\n\t\t\t\t<\/div>\n\t\t\t\t<div class=\"elementor-element elementor-element-440e914 elementor-widget elementor-widget-text-editor\" data-id=\"440e914\" data-element_type=\"widget\" data-e-type=\"widget\" data-widget_type=\"text-editor.default\">\n\t\t\t\t<div class=\"elementor-widget-container\">\n\t\t\t\t\t\t\t\t\t<p>Aucune donn\u00e9e personnelle n'est transmise \u00e0 des tiers.<\/p>\n<!-- \/wp:shortcode -->\t\t\t\t\t\t\t\t<\/div>\n\t\t\t\t<\/div>\n\t\t\t\t<div class=\"elementor-element elementor-element-17d8338 elementor-widget elementor-widget-heading\" data-id=\"17d8338\" data-element_type=\"widget\" data-e-type=\"widget\" data-widget_type=\"heading.default\">\n\t\t\t\t<div class=\"elementor-widget-container\">\n\t\t\t\t\t<h3 class=\"elementor-heading-title elementor-size-default\">Combien de temps nous conservons vos donn\u00e9es<\/h3>\t\t\t\t<\/div>\n\t\t\t\t<\/div>\n\t\t\t\t<div class=\"elementor-element elementor-element-36a0178 elementor-widget elementor-widget-text-editor\" data-id=\"36a0178\" data-element_type=\"widget\" data-e-type=\"widget\" data-widget_type=\"text-editor.default\">\n\t\t\t\t<div class=\"elementor-widget-container\">\n\t\t\t\t\t\t\t\t\t<p>Lorsque vous \u00e9crivez un commentaire, celui-ci est enregistr\u00e9 pour une dur\u00e9e illimit\u00e9e, y compris les m\u00e9tadonn\u00e9es. De cette mani\u00e8re, nous pouvons reconna\u00eetre et valider automatiquement les commentaires de suivi au lieu de les garder dans une file d'attente de mod\u00e9ration.<\/p>\n<p>Pour les utilisateurs qui s'enregistrent sur notre site, nous conservons en outre les informations personnelles qu'ils fournissent dans leur profil d'utilisateur. Tous les utilisateurs peuvent \u00e0 tout moment consulter, modifier ou supprimer leurs informations personnelles (le nom d'utilisateur ne peut pas \u00eatre modifi\u00e9). Les administrateurs du site peuvent \u00e9galement consulter et modifier ces informations.<\/p>\n<!-- \/wp:shortcode -->\t\t\t\t\t\t\t\t<\/div>\n\t\t\t\t<\/div>\n\t\t\t\t<div class=\"elementor-element elementor-element-d410b9e elementor-widget elementor-widget-heading\" data-id=\"d410b9e\" data-element_type=\"widget\" data-e-type=\"widget\" data-widget_type=\"heading.default\">\n\t\t\t\t<div class=\"elementor-widget-container\">\n\t\t\t\t\t<h3 class=\"elementor-heading-title elementor-size-default\">Quels sont vos droits sur vos donn\u00e9es ?<\/h3>\t\t\t\t<\/div>\n\t\t\t\t<\/div>\n\t\t\t\t<div class=\"elementor-element elementor-element-67e8b82 elementor-widget elementor-widget-text-editor\" data-id=\"67e8b82\" data-element_type=\"widget\" data-e-type=\"widget\" data-widget_type=\"text-editor.default\">\n\t\t\t\t<div class=\"elementor-widget-container\">\n\t\t\t\t\t\t\t\t\t<p>Si vous avez un compte sur ce site ou si vous avez \u00e9crit des commentaires, vous pouvez nous demander d'exporter vos donn\u00e9es personnelles, y compris toutes les donn\u00e9es que vous nous avez fournies. En outre, vous pouvez demander la suppression de toutes les donn\u00e9es personnelles que nous d\u00e9tenons \u00e0 votre sujet. Cela ne comprend pas les donn\u00e9es que nous devons conserver en raison de n\u00e9cessit\u00e9s administratives, juridiques ou de s\u00e9curit\u00e9.<\/p>\n<!-- \/wp:shortcode -->\t\t\t\t\t\t\t\t<\/div>\n\t\t\t\t<\/div>\n\t\t\t\t<div class=\"elementor-element elementor-element-1df7425 elementor-widget elementor-widget-heading\" data-id=\"1df7425\" data-element_type=\"widget\" data-e-type=\"widget\" data-widget_type=\"heading.default\">\n\t\t\t\t<div class=\"elementor-widget-container\">\n\t\t\t\t\t<h3 class=\"elementor-heading-title elementor-size-default\">O\u00f9 nous envoyons vos donn\u00e9es<\/h3>\t\t\t\t<\/div>\n\t\t\t\t<\/div>\n\t\t\t\t<div class=\"elementor-element elementor-element-a82faed elementor-widget elementor-widget-text-editor\" data-id=\"a82faed\" data-element_type=\"widget\" data-e-type=\"widget\" data-widget_type=\"text-editor.default\">\n\t\t\t\t<div class=\"elementor-widget-container\">\n\t\t\t\t\t\t\t\t\t<p>Les commentaires des visiteurs pourraient \u00eatre examin\u00e9s par un service automatis\u00e9 de d\u00e9tection des spams.<\/p>\n<!-- \/wp:shortcode -->\t\t\t\t\t\t\t\t<\/div>\n\t\t\t\t<\/div>\n\t\t\t\t<div class=\"elementor-element elementor-element-ee37723 elementor-widget elementor-widget-heading\" data-id=\"ee37723\" data-element_type=\"widget\" data-e-type=\"widget\" data-widget_type=\"heading.default\">\n\t\t\t\t<div class=\"elementor-widget-container\">\n\t\t\t\t\t<h3 class=\"elementor-heading-title elementor-size-default\">Informations de contact<\/h3>\t\t\t\t<\/div>\n\t\t\t\t<\/div>\n\t\t\t\t<div class=\"elementor-element elementor-element-2052de1 elementor-widget elementor-widget-heading\" data-id=\"2052de1\" data-element_type=\"widget\" data-e-type=\"widget\" data-widget_type=\"heading.default\">\n\t\t\t\t<div class=\"elementor-widget-container\">\n\t\t\t\t\t<h4 class=\"elementor-heading-title elementor-size-default\">le nom et l'adresse du responsable du traitement<\/h4>\t\t\t\t<\/div>\n\t\t\t\t<\/div>\n\t\t\t\t<div class=\"elementor-element elementor-element-c45ea79 elementor-widget elementor-widget-text-editor\" data-id=\"c45ea79\" data-element_type=\"widget\" data-e-type=\"widget\" data-widget_type=\"text-editor.default\">\n\t\t\t\t<div class=\"elementor-widget-container\">\n\t\t\t\t\t\t\t\t\t<p>Le responsable au sens du r\u00e8glement g\u00e9n\u00e9ral sur la protection des donn\u00e9es, d'autres lois sur la protection des donn\u00e9es en vigueur dans les \u00c9tats membres de l'Union europ\u00e9enne et d'autres dispositions \u00e0 caract\u00e8re juridique relatives \u00e0 la protection des donn\u00e9es est :<\/p>\n<p>L'association d'Agriculture Permaculturelle<br \/>CH-8000 Zurich<br \/>Suisse<br \/>E-Mail: kontakt@permakultur-landwirtschaft.org<br \/>Website:\u00a0<a href=\"https:\/\/permakultur-landwirtschaft.org\/fr\/\">permakultur-landwirtschaft.org<\/a><\/p>\n<!-- \/wp:shortcode -->\t\t\t\t\t\t\t\t<\/div>\n\t\t\t\t<\/div>\n\t\t\t\t<div class=\"elementor-element elementor-element-5d91ddb elementor-widget elementor-widget-heading\" data-id=\"5d91ddb\" data-element_type=\"widget\" data-e-type=\"widget\" data-widget_type=\"heading.default\">\n\t\t\t\t<div class=\"elementor-widget-container\">\n\t\t\t\t\t<h4 class=\"elementor-heading-title elementor-size-default\">Nom et adresse du d\u00e9l\u00e9gu\u00e9 \u00e0 la protection des donn\u00e9es<\/h4>\t\t\t\t<\/div>\n\t\t\t\t<\/div>\n\t\t\t\t<div class=\"elementor-element elementor-element-da633d8 elementor-widget elementor-widget-text-editor\" data-id=\"da633d8\" data-element_type=\"widget\" data-e-type=\"widget\" data-widget_type=\"text-editor.default\">\n\t\t\t\t<div class=\"elementor-widget-container\">\n\t\t\t\t\t\t\t\t\t<p>Le d\u00e9l\u00e9gu\u00e9 \u00e0 la protection des donn\u00e9es du responsable du traitement est :<\/p>\n<p>Adrian Reutimann<\/p>\n<p>Permakultur-Landwirtschaft<br \/>c\/o Reutimann<br \/>Granatweg 11<br \/>CH-3004 Berne<br \/>Suisse<br \/>E-Mail: kontakt@permakultur-landwirtschaft.org<br \/>Website: <a href=\"https:\/\/permakultur-landwirtschaft.org\/fr\/\">permakultur-landwirtschaft.org<\/a><\/p>\n<p>Toute personne concern\u00e9e peut \u00e0 tout moment s'adresser directement \u00e0 notre d\u00e9l\u00e9gu\u00e9 \u00e0 la protection des donn\u00e9es pour toute question ou suggestion concernant la protection des donn\u00e9es.<\/p>\n<!-- \/wp:shortcode -->\t\t\t\t\t\t\t\t<\/div>\n\t\t\t\t<\/div>\n\t\t\t\t<div class=\"elementor-element elementor-element-c06d14f elementor-widget elementor-widget-heading\" data-id=\"c06d14f\" data-element_type=\"widget\" data-e-type=\"widget\" data-widget_type=\"heading.default\">\n\t\t\t\t<div class=\"elementor-widget-container\">\n\t\t\t\t\t<h3 class=\"elementor-heading-title elementor-size-default\">Plus d'informations<\/h3>\t\t\t\t<\/div>\n\t\t\t\t<\/div>\n\t\t\t\t<div class=\"elementor-element elementor-element-3ff097d elementor-widget elementor-widget-heading\" data-id=\"3ff097d\" data-element_type=\"widget\" data-e-type=\"widget\" data-widget_type=\"heading.default\">\n\t\t\t\t<div class=\"elementor-widget-container\">\n\t\t\t\t\t<h4 class=\"elementor-heading-title elementor-size-default\">Comment nous prot\u00e9geons vos donn\u00e9es<\/h4>\t\t\t\t<\/div>\n\t\t\t\t<\/div>\n\t\t\t\t<div class=\"elementor-element elementor-element-7996d85 elementor-widget elementor-widget-text-editor\" data-id=\"7996d85\" data-element_type=\"widget\" data-e-type=\"widget\" data-widget_type=\"text-editor.default\">\n\t\t\t\t<div class=\"elementor-widget-container\">\n\t\t\t\t\t\t\t\t\t<p>Avec des mots de passe crypt\u00e9s.<\/p>\n<!-- \/wp:shortcode -->\t\t\t\t\t\t\t\t<\/div>\n\t\t\t\t<\/div>\n\t\t\t\t<div class=\"elementor-element elementor-element-14980d4 elementor-widget elementor-widget-heading\" data-id=\"14980d4\" data-element_type=\"widget\" data-e-type=\"widget\" data-widget_type=\"heading.default\">\n\t\t\t\t<div class=\"elementor-widget-container\">\n\t\t\t\t\t<h4 class=\"elementor-heading-title elementor-size-default\">Les mesures que nous proposons en cas de violation de la protection des donn\u00e9es<\/h4>\t\t\t\t<\/div>\n\t\t\t\t<\/div>\n\t\t\t\t<div class=\"elementor-element elementor-element-a344a76 elementor-widget elementor-widget-text-editor\" data-id=\"a344a76\" data-element_type=\"widget\" data-e-type=\"widget\" data-widget_type=\"text-editor.default\">\n\t\t\t\t<div class=\"elementor-widget-container\">\n\t\t\t\t\t\t\t\t\t<p>la suppression des donn\u00e9es \u00e0 caract\u00e8re personnel.<\/p>\n<!-- \/wp:shortcode -->\t\t\t\t\t\t\t\t<\/div>\n\t\t\t\t<\/div>\n\t\t\t\t<div class=\"elementor-element elementor-element-5015bfc elementor-widget elementor-widget-heading\" data-id=\"5015bfc\" data-element_type=\"widget\" data-e-type=\"widget\" data-widget_type=\"heading.default\">\n\t\t\t\t<div class=\"elementor-widget-container\">\n\t\t\t\t\t<h4 class=\"elementor-heading-title elementor-size-default\">Quels sont les fournisseurs tiers dont nous recevons les donn\u00e9es ?<\/h4>\t\t\t\t<\/div>\n\t\t\t\t<\/div>\n\t\t\t\t<div class=\"elementor-element elementor-element-f5672f0 elementor-widget elementor-widget-text-editor\" data-id=\"f5672f0\" data-element_type=\"widget\" data-e-type=\"widget\" data-widget_type=\"text-editor.default\">\n\t\t\t\t<div class=\"elementor-widget-container\">\n\t\t\t\t\t\t\t\t\t<p>Aucune.<\/p>\t\t\t\t\t\t\t\t<\/div>\n\t\t\t\t<\/div>\n\t\t\t\t<div class=\"elementor-element elementor-element-5a34217 elementor-widget elementor-widget-heading\" data-id=\"5a34217\" data-element_type=\"widget\" data-e-type=\"widget\" data-widget_type=\"heading.default\">\n\t\t\t\t<div class=\"elementor-widget-container\">\n\t\t\t\t\t<h4 class=\"elementor-heading-title elementor-size-default\">la prise de d\u00e9cision automatis\u00e9e et\/ou le profilage que nous effectuons avec les donn\u00e9es des utilisateurs<\/h4>\t\t\t\t<\/div>\n\t\t\t\t<\/div>\n\t\t\t\t<div class=\"elementor-element elementor-element-2d0732e elementor-widget elementor-widget-text-editor\" data-id=\"2d0732e\" data-element_type=\"widget\" data-e-type=\"widget\" data-widget_type=\"text-editor.default\">\n\t\t\t\t<div class=\"elementor-widget-container\">\n\t\t\t\t\t\t\t\t\t<p>En tant qu'entreprise responsable, nous renon\u00e7ons \u00e0 une prise de d\u00e9cision automatique ou \u00e0 un profilage.<\/p>\n<p>Cette d\u00e9claration de confidentialit\u00e9 a \u00e9t\u00e9 r\u00e9dig\u00e9e \u00e0 l'aide du mod\u00e8le de d\u00e9claration de confidentialit\u00e9 de WordPress.<\/p>\n<p><strong>Analyse web Matomo<\/strong><\/p>\n<!-- wp:shortcode -->\n<p><p id=\"matomo_opted_out_intro\" style=\"display:none;\">Opt-out complete; your visits to this website will not be recorded by the Web Analytics tool. Note that if you clear your cookies, delete the opt-out cookie, or if you change computers or Web browsers, you will need to perform the opt-out procedure again.<\/p><p id=\"matomo_opted_in_intro\" >You may choose to prevent this website from aggregating and analyzing the actions you take here. Doing so will protect your privacy, but will also prevent the owner from learning from your actions and creating a better experience for you and other users.<\/p><form action=\"\">\n        <input type=\"checkbox\" id=\"matomo_optout_checkbox\" checked=\"checked\"\/>\n        <label for=\"matomo_optout_checkbox\"><strong>\n        <span id=\"matomo_opted_in_label\" >You are not opted out. Uncheck this box to opt-out.<\/span>\n\t\t<span id=\"matomo_opted_out_label\" style=\"display:none;\">You are currently opted out. Check this box to opt-in.<\/span>\n        <\/strong><\/label><input type=\"hidden\" name=\"trp-form-language\" value=\"fr\"\/><\/form><noscript><p><strong style=\"color: #ff0000;\">This opt out feature requires JavaScript.<\/strong><\/p><\/noscript><p id=\"matomo_outout_err_cookies\" style=\"display: none;\"><strong>The tracking opt-out feature requires cookies to be enabled.<\/strong><\/p><\/p>\n<!-- \/wp:shortcode -->\t\t\t\t\t\t\t\t<\/div>\n\t\t\t\t<\/div>\n\t\t\t\t<div class=\"elementor-element elementor-element-fdb3251 elementor-widget elementor-widget-spacer\" data-id=\"fdb3251\" data-element_type=\"widget\" data-e-type=\"widget\" data-widget_type=\"spacer.default\">\n\t\t\t\t<div class=\"elementor-widget-container\">\n\t\t\t\t\t\t\t<div class=\"elementor-spacer\">\n\t\t\t<div class=\"elementor-spacer-inner\"><\/div>\n\t\t<\/div>\n\t\t\t\t\t\t<\/div>\n\t\t\t\t<\/div>\n\t\t\t\t\t<\/div>\n\t\t\t\t<\/div>\n\t\t\t\t<\/div>","protected":false},"excerpt":{"rendered":"<p>Datenschutzerkl\u00e4rung Wer wir sind Der Verein \u00abPermakultur-Landwirtschaft\u00bb verfolgt das Ziel, die Produktion landwirtschaftlicher Erzeugnisse nach Prinzipien der Permakultur in Landwirtschaftsbetrieben beliebt zu machen und zu f\u00f6rdern, sowie die agrarpolitischen und agrarwirtschaftlichen Rahmenbedingungen daf\u00fcr zu schaffen.Die Adresse unserer Website ist: https:\/\/permakultur-landwirtschaft.org. Die Kompetenzplattform Permakultur-Landwirtschaft wird betrieben durch die Hochschule f\u00fcr Agrar-, Forst- und Lebensmittelwissenschaften HAFL und [&hellip;]<\/p>\n","protected":false},"author":2,"featured_media":34988,"parent":0,"menu_order":0,"comment_status":"closed","ping_status":"closed","template":"","meta":{"_acf_changed":false,"site-sidebar-layout":"default","site-content-layout":"","ast-site-content-layout":"default","site-content-style":"default","site-sidebar-style":"default","ast-global-header-display":"","ast-banner-title-visibility":"","ast-main-header-display":"","ast-hfb-above-header-display":"","ast-hfb-below-header-display":"","ast-hfb-mobile-header-display":"","site-post-title":"","ast-breadcrumbs-content":"","ast-featured-img":"","footer-sml-layout":"","ast-disable-related-posts":"","theme-transparent-header-meta":"","adv-header-id-meta":"","stick-header-meta":"","header-above-stick-meta":"","header-main-stick-meta":"","header-below-stick-meta":"","astra-migrate-meta-layouts":"set","ast-page-background-enabled":"default","ast-page-background-meta":{"desktop":{"background-color":"var(--ast-global-color-4)","background-image":"","background-repeat":"repeat","background-position":"center center","background-size":"auto","background-attachment":"scroll","background-type":"","background-media":"","overlay-type":"","overlay-color":"","overlay-opacity":"","overlay-gradient":""},"tablet":{"background-color":"","background-image":"","background-repeat":"repeat","background-position":"center center","background-size":"auto","background-attachment":"scroll","background-type":"","background-media":"","overlay-type":"","overlay-color":"","overlay-opacity":"","overlay-gradient":""},"mobile":{"background-color":"","background-image":"","background-repeat":"repeat","background-position":"center center","background-size":"auto","background-attachment":"scroll","background-type":"","background-media":"","overlay-type":"","overlay-color":"","overlay-opacity":"","overlay-gradient":""}},"ast-content-background-meta":{"desktop":{"background-color":"var(--ast-global-color-5)","background-image":"","background-repeat":"repeat","background-position":"center center","background-size":"auto","background-attachment":"scroll","background-type":"","background-media":"","overlay-type":"","overlay-color":"","overlay-opacity":"","overlay-gradient":""},"tablet":{"background-color":"var(--ast-global-color-5)","background-image":"","background-repeat":"repeat","background-position":"center center","background-size":"auto","background-attachment":"scroll","background-type":"","background-media":"","overlay-type":"","overlay-color":"","overlay-opacity":"","overlay-gradient":""},"mobile":{"background-color":"var(--ast-global-color-5)","background-image":"","background-repeat":"repeat","background-position":"center center","background-size":"auto","background-attachment":"scroll","background-type":"","background-media":"","overlay-type":"","overlay-color":"","overlay-opacity":"","overlay-gradient":""}},"footnotes":""},"class_list":["post-1182","page","type-page","status-publish","has-post-thumbnail","hentry"],"acf":[],"yoast_head":"<!-- This site is optimized with the Yoast SEO plugin v27.5 - https:\/\/yoast.com\/product\/yoast-seo-wordpress\/ -->\n<title>Datenschutzerkl\u00e4rung - Permakultur-Landwirtschaft<\/title>\n<meta name=\"description\" content=\"Datenschutzerkl\u00e4rung der Webseite Permakultur-Landwirtschaft.\" \/>\n<meta name=\"robots\" content=\"index, follow, max-snippet:-1, max-image-preview:large, max-video-preview:-1\" \/>\n<link rel=\"canonical\" href=\"https:\/\/permakultur-landwirtschaft.org\/fr\/datenschutzerklaerung\/\" \/>\n<meta property=\"og:locale\" content=\"fr_FR\" \/>\n<meta property=\"og:type\" content=\"article\" \/>\n<meta property=\"og:title\" content=\"Datenschutzerkl\u00e4rung - Permakultur-Landwirtschaft\" \/>\n<meta property=\"og:description\" content=\"Datenschutzerkl\u00e4rung der Webseite Permakultur-Landwirtschaft.\" \/>\n<meta property=\"og:url\" content=\"https:\/\/permakultur-landwirtschaft.org\/fr\/datenschutzerklaerung\/\" \/>\n<meta property=\"og:site_name\" content=\"Permakultur-Landwirtschaft\" \/>\n<meta property=\"article:publisher\" content=\"https:\/\/www.facebook.com\/PermakulturLandwirtschaft\" \/>\n<meta property=\"article:modified_time\" content=\"2025-02-20T09:25:23+00:00\" \/>\n<meta property=\"og:image\" content=\"https:\/\/permakultur-landwirtschaft.org\/wp-content\/uploads\/2024\/06\/Datenschutzerklaerung_AdobeStock_518263144_small.jpg\" \/>\n\t<meta property=\"og:image:width\" content=\"700\" \/>\n\t<meta property=\"og:image:height\" content=\"467\" \/>\n\t<meta property=\"og:image:type\" content=\"image\/jpeg\" \/>\n<meta name=\"twitter:card\" content=\"summary_large_image\" \/>\n<meta name=\"twitter:label1\" content=\"Dur\u00e9e de lecture estim\u00e9e\" \/>\n\t<meta name=\"twitter:data1\" content=\"6 minutes\" \/>\n<script type=\"application\/ld+json\" class=\"yoast-schema-graph\">{\"@context\":\"https:\\\/\\\/schema.org\",\"@graph\":[{\"@type\":\"WebPage\",\"@id\":\"https:\\\/\\\/permakultur-landwirtschaft.org\\\/datenschutzerklaerung\\\/\",\"url\":\"https:\\\/\\\/permakultur-landwirtschaft.org\\\/datenschutzerklaerung\\\/\",\"name\":\"Datenschutzerkl\u00e4rung - Permakultur-Landwirtschaft\",\"isPartOf\":{\"@id\":\"https:\\\/\\\/permakultur-landwirtschaft.org\\\/#website\"},\"primaryImageOfPage\":{\"@id\":\"https:\\\/\\\/permakultur-landwirtschaft.org\\\/datenschutzerklaerung\\\/#primaryimage\"},\"image\":{\"@id\":\"https:\\\/\\\/permakultur-landwirtschaft.org\\\/datenschutzerklaerung\\\/#primaryimage\"},\"thumbnailUrl\":\"https:\\\/\\\/permakultur-landwirtschaft.org\\\/wp-content\\\/uploads\\\/2024\\\/06\\\/Datenschutzerklaerung_AdobeStock_518263144_small.jpg\",\"datePublished\":\"2018-05-28T09:04:52+00:00\",\"dateModified\":\"2025-02-20T09:25:23+00:00\",\"description\":\"Datenschutzerkl\u00e4rung der Webseite Permakultur-Landwirtschaft.\",\"breadcrumb\":{\"@id\":\"https:\\\/\\\/permakultur-landwirtschaft.org\\\/datenschutzerklaerung\\\/#breadcrumb\"},\"inLanguage\":\"fr-FR\",\"potentialAction\":[{\"@type\":\"ReadAction\",\"target\":[\"https:\\\/\\\/permakultur-landwirtschaft.org\\\/datenschutzerklaerung\\\/\"]}]},{\"@type\":\"ImageObject\",\"inLanguage\":\"fr-FR\",\"@id\":\"https:\\\/\\\/permakultur-landwirtschaft.org\\\/datenschutzerklaerung\\\/#primaryimage\",\"url\":\"https:\\\/\\\/permakultur-landwirtschaft.org\\\/wp-content\\\/uploads\\\/2024\\\/06\\\/Datenschutzerklaerung_AdobeStock_518263144_small.jpg\",\"contentUrl\":\"https:\\\/\\\/permakultur-landwirtschaft.org\\\/wp-content\\\/uploads\\\/2024\\\/06\\\/Datenschutzerklaerung_AdobeStock_518263144_small.jpg\",\"width\":700,\"height\":467,\"caption\":\"Bild: AdobeStock\"},{\"@type\":\"BreadcrumbList\",\"@id\":\"https:\\\/\\\/permakultur-landwirtschaft.org\\\/datenschutzerklaerung\\\/#breadcrumb\",\"itemListElement\":[{\"@type\":\"ListItem\",\"position\":1,\"name\":\"Startseite\",\"item\":\"https:\\\/\\\/permakultur-landwirtschaft.org\\\/\"},{\"@type\":\"ListItem\",\"position\":2,\"name\":\"Datenschutzerkl\u00e4rung\"}]},{\"@type\":\"WebSite\",\"@id\":\"https:\\\/\\\/permakultur-landwirtschaft.org\\\/#website\",\"url\":\"https:\\\/\\\/permakultur-landwirtschaft.org\\\/\",\"name\":\"Permakultur-Landwirtschaft\",\"description\":\"F\u00f6rderung der Permakultur in der Landwirtschaft\",\"publisher\":{\"@id\":\"https:\\\/\\\/permakultur-landwirtschaft.org\\\/#organization\"},\"potentialAction\":[{\"@type\":\"SearchAction\",\"target\":{\"@type\":\"EntryPoint\",\"urlTemplate\":\"https:\\\/\\\/permakultur-landwirtschaft.org\\\/?s={search_term_string}\"},\"query-input\":{\"@type\":\"PropertyValueSpecification\",\"valueRequired\":true,\"valueName\":\"search_term_string\"}}],\"inLanguage\":\"fr-FR\"},{\"@type\":\"Organization\",\"@id\":\"https:\\\/\\\/permakultur-landwirtschaft.org\\\/#organization\",\"name\":\"Permakultur-Landwirtschaft\",\"alternateName\":\"Verein Permakultur-Landwirtschaft\",\"url\":\"https:\\\/\\\/permakultur-landwirtschaft.org\\\/\",\"logo\":{\"@type\":\"ImageObject\",\"inLanguage\":\"fr-FR\",\"@id\":\"https:\\\/\\\/permakultur-landwirtschaft.org\\\/#\\\/schema\\\/logo\\\/image\\\/\",\"url\":\"https:\\\/\\\/permakultur-landwirtschaft.org\\\/wp-content\\\/uploads\\\/2021\\\/11\\\/pela_1268x1269.png\",\"contentUrl\":\"https:\\\/\\\/permakultur-landwirtschaft.org\\\/wp-content\\\/uploads\\\/2021\\\/11\\\/pela_1268x1269.png\",\"width\":1298,\"height\":1269,\"caption\":\"Permakultur-Landwirtschaft\"},\"image\":{\"@id\":\"https:\\\/\\\/permakultur-landwirtschaft.org\\\/#\\\/schema\\\/logo\\\/image\\\/\"},\"sameAs\":[\"https:\\\/\\\/www.facebook.com\\\/PermakulturLandwirtschaft\",\"https:\\\/\\\/www.instagram.com\\\/permakultur_landwirtschaft\\\/\",\"https:\\\/\\\/www.flickr.com\\\/photos\\\/permakultur-landwirtschaft\",\"https:\\\/\\\/www.youtube.com\\\/@PermakulturLandwirtschaft\"]}]}<\/script>\n<!-- \/ Yoast SEO plugin. -->","yoast_head_json":{"title":"Datenschutzerkl\u00e4rung - Permakultur-Landwirtschaft","description":"Datenschutzerkl\u00e4rung der Webseite Permakultur-Landwirtschaft.","robots":{"index":"index","follow":"follow","max-snippet":"max-snippet:-1","max-image-preview":"max-image-preview:large","max-video-preview":"max-video-preview:-1"},"canonical":"https:\/\/permakultur-landwirtschaft.org\/fr\/datenschutzerklaerung\/","og_locale":"fr_FR","og_type":"article","og_title":"Datenschutzerkl\u00e4rung - Permakultur-Landwirtschaft","og_description":"Datenschutzerkl\u00e4rung der Webseite Permakultur-Landwirtschaft.","og_url":"https:\/\/permakultur-landwirtschaft.org\/fr\/datenschutzerklaerung\/","og_site_name":"Permakultur-Landwirtschaft","article_publisher":"https:\/\/www.facebook.com\/PermakulturLandwirtschaft","article_modified_time":"2025-02-20T09:25:23+00:00","og_image":[{"width":700,"height":467,"url":"https:\/\/permakultur-landwirtschaft.org\/wp-content\/uploads\/2024\/06\/Datenschutzerklaerung_AdobeStock_518263144_small.jpg","type":"image\/jpeg"}],"twitter_card":"summary_large_image","twitter_misc":{"Dur\u00e9e de lecture estim\u00e9e":"6 minutes"},"schema":{"@context":"https:\/\/schema.org","@graph":[{"@type":"WebPage","@id":"https:\/\/permakultur-landwirtschaft.org\/datenschutzerklaerung\/","url":"https:\/\/permakultur-landwirtschaft.org\/datenschutzerklaerung\/","name":"Datenschutzerkl\u00e4rung - Permakultur-Landwirtschaft","isPartOf":{"@id":"https:\/\/permakultur-landwirtschaft.org\/#website"},"primaryImageOfPage":{"@id":"https:\/\/permakultur-landwirtschaft.org\/datenschutzerklaerung\/#primaryimage"},"image":{"@id":"https:\/\/permakultur-landwirtschaft.org\/datenschutzerklaerung\/#primaryimage"},"thumbnailUrl":"https:\/\/permakultur-landwirtschaft.org\/wp-content\/uploads\/2024\/06\/Datenschutzerklaerung_AdobeStock_518263144_small.jpg","datePublished":"2018-05-28T09:04:52+00:00","dateModified":"2025-02-20T09:25:23+00:00","description":"Datenschutzerkl\u00e4rung der Webseite Permakultur-Landwirtschaft.","breadcrumb":{"@id":"https:\/\/permakultur-landwirtschaft.org\/datenschutzerklaerung\/#breadcrumb"},"inLanguage":"fr-FR","potentialAction":[{"@type":"ReadAction","target":["https:\/\/permakultur-landwirtschaft.org\/datenschutzerklaerung\/"]}]},{"@type":"ImageObject","inLanguage":"fr-FR","@id":"https:\/\/permakultur-landwirtschaft.org\/datenschutzerklaerung\/#primaryimage","url":"https:\/\/permakultur-landwirtschaft.org\/wp-content\/uploads\/2024\/06\/Datenschutzerklaerung_AdobeStock_518263144_small.jpg","contentUrl":"https:\/\/permakultur-landwirtschaft.org\/wp-content\/uploads\/2024\/06\/Datenschutzerklaerung_AdobeStock_518263144_small.jpg","width":700,"height":467,"caption":"Bild: AdobeStock"},{"@type":"BreadcrumbList","@id":"https:\/\/permakultur-landwirtschaft.org\/datenschutzerklaerung\/#breadcrumb","itemListElement":[{"@type":"ListItem","position":1,"name":"Startseite","item":"https:\/\/permakultur-landwirtschaft.org\/"},{"@type":"ListItem","position":2,"name":"Datenschutzerkl\u00e4rung"}]},{"@type":"WebSite","@id":"https:\/\/permakultur-landwirtschaft.org\/#website","url":"https:\/\/permakultur-landwirtschaft.org\/","name":"Permakultur-Landwirtschaft","description":"F\u00f6rderung der Permakultur in der Landwirtschaft","publisher":{"@id":"https:\/\/permakultur-landwirtschaft.org\/#organization"},"potentialAction":[{"@type":"SearchAction","target":{"@type":"EntryPoint","urlTemplate":"https:\/\/permakultur-landwirtschaft.org\/?s={search_term_string}"},"query-input":{"@type":"PropertyValueSpecification","valueRequired":true,"valueName":"search_term_string"}}],"inLanguage":"fr-FR"},{"@type":"Organization","@id":"https:\/\/permakultur-landwirtschaft.org\/#organization","name":"Permakultur-Landwirtschaft","alternateName":"Verein Permakultur-Landwirtschaft","url":"https:\/\/permakultur-landwirtschaft.org\/","logo":{"@type":"ImageObject","inLanguage":"fr-FR","@id":"https:\/\/permakultur-landwirtschaft.org\/#\/schema\/logo\/image\/","url":"https:\/\/permakultur-landwirtschaft.org\/wp-content\/uploads\/2021\/11\/pela_1268x1269.png","contentUrl":"https:\/\/permakultur-landwirtschaft.org\/wp-content\/uploads\/2021\/11\/pela_1268x1269.png","width":1298,"height":1269,"caption":"Permakultur-Landwirtschaft"},"image":{"@id":"https:\/\/permakultur-landwirtschaft.org\/#\/schema\/logo\/image\/"},"sameAs":["https:\/\/www.facebook.com\/PermakulturLandwirtschaft","https:\/\/www.instagram.com\/permakultur_landwirtschaft\/","https:\/\/www.flickr.com\/photos\/permakultur-landwirtschaft","https:\/\/www.youtube.com\/@PermakulturLandwirtschaft"]}]}},"_links":{"self":[{"href":"https:\/\/permakultur-landwirtschaft.org\/fr\/wp-json\/wp\/v2\/pages\/1182","targetHints":{"allow":["GET"]}}],"collection":[{"href":"https:\/\/permakultur-landwirtschaft.org\/fr\/wp-json\/wp\/v2\/pages"}],"about":[{"href":"https:\/\/permakultur-landwirtschaft.org\/fr\/wp-json\/wp\/v2\/types\/page"}],"author":[{"embeddable":true,"href":"https:\/\/permakultur-landwirtschaft.org\/fr\/wp-json\/wp\/v2\/users\/2"}],"replies":[{"embeddable":true,"href":"https:\/\/permakultur-landwirtschaft.org\/fr\/wp-json\/wp\/v2\/comments?post=1182"}],"version-history":[{"count":34,"href":"https:\/\/permakultur-landwirtschaft.org\/fr\/wp-json\/wp\/v2\/pages\/1182\/revisions"}],"predecessor-version":[{"id":36290,"href":"https:\/\/permakultur-landwirtschaft.org\/fr\/wp-json\/wp\/v2\/pages\/1182\/revisions\/36290"}],"wp:featuredmedia":[{"embeddable":true,"href":"https:\/\/permakultur-landwirtschaft.org\/fr\/wp-json\/wp\/v2\/media\/34988"}],"wp:attachment":[{"href":"https:\/\/permakultur-landwirtschaft.org\/fr\/wp-json\/wp\/v2\/media?parent=1182"}],"curies":[{"name":"wp","href":"https:\/\/api.w.org\/{rel}","templated":true}]}}