{"version":"1.0","provider_name":"Permakultur-Landwirtschaft","provider_url":"https:\/\/permakultur-landwirtschaft.org\/fr","author_name":"adrian reutimann","author_url":"https:\/\/permakultur-landwirtschaft.org\/fr\/author\/reutiadr\/","title":"La permaculture fait son march\u00e9 - contribution de 03 septembre 2022 - Permakultur-Landwirtschaft","type":"rich","width":600,"height":338,"html":"<blockquote class=\"wp-embedded-content\" data-secret=\"DFrDAo6m4o\"><a href=\"https:\/\/permakultur-landwirtschaft.org\/fr\/la-permaculture-fait-son-marche-2022\/\">La permaculture fait son march\u00e9 &#8211; contribution de 03 septembre 2022<\/a><\/blockquote><iframe sandbox=\"allow-scripts\" security=\"restricted\" src=\"https:\/\/permakultur-landwirtschaft.org\/fr\/la-permaculture-fait-son-marche-2022\/embed\/#?secret=DFrDAo6m4o\" width=\"600\" height=\"338\" title=\"\u00ab\u00a0La permaculture fait son march\u00e9 &#8211; contribution de 03 septembre 2022\u00a0\u00bb &#8212; Permakultur-Landwirtschaft\" data-secret=\"DFrDAo6m4o\" frameborder=\"0\" marginwidth=\"0\" marginheight=\"0\" scrolling=\"no\" class=\"wp-embedded-content\"><\/iframe><script>\n\/*! This file is auto-generated *\/\n!function(d,l){\"use strict\";l.querySelector&&d.addEventListener&&\"undefined\"!=typeof URL&&(d.wp=d.wp||{},d.wp.receiveEmbedMessage||(d.wp.receiveEmbedMessage=function(e){var t=e.data;if((t||t.secret||t.message||t.value)&&!\/[^a-zA-Z0-9]\/.test(t.secret)){for(var s,r,n,a=l.querySelectorAll('iframe[data-secret=\"'+t.secret+'\"]'),o=l.querySelectorAll('blockquote[data-secret=\"'+t.secret+'\"]'),c=new RegExp(\"^https?:$\",\"i\"),i=0;i<o.length;i++)o[i].style.display=\"none\";for(i=0;i<a.length;i++)s=a[i],e.source===s.contentWindow&&(s.removeAttribute(\"style\"),\"height\"===t.message?(1e3<(r=parseInt(t.value,10))?r=1e3:~~r<200&&(r=200),s.height=r):\"link\"===t.message&&(r=new URL(s.getAttribute(\"src\")),n=new URL(t.value),c.test(n.protocol))&&n.host===r.host&&l.activeElement===s&&(d.top.location.href=t.value))}},d.addEventListener(\"message\",d.wp.receiveEmbedMessage,!1),l.addEventListener(\"DOMContentLoaded\",function(){for(var e,t,s=l.querySelectorAll(\"iframe.wp-embedded-content\"),r=0;r<s.length;r++)(t=(e=s[r]).getAttribute(\"data-secret\"))||(t=Math.random().toString(36).substring(2,12),e.src+=\"#?secret=\"+t,e.setAttribute(\"data-secret\",t)),e.contentWindow.postMessage({message:\"ready\",secret:t},\"*\")},!1)))}(window,document);\n\/\/# sourceURL=https:\/\/permakultur-landwirtschaft.org\/wp-includes\/js\/wp-embed.min.js\n<\/script>","thumbnail_url":"https:\/\/permakultur-landwirtschaft.org\/wp-content\/uploads\/2022\/09\/20220902_marche_jura_1565302_small.jpg","thumbnail_width":250,"thumbnail_height":187,"description":"Text de rfj.ch: La troisi\u00e8me \u00e9dition du march\u00e9 de la permaculture et agro\u00e9cologie se tient ce samedi \u00e0 Berlincourt Adeptes et curieux de la permaculture ont rendez-vous \u00e0 Berlincourt ce samedi. Le troisi\u00e8me march\u00e9 de la permaculture et agro\u00e9cologie a lieu \u00e0 la ferme Ecotone. La manifestation est organis\u00e9e par l\u2019association Permaculture Arc Jura (PAJ). [&hellip;]"}